{"id":9131,"date":"2020-11-24T12:37:46","date_gmt":"2020-11-24T10:37:46","guid":{"rendered":"http:\/\/turismevalles.com.mialias.net\/activitats\/meals-for-groups-in-la-rectoria-de-vallcarquera\/"},"modified":"2020-11-24T12:37:47","modified_gmt":"2020-11-24T10:37:47","slug":"meals-for-groups-in-la-rectoria-de-vallcarquera","status":"publish","type":"activitats","link":"https:\/\/turismevalles.com\/en\/activities\/meals-for-groups-in-la-rectoria-de-vallcarquera\/","title":{"rendered":"Meals for groups in la Rectoria de Vallc\u00e0rquera"},"content":{"rendered":"\n<p>The Vallc\u00e0rquera Rectory is a charming holiday camp in the middle of the Montseny Natural Park, in the valley of Vallc\u00e0rquera.<br\/><br\/>We encourage you to come for a weekend and enjoy a good meal in group choosing the option that suits you: a meal of mountain rice or cal\u00e7otada, you choose.<\/p>\n\n<div class=\"gb-container gb-container-33d5b312\"><div class=\"gb-inside-container\">\n<ul class=\"wp-block-list\" id=\"block-170e38fd-5a52-4063-8fd7-fb532e2df0a0\"><li>A meal of mountain rice<\/li><li>Mushrooms<\/li><li>&#8220;Cal\u00e7ots&#8221;<\/li><li>Special mountain menu<\/li><\/ul>\n<\/div><\/div>\n\n<p><\/p>\n\n<p>You choose!<br\/><br\/>Rosa Will cook you, with love and patience, savoured dishes in the mountain, and make you feel at home.<br\/><br\/>When you finish eating, you can enjoy the peace and quiet of the natural surroundings of the house, either on the terraces of the house or making a pleasant walk through the valley.<br\/><br\/>It will be a perfect day, Don\u2019t let them to tell you!<\/p>\n\n<h2 class=\"wp-block-heading\">Booking conditions:<\/h2>\n\n<p>&#8211; Minimum group of 15 people .<br\/>&#8211; Adult lunch 19,50 \u20ac (IVA included)<br\/>&#8211; Lunch for Children under 13 years 10 \u20ac(IVA included)<br\/><br\/>We receive from 11 a.m. until 5 p.m. and enjoy the afternoon.<br\/><br\/>For celebrations, rent the entire house or other options us.<\/p>\n","protected":false},"featured_media":8497,"template":"","poblacions":[443],"tipus_turisme":[251],"tipus_menjar":[],"tipologia_estada":[1667,268,265,262],"class_list":["post-9131","activitats","type-activitats","status-publish","has-post-thumbnail","hentry","poblacions-figaro-montmany-en","tipus_turisme-turisme-gastronomic-en","tipologia_estada-senior-en","tipologia_estada-with-couple","tipologia_estada-with-family","tipologia_estada-with-friends","generate-columns","tablet-grid-50","mobile-grid-100","grid-parent","grid-33"],"acf":{"photo_gallery":{"imatges":[[{"id":8497,"title":"turismevalles4211","caption":"","full_image_url":"https:\/\/turismevalles.com\/wp-content\/uploads\/2020\/11\/turismevalles4211.jpg","thumbnail_image_url":"https:\/\/turismevalles.com\/wp-content\/uploads\/2020\/11\/turismevalles4211-150x150.jpg","large_srcset":"https:\/\/turismevalles.com\/wp-content\/uploads\/2020\/11\/turismevalles4211.jpg 720w, https:\/\/turismevalles.com\/wp-content\/uploads\/2020\/11\/turismevalles4211-300x126.jpg 300w","medium_srcset":"https:\/\/turismevalles.com\/wp-content\/uploads\/2020\/11\/turismevalles4211-300x126.jpg 300w, https:\/\/turismevalles.com\/wp-content\/uploads\/2020\/11\/turismevalles4211.jpg 720w","media_details":{"width":720,"height":302,"sizes":{"medium":{"file":"turismevalles4211-300x126.jpg","width":300,"height":126,"mime-type":"image\/jpeg","source_url":"https:\/\/turismevalles.com\/wp-content\/uploads\/2020\/11\/turismevalles4211-300x126.jpg"},"thumbnail":{"file":"turismevalles4211-150x150.jpg","width":150,"height":150,"mime-type":"image\/jpeg","source_url":"https:\/\/turismevalles.com\/wp-content\/uploads\/2020\/11\/turismevalles4211-150x150.jpg"}}},"alt_text":"Dinar en grup a la Rectoria de Vallc\u00e0rquera","url":"","target":""},{"id":8500,"title":"turismevalles4212","caption":"","full_image_url":"https:\/\/turismevalles.com\/wp-content\/uploads\/2020\/11\/turismevalles4212.jpg","thumbnail_image_url":"https:\/\/turismevalles.com\/wp-content\/uploads\/2020\/11\/turismevalles4212-150x150.jpg","large_srcset":"https:\/\/turismevalles.com\/wp-content\/uploads\/2020\/11\/turismevalles4212.jpg 720w, https:\/\/turismevalles.com\/wp-content\/uploads\/2020\/11\/turismevalles4212-300x126.jpg 300w","medium_srcset":"https:\/\/turismevalles.com\/wp-content\/uploads\/2020\/11\/turismevalles4212-300x126.jpg 300w, https:\/\/turismevalles.com\/wp-content\/uploads\/2020\/11\/turismevalles4212.jpg 720w","media_details":{"width":720,"height":302,"sizes":{"medium":{"file":"turismevalles4212-300x126.jpg","width":300,"height":126,"mime-type":"image\/jpeg","source_url":"https:\/\/turismevalles.com\/wp-content\/uploads\/2020\/11\/turismevalles4212-300x126.jpg"},"thumbnail":{"file":"turismevalles4212-150x150.jpg","width":150,"height":150,"mime-type":"image\/jpeg","source_url":"https:\/\/turismevalles.com\/wp-content\/uploads\/2020\/11\/turismevalles4212-150x150.jpg"}}},"alt_text":"","url":"","target":""}]]}},"yoast_head":"<!-- This site is optimized with the Yoast SEO plugin v26.4 - https:\/\/yoast.com\/wordpress\/plugins\/seo\/ -->\n<title>Meals for groups in la Rectoria de Vallc\u00e0rquera - Turisme Vall\u00e8s<\/title>\n<meta name=\"robots\" content=\"index, follow, max-snippet:-1, max-image-preview:large, max-video-preview:-1\" \/>\n<link rel=\"canonical\" href=\"https:\/\/turismevalles.com\/activities\/dinar-en-grup-a-la-rectoria-de-vallcarquera\/\" \/>\n<meta property=\"og:locale\" content=\"en_US\" \/>\n<meta property=\"og:type\" content=\"article\" \/>\n<meta property=\"og:title\" content=\"Meals for groups in la Rectoria de Vallc\u00e0rquera - Turisme Vall\u00e8s\" \/>\n<meta property=\"og:description\" content=\"The Vallc\u00e0rquera Rectory is a charming holiday camp in the middle of the Montseny Natural Park, in the valley of Vallc\u00e0rquera. We encourage you to ... Veure m\u00e9s\" \/>\n<meta property=\"og:url\" content=\"https:\/\/turismevalles.com\/activities\/dinar-en-grup-a-la-rectoria-de-vallcarquera\/\" \/>\n<meta property=\"og:site_name\" content=\"Turisme Vall\u00e8s\" \/>\n<meta property=\"article:modified_time\" content=\"2020-11-24T10:37:47+00:00\" \/>\n<meta property=\"og:image\" content=\"https:\/\/turismevalles.com\/wp-content\/uploads\/2020\/11\/turismevalles4211.jpg\" \/>\n\t<meta property=\"og:image:width\" content=\"720\" \/>\n\t<meta property=\"og:image:height\" content=\"302\" \/>\n\t<meta property=\"og:image:type\" content=\"image\/jpeg\" \/>\n<meta name=\"twitter:card\" content=\"summary_large_image\" \/>\n<meta name=\"twitter:label1\" content=\"Est. reading time\" \/>\n\t<meta name=\"twitter:data1\" content=\"1 minute\" \/>\n<script type=\"application\/ld+json\" class=\"yoast-schema-graph\">{\"@context\":\"https:\/\/schema.org\",\"@graph\":[{\"@type\":\"WebPage\",\"@id\":\"https:\/\/turismevalles.com\/activities\/dinar-en-grup-a-la-rectoria-de-vallcarquera\/\",\"url\":\"https:\/\/turismevalles.com\/activities\/dinar-en-grup-a-la-rectoria-de-vallcarquera\/\",\"name\":\"Meals for groups in la Rectoria de Vallc\u00e0rquera - Turisme Vall\u00e8s\",\"isPartOf\":{\"@id\":\"https:\/\/turismevalles.com\/en\/#website\"},\"primaryImageOfPage\":{\"@id\":\"https:\/\/turismevalles.com\/activities\/dinar-en-grup-a-la-rectoria-de-vallcarquera\/#primaryimage\"},\"image\":{\"@id\":\"https:\/\/turismevalles.com\/activities\/dinar-en-grup-a-la-rectoria-de-vallcarquera\/#primaryimage\"},\"thumbnailUrl\":\"https:\/\/turismevalles.com\/wp-content\/uploads\/2020\/11\/turismevalles4211.jpg\",\"datePublished\":\"2020-11-24T10:37:46+00:00\",\"dateModified\":\"2020-11-24T10:37:47+00:00\",\"breadcrumb\":{\"@id\":\"https:\/\/turismevalles.com\/activities\/dinar-en-grup-a-la-rectoria-de-vallcarquera\/#breadcrumb\"},\"inLanguage\":\"en-US\",\"potentialAction\":[{\"@type\":\"ReadAction\",\"target\":[\"https:\/\/turismevalles.com\/activities\/dinar-en-grup-a-la-rectoria-de-vallcarquera\/\"]}]},{\"@type\":\"ImageObject\",\"inLanguage\":\"en-US\",\"@id\":\"https:\/\/turismevalles.com\/activities\/dinar-en-grup-a-la-rectoria-de-vallcarquera\/#primaryimage\",\"url\":\"https:\/\/turismevalles.com\/wp-content\/uploads\/2020\/11\/turismevalles4211.jpg\",\"contentUrl\":\"https:\/\/turismevalles.com\/wp-content\/uploads\/2020\/11\/turismevalles4211.jpg\",\"width\":720,\"height\":302,\"caption\":\"Dinar en grup a la Rectoria de Vallc\u00e0rquera\"},{\"@type\":\"BreadcrumbList\",\"@id\":\"https:\/\/turismevalles.com\/activities\/dinar-en-grup-a-la-rectoria-de-vallcarquera\/#breadcrumb\",\"itemListElement\":[{\"@type\":\"ListItem\",\"position\":1,\"name\":\"Home\",\"item\":\"https:\/\/turismevalles.com\/en\/\"},{\"@type\":\"ListItem\",\"position\":2,\"name\":\"Activities\",\"item\":\"https:\/\/turismevalles.com\/en\/activities\/\"},{\"@type\":\"ListItem\",\"position\":3,\"name\":\"Meals for groups in la Rectoria de Vallc\u00e0rquera\"}]},{\"@type\":\"WebSite\",\"@id\":\"https:\/\/turismevalles.com\/en\/#website\",\"url\":\"https:\/\/turismevalles.com\/en\/\",\"name\":\"Turisme Vall\u00e8s\",\"description\":\"\",\"publisher\":{\"@id\":\"https:\/\/turismevalles.com\/en\/#organization\"},\"potentialAction\":[{\"@type\":\"SearchAction\",\"target\":{\"@type\":\"EntryPoint\",\"urlTemplate\":\"https:\/\/turismevalles.com\/en\/?s={search_term_string}\"},\"query-input\":{\"@type\":\"PropertyValueSpecification\",\"valueRequired\":true,\"valueName\":\"search_term_string\"}}],\"inLanguage\":\"en-US\"},{\"@type\":\"Organization\",\"@id\":\"https:\/\/turismevalles.com\/en\/#organization\",\"name\":\"Turisme Vall\u00e8s\",\"url\":\"https:\/\/turismevalles.com\/en\/\",\"logo\":{\"@type\":\"ImageObject\",\"inLanguage\":\"en-US\",\"@id\":\"https:\/\/turismevalles.com\/en\/#\/schema\/logo\/image\/\",\"url\":\"https:\/\/turismevalles.com\/wp-content\/uploads\/2020\/08\/cropped-logo_ca-2.png\",\"contentUrl\":\"https:\/\/turismevalles.com\/wp-content\/uploads\/2020\/08\/cropped-logo_ca-2.png\",\"width\":314,\"height\":85,\"caption\":\"Turisme Vall\u00e8s\"},\"image\":{\"@id\":\"https:\/\/turismevalles.com\/en\/#\/schema\/logo\/image\/\"}}]}<\/script>\n<!-- \/ Yoast SEO plugin. -->","yoast_head_json":{"title":"Meals for groups in la Rectoria de Vallc\u00e0rquera - Turisme Vall\u00e8s","robots":{"index":"index","follow":"follow","max-snippet":"max-snippet:-1","max-image-preview":"max-image-preview:large","max-video-preview":"max-video-preview:-1"},"canonical":"https:\/\/turismevalles.com\/activities\/dinar-en-grup-a-la-rectoria-de-vallcarquera\/","og_locale":"en_US","og_type":"article","og_title":"Meals for groups in la Rectoria de Vallc\u00e0rquera - Turisme Vall\u00e8s","og_description":"The Vallc\u00e0rquera Rectory is a charming holiday camp in the middle of the Montseny Natural Park, in the valley of Vallc\u00e0rquera. We encourage you to ... Veure m\u00e9s","og_url":"https:\/\/turismevalles.com\/activities\/dinar-en-grup-a-la-rectoria-de-vallcarquera\/","og_site_name":"Turisme Vall\u00e8s","article_modified_time":"2020-11-24T10:37:47+00:00","og_image":[{"width":720,"height":302,"url":"https:\/\/turismevalles.com\/wp-content\/uploads\/2020\/11\/turismevalles4211.jpg","type":"image\/jpeg"}],"twitter_card":"summary_large_image","twitter_misc":{"Est. reading time":"1 minute"},"schema":{"@context":"https:\/\/schema.org","@graph":[{"@type":"WebPage","@id":"https:\/\/turismevalles.com\/activities\/dinar-en-grup-a-la-rectoria-de-vallcarquera\/","url":"https:\/\/turismevalles.com\/activities\/dinar-en-grup-a-la-rectoria-de-vallcarquera\/","name":"Meals for groups in la Rectoria de Vallc\u00e0rquera - Turisme Vall\u00e8s","isPartOf":{"@id":"https:\/\/turismevalles.com\/en\/#website"},"primaryImageOfPage":{"@id":"https:\/\/turismevalles.com\/activities\/dinar-en-grup-a-la-rectoria-de-vallcarquera\/#primaryimage"},"image":{"@id":"https:\/\/turismevalles.com\/activities\/dinar-en-grup-a-la-rectoria-de-vallcarquera\/#primaryimage"},"thumbnailUrl":"https:\/\/turismevalles.com\/wp-content\/uploads\/2020\/11\/turismevalles4211.jpg","datePublished":"2020-11-24T10:37:46+00:00","dateModified":"2020-11-24T10:37:47+00:00","breadcrumb":{"@id":"https:\/\/turismevalles.com\/activities\/dinar-en-grup-a-la-rectoria-de-vallcarquera\/#breadcrumb"},"inLanguage":"en-US","potentialAction":[{"@type":"ReadAction","target":["https:\/\/turismevalles.com\/activities\/dinar-en-grup-a-la-rectoria-de-vallcarquera\/"]}]},{"@type":"ImageObject","inLanguage":"en-US","@id":"https:\/\/turismevalles.com\/activities\/dinar-en-grup-a-la-rectoria-de-vallcarquera\/#primaryimage","url":"https:\/\/turismevalles.com\/wp-content\/uploads\/2020\/11\/turismevalles4211.jpg","contentUrl":"https:\/\/turismevalles.com\/wp-content\/uploads\/2020\/11\/turismevalles4211.jpg","width":720,"height":302,"caption":"Dinar en grup a la Rectoria de Vallc\u00e0rquera"},{"@type":"BreadcrumbList","@id":"https:\/\/turismevalles.com\/activities\/dinar-en-grup-a-la-rectoria-de-vallcarquera\/#breadcrumb","itemListElement":[{"@type":"ListItem","position":1,"name":"Home","item":"https:\/\/turismevalles.com\/en\/"},{"@type":"ListItem","position":2,"name":"Activities","item":"https:\/\/turismevalles.com\/en\/activities\/"},{"@type":"ListItem","position":3,"name":"Meals for groups in la Rectoria de Vallc\u00e0rquera"}]},{"@type":"WebSite","@id":"https:\/\/turismevalles.com\/en\/#website","url":"https:\/\/turismevalles.com\/en\/","name":"Turisme Vall\u00e8s","description":"","publisher":{"@id":"https:\/\/turismevalles.com\/en\/#organization"},"potentialAction":[{"@type":"SearchAction","target":{"@type":"EntryPoint","urlTemplate":"https:\/\/turismevalles.com\/en\/?s={search_term_string}"},"query-input":{"@type":"PropertyValueSpecification","valueRequired":true,"valueName":"search_term_string"}}],"inLanguage":"en-US"},{"@type":"Organization","@id":"https:\/\/turismevalles.com\/en\/#organization","name":"Turisme Vall\u00e8s","url":"https:\/\/turismevalles.com\/en\/","logo":{"@type":"ImageObject","inLanguage":"en-US","@id":"https:\/\/turismevalles.com\/en\/#\/schema\/logo\/image\/","url":"https:\/\/turismevalles.com\/wp-content\/uploads\/2020\/08\/cropped-logo_ca-2.png","contentUrl":"https:\/\/turismevalles.com\/wp-content\/uploads\/2020\/08\/cropped-logo_ca-2.png","width":314,"height":85,"caption":"Turisme Vall\u00e8s"},"image":{"@id":"https:\/\/turismevalles.com\/en\/#\/schema\/logo\/image\/"}}]}},"uagb_featured_image_src":{"full":["https:\/\/turismevalles.com\/wp-content\/uploads\/2020\/11\/turismevalles4211.jpg",720,302,false],"thumbnail":["https:\/\/turismevalles.com\/wp-content\/uploads\/2020\/11\/turismevalles4211-150x150.jpg",150,150,true],"medium":["https:\/\/turismevalles.com\/wp-content\/uploads\/2020\/11\/turismevalles4211-300x126.jpg",300,126,true],"medium_large":["https:\/\/turismevalles.com\/wp-content\/uploads\/2020\/11\/turismevalles4211.jpg",720,302,false],"large":["https:\/\/turismevalles.com\/wp-content\/uploads\/2020\/11\/turismevalles4211.jpg",720,302,false],"thumblist":["https:\/\/turismevalles.com\/wp-content\/uploads\/2020\/11\/turismevalles4211.jpg",300,126,false],"meccarouselthumb":["https:\/\/turismevalles.com\/wp-content\/uploads\/2020\/11\/turismevalles4211.jpg",474,199,false],"gridsquare":["https:\/\/turismevalles.com\/wp-content\/uploads\/2020\/11\/turismevalles4211.jpg",391,164,false],"tileview":["https:\/\/turismevalles.com\/wp-content\/uploads\/2020\/11\/turismevalles4211.jpg",300,126,false],"1536x1536":["https:\/\/turismevalles.com\/wp-content\/uploads\/2020\/11\/turismevalles4211.jpg",720,302,false],"2048x2048":["https:\/\/turismevalles.com\/wp-content\/uploads\/2020\/11\/turismevalles4211.jpg",720,302,false]},"uagb_author_info":{"display_name":"Turisme Valles","author_link":"https:\/\/turismevalles.com\/en\/author\/"},"uagb_comment_info":0,"uagb_excerpt":"The Vallc\u00e0rquera Rectory is a charming holiday camp in the middle of the Montseny Natural Park, in the valley of Vallc\u00e0rquera. We encourage you to ... Veure m\u00e9s","_links":{"self":[{"href":"https:\/\/turismevalles.com\/en\/wp-json\/wp\/v2\/activitats\/9131","targetHints":{"allow":["GET"]}}],"collection":[{"href":"https:\/\/turismevalles.com\/en\/wp-json\/wp\/v2\/activitats"}],"about":[{"href":"https:\/\/turismevalles.com\/en\/wp-json\/wp\/v2\/types\/activitats"}],"wp:featuredmedia":[{"embeddable":true,"href":"https:\/\/turismevalles.com\/en\/wp-json\/wp\/v2\/media\/8497"}],"wp:attachment":[{"href":"https:\/\/turismevalles.com\/en\/wp-json\/wp\/v2\/media?parent=9131"}],"wp:term":[{"taxonomy":"poblacions","embeddable":true,"href":"https:\/\/turismevalles.com\/en\/wp-json\/wp\/v2\/poblacions?post=9131"},{"taxonomy":"tipus_turisme","embeddable":true,"href":"https:\/\/turismevalles.com\/en\/wp-json\/wp\/v2\/tipus_turisme?post=9131"},{"taxonomy":"tipus_menjar","embeddable":true,"href":"https:\/\/turismevalles.com\/en\/wp-json\/wp\/v2\/tipus_menjar?post=9131"},{"taxonomy":"tipologia_estada","embeddable":true,"href":"https:\/\/turismevalles.com\/en\/wp-json\/wp\/v2\/tipologia_estada?post=9131"}],"curies":[{"name":"wp","href":"https:\/\/api.w.org\/{rel}","templated":true}]}}