{"id":71836,"date":"2026-06-30T11:34:08","date_gmt":"2026-06-30T09:34:08","guid":{"rendered":"https:\/\/turismevalles.com\/events\/passage-of-the-third-stage-of-the-tour-de-france-through-seven-towns-in-valles-oriental\/"},"modified":"2026-06-30T11:37:13","modified_gmt":"2026-06-30T09:37:13","slug":"passage-of-the-third-stage-of-the-tour-de-france-through-seven-towns-in-valles-oriental","status":"publish","type":"mec-events","link":"https:\/\/turismevalles.com\/en\/events\/passage-of-the-third-stage-of-the-tour-de-france-through-seven-towns-in-valles-oriental\/","title":{"rendered":"Passage of the third stage of the Tour de France through seven towns in Vall\u00e8s Oriental"},"content":{"rendered":"<p>On Monday, July 6, once the start of the 3rd stage of the Tour de France from Granollers has ended, the route will continue through seven towns in the region.<\/p>\n<p>Check here the different routes, activities, viewing points, and effects of the Tour&#8217;s passage in these municipalities.<\/p>\n<ul>\n<li>Les Franqueses del Vall\u00e8s, <a href=\"https:\/\/www.lesfranqueses.cat\/actualitat\/noticies\/les-franqueses-es-prepara-per-una-jornada-de-fortes-restriccions-de-mobilitat-pel-tour-de-franca.html\">clicar aqu\u00ed<\/a><\/li>\n<li>Canovelles, <a href=\"https:\/\/www.canovelles.cat\/actualitat\/avisos\/6-de-juliol-restriccions-a-la-mobilitat-per-prova-esportiva-tour-de-franca.html\">clicar aqu\u00ed<\/a><\/li>\n<li>Lli\u00e7\u00e0 d&#8217;Amunt, <a href=\"https:\/\/www.llicamunt.cat\/temes\/esport\/tour-de-france-26-\">clicar aqu\u00ed<\/a><\/li>\n<li>Santa Eul\u00e0lia de Ron\u00e7ana, <a href=\"https:\/\/www.ser.cat\/actualitat\/noticies\/el-pas-del-tour-per-santa-eulalia-de-roncana.html\">clicar aqu\u00ed<\/a><\/li>\n<li>Caldes de Montbui, <a href=\"https:\/\/www.caldesdemontbui.cat\/actualitat\/avisos\/dilluns-6-de-juliol-afectacions-a-la-c-59-i-la-c-1415b-pel-pas-del-tour-de-france-pel-municipi.html#\">clicar aqu\u00ed<\/a><\/li>\n<li>Bigues i Riells del Fai, <a href=\"https:\/\/www.biguesiriells.cat\/es\/actualidad-2\/noticies-2\/crida-al-voluntariat-per-al-grand-depart-del-tour-de-franca-2026-a-catalunya-1940.htm\">clicar aqu\u00ed<\/a><\/li>\n<li>Sant Feliu de Codines, <a href=\"https:\/\/www.santfeliudecodines.cat\/actualitat\/noticies\/el-tour-de-franca-passara-per-sant-feliu-de-codines-el-proper-6-de-juliol.html\">clicar aqu\u00ed<\/a><\/li>\n<\/ul>\n","protected":false},"excerpt":{"rendered":"<p>On Monday, July 6, once the start of the 3rd stage of the Tour de France from Granollers has ended, the route will continue through &#8230; <a title=\"Passage of the third stage of the Tour de France through seven towns in Vall\u00e8s Oriental\" class=\"read-more\" href=\"https:\/\/turismevalles.com\/en\/events\/passage-of-the-third-stage-of-the-tour-de-france-through-seven-towns-in-valles-oriental\/\" aria-label=\"More on Passage of the third stage of the Tour de France through seven towns in Vall\u00e8s Oriental\">Veure m\u00e9s<\/a><\/p>\n","protected":false},"author":5,"featured_media":71826,"comment_status":"open","ping_status":"closed","template":"","tags":[3415,980,3417,3416],"poblacions":[400,429,858,405,408,865,423,861,999],"mec_category":[3413,3414],"class_list":["post-71836","mec-events","type-mec-events","status-publish","has-post-thumbnail","hentry","tag-cycling","tag-esport-en","tag-grand-depart","tag-le-tour-de-france","poblacions-bigues-i-riells-en-2","poblacions-caldes-de-montbui-en","poblacions-canovelles-en","poblacions-granollers-en","poblacions-les-franqueses-del-valles-en","poblacions-llica-damunt-en","poblacions-sant-feliu-de-codines-en","poblacions-santa-eulalia-de-roncana-en","poblacions-valles-oriental-en","mec_category-cycling","mec_category-exit","generate-columns","tablet-grid-50","mobile-grid-100","grid-parent","grid-33"],"acf":[],"yoast_head":"<!-- This site is optimized with the Yoast SEO plugin v26.4 - https:\/\/yoast.com\/wordpress\/plugins\/seo\/ -->\n<title>Passage of the third stage of the Tour de France through seven towns in Vall\u00e8s Oriental - Turisme Vall\u00e8s<\/title>\n<meta name=\"description\" content=\"Pas-de-la-tercera-etapa-del-Tour-de-France-per-set-poblacions-del-Vall\u00e8s-Oriental-costa-Barcelona-grand-d\u00e9part\" \/>\n<meta name=\"robots\" content=\"index, follow, max-snippet:-1, max-image-preview:large, max-video-preview:-1\" \/>\n<link rel=\"canonical\" href=\"https:\/\/turismevalles.com\/en\/events\/passage-of-the-third-stage-of-the-tour-de-france-through-seven-towns-in-valles-oriental\/\" \/>\n<meta property=\"og:locale\" content=\"en_US\" \/>\n<meta property=\"og:type\" content=\"article\" \/>\n<meta property=\"og:title\" content=\"Passage of the third stage of the Tour de France through seven towns in Vall\u00e8s Oriental - Turisme Vall\u00e8s\" \/>\n<meta property=\"og:description\" content=\"Pas-de-la-tercera-etapa-del-Tour-de-France-per-set-poblacions-del-Vall\u00e8s-Oriental-costa-Barcelona-grand-d\u00e9part\" \/>\n<meta property=\"og:url\" content=\"https:\/\/turismevalles.com\/en\/events\/passage-of-the-third-stage-of-the-tour-de-france-through-seven-towns-in-valles-oriental\/\" \/>\n<meta property=\"og:site_name\" content=\"Turisme Vall\u00e8s\" \/>\n<meta property=\"article:modified_time\" content=\"2026-06-30T09:37:13+00:00\" \/>\n<meta property=\"og:image\" content=\"https:\/\/turismevalles.com\/wp-content\/uploads\/2026\/06\/sortida_tour_granollers.png\" \/>\n\t<meta property=\"og:image:width\" content=\"607\" \/>\n\t<meta property=\"og:image:height\" content=\"907\" \/>\n\t<meta property=\"og:image:type\" content=\"image\/png\" \/>\n<meta name=\"twitter:card\" content=\"summary_large_image\" \/>\n<meta name=\"twitter:label1\" content=\"Est. reading time\" \/>\n\t<meta name=\"twitter:data1\" content=\"1 minute\" \/>\n<script type=\"application\/ld+json\" class=\"yoast-schema-graph\">{\"@context\":\"https:\/\/schema.org\",\"@graph\":[{\"@type\":\"WebPage\",\"@id\":\"https:\/\/turismevalles.com\/en\/events\/passage-of-the-third-stage-of-the-tour-de-france-through-seven-towns-in-valles-oriental\/\",\"url\":\"https:\/\/turismevalles.com\/en\/events\/passage-of-the-third-stage-of-the-tour-de-france-through-seven-towns-in-valles-oriental\/\",\"name\":\"Passage of the third stage of the Tour de France through seven towns in Vall\u00e8s Oriental - Turisme Vall\u00e8s\",\"isPartOf\":{\"@id\":\"https:\/\/turismevalles.com\/en\/#website\"},\"primaryImageOfPage\":{\"@id\":\"https:\/\/turismevalles.com\/en\/events\/passage-of-the-third-stage-of-the-tour-de-france-through-seven-towns-in-valles-oriental\/#primaryimage\"},\"image\":{\"@id\":\"https:\/\/turismevalles.com\/en\/events\/passage-of-the-third-stage-of-the-tour-de-france-through-seven-towns-in-valles-oriental\/#primaryimage\"},\"thumbnailUrl\":\"https:\/\/turismevalles.com\/wp-content\/uploads\/2026\/06\/sortida_tour_granollers.png\",\"datePublished\":\"2026-06-30T09:34:08+00:00\",\"dateModified\":\"2026-06-30T09:37:13+00:00\",\"description\":\"Pas-de-la-tercera-etapa-del-Tour-de-France-per-set-poblacions-del-Vall\u00e8s-Oriental-costa-Barcelona-grand-d\u00e9part\",\"breadcrumb\":{\"@id\":\"https:\/\/turismevalles.com\/en\/events\/passage-of-the-third-stage-of-the-tour-de-france-through-seven-towns-in-valles-oriental\/#breadcrumb\"},\"inLanguage\":\"en-US\",\"potentialAction\":[{\"@type\":\"ReadAction\",\"target\":[\"https:\/\/turismevalles.com\/en\/events\/passage-of-the-third-stage-of-the-tour-de-france-through-seven-towns-in-valles-oriental\/\"]}]},{\"@type\":\"ImageObject\",\"inLanguage\":\"en-US\",\"@id\":\"https:\/\/turismevalles.com\/en\/events\/passage-of-the-third-stage-of-the-tour-de-france-through-seven-towns-in-valles-oriental\/#primaryimage\",\"url\":\"https:\/\/turismevalles.com\/wp-content\/uploads\/2026\/06\/sortida_tour_granollers.png\",\"contentUrl\":\"https:\/\/turismevalles.com\/wp-content\/uploads\/2026\/06\/sortida_tour_granollers.png\",\"width\":607,\"height\":907},{\"@type\":\"BreadcrumbList\",\"@id\":\"https:\/\/turismevalles.com\/en\/events\/passage-of-the-third-stage-of-the-tour-de-france-through-seven-towns-in-valles-oriental\/#breadcrumb\",\"itemListElement\":[{\"@type\":\"ListItem\",\"position\":1,\"name\":\"Home\",\"item\":\"https:\/\/turismevalles.com\/en\/\"},{\"@type\":\"ListItem\",\"position\":2,\"name\":\"Esdeveniments\",\"item\":\"https:\/\/turismevalles.com\/events\/\"},{\"@type\":\"ListItem\",\"position\":3,\"name\":\"Passage of the third stage of the Tour de France through seven towns in Vall\u00e8s Oriental\"}]},{\"@type\":\"WebSite\",\"@id\":\"https:\/\/turismevalles.com\/en\/#website\",\"url\":\"https:\/\/turismevalles.com\/en\/\",\"name\":\"Turisme Vall\u00e8s\",\"description\":\"\",\"publisher\":{\"@id\":\"https:\/\/turismevalles.com\/en\/#organization\"},\"potentialAction\":[{\"@type\":\"SearchAction\",\"target\":{\"@type\":\"EntryPoint\",\"urlTemplate\":\"https:\/\/turismevalles.com\/en\/?s={search_term_string}\"},\"query-input\":{\"@type\":\"PropertyValueSpecification\",\"valueRequired\":true,\"valueName\":\"search_term_string\"}}],\"inLanguage\":\"en-US\"},{\"@type\":\"Organization\",\"@id\":\"https:\/\/turismevalles.com\/en\/#organization\",\"name\":\"Turisme Vall\u00e8s\",\"url\":\"https:\/\/turismevalles.com\/en\/\",\"logo\":{\"@type\":\"ImageObject\",\"inLanguage\":\"en-US\",\"@id\":\"https:\/\/turismevalles.com\/en\/#\/schema\/logo\/image\/\",\"url\":\"https:\/\/turismevalles.com\/wp-content\/uploads\/2020\/08\/cropped-logo_ca-2.png\",\"contentUrl\":\"https:\/\/turismevalles.com\/wp-content\/uploads\/2020\/08\/cropped-logo_ca-2.png\",\"width\":314,\"height\":85,\"caption\":\"Turisme Vall\u00e8s\"},\"image\":{\"@id\":\"https:\/\/turismevalles.com\/en\/#\/schema\/logo\/image\/\"}}]}<\/script>\n<!-- \/ Yoast SEO plugin. -->","yoast_head_json":{"title":"Passage of the third stage of the Tour de France through seven towns in Vall\u00e8s Oriental - Turisme Vall\u00e8s","description":"Pas-de-la-tercera-etapa-del-Tour-de-France-per-set-poblacions-del-Vall\u00e8s-Oriental-costa-Barcelona-grand-d\u00e9part","robots":{"index":"index","follow":"follow","max-snippet":"max-snippet:-1","max-image-preview":"max-image-preview:large","max-video-preview":"max-video-preview:-1"},"canonical":"https:\/\/turismevalles.com\/en\/events\/passage-of-the-third-stage-of-the-tour-de-france-through-seven-towns-in-valles-oriental\/","og_locale":"en_US","og_type":"article","og_title":"Passage of the third stage of the Tour de France through seven towns in Vall\u00e8s Oriental - Turisme Vall\u00e8s","og_description":"Pas-de-la-tercera-etapa-del-Tour-de-France-per-set-poblacions-del-Vall\u00e8s-Oriental-costa-Barcelona-grand-d\u00e9part","og_url":"https:\/\/turismevalles.com\/en\/events\/passage-of-the-third-stage-of-the-tour-de-france-through-seven-towns-in-valles-oriental\/","og_site_name":"Turisme Vall\u00e8s","article_modified_time":"2026-06-30T09:37:13+00:00","og_image":[{"width":607,"height":907,"url":"https:\/\/turismevalles.com\/wp-content\/uploads\/2026\/06\/sortida_tour_granollers.png","type":"image\/png"}],"twitter_card":"summary_large_image","twitter_misc":{"Est. reading time":"1 minute"},"schema":{"@context":"https:\/\/schema.org","@graph":[{"@type":"WebPage","@id":"https:\/\/turismevalles.com\/en\/events\/passage-of-the-third-stage-of-the-tour-de-france-through-seven-towns-in-valles-oriental\/","url":"https:\/\/turismevalles.com\/en\/events\/passage-of-the-third-stage-of-the-tour-de-france-through-seven-towns-in-valles-oriental\/","name":"Passage of the third stage of the Tour de France through seven towns in Vall\u00e8s Oriental - Turisme Vall\u00e8s","isPartOf":{"@id":"https:\/\/turismevalles.com\/en\/#website"},"primaryImageOfPage":{"@id":"https:\/\/turismevalles.com\/en\/events\/passage-of-the-third-stage-of-the-tour-de-france-through-seven-towns-in-valles-oriental\/#primaryimage"},"image":{"@id":"https:\/\/turismevalles.com\/en\/events\/passage-of-the-third-stage-of-the-tour-de-france-through-seven-towns-in-valles-oriental\/#primaryimage"},"thumbnailUrl":"https:\/\/turismevalles.com\/wp-content\/uploads\/2026\/06\/sortida_tour_granollers.png","datePublished":"2026-06-30T09:34:08+00:00","dateModified":"2026-06-30T09:37:13+00:00","description":"Pas-de-la-tercera-etapa-del-Tour-de-France-per-set-poblacions-del-Vall\u00e8s-Oriental-costa-Barcelona-grand-d\u00e9part","breadcrumb":{"@id":"https:\/\/turismevalles.com\/en\/events\/passage-of-the-third-stage-of-the-tour-de-france-through-seven-towns-in-valles-oriental\/#breadcrumb"},"inLanguage":"en-US","potentialAction":[{"@type":"ReadAction","target":["https:\/\/turismevalles.com\/en\/events\/passage-of-the-third-stage-of-the-tour-de-france-through-seven-towns-in-valles-oriental\/"]}]},{"@type":"ImageObject","inLanguage":"en-US","@id":"https:\/\/turismevalles.com\/en\/events\/passage-of-the-third-stage-of-the-tour-de-france-through-seven-towns-in-valles-oriental\/#primaryimage","url":"https:\/\/turismevalles.com\/wp-content\/uploads\/2026\/06\/sortida_tour_granollers.png","contentUrl":"https:\/\/turismevalles.com\/wp-content\/uploads\/2026\/06\/sortida_tour_granollers.png","width":607,"height":907},{"@type":"BreadcrumbList","@id":"https:\/\/turismevalles.com\/en\/events\/passage-of-the-third-stage-of-the-tour-de-france-through-seven-towns-in-valles-oriental\/#breadcrumb","itemListElement":[{"@type":"ListItem","position":1,"name":"Home","item":"https:\/\/turismevalles.com\/en\/"},{"@type":"ListItem","position":2,"name":"Esdeveniments","item":"https:\/\/turismevalles.com\/events\/"},{"@type":"ListItem","position":3,"name":"Passage of the third stage of the Tour de France through seven towns in Vall\u00e8s Oriental"}]},{"@type":"WebSite","@id":"https:\/\/turismevalles.com\/en\/#website","url":"https:\/\/turismevalles.com\/en\/","name":"Turisme Vall\u00e8s","description":"","publisher":{"@id":"https:\/\/turismevalles.com\/en\/#organization"},"potentialAction":[{"@type":"SearchAction","target":{"@type":"EntryPoint","urlTemplate":"https:\/\/turismevalles.com\/en\/?s={search_term_string}"},"query-input":{"@type":"PropertyValueSpecification","valueRequired":true,"valueName":"search_term_string"}}],"inLanguage":"en-US"},{"@type":"Organization","@id":"https:\/\/turismevalles.com\/en\/#organization","name":"Turisme Vall\u00e8s","url":"https:\/\/turismevalles.com\/en\/","logo":{"@type":"ImageObject","inLanguage":"en-US","@id":"https:\/\/turismevalles.com\/en\/#\/schema\/logo\/image\/","url":"https:\/\/turismevalles.com\/wp-content\/uploads\/2020\/08\/cropped-logo_ca-2.png","contentUrl":"https:\/\/turismevalles.com\/wp-content\/uploads\/2020\/08\/cropped-logo_ca-2.png","width":314,"height":85,"caption":"Turisme Vall\u00e8s"},"image":{"@id":"https:\/\/turismevalles.com\/en\/#\/schema\/logo\/image\/"}}]}},"uagb_featured_image_src":{"full":["https:\/\/turismevalles.com\/wp-content\/uploads\/2026\/06\/sortida_tour_granollers.png",607,907,false],"thumbnail":["https:\/\/turismevalles.com\/wp-content\/uploads\/2026\/06\/sortida_tour_granollers-150x150.png",150,150,true],"medium":["https:\/\/turismevalles.com\/wp-content\/uploads\/2026\/06\/sortida_tour_granollers-201x300.png",201,300,true],"medium_large":["https:\/\/turismevalles.com\/wp-content\/uploads\/2026\/06\/sortida_tour_granollers.png",607,907,false],"large":["https:\/\/turismevalles.com\/wp-content\/uploads\/2026\/06\/sortida_tour_granollers.png",607,907,false],"thumblist":["https:\/\/turismevalles.com\/wp-content\/uploads\/2026\/06\/sortida_tour_granollers-300x300.png",300,300,true],"meccarouselthumb":["https:\/\/turismevalles.com\/wp-content\/uploads\/2026\/06\/sortida_tour_granollers-474x324.png",474,324,true],"gridsquare":["https:\/\/turismevalles.com\/wp-content\/uploads\/2026\/06\/sortida_tour_granollers-391x260.png",391,260,true],"tileview":["https:\/\/turismevalles.com\/wp-content\/uploads\/2026\/06\/sortida_tour_granollers-300x400.png",300,400,true],"1536x1536":["https:\/\/turismevalles.com\/wp-content\/uploads\/2026\/06\/sortida_tour_granollers.png",607,907,false],"2048x2048":["https:\/\/turismevalles.com\/wp-content\/uploads\/2026\/06\/sortida_tour_granollers.png",607,907,false]},"uagb_author_info":{"display_name":"Turisme Valles","author_link":"https:\/\/turismevalles.com\/en\/author\/turismevallesoriental\/"},"uagb_comment_info":0,"uagb_excerpt":"On Monday, July 6, once the start of the 3rd stage of the Tour de France from Granollers has ended, the route will continue through ... Veure m\u00e9s","_links":{"self":[{"href":"https:\/\/turismevalles.com\/en\/wp-json\/wp\/v2\/mec-events\/71836","targetHints":{"allow":["GET"]}}],"collection":[{"href":"https:\/\/turismevalles.com\/en\/wp-json\/wp\/v2\/mec-events"}],"about":[{"href":"https:\/\/turismevalles.com\/en\/wp-json\/wp\/v2\/types\/mec-events"}],"author":[{"embeddable":true,"href":"https:\/\/turismevalles.com\/en\/wp-json\/wp\/v2\/users\/5"}],"replies":[{"embeddable":true,"href":"https:\/\/turismevalles.com\/en\/wp-json\/wp\/v2\/comments?post=71836"}],"wp:featuredmedia":[{"embeddable":true,"href":"https:\/\/turismevalles.com\/en\/wp-json\/wp\/v2\/media\/71826"}],"wp:attachment":[{"href":"https:\/\/turismevalles.com\/en\/wp-json\/wp\/v2\/media?parent=71836"}],"wp:term":[{"taxonomy":"post_tag","embeddable":true,"href":"https:\/\/turismevalles.com\/en\/wp-json\/wp\/v2\/tags?post=71836"},{"taxonomy":"poblacions","embeddable":true,"href":"https:\/\/turismevalles.com\/en\/wp-json\/wp\/v2\/poblacions?post=71836"},{"taxonomy":"mec_category","embeddable":true,"href":"https:\/\/turismevalles.com\/en\/wp-json\/wp\/v2\/mec_category?post=71836"}],"curies":[{"name":"wp","href":"https:\/\/api.w.org\/{rel}","templated":true}]}}