{"id":19210,"date":"2022-04-28T12:45:08","date_gmt":"2022-04-28T10:45:08","guid":{"rendered":"http:\/\/turismevalles.com.mialias.net\/come-and-experience-the-valles-oriental\/"},"modified":"2022-04-28T12:45:10","modified_gmt":"2022-04-28T10:45:10","slug":"come-and-experience-the-valles-oriental","status":"publish","type":"page","link":"https:\/\/turismevalles.com\/en\/come-and-experience-the-valles-oriental\/","title":{"rendered":"Come and experience the Vall\u00e8s Oriental"},"content":{"rendered":"\n<div class=\"wp-block-column\">\n<figure class=\"wp-block-embed is-type-video is-provider-youtube wp-block-embed-youtube wp-embed-aspect-16-9 wp-has-aspect-ratio\"><div class=\"wp-block-embed__wrapper\">\n<iframe loading=\"lazy\" title=\"Apropa&#039;t i viu la Garriga\" width=\"1200\" height=\"675\" src=\"https:\/\/www.youtube.com\/embed\/PijND1rNtCI?feature=oembed\" frameborder=\"0\" allow=\"accelerometer; autoplay; clipboard-write; encrypted-media; gyroscope; picture-in-picture\" allowfullscreen><\/iframe>\n<\/div><\/figure>\n\n\n\n<p>Apropa&#8217;t al Vall\u00e8s Oriental i viu el modernisme<!-- \/wp:column --><!-- wp:columns -->\n<div class=\"wp-block-columns\"><!-- wp:column -->\n<div class=\"wp-block-column\"><!-- wp:embed {\"url\":\"https:\/\/www.youtube.com\/watch?v=PijND1rNtCI\",\"type\":\"video\",\"providerNameSlug\":\"youtube\",\"responsive\":true,\"className\":\"wp-embed-aspect-16-9 wp-has-aspect-ratio\"} -->\n<figure class=\"wp-block-embed is-type-video is-provider-youtube wp-block-embed-youtube wp-embed-aspect-16-9 wp-has-aspect-ratio\"><div class=\"wp-block-embed__wrapper\">\n<iframe loading=\"lazy\" title=\"Apropa&#039;t i viu la Garriga\" width=\"1200\" height=\"675\" src=\"https:\/\/www.youtube.com\/embed\/PijND1rNtCI?feature=oembed\" frameborder=\"0\" allow=\"accelerometer; autoplay; clipboard-write; encrypted-media; gyroscope; picture-in-picture\" allowfullscreen><\/iframe>\n<\/div><\/figure>\n<!-- \/wp:embed -->\n\n<!-- wp:paragraph -->\n<p>Apropa&#8217;t al Vall\u00e8s Oriental i viu el modernisme<!-- \/wp:post-content --><!-- \/wp:columns --><!-- wp:post-content --><!-- wp:embed {\"url\":\"https:\/\/www.youtube.com\/watch?v=tV-9Bu84Tj0\",\"type\":\"video\",\"providerNameSlug\":\"youtube\",\"responsive\":true,\"className\":\"wp-embed-aspect-16-9 wp-has-aspect-ratio\"} -->\n<figure class=\"wp-block-embed is-type-video is-provider-youtube wp-block-embed-youtube wp-embed-aspect-16-9 wp-has-aspect-ratio\"><div class=\"wp-block-embed__wrapper\">\n<iframe loading=\"lazy\" title=\"Apropa&#039;t i viu!\" width=\"1200\" height=\"675\" src=\"https:\/\/www.youtube.com\/embed\/tV-9Bu84Tj0?feature=oembed\" frameborder=\"0\" allow=\"accelerometer; autoplay; clipboard-write; encrypted-media; gyroscope; picture-in-picture\" allowfullscreen><\/iframe>\n<\/div><\/figure>\n<!-- \/wp:embed --><!-- wp:pullquote {\"translatedWithWPMLTM\":\"1\"} -->\n<figure class=\"wp-block-pullquote\"><blockquote><p>Come to the Vall\u00e8s Oriental and experience each of the region\u2019s 39 municipalities. <\/p><cite>These videos show just how much the Vall\u00e8s Oriental has to offer. Live the stories explained in each video first hand.<\/cite><\/blockquote><\/figure>\n<!-- \/wp:pullquote --><!-- wp:paragraph {\"fontSize\":\"normal\",\"translatedWithWPMLTM\":\"1\"} -->\n<p class=\"has-normal-font-size\">All the videos are available on <strong>@turismevalles&#8217;<\/strong> social media pages:<\/p>\n<!-- \/wp:paragraph --><!-- wp:social-links {\"size\":\"has-large-icon-size\"} -->\n<ul class=\"wp-block-social-links has-large-icon-size\"><!-- wp:social-link {\"url\":\"https:\/\/www.instagram.com\/turismevalles\/\",\"service\":\"instagram\"} \/-->\n\n<!-- wp:social-link {\"url\":\"https:\/\/twitter.com\/Turismevalles\",\"service\":\"twitter\"} \/-->\n\n<!-- wp:social-link {\"url\":\"https:\/\/www.youtube.com\/turismevalles\",\"service\":\"youtube\"} \/-->\n\n<!-- wp:social-link {\"url\":\"https:\/\/www.facebook.com\/turismevalles\",\"service\":\"facebook\"} \/--><\/ul>\n<!-- \/wp:social-links --><!-- wp:separator -->\n<hr class=\"wp-block-separator\"\/>\n<!-- \/wp:separator --><!-- wp:columns -->\n<div class=\"wp-block-columns\"><!-- wp:column -->\n<div class=\"wp-block-column\"><!-- wp:embed {\"url\":\"https:\/\/www.youtube.com\/watch?v=7gZeHnrhJMw\\u0026t=4s\",\"type\":\"video\",\"providerNameSlug\":\"youtube\",\"responsive\":true,\"className\":\"wp-embed-aspect-16-9 wp-has-aspect-ratio\"} -->\n<figure class=\"wp-block-embed is-type-video is-provider-youtube wp-block-embed-youtube wp-embed-aspect-16-9 wp-has-aspect-ratio\"><div class=\"wp-block-embed__wrapper\">\n<iframe loading=\"lazy\" title=\"Apropa&#039;t i viu Aiguafreda\" width=\"1200\" height=\"675\" src=\"https:\/\/www.youtube.com\/embed\/7gZeHnrhJMw?start=4&#038;feature=oembed\" frameborder=\"0\" allow=\"accelerometer; autoplay; clipboard-write; encrypted-media; gyroscope; picture-in-picture\" allowfullscreen><\/iframe>\n<\/div><\/figure>\n<!-- \/wp:embed -->\n\n<!-- wp:paragraph {\"translatedWithWPMLTM\":\"1\"} -->\n<p>Come to the Vall\u00e8s Oriental and experience the Congost river valley to Aiguafreda.<img loading=\"lazy\" decoding=\"async\" height=\"16\" width=\"16\" alt=\"&#x1F3DE;\" src=\"https:\/\/www.facebook.com\/images\/emoji.php\/v9\/tc\/1\/16\/1f3de.png\"\/><\/p>\n<!-- \/wp:paragraph -->\n\n<!-- wp:paragraph {\"translatedWithWPMLTM\":\"1\"} -->\n<p>Discover the unexplored side of Montseny,<img loading=\"lazy\" decoding=\"async\" height=\"16\" width=\"16\" alt=\"&#x1F98A;\" src=\"https:\/\/www.facebook.com\/images\/emoji.php\/v9\/t3a\/1\/16\/1f98a.png\"\/> where you\u2019ll uncover a cultural<img loading=\"lazy\" decoding=\"async\" height=\"16\" width=\"16\" alt=\"&#x1F3AD;\" src=\"https:\/\/www.facebook.com\/images\/emoji.php\/v9\/tae\/1\/16\/1f3ad.png\"\/> and natural<img loading=\"lazy\" decoding=\"async\" height=\"16\" width=\"16\" alt=\"&#x1F333;\" src=\"https:\/\/www.facebook.com\/images\/emoji.php\/v9\/t6b\/1\/16\/1f333.png\"\/> heritage full of hidden gems<img loading=\"lazy\" decoding=\"async\" height=\"16\" width=\"16\" alt=\"&#x1F929;\" src=\"https:\/\/www.facebook.com\/images\/emoji.php\/v9\/t58\/1\/16\/1f929.png\"\/>. Will you miss it?<\/p>\n<!-- \/wp:paragraph --><\/div>\n<!-- \/wp:column -->\n\n<!-- wp:column -->\n<div class=\"wp-block-column\"><!-- wp:embed {\"url\":\"https:\/\/www.youtube.com\/watch?v=H_5b5O1XbCo\\u0026t=66s\",\"type\":\"video\",\"providerNameSlug\":\"youtube\",\"responsive\":true,\"className\":\"wp-embed-aspect-16-9 wp-has-aspect-ratio\"} -->\n<figure class=\"wp-block-embed is-type-video is-provider-youtube wp-block-embed-youtube wp-embed-aspect-16-9 wp-has-aspect-ratio\"><div class=\"wp-block-embed__wrapper\">\n<iframe loading=\"lazy\" title=\"Apropa&#039;t i viu Bigues i Riells del Fai\" width=\"1200\" height=\"675\" src=\"https:\/\/www.youtube.com\/embed\/H_5b5O1XbCo?start=66&#038;feature=oembed\" frameborder=\"0\" allow=\"accelerometer; autoplay; clipboard-write; encrypted-media; gyroscope; picture-in-picture\" allowfullscreen><\/iframe>\n<\/div><\/figure>\n<!-- \/wp:embed -->\n\n<!-- wp:paragraph {\"translatedWithWPMLTM\":\"1\"} -->\n<p>Come to the Vall\u00e8s Oriental and experience a family day out <img loading=\"lazy\" decoding=\"async\" height=\"16\" width=\"16\" alt=\"&#x1F467;\" src=\"https:\/\/static.xx.fbcdn.net\/images\/emoji.php\/v9\/t8d\/1\/16\/1f467.png\"\/><img loading=\"lazy\" decoding=\"async\" height=\"16\" width=\"16\" alt=\"&#x1F9D2;\" src=\"https:\/\/static.xx.fbcdn.net\/images\/emoji.php\/v9\/tdf\/1\/16\/1f9d2.png\"\/><img loading=\"lazy\" decoding=\"async\" height=\"16\" width=\"16\" alt=\"&#x1F466;\" src=\"https:\/\/static.xx.fbcdn.net\/images\/emoji.php\/v9\/tc\/1\/16\/1f466.png\"\/> in Bigues i Riells del Fai. <\/p>\n<!-- \/wp:paragraph -->\n\n<!-- wp:paragraph {\"translatedWithWPMLTM\":\"1\"} -->\n<p>Join Arnau, Clara, Mart\u00ed, April and Anna as they search for otters<img loading=\"lazy\" decoding=\"async\" height=\"16\" width=\"16\" alt=\"&#x1F9A6;\" src=\"https:\/\/static.xx.fbcdn.net\/images\/emoji.php\/v9\/t6\/1\/16\/1f9a6.png\"\/> and sample the unique taste of Vera-variety oil from Vall\u00e8s.<img loading=\"lazy\" decoding=\"async\" height=\"16\" width=\"16\" alt=\"&#x1F924;\" src=\"https:\/\/static.xx.fbcdn.net\/images\/emoji.php\/v9\/td3\/1\/16\/1f924.png\"\/><\/p>\n<!-- \/wp:paragraph --><\/div>\n<!-- \/wp:column -->\n\n<!-- wp:column -->\n<div class=\"wp-block-column\"><!-- wp:embed {\"url\":\"https:\/\/www.youtube.com\/watch?v=E2puXoEqrVc\\u0026t=35s\",\"type\":\"video\",\"providerNameSlug\":\"youtube\",\"responsive\":true,\"className\":\"wp-embed-aspect-16-9 wp-has-aspect-ratio\"} -->\n<figure class=\"wp-block-embed is-type-video is-provider-youtube wp-block-embed-youtube wp-embed-aspect-16-9 wp-has-aspect-ratio\"><div class=\"wp-block-embed__wrapper\">\n<iframe loading=\"lazy\" title=\"Apropa&#039;t i viu Caldes de Montbui\" width=\"1200\" height=\"675\" src=\"https:\/\/www.youtube.com\/embed\/E2puXoEqrVc?start=35&#038;feature=oembed\" frameborder=\"0\" allow=\"accelerometer; autoplay; clipboard-write; encrypted-media; gyroscope; picture-in-picture\" allowfullscreen><\/iframe>\n<\/div><\/figure>\n<!-- \/wp:embed -->\n\n<!-- wp:paragraph {\"translatedWithWPMLTM\":\"1\"} -->\n<p>Come to the Vall\u00e8s Oriental and experience the thermal waters in Caldes de Montbui.<img loading=\"lazy\" decoding=\"async\" height=\"16\" width=\"16\" alt=\"&#x1F4A7;\" src=\"https:\/\/static.xx.fbcdn.net\/images\/emoji.php\/v9\/t9b\/1.5\/16\/1f4a7.png\"\/> <\/p>\n<!-- \/wp:paragraph -->\n\n<!-- wp:paragraph {\"translatedWithWPMLTM\":\"1\"} -->\n<p>Relax and unwind<img loading=\"lazy\" decoding=\"async\" height=\"16\" width=\"16\" alt=\"&#x1F9D6;\" src=\"https:\/\/static.xx.fbcdn.net\/images\/emoji.php\/v9\/t3c\/1.5\/16\/1f9d6.png\"\/><img loading=\"lazy\" decoding=\"async\" height=\"16\" width=\"16\" alt=\"&#x1F486;\" src=\"https:\/\/static.xx.fbcdn.net\/images\/emoji.php\/v9\/ta3\/1.5\/16\/1f486.png\"\/> in this oasis of spa water and Roman baths<img loading=\"lazy\" decoding=\"async\" height=\"16\" width=\"16\" alt=\"&#x1F3DB;\" src=\"https:\/\/static.xx.fbcdn.net\/images\/emoji.php\/v9\/te2\/1.5\/16\/1f3db.png\"\/> set in the middle of the Vall\u00e8s. Bound to make a lasting impression.<img loading=\"lazy\" decoding=\"async\" height=\"16\" width=\"16\" alt=\"&#x1F60A;\" src=\"https:\/\/static.xx.fbcdn.net\/images\/emoji.php\/v9\/td8\/1.5\/16\/1f60a.png\"\/><\/p>\n<!-- \/wp:paragraph --><\/div>\n<!-- \/wp:column --><\/div>\n<!-- \/wp:columns --><!-- wp:columns -->\n<div class=\"wp-block-columns\"><!-- wp:column -->\n<div class=\"wp-block-column\"><!-- wp:embed {\"url\":\"https:\/\/www.youtube.com\/watch?v=PJl6_tm5ykQ\",\"type\":\"video\",\"providerNameSlug\":\"youtube\",\"responsive\":true,\"className\":\"wp-embed-aspect-16-9 wp-has-aspect-ratio\"} -->\n<figure class=\"wp-block-embed is-type-video is-provider-youtube wp-block-embed-youtube wp-embed-aspect-16-9 wp-has-aspect-ratio\"><div class=\"wp-block-embed__wrapper\">\n<iframe loading=\"lazy\" title=\"Apropa&#039;t i viu Campins\" width=\"1200\" height=\"675\" src=\"https:\/\/www.youtube.com\/embed\/PJl6_tm5ykQ?feature=oembed\" frameborder=\"0\" allow=\"accelerometer; autoplay; clipboard-write; encrypted-media; gyroscope; picture-in-picture\" allowfullscreen><\/iframe>\n<\/div><\/figure>\n<!-- \/wp:embed -->\n\n<!-- wp:paragraph {\"translatedWithWPMLTM\":\"1\"} -->\n<p>Come to the Vall\u00e8s Oriental and experience the Campins surroundings.<img loading=\"lazy\" decoding=\"async\" height=\"16\" width=\"16\" alt=\"&#x1F60D;\" src=\"https:\/\/static.xx.fbcdn.net\/images\/emoji.php\/v9\/t2\/1\/16\/1f60d.png\"\/><\/p>\n<!-- \/wp:paragraph -->\n\n<!-- wp:paragraph {\"translatedWithWPMLTM\":\"1\"} -->\n<p>Admire the Josep Maria Jujol monument<img loading=\"lazy\" decoding=\"async\" height=\"16\" width=\"16\" alt=\"&#x1F468;&#x200D;&#x1F393;\" src=\"https:\/\/static.xx.fbcdn.net\/images\/emoji.php\/v9\/tb2\/1\/16\/1f468_200d_1f393.png\"\/>, see the impressive bell-gable<img loading=\"lazy\" decoding=\"async\" height=\"16\" width=\"16\" alt=\"&#x26EA;&#xFE0F;\" src=\"https:\/\/static.xx.fbcdn.net\/images\/emoji.php\/v9\/t9\/1\/16\/26ea.png\"\/> and become part of the Sant Guillem chapel.<img loading=\"lazy\" decoding=\"async\" height=\"16\" width=\"16\" alt=\"&#x1F6B6;&#x200D;&#x2640;&#xFE0F;\" src=\"https:\/\/static.xx.fbcdn.net\/images\/emoji.php\/v9\/t90\/1\/16\/1f6b6_200d_2640.png\"\/><\/p>\n<!-- \/wp:paragraph --><\/div>\n<!-- \/wp:column -->\n\n<!-- wp:column -->\n<div class=\"wp-block-column\"><!-- wp:embed {\"url\":\"https:\/\/www.youtube.com\/watch?v=s9YcvhlSBB8\\u0026t=6s\",\"type\":\"video\",\"providerNameSlug\":\"youtube\",\"responsive\":true,\"className\":\"wp-embed-aspect-16-9 wp-has-aspect-ratio\"} -->\n<figure class=\"wp-block-embed is-type-video is-provider-youtube wp-block-embed-youtube wp-embed-aspect-16-9 wp-has-aspect-ratio\"><div class=\"wp-block-embed__wrapper\">\n<iframe loading=\"lazy\" title=\"Apropa&#039;t i viu Canovelles\" width=\"1200\" height=\"675\" src=\"https:\/\/www.youtube.com\/embed\/s9YcvhlSBB8?start=6&#038;feature=oembed\" frameborder=\"0\" allow=\"accelerometer; autoplay; clipboard-write; encrypted-media; gyroscope; picture-in-picture\" allowfullscreen><\/iframe>\n<\/div><\/figure>\n<!-- \/wp:embed -->\n\n<!-- wp:paragraph {\"translatedWithWPMLTM\":\"1\"} -->\n<p>Come to the Vall\u00e8s Oriental and experience the nature<img loading=\"lazy\" decoding=\"async\" height=\"16\" width=\"16\" alt=\"&#x1F989;\" src=\"https:\/\/static.xx.fbcdn.net\/images\/emoji.php\/v9\/t12\/1\/16\/1f989.png\"\/>, history<img loading=\"lazy\" decoding=\"async\" height=\"16\" width=\"16\" alt=\"&#x1F54D;\" src=\"https:\/\/static.xx.fbcdn.net\/images\/emoji.php\/v9\/t3d\/1\/16\/1f54d.png\"\/> and cuisine<img loading=\"lazy\" decoding=\"async\" height=\"16\" width=\"16\" alt=\"&#x1F9C0;\" src=\"https:\/\/static.xx.fbcdn.net\/images\/emoji.php\/v9\/t3e\/1\/16\/1f9c0.png\"\/> of Canovelles.<\/p>\n<!-- \/wp:paragraph -->\n\n<!-- wp:paragraph {\"translatedWithWPMLTM\":\"1\"} -->\n<p>Watch Anna and Joan\u2019s conversation <img loading=\"lazy\" decoding=\"async\" height=\"16\" width=\"16\" alt=\"&#x1F4AC;\" src=\"https:\/\/static.xx.fbcdn.net\/images\/emoji.php\/v9\/t6e\/1\/16\/1f4ac.png\"\/> and explore the most interesting parts of the municipality with us.<img loading=\"lazy\" decoding=\"async\" height=\"16\" width=\"16\" alt=\"&#x1F4F8;\" src=\"https:\/\/static.xx.fbcdn.net\/images\/emoji.php\/v9\/tde\/1\/16\/1f4f8.png\"\/><\/p>\n<!-- \/wp:paragraph --><\/div>\n<!-- \/wp:column -->\n\n<!-- wp:column -->\n<div class=\"wp-block-column\"><!-- wp:embed {\"url\":\"https:\/\/www.youtube.com\/watch?v=5PXou1j528Q\",\"type\":\"video\",\"providerNameSlug\":\"youtube\",\"responsive\":true,\"className\":\"wp-embed-aspect-16-9 wp-has-aspect-ratio\"} -->\n<figure class=\"wp-block-embed is-type-video is-provider-youtube wp-block-embed-youtube wp-embed-aspect-16-9 wp-has-aspect-ratio\"><div class=\"wp-block-embed__wrapper\">\n<iframe loading=\"lazy\" title=\"Apropa&#039;t i viu C\u00e0noves i Samal\u00fas\" width=\"1200\" height=\"675\" src=\"https:\/\/www.youtube.com\/embed\/5PXou1j528Q?feature=oembed\" frameborder=\"0\" allow=\"accelerometer; autoplay; clipboard-write; encrypted-media; gyroscope; picture-in-picture\" allowfullscreen><\/iframe>\n<\/div><\/figure>\n<!-- \/wp:embed -->\n\n<!-- wp:paragraph {\"translatedWithWPMLTM\":\"1\"} -->\n<p>Apropa&#8217;t al Vall\u00e8s Oriental i viu la Carbonera<img loading=\"lazy\" decoding=\"async\" height=\"16\" width=\"16\" alt=\"&#x1F469;&#x200D;&#x1F33E;\" src=\"https:\/\/static.xx.fbcdn.net\/images\/emoji.php\/v9\/t9\/1\/16\/1f469_200d_1f33e.png\"\/> a C\u00e0noves i Samal\u00fas.<\/p>\n<!-- \/wp:paragraph -->\n\n<!-- wp:paragraph {\"translatedWithWPMLTM\":\"1\"} -->\n<p>Descobreix de qu\u00e8 tracta aquest ofici<img loading=\"lazy\" decoding=\"async\" height=\"16\" width=\"16\" alt=\"&#x1F575;&#xFE0F;&#x200D;&#x2640;&#xFE0F;\" src=\"https:\/\/static.xx.fbcdn.net\/images\/emoji.php\/v9\/td9\/1\/16\/1f575_200d_2640.png\"\/> i uneix-te a aquesta tradici\u00f3 tan \u00fanica de la nostra terra.<img loading=\"lazy\" decoding=\"async\" height=\"16\" width=\"16\" alt=\"&#x1F525;\" src=\"https:\/\/static.xx.fbcdn.net\/images\/emoji.php\/v9\/t50\/1\/16\/1f525.png\"\/><\/p>\n<!-- \/wp:paragraph --><\/div>\n<!-- \/wp:column --><\/div>\n<!-- \/wp:columns --><!-- wp:columns -->\n<div class=\"wp-block-columns\"><!-- wp:column -->\n<div class=\"wp-block-column\"><!-- wp:embed {\"url\":\"https:\/\/www.youtube.com\/watch?v=7KwhGW-YhjY\\u0026t=3s\",\"type\":\"video\",\"providerNameSlug\":\"youtube\",\"responsive\":true,\"className\":\"wp-embed-aspect-16-9 wp-has-aspect-ratio\"} -->\n<figure class=\"wp-block-embed is-type-video is-provider-youtube wp-block-embed-youtube wp-embed-aspect-16-9 wp-has-aspect-ratio\"><div class=\"wp-block-embed__wrapper\">\n<iframe loading=\"lazy\" title=\"Apropa&#039;t i viu Cardedeu\" width=\"1200\" height=\"675\" src=\"https:\/\/www.youtube.com\/embed\/7KwhGW-YhjY?start=3&#038;feature=oembed\" frameborder=\"0\" allow=\"accelerometer; autoplay; clipboard-write; encrypted-media; gyroscope; picture-in-picture\" allowfullscreen><\/iframe>\n<\/div><\/figure>\n<!-- \/wp:embed -->\n\n<!-- wp:paragraph {\"translatedWithWPMLTM\":\"1\"} -->\n<p>Come to the Vall\u00e8s Oriental and experience the history <img loading=\"lazy\" decoding=\"async\" height=\"16\" width=\"16\" alt=\"&#x1F3DB;\" src=\"https:\/\/www.facebook.com\/images\/emoji.php\/v9\/t89\/1\/16\/1f3db.png\"\/> and modernism<img loading=\"lazy\" decoding=\"async\" height=\"16\" width=\"16\" alt=\"&#x1F570;\" src=\"https:\/\/www.facebook.com\/images\/emoji.php\/v9\/te6\/1\/16\/1f570.png\"\/> in Cardedeu.<\/p>\n<!-- \/wp:paragraph -->\n\n<!-- wp:paragraph {\"translatedWithWPMLTM\":\"1\"} -->\n<p>Do you know the saying about the Barcelona bourgeoisie, who had a box at the Liceu theatre and a tower in Cardedeu?<img loading=\"lazy\" decoding=\"async\" height=\"16\" width=\"16\" alt=\"&#x1F914;\" src=\"https:\/\/www.facebook.com\/images\/emoji.php\/v9\/t34\/1\/16\/1f914.png\"\/>Join us and you\u2019ll find out why.<img loading=\"lazy\" decoding=\"async\" height=\"16\" width=\"16\" alt=\"&#x1F60D;\" src=\"https:\/\/www.facebook.com\/images\/emoji.php\/v9\/t2\/1\/16\/1f60d.png\"\/><\/p>\n<!-- \/wp:paragraph --><\/div>\n<!-- \/wp:column -->\n\n<!-- wp:column -->\n<div class=\"wp-block-column\"><!-- wp:embed {\"url\":\"https:\/\/www.youtube.com\/watch?v=Lsy_MvhBgZY\",\"type\":\"video\",\"providerNameSlug\":\"youtube\",\"responsive\":true,\"className\":\"wp-embed-aspect-16-9 wp-has-aspect-ratio\"} -->\n<figure class=\"wp-block-embed is-type-video is-provider-youtube wp-block-embed-youtube wp-embed-aspect-16-9 wp-has-aspect-ratio\"><div class=\"wp-block-embed__wrapper\">\n<iframe loading=\"lazy\" title=\"Apropa&#039;t i viu Figar\u00f3-Montmany\" width=\"1200\" height=\"675\" src=\"https:\/\/www.youtube.com\/embed\/Lsy_MvhBgZY?feature=oembed\" frameborder=\"0\" allow=\"accelerometer; autoplay; clipboard-write; encrypted-media; gyroscope; picture-in-picture\" allowfullscreen><\/iframe>\n<\/div><\/figure>\n<!-- \/wp:embed -->\n\n<!-- wp:paragraph {\"translatedWithWPMLTM\":\"1\"} -->\n<p>Come to the Vall\u00e8s Oriental and take a trip back in time in Figar\u00f3-Montmany.<img loading=\"lazy\" decoding=\"async\" height=\"16\" width=\"16\" alt=\"&#x1F570;\" src=\"https:\/\/static.xx.fbcdn.net\/images\/emoji.php\/v9\/te6\/1\/16\/1f570.png\"\/><\/p>\n<!-- \/wp:paragraph -->\n\n<!-- wp:paragraph {\"translatedWithWPMLTM\":\"1\"} -->\n<p>Stunning nature<img loading=\"lazy\" decoding=\"async\" height=\"16\" width=\"16\" alt=\"&#x1F333;\" src=\"https:\/\/static.xx.fbcdn.net\/images\/emoji.php\/v9\/t6b\/1\/16\/1f333.png\"\/> and a rich heritage<img loading=\"lazy\" decoding=\"async\" height=\"16\" width=\"16\" alt=\"&#x1F3DB;\" src=\"https:\/\/static.xx.fbcdn.net\/images\/emoji.php\/v9\/t89\/1\/16\/1f3db.png\"\/> await you in this municipality with plenty of great walks.<img loading=\"lazy\" decoding=\"async\" height=\"16\" width=\"16\" alt=\"&#x1F6B6;&#x200D;&#x2640;&#xFE0F;\" src=\"https:\/\/static.xx.fbcdn.net\/images\/emoji.php\/v9\/t90\/1\/16\/1f6b6_200d_2640.png\"\/><\/p>\n<!-- \/wp:paragraph --><\/div>\n<!-- \/wp:column -->\n\n<!-- wp:column -->\n<div class=\"wp-block-column\"><!-- wp:embed {\"url\":\"https:\/\/www.youtube.com\/watch?v=9vANtfNs_mY\",\"type\":\"video\",\"providerNameSlug\":\"youtube\",\"responsive\":true,\"className\":\"wp-embed-aspect-16-9 wp-has-aspect-ratio\"} -->\n<figure class=\"wp-block-embed is-type-video is-provider-youtube wp-block-embed-youtube wp-embed-aspect-16-9 wp-has-aspect-ratio\"><div class=\"wp-block-embed__wrapper\">\n<iframe loading=\"lazy\" title=\"Apropa&#039;t i viu Fogars de Montcl\u00fas\" width=\"1200\" height=\"675\" src=\"https:\/\/www.youtube.com\/embed\/9vANtfNs_mY?feature=oembed\" frameborder=\"0\" allow=\"accelerometer; autoplay; clipboard-write; encrypted-media; gyroscope; picture-in-picture\" allowfullscreen><\/iframe>\n<\/div><\/figure>\n<!-- \/wp:embed -->\n\n<!-- wp:paragraph {\"translatedWithWPMLTM\":\"1\"} -->\n<p>Come to the Vall\u00e8s Oriental and experience nature in Fogars de Montcl\u00fas.<img loading=\"lazy\" decoding=\"async\" height=\"16\" width=\"16\" alt=\"&#x1F333;\" src=\"https:\/\/static.xx.fbcdn.net\/images\/emoji.php\/v9\/t6b\/1\/16\/1f333.png\"\/><img loading=\"lazy\" decoding=\"async\" height=\"16\" width=\"16\" alt=\"&#x1F333;\" src=\"https:\/\/static.xx.fbcdn.net\/images\/emoji.php\/v9\/t6b\/1\/16\/1f333.png\"\/><\/p>\n<!-- \/wp:paragraph -->\n\n<!-- wp:paragraph {\"translatedWithWPMLTM\":\"1\"} -->\n<p>Discover Montseny\u2019s long-standing farming tradition<img loading=\"lazy\" decoding=\"async\" height=\"16\" width=\"16\" alt=\"&#x1F42E;\" src=\"https:\/\/static.xx.fbcdn.net\/images\/emoji.php\/v9\/t3f\/1\/16\/1f42e.png\"\/> and explore a stunning natural environment that will captivate your senses.<img loading=\"lazy\" decoding=\"async\" height=\"16\" width=\"16\" alt=\"&#x1F970;\" src=\"https:\/\/static.xx.fbcdn.net\/images\/emoji.php\/v9\/tea\/1\/16\/1f970.png\"\/><\/p>\n<!-- \/wp:paragraph --><\/div>\n<!-- \/wp:column --><\/div>\n<!-- \/wp:columns --><!-- wp:columns -->\n<div class=\"wp-block-columns\"><!-- wp:column -->\n<div class=\"wp-block-column\"><!-- wp:embed {\"url\":\"https:\/\/www.youtube.com\/watch?v=TCYbAiLw1w8\\u0026t=36s\",\"type\":\"video\",\"providerNameSlug\":\"youtube\",\"responsive\":true,\"className\":\"wp-embed-aspect-16-9 wp-has-aspect-ratio\"} -->\n<figure class=\"wp-block-embed is-type-video is-provider-youtube wp-block-embed-youtube wp-embed-aspect-16-9 wp-has-aspect-ratio\"><div class=\"wp-block-embed__wrapper\">\n<iframe loading=\"lazy\" title=\"Apropa&#039;t i viu Granollers\" width=\"1200\" height=\"675\" src=\"https:\/\/www.youtube.com\/embed\/TCYbAiLw1w8?start=36&#038;feature=oembed\" frameborder=\"0\" allow=\"accelerometer; autoplay; clipboard-write; encrypted-media; gyroscope; picture-in-picture\" allowfullscreen><\/iframe>\n<\/div><\/figure>\n<!-- \/wp:embed -->\n\n<!-- wp:paragraph {\"translatedWithWPMLTM\":\"1\"} -->\n<p>Come to the Vall\u00e8s Oriental and experience the city atmosphere in Granollers. <img loading=\"lazy\" decoding=\"async\" height=\"16\" width=\"16\" alt=\"&#x1F3D9;\" src=\"https:\/\/static.xx.fbcdn.net\/images\/emoji.php\/v9\/te0\/1\/16\/1f3d9.png\"\/><\/p>\n<!-- \/wp:paragraph -->\n\n<!-- wp:paragraph {\"translatedWithWPMLTM\":\"1\"} -->\n<p>Enjoy some sightseeing and explore the charming hidden streets,<img loading=\"lazy\" decoding=\"async\" height=\"16\" width=\"16\" alt=\"&#x1F6B6;&#x200D;&#x2640;&#xFE0F;\" src=\"https:\/\/static.xx.fbcdn.net\/images\/emoji.php\/v9\/t90\/1\/16\/1f6b6_200d_2640.png\"\/>, where you\u2019ll find plenty to keep you entertained.<img loading=\"lazy\" decoding=\"async\" height=\"16\" width=\"16\" alt=\"&#x1F929;\" src=\"https:\/\/static.xx.fbcdn.net\/images\/emoji.php\/v9\/t58\/1\/16\/1f929.png\"\/><\/p>\n<!-- \/wp:paragraph --><\/div>\n<!-- \/wp:column -->\n\n<!-- wp:column -->\n<div class=\"wp-block-column\"><!-- wp:embed {\"url\":\"https:\/\/www.youtube.com\/watch?v=ug5n7l8qp_o\\u0026t=4s\",\"type\":\"video\",\"providerNameSlug\":\"youtube\",\"responsive\":true,\"className\":\"wp-embed-aspect-16-9 wp-has-aspect-ratio\"} -->\n<figure class=\"wp-block-embed is-type-video is-provider-youtube wp-block-embed-youtube wp-embed-aspect-16-9 wp-has-aspect-ratio\"><div class=\"wp-block-embed__wrapper\">\n<iframe loading=\"lazy\" title=\"Apropa&#039;t i viu Gualba\" width=\"1200\" height=\"675\" src=\"https:\/\/www.youtube.com\/embed\/ug5n7l8qp_o?start=4&#038;feature=oembed\" frameborder=\"0\" allow=\"accelerometer; autoplay; clipboard-write; encrypted-media; gyroscope; picture-in-picture\" allowfullscreen><\/iframe>\n<\/div><\/figure>\n<!-- \/wp:embed -->\n\n<!-- wp:paragraph {\"translatedWithWPMLTM\":\"1\"} -->\n<p>Come to the Vall\u00e8s Oriental and experience the white water rapids<img loading=\"lazy\" decoding=\"async\" height=\"16\" width=\"16\" alt=\"&#x1F30A;\" src=\"https:\/\/static.xx.fbcdn.net\/images\/emoji.php\/v9\/tbc\/1\/16\/1f30a.png\"\/> in Gualba.<\/p>\n<!-- \/wp:paragraph -->\n\n<!-- wp:paragraph {\"translatedWithWPMLTM\":\"1\"} -->\n<p>Be spellbound by the Legend of the Witches of Gualba<img loading=\"lazy\" decoding=\"async\" height=\"16\" width=\"16\" alt=\"&#x1F9D9;&#x200D;&#x2640;&#xFE0F;\" src=\"https:\/\/static.xx.fbcdn.net\/images\/emoji.php\/v9\/t14\/1\/16\/1f9d9_200d_2640.png\"\/> and celebrate this legacy with the Witch Fair<img loading=\"lazy\" decoding=\"async\" height=\"16\" width=\"16\" alt=\"&#x1F989;\" src=\"https:\/\/static.xx.fbcdn.net\/images\/emoji.php\/v9\/t12\/1\/16\/1f989.png\"\/> in the summer.<img loading=\"lazy\" decoding=\"async\" height=\"16\" width=\"16\" alt=\"&#x2600;&#xFE0F;\" src=\"https:\/\/static.xx.fbcdn.net\/images\/emoji.php\/v9\/t6d\/1\/16\/2600.png\"\/><\/p>\n<!-- \/wp:paragraph --><\/div>\n<!-- \/wp:column -->\n\n<!-- wp:column -->\n<div class=\"wp-block-column\"><!-- wp:embed {\"url\":\"https:\/\/www.youtube.com\/watch?v=A8j-K1eTvzk\",\"type\":\"video\",\"providerNameSlug\":\"youtube\",\"responsive\":true,\"className\":\"wp-embed-aspect-16-9 wp-has-aspect-ratio\"} -->\n<figure class=\"wp-block-embed is-type-video is-provider-youtube wp-block-embed-youtube wp-embed-aspect-16-9 wp-has-aspect-ratio\"><div class=\"wp-block-embed__wrapper\">\n<iframe loading=\"lazy\" title=\"Apropa&#039;t i viu l&#039;Ametlla del Vall\u00e8s\" width=\"1200\" height=\"675\" src=\"https:\/\/www.youtube.com\/embed\/A8j-K1eTvzk?feature=oembed\" frameborder=\"0\" allow=\"accelerometer; autoplay; clipboard-write; encrypted-media; gyroscope; picture-in-picture\" allowfullscreen><\/iframe>\n<\/div><\/figure>\n<!-- \/wp:embed -->\n\n<!-- wp:paragraph {\"translatedWithWPMLTM\":\"1\"} -->\n<p>Come to the Vall\u00e8s Oriental and experience the fairs and traditions<img loading=\"lazy\" decoding=\"async\" height=\"16\" width=\"16\" alt=\"&#x1F452;\" src=\"https:\/\/static.xx.fbcdn.net\/images\/emoji.php\/v9\/t69\/1\/16\/1f452.png\"\/> in l&#8217;Ametlla del Vall\u00e8s.<\/p>\n<!-- \/wp:paragraph -->\n\n<!-- wp:paragraph {\"translatedWithWPMLTM\":\"1\"} -->\n<p>Unwind and have fun <img loading=\"lazy\" decoding=\"async\" height=\"16\" width=\"16\" alt=\"&#x1F603;\" src=\"https:\/\/static.xx.fbcdn.net\/images\/emoji.php\/v9\/t51\/1\/16\/1f603.png\"\/> in this beautiful natural environment,<img loading=\"lazy\" decoding=\"async\" height=\"16\" width=\"16\" alt=\"&#x1F33E;\" src=\"https:\/\/static.xx.fbcdn.net\/images\/emoji.php\/v9\/t9d\/1\/16\/1f33e.png\"\/> which has a wealth of activities for young and old alike.<img loading=\"lazy\" decoding=\"async\" height=\"16\" width=\"16\" alt=\"&#x1F44F;\" src=\"https:\/\/static.xx.fbcdn.net\/images\/emoji.php\/v9\/tfe\/1\/16\/1f44f.png\"\/><\/p>\n<!-- \/wp:paragraph --><\/div>\n<!-- \/wp:column --><\/div>\n<!-- \/wp:columns --><!-- wp:columns -->\n<div class=\"wp-block-columns\"><!-- wp:column -->\n<div class=\"wp-block-column\"><!-- wp:embed {\"url\":\"https:\/\/www.youtube.com\/watch?v=PijND1rNtCI\",\"type\":\"video\",\"providerNameSlug\":\"youtube\",\"responsive\":true,\"className\":\"wp-embed-aspect-16-9 wp-has-aspect-ratio\"} -->\n<figure class=\"wp-block-embed is-type-video is-provider-youtube wp-block-embed-youtube wp-embed-aspect-16-9 wp-has-aspect-ratio\"><div class=\"wp-block-embed__wrapper\">\n<iframe loading=\"lazy\" title=\"Apropa&#039;t i viu la Garriga\" width=\"1200\" height=\"675\" src=\"https:\/\/www.youtube.com\/embed\/PijND1rNtCI?feature=oembed\" frameborder=\"0\" allow=\"accelerometer; autoplay; clipboard-write; encrypted-media; gyroscope; picture-in-picture\" allowfullscreen><\/iframe>\n<\/div><\/figure>\n<!-- \/wp:embed -->\n\n<!-- wp:paragraph -->\n<p>Apropa&#8217;t al Vall\u00e8s Oriental i viu el modernisme<!-- \/wp:post-content -->","protected":false},"excerpt":{"rendered":"<p>Apropa&#8217;t al Vall\u00e8s Oriental i viu el modernisme Come to the Vall\u00e8s Oriental and experience each of the region\u2019s 39 municipalities. These videos show just &#8230; <a title=\"Come and experience the Vall\u00e8s Oriental\" class=\"read-more\" href=\"https:\/\/turismevalles.com\/en\/come-and-experience-the-valles-oriental\/\" aria-label=\"More on Come and experience the Vall\u00e8s Oriental\">Veure m\u00e9s<\/a><\/p>\n","protected":false},"author":5,"featured_media":0,"parent":0,"menu_order":0,"comment_status":"closed","ping_status":"closed","template":"","meta":{"_acf_changed":false,"inline_featured_image":false,"_uag_custom_page_level_css":"","footnotes":""},"class_list":{"0":"post-19210","1":"page","2":"type-page","3":"status-publish","5":"generate-columns","6":"tablet-grid-50","7":"mobile-grid-100","8":"grid-parent","9":"grid-33"},"acf":[],"yoast_head":"<!-- This site is optimized with the Yoast SEO plugin v26.4 - https:\/\/yoast.com\/wordpress\/plugins\/seo\/ -->\n<title>Come and experience the Vall\u00e8s Oriental - Turisme Vall\u00e8s<\/title>\n<meta name=\"description\" content=\"Come to the Vall\u00e8s Oriental and experience each of the region\u2019s 39 municipalities. Discover everything the Vall\u00e8s Oriental has to offer.\" \/>\n<meta name=\"robots\" content=\"index, follow, max-snippet:-1, max-image-preview:large, max-video-preview:-1\" \/>\n<link rel=\"canonical\" href=\"https:\/\/turismevalles.com\/apropat-i-viu-el-valles-oriental\/\" \/>\n<meta property=\"og:locale\" content=\"en_US\" \/>\n<meta property=\"og:type\" content=\"article\" \/>\n<meta property=\"og:title\" content=\"Come and experience the Vall\u00e8s Oriental - Turisme Vall\u00e8s\" \/>\n<meta property=\"og:description\" content=\"Come to the Vall\u00e8s Oriental and experience each of the region\u2019s 39 municipalities. Discover everything the Vall\u00e8s Oriental has to offer.\" \/>\n<meta property=\"og:url\" content=\"https:\/\/turismevalles.com\/apropat-i-viu-el-valles-oriental\/\" \/>\n<meta property=\"og:site_name\" content=\"Turisme Vall\u00e8s\" \/>\n<meta property=\"article:modified_time\" content=\"2022-04-28T10:45:10+00:00\" \/>\n<meta property=\"og:image\" content=\"https:\/\/www.facebook.com\/images\/emoji.php\/v9\/tc\/1\/16\/1f3de.png\" \/>\n<meta name=\"twitter:card\" content=\"summary_large_image\" \/>\n<meta name=\"twitter:label1\" content=\"Est. reading time\" \/>\n\t<meta name=\"twitter:data1\" content=\"3 minutes\" \/>\n<script type=\"application\/ld+json\" class=\"yoast-schema-graph\">{\"@context\":\"https:\/\/schema.org\",\"@graph\":[{\"@type\":\"WebPage\",\"@id\":\"https:\/\/turismevalles.com\/apropat-i-viu-el-valles-oriental\/\",\"url\":\"https:\/\/turismevalles.com\/apropat-i-viu-el-valles-oriental\/\",\"name\":\"Come and experience the Vall\u00e8s Oriental - Turisme Vall\u00e8s\",\"isPartOf\":{\"@id\":\"https:\/\/turismevalles.com\/en\/#website\"},\"primaryImageOfPage\":{\"@id\":\"https:\/\/turismevalles.com\/apropat-i-viu-el-valles-oriental\/#primaryimage\"},\"image\":{\"@id\":\"https:\/\/turismevalles.com\/apropat-i-viu-el-valles-oriental\/#primaryimage\"},\"thumbnailUrl\":\"https:\/\/www.facebook.com\/images\/emoji.php\/v9\/tc\/1\/16\/1f3de.png\",\"datePublished\":\"2022-04-28T10:45:08+00:00\",\"dateModified\":\"2022-04-28T10:45:10+00:00\",\"description\":\"Come to the Vall\u00e8s Oriental and experience each of the region\u2019s 39 municipalities. Discover everything the Vall\u00e8s Oriental has to offer.\",\"breadcrumb\":{\"@id\":\"https:\/\/turismevalles.com\/apropat-i-viu-el-valles-oriental\/#breadcrumb\"},\"inLanguage\":\"en-US\",\"potentialAction\":[{\"@type\":\"ReadAction\",\"target\":[\"https:\/\/turismevalles.com\/apropat-i-viu-el-valles-oriental\/\"]}]},{\"@type\":\"ImageObject\",\"inLanguage\":\"en-US\",\"@id\":\"https:\/\/turismevalles.com\/apropat-i-viu-el-valles-oriental\/#primaryimage\",\"url\":\"https:\/\/www.facebook.com\/images\/emoji.php\/v9\/tc\/1\/16\/1f3de.png\",\"contentUrl\":\"https:\/\/www.facebook.com\/images\/emoji.php\/v9\/tc\/1\/16\/1f3de.png\"},{\"@type\":\"BreadcrumbList\",\"@id\":\"https:\/\/turismevalles.com\/apropat-i-viu-el-valles-oriental\/#breadcrumb\",\"itemListElement\":[{\"@type\":\"ListItem\",\"position\":1,\"name\":\"Home\",\"item\":\"https:\/\/turismevalles.com\/en\/\"},{\"@type\":\"ListItem\",\"position\":2,\"name\":\"Come and experience the Vall\u00e8s Oriental\"}]},{\"@type\":\"WebSite\",\"@id\":\"https:\/\/turismevalles.com\/en\/#website\",\"url\":\"https:\/\/turismevalles.com\/en\/\",\"name\":\"Turisme Vall\u00e8s\",\"description\":\"\",\"publisher\":{\"@id\":\"https:\/\/turismevalles.com\/en\/#organization\"},\"potentialAction\":[{\"@type\":\"SearchAction\",\"target\":{\"@type\":\"EntryPoint\",\"urlTemplate\":\"https:\/\/turismevalles.com\/en\/?s={search_term_string}\"},\"query-input\":{\"@type\":\"PropertyValueSpecification\",\"valueRequired\":true,\"valueName\":\"search_term_string\"}}],\"inLanguage\":\"en-US\"},{\"@type\":\"Organization\",\"@id\":\"https:\/\/turismevalles.com\/en\/#organization\",\"name\":\"Turisme Vall\u00e8s\",\"url\":\"https:\/\/turismevalles.com\/en\/\",\"logo\":{\"@type\":\"ImageObject\",\"inLanguage\":\"en-US\",\"@id\":\"https:\/\/turismevalles.com\/en\/#\/schema\/logo\/image\/\",\"url\":\"https:\/\/turismevalles.com\/wp-content\/uploads\/2020\/08\/cropped-logo_ca-2.png\",\"contentUrl\":\"https:\/\/turismevalles.com\/wp-content\/uploads\/2020\/08\/cropped-logo_ca-2.png\",\"width\":314,\"height\":85,\"caption\":\"Turisme Vall\u00e8s\"},\"image\":{\"@id\":\"https:\/\/turismevalles.com\/en\/#\/schema\/logo\/image\/\"}}]}<\/script>\n<!-- \/ Yoast SEO plugin. -->","yoast_head_json":{"title":"Come and experience the Vall\u00e8s Oriental - Turisme Vall\u00e8s","description":"Come to the Vall\u00e8s Oriental and experience each of the region\u2019s 39 municipalities. Discover everything the Vall\u00e8s Oriental has to offer.","robots":{"index":"index","follow":"follow","max-snippet":"max-snippet:-1","max-image-preview":"max-image-preview:large","max-video-preview":"max-video-preview:-1"},"canonical":"https:\/\/turismevalles.com\/apropat-i-viu-el-valles-oriental\/","og_locale":"en_US","og_type":"article","og_title":"Come and experience the Vall\u00e8s Oriental - Turisme Vall\u00e8s","og_description":"Come to the Vall\u00e8s Oriental and experience each of the region\u2019s 39 municipalities. Discover everything the Vall\u00e8s Oriental has to offer.","og_url":"https:\/\/turismevalles.com\/apropat-i-viu-el-valles-oriental\/","og_site_name":"Turisme Vall\u00e8s","article_modified_time":"2022-04-28T10:45:10+00:00","og_image":[{"url":"https:\/\/www.facebook.com\/images\/emoji.php\/v9\/tc\/1\/16\/1f3de.png","type":"","width":"","height":""}],"twitter_card":"summary_large_image","twitter_misc":{"Est. reading time":"3 minutes"},"schema":{"@context":"https:\/\/schema.org","@graph":[{"@type":"WebPage","@id":"https:\/\/turismevalles.com\/apropat-i-viu-el-valles-oriental\/","url":"https:\/\/turismevalles.com\/apropat-i-viu-el-valles-oriental\/","name":"Come and experience the Vall\u00e8s Oriental - Turisme Vall\u00e8s","isPartOf":{"@id":"https:\/\/turismevalles.com\/en\/#website"},"primaryImageOfPage":{"@id":"https:\/\/turismevalles.com\/apropat-i-viu-el-valles-oriental\/#primaryimage"},"image":{"@id":"https:\/\/turismevalles.com\/apropat-i-viu-el-valles-oriental\/#primaryimage"},"thumbnailUrl":"https:\/\/www.facebook.com\/images\/emoji.php\/v9\/tc\/1\/16\/1f3de.png","datePublished":"2022-04-28T10:45:08+00:00","dateModified":"2022-04-28T10:45:10+00:00","description":"Come to the Vall\u00e8s Oriental and experience each of the region\u2019s 39 municipalities. Discover everything the Vall\u00e8s Oriental has to offer.","breadcrumb":{"@id":"https:\/\/turismevalles.com\/apropat-i-viu-el-valles-oriental\/#breadcrumb"},"inLanguage":"en-US","potentialAction":[{"@type":"ReadAction","target":["https:\/\/turismevalles.com\/apropat-i-viu-el-valles-oriental\/"]}]},{"@type":"ImageObject","inLanguage":"en-US","@id":"https:\/\/turismevalles.com\/apropat-i-viu-el-valles-oriental\/#primaryimage","url":"https:\/\/www.facebook.com\/images\/emoji.php\/v9\/tc\/1\/16\/1f3de.png","contentUrl":"https:\/\/www.facebook.com\/images\/emoji.php\/v9\/tc\/1\/16\/1f3de.png"},{"@type":"BreadcrumbList","@id":"https:\/\/turismevalles.com\/apropat-i-viu-el-valles-oriental\/#breadcrumb","itemListElement":[{"@type":"ListItem","position":1,"name":"Home","item":"https:\/\/turismevalles.com\/en\/"},{"@type":"ListItem","position":2,"name":"Come and experience the Vall\u00e8s Oriental"}]},{"@type":"WebSite","@id":"https:\/\/turismevalles.com\/en\/#website","url":"https:\/\/turismevalles.com\/en\/","name":"Turisme Vall\u00e8s","description":"","publisher":{"@id":"https:\/\/turismevalles.com\/en\/#organization"},"potentialAction":[{"@type":"SearchAction","target":{"@type":"EntryPoint","urlTemplate":"https:\/\/turismevalles.com\/en\/?s={search_term_string}"},"query-input":{"@type":"PropertyValueSpecification","valueRequired":true,"valueName":"search_term_string"}}],"inLanguage":"en-US"},{"@type":"Organization","@id":"https:\/\/turismevalles.com\/en\/#organization","name":"Turisme Vall\u00e8s","url":"https:\/\/turismevalles.com\/en\/","logo":{"@type":"ImageObject","inLanguage":"en-US","@id":"https:\/\/turismevalles.com\/en\/#\/schema\/logo\/image\/","url":"https:\/\/turismevalles.com\/wp-content\/uploads\/2020\/08\/cropped-logo_ca-2.png","contentUrl":"https:\/\/turismevalles.com\/wp-content\/uploads\/2020\/08\/cropped-logo_ca-2.png","width":314,"height":85,"caption":"Turisme Vall\u00e8s"},"image":{"@id":"https:\/\/turismevalles.com\/en\/#\/schema\/logo\/image\/"}}]}},"uagb_featured_image_src":{"full":false,"thumbnail":false,"medium":false,"medium_large":false,"large":false,"thumblist":false,"meccarouselthumb":false,"gridsquare":false,"tileview":false,"1536x1536":false,"2048x2048":false},"uagb_author_info":{"display_name":"Turisme Valles","author_link":"https:\/\/turismevalles.com\/en\/author\/turismevallesoriental\/"},"uagb_comment_info":0,"uagb_excerpt":"Apropa&#8217;t al Vall\u00e8s Oriental i viu el modernisme Come to the Vall\u00e8s Oriental and experience each of the region\u2019s 39 municipalities. These videos show just ... Veure m\u00e9s","_links":{"self":[{"href":"https:\/\/turismevalles.com\/en\/wp-json\/wp\/v2\/pages\/19210","targetHints":{"allow":["GET"]}}],"collection":[{"href":"https:\/\/turismevalles.com\/en\/wp-json\/wp\/v2\/pages"}],"about":[{"href":"https:\/\/turismevalles.com\/en\/wp-json\/wp\/v2\/types\/page"}],"author":[{"embeddable":true,"href":"https:\/\/turismevalles.com\/en\/wp-json\/wp\/v2\/users\/5"}],"replies":[{"embeddable":true,"href":"https:\/\/turismevalles.com\/en\/wp-json\/wp\/v2\/comments?post=19210"}],"version-history":[{"count":0,"href":"https:\/\/turismevalles.com\/en\/wp-json\/wp\/v2\/pages\/19210\/revisions"}],"wp:attachment":[{"href":"https:\/\/turismevalles.com\/en\/wp-json\/wp\/v2\/media?parent=19210"}],"curies":[{"name":"wp","href":"https:\/\/api.w.org\/{rel}","templated":true}]}}