{"id":5562,"date":"2020-11-19T10:01:50","date_gmt":"2020-11-19T08:01:50","guid":{"rendered":"http:\/\/turismevalles.com.mialias.net\/activitats\/ruta-bici-azul\/"},"modified":"2026-08-14T12:38:52","modified_gmt":"2026-08-14T10:38:52","slug":"ruta-bici-azul","status":"publish","type":"activitats","link":"https:\/\/turismevalles.com\/es\/actividades\/ruta-bici-azul\/","title":{"rendered":"Cicloturisme: ruta Bici Azul"},"content":{"rendered":"\n<p><strong><em>Itinerario de cicloturismo por Santa Maria y Sant Esteve de Palautordera<\/em><\/strong><\/p>\n\n\n\n<p>Es un itinerario circular para maravillarnos con la naturaleza y el paisaje del Bajo Montseny.<\/p>\n\n\n\n<ul class=\"wp-block-list\">\n<li>Recorrido: Santa Maria de Palautordera &#8211; Santa Magdalena &#8211; Sant Esteve de Palautordera &#8211; Els Bruguers &#8211; Estaci\u00f3 &#8211; Pont Trencat &#8211; La Serra<\/li>\n\n\n\n<li>Permite diversos puntos de salida o tambi\u00e9n dividise en diferentes etapas <\/li>\n\n\n\n<li>Dificultad: media, por la longitud del recorrido y el desnivel acumulado<\/li>\n\n\n\n<li>Suelo: pavimento 27%, pista forestal 73%<\/li>\n<\/ul>\n\n\n\n<p>Cabe destacar la amplia oferta comercial y gastron\u00f3mica de estos municipios y que, s\u00e1bado por la ma\u00f1ana, es d\u00eda de mercado en Santa Mar\u00eda de Palautordera.<\/p>\n\n\n\n<p>T\u00f3mate un tiempo y visita estos municipios \u00a1Vale la pena!<\/p>\n\n\n<div class=\"gb-container gb-container-18b8c228\">\n<div class=\"gb-container gb-container-f750da72\">\n\n<div class=\"wp-block-file\"><a>tr\u00edptico_ruta_bici_azul<\/a><a href=\"http:\/\/turismevalles.com\/wp-content\/uploads\/2021\/06\/triptic-ruta_bici_blava.pdf\" class=\"wp-block-file__button wp-element-button\" download>Consulta el itinerario<\/a><\/div>\n\n<\/div>\n<\/div>\n\n\n<p><\/p>\n\n\n\n<p>Para m\u00e1s informaci\u00f3n, visita las webs:<\/p>\n\n\n\n<ul class=\"wp-block-list\">\n<li>Ayuntamiento <strong><a href=\"https:\/\/www.santestevedepalautordera.cat\/el-municipi\/informacio-del-municipi\/rutes\/ruta-bici-blava.html\" target=\"_blank\" rel=\"noreferrer noopener\">Sant Esteve de Palautordera<\/a><\/strong><\/li>\n\n\n\n<li>Ayuntamiento <strong><a href=\"https:\/\/www.smpalautordera.cat\/revisar-o-eliminar\/llocs-dinteres-i-rutes\/ruta-bici-blava.html\" target=\"_blank\" rel=\"noreferrer noopener\">Santa Maria de Palautordera&nbsp;<\/a><\/strong><\/li>\n<\/ul>\n\n\n\t\t\t\t\t<div\n\t\t\t\t\t\tclass=\"wp-block-uagb-image-gallery uagb-block-0d17e7e4     \"\n\t\t\t\t\t\tstyle=\"\"\n\t\t\t\t\t>\n\t\t\t\t\t\t\t\t\t\t\t<div class=\"spectra-image-gallery spectra-image-gallery__layout--grid spectra-image-gallery__layout--grid-col-2 spectra-image-gallery__layout--grid-col-tab-3 spectra-image-gallery__layout--grid-col-mob-2\">\n\t\t\t\t\t\t\t\t\t\t\t<div class='spectra-image-gallery__media-wrapper' data-spectra-gallery-image-id='73313' tabindex=\"0\">\n\t\t\t\t\t\t\t<div class=\"spectra-image-gallery__media spectra-image-gallery__media--grid\">\n\t\t\t\t<picture>\n\t\t\t\t\t<source media=\"(min-width: 1024px)\" srcset=\"https:\/\/turismevalles.com\/wp-content\/uploads\/2020\/11\/blava_caratula.png\">\n\t\t\t\t\t<source media=\"(min-width: 768px)\" srcset=\"https:\/\/turismevalles.com\/wp-content\/uploads\/2020\/11\/blava_caratula.png\">\n\t\t\t\t\t<img decoding=\"async\" class=\"spectra-image-gallery__media-thumbnail spectra-image-gallery__media-thumbnail--grid\" src=\"https:\/\/turismevalles.com\/wp-content\/uploads\/2020\/11\/blava_caratula-284x300.png\" alt=\"D\u00edptic ruta Bici Blava\" loading=\"lazy\" \/>\n\t\t\t\t<\/picture>\n\t\t\t\t<div class=\"spectra-image-gallery__media-thumbnail-blurrer\"><\/div>\n\t\t\t\t\t\t\t\t\t\t\t<div class=\"spectra-image-gallery__media-thumbnail-caption-wrapper spectra-image-gallery__media-thumbnail-caption-wrapper--overlay\">\n\t\t\t\t\t\t\t\t\t\t\t<div class=\"spectra-image-gallery__media-thumbnail-caption spectra-image-gallery__media-thumbnail-caption--overlay\">\n\t\t\t\t\tD\u00edptic ruta Bici Blava\t\t\t\t<\/div>\n\t\t\t\t\t\t\t\t\t\t<\/div>\n\t\t\t\t\t\t\t\t\t<\/div>\n\t\t\t\t\t\t<\/div>\n\t\t\t\t\t\t<div class='spectra-image-gallery__media-wrapper' data-spectra-gallery-image-id='73317' tabindex=\"0\">\n\t\t\t\t\t\t\t<div class=\"spectra-image-gallery__media spectra-image-gallery__media--grid\">\n\t\t\t\t<picture>\n\t\t\t\t\t<source media=\"(min-width: 1024px)\" srcset=\"https:\/\/turismevalles.com\/wp-content\/uploads\/2020\/11\/palautordera-ruta-blava-itinerari-1024x724.jpg\">\n\t\t\t\t\t<source media=\"(min-width: 768px)\" srcset=\"https:\/\/turismevalles.com\/wp-content\/uploads\/2020\/11\/palautordera-ruta-blava-itinerari-1024x724.jpg\">\n\t\t\t\t\t<img decoding=\"async\" class=\"spectra-image-gallery__media-thumbnail spectra-image-gallery__media-thumbnail--grid\" src=\"https:\/\/turismevalles.com\/wp-content\/uploads\/2020\/11\/palautordera-ruta-blava-itinerari-300x212.jpg\" alt=\"Itinerari Ruta Bici Blava\" loading=\"lazy\" \/>\n\t\t\t\t<\/picture>\n\t\t\t\t<div class=\"spectra-image-gallery__media-thumbnail-blurrer\"><\/div>\n\t\t\t\t\t\t\t\t\t\t\t<div class=\"spectra-image-gallery__media-thumbnail-caption-wrapper spectra-image-gallery__media-thumbnail-caption-wrapper--overlay\">\n\t\t\t\t\t\t\t\t\t\t\t<div class=\"spectra-image-gallery__media-thumbnail-caption spectra-image-gallery__media-thumbnail-caption--overlay\">\n\t\t\t\t\tItinerari Ruta Bici Blava\t\t\t\t<\/div>\n\t\t\t\t\t\t\t\t\t\t<\/div>\n\t\t\t\t\t\t\t\t\t<\/div>\n\t\t\t\t\t\t<\/div>\n\t\t\t\t\t\t\t\t\t\t<\/div>\n\t\t\t\t\t\t\t\t\t\t\t\t\t\t\t\t\t\t<\/div>\n\t\t\t\t\t\t\t\t\t","protected":false},"featured_media":14316,"template":"","poblacions":[434,435,1002],"tipus_turisme":[255,252,1014,3344],"tipus_menjar":[],"tipologia_estada":[1673,261,264,267,1618],"class_list":["post-5562","activitats","type-activitats","status-publish","has-post-thumbnail","hentry","poblacions-sant-esteve-de-palautordera-es","poblacions-santa-maria-de-palautordera-es","poblacions-valles-oriental-es","tipus_turisme-turismo-activo","tipus_turisme-turismo-de-naturaleza","tipus_turisme-turismo-familiar","tipus_turisme-turismo-senior","tipologia_estada-cicloturista-es","tipologia_estada-con-amigos","tipologia_estada-en-familia-es","tipologia_estada-en-pareja","tipologia_estada-single-es","generate-columns","tablet-grid-50","mobile-grid-100","grid-parent","grid-33"],"acf":{"photo_gallery":{"imatges":[[]]}},"yoast_head":"<!-- This site is optimized with the Yoast SEO plugin v26.4 - https:\/\/yoast.com\/wordpress\/plugins\/seo\/ -->\n<title>Cicloturisme: ruta Bici Azul - Turisme Vall\u00e8s<\/title>\n<meta name=\"description\" content=\"Itinerario de cicloturismo por Santa Maria y Sant Esteve de Palautordera. Es un itinerario circular para maravillarnos con la naturaleza y el paisaje del Bajo Montseny.\" \/>\n<meta name=\"robots\" content=\"index, follow, max-snippet:-1, max-image-preview:large, max-video-preview:-1\" \/>\n<link rel=\"canonical\" href=\"https:\/\/turismevalles.com\/es\/actividades\/ruta-bici-azul\/\" \/>\n<meta property=\"og:locale\" content=\"es_ES\" \/>\n<meta property=\"og:type\" content=\"article\" \/>\n<meta property=\"og:title\" content=\"Cicloturisme: ruta Bici Azul - Turisme Vall\u00e8s\" \/>\n<meta property=\"og:description\" content=\"Itinerario de cicloturismo por Santa Maria y Sant Esteve de Palautordera. Es un itinerario circular para maravillarnos con la naturaleza y el paisaje del Bajo Montseny.\" \/>\n<meta property=\"og:url\" content=\"https:\/\/turismevalles.com\/es\/actividades\/ruta-bici-azul\/\" \/>\n<meta property=\"og:site_name\" content=\"Turisme Vall\u00e8s\" \/>\n<meta property=\"article:modified_time\" content=\"2026-08-14T10:38:52+00:00\" \/>\n<meta property=\"og:image\" content=\"https:\/\/turismevalles.com\/wp-content\/uploads\/2020\/11\/bici-blava.png\" \/>\n\t<meta property=\"og:image:width\" content=\"715\" \/>\n\t<meta property=\"og:image:height\" content=\"453\" \/>\n\t<meta property=\"og:image:type\" content=\"image\/png\" \/>\n<meta name=\"twitter:card\" content=\"summary_large_image\" \/>\n<meta name=\"twitter:label1\" content=\"Tiempo de lectura\" \/>\n\t<meta name=\"twitter:data1\" content=\"1 minuto\" \/>\n<script type=\"application\/ld+json\" class=\"yoast-schema-graph\">{\"@context\":\"https:\/\/schema.org\",\"@graph\":[{\"@type\":\"WebPage\",\"@id\":\"https:\/\/turismevalles.com\/es\/actividades\/ruta-bici-azul\/\",\"url\":\"https:\/\/turismevalles.com\/es\/actividades\/ruta-bici-azul\/\",\"name\":\"Cicloturisme: ruta Bici Azul - Turisme Vall\u00e8s\",\"isPartOf\":{\"@id\":\"https:\/\/turismevalles.com\/en\/#website\"},\"primaryImageOfPage\":{\"@id\":\"https:\/\/turismevalles.com\/es\/actividades\/ruta-bici-azul\/#primaryimage\"},\"image\":{\"@id\":\"https:\/\/turismevalles.com\/es\/actividades\/ruta-bici-azul\/#primaryimage\"},\"thumbnailUrl\":\"https:\/\/turismevalles.com\/wp-content\/uploads\/2020\/11\/bici-blava.png\",\"datePublished\":\"2020-11-19T08:01:50+00:00\",\"dateModified\":\"2026-08-14T10:38:52+00:00\",\"description\":\"Itinerario de cicloturismo por Santa Maria y Sant Esteve de Palautordera. Es un itinerario circular para maravillarnos con la naturaleza y el paisaje del Bajo Montseny.\",\"breadcrumb\":{\"@id\":\"https:\/\/turismevalles.com\/es\/actividades\/ruta-bici-azul\/#breadcrumb\"},\"inLanguage\":\"es\",\"potentialAction\":[{\"@type\":\"ReadAction\",\"target\":[\"https:\/\/turismevalles.com\/es\/actividades\/ruta-bici-azul\/\"]}]},{\"@type\":\"ImageObject\",\"inLanguage\":\"es\",\"@id\":\"https:\/\/turismevalles.com\/es\/actividades\/ruta-bici-azul\/#primaryimage\",\"url\":\"https:\/\/turismevalles.com\/wp-content\/uploads\/2020\/11\/bici-blava.png\",\"contentUrl\":\"https:\/\/turismevalles.com\/wp-content\/uploads\/2020\/11\/bici-blava.png\",\"width\":715,\"height\":453},{\"@type\":\"BreadcrumbList\",\"@id\":\"https:\/\/turismevalles.com\/es\/actividades\/ruta-bici-azul\/#breadcrumb\",\"itemListElement\":[{\"@type\":\"ListItem\",\"position\":1,\"name\":\"Inicio\",\"item\":\"https:\/\/turismevalles.com\/es\/\"},{\"@type\":\"ListItem\",\"position\":2,\"name\":\"Activities\",\"item\":\"https:\/\/turismevalles.com\/en\/activities\/\"},{\"@type\":\"ListItem\",\"position\":3,\"name\":\"Cicloturisme: ruta Bici Azul\"}]},{\"@type\":\"WebSite\",\"@id\":\"https:\/\/turismevalles.com\/en\/#website\",\"url\":\"https:\/\/turismevalles.com\/en\/\",\"name\":\"Turisme Vall\u00e8s\",\"description\":\"\",\"publisher\":{\"@id\":\"https:\/\/turismevalles.com\/en\/#organization\"},\"potentialAction\":[{\"@type\":\"SearchAction\",\"target\":{\"@type\":\"EntryPoint\",\"urlTemplate\":\"https:\/\/turismevalles.com\/en\/?s={search_term_string}\"},\"query-input\":{\"@type\":\"PropertyValueSpecification\",\"valueRequired\":true,\"valueName\":\"search_term_string\"}}],\"inLanguage\":\"es\"},{\"@type\":\"Organization\",\"@id\":\"https:\/\/turismevalles.com\/en\/#organization\",\"name\":\"Turisme Vall\u00e8s\",\"url\":\"https:\/\/turismevalles.com\/en\/\",\"logo\":{\"@type\":\"ImageObject\",\"inLanguage\":\"es\",\"@id\":\"https:\/\/turismevalles.com\/en\/#\/schema\/logo\/image\/\",\"url\":\"https:\/\/turismevalles.com\/wp-content\/uploads\/2020\/08\/cropped-logo_ca-2.png\",\"contentUrl\":\"https:\/\/turismevalles.com\/wp-content\/uploads\/2020\/08\/cropped-logo_ca-2.png\",\"width\":314,\"height\":85,\"caption\":\"Turisme Vall\u00e8s\"},\"image\":{\"@id\":\"https:\/\/turismevalles.com\/en\/#\/schema\/logo\/image\/\"}}]}<\/script>\n<!-- \/ Yoast SEO plugin. -->","yoast_head_json":{"title":"Cicloturisme: ruta Bici Azul - Turisme Vall\u00e8s","description":"Itinerario de cicloturismo por Santa Maria y Sant Esteve de Palautordera. Es un itinerario circular para maravillarnos con la naturaleza y el paisaje del Bajo Montseny.","robots":{"index":"index","follow":"follow","max-snippet":"max-snippet:-1","max-image-preview":"max-image-preview:large","max-video-preview":"max-video-preview:-1"},"canonical":"https:\/\/turismevalles.com\/es\/actividades\/ruta-bici-azul\/","og_locale":"es_ES","og_type":"article","og_title":"Cicloturisme: ruta Bici Azul - Turisme Vall\u00e8s","og_description":"Itinerario de cicloturismo por Santa Maria y Sant Esteve de Palautordera. Es un itinerario circular para maravillarnos con la naturaleza y el paisaje del Bajo Montseny.","og_url":"https:\/\/turismevalles.com\/es\/actividades\/ruta-bici-azul\/","og_site_name":"Turisme Vall\u00e8s","article_modified_time":"2026-08-14T10:38:52+00:00","og_image":[{"width":715,"height":453,"url":"https:\/\/turismevalles.com\/wp-content\/uploads\/2020\/11\/bici-blava.png","type":"image\/png"}],"twitter_card":"summary_large_image","twitter_misc":{"Tiempo de lectura":"1 minuto"},"schema":{"@context":"https:\/\/schema.org","@graph":[{"@type":"WebPage","@id":"https:\/\/turismevalles.com\/es\/actividades\/ruta-bici-azul\/","url":"https:\/\/turismevalles.com\/es\/actividades\/ruta-bici-azul\/","name":"Cicloturisme: ruta Bici Azul - Turisme Vall\u00e8s","isPartOf":{"@id":"https:\/\/turismevalles.com\/en\/#website"},"primaryImageOfPage":{"@id":"https:\/\/turismevalles.com\/es\/actividades\/ruta-bici-azul\/#primaryimage"},"image":{"@id":"https:\/\/turismevalles.com\/es\/actividades\/ruta-bici-azul\/#primaryimage"},"thumbnailUrl":"https:\/\/turismevalles.com\/wp-content\/uploads\/2020\/11\/bici-blava.png","datePublished":"2020-11-19T08:01:50+00:00","dateModified":"2026-08-14T10:38:52+00:00","description":"Itinerario de cicloturismo por Santa Maria y Sant Esteve de Palautordera. Es un itinerario circular para maravillarnos con la naturaleza y el paisaje del Bajo Montseny.","breadcrumb":{"@id":"https:\/\/turismevalles.com\/es\/actividades\/ruta-bici-azul\/#breadcrumb"},"inLanguage":"es","potentialAction":[{"@type":"ReadAction","target":["https:\/\/turismevalles.com\/es\/actividades\/ruta-bici-azul\/"]}]},{"@type":"ImageObject","inLanguage":"es","@id":"https:\/\/turismevalles.com\/es\/actividades\/ruta-bici-azul\/#primaryimage","url":"https:\/\/turismevalles.com\/wp-content\/uploads\/2020\/11\/bici-blava.png","contentUrl":"https:\/\/turismevalles.com\/wp-content\/uploads\/2020\/11\/bici-blava.png","width":715,"height":453},{"@type":"BreadcrumbList","@id":"https:\/\/turismevalles.com\/es\/actividades\/ruta-bici-azul\/#breadcrumb","itemListElement":[{"@type":"ListItem","position":1,"name":"Inicio","item":"https:\/\/turismevalles.com\/es\/"},{"@type":"ListItem","position":2,"name":"Activities","item":"https:\/\/turismevalles.com\/en\/activities\/"},{"@type":"ListItem","position":3,"name":"Cicloturisme: ruta Bici Azul"}]},{"@type":"WebSite","@id":"https:\/\/turismevalles.com\/en\/#website","url":"https:\/\/turismevalles.com\/en\/","name":"Turisme Vall\u00e8s","description":"","publisher":{"@id":"https:\/\/turismevalles.com\/en\/#organization"},"potentialAction":[{"@type":"SearchAction","target":{"@type":"EntryPoint","urlTemplate":"https:\/\/turismevalles.com\/en\/?s={search_term_string}"},"query-input":{"@type":"PropertyValueSpecification","valueRequired":true,"valueName":"search_term_string"}}],"inLanguage":"es"},{"@type":"Organization","@id":"https:\/\/turismevalles.com\/en\/#organization","name":"Turisme Vall\u00e8s","url":"https:\/\/turismevalles.com\/en\/","logo":{"@type":"ImageObject","inLanguage":"es","@id":"https:\/\/turismevalles.com\/en\/#\/schema\/logo\/image\/","url":"https:\/\/turismevalles.com\/wp-content\/uploads\/2020\/08\/cropped-logo_ca-2.png","contentUrl":"https:\/\/turismevalles.com\/wp-content\/uploads\/2020\/08\/cropped-logo_ca-2.png","width":314,"height":85,"caption":"Turisme Vall\u00e8s"},"image":{"@id":"https:\/\/turismevalles.com\/en\/#\/schema\/logo\/image\/"}}]}},"uagb_featured_image_src":{"full":["https:\/\/turismevalles.com\/wp-content\/uploads\/2020\/11\/bici-blava.png",715,453,false],"thumbnail":["https:\/\/turismevalles.com\/wp-content\/uploads\/2020\/11\/bici-blava-150x150.png",150,150,true],"medium":["https:\/\/turismevalles.com\/wp-content\/uploads\/2020\/11\/bici-blava-300x190.png",300,190,true],"medium_large":["https:\/\/turismevalles.com\/wp-content\/uploads\/2020\/11\/bici-blava.png",715,453,false],"large":["https:\/\/turismevalles.com\/wp-content\/uploads\/2020\/11\/bici-blava.png",715,453,false],"thumblist":["https:\/\/turismevalles.com\/wp-content\/uploads\/2020\/11\/bici-blava-300x300.png",300,300,true],"meccarouselthumb":["https:\/\/turismevalles.com\/wp-content\/uploads\/2020\/11\/bici-blava-474x324.png",474,324,true],"gridsquare":["https:\/\/turismevalles.com\/wp-content\/uploads\/2020\/11\/bici-blava-391x260.png",391,260,true],"tileview":["https:\/\/turismevalles.com\/wp-content\/uploads\/2020\/11\/bici-blava-300x400.png",300,400,true],"1536x1536":["https:\/\/turismevalles.com\/wp-content\/uploads\/2020\/11\/bici-blava.png",715,453,false],"2048x2048":["https:\/\/turismevalles.com\/wp-content\/uploads\/2020\/11\/bici-blava.png",715,453,false]},"uagb_author_info":{"display_name":"Turisme Valles","author_link":"https:\/\/turismevalles.com\/es\/author\/"},"uagb_comment_info":0,"uagb_excerpt":"Itinerario de cicloturismo por Santa Maria y Sant Esteve de Palautordera Es un itinerario circular para maravillarnos con la naturaleza y el paisaje del Bajo ... Veure m\u00e9s","_links":{"self":[{"href":"https:\/\/turismevalles.com\/es\/wp-json\/wp\/v2\/activitats\/5562","targetHints":{"allow":["GET"]}}],"collection":[{"href":"https:\/\/turismevalles.com\/es\/wp-json\/wp\/v2\/activitats"}],"about":[{"href":"https:\/\/turismevalles.com\/es\/wp-json\/wp\/v2\/types\/activitats"}],"wp:featuredmedia":[{"embeddable":true,"href":"https:\/\/turismevalles.com\/es\/wp-json\/wp\/v2\/media\/14316"}],"wp:attachment":[{"href":"https:\/\/turismevalles.com\/es\/wp-json\/wp\/v2\/media?parent=5562"}],"wp:term":[{"taxonomy":"poblacions","embeddable":true,"href":"https:\/\/turismevalles.com\/es\/wp-json\/wp\/v2\/poblacions?post=5562"},{"taxonomy":"tipus_turisme","embeddable":true,"href":"https:\/\/turismevalles.com\/es\/wp-json\/wp\/v2\/tipus_turisme?post=5562"},{"taxonomy":"tipus_menjar","embeddable":true,"href":"https:\/\/turismevalles.com\/es\/wp-json\/wp\/v2\/tipus_menjar?post=5562"},{"taxonomy":"tipologia_estada","embeddable":true,"href":"https:\/\/turismevalles.com\/es\/wp-json\/wp\/v2\/tipologia_estada?post=5562"}],"curies":[{"name":"wp","href":"https:\/\/api.w.org\/{rel}","templated":true}]}}