{"id":57763,"date":"2024-08-19T12:15:44","date_gmt":"2024-08-19T10:15:44","guid":{"rendered":"https:\/\/turismevalles.com\/activitats\/jaciment-roma-de-mons-observans\/"},"modified":"2024-08-20T10:17:46","modified_gmt":"2024-08-20T08:17:46","slug":"jaciment-roma-de-mons-observans","status":"publish","type":"activitats","link":"https:\/\/turismevalles.com\/es\/actividades\/jaciment-roma-de-mons-observans\/","title":{"rendered":"Mons Observans &#8211; Jaciment rom\u00e0 de Can Tac\u00f3"},"content":{"rendered":"\n<h1 class=\"wp-block-heading\">Mons Observans<\/h1>\n\n\n\n<p>Mons Observans \u00e9s l\u2019assentament rom\u00e0 de Can Tac\u00f3, en el tur\u00f3 d\u2019en Roina. \u00c9s un exemple gaireb\u00e9 \u00fanic a la Pen\u00ednsula de la pres\u00e8ncia dels romans al darrer ter\u00e7 del segle II aC. Des d\u2019all\u00e0 es podien controlar les principals vies de comunicaci\u00f3 de la plana, destacant la Via Augusta. Ha estat interpretat com un possible&nbsp;<em>praesidium<\/em>, \u00e9s a dir, un establiment militar des del qual s\u2019exercirien funcions pol\u00edtiques i administratives de control del territori circumdant.<\/p>\n\n\n\n<p>Descobreix la hist\u00f2ria i els secrets que amaga l&#8217;assentament rom\u00e0 de Can Tac\u00f3 amb les visites guiades i teatralitzades que s&#8217;organitzen al llarg de l&#8217;any.<br>Consulta l&#8217;agenda d&#8217;activitats, els tallers i la disponibilitat i inscripcions per les visites guiades a <a href=\"http:\/\/www.monsobservans.cat\/\">monsobservans.cat<\/a><\/p>\n\n\n\n<h2 class=\"gb-headline gb-headline-41b20e90 gb-headline-text\">Accessibilitat a Mons Observans <\/h2>\n\n\n\n<p>Mons Observans disposa d&#8217;un itinerari adaptat al jaciment en el marc del programa \u00ab<a href=\"https:\/\/www.diba.cat\/en\/web\/opc\/mirada_tactil\">La mirada t\u00e0ctil<\/a>\u00bb de la Diputaci\u00f3 de Barcelona, que desenvolupa accions destinades a adaptar els equipaments que formen part de la Xarxa de Museus Locals als p\u00fablics amb discapacitat. L\u2019itinerari de Mons Observans est\u00e0 implementat amb un maqueta interpretativa, r\u00e8pliques t\u00e0ctils i codis QR que permeten la desc\u00e0rrega dels v\u00eddeos explicatius del recorregut tradu\u00efts al llenguatge dels signes. S&#8217;ofereixen visites adaptades a diversos col\u00b7lectius de p\u00fablics amb discapacitat al llarg de l&#8217;any. Consulta la programaci\u00f3 i disponibilitat a <a href=\"http:\/\/www.monsobservans.cat\/\">monsobservans.cat<\/a><\/p>\n\n\n\n<h3 class=\"gb-headline gb-headline-33edde79 gb-headline-text\">\u00abLa Mirada T\u00e0ctil\u00bb a Mons Observans<\/h3>\n\n\n\n<p>V\u00ededos accessibles de l&#8217;itinerari t\u00e0ctil del Jaciment Rom\u00e0 de Can Tac\u00f3 &#8211; Mons Observans <\/p>\n\n\n\n<figure class=\"wp-block-embed is-type-video is-provider-youtube wp-block-embed-youtube wp-embed-aspect-16-9 wp-has-aspect-ratio\"><div class=\"wp-block-embed__wrapper\">\n<iframe loading=\"lazy\" title=\"1 Itinerari t\u00e0ctil. Entrada Gabi\u00f3\" width=\"1200\" height=\"675\" src=\"https:\/\/www.youtube.com\/embed\/hpLgAWBbKZ4?list=PLRox57axYYj1GeMb_OpdGORDNHEcpMA1o\" frameborder=\"0\" allow=\"accelerometer; autoplay; clipboard-write; encrypted-media; gyroscope; picture-in-picture; web-share\" referrerpolicy=\"strict-origin-when-cross-origin\" allowfullscreen><\/iframe>\n<\/div><figcaption class=\"wp-element-caption\">V\u00ededos accessibles de l&#8217;itinerari t\u00e0ctil del Jaciment Rom\u00e0 de Can Tac\u00f3 &#8211; Mons Observans <br>Font: Diputaci\u00f3 de Barcelona &#8211; La Mirada T\u00e0ctil<\/figcaption><\/figure>\n","protected":false},"featured_media":57751,"template":"","poblacions":[900,422],"tipus_turisme":[248],"tipus_menjar":[],"tipologia_estada":[1619,261,264,267,292,1618,1672],"class_list":["post-57763","activitats","type-activitats","status-publish","has-post-thumbnail","hentry","poblacions-montmelo-es","poblacions-montornes-del-valles-es","tipus_turisme-turismo-cultural","tipologia_estada-accesible","tipologia_estada-con-amigos","tipologia_estada-en-familia-es","tipologia_estada-en-pareja","tipologia_estada-escuelas","tipologia_estada-single-es","tipologia_estada-senior-es","generate-columns","tablet-grid-50","mobile-grid-100","grid-parent","grid-33"],"acf":{"photo_gallery":{"imatges":[[{"id":57778,"title":"09102022 10e aniversari Mons Observans 3a","caption":"Mons Observans Mons Observans \u00e9s l\u2019assentament rom\u00e0 de Can Tac\u00f3","full_image_url":"https:\/\/turismevalles.com\/wp-content\/uploads\/2023\/06\/09102022-10e-aniversari-Mons-Observans-3a.jpg","thumbnail_image_url":"https:\/\/turismevalles.com\/wp-content\/uploads\/2023\/06\/09102022-10e-aniversari-Mons-Observans-3a-150x150.jpg","large_srcset":"https:\/\/turismevalles.com\/wp-content\/uploads\/2023\/06\/09102022-10e-aniversari-Mons-Observans-3a.jpg 800w, https:\/\/turismevalles.com\/wp-content\/uploads\/2023\/06\/09102022-10e-aniversari-Mons-Observans-3a-300x200.jpg 300w, https:\/\/turismevalles.com\/wp-content\/uploads\/2023\/06\/09102022-10e-aniversari-Mons-Observans-3a-768x513.jpg 768w, https:\/\/turismevalles.com\/wp-content\/uploads\/2023\/06\/09102022-10e-aniversari-Mons-Observans-3a-391x260.jpg 391w","medium_srcset":"https:\/\/turismevalles.com\/wp-content\/uploads\/2023\/06\/09102022-10e-aniversari-Mons-Observans-3a-300x200.jpg 300w, https:\/\/turismevalles.com\/wp-content\/uploads\/2023\/06\/09102022-10e-aniversari-Mons-Observans-3a-768x513.jpg 768w, https:\/\/turismevalles.com\/wp-content\/uploads\/2023\/06\/09102022-10e-aniversari-Mons-Observans-3a-391x260.jpg 391w, https:\/\/turismevalles.com\/wp-content\/uploads\/2023\/06\/09102022-10e-aniversari-Mons-Observans-3a.jpg 800w","media_details":{"width":800,"height":534,"sizes":{"medium":{"file":"09102022-10e-aniversari-Mons-Observans-3a-300x200.jpg","width":300,"height":200,"mime-type":"image\/jpeg","filesize":19039,"source_url":"https:\/\/turismevalles.com\/wp-content\/uploads\/2023\/06\/09102022-10e-aniversari-Mons-Observans-3a-300x200.jpg"},"thumbnail":{"file":"09102022-10e-aniversari-Mons-Observans-3a-150x150.jpg","width":150,"height":150,"mime-type":"image\/jpeg","filesize":7966,"source_url":"https:\/\/turismevalles.com\/wp-content\/uploads\/2023\/06\/09102022-10e-aniversari-Mons-Observans-3a-150x150.jpg"},"medium_large":{"file":"09102022-10e-aniversari-Mons-Observans-3a-768x513.jpg","width":768,"height":513,"mime-type":"image\/jpeg","filesize":101707,"source_url":"https:\/\/turismevalles.com\/wp-content\/uploads\/2023\/06\/09102022-10e-aniversari-Mons-Observans-3a-768x513.jpg"},"thumblist":{"file":"09102022-10e-aniversari-Mons-Observans-3a-300x300.jpg","width":300,"height":300,"mime-type":"image\/jpeg","filesize":28277,"source_url":"https:\/\/turismevalles.com\/wp-content\/uploads\/2023\/06\/09102022-10e-aniversari-Mons-Observans-3a-300x300.jpg"},"meccarouselthumb":{"file":"09102022-10e-aniversari-Mons-Observans-3a-474x324.jpg","width":474,"height":324,"mime-type":"image\/jpeg","filesize":45848,"source_url":"https:\/\/turismevalles.com\/wp-content\/uploads\/2023\/06\/09102022-10e-aniversari-Mons-Observans-3a-474x324.jpg"},"gridsquare":{"file":"09102022-10e-aniversari-Mons-Observans-3a-391x260.jpg","width":391,"height":260,"mime-type":"image\/jpeg","filesize":31538,"source_url":"https:\/\/turismevalles.com\/wp-content\/uploads\/2023\/06\/09102022-10e-aniversari-Mons-Observans-3a-391x260.jpg"},"tileview":{"file":"09102022-10e-aniversari-Mons-Observans-3a-300x400.jpg","width":300,"height":400,"mime-type":"image\/jpeg","filesize":35556,"source_url":"https:\/\/turismevalles.com\/wp-content\/uploads\/2023\/06\/09102022-10e-aniversari-Mons-Observans-3a-300x400.jpg"}}},"alt_text":"Mons Observans Mons Observans \u00e9s l\u2019assentament rom\u00e0 de Can Tac\u00f3","url":"","target":""}]]}},"yoast_head":"<!-- This site is optimized with the Yoast SEO plugin v26.4 - https:\/\/yoast.com\/wordpress\/plugins\/seo\/ -->\n<title>Mons Observans - Jaciment rom\u00e0 de Can Tac\u00f3 - Turisme Vall\u00e8s<\/title>\n<meta name=\"description\" content=\"Mons Observans \u00e9s l\u2019assentament rom\u00e0 de Can Tac\u00f3. \u00c9s un exemple gaireb\u00e9 \u00fanic dels romans al darrer ter\u00e7 del segle II aC.\" \/>\n<meta name=\"robots\" content=\"index, follow, max-snippet:-1, max-image-preview:large, max-video-preview:-1\" \/>\n<link rel=\"canonical\" href=\"https:\/\/turismevalles.com\/es\/actividades\/jaciment-roma-de-mons-observans\/\" \/>\n<meta property=\"og:locale\" content=\"es_ES\" \/>\n<meta property=\"og:type\" content=\"article\" \/>\n<meta property=\"og:title\" content=\"Mons Observans - Jaciment rom\u00e0 de Can Tac\u00f3 - Turisme Vall\u00e8s\" \/>\n<meta property=\"og:description\" content=\"Mons Observans \u00e9s l\u2019assentament rom\u00e0 de Can Tac\u00f3. \u00c9s un exemple gaireb\u00e9 \u00fanic dels romans al darrer ter\u00e7 del segle II aC.\" \/>\n<meta property=\"og:url\" content=\"https:\/\/turismevalles.com\/es\/actividades\/jaciment-roma-de-mons-observans\/\" \/>\n<meta property=\"og:site_name\" content=\"Turisme Vall\u00e8s\" \/>\n<meta property=\"article:modified_time\" content=\"2024-08-20T08:17:46+00:00\" \/>\n<meta property=\"og:image\" content=\"https:\/\/turismevalles.com\/wp-content\/uploads\/2024\/08\/2017-07-22_SoparMonsObservans_206_joel_mesas-scaled.jpg\" \/>\n\t<meta property=\"og:image:width\" content=\"2560\" \/>\n\t<meta property=\"og:image:height\" content=\"1920\" \/>\n\t<meta property=\"og:image:type\" content=\"image\/jpeg\" \/>\n<meta name=\"twitter:card\" content=\"summary_large_image\" \/>\n<meta name=\"twitter:label1\" content=\"Tiempo de lectura\" \/>\n\t<meta name=\"twitter:data1\" content=\"2 minutos\" \/>\n<script type=\"application\/ld+json\" class=\"yoast-schema-graph\">{\"@context\":\"https:\/\/schema.org\",\"@graph\":[{\"@type\":\"WebPage\",\"@id\":\"https:\/\/turismevalles.com\/es\/actividades\/jaciment-roma-de-mons-observans\/\",\"url\":\"https:\/\/turismevalles.com\/es\/actividades\/jaciment-roma-de-mons-observans\/\",\"name\":\"Mons Observans - Jaciment rom\u00e0 de Can Tac\u00f3 - Turisme Vall\u00e8s\",\"isPartOf\":{\"@id\":\"https:\/\/turismevalles.com\/en\/#website\"},\"primaryImageOfPage\":{\"@id\":\"https:\/\/turismevalles.com\/es\/actividades\/jaciment-roma-de-mons-observans\/#primaryimage\"},\"image\":{\"@id\":\"https:\/\/turismevalles.com\/es\/actividades\/jaciment-roma-de-mons-observans\/#primaryimage\"},\"thumbnailUrl\":\"https:\/\/turismevalles.com\/wp-content\/uploads\/2024\/08\/2017-07-22_SoparMonsObservans_206_joel_mesas-scaled.jpg\",\"datePublished\":\"2024-08-19T10:15:44+00:00\",\"dateModified\":\"2024-08-20T08:17:46+00:00\",\"description\":\"Mons Observans \u00e9s l\u2019assentament rom\u00e0 de Can Tac\u00f3. \u00c9s un exemple gaireb\u00e9 \u00fanic dels romans al darrer ter\u00e7 del segle II aC.\",\"breadcrumb\":{\"@id\":\"https:\/\/turismevalles.com\/es\/actividades\/jaciment-roma-de-mons-observans\/#breadcrumb\"},\"inLanguage\":\"es\",\"potentialAction\":[{\"@type\":\"ReadAction\",\"target\":[\"https:\/\/turismevalles.com\/es\/actividades\/jaciment-roma-de-mons-observans\/\"]}]},{\"@type\":\"ImageObject\",\"inLanguage\":\"es\",\"@id\":\"https:\/\/turismevalles.com\/es\/actividades\/jaciment-roma-de-mons-observans\/#primaryimage\",\"url\":\"https:\/\/turismevalles.com\/wp-content\/uploads\/2024\/08\/2017-07-22_SoparMonsObservans_206_joel_mesas-scaled.jpg\",\"contentUrl\":\"https:\/\/turismevalles.com\/wp-content\/uploads\/2024\/08\/2017-07-22_SoparMonsObservans_206_joel_mesas-scaled.jpg\",\"width\":2560,\"height\":1920,\"caption\":\"OLYMPUS DIGITAL CAMERA\"},{\"@type\":\"BreadcrumbList\",\"@id\":\"https:\/\/turismevalles.com\/es\/actividades\/jaciment-roma-de-mons-observans\/#breadcrumb\",\"itemListElement\":[{\"@type\":\"ListItem\",\"position\":1,\"name\":\"Inicio\",\"item\":\"https:\/\/turismevalles.com\/es\/\"},{\"@type\":\"ListItem\",\"position\":2,\"name\":\"Activities\",\"item\":\"https:\/\/turismevalles.com\/en\/activities\/\"},{\"@type\":\"ListItem\",\"position\":3,\"name\":\"Mons Observans &#8211; Jaciment rom\u00e0 de Can Tac\u00f3\"}]},{\"@type\":\"WebSite\",\"@id\":\"https:\/\/turismevalles.com\/en\/#website\",\"url\":\"https:\/\/turismevalles.com\/en\/\",\"name\":\"Turisme Vall\u00e8s\",\"description\":\"\",\"publisher\":{\"@id\":\"https:\/\/turismevalles.com\/en\/#organization\"},\"potentialAction\":[{\"@type\":\"SearchAction\",\"target\":{\"@type\":\"EntryPoint\",\"urlTemplate\":\"https:\/\/turismevalles.com\/en\/?s={search_term_string}\"},\"query-input\":{\"@type\":\"PropertyValueSpecification\",\"valueRequired\":true,\"valueName\":\"search_term_string\"}}],\"inLanguage\":\"es\"},{\"@type\":\"Organization\",\"@id\":\"https:\/\/turismevalles.com\/en\/#organization\",\"name\":\"Turisme Vall\u00e8s\",\"url\":\"https:\/\/turismevalles.com\/en\/\",\"logo\":{\"@type\":\"ImageObject\",\"inLanguage\":\"es\",\"@id\":\"https:\/\/turismevalles.com\/en\/#\/schema\/logo\/image\/\",\"url\":\"https:\/\/turismevalles.com\/wp-content\/uploads\/2020\/08\/cropped-logo_ca-2.png\",\"contentUrl\":\"https:\/\/turismevalles.com\/wp-content\/uploads\/2020\/08\/cropped-logo_ca-2.png\",\"width\":314,\"height\":85,\"caption\":\"Turisme Vall\u00e8s\"},\"image\":{\"@id\":\"https:\/\/turismevalles.com\/en\/#\/schema\/logo\/image\/\"}}]}<\/script>\n<!-- \/ Yoast SEO plugin. -->","yoast_head_json":{"title":"Mons Observans - Jaciment rom\u00e0 de Can Tac\u00f3 - Turisme Vall\u00e8s","description":"Mons Observans \u00e9s l\u2019assentament rom\u00e0 de Can Tac\u00f3. \u00c9s un exemple gaireb\u00e9 \u00fanic dels romans al darrer ter\u00e7 del segle II aC.","robots":{"index":"index","follow":"follow","max-snippet":"max-snippet:-1","max-image-preview":"max-image-preview:large","max-video-preview":"max-video-preview:-1"},"canonical":"https:\/\/turismevalles.com\/es\/actividades\/jaciment-roma-de-mons-observans\/","og_locale":"es_ES","og_type":"article","og_title":"Mons Observans - Jaciment rom\u00e0 de Can Tac\u00f3 - Turisme Vall\u00e8s","og_description":"Mons Observans \u00e9s l\u2019assentament rom\u00e0 de Can Tac\u00f3. \u00c9s un exemple gaireb\u00e9 \u00fanic dels romans al darrer ter\u00e7 del segle II aC.","og_url":"https:\/\/turismevalles.com\/es\/actividades\/jaciment-roma-de-mons-observans\/","og_site_name":"Turisme Vall\u00e8s","article_modified_time":"2024-08-20T08:17:46+00:00","og_image":[{"width":2560,"height":1920,"url":"https:\/\/turismevalles.com\/wp-content\/uploads\/2024\/08\/2017-07-22_SoparMonsObservans_206_joel_mesas-scaled.jpg","type":"image\/jpeg"}],"twitter_card":"summary_large_image","twitter_misc":{"Tiempo de lectura":"2 minutos"},"schema":{"@context":"https:\/\/schema.org","@graph":[{"@type":"WebPage","@id":"https:\/\/turismevalles.com\/es\/actividades\/jaciment-roma-de-mons-observans\/","url":"https:\/\/turismevalles.com\/es\/actividades\/jaciment-roma-de-mons-observans\/","name":"Mons Observans - Jaciment rom\u00e0 de Can Tac\u00f3 - Turisme Vall\u00e8s","isPartOf":{"@id":"https:\/\/turismevalles.com\/en\/#website"},"primaryImageOfPage":{"@id":"https:\/\/turismevalles.com\/es\/actividades\/jaciment-roma-de-mons-observans\/#primaryimage"},"image":{"@id":"https:\/\/turismevalles.com\/es\/actividades\/jaciment-roma-de-mons-observans\/#primaryimage"},"thumbnailUrl":"https:\/\/turismevalles.com\/wp-content\/uploads\/2024\/08\/2017-07-22_SoparMonsObservans_206_joel_mesas-scaled.jpg","datePublished":"2024-08-19T10:15:44+00:00","dateModified":"2024-08-20T08:17:46+00:00","description":"Mons Observans \u00e9s l\u2019assentament rom\u00e0 de Can Tac\u00f3. \u00c9s un exemple gaireb\u00e9 \u00fanic dels romans al darrer ter\u00e7 del segle II aC.","breadcrumb":{"@id":"https:\/\/turismevalles.com\/es\/actividades\/jaciment-roma-de-mons-observans\/#breadcrumb"},"inLanguage":"es","potentialAction":[{"@type":"ReadAction","target":["https:\/\/turismevalles.com\/es\/actividades\/jaciment-roma-de-mons-observans\/"]}]},{"@type":"ImageObject","inLanguage":"es","@id":"https:\/\/turismevalles.com\/es\/actividades\/jaciment-roma-de-mons-observans\/#primaryimage","url":"https:\/\/turismevalles.com\/wp-content\/uploads\/2024\/08\/2017-07-22_SoparMonsObservans_206_joel_mesas-scaled.jpg","contentUrl":"https:\/\/turismevalles.com\/wp-content\/uploads\/2024\/08\/2017-07-22_SoparMonsObservans_206_joel_mesas-scaled.jpg","width":2560,"height":1920,"caption":"OLYMPUS DIGITAL CAMERA"},{"@type":"BreadcrumbList","@id":"https:\/\/turismevalles.com\/es\/actividades\/jaciment-roma-de-mons-observans\/#breadcrumb","itemListElement":[{"@type":"ListItem","position":1,"name":"Inicio","item":"https:\/\/turismevalles.com\/es\/"},{"@type":"ListItem","position":2,"name":"Activities","item":"https:\/\/turismevalles.com\/en\/activities\/"},{"@type":"ListItem","position":3,"name":"Mons Observans &#8211; Jaciment rom\u00e0 de Can Tac\u00f3"}]},{"@type":"WebSite","@id":"https:\/\/turismevalles.com\/en\/#website","url":"https:\/\/turismevalles.com\/en\/","name":"Turisme Vall\u00e8s","description":"","publisher":{"@id":"https:\/\/turismevalles.com\/en\/#organization"},"potentialAction":[{"@type":"SearchAction","target":{"@type":"EntryPoint","urlTemplate":"https:\/\/turismevalles.com\/en\/?s={search_term_string}"},"query-input":{"@type":"PropertyValueSpecification","valueRequired":true,"valueName":"search_term_string"}}],"inLanguage":"es"},{"@type":"Organization","@id":"https:\/\/turismevalles.com\/en\/#organization","name":"Turisme Vall\u00e8s","url":"https:\/\/turismevalles.com\/en\/","logo":{"@type":"ImageObject","inLanguage":"es","@id":"https:\/\/turismevalles.com\/en\/#\/schema\/logo\/image\/","url":"https:\/\/turismevalles.com\/wp-content\/uploads\/2020\/08\/cropped-logo_ca-2.png","contentUrl":"https:\/\/turismevalles.com\/wp-content\/uploads\/2020\/08\/cropped-logo_ca-2.png","width":314,"height":85,"caption":"Turisme Vall\u00e8s"},"image":{"@id":"https:\/\/turismevalles.com\/en\/#\/schema\/logo\/image\/"}}]}},"uagb_featured_image_src":{"full":["https:\/\/turismevalles.com\/wp-content\/uploads\/2024\/08\/2017-07-22_SoparMonsObservans_206_joel_mesas-scaled.jpg",2560,1920,false],"thumbnail":["https:\/\/turismevalles.com\/wp-content\/uploads\/2024\/08\/2017-07-22_SoparMonsObservans_206_joel_mesas-150x150.jpg",150,150,true],"medium":["https:\/\/turismevalles.com\/wp-content\/uploads\/2024\/08\/2017-07-22_SoparMonsObservans_206_joel_mesas-300x225.jpg",300,225,true],"medium_large":["https:\/\/turismevalles.com\/wp-content\/uploads\/2024\/08\/2017-07-22_SoparMonsObservans_206_joel_mesas-768x576.jpg",768,576,true],"large":["https:\/\/turismevalles.com\/wp-content\/uploads\/2024\/08\/2017-07-22_SoparMonsObservans_206_joel_mesas-1024x768.jpg",1024,768,true],"thumblist":["https:\/\/turismevalles.com\/wp-content\/uploads\/2024\/08\/2017-07-22_SoparMonsObservans_206_joel_mesas-300x300.jpg",300,300,true],"meccarouselthumb":["https:\/\/turismevalles.com\/wp-content\/uploads\/2024\/08\/2017-07-22_SoparMonsObservans_206_joel_mesas-474x324.jpg",474,324,true],"gridsquare":["https:\/\/turismevalles.com\/wp-content\/uploads\/2024\/08\/2017-07-22_SoparMonsObservans_206_joel_mesas-391x260.jpg",391,260,true],"tileview":["https:\/\/turismevalles.com\/wp-content\/uploads\/2024\/08\/2017-07-22_SoparMonsObservans_206_joel_mesas-300x400.jpg",300,400,true],"1536x1536":["https:\/\/turismevalles.com\/wp-content\/uploads\/2024\/08\/2017-07-22_SoparMonsObservans_206_joel_mesas-1536x1152.jpg",1536,1152,true],"2048x2048":["https:\/\/turismevalles.com\/wp-content\/uploads\/2024\/08\/2017-07-22_SoparMonsObservans_206_joel_mesas-2048x1536.jpg",2048,1536,true]},"uagb_author_info":{"display_name":"Turisme Valles","author_link":"https:\/\/turismevalles.com\/es\/author\/"},"uagb_comment_info":0,"uagb_excerpt":"Mons Observans Mons Observans \u00e9s l\u2019assentament rom\u00e0 de Can Tac\u00f3, en el tur\u00f3 d\u2019en Roina. \u00c9s un exemple gaireb\u00e9 \u00fanic a la Pen\u00ednsula de la ... Veure m\u00e9s","_links":{"self":[{"href":"https:\/\/turismevalles.com\/es\/wp-json\/wp\/v2\/activitats\/57763","targetHints":{"allow":["GET"]}}],"collection":[{"href":"https:\/\/turismevalles.com\/es\/wp-json\/wp\/v2\/activitats"}],"about":[{"href":"https:\/\/turismevalles.com\/es\/wp-json\/wp\/v2\/types\/activitats"}],"wp:featuredmedia":[{"embeddable":true,"href":"https:\/\/turismevalles.com\/es\/wp-json\/wp\/v2\/media\/57751"}],"wp:attachment":[{"href":"https:\/\/turismevalles.com\/es\/wp-json\/wp\/v2\/media?parent=57763"}],"wp:term":[{"taxonomy":"poblacions","embeddable":true,"href":"https:\/\/turismevalles.com\/es\/wp-json\/wp\/v2\/poblacions?post=57763"},{"taxonomy":"tipus_turisme","embeddable":true,"href":"https:\/\/turismevalles.com\/es\/wp-json\/wp\/v2\/tipus_turisme?post=57763"},{"taxonomy":"tipus_menjar","embeddable":true,"href":"https:\/\/turismevalles.com\/es\/wp-json\/wp\/v2\/tipus_menjar?post=57763"},{"taxonomy":"tipologia_estada","embeddable":true,"href":"https:\/\/turismevalles.com\/es\/wp-json\/wp\/v2\/tipologia_estada?post=57763"}],"curies":[{"name":"wp","href":"https:\/\/api.w.org\/{rel}","templated":true}]}}