{"id":71212,"date":"2026-06-04T13:41:30","date_gmt":"2026-06-04T11:41:30","guid":{"rendered":"https:\/\/turismevalles.com\/activitats\/paseos-y-bienestar-para-todos\/"},"modified":"2026-07-28T09:03:59","modified_gmt":"2026-07-28T07:03:59","slug":"paseos-y-bienestar-para-todos","status":"publish","type":"activitats","link":"https:\/\/turismevalles.com\/es\/actividades\/paseos-y-bienestar-para-todos\/","title":{"rendered":"Marcha n\u00f3rdica en Cardedeu"},"content":{"rendered":"\n<p><strong><em>Paseos y bienestar para todas las personas<\/em><\/strong><\/p>\n\n\n\n<p>La marcha n\u00f3rdica es un deporte lleno de beneficios indicado para cualquier edad que vale la pena descubrir. <\/p>\n\n\n\n<p>Los Servicios de Deportes de la Diputaci\u00f3n de Barcelona, \u200b\u200bcon la colaboraci\u00f3n de varios municipios de la provincia, organizaron el Circuito de caminatas de marcha n\u00f3rdica para todos.<\/p>\n\n\n\n<p>Aqu\u00ed os presentamos la propuesta de <strong>Cardedeu<\/strong><\/p>\n\n\n\n<p>Un paseo muy intuitivo que transita mayoritariamente por pistas forestales amplias con algunos<br>tramos pavimentados y urbanos. Magn\u00edficas vistas al Montseny, la Mola y la cordillera Pre-litoral del Montnegre y el Corredor. <\/p>\n\n\n\n<p><\/p>\n\n\n\n<p><\/p>\n\n\n\n<h2 class=\"wp-block-heading\"><\/h2>\n\n\n\n<p>Encontrar\u00e9is m\u00e1s informaci\u00f3n, ficha t\u00e9cnica y recomendaciones generales de la propuesta en:<\/p>\n\n\n\n<p><a href=\"https:\/\/www.diba.cat\/documents\/d\/esports\/19-20-fitxa-caminada-cardedeu-1\">https:\/\/www.diba.cat\/documents\/d\/esports\/19-20-fitxa-caminada-cardedeu-1<\/a><\/p>\n\n\n\n<p><\/p>\n","protected":false},"featured_media":71199,"template":"","poblacions":[428,435],"tipus_turisme":[255,252,3345,3344],"tipus_menjar":[],"tipologia_estada":[261,264,267,1618,1672],"class_list":["post-71212","activitats","type-activitats","status-publish","has-post-thumbnail","hentry","poblacions-cardedeu-es","poblacions-santa-maria-de-palautordera-es","tipus_turisme-turismo-activo","tipus_turisme-turismo-de-naturaleza","tipus_turisme-turismo-para-todos","tipus_turisme-turismo-senior","tipologia_estada-con-amigos","tipologia_estada-en-familia-es","tipologia_estada-en-pareja","tipologia_estada-single-es","tipologia_estada-senior-es","generate-columns","tablet-grid-50","mobile-grid-100","grid-parent","grid-33"],"acf":{"photo_gallery":{"imatges":[[{"id":72355,"title":"cardedeu_escut","caption":"","full_image_url":"https:\/\/turismevalles.com\/wp-content\/uploads\/2026\/06\/cardedeu_escut.png","thumbnail_image_url":"https:\/\/turismevalles.com\/wp-content\/uploads\/2026\/06\/cardedeu_escut-150x150.png","large_srcset":"https:\/\/turismevalles.com\/wp-content\/uploads\/2026\/06\/cardedeu_escut-1024x1024.png 1024w, https:\/\/turismevalles.com\/wp-content\/uploads\/2026\/06\/cardedeu_escut-300x300.png 300w, https:\/\/turismevalles.com\/wp-content\/uploads\/2026\/06\/cardedeu_escut-150x150.png 150w, https:\/\/turismevalles.com\/wp-content\/uploads\/2026\/06\/cardedeu_escut-768x768.png 768w, https:\/\/turismevalles.com\/wp-content\/uploads\/2026\/06\/cardedeu_escut.png 1080w","medium_srcset":"https:\/\/turismevalles.com\/wp-content\/uploads\/2026\/06\/cardedeu_escut-300x300.png 300w, https:\/\/turismevalles.com\/wp-content\/uploads\/2026\/06\/cardedeu_escut-1024x1024.png 1024w, https:\/\/turismevalles.com\/wp-content\/uploads\/2026\/06\/cardedeu_escut-150x150.png 150w, https:\/\/turismevalles.com\/wp-content\/uploads\/2026\/06\/cardedeu_escut-768x768.png 768w, https:\/\/turismevalles.com\/wp-content\/uploads\/2026\/06\/cardedeu_escut.png 1080w","media_details":{"width":1080,"height":1080,"sizes":{"medium":{"file":"cardedeu_escut-300x300.png","width":300,"height":300,"mime-type":"image\/png","filesize":14543,"source_url":"https:\/\/turismevalles.com\/wp-content\/uploads\/2026\/06\/cardedeu_escut-300x300.png"},"large":{"file":"cardedeu_escut-1024x1024.png","width":1024,"height":1024,"mime-type":"image\/png","filesize":94226,"source_url":"https:\/\/turismevalles.com\/wp-content\/uploads\/2026\/06\/cardedeu_escut-1024x1024.png"},"thumbnail":{"file":"cardedeu_escut-150x150.png","width":150,"height":150,"mime-type":"image\/png","filesize":5622,"source_url":"https:\/\/turismevalles.com\/wp-content\/uploads\/2026\/06\/cardedeu_escut-150x150.png"},"medium_large":{"file":"cardedeu_escut-768x768.png","width":768,"height":768,"mime-type":"image\/png","filesize":59232,"source_url":"https:\/\/turismevalles.com\/wp-content\/uploads\/2026\/06\/cardedeu_escut-768x768.png"},"thumblist":{"file":"cardedeu_escut-300x300.png","width":300,"height":300,"mime-type":"image\/png","filesize":14543,"source_url":"https:\/\/turismevalles.com\/wp-content\/uploads\/2026\/06\/cardedeu_escut-300x300.png"},"meccarouselthumb":{"file":"cardedeu_escut-474x324.png","width":474,"height":324,"mime-type":"image\/png","filesize":23967,"source_url":"https:\/\/turismevalles.com\/wp-content\/uploads\/2026\/06\/cardedeu_escut-474x324.png"},"gridsquare":{"file":"cardedeu_escut-391x260.png","width":391,"height":260,"mime-type":"image\/png","filesize":17725,"source_url":"https:\/\/turismevalles.com\/wp-content\/uploads\/2026\/06\/cardedeu_escut-391x260.png"},"tileview":{"file":"cardedeu_escut-300x400.png","width":300,"height":400,"mime-type":"image\/png","filesize":21501,"source_url":"https:\/\/turismevalles.com\/wp-content\/uploads\/2026\/06\/cardedeu_escut-300x400.png"}}},"alt_text":"","url":"","target":""}]]}},"yoast_head":"<!-- This site is optimized with the Yoast SEO plugin v26.4 - https:\/\/yoast.com\/wordpress\/plugins\/seo\/ -->\n<title>Marcha n\u00f3rdica en Cardedeu - Turisme Vall\u00e8s<\/title>\n<meta name=\"description\" content=\"Marxa-n\u00f2rdica-passejades-per-a-tothom-turisme-senior-caminades-esport-salut-recursos-ciutadania-a-Cardedeu-vall\u00e8s-oriental\" \/>\n<meta name=\"robots\" content=\"index, follow, max-snippet:-1, max-image-preview:large, max-video-preview:-1\" \/>\n<link rel=\"canonical\" href=\"https:\/\/turismevalles.com\/es\/actividades\/paseos-y-bienestar-para-todos\/\" \/>\n<meta property=\"og:locale\" content=\"es_ES\" \/>\n<meta property=\"og:type\" content=\"article\" \/>\n<meta property=\"og:title\" content=\"Marcha n\u00f3rdica en Cardedeu - Turisme Vall\u00e8s\" \/>\n<meta property=\"og:description\" content=\"Marxa-n\u00f2rdica-passejades-per-a-tothom-turisme-senior-caminades-esport-salut-recursos-ciutadania-a-Cardedeu-vall\u00e8s-oriental\" \/>\n<meta property=\"og:url\" content=\"https:\/\/turismevalles.com\/es\/actividades\/paseos-y-bienestar-para-todos\/\" \/>\n<meta property=\"og:site_name\" content=\"Turisme Vall\u00e8s\" \/>\n<meta property=\"article:modified_time\" content=\"2026-07-28T07:03:59+00:00\" \/>\n<meta property=\"og:image\" content=\"https:\/\/turismevalles.com\/wp-content\/uploads\/2026\/06\/20230129_Marxa-Nordica-Capcalera.jpg\" \/>\n\t<meta property=\"og:image:width\" content=\"1543\" \/>\n\t<meta property=\"og:image:height\" content=\"315\" \/>\n\t<meta property=\"og:image:type\" content=\"image\/jpeg\" \/>\n<meta name=\"twitter:card\" content=\"summary_large_image\" \/>\n<meta name=\"twitter:label1\" content=\"Tiempo de lectura\" \/>\n\t<meta name=\"twitter:data1\" content=\"1 minuto\" \/>\n<script type=\"application\/ld+json\" class=\"yoast-schema-graph\">{\"@context\":\"https:\/\/schema.org\",\"@graph\":[{\"@type\":\"WebPage\",\"@id\":\"https:\/\/turismevalles.com\/es\/actividades\/paseos-y-bienestar-para-todos\/\",\"url\":\"https:\/\/turismevalles.com\/es\/actividades\/paseos-y-bienestar-para-todos\/\",\"name\":\"Marcha n\u00f3rdica en Cardedeu - Turisme Vall\u00e8s\",\"isPartOf\":{\"@id\":\"https:\/\/turismevalles.com\/en\/#website\"},\"primaryImageOfPage\":{\"@id\":\"https:\/\/turismevalles.com\/es\/actividades\/paseos-y-bienestar-para-todos\/#primaryimage\"},\"image\":{\"@id\":\"https:\/\/turismevalles.com\/es\/actividades\/paseos-y-bienestar-para-todos\/#primaryimage\"},\"thumbnailUrl\":\"https:\/\/turismevalles.com\/wp-content\/uploads\/2026\/06\/20230129_Marxa-Nordica-Capcalera.jpg\",\"datePublished\":\"2026-06-04T11:41:30+00:00\",\"dateModified\":\"2026-07-28T07:03:59+00:00\",\"description\":\"Marxa-n\u00f2rdica-passejades-per-a-tothom-turisme-senior-caminades-esport-salut-recursos-ciutadania-a-Cardedeu-vall\u00e8s-oriental\",\"breadcrumb\":{\"@id\":\"https:\/\/turismevalles.com\/es\/actividades\/paseos-y-bienestar-para-todos\/#breadcrumb\"},\"inLanguage\":\"es\",\"potentialAction\":[{\"@type\":\"ReadAction\",\"target\":[\"https:\/\/turismevalles.com\/es\/actividades\/paseos-y-bienestar-para-todos\/\"]}]},{\"@type\":\"ImageObject\",\"inLanguage\":\"es\",\"@id\":\"https:\/\/turismevalles.com\/es\/actividades\/paseos-y-bienestar-para-todos\/#primaryimage\",\"url\":\"https:\/\/turismevalles.com\/wp-content\/uploads\/2026\/06\/20230129_Marxa-Nordica-Capcalera.jpg\",\"contentUrl\":\"https:\/\/turismevalles.com\/wp-content\/uploads\/2026\/06\/20230129_Marxa-Nordica-Capcalera.jpg\",\"width\":1543,\"height\":315},{\"@type\":\"BreadcrumbList\",\"@id\":\"https:\/\/turismevalles.com\/es\/actividades\/paseos-y-bienestar-para-todos\/#breadcrumb\",\"itemListElement\":[{\"@type\":\"ListItem\",\"position\":1,\"name\":\"Inicio\",\"item\":\"https:\/\/turismevalles.com\/es\/\"},{\"@type\":\"ListItem\",\"position\":2,\"name\":\"Activities\",\"item\":\"https:\/\/turismevalles.com\/en\/activities\/\"},{\"@type\":\"ListItem\",\"position\":3,\"name\":\"Marcha n\u00f3rdica en Cardedeu\"}]},{\"@type\":\"WebSite\",\"@id\":\"https:\/\/turismevalles.com\/en\/#website\",\"url\":\"https:\/\/turismevalles.com\/en\/\",\"name\":\"Turisme Vall\u00e8s\",\"description\":\"\",\"publisher\":{\"@id\":\"https:\/\/turismevalles.com\/en\/#organization\"},\"potentialAction\":[{\"@type\":\"SearchAction\",\"target\":{\"@type\":\"EntryPoint\",\"urlTemplate\":\"https:\/\/turismevalles.com\/en\/?s={search_term_string}\"},\"query-input\":{\"@type\":\"PropertyValueSpecification\",\"valueRequired\":true,\"valueName\":\"search_term_string\"}}],\"inLanguage\":\"es\"},{\"@type\":\"Organization\",\"@id\":\"https:\/\/turismevalles.com\/en\/#organization\",\"name\":\"Turisme Vall\u00e8s\",\"url\":\"https:\/\/turismevalles.com\/en\/\",\"logo\":{\"@type\":\"ImageObject\",\"inLanguage\":\"es\",\"@id\":\"https:\/\/turismevalles.com\/en\/#\/schema\/logo\/image\/\",\"url\":\"https:\/\/turismevalles.com\/wp-content\/uploads\/2020\/08\/cropped-logo_ca-2.png\",\"contentUrl\":\"https:\/\/turismevalles.com\/wp-content\/uploads\/2020\/08\/cropped-logo_ca-2.png\",\"width\":314,\"height\":85,\"caption\":\"Turisme Vall\u00e8s\"},\"image\":{\"@id\":\"https:\/\/turismevalles.com\/en\/#\/schema\/logo\/image\/\"}}]}<\/script>\n<!-- \/ Yoast SEO plugin. -->","yoast_head_json":{"title":"Marcha n\u00f3rdica en Cardedeu - Turisme Vall\u00e8s","description":"Marxa-n\u00f2rdica-passejades-per-a-tothom-turisme-senior-caminades-esport-salut-recursos-ciutadania-a-Cardedeu-vall\u00e8s-oriental","robots":{"index":"index","follow":"follow","max-snippet":"max-snippet:-1","max-image-preview":"max-image-preview:large","max-video-preview":"max-video-preview:-1"},"canonical":"https:\/\/turismevalles.com\/es\/actividades\/paseos-y-bienestar-para-todos\/","og_locale":"es_ES","og_type":"article","og_title":"Marcha n\u00f3rdica en Cardedeu - Turisme Vall\u00e8s","og_description":"Marxa-n\u00f2rdica-passejades-per-a-tothom-turisme-senior-caminades-esport-salut-recursos-ciutadania-a-Cardedeu-vall\u00e8s-oriental","og_url":"https:\/\/turismevalles.com\/es\/actividades\/paseos-y-bienestar-para-todos\/","og_site_name":"Turisme Vall\u00e8s","article_modified_time":"2026-07-28T07:03:59+00:00","og_image":[{"width":1543,"height":315,"url":"https:\/\/turismevalles.com\/wp-content\/uploads\/2026\/06\/20230129_Marxa-Nordica-Capcalera.jpg","type":"image\/jpeg"}],"twitter_card":"summary_large_image","twitter_misc":{"Tiempo de lectura":"1 minuto"},"schema":{"@context":"https:\/\/schema.org","@graph":[{"@type":"WebPage","@id":"https:\/\/turismevalles.com\/es\/actividades\/paseos-y-bienestar-para-todos\/","url":"https:\/\/turismevalles.com\/es\/actividades\/paseos-y-bienestar-para-todos\/","name":"Marcha n\u00f3rdica en Cardedeu - Turisme Vall\u00e8s","isPartOf":{"@id":"https:\/\/turismevalles.com\/en\/#website"},"primaryImageOfPage":{"@id":"https:\/\/turismevalles.com\/es\/actividades\/paseos-y-bienestar-para-todos\/#primaryimage"},"image":{"@id":"https:\/\/turismevalles.com\/es\/actividades\/paseos-y-bienestar-para-todos\/#primaryimage"},"thumbnailUrl":"https:\/\/turismevalles.com\/wp-content\/uploads\/2026\/06\/20230129_Marxa-Nordica-Capcalera.jpg","datePublished":"2026-06-04T11:41:30+00:00","dateModified":"2026-07-28T07:03:59+00:00","description":"Marxa-n\u00f2rdica-passejades-per-a-tothom-turisme-senior-caminades-esport-salut-recursos-ciutadania-a-Cardedeu-vall\u00e8s-oriental","breadcrumb":{"@id":"https:\/\/turismevalles.com\/es\/actividades\/paseos-y-bienestar-para-todos\/#breadcrumb"},"inLanguage":"es","potentialAction":[{"@type":"ReadAction","target":["https:\/\/turismevalles.com\/es\/actividades\/paseos-y-bienestar-para-todos\/"]}]},{"@type":"ImageObject","inLanguage":"es","@id":"https:\/\/turismevalles.com\/es\/actividades\/paseos-y-bienestar-para-todos\/#primaryimage","url":"https:\/\/turismevalles.com\/wp-content\/uploads\/2026\/06\/20230129_Marxa-Nordica-Capcalera.jpg","contentUrl":"https:\/\/turismevalles.com\/wp-content\/uploads\/2026\/06\/20230129_Marxa-Nordica-Capcalera.jpg","width":1543,"height":315},{"@type":"BreadcrumbList","@id":"https:\/\/turismevalles.com\/es\/actividades\/paseos-y-bienestar-para-todos\/#breadcrumb","itemListElement":[{"@type":"ListItem","position":1,"name":"Inicio","item":"https:\/\/turismevalles.com\/es\/"},{"@type":"ListItem","position":2,"name":"Activities","item":"https:\/\/turismevalles.com\/en\/activities\/"},{"@type":"ListItem","position":3,"name":"Marcha n\u00f3rdica en Cardedeu"}]},{"@type":"WebSite","@id":"https:\/\/turismevalles.com\/en\/#website","url":"https:\/\/turismevalles.com\/en\/","name":"Turisme Vall\u00e8s","description":"","publisher":{"@id":"https:\/\/turismevalles.com\/en\/#organization"},"potentialAction":[{"@type":"SearchAction","target":{"@type":"EntryPoint","urlTemplate":"https:\/\/turismevalles.com\/en\/?s={search_term_string}"},"query-input":{"@type":"PropertyValueSpecification","valueRequired":true,"valueName":"search_term_string"}}],"inLanguage":"es"},{"@type":"Organization","@id":"https:\/\/turismevalles.com\/en\/#organization","name":"Turisme Vall\u00e8s","url":"https:\/\/turismevalles.com\/en\/","logo":{"@type":"ImageObject","inLanguage":"es","@id":"https:\/\/turismevalles.com\/en\/#\/schema\/logo\/image\/","url":"https:\/\/turismevalles.com\/wp-content\/uploads\/2020\/08\/cropped-logo_ca-2.png","contentUrl":"https:\/\/turismevalles.com\/wp-content\/uploads\/2020\/08\/cropped-logo_ca-2.png","width":314,"height":85,"caption":"Turisme Vall\u00e8s"},"image":{"@id":"https:\/\/turismevalles.com\/en\/#\/schema\/logo\/image\/"}}]}},"uagb_featured_image_src":{"full":["https:\/\/turismevalles.com\/wp-content\/uploads\/2026\/06\/20230129_Marxa-Nordica-Capcalera.jpg",1543,315,false],"thumbnail":["https:\/\/turismevalles.com\/wp-content\/uploads\/2026\/06\/20230129_Marxa-Nordica-Capcalera-150x150.jpg",150,150,true],"medium":["https:\/\/turismevalles.com\/wp-content\/uploads\/2026\/06\/20230129_Marxa-Nordica-Capcalera-300x61.jpg",300,61,true],"medium_large":["https:\/\/turismevalles.com\/wp-content\/uploads\/2026\/06\/20230129_Marxa-Nordica-Capcalera-768x157.jpg",768,157,true],"large":["https:\/\/turismevalles.com\/wp-content\/uploads\/2026\/06\/20230129_Marxa-Nordica-Capcalera-1024x209.jpg",1024,209,true],"thumblist":["https:\/\/turismevalles.com\/wp-content\/uploads\/2026\/06\/20230129_Marxa-Nordica-Capcalera-300x300.jpg",300,300,true],"meccarouselthumb":["https:\/\/turismevalles.com\/wp-content\/uploads\/2026\/06\/20230129_Marxa-Nordica-Capcalera-474x315.jpg",474,315,true],"gridsquare":["https:\/\/turismevalles.com\/wp-content\/uploads\/2026\/06\/20230129_Marxa-Nordica-Capcalera-391x260.jpg",391,260,true],"tileview":["https:\/\/turismevalles.com\/wp-content\/uploads\/2026\/06\/20230129_Marxa-Nordica-Capcalera-300x315.jpg",300,315,true],"1536x1536":["https:\/\/turismevalles.com\/wp-content\/uploads\/2026\/06\/20230129_Marxa-Nordica-Capcalera-1536x314.jpg",1536,314,true],"2048x2048":["https:\/\/turismevalles.com\/wp-content\/uploads\/2026\/06\/20230129_Marxa-Nordica-Capcalera.jpg",1543,315,false]},"uagb_author_info":{"display_name":"Turisme Valles","author_link":"https:\/\/turismevalles.com\/es\/author\/"},"uagb_comment_info":0,"uagb_excerpt":"Paseos y bienestar para todas las personas La marcha n\u00f3rdica es un deporte lleno de beneficios indicado para cualquier edad que vale la pena descubrir. ... Veure m\u00e9s","_links":{"self":[{"href":"https:\/\/turismevalles.com\/es\/wp-json\/wp\/v2\/activitats\/71212","targetHints":{"allow":["GET"]}}],"collection":[{"href":"https:\/\/turismevalles.com\/es\/wp-json\/wp\/v2\/activitats"}],"about":[{"href":"https:\/\/turismevalles.com\/es\/wp-json\/wp\/v2\/types\/activitats"}],"wp:featuredmedia":[{"embeddable":true,"href":"https:\/\/turismevalles.com\/es\/wp-json\/wp\/v2\/media\/71199"}],"wp:attachment":[{"href":"https:\/\/turismevalles.com\/es\/wp-json\/wp\/v2\/media?parent=71212"}],"wp:term":[{"taxonomy":"poblacions","embeddable":true,"href":"https:\/\/turismevalles.com\/es\/wp-json\/wp\/v2\/poblacions?post=71212"},{"taxonomy":"tipus_turisme","embeddable":true,"href":"https:\/\/turismevalles.com\/es\/wp-json\/wp\/v2\/tipus_turisme?post=71212"},{"taxonomy":"tipus_menjar","embeddable":true,"href":"https:\/\/turismevalles.com\/es\/wp-json\/wp\/v2\/tipus_menjar?post=71212"},{"taxonomy":"tipologia_estada","embeddable":true,"href":"https:\/\/turismevalles.com\/es\/wp-json\/wp\/v2\/tipologia_estada?post=71212"}],"curies":[{"name":"wp","href":"https:\/\/api.w.org\/{rel}","templated":true}]}}