{"id":72517,"date":"2026-07-16T14:44:38","date_gmt":"2026-07-16T12:44:38","guid":{"rendered":"https:\/\/turismevalles.com\/activitats\/rutas-por-el-patrimonio-de-cardedeu-y-itinerario-de-sant-hilari\/"},"modified":"2026-07-30T14:45:13","modified_gmt":"2026-07-30T12:45:13","slug":"rutas-por-el-patrimonio-de-cardedeu-e-itinerario-de-sant-hilari","status":"publish","type":"activitats","link":"https:\/\/turismevalles.com\/es\/actividades\/rutas-por-el-patrimonio-de-cardedeu-e-itinerario-de-sant-hilari\/","title":{"rendered":"Rutas, paseos y visitas por Cardedeu"},"content":{"rendered":"\n<p><strong><em>Naturaleza, salud y patrimonio<\/em><\/strong><\/p>\n\n\n\n<p>Con este lema, el Museo Arxivo Tomas Balvey te invigta a conocer Cardedeu desde la riqueza del su patrimonio hist\u00f3rico, arquitect\u00f3nico y natural. &#8211;<strong><a href=\"https:\/\/museudecardedeu.cat\/wp-content\/uploads\/2024\/06\/Cardedeu-Natura_Salut_Patrimoni_web.pdf\" target=\"_blank\" rel=\"noreferrer noopener\">Descargate aqu\u00ed el documento explicativo-.<\/a><\/strong><\/p>\n\n\n\n<p>Entre otras propuestas, tambi\u00e9n organiza diversas opciones de <strong><a href=\"https:\/\/museudecardedeu.cat\/que-fer-a-cardedeu\/\" target=\"_blank\" rel=\"noreferrer noopener\">rutas, paseos y\/o visitas e itinerarios guiados<\/a><\/strong> que podr\u00e1s realizar a pie o en bicicleta.<\/p>\n\n\n\n<p>No te pierdas:<\/p>\n\n\n\n<ul class=\"wp-block-list\">\n<li>la huella del <a href=\"https:\/\/museudecardedeu.cat\/que-fer-a-cardedeu\/turisme-a-cardedeu-modernisme-destiueig\/\" target=\"_blank\" rel=\"noreferrer noopener\"><strong>modernismo<\/strong><\/a> de veraneo en la poblaci\u00f3n<\/li>\n\n\n\n<li>la propuesta <a href=\"https:\/\/museudecardedeu.cat\/wp-content\/uploads\/2018\/11\/Museu_MATBC_Triptic_Passejades_per_Cardedeu.pdf\" target=\"_blank\" rel=\"noreferrer noopener\"><strong>Un paseo por Cardedeu<\/strong><\/a> para conocer la poblaci\u00f3n a trav\u00e9s de sus calles, sus casas y su historia<\/li>\n\n\n\n<li><a href=\"https:\/\/www.cardedeu.cat\/el-municipi\/1833-turisme\/rutes\/itinerari-de-sant-hilari.html\" target=\"_blank\" rel=\"noreferrer noopener\"><strong>el itinerario de Sant Hilari:<\/strong><\/a> recorrido circular por la pista cumbrera de la Sierra de Sant Hilari.<\/li>\n<\/ul>\n\n\n\t\t\t\t\t<div\n\t\t\t\t\t\tclass=\"wp-block-uagb-image-gallery uagb-block-8cd94ce4     \"\n\t\t\t\t\t\tstyle=\"\"\n\t\t\t\t\t>\n\t\t\t\t\t\t\t\t\t\t\t<div class=\"spectra-image-gallery spectra-image-gallery__layout--grid spectra-image-gallery__layout--grid-col-3 spectra-image-gallery__layout--grid-col-tab-3 spectra-image-gallery__layout--grid-col-mob-2\">\n\t\t\t\t\t\t\t\t\t\t\t<div class='spectra-image-gallery__media-wrapper' data-spectra-gallery-image-id='72857' tabindex=\"0\">\n\t\t\t\t\t\t\t<div class=\"spectra-image-gallery__media spectra-image-gallery__media--grid\">\n\t\t\t\t<picture>\n\t\t\t\t\t<source media=\"(min-width: 1024px)\" srcset=\"https:\/\/turismevalles.com\/wp-content\/uploads\/2026\/07\/Riera-de-Vallforners-700x1024.jpg\">\n\t\t\t\t\t<source media=\"(min-width: 768px)\" srcset=\"https:\/\/turismevalles.com\/wp-content\/uploads\/2026\/07\/Riera-de-Vallforners-700x1024.jpg\">\n\t\t\t\t\t<img decoding=\"async\" class=\"spectra-image-gallery__media-thumbnail spectra-image-gallery__media-thumbnail--grid\" src=\"https:\/\/turismevalles.com\/wp-content\/uploads\/2026\/07\/Riera-de-Vallforners-205x300.jpg\" alt=\"Riera de Vallforners\" loading=\"lazy\" \/>\n\t\t\t\t<\/picture>\n\t\t\t\t<div class=\"spectra-image-gallery__media-thumbnail-blurrer\"><\/div>\n\t\t\t\t\t\t\t\t\t\t\t<div class=\"spectra-image-gallery__media-thumbnail-caption-wrapper spectra-image-gallery__media-thumbnail-caption-wrapper--overlay\">\n\t\t\t\t\t\t\t\t\t\t\t<div class=\"spectra-image-gallery__media-thumbnail-caption spectra-image-gallery__media-thumbnail-caption--overlay\">\n\t\t\t\t\tRiera de Vallforners\t\t\t\t<\/div>\n\t\t\t\t\t\t\t\t\t\t<\/div>\n\t\t\t\t\t\t\t\t\t<\/div>\n\t\t\t\t\t\t<\/div>\n\t\t\t\t\t\t<div class='spectra-image-gallery__media-wrapper' data-spectra-gallery-image-id='72861' tabindex=\"0\">\n\t\t\t\t\t\t\t<div class=\"spectra-image-gallery__media spectra-image-gallery__media--grid\">\n\t\t\t\t<picture>\n\t\t\t\t\t<source media=\"(min-width: 1024px)\" srcset=\"https:\/\/turismevalles.com\/wp-content\/uploads\/2026\/07\/Centre-de-Cardedeu-de-nit-1024x768.jpg\">\n\t\t\t\t\t<source media=\"(min-width: 768px)\" srcset=\"https:\/\/turismevalles.com\/wp-content\/uploads\/2026\/07\/Centre-de-Cardedeu-de-nit-1024x768.jpg\">\n\t\t\t\t\t<img decoding=\"async\" class=\"spectra-image-gallery__media-thumbnail spectra-image-gallery__media-thumbnail--grid\" src=\"https:\/\/turismevalles.com\/wp-content\/uploads\/2026\/07\/Centre-de-Cardedeu-de-nit-300x225.jpg\" alt=\"Centre de Cardedeu de nit\" loading=\"lazy\" \/>\n\t\t\t\t<\/picture>\n\t\t\t\t<div class=\"spectra-image-gallery__media-thumbnail-blurrer\"><\/div>\n\t\t\t\t\t\t\t\t\t\t\t<div class=\"spectra-image-gallery__media-thumbnail-caption-wrapper spectra-image-gallery__media-thumbnail-caption-wrapper--overlay\">\n\t\t\t\t\t\t\t\t\t\t\t<div class=\"spectra-image-gallery__media-thumbnail-caption spectra-image-gallery__media-thumbnail-caption--overlay\">\n\t\t\t\t\tCentre de Cardedeu de nit\t\t\t\t<\/div>\n\t\t\t\t\t\t\t\t\t\t<\/div>\n\t\t\t\t\t\t\t\t\t<\/div>\n\t\t\t\t\t\t<\/div>\n\t\t\t\t\t\t<div class='spectra-image-gallery__media-wrapper' data-spectra-gallery-image-id='72865' tabindex=\"0\">\n\t\t\t\t\t\t\t<div class=\"spectra-image-gallery__media spectra-image-gallery__media--grid\">\n\t\t\t\t<picture>\n\t\t\t\t\t<source media=\"(min-width: 1024px)\" srcset=\"https:\/\/turismevalles.com\/wp-content\/uploads\/2026\/07\/Gorg-de-la-mina-1024x768.jpg\">\n\t\t\t\t\t<source media=\"(min-width: 768px)\" srcset=\"https:\/\/turismevalles.com\/wp-content\/uploads\/2026\/07\/Gorg-de-la-mina-1024x768.jpg\">\n\t\t\t\t\t<img decoding=\"async\" class=\"spectra-image-gallery__media-thumbnail spectra-image-gallery__media-thumbnail--grid\" src=\"https:\/\/turismevalles.com\/wp-content\/uploads\/2026\/07\/Gorg-de-la-mina-300x225.jpg\" alt=\"Gorg de la mina\" loading=\"lazy\" \/>\n\t\t\t\t<\/picture>\n\t\t\t\t<div class=\"spectra-image-gallery__media-thumbnail-blurrer\"><\/div>\n\t\t\t\t\t\t\t\t\t\t\t<div class=\"spectra-image-gallery__media-thumbnail-caption-wrapper spectra-image-gallery__media-thumbnail-caption-wrapper--overlay\">\n\t\t\t\t\t\t\t\t\t\t\t<div class=\"spectra-image-gallery__media-thumbnail-caption spectra-image-gallery__media-thumbnail-caption--overlay\">\n\t\t\t\t\tGorg de la mina\t\t\t\t<\/div>\n\t\t\t\t\t\t\t\t\t\t<\/div>\n\t\t\t\t\t\t\t\t\t<\/div>\n\t\t\t\t\t\t<\/div>\n\t\t\t\t\t\t\t\t\t\t<\/div>\n\t\t\t\t\t\t\t\t\t\t\t\t\t\t\t\t\t\t<\/div>\n\t\t\t\t\t\t\t\t\t","protected":false},"featured_media":72515,"template":"","poblacions":[428],"tipus_turisme":[255,252,1014,3344],"tipus_menjar":[],"tipologia_estada":[261,264,267,1618,1672],"class_list":["post-72517","activitats","type-activitats","status-publish","has-post-thumbnail","hentry","poblacions-cardedeu-es","tipus_turisme-turismo-activo","tipus_turisme-turismo-de-naturaleza","tipus_turisme-turismo-familiar","tipus_turisme-turismo-senior","tipologia_estada-con-amigos","tipologia_estada-en-familia-es","tipologia_estada-en-pareja","tipologia_estada-single-es","tipologia_estada-senior-es","generate-columns","tablet-grid-50","mobile-grid-100","grid-parent","grid-33"],"acf":{"photo_gallery":{"imatges":[[]]}},"yoast_head":"<!-- This site is optimized with the Yoast SEO plugin v26.4 - https:\/\/yoast.com\/wordpress\/plugins\/seo\/ -->\n<title>Rutas, paseos y visitas por Cardedeu - Turisme Vall\u00e8s<\/title>\n<meta name=\"description\" content=\"Os ofrecemos diversas rutas e itinerarios para descubrirlos y conocerlos c\u00f3mo y cuando os apetezca\" \/>\n<meta name=\"robots\" content=\"index, follow, max-snippet:-1, max-image-preview:large, max-video-preview:-1\" \/>\n<link rel=\"canonical\" href=\"https:\/\/turismevalles.com\/es\/actividades\/rutas-por-el-patrimonio-de-cardedeu-e-itinerario-de-sant-hilari\/\" \/>\n<meta property=\"og:locale\" content=\"es_ES\" \/>\n<meta property=\"og:type\" content=\"article\" \/>\n<meta property=\"og:title\" content=\"Rutas, paseos y visitas por Cardedeu - Turisme Vall\u00e8s\" \/>\n<meta property=\"og:description\" content=\"Os ofrecemos diversas rutas e itinerarios para descubrirlos y conocerlos c\u00f3mo y cuando os apetezca\" \/>\n<meta property=\"og:url\" content=\"https:\/\/turismevalles.com\/es\/actividades\/rutas-por-el-patrimonio-de-cardedeu-e-itinerario-de-sant-hilari\/\" \/>\n<meta property=\"og:site_name\" content=\"Turisme Vall\u00e8s\" \/>\n<meta property=\"article:modified_time\" content=\"2026-07-30T12:45:13+00:00\" \/>\n<meta property=\"og:image\" content=\"https:\/\/turismevalles.com\/wp-content\/uploads\/2026\/07\/Vista-Cardedeu-Montseny-nevat-scaled.jpg\" \/>\n\t<meta property=\"og:image:width\" content=\"2560\" \/>\n\t<meta property=\"og:image:height\" content=\"1920\" \/>\n\t<meta property=\"og:image:type\" content=\"image\/jpeg\" \/>\n<meta name=\"twitter:card\" content=\"summary_large_image\" \/>\n<meta name=\"twitter:label1\" content=\"Tiempo de lectura\" \/>\n\t<meta name=\"twitter:data1\" content=\"1 minuto\" \/>\n<script type=\"application\/ld+json\" class=\"yoast-schema-graph\">{\"@context\":\"https:\/\/schema.org\",\"@graph\":[{\"@type\":\"WebPage\",\"@id\":\"https:\/\/turismevalles.com\/es\/actividades\/rutas-por-el-patrimonio-de-cardedeu-e-itinerario-de-sant-hilari\/\",\"url\":\"https:\/\/turismevalles.com\/es\/actividades\/rutas-por-el-patrimonio-de-cardedeu-e-itinerario-de-sant-hilari\/\",\"name\":\"Rutas, paseos y visitas por Cardedeu - Turisme Vall\u00e8s\",\"isPartOf\":{\"@id\":\"https:\/\/turismevalles.com\/en\/#website\"},\"primaryImageOfPage\":{\"@id\":\"https:\/\/turismevalles.com\/es\/actividades\/rutas-por-el-patrimonio-de-cardedeu-e-itinerario-de-sant-hilari\/#primaryimage\"},\"image\":{\"@id\":\"https:\/\/turismevalles.com\/es\/actividades\/rutas-por-el-patrimonio-de-cardedeu-e-itinerario-de-sant-hilari\/#primaryimage\"},\"thumbnailUrl\":\"https:\/\/turismevalles.com\/wp-content\/uploads\/2026\/07\/Vista-Cardedeu-Montseny-nevat-scaled.jpg\",\"datePublished\":\"2026-07-16T12:44:38+00:00\",\"dateModified\":\"2026-07-30T12:45:13+00:00\",\"description\":\"Os ofrecemos diversas rutas e itinerarios para descubrirlos y conocerlos c\u00f3mo y cuando os apetezca\",\"breadcrumb\":{\"@id\":\"https:\/\/turismevalles.com\/es\/actividades\/rutas-por-el-patrimonio-de-cardedeu-e-itinerario-de-sant-hilari\/#breadcrumb\"},\"inLanguage\":\"es\",\"potentialAction\":[{\"@type\":\"ReadAction\",\"target\":[\"https:\/\/turismevalles.com\/es\/actividades\/rutas-por-el-patrimonio-de-cardedeu-e-itinerario-de-sant-hilari\/\"]}]},{\"@type\":\"ImageObject\",\"inLanguage\":\"es\",\"@id\":\"https:\/\/turismevalles.com\/es\/actividades\/rutas-por-el-patrimonio-de-cardedeu-e-itinerario-de-sant-hilari\/#primaryimage\",\"url\":\"https:\/\/turismevalles.com\/wp-content\/uploads\/2026\/07\/Vista-Cardedeu-Montseny-nevat-scaled.jpg\",\"contentUrl\":\"https:\/\/turismevalles.com\/wp-content\/uploads\/2026\/07\/Vista-Cardedeu-Montseny-nevat-scaled.jpg\",\"width\":2560,\"height\":1920},{\"@type\":\"BreadcrumbList\",\"@id\":\"https:\/\/turismevalles.com\/es\/actividades\/rutas-por-el-patrimonio-de-cardedeu-e-itinerario-de-sant-hilari\/#breadcrumb\",\"itemListElement\":[{\"@type\":\"ListItem\",\"position\":1,\"name\":\"Inicio\",\"item\":\"https:\/\/turismevalles.com\/es\/\"},{\"@type\":\"ListItem\",\"position\":2,\"name\":\"Activities\",\"item\":\"https:\/\/turismevalles.com\/en\/activities\/\"},{\"@type\":\"ListItem\",\"position\":3,\"name\":\"Rutas, paseos y visitas por Cardedeu\"}]},{\"@type\":\"WebSite\",\"@id\":\"https:\/\/turismevalles.com\/en\/#website\",\"url\":\"https:\/\/turismevalles.com\/en\/\",\"name\":\"Turisme Vall\u00e8s\",\"description\":\"\",\"publisher\":{\"@id\":\"https:\/\/turismevalles.com\/en\/#organization\"},\"potentialAction\":[{\"@type\":\"SearchAction\",\"target\":{\"@type\":\"EntryPoint\",\"urlTemplate\":\"https:\/\/turismevalles.com\/en\/?s={search_term_string}\"},\"query-input\":{\"@type\":\"PropertyValueSpecification\",\"valueRequired\":true,\"valueName\":\"search_term_string\"}}],\"inLanguage\":\"es\"},{\"@type\":\"Organization\",\"@id\":\"https:\/\/turismevalles.com\/en\/#organization\",\"name\":\"Turisme Vall\u00e8s\",\"url\":\"https:\/\/turismevalles.com\/en\/\",\"logo\":{\"@type\":\"ImageObject\",\"inLanguage\":\"es\",\"@id\":\"https:\/\/turismevalles.com\/en\/#\/schema\/logo\/image\/\",\"url\":\"https:\/\/turismevalles.com\/wp-content\/uploads\/2020\/08\/cropped-logo_ca-2.png\",\"contentUrl\":\"https:\/\/turismevalles.com\/wp-content\/uploads\/2020\/08\/cropped-logo_ca-2.png\",\"width\":314,\"height\":85,\"caption\":\"Turisme Vall\u00e8s\"},\"image\":{\"@id\":\"https:\/\/turismevalles.com\/en\/#\/schema\/logo\/image\/\"}}]}<\/script>\n<!-- \/ Yoast SEO plugin. -->","yoast_head_json":{"title":"Rutas, paseos y visitas por Cardedeu - Turisme Vall\u00e8s","description":"Os ofrecemos diversas rutas e itinerarios para descubrirlos y conocerlos c\u00f3mo y cuando os apetezca","robots":{"index":"index","follow":"follow","max-snippet":"max-snippet:-1","max-image-preview":"max-image-preview:large","max-video-preview":"max-video-preview:-1"},"canonical":"https:\/\/turismevalles.com\/es\/actividades\/rutas-por-el-patrimonio-de-cardedeu-e-itinerario-de-sant-hilari\/","og_locale":"es_ES","og_type":"article","og_title":"Rutas, paseos y visitas por Cardedeu - Turisme Vall\u00e8s","og_description":"Os ofrecemos diversas rutas e itinerarios para descubrirlos y conocerlos c\u00f3mo y cuando os apetezca","og_url":"https:\/\/turismevalles.com\/es\/actividades\/rutas-por-el-patrimonio-de-cardedeu-e-itinerario-de-sant-hilari\/","og_site_name":"Turisme Vall\u00e8s","article_modified_time":"2026-07-30T12:45:13+00:00","og_image":[{"width":2560,"height":1920,"url":"https:\/\/turismevalles.com\/wp-content\/uploads\/2026\/07\/Vista-Cardedeu-Montseny-nevat-scaled.jpg","type":"image\/jpeg"}],"twitter_card":"summary_large_image","twitter_misc":{"Tiempo de lectura":"1 minuto"},"schema":{"@context":"https:\/\/schema.org","@graph":[{"@type":"WebPage","@id":"https:\/\/turismevalles.com\/es\/actividades\/rutas-por-el-patrimonio-de-cardedeu-e-itinerario-de-sant-hilari\/","url":"https:\/\/turismevalles.com\/es\/actividades\/rutas-por-el-patrimonio-de-cardedeu-e-itinerario-de-sant-hilari\/","name":"Rutas, paseos y visitas por Cardedeu - Turisme Vall\u00e8s","isPartOf":{"@id":"https:\/\/turismevalles.com\/en\/#website"},"primaryImageOfPage":{"@id":"https:\/\/turismevalles.com\/es\/actividades\/rutas-por-el-patrimonio-de-cardedeu-e-itinerario-de-sant-hilari\/#primaryimage"},"image":{"@id":"https:\/\/turismevalles.com\/es\/actividades\/rutas-por-el-patrimonio-de-cardedeu-e-itinerario-de-sant-hilari\/#primaryimage"},"thumbnailUrl":"https:\/\/turismevalles.com\/wp-content\/uploads\/2026\/07\/Vista-Cardedeu-Montseny-nevat-scaled.jpg","datePublished":"2026-07-16T12:44:38+00:00","dateModified":"2026-07-30T12:45:13+00:00","description":"Os ofrecemos diversas rutas e itinerarios para descubrirlos y conocerlos c\u00f3mo y cuando os apetezca","breadcrumb":{"@id":"https:\/\/turismevalles.com\/es\/actividades\/rutas-por-el-patrimonio-de-cardedeu-e-itinerario-de-sant-hilari\/#breadcrumb"},"inLanguage":"es","potentialAction":[{"@type":"ReadAction","target":["https:\/\/turismevalles.com\/es\/actividades\/rutas-por-el-patrimonio-de-cardedeu-e-itinerario-de-sant-hilari\/"]}]},{"@type":"ImageObject","inLanguage":"es","@id":"https:\/\/turismevalles.com\/es\/actividades\/rutas-por-el-patrimonio-de-cardedeu-e-itinerario-de-sant-hilari\/#primaryimage","url":"https:\/\/turismevalles.com\/wp-content\/uploads\/2026\/07\/Vista-Cardedeu-Montseny-nevat-scaled.jpg","contentUrl":"https:\/\/turismevalles.com\/wp-content\/uploads\/2026\/07\/Vista-Cardedeu-Montseny-nevat-scaled.jpg","width":2560,"height":1920},{"@type":"BreadcrumbList","@id":"https:\/\/turismevalles.com\/es\/actividades\/rutas-por-el-patrimonio-de-cardedeu-e-itinerario-de-sant-hilari\/#breadcrumb","itemListElement":[{"@type":"ListItem","position":1,"name":"Inicio","item":"https:\/\/turismevalles.com\/es\/"},{"@type":"ListItem","position":2,"name":"Activities","item":"https:\/\/turismevalles.com\/en\/activities\/"},{"@type":"ListItem","position":3,"name":"Rutas, paseos y visitas por Cardedeu"}]},{"@type":"WebSite","@id":"https:\/\/turismevalles.com\/en\/#website","url":"https:\/\/turismevalles.com\/en\/","name":"Turisme Vall\u00e8s","description":"","publisher":{"@id":"https:\/\/turismevalles.com\/en\/#organization"},"potentialAction":[{"@type":"SearchAction","target":{"@type":"EntryPoint","urlTemplate":"https:\/\/turismevalles.com\/en\/?s={search_term_string}"},"query-input":{"@type":"PropertyValueSpecification","valueRequired":true,"valueName":"search_term_string"}}],"inLanguage":"es"},{"@type":"Organization","@id":"https:\/\/turismevalles.com\/en\/#organization","name":"Turisme Vall\u00e8s","url":"https:\/\/turismevalles.com\/en\/","logo":{"@type":"ImageObject","inLanguage":"es","@id":"https:\/\/turismevalles.com\/en\/#\/schema\/logo\/image\/","url":"https:\/\/turismevalles.com\/wp-content\/uploads\/2020\/08\/cropped-logo_ca-2.png","contentUrl":"https:\/\/turismevalles.com\/wp-content\/uploads\/2020\/08\/cropped-logo_ca-2.png","width":314,"height":85,"caption":"Turisme Vall\u00e8s"},"image":{"@id":"https:\/\/turismevalles.com\/en\/#\/schema\/logo\/image\/"}}]}},"uagb_featured_image_src":{"full":["https:\/\/turismevalles.com\/wp-content\/uploads\/2026\/07\/Vista-Cardedeu-Montseny-nevat-scaled.jpg",2560,1920,false],"thumbnail":["https:\/\/turismevalles.com\/wp-content\/uploads\/2026\/07\/Vista-Cardedeu-Montseny-nevat-150x150.jpg",150,150,true],"medium":["https:\/\/turismevalles.com\/wp-content\/uploads\/2026\/07\/Vista-Cardedeu-Montseny-nevat-300x225.jpg",300,225,true],"medium_large":["https:\/\/turismevalles.com\/wp-content\/uploads\/2026\/07\/Vista-Cardedeu-Montseny-nevat-768x576.jpg",768,576,true],"large":["https:\/\/turismevalles.com\/wp-content\/uploads\/2026\/07\/Vista-Cardedeu-Montseny-nevat-1024x768.jpg",1024,768,true],"thumblist":["https:\/\/turismevalles.com\/wp-content\/uploads\/2026\/07\/Vista-Cardedeu-Montseny-nevat-300x300.jpg",300,300,true],"meccarouselthumb":["https:\/\/turismevalles.com\/wp-content\/uploads\/2026\/07\/Vista-Cardedeu-Montseny-nevat-474x324.jpg",474,324,true],"gridsquare":["https:\/\/turismevalles.com\/wp-content\/uploads\/2026\/07\/Vista-Cardedeu-Montseny-nevat-391x260.jpg",391,260,true],"tileview":["https:\/\/turismevalles.com\/wp-content\/uploads\/2026\/07\/Vista-Cardedeu-Montseny-nevat-300x400.jpg",300,400,true],"1536x1536":["https:\/\/turismevalles.com\/wp-content\/uploads\/2026\/07\/Vista-Cardedeu-Montseny-nevat-1536x1152.jpg",1536,1152,true],"2048x2048":["https:\/\/turismevalles.com\/wp-content\/uploads\/2026\/07\/Vista-Cardedeu-Montseny-nevat-2048x1536.jpg",2048,1536,true]},"uagb_author_info":{"display_name":"Turisme Valles","author_link":"https:\/\/turismevalles.com\/es\/author\/"},"uagb_comment_info":0,"uagb_excerpt":"Naturaleza, salud y patrimonio Con este lema, el Museo Arxivo Tomas Balvey te invigta a conocer Cardedeu desde la riqueza del su patrimonio hist\u00f3rico, arquitect\u00f3nico ... Veure m\u00e9s","_links":{"self":[{"href":"https:\/\/turismevalles.com\/es\/wp-json\/wp\/v2\/activitats\/72517","targetHints":{"allow":["GET"]}}],"collection":[{"href":"https:\/\/turismevalles.com\/es\/wp-json\/wp\/v2\/activitats"}],"about":[{"href":"https:\/\/turismevalles.com\/es\/wp-json\/wp\/v2\/types\/activitats"}],"wp:featuredmedia":[{"embeddable":true,"href":"https:\/\/turismevalles.com\/es\/wp-json\/wp\/v2\/media\/72515"}],"wp:attachment":[{"href":"https:\/\/turismevalles.com\/es\/wp-json\/wp\/v2\/media?parent=72517"}],"wp:term":[{"taxonomy":"poblacions","embeddable":true,"href":"https:\/\/turismevalles.com\/es\/wp-json\/wp\/v2\/poblacions?post=72517"},{"taxonomy":"tipus_turisme","embeddable":true,"href":"https:\/\/turismevalles.com\/es\/wp-json\/wp\/v2\/tipus_turisme?post=72517"},{"taxonomy":"tipus_menjar","embeddable":true,"href":"https:\/\/turismevalles.com\/es\/wp-json\/wp\/v2\/tipus_menjar?post=72517"},{"taxonomy":"tipologia_estada","embeddable":true,"href":"https:\/\/turismevalles.com\/es\/wp-json\/wp\/v2\/tipologia_estada?post=72517"}],"curies":[{"name":"wp","href":"https:\/\/api.w.org\/{rel}","templated":true}]}}