{"id":8787,"date":"2020-11-20T11:37:15","date_gmt":"2020-11-20T09:37:15","guid":{"rendered":"http:\/\/turismevalles.com.mialias.net\/activitats\/banos-termales-el-lavadero-en-caldes-de-montbui\/"},"modified":"2020-11-20T11:37:17","modified_gmt":"2020-11-20T09:37:17","slug":"banos-termales-el-lavadero-en-caldes-de-montbui","status":"publish","type":"activitats","link":"https:\/\/turismevalles.com\/es\/actividades\/banos-termales-el-lavadero-en-caldes-de-montbui\/","title":{"rendered":"Ba\u00f1os Termales El Lavadero en Caldes de Montbui"},"content":{"rendered":"\n<p>Los ba\u00f1os termales El Lavadero son un espacio p\u00fablico en el que disfrutar de las propiedades terap\u00e9uticas y relajantes del agua mineromedicinal que brolla en el municipio de Caldes de Montbui. El equipamiento aprovecha la estructura de unos antiguos lavaderos de agua termal construidos a mediados del siglo XX.<\/p>\n\n<p><strong>Qu\u00e9 hay que llevar para hacer un ba\u00f1o termal?<\/strong><br\/>-Las mujeres pueden entrar en el espacio del Lavadero tanto en ba\u00f1ador como en bikini y los hombres con ba\u00f1ador tipo short, bermudas o slip.<br\/>-Se puede ir descalzo o con los patucos de l\u00e1tex de un solo uso.<br\/>-Es obligatorio llevar gorro de ba\u00f1o.<br\/>-Es obligatorio entrar en la zona termal con ba\u00f1ador, previa adquisici\u00f3n de la entrada.<br\/>-En ning\u00fan caso se podr\u00e1 entrar vestido de calle.<br\/>-La ropa de ba\u00f1o no est\u00e1 incluida en el precio de la entrada.<br\/>-En la recepci\u00f3n se pueden comprar toallas desechables (2,50 \u20ac), casquillos de ba\u00f1o (4,00 \u20ac) y ba\u00f1adores (15,00 \u20ac).<\/p>\n\n<h2 class=\"wp-block-heading\">Condiciones de la reserva:<\/h2>\n\n<p>&#8211; Entrada general: 6,00 \u20ac<br\/>&#8211; Entrada reducida: 3,50 \u20ac<br\/>&#8211; Bono especial 10 ba\u00f1os: 35 \u20ac<br\/>&#8211; Servicio de ba\u00f1o termal y<br\/> y visita guiada al n\u00facleo antiguo (tarifa general): 7 \u20ac<br\/>&#8211; Servicio de ba\u00f1o termal y<br\/> visita guiada al n\u00facleo antiguo (tarifa reducida): 4,5 \u20ac<br\/>&#8211; Alquiler de toallas: 2,5\u20ac<\/p>\n","protected":false},"featured_media":8058,"template":"","poblacions":[431],"tipus_turisme":[245],"tipus_menjar":[],"tipologia_estada":[261,267,1672],"class_list":["post-8787","activitats","type-activitats","status-publish","has-post-thumbnail","hentry","poblacions-caldes-de-montbui-es","tipus_turisme-turismo-termal-y-bienestar","tipologia_estada-con-amigos","tipologia_estada-en-pareja","tipologia_estada-senior-es","generate-columns","tablet-grid-50","mobile-grid-100","grid-parent","grid-33"],"acf":{"photo_gallery":{"imatges":[[{"id":8058,"title":"turismevalles2761 (1)","caption":"","full_image_url":"https:\/\/turismevalles.com\/wp-content\/uploads\/2020\/11\/turismevalles2761-1.jpg","thumbnail_image_url":"https:\/\/turismevalles.com\/wp-content\/uploads\/2020\/11\/turismevalles2761-1-150x150.jpg","large_srcset":"https:\/\/turismevalles.com\/wp-content\/uploads\/2020\/11\/turismevalles2761-1.jpg 720w, https:\/\/turismevalles.com\/wp-content\/uploads\/2020\/11\/turismevalles2761-1-300x126.jpg 300w","medium_srcset":"https:\/\/turismevalles.com\/wp-content\/uploads\/2020\/11\/turismevalles2761-1-300x126.jpg 300w, https:\/\/turismevalles.com\/wp-content\/uploads\/2020\/11\/turismevalles2761-1.jpg 720w","media_details":{"width":720,"height":302,"sizes":{"medium":{"file":"turismevalles2761-1-300x126.jpg","width":300,"height":126,"mime-type":"image\/jpeg","source_url":"https:\/\/turismevalles.com\/wp-content\/uploads\/2020\/11\/turismevalles2761-1-300x126.jpg"},"thumbnail":{"file":"turismevalles2761-1-150x150.jpg","width":150,"height":150,"mime-type":"image\/jpeg","source_url":"https:\/\/turismevalles.com\/wp-content\/uploads\/2020\/11\/turismevalles2761-1-150x150.jpg"}}},"alt_text":"Banys Termals El Safareig","url":"","target":""},{"id":8046,"title":"turismevalles1787","caption":"","full_image_url":"https:\/\/turismevalles.com\/wp-content\/uploads\/2020\/11\/turismevalles1787.jpg","thumbnail_image_url":"https:\/\/turismevalles.com\/wp-content\/uploads\/2020\/11\/turismevalles1787-150x150.jpg","large_srcset":"https:\/\/turismevalles.com\/wp-content\/uploads\/2020\/11\/turismevalles1787.jpg 720w, https:\/\/turismevalles.com\/wp-content\/uploads\/2020\/11\/turismevalles1787-300x126.jpg 300w","medium_srcset":"https:\/\/turismevalles.com\/wp-content\/uploads\/2020\/11\/turismevalles1787-300x126.jpg 300w, https:\/\/turismevalles.com\/wp-content\/uploads\/2020\/11\/turismevalles1787.jpg 720w","media_details":{"width":720,"height":302,"sizes":{"medium":{"file":"turismevalles1787-300x126.jpg","width":300,"height":126,"mime-type":"image\/jpeg","source_url":"https:\/\/turismevalles.com\/wp-content\/uploads\/2020\/11\/turismevalles1787-300x126.jpg"},"thumbnail":{"file":"turismevalles1787-150x150.jpg","width":150,"height":150,"mime-type":"image\/jpeg","source_url":"https:\/\/turismevalles.com\/wp-content\/uploads\/2020\/11\/turismevalles1787-150x150.jpg"}}},"alt_text":"","url":"","target":""},{"id":8049,"title":"turismevalles1788","caption":"","full_image_url":"https:\/\/turismevalles.com\/wp-content\/uploads\/2020\/11\/turismevalles1788.jpg","thumbnail_image_url":"https:\/\/turismevalles.com\/wp-content\/uploads\/2020\/11\/turismevalles1788-150x150.jpg","large_srcset":"https:\/\/turismevalles.com\/wp-content\/uploads\/2020\/11\/turismevalles1788.jpg 720w, https:\/\/turismevalles.com\/wp-content\/uploads\/2020\/11\/turismevalles1788-300x126.jpg 300w","medium_srcset":"https:\/\/turismevalles.com\/wp-content\/uploads\/2020\/11\/turismevalles1788-300x126.jpg 300w, https:\/\/turismevalles.com\/wp-content\/uploads\/2020\/11\/turismevalles1788.jpg 720w","media_details":{"width":720,"height":302,"sizes":{"medium":{"file":"turismevalles1788-300x126.jpg","width":300,"height":126,"mime-type":"image\/jpeg","source_url":"https:\/\/turismevalles.com\/wp-content\/uploads\/2020\/11\/turismevalles1788-300x126.jpg"},"thumbnail":{"file":"turismevalles1788-150x150.jpg","width":150,"height":150,"mime-type":"image\/jpeg","source_url":"https:\/\/turismevalles.com\/wp-content\/uploads\/2020\/11\/turismevalles1788-150x150.jpg"}}},"alt_text":"","url":"","target":""},{"id":8052,"title":"turismevalles1789","caption":"","full_image_url":"https:\/\/turismevalles.com\/wp-content\/uploads\/2020\/11\/turismevalles1789.jpg","thumbnail_image_url":"https:\/\/turismevalles.com\/wp-content\/uploads\/2020\/11\/turismevalles1789-150x150.jpg","large_srcset":"https:\/\/turismevalles.com\/wp-content\/uploads\/2020\/11\/turismevalles1789.jpg 720w, https:\/\/turismevalles.com\/wp-content\/uploads\/2020\/11\/turismevalles1789-300x126.jpg 300w","medium_srcset":"https:\/\/turismevalles.com\/wp-content\/uploads\/2020\/11\/turismevalles1789-300x126.jpg 300w, https:\/\/turismevalles.com\/wp-content\/uploads\/2020\/11\/turismevalles1789.jpg 720w","media_details":{"width":720,"height":302,"sizes":{"medium":{"file":"turismevalles1789-300x126.jpg","width":300,"height":126,"mime-type":"image\/jpeg","source_url":"https:\/\/turismevalles.com\/wp-content\/uploads\/2020\/11\/turismevalles1789-300x126.jpg"},"thumbnail":{"file":"turismevalles1789-150x150.jpg","width":150,"height":150,"mime-type":"image\/jpeg","source_url":"https:\/\/turismevalles.com\/wp-content\/uploads\/2020\/11\/turismevalles1789-150x150.jpg"}}},"alt_text":"","url":"","target":""},{"id":8055,"title":"turismevalles2760","caption":"","full_image_url":"https:\/\/turismevalles.com\/wp-content\/uploads\/2020\/11\/turismevalles2760.jpg","thumbnail_image_url":"https:\/\/turismevalles.com\/wp-content\/uploads\/2020\/11\/turismevalles2760-150x150.jpg","large_srcset":"https:\/\/turismevalles.com\/wp-content\/uploads\/2020\/11\/turismevalles2760.jpg 720w, https:\/\/turismevalles.com\/wp-content\/uploads\/2020\/11\/turismevalles2760-300x126.jpg 300w","medium_srcset":"https:\/\/turismevalles.com\/wp-content\/uploads\/2020\/11\/turismevalles2760-300x126.jpg 300w, https:\/\/turismevalles.com\/wp-content\/uploads\/2020\/11\/turismevalles2760.jpg 720w","media_details":{"width":720,"height":302,"sizes":{"medium":{"file":"turismevalles2760-300x126.jpg","width":300,"height":126,"mime-type":"image\/jpeg","source_url":"https:\/\/turismevalles.com\/wp-content\/uploads\/2020\/11\/turismevalles2760-300x126.jpg"},"thumbnail":{"file":"turismevalles2760-150x150.jpg","width":150,"height":150,"mime-type":"image\/jpeg","source_url":"https:\/\/turismevalles.com\/wp-content\/uploads\/2020\/11\/turismevalles2760-150x150.jpg"}}},"alt_text":"","url":"","target":""}]]}},"yoast_head":"<!-- This site is optimized with the Yoast SEO plugin v26.4 - https:\/\/yoast.com\/wordpress\/plugins\/seo\/ -->\n<title>Ba\u00f1os Termales El Lavadero en Caldes de Montbui - Turisme Vall\u00e8s<\/title>\n<meta name=\"robots\" content=\"index, follow, max-snippet:-1, max-image-preview:large, max-video-preview:-1\" \/>\n<link rel=\"canonical\" href=\"https:\/\/turismevalles.com\/actividades\/banys-termals-el-safareig\/\" \/>\n<meta property=\"og:locale\" content=\"es_ES\" \/>\n<meta property=\"og:type\" content=\"article\" \/>\n<meta property=\"og:title\" content=\"Ba\u00f1os Termales El Lavadero en Caldes de Montbui - Turisme Vall\u00e8s\" \/>\n<meta property=\"og:description\" content=\"Los ba\u00f1os termales El Lavadero son un espacio p\u00fablico en el que disfrutar de las propiedades terap\u00e9uticas y relajantes del agua mineromedicinal que brolla en ... Veure m\u00e9s\" \/>\n<meta property=\"og:url\" content=\"https:\/\/turismevalles.com\/actividades\/banys-termals-el-safareig\/\" \/>\n<meta property=\"og:site_name\" content=\"Turisme Vall\u00e8s\" \/>\n<meta property=\"article:modified_time\" content=\"2020-11-20T09:37:17+00:00\" \/>\n<meta property=\"og:image\" content=\"https:\/\/turismevalles.com\/wp-content\/uploads\/2020\/11\/turismevalles2761-1.jpg\" \/>\n\t<meta property=\"og:image:width\" content=\"720\" \/>\n\t<meta property=\"og:image:height\" content=\"302\" \/>\n\t<meta property=\"og:image:type\" content=\"image\/jpeg\" \/>\n<meta name=\"twitter:card\" content=\"summary_large_image\" \/>\n<meta name=\"twitter:label1\" content=\"Tiempo de lectura\" \/>\n\t<meta name=\"twitter:data1\" content=\"1 minuto\" \/>\n<script type=\"application\/ld+json\" class=\"yoast-schema-graph\">{\"@context\":\"https:\/\/schema.org\",\"@graph\":[{\"@type\":\"WebPage\",\"@id\":\"https:\/\/turismevalles.com\/actividades\/banys-termals-el-safareig\/\",\"url\":\"https:\/\/turismevalles.com\/actividades\/banys-termals-el-safareig\/\",\"name\":\"Ba\u00f1os Termales El Lavadero en Caldes de Montbui - Turisme Vall\u00e8s\",\"isPartOf\":{\"@id\":\"https:\/\/turismevalles.com\/en\/#website\"},\"primaryImageOfPage\":{\"@id\":\"https:\/\/turismevalles.com\/actividades\/banys-termals-el-safareig\/#primaryimage\"},\"image\":{\"@id\":\"https:\/\/turismevalles.com\/actividades\/banys-termals-el-safareig\/#primaryimage\"},\"thumbnailUrl\":\"https:\/\/turismevalles.com\/wp-content\/uploads\/2020\/11\/turismevalles2761-1.jpg\",\"datePublished\":\"2020-11-20T09:37:15+00:00\",\"dateModified\":\"2020-11-20T09:37:17+00:00\",\"breadcrumb\":{\"@id\":\"https:\/\/turismevalles.com\/actividades\/banys-termals-el-safareig\/#breadcrumb\"},\"inLanguage\":\"es\",\"potentialAction\":[{\"@type\":\"ReadAction\",\"target\":[\"https:\/\/turismevalles.com\/actividades\/banys-termals-el-safareig\/\"]}]},{\"@type\":\"ImageObject\",\"inLanguage\":\"es\",\"@id\":\"https:\/\/turismevalles.com\/actividades\/banys-termals-el-safareig\/#primaryimage\",\"url\":\"https:\/\/turismevalles.com\/wp-content\/uploads\/2020\/11\/turismevalles2761-1.jpg\",\"contentUrl\":\"https:\/\/turismevalles.com\/wp-content\/uploads\/2020\/11\/turismevalles2761-1.jpg\",\"width\":720,\"height\":302,\"caption\":\"Banys Termals El Safareig\"},{\"@type\":\"BreadcrumbList\",\"@id\":\"https:\/\/turismevalles.com\/actividades\/banys-termals-el-safareig\/#breadcrumb\",\"itemListElement\":[{\"@type\":\"ListItem\",\"position\":1,\"name\":\"Inicio\",\"item\":\"https:\/\/turismevalles.com\/es\/\"},{\"@type\":\"ListItem\",\"position\":2,\"name\":\"Activities\",\"item\":\"https:\/\/turismevalles.com\/en\/activities\/\"},{\"@type\":\"ListItem\",\"position\":3,\"name\":\"Ba\u00f1os Termales El Lavadero en Caldes de Montbui\"}]},{\"@type\":\"WebSite\",\"@id\":\"https:\/\/turismevalles.com\/en\/#website\",\"url\":\"https:\/\/turismevalles.com\/en\/\",\"name\":\"Turisme Vall\u00e8s\",\"description\":\"\",\"publisher\":{\"@id\":\"https:\/\/turismevalles.com\/en\/#organization\"},\"potentialAction\":[{\"@type\":\"SearchAction\",\"target\":{\"@type\":\"EntryPoint\",\"urlTemplate\":\"https:\/\/turismevalles.com\/en\/?s={search_term_string}\"},\"query-input\":{\"@type\":\"PropertyValueSpecification\",\"valueRequired\":true,\"valueName\":\"search_term_string\"}}],\"inLanguage\":\"es\"},{\"@type\":\"Organization\",\"@id\":\"https:\/\/turismevalles.com\/en\/#organization\",\"name\":\"Turisme Vall\u00e8s\",\"url\":\"https:\/\/turismevalles.com\/en\/\",\"logo\":{\"@type\":\"ImageObject\",\"inLanguage\":\"es\",\"@id\":\"https:\/\/turismevalles.com\/en\/#\/schema\/logo\/image\/\",\"url\":\"https:\/\/turismevalles.com\/wp-content\/uploads\/2020\/08\/cropped-logo_ca-2.png\",\"contentUrl\":\"https:\/\/turismevalles.com\/wp-content\/uploads\/2020\/08\/cropped-logo_ca-2.png\",\"width\":314,\"height\":85,\"caption\":\"Turisme Vall\u00e8s\"},\"image\":{\"@id\":\"https:\/\/turismevalles.com\/en\/#\/schema\/logo\/image\/\"}}]}<\/script>\n<!-- \/ Yoast SEO plugin. -->","yoast_head_json":{"title":"Ba\u00f1os Termales El Lavadero en Caldes de Montbui - Turisme Vall\u00e8s","robots":{"index":"index","follow":"follow","max-snippet":"max-snippet:-1","max-image-preview":"max-image-preview:large","max-video-preview":"max-video-preview:-1"},"canonical":"https:\/\/turismevalles.com\/actividades\/banys-termals-el-safareig\/","og_locale":"es_ES","og_type":"article","og_title":"Ba\u00f1os Termales El Lavadero en Caldes de Montbui - Turisme Vall\u00e8s","og_description":"Los ba\u00f1os termales El Lavadero son un espacio p\u00fablico en el que disfrutar de las propiedades terap\u00e9uticas y relajantes del agua mineromedicinal que brolla en ... Veure m\u00e9s","og_url":"https:\/\/turismevalles.com\/actividades\/banys-termals-el-safareig\/","og_site_name":"Turisme Vall\u00e8s","article_modified_time":"2020-11-20T09:37:17+00:00","og_image":[{"width":720,"height":302,"url":"https:\/\/turismevalles.com\/wp-content\/uploads\/2020\/11\/turismevalles2761-1.jpg","type":"image\/jpeg"}],"twitter_card":"summary_large_image","twitter_misc":{"Tiempo de lectura":"1 minuto"},"schema":{"@context":"https:\/\/schema.org","@graph":[{"@type":"WebPage","@id":"https:\/\/turismevalles.com\/actividades\/banys-termals-el-safareig\/","url":"https:\/\/turismevalles.com\/actividades\/banys-termals-el-safareig\/","name":"Ba\u00f1os Termales El Lavadero en Caldes de Montbui - Turisme Vall\u00e8s","isPartOf":{"@id":"https:\/\/turismevalles.com\/en\/#website"},"primaryImageOfPage":{"@id":"https:\/\/turismevalles.com\/actividades\/banys-termals-el-safareig\/#primaryimage"},"image":{"@id":"https:\/\/turismevalles.com\/actividades\/banys-termals-el-safareig\/#primaryimage"},"thumbnailUrl":"https:\/\/turismevalles.com\/wp-content\/uploads\/2020\/11\/turismevalles2761-1.jpg","datePublished":"2020-11-20T09:37:15+00:00","dateModified":"2020-11-20T09:37:17+00:00","breadcrumb":{"@id":"https:\/\/turismevalles.com\/actividades\/banys-termals-el-safareig\/#breadcrumb"},"inLanguage":"es","potentialAction":[{"@type":"ReadAction","target":["https:\/\/turismevalles.com\/actividades\/banys-termals-el-safareig\/"]}]},{"@type":"ImageObject","inLanguage":"es","@id":"https:\/\/turismevalles.com\/actividades\/banys-termals-el-safareig\/#primaryimage","url":"https:\/\/turismevalles.com\/wp-content\/uploads\/2020\/11\/turismevalles2761-1.jpg","contentUrl":"https:\/\/turismevalles.com\/wp-content\/uploads\/2020\/11\/turismevalles2761-1.jpg","width":720,"height":302,"caption":"Banys Termals El Safareig"},{"@type":"BreadcrumbList","@id":"https:\/\/turismevalles.com\/actividades\/banys-termals-el-safareig\/#breadcrumb","itemListElement":[{"@type":"ListItem","position":1,"name":"Inicio","item":"https:\/\/turismevalles.com\/es\/"},{"@type":"ListItem","position":2,"name":"Activities","item":"https:\/\/turismevalles.com\/en\/activities\/"},{"@type":"ListItem","position":3,"name":"Ba\u00f1os Termales El Lavadero en Caldes de Montbui"}]},{"@type":"WebSite","@id":"https:\/\/turismevalles.com\/en\/#website","url":"https:\/\/turismevalles.com\/en\/","name":"Turisme Vall\u00e8s","description":"","publisher":{"@id":"https:\/\/turismevalles.com\/en\/#organization"},"potentialAction":[{"@type":"SearchAction","target":{"@type":"EntryPoint","urlTemplate":"https:\/\/turismevalles.com\/en\/?s={search_term_string}"},"query-input":{"@type":"PropertyValueSpecification","valueRequired":true,"valueName":"search_term_string"}}],"inLanguage":"es"},{"@type":"Organization","@id":"https:\/\/turismevalles.com\/en\/#organization","name":"Turisme Vall\u00e8s","url":"https:\/\/turismevalles.com\/en\/","logo":{"@type":"ImageObject","inLanguage":"es","@id":"https:\/\/turismevalles.com\/en\/#\/schema\/logo\/image\/","url":"https:\/\/turismevalles.com\/wp-content\/uploads\/2020\/08\/cropped-logo_ca-2.png","contentUrl":"https:\/\/turismevalles.com\/wp-content\/uploads\/2020\/08\/cropped-logo_ca-2.png","width":314,"height":85,"caption":"Turisme Vall\u00e8s"},"image":{"@id":"https:\/\/turismevalles.com\/en\/#\/schema\/logo\/image\/"}}]}},"uagb_featured_image_src":{"full":["https:\/\/turismevalles.com\/wp-content\/uploads\/2020\/11\/turismevalles2761-1.jpg",720,302,false],"thumbnail":["https:\/\/turismevalles.com\/wp-content\/uploads\/2020\/11\/turismevalles2761-1-150x150.jpg",150,150,true],"medium":["https:\/\/turismevalles.com\/wp-content\/uploads\/2020\/11\/turismevalles2761-1-300x126.jpg",300,126,true],"medium_large":["https:\/\/turismevalles.com\/wp-content\/uploads\/2020\/11\/turismevalles2761-1.jpg",720,302,false],"large":["https:\/\/turismevalles.com\/wp-content\/uploads\/2020\/11\/turismevalles2761-1.jpg",720,302,false],"thumblist":["https:\/\/turismevalles.com\/wp-content\/uploads\/2020\/11\/turismevalles2761-1.jpg",300,126,false],"meccarouselthumb":["https:\/\/turismevalles.com\/wp-content\/uploads\/2020\/11\/turismevalles2761-1.jpg",474,199,false],"gridsquare":["https:\/\/turismevalles.com\/wp-content\/uploads\/2020\/11\/turismevalles2761-1.jpg",391,164,false],"tileview":["https:\/\/turismevalles.com\/wp-content\/uploads\/2020\/11\/turismevalles2761-1.jpg",300,126,false],"1536x1536":["https:\/\/turismevalles.com\/wp-content\/uploads\/2020\/11\/turismevalles2761-1.jpg",720,302,false],"2048x2048":["https:\/\/turismevalles.com\/wp-content\/uploads\/2020\/11\/turismevalles2761-1.jpg",720,302,false]},"uagb_author_info":{"display_name":"Turisme Valles","author_link":"https:\/\/turismevalles.com\/es\/author\/"},"uagb_comment_info":0,"uagb_excerpt":"Los ba\u00f1os termales El Lavadero son un espacio p\u00fablico en el que disfrutar de las propiedades terap\u00e9uticas y relajantes del agua mineromedicinal que brolla en ... Veure m\u00e9s","_links":{"self":[{"href":"https:\/\/turismevalles.com\/es\/wp-json\/wp\/v2\/activitats\/8787","targetHints":{"allow":["GET"]}}],"collection":[{"href":"https:\/\/turismevalles.com\/es\/wp-json\/wp\/v2\/activitats"}],"about":[{"href":"https:\/\/turismevalles.com\/es\/wp-json\/wp\/v2\/types\/activitats"}],"wp:featuredmedia":[{"embeddable":true,"href":"https:\/\/turismevalles.com\/es\/wp-json\/wp\/v2\/media\/8058"}],"wp:attachment":[{"href":"https:\/\/turismevalles.com\/es\/wp-json\/wp\/v2\/media?parent=8787"}],"wp:term":[{"taxonomy":"poblacions","embeddable":true,"href":"https:\/\/turismevalles.com\/es\/wp-json\/wp\/v2\/poblacions?post=8787"},{"taxonomy":"tipus_turisme","embeddable":true,"href":"https:\/\/turismevalles.com\/es\/wp-json\/wp\/v2\/tipus_turisme?post=8787"},{"taxonomy":"tipus_menjar","embeddable":true,"href":"https:\/\/turismevalles.com\/es\/wp-json\/wp\/v2\/tipus_menjar?post=8787"},{"taxonomy":"tipologia_estada","embeddable":true,"href":"https:\/\/turismevalles.com\/es\/wp-json\/wp\/v2\/tipologia_estada?post=8787"}],"curies":[{"name":"wp","href":"https:\/\/api.w.org\/{rel}","templated":true}]}}