{"id":15760,"date":"2021-09-21T19:05:36","date_gmt":"2021-09-21T17:05:36","guid":{"rendered":"http:\/\/turismevalles.com.mialias.net\/events\/foradcamp-2021\/"},"modified":"2021-09-21T19:19:43","modified_gmt":"2021-09-21T17:19:43","slug":"foradcamp-2021","status":"publish","type":"mec-events","link":"https:\/\/turismevalles.com\/es\/events\/foradcamp-2021\/","title":{"rendered":"ForadCamp 2021"},"content":{"rendered":"<h3><span style=\"color: #008000;\">ForadCamp 2021\u00a0 &#8211;\u00a0 X Mostra de cinema en la Natura<\/span><\/h3>\n<p>La X Muestra ForadCamp se celebrar\u00e1 el fin de semana del 25 y 26 de septiembre, en Figar\u00f3-Montmany: cine de calidad y actividades al aire libre, a los pies del Parque Natural del Montseny.<\/p>\n<p>En septiembre la Muestra Internacional de Cine con la Naturaleza celebra sobre 10 a\u00f1os. Una d\u00e9cada de camino, Creciendo y Buscando un cine de calidad, personal, Sorprendente o desafiante, en el que la naturaleza es protagonista, el contexto o motivo de reflexiones. En esta X edici\u00f3n, recuperamos la Secci\u00f3n Oficial de cortometrajes de no ficci\u00f3n que el a\u00f1o pasadas no pudimos convocar debido a la pandemia. Tambi\u00e9n programamos un Largometraje miedo ForadCamp Kids, adem\u00e1s de la tradicional excursi\u00f3n por la naturaleza.<\/p>\n<p>ForadCamp es una Muestra de cine organizada por el Ayuntamiento de Figar\u00f3-Montmany y coordinada por la Asociaci\u00f3n de Documentalistas Independientes Indoc. La Muestra Quiere vincular el medio natural con un cine personal, independiente y Hecho con esp\u00edritu innovador.<\/p>\n<h4><em>D\u00e9jate atraer por la naturaleza!<\/em><\/h4>\n<p><img loading=\"lazy\" decoding=\"async\" class=\"aligncenter size-full wp-image-15751\" src=\"http:\/\/turismevalles.com\/wp-content\/uploads\/2021\/09\/Foradcamp.png\" alt=\"\" width=\"665\" height=\"854\" srcset=\"https:\/\/turismevalles.com\/wp-content\/uploads\/2021\/09\/Foradcamp.png 665w, https:\/\/turismevalles.com\/wp-content\/uploads\/2021\/09\/Foradcamp-234x300.png 234w\" sizes=\"auto, (max-width: 665px) 100vw, 665px\" \/><\/p>\n<p>Foradcamp es una muestra gratuita.<\/p>\n<p>Por protocolo Covid, el aforo es limitado y debemos tener un listado de asistentes a las proyecciones; por lo tanto os pedimos que haga reserva de entradas en:\u00a0<a href=\"https:\/\/foradcamp.com\/reserva-dentrades-2021\/\">https:\/\/foradcamp.com\/reserva-dentrades-2021\/<\/a><\/p>\n","protected":false},"excerpt":{"rendered":"<p>ForadCamp 2021\u00a0 &#8211;\u00a0 X Mostra de cinema en la Natura La X Muestra ForadCamp se celebrar\u00e1 el fin de semana del 25 y 26 de &#8230; <a title=\"ForadCamp 2021\" class=\"read-more\" href=\"https:\/\/turismevalles.com\/es\/events\/foradcamp-2021\/\" aria-label=\"M\u00e1s en ForadCamp 2021\">Veure m\u00e9s<\/a><\/p>\n","protected":false},"author":5,"featured_media":15758,"comment_status":"open","ping_status":"closed","template":"","tags":[1604,1599,1600,1605,1601,1136,1488],"poblacions":[441],"mec_category":[970,1602,929,1603],"class_list":["post-15760","mec-events","type-mec-events","status-publish","has-post-thumbnail","hentry","tag-cine","tag-cinema-es","tag-excursio-es","tag-excursion","tag-kids-es","tag-natura-es","tag-naturaleza","poblacions-figaro-montmany-es","mec_category-activitats-en-familia-es","mec_category-cinema-es","mec_category-cultura-es","mec_category-natura-es","generate-columns","tablet-grid-50","mobile-grid-100","grid-parent","grid-33"],"acf":[],"yoast_head":"<!-- This site is optimized with the Yoast SEO plugin v26.4 - https:\/\/yoast.com\/wordpress\/plugins\/seo\/ -->\n<title>ForadCamp 2021 - Turisme Vall\u00e8s<\/title>\n<meta name=\"description\" content=\"ForadCamp es una muestra internacional de cine que quiere vincular el medio natural con un cine personal, independiente y hecho con esp\u00edritu innovador.\" \/>\n<meta name=\"robots\" content=\"index, follow, max-snippet:-1, max-image-preview:large, max-video-preview:-1\" \/>\n<link rel=\"canonical\" href=\"https:\/\/turismevalles.com\/es\/events\/foradcamp-2021\/\" \/>\n<meta property=\"og:locale\" content=\"es_ES\" \/>\n<meta property=\"og:type\" content=\"article\" \/>\n<meta property=\"og:title\" content=\"ForadCamp 2021 - Turisme Vall\u00e8s\" \/>\n<meta property=\"og:description\" content=\"ForadCamp es una muestra internacional de cine que quiere vincular el medio natural con un cine personal, independiente y hecho con esp\u00edritu innovador.\" \/>\n<meta property=\"og:url\" content=\"https:\/\/turismevalles.com\/es\/events\/foradcamp-2021\/\" \/>\n<meta property=\"og:site_name\" content=\"Turisme Vall\u00e8s\" \/>\n<meta property=\"article:modified_time\" content=\"2021-09-21T17:19:43+00:00\" \/>\n<meta property=\"og:image\" content=\"https:\/\/turismevalles.com\/wp-content\/uploads\/2021\/09\/Foradcamp-imatge.png\" \/>\n\t<meta property=\"og:image:width\" content=\"200\" \/>\n\t<meta property=\"og:image:height\" content=\"106\" \/>\n\t<meta property=\"og:image:type\" content=\"image\/png\" \/>\n<meta name=\"twitter:card\" content=\"summary_large_image\" \/>\n<meta name=\"twitter:label1\" content=\"Tiempo de lectura\" \/>\n\t<meta name=\"twitter:data1\" content=\"2 minutos\" \/>\n<script type=\"application\/ld+json\" class=\"yoast-schema-graph\">{\"@context\":\"https:\/\/schema.org\",\"@graph\":[{\"@type\":\"WebPage\",\"@id\":\"https:\/\/turismevalles.com\/es\/events\/foradcamp-2021\/\",\"url\":\"https:\/\/turismevalles.com\/es\/events\/foradcamp-2021\/\",\"name\":\"ForadCamp 2021 - Turisme Vall\u00e8s\",\"isPartOf\":{\"@id\":\"https:\/\/turismevalles.com\/en\/#website\"},\"primaryImageOfPage\":{\"@id\":\"https:\/\/turismevalles.com\/es\/events\/foradcamp-2021\/#primaryimage\"},\"image\":{\"@id\":\"https:\/\/turismevalles.com\/es\/events\/foradcamp-2021\/#primaryimage\"},\"thumbnailUrl\":\"https:\/\/turismevalles.com\/wp-content\/uploads\/2021\/09\/Foradcamp-imatge.png\",\"datePublished\":\"2021-09-21T17:05:36+00:00\",\"dateModified\":\"2021-09-21T17:19:43+00:00\",\"description\":\"ForadCamp es una muestra internacional de cine que quiere vincular el medio natural con un cine personal, independiente y hecho con esp\u00edritu innovador.\",\"breadcrumb\":{\"@id\":\"https:\/\/turismevalles.com\/es\/events\/foradcamp-2021\/#breadcrumb\"},\"inLanguage\":\"es\",\"potentialAction\":[{\"@type\":\"ReadAction\",\"target\":[\"https:\/\/turismevalles.com\/es\/events\/foradcamp-2021\/\"]}]},{\"@type\":\"ImageObject\",\"inLanguage\":\"es\",\"@id\":\"https:\/\/turismevalles.com\/es\/events\/foradcamp-2021\/#primaryimage\",\"url\":\"https:\/\/turismevalles.com\/wp-content\/uploads\/2021\/09\/Foradcamp-imatge.png\",\"contentUrl\":\"https:\/\/turismevalles.com\/wp-content\/uploads\/2021\/09\/Foradcamp-imatge.png\",\"width\":200,\"height\":106},{\"@type\":\"BreadcrumbList\",\"@id\":\"https:\/\/turismevalles.com\/es\/events\/foradcamp-2021\/#breadcrumb\",\"itemListElement\":[{\"@type\":\"ListItem\",\"position\":1,\"name\":\"Inicio\",\"item\":\"https:\/\/turismevalles.com\/es\/\"},{\"@type\":\"ListItem\",\"position\":2,\"name\":\"Esdeveniments\",\"item\":\"https:\/\/turismevalles.com\/events\/\"},{\"@type\":\"ListItem\",\"position\":3,\"name\":\"ForadCamp 2021\"}]},{\"@type\":\"WebSite\",\"@id\":\"https:\/\/turismevalles.com\/en\/#website\",\"url\":\"https:\/\/turismevalles.com\/en\/\",\"name\":\"Turisme Vall\u00e8s\",\"description\":\"\",\"publisher\":{\"@id\":\"https:\/\/turismevalles.com\/en\/#organization\"},\"potentialAction\":[{\"@type\":\"SearchAction\",\"target\":{\"@type\":\"EntryPoint\",\"urlTemplate\":\"https:\/\/turismevalles.com\/en\/?s={search_term_string}\"},\"query-input\":{\"@type\":\"PropertyValueSpecification\",\"valueRequired\":true,\"valueName\":\"search_term_string\"}}],\"inLanguage\":\"es\"},{\"@type\":\"Organization\",\"@id\":\"https:\/\/turismevalles.com\/en\/#organization\",\"name\":\"Turisme Vall\u00e8s\",\"url\":\"https:\/\/turismevalles.com\/en\/\",\"logo\":{\"@type\":\"ImageObject\",\"inLanguage\":\"es\",\"@id\":\"https:\/\/turismevalles.com\/en\/#\/schema\/logo\/image\/\",\"url\":\"https:\/\/turismevalles.com\/wp-content\/uploads\/2020\/08\/cropped-logo_ca-2.png\",\"contentUrl\":\"https:\/\/turismevalles.com\/wp-content\/uploads\/2020\/08\/cropped-logo_ca-2.png\",\"width\":314,\"height\":85,\"caption\":\"Turisme Vall\u00e8s\"},\"image\":{\"@id\":\"https:\/\/turismevalles.com\/en\/#\/schema\/logo\/image\/\"}}]}<\/script>\n<!-- \/ Yoast SEO plugin. -->","yoast_head_json":{"title":"ForadCamp 2021 - Turisme Vall\u00e8s","description":"ForadCamp es una muestra internacional de cine que quiere vincular el medio natural con un cine personal, independiente y hecho con esp\u00edritu innovador.","robots":{"index":"index","follow":"follow","max-snippet":"max-snippet:-1","max-image-preview":"max-image-preview:large","max-video-preview":"max-video-preview:-1"},"canonical":"https:\/\/turismevalles.com\/es\/events\/foradcamp-2021\/","og_locale":"es_ES","og_type":"article","og_title":"ForadCamp 2021 - Turisme Vall\u00e8s","og_description":"ForadCamp es una muestra internacional de cine que quiere vincular el medio natural con un cine personal, independiente y hecho con esp\u00edritu innovador.","og_url":"https:\/\/turismevalles.com\/es\/events\/foradcamp-2021\/","og_site_name":"Turisme Vall\u00e8s","article_modified_time":"2021-09-21T17:19:43+00:00","og_image":[{"width":200,"height":106,"url":"https:\/\/turismevalles.com\/wp-content\/uploads\/2021\/09\/Foradcamp-imatge.png","type":"image\/png"}],"twitter_card":"summary_large_image","twitter_misc":{"Tiempo de lectura":"2 minutos"},"schema":{"@context":"https:\/\/schema.org","@graph":[{"@type":"WebPage","@id":"https:\/\/turismevalles.com\/es\/events\/foradcamp-2021\/","url":"https:\/\/turismevalles.com\/es\/events\/foradcamp-2021\/","name":"ForadCamp 2021 - Turisme Vall\u00e8s","isPartOf":{"@id":"https:\/\/turismevalles.com\/en\/#website"},"primaryImageOfPage":{"@id":"https:\/\/turismevalles.com\/es\/events\/foradcamp-2021\/#primaryimage"},"image":{"@id":"https:\/\/turismevalles.com\/es\/events\/foradcamp-2021\/#primaryimage"},"thumbnailUrl":"https:\/\/turismevalles.com\/wp-content\/uploads\/2021\/09\/Foradcamp-imatge.png","datePublished":"2021-09-21T17:05:36+00:00","dateModified":"2021-09-21T17:19:43+00:00","description":"ForadCamp es una muestra internacional de cine que quiere vincular el medio natural con un cine personal, independiente y hecho con esp\u00edritu innovador.","breadcrumb":{"@id":"https:\/\/turismevalles.com\/es\/events\/foradcamp-2021\/#breadcrumb"},"inLanguage":"es","potentialAction":[{"@type":"ReadAction","target":["https:\/\/turismevalles.com\/es\/events\/foradcamp-2021\/"]}]},{"@type":"ImageObject","inLanguage":"es","@id":"https:\/\/turismevalles.com\/es\/events\/foradcamp-2021\/#primaryimage","url":"https:\/\/turismevalles.com\/wp-content\/uploads\/2021\/09\/Foradcamp-imatge.png","contentUrl":"https:\/\/turismevalles.com\/wp-content\/uploads\/2021\/09\/Foradcamp-imatge.png","width":200,"height":106},{"@type":"BreadcrumbList","@id":"https:\/\/turismevalles.com\/es\/events\/foradcamp-2021\/#breadcrumb","itemListElement":[{"@type":"ListItem","position":1,"name":"Inicio","item":"https:\/\/turismevalles.com\/es\/"},{"@type":"ListItem","position":2,"name":"Esdeveniments","item":"https:\/\/turismevalles.com\/events\/"},{"@type":"ListItem","position":3,"name":"ForadCamp 2021"}]},{"@type":"WebSite","@id":"https:\/\/turismevalles.com\/en\/#website","url":"https:\/\/turismevalles.com\/en\/","name":"Turisme Vall\u00e8s","description":"","publisher":{"@id":"https:\/\/turismevalles.com\/en\/#organization"},"potentialAction":[{"@type":"SearchAction","target":{"@type":"EntryPoint","urlTemplate":"https:\/\/turismevalles.com\/en\/?s={search_term_string}"},"query-input":{"@type":"PropertyValueSpecification","valueRequired":true,"valueName":"search_term_string"}}],"inLanguage":"es"},{"@type":"Organization","@id":"https:\/\/turismevalles.com\/en\/#organization","name":"Turisme Vall\u00e8s","url":"https:\/\/turismevalles.com\/en\/","logo":{"@type":"ImageObject","inLanguage":"es","@id":"https:\/\/turismevalles.com\/en\/#\/schema\/logo\/image\/","url":"https:\/\/turismevalles.com\/wp-content\/uploads\/2020\/08\/cropped-logo_ca-2.png","contentUrl":"https:\/\/turismevalles.com\/wp-content\/uploads\/2020\/08\/cropped-logo_ca-2.png","width":314,"height":85,"caption":"Turisme Vall\u00e8s"},"image":{"@id":"https:\/\/turismevalles.com\/en\/#\/schema\/logo\/image\/"}}]}},"uagb_featured_image_src":{"full":["https:\/\/turismevalles.com\/wp-content\/uploads\/2021\/09\/Foradcamp-imatge.png",200,106,false],"thumbnail":["https:\/\/turismevalles.com\/wp-content\/uploads\/2021\/09\/Foradcamp-imatge-150x106.png",150,106,true],"medium":["https:\/\/turismevalles.com\/wp-content\/uploads\/2021\/09\/Foradcamp-imatge.png",200,106,false],"medium_large":["https:\/\/turismevalles.com\/wp-content\/uploads\/2021\/09\/Foradcamp-imatge.png",200,106,false],"large":["https:\/\/turismevalles.com\/wp-content\/uploads\/2021\/09\/Foradcamp-imatge.png",200,106,false],"thumblist":["https:\/\/turismevalles.com\/wp-content\/uploads\/2021\/09\/Foradcamp-imatge.png",200,106,false],"meccarouselthumb":["https:\/\/turismevalles.com\/wp-content\/uploads\/2021\/09\/Foradcamp-imatge.png",200,106,false],"gridsquare":["https:\/\/turismevalles.com\/wp-content\/uploads\/2021\/09\/Foradcamp-imatge.png",200,106,false],"tileview":["https:\/\/turismevalles.com\/wp-content\/uploads\/2021\/09\/Foradcamp-imatge.png",200,106,false],"1536x1536":["https:\/\/turismevalles.com\/wp-content\/uploads\/2021\/09\/Foradcamp-imatge.png",200,106,false],"2048x2048":["https:\/\/turismevalles.com\/wp-content\/uploads\/2021\/09\/Foradcamp-imatge.png",200,106,false]},"uagb_author_info":{"display_name":"Turisme Valles","author_link":"https:\/\/turismevalles.com\/es\/author\/turismevallesoriental\/"},"uagb_comment_info":0,"uagb_excerpt":"ForadCamp 2021\u00a0 &#8211;\u00a0 X Mostra de cinema en la Natura La X Muestra ForadCamp se celebrar\u00e1 el fin de semana del 25 y 26 de ... Veure m\u00e9s","_links":{"self":[{"href":"https:\/\/turismevalles.com\/es\/wp-json\/wp\/v2\/mec-events\/15760","targetHints":{"allow":["GET"]}}],"collection":[{"href":"https:\/\/turismevalles.com\/es\/wp-json\/wp\/v2\/mec-events"}],"about":[{"href":"https:\/\/turismevalles.com\/es\/wp-json\/wp\/v2\/types\/mec-events"}],"author":[{"embeddable":true,"href":"https:\/\/turismevalles.com\/es\/wp-json\/wp\/v2\/users\/5"}],"replies":[{"embeddable":true,"href":"https:\/\/turismevalles.com\/es\/wp-json\/wp\/v2\/comments?post=15760"}],"wp:featuredmedia":[{"embeddable":true,"href":"https:\/\/turismevalles.com\/es\/wp-json\/wp\/v2\/media\/15758"}],"wp:attachment":[{"href":"https:\/\/turismevalles.com\/es\/wp-json\/wp\/v2\/media?parent=15760"}],"wp:term":[{"taxonomy":"post_tag","embeddable":true,"href":"https:\/\/turismevalles.com\/es\/wp-json\/wp\/v2\/tags?post=15760"},{"taxonomy":"poblacions","embeddable":true,"href":"https:\/\/turismevalles.com\/es\/wp-json\/wp\/v2\/poblacions?post=15760"},{"taxonomy":"mec_category","embeddable":true,"href":"https:\/\/turismevalles.com\/es\/wp-json\/wp\/v2\/mec_category?post=15760"}],"curies":[{"name":"wp","href":"https:\/\/api.w.org\/{rel}","templated":true}]}}