{"id":16450,"date":"2021-11-11T09:19:12","date_gmt":"2021-11-11T08:19:12","guid":{"rendered":"http:\/\/turismevalles.com.mialias.net\/?post_type=mec-events&#038;p=16450"},"modified":"2021-11-11T09:19:12","modified_gmt":"2021-11-11T08:19:12","slug":"todo-listo-para-las-jornadas-medievales-de-canovelles","status":"publish","type":"mec-events","link":"https:\/\/turismevalles.com\/es\/events\/todo-listo-para-las-jornadas-medievales-de-canovelles\/","title":{"rendered":"Todo listo para las Jornadas Medievales de Canovelles"},"content":{"rendered":"<pre id=\"tw-target-text\" class=\"tw-data-text tw-text-large tw-ta\" dir=\"ltr\" data-placeholder=\"Traducci\u00f3n\"><span class=\"Y2IQFc\" lang=\"es\">El 16 y 20 de noviembre, Canovelles vuelve al pasado medieval del municipio con el objetivo de dar a conocer su historia y su patrimonio. Dentro de la\r\n programaci\u00f3n de las Jornadas Medievales se incluyen visitas guiadas, exposiciones, recreaciones hist\u00f3ricas y representaciones teatrales.\r\n\r\nEl Ayuntamiento de Canovelles impulsa las Jornadas Medievales del municipio, una propuesta que pretende dar a conocer la historia y el patrimonio\r\n canovellino y que se ha organizado en colaboraci\u00f3n con el grupo de voluntarios de la Plataforma en defensa del patrimonio cultural de Canovelles y\r\n con la asociaci\u00f3n SCMENIS.\r\n\r\nEl martes 16 de noviembre est\u00e1 prevista una jornada de puertas abiertas en la iglesia de Sant F\u00e8lix (calle de Sant Feliu, 3) y en el Centro de Interpretaci\u00f3n\r\n de la historia de Canovelles, situado en el hall de Can Palots (calle de Barcelona, 8). Las visitas, que se realizar\u00e1n a las 9:30, 15:30, 17:00 y 19:30 horas,\r\n ser\u00e1n guiadas y contar\u00e1n con las explicaciones de Joan Isern e Ignasi Pascual, miembros de la Plataforma en defensa del patrimonio cultural de Canovelles.<\/span><\/pre>\n<p><img loading=\"lazy\" decoding=\"async\" class=\"aligncenter size-full wp-image-16446\" src=\"http:\/\/turismevalles.com\/wp-content\/uploads\/2021\/11\/Jornades_medievals_allargat.jpg\" alt=\"\" width=\"1200\" height=\"900\" srcset=\"https:\/\/turismevalles.com\/wp-content\/uploads\/2021\/11\/Jornades_medievals_allargat.jpg 1200w, https:\/\/turismevalles.com\/wp-content\/uploads\/2021\/11\/Jornades_medievals_allargat-300x225.jpg 300w, https:\/\/turismevalles.com\/wp-content\/uploads\/2021\/11\/Jornades_medievals_allargat-1024x768.jpg 1024w, https:\/\/turismevalles.com\/wp-content\/uploads\/2021\/11\/Jornades_medievals_allargat-768x576.jpg 768w\" sizes=\"auto, (max-width: 1200px) 100vw, 1200px\" \/><\/p>\n","protected":false},"excerpt":{"rendered":"<p>El 16 y 20 de noviembre, Canovelles vuelve al pasado medieval del municipio con el objetivo de dar a conocer su historia y su patrimonio. &#8230; <a title=\"Todo listo para las Jornadas Medievales de Canovelles\" class=\"read-more\" href=\"https:\/\/turismevalles.com\/es\/events\/todo-listo-para-las-jornadas-medievales-de-canovelles\/\" aria-label=\"M\u00e1s en Todo listo para las Jornadas Medievales de Canovelles\">Veure m\u00e9s<\/a><\/p>\n","protected":false},"author":5,"featured_media":16449,"comment_status":"open","ping_status":"closed","template":"","tags":[],"poblacions":[905],"mec_category":[929],"class_list":["post-16450","mec-events","type-mec-events","status-publish","has-post-thumbnail","hentry","poblacions-canovelles-es","mec_category-cultura-es","generate-columns","tablet-grid-50","mobile-grid-100","grid-parent","grid-33"],"acf":[],"yoast_head":"<!-- This site is optimized with the Yoast SEO plugin v26.4 - https:\/\/yoast.com\/wordpress\/plugins\/seo\/ -->\n<title>Todo listo para las Jornadas Medievales de Canovelles - Turisme Vall\u00e8s<\/title>\n<meta name=\"robots\" content=\"index, follow, max-snippet:-1, max-image-preview:large, max-video-preview:-1\" \/>\n<link rel=\"canonical\" href=\"https:\/\/turismevalles.com\/es\/events\/todo-listo-para-las-jornadas-medievales-de-canovelles\/\" \/>\n<meta property=\"og:locale\" content=\"es_ES\" \/>\n<meta property=\"og:type\" content=\"article\" \/>\n<meta property=\"og:title\" content=\"Todo listo para las Jornadas Medievales de Canovelles - Turisme Vall\u00e8s\" \/>\n<meta property=\"og:description\" content=\"El 16 y 20 de noviembre, Canovelles vuelve al pasado medieval del municipio con el objetivo de dar a conocer su historia y su patrimonio. ... Veure m\u00e9s\" \/>\n<meta property=\"og:url\" content=\"https:\/\/turismevalles.com\/es\/events\/todo-listo-para-las-jornadas-medievales-de-canovelles\/\" \/>\n<meta property=\"og:site_name\" content=\"Turisme Vall\u00e8s\" \/>\n<meta property=\"og:image\" content=\"https:\/\/turismevalles.com\/wp-content\/uploads\/2021\/11\/Jornades_medievals_allargat.jpg\" \/>\n\t<meta property=\"og:image:width\" content=\"1200\" \/>\n\t<meta property=\"og:image:height\" content=\"900\" \/>\n\t<meta property=\"og:image:type\" content=\"image\/jpeg\" \/>\n<meta name=\"twitter:card\" content=\"summary_large_image\" \/>\n<meta name=\"twitter:label1\" content=\"Tiempo de lectura\" \/>\n\t<meta name=\"twitter:data1\" content=\"1 minuto\" \/>\n<script type=\"application\/ld+json\" class=\"yoast-schema-graph\">{\"@context\":\"https:\/\/schema.org\",\"@graph\":[{\"@type\":\"WebPage\",\"@id\":\"https:\/\/turismevalles.com\/es\/events\/todo-listo-para-las-jornadas-medievales-de-canovelles\/\",\"url\":\"https:\/\/turismevalles.com\/es\/events\/todo-listo-para-las-jornadas-medievales-de-canovelles\/\",\"name\":\"Todo listo para las Jornadas Medievales de Canovelles - Turisme Vall\u00e8s\",\"isPartOf\":{\"@id\":\"https:\/\/turismevalles.com\/en\/#website\"},\"primaryImageOfPage\":{\"@id\":\"https:\/\/turismevalles.com\/es\/events\/todo-listo-para-las-jornadas-medievales-de-canovelles\/#primaryimage\"},\"image\":{\"@id\":\"https:\/\/turismevalles.com\/es\/events\/todo-listo-para-las-jornadas-medievales-de-canovelles\/#primaryimage\"},\"thumbnailUrl\":\"https:\/\/turismevalles.com\/wp-content\/uploads\/2021\/11\/Jornades_medievals_allargat.jpg\",\"datePublished\":\"2021-11-11T08:19:12+00:00\",\"breadcrumb\":{\"@id\":\"https:\/\/turismevalles.com\/es\/events\/todo-listo-para-las-jornadas-medievales-de-canovelles\/#breadcrumb\"},\"inLanguage\":\"es\",\"potentialAction\":[{\"@type\":\"ReadAction\",\"target\":[\"https:\/\/turismevalles.com\/es\/events\/todo-listo-para-las-jornadas-medievales-de-canovelles\/\"]}]},{\"@type\":\"ImageObject\",\"inLanguage\":\"es\",\"@id\":\"https:\/\/turismevalles.com\/es\/events\/todo-listo-para-las-jornadas-medievales-de-canovelles\/#primaryimage\",\"url\":\"https:\/\/turismevalles.com\/wp-content\/uploads\/2021\/11\/Jornades_medievals_allargat.jpg\",\"contentUrl\":\"https:\/\/turismevalles.com\/wp-content\/uploads\/2021\/11\/Jornades_medievals_allargat.jpg\",\"width\":1200,\"height\":900},{\"@type\":\"BreadcrumbList\",\"@id\":\"https:\/\/turismevalles.com\/es\/events\/todo-listo-para-las-jornadas-medievales-de-canovelles\/#breadcrumb\",\"itemListElement\":[{\"@type\":\"ListItem\",\"position\":1,\"name\":\"Inicio\",\"item\":\"https:\/\/turismevalles.com\/es\/\"},{\"@type\":\"ListItem\",\"position\":2,\"name\":\"Esdeveniments\",\"item\":\"https:\/\/turismevalles.com\/events\/\"},{\"@type\":\"ListItem\",\"position\":3,\"name\":\"Todo listo para las Jornadas Medievales de Canovelles\"}]},{\"@type\":\"WebSite\",\"@id\":\"https:\/\/turismevalles.com\/en\/#website\",\"url\":\"https:\/\/turismevalles.com\/en\/\",\"name\":\"Turisme Vall\u00e8s\",\"description\":\"\",\"publisher\":{\"@id\":\"https:\/\/turismevalles.com\/en\/#organization\"},\"potentialAction\":[{\"@type\":\"SearchAction\",\"target\":{\"@type\":\"EntryPoint\",\"urlTemplate\":\"https:\/\/turismevalles.com\/en\/?s={search_term_string}\"},\"query-input\":{\"@type\":\"PropertyValueSpecification\",\"valueRequired\":true,\"valueName\":\"search_term_string\"}}],\"inLanguage\":\"es\"},{\"@type\":\"Organization\",\"@id\":\"https:\/\/turismevalles.com\/en\/#organization\",\"name\":\"Turisme Vall\u00e8s\",\"url\":\"https:\/\/turismevalles.com\/en\/\",\"logo\":{\"@type\":\"ImageObject\",\"inLanguage\":\"es\",\"@id\":\"https:\/\/turismevalles.com\/en\/#\/schema\/logo\/image\/\",\"url\":\"https:\/\/turismevalles.com\/wp-content\/uploads\/2020\/08\/cropped-logo_ca-2.png\",\"contentUrl\":\"https:\/\/turismevalles.com\/wp-content\/uploads\/2020\/08\/cropped-logo_ca-2.png\",\"width\":314,\"height\":85,\"caption\":\"Turisme Vall\u00e8s\"},\"image\":{\"@id\":\"https:\/\/turismevalles.com\/en\/#\/schema\/logo\/image\/\"}}]}<\/script>\n<!-- \/ Yoast SEO plugin. -->","yoast_head_json":{"title":"Todo listo para las Jornadas Medievales de Canovelles - Turisme Vall\u00e8s","robots":{"index":"index","follow":"follow","max-snippet":"max-snippet:-1","max-image-preview":"max-image-preview:large","max-video-preview":"max-video-preview:-1"},"canonical":"https:\/\/turismevalles.com\/es\/events\/todo-listo-para-las-jornadas-medievales-de-canovelles\/","og_locale":"es_ES","og_type":"article","og_title":"Todo listo para las Jornadas Medievales de Canovelles - Turisme Vall\u00e8s","og_description":"El 16 y 20 de noviembre, Canovelles vuelve al pasado medieval del municipio con el objetivo de dar a conocer su historia y su patrimonio. ... Veure m\u00e9s","og_url":"https:\/\/turismevalles.com\/es\/events\/todo-listo-para-las-jornadas-medievales-de-canovelles\/","og_site_name":"Turisme Vall\u00e8s","og_image":[{"width":1200,"height":900,"url":"https:\/\/turismevalles.com\/wp-content\/uploads\/2021\/11\/Jornades_medievals_allargat.jpg","type":"image\/jpeg"}],"twitter_card":"summary_large_image","twitter_misc":{"Tiempo de lectura":"1 minuto"},"schema":{"@context":"https:\/\/schema.org","@graph":[{"@type":"WebPage","@id":"https:\/\/turismevalles.com\/es\/events\/todo-listo-para-las-jornadas-medievales-de-canovelles\/","url":"https:\/\/turismevalles.com\/es\/events\/todo-listo-para-las-jornadas-medievales-de-canovelles\/","name":"Todo listo para las Jornadas Medievales de Canovelles - Turisme Vall\u00e8s","isPartOf":{"@id":"https:\/\/turismevalles.com\/en\/#website"},"primaryImageOfPage":{"@id":"https:\/\/turismevalles.com\/es\/events\/todo-listo-para-las-jornadas-medievales-de-canovelles\/#primaryimage"},"image":{"@id":"https:\/\/turismevalles.com\/es\/events\/todo-listo-para-las-jornadas-medievales-de-canovelles\/#primaryimage"},"thumbnailUrl":"https:\/\/turismevalles.com\/wp-content\/uploads\/2021\/11\/Jornades_medievals_allargat.jpg","datePublished":"2021-11-11T08:19:12+00:00","breadcrumb":{"@id":"https:\/\/turismevalles.com\/es\/events\/todo-listo-para-las-jornadas-medievales-de-canovelles\/#breadcrumb"},"inLanguage":"es","potentialAction":[{"@type":"ReadAction","target":["https:\/\/turismevalles.com\/es\/events\/todo-listo-para-las-jornadas-medievales-de-canovelles\/"]}]},{"@type":"ImageObject","inLanguage":"es","@id":"https:\/\/turismevalles.com\/es\/events\/todo-listo-para-las-jornadas-medievales-de-canovelles\/#primaryimage","url":"https:\/\/turismevalles.com\/wp-content\/uploads\/2021\/11\/Jornades_medievals_allargat.jpg","contentUrl":"https:\/\/turismevalles.com\/wp-content\/uploads\/2021\/11\/Jornades_medievals_allargat.jpg","width":1200,"height":900},{"@type":"BreadcrumbList","@id":"https:\/\/turismevalles.com\/es\/events\/todo-listo-para-las-jornadas-medievales-de-canovelles\/#breadcrumb","itemListElement":[{"@type":"ListItem","position":1,"name":"Inicio","item":"https:\/\/turismevalles.com\/es\/"},{"@type":"ListItem","position":2,"name":"Esdeveniments","item":"https:\/\/turismevalles.com\/events\/"},{"@type":"ListItem","position":3,"name":"Todo listo para las Jornadas Medievales de Canovelles"}]},{"@type":"WebSite","@id":"https:\/\/turismevalles.com\/en\/#website","url":"https:\/\/turismevalles.com\/en\/","name":"Turisme Vall\u00e8s","description":"","publisher":{"@id":"https:\/\/turismevalles.com\/en\/#organization"},"potentialAction":[{"@type":"SearchAction","target":{"@type":"EntryPoint","urlTemplate":"https:\/\/turismevalles.com\/en\/?s={search_term_string}"},"query-input":{"@type":"PropertyValueSpecification","valueRequired":true,"valueName":"search_term_string"}}],"inLanguage":"es"},{"@type":"Organization","@id":"https:\/\/turismevalles.com\/en\/#organization","name":"Turisme Vall\u00e8s","url":"https:\/\/turismevalles.com\/en\/","logo":{"@type":"ImageObject","inLanguage":"es","@id":"https:\/\/turismevalles.com\/en\/#\/schema\/logo\/image\/","url":"https:\/\/turismevalles.com\/wp-content\/uploads\/2020\/08\/cropped-logo_ca-2.png","contentUrl":"https:\/\/turismevalles.com\/wp-content\/uploads\/2020\/08\/cropped-logo_ca-2.png","width":314,"height":85,"caption":"Turisme Vall\u00e8s"},"image":{"@id":"https:\/\/turismevalles.com\/en\/#\/schema\/logo\/image\/"}}]}},"uagb_featured_image_src":{"full":["https:\/\/turismevalles.com\/wp-content\/uploads\/2021\/11\/Jornades_medievals_allargat.jpg",1200,900,false],"thumbnail":["https:\/\/turismevalles.com\/wp-content\/uploads\/2021\/11\/Jornades_medievals_allargat-150x150.jpg",150,150,true],"medium":["https:\/\/turismevalles.com\/wp-content\/uploads\/2021\/11\/Jornades_medievals_allargat-300x225.jpg",300,225,true],"medium_large":["https:\/\/turismevalles.com\/wp-content\/uploads\/2021\/11\/Jornades_medievals_allargat-768x576.jpg",768,576,true],"large":["https:\/\/turismevalles.com\/wp-content\/uploads\/2021\/11\/Jornades_medievals_allargat-1024x768.jpg",1024,768,true],"thumblist":["https:\/\/turismevalles.com\/wp-content\/uploads\/2021\/11\/Jornades_medievals_allargat-300x300.jpg",300,300,true],"meccarouselthumb":["https:\/\/turismevalles.com\/wp-content\/uploads\/2021\/11\/Jornades_medievals_allargat-474x324.jpg",474,324,true],"gridsquare":["https:\/\/turismevalles.com\/wp-content\/uploads\/2021\/11\/Jornades_medievals_allargat-391x260.jpg",391,260,true],"tileview":["https:\/\/turismevalles.com\/wp-content\/uploads\/2021\/11\/Jornades_medievals_allargat-300x400.jpg",300,400,true],"1536x1536":["https:\/\/turismevalles.com\/wp-content\/uploads\/2021\/11\/Jornades_medievals_allargat.jpg",1200,900,false],"2048x2048":["https:\/\/turismevalles.com\/wp-content\/uploads\/2021\/11\/Jornades_medievals_allargat.jpg",1200,900,false]},"uagb_author_info":{"display_name":"Turisme Valles","author_link":"https:\/\/turismevalles.com\/es\/author\/turismevallesoriental\/"},"uagb_comment_info":0,"uagb_excerpt":"El 16 y 20 de noviembre, Canovelles vuelve al pasado medieval del municipio con el objetivo de dar a conocer su historia y su patrimonio. ... Veure m\u00e9s","_links":{"self":[{"href":"https:\/\/turismevalles.com\/es\/wp-json\/wp\/v2\/mec-events\/16450","targetHints":{"allow":["GET"]}}],"collection":[{"href":"https:\/\/turismevalles.com\/es\/wp-json\/wp\/v2\/mec-events"}],"about":[{"href":"https:\/\/turismevalles.com\/es\/wp-json\/wp\/v2\/types\/mec-events"}],"author":[{"embeddable":true,"href":"https:\/\/turismevalles.com\/es\/wp-json\/wp\/v2\/users\/5"}],"replies":[{"embeddable":true,"href":"https:\/\/turismevalles.com\/es\/wp-json\/wp\/v2\/comments?post=16450"}],"wp:featuredmedia":[{"embeddable":true,"href":"https:\/\/turismevalles.com\/es\/wp-json\/wp\/v2\/media\/16449"}],"wp:attachment":[{"href":"https:\/\/turismevalles.com\/es\/wp-json\/wp\/v2\/media?parent=16450"}],"wp:term":[{"taxonomy":"post_tag","embeddable":true,"href":"https:\/\/turismevalles.com\/es\/wp-json\/wp\/v2\/tags?post=16450"},{"taxonomy":"poblacions","embeddable":true,"href":"https:\/\/turismevalles.com\/es\/wp-json\/wp\/v2\/poblacions?post=16450"},{"taxonomy":"mec_category","embeddable":true,"href":"https:\/\/turismevalles.com\/es\/wp-json\/wp\/v2\/mec_category?post=16450"}],"curies":[{"name":"wp","href":"https:\/\/api.w.org\/{rel}","templated":true}]}}