{"id":16763,"date":"2021-11-23T13:29:42","date_gmt":"2021-11-23T12:29:42","guid":{"rendered":"http:\/\/turismevalles.com.mialias.net\/?post_type=mec-events&#038;p=16763"},"modified":"2021-11-23T13:29:42","modified_gmt":"2021-11-23T12:29:42","slug":"fiesta-mayor-de-san-andres-de-samalus","status":"publish","type":"mec-events","link":"https:\/\/turismevalles.com\/es\/events\/fiesta-mayor-de-san-andres-de-samalus\/","title":{"rendered":"Fiesta Mayor de San Andr\u00e9s de Samal\u00fas"},"content":{"rendered":"<pre id=\"tw-target-text\" class=\"tw-data-text tw-text-large tw-ta\" dir=\"ltr\" data-placeholder=\"Traducci\u00f3n\"><span class=\"Y2IQFc\" lang=\"es\">S\u00e1bado, 27 de noviembre de 2021 de 19.00 ha 20.30 h\r\n\r\nFiesta Mayor Mayor de Invierno.\r\nD\u00edas 27, 28 y 30 de noviembre\r\n\r\n19h.-\u00a0\u00a0\u00a1En esencia... \u00a1m\u00fasica!\r\nEl d\u00fao formado por Cecilia y Tais presenta: Mujer y m\u00fasica. Creaciones musicales de mujeres de todos los tiempos.\r\n\r\nInscripciones en:\u00a0grauoj@canovesisamalus.cat\r\nFecha l\u00edmite: 24 de noviembre.\r\n\r\nQu\u00e9 coste tiene:\r\n\r\nGratuito<\/span><\/pre>\n<div class=\"relatedLocation\">\n<h3><a href=\"https:\/\/www.canovesisamalus.cat\/municipi\/equipaments\/centre-civic-xavier-flaquer-i-juvany-de-samalus.html\">Centre C\u00edvic Xavier Flaquer i Juvany de Samal\u00fas<\/a><img loading=\"lazy\" decoding=\"async\" class=\"aligncenter size-full wp-image-16759\" src=\"http:\/\/turismevalles.com\/wp-content\/uploads\/2021\/11\/Festa_Major_Samalus-1.jpg\" alt=\"\" width=\"886\" height=\"1240\" srcset=\"https:\/\/turismevalles.com\/wp-content\/uploads\/2021\/11\/Festa_Major_Samalus-1.jpg 886w, https:\/\/turismevalles.com\/wp-content\/uploads\/2021\/11\/Festa_Major_Samalus-1-214x300.jpg 214w, https:\/\/turismevalles.com\/wp-content\/uploads\/2021\/11\/Festa_Major_Samalus-1-732x1024.jpg 732w, https:\/\/turismevalles.com\/wp-content\/uploads\/2021\/11\/Festa_Major_Samalus-1-768x1075.jpg 768w\" sizes=\"auto, (max-width: 886px) 100vw, 886px\" \/><\/h3>\n<\/div>\n","protected":false},"excerpt":{"rendered":"<p>S\u00e1bado, 27 de noviembre de 2021 de 19.00 ha 20.30 h Fiesta Mayor Mayor de Invierno. D\u00edas 27, 28 y 30 de noviembre 19h.-\u00a0\u00a0\u00a1En esencia&#8230; &#8230; <a title=\"Fiesta Mayor de San Andr\u00e9s de Samal\u00fas\" class=\"read-more\" href=\"https:\/\/turismevalles.com\/es\/events\/fiesta-mayor-de-san-andres-de-samalus\/\" aria-label=\"M\u00e1s en Fiesta Mayor de San Andr\u00e9s de Samal\u00fas\">Veure m\u00e9s<\/a><\/p>\n","protected":false},"author":5,"featured_media":16762,"comment_status":"open","ping_status":"closed","template":"","tags":[],"poblacions":[440],"mec_category":[970],"class_list":["post-16763","mec-events","type-mec-events","status-publish","has-post-thumbnail","hentry","poblacions-canoves-i-samalus-es","mec_category-activitats-en-familia-es","generate-columns","tablet-grid-50","mobile-grid-100","grid-parent","grid-33"],"acf":[],"yoast_head":"<!-- This site is optimized with the Yoast SEO plugin v26.4 - https:\/\/yoast.com\/wordpress\/plugins\/seo\/ -->\n<title>Fiesta Mayor de San Andr\u00e9s de Samal\u00fas - Turisme Vall\u00e8s<\/title>\n<meta name=\"robots\" content=\"index, follow, max-snippet:-1, max-image-preview:large, max-video-preview:-1\" \/>\n<link rel=\"canonical\" href=\"https:\/\/turismevalles.com\/es\/events\/fiesta-mayor-de-san-andres-de-samalus\/\" \/>\n<meta property=\"og:locale\" content=\"es_ES\" \/>\n<meta property=\"og:type\" content=\"article\" \/>\n<meta property=\"og:title\" content=\"Fiesta Mayor de San Andr\u00e9s de Samal\u00fas - Turisme Vall\u00e8s\" \/>\n<meta property=\"og:description\" content=\"S\u00e1bado, 27 de noviembre de 2021 de 19.00 ha 20.30 h Fiesta Mayor Mayor de Invierno. D\u00edas 27, 28 y 30 de noviembre 19h.-\u00a0\u00a0\u00a1En esencia... ... Veure m\u00e9s\" \/>\n<meta property=\"og:url\" content=\"https:\/\/turismevalles.com\/es\/events\/fiesta-mayor-de-san-andres-de-samalus\/\" \/>\n<meta property=\"og:site_name\" content=\"Turisme Vall\u00e8s\" \/>\n<meta property=\"og:image\" content=\"https:\/\/turismevalles.com\/wp-content\/uploads\/2021\/11\/Festa_Major_Samalus-1.jpg\" \/>\n\t<meta property=\"og:image:width\" content=\"886\" \/>\n\t<meta property=\"og:image:height\" content=\"1240\" \/>\n\t<meta property=\"og:image:type\" content=\"image\/jpeg\" \/>\n<meta name=\"twitter:card\" content=\"summary_large_image\" \/>\n<meta name=\"twitter:label1\" content=\"Tiempo de lectura\" \/>\n\t<meta name=\"twitter:data1\" content=\"1 minuto\" \/>\n<script type=\"application\/ld+json\" class=\"yoast-schema-graph\">{\"@context\":\"https:\/\/schema.org\",\"@graph\":[{\"@type\":\"WebPage\",\"@id\":\"https:\/\/turismevalles.com\/es\/events\/fiesta-mayor-de-san-andres-de-samalus\/\",\"url\":\"https:\/\/turismevalles.com\/es\/events\/fiesta-mayor-de-san-andres-de-samalus\/\",\"name\":\"Fiesta Mayor de San Andr\u00e9s de Samal\u00fas - Turisme Vall\u00e8s\",\"isPartOf\":{\"@id\":\"https:\/\/turismevalles.com\/en\/#website\"},\"primaryImageOfPage\":{\"@id\":\"https:\/\/turismevalles.com\/es\/events\/fiesta-mayor-de-san-andres-de-samalus\/#primaryimage\"},\"image\":{\"@id\":\"https:\/\/turismevalles.com\/es\/events\/fiesta-mayor-de-san-andres-de-samalus\/#primaryimage\"},\"thumbnailUrl\":\"https:\/\/turismevalles.com\/wp-content\/uploads\/2021\/11\/Festa_Major_Samalus-1.jpg\",\"datePublished\":\"2021-11-23T12:29:42+00:00\",\"breadcrumb\":{\"@id\":\"https:\/\/turismevalles.com\/es\/events\/fiesta-mayor-de-san-andres-de-samalus\/#breadcrumb\"},\"inLanguage\":\"es\",\"potentialAction\":[{\"@type\":\"ReadAction\",\"target\":[\"https:\/\/turismevalles.com\/es\/events\/fiesta-mayor-de-san-andres-de-samalus\/\"]}]},{\"@type\":\"ImageObject\",\"inLanguage\":\"es\",\"@id\":\"https:\/\/turismevalles.com\/es\/events\/fiesta-mayor-de-san-andres-de-samalus\/#primaryimage\",\"url\":\"https:\/\/turismevalles.com\/wp-content\/uploads\/2021\/11\/Festa_Major_Samalus-1.jpg\",\"contentUrl\":\"https:\/\/turismevalles.com\/wp-content\/uploads\/2021\/11\/Festa_Major_Samalus-1.jpg\",\"width\":886,\"height\":1240},{\"@type\":\"BreadcrumbList\",\"@id\":\"https:\/\/turismevalles.com\/es\/events\/fiesta-mayor-de-san-andres-de-samalus\/#breadcrumb\",\"itemListElement\":[{\"@type\":\"ListItem\",\"position\":1,\"name\":\"Inicio\",\"item\":\"https:\/\/turismevalles.com\/es\/\"},{\"@type\":\"ListItem\",\"position\":2,\"name\":\"Esdeveniments\",\"item\":\"https:\/\/turismevalles.com\/events\/\"},{\"@type\":\"ListItem\",\"position\":3,\"name\":\"Fiesta Mayor de San Andr\u00e9s de Samal\u00fas\"}]},{\"@type\":\"WebSite\",\"@id\":\"https:\/\/turismevalles.com\/en\/#website\",\"url\":\"https:\/\/turismevalles.com\/en\/\",\"name\":\"Turisme Vall\u00e8s\",\"description\":\"\",\"publisher\":{\"@id\":\"https:\/\/turismevalles.com\/en\/#organization\"},\"potentialAction\":[{\"@type\":\"SearchAction\",\"target\":{\"@type\":\"EntryPoint\",\"urlTemplate\":\"https:\/\/turismevalles.com\/en\/?s={search_term_string}\"},\"query-input\":{\"@type\":\"PropertyValueSpecification\",\"valueRequired\":true,\"valueName\":\"search_term_string\"}}],\"inLanguage\":\"es\"},{\"@type\":\"Organization\",\"@id\":\"https:\/\/turismevalles.com\/en\/#organization\",\"name\":\"Turisme Vall\u00e8s\",\"url\":\"https:\/\/turismevalles.com\/en\/\",\"logo\":{\"@type\":\"ImageObject\",\"inLanguage\":\"es\",\"@id\":\"https:\/\/turismevalles.com\/en\/#\/schema\/logo\/image\/\",\"url\":\"https:\/\/turismevalles.com\/wp-content\/uploads\/2020\/08\/cropped-logo_ca-2.png\",\"contentUrl\":\"https:\/\/turismevalles.com\/wp-content\/uploads\/2020\/08\/cropped-logo_ca-2.png\",\"width\":314,\"height\":85,\"caption\":\"Turisme Vall\u00e8s\"},\"image\":{\"@id\":\"https:\/\/turismevalles.com\/en\/#\/schema\/logo\/image\/\"}}]}<\/script>\n<!-- \/ Yoast SEO plugin. -->","yoast_head_json":{"title":"Fiesta Mayor de San Andr\u00e9s de Samal\u00fas - Turisme Vall\u00e8s","robots":{"index":"index","follow":"follow","max-snippet":"max-snippet:-1","max-image-preview":"max-image-preview:large","max-video-preview":"max-video-preview:-1"},"canonical":"https:\/\/turismevalles.com\/es\/events\/fiesta-mayor-de-san-andres-de-samalus\/","og_locale":"es_ES","og_type":"article","og_title":"Fiesta Mayor de San Andr\u00e9s de Samal\u00fas - Turisme Vall\u00e8s","og_description":"S\u00e1bado, 27 de noviembre de 2021 de 19.00 ha 20.30 h Fiesta Mayor Mayor de Invierno. D\u00edas 27, 28 y 30 de noviembre 19h.-\u00a0\u00a0\u00a1En esencia... ... Veure m\u00e9s","og_url":"https:\/\/turismevalles.com\/es\/events\/fiesta-mayor-de-san-andres-de-samalus\/","og_site_name":"Turisme Vall\u00e8s","og_image":[{"width":886,"height":1240,"url":"https:\/\/turismevalles.com\/wp-content\/uploads\/2021\/11\/Festa_Major_Samalus-1.jpg","type":"image\/jpeg"}],"twitter_card":"summary_large_image","twitter_misc":{"Tiempo de lectura":"1 minuto"},"schema":{"@context":"https:\/\/schema.org","@graph":[{"@type":"WebPage","@id":"https:\/\/turismevalles.com\/es\/events\/fiesta-mayor-de-san-andres-de-samalus\/","url":"https:\/\/turismevalles.com\/es\/events\/fiesta-mayor-de-san-andres-de-samalus\/","name":"Fiesta Mayor de San Andr\u00e9s de Samal\u00fas - Turisme Vall\u00e8s","isPartOf":{"@id":"https:\/\/turismevalles.com\/en\/#website"},"primaryImageOfPage":{"@id":"https:\/\/turismevalles.com\/es\/events\/fiesta-mayor-de-san-andres-de-samalus\/#primaryimage"},"image":{"@id":"https:\/\/turismevalles.com\/es\/events\/fiesta-mayor-de-san-andres-de-samalus\/#primaryimage"},"thumbnailUrl":"https:\/\/turismevalles.com\/wp-content\/uploads\/2021\/11\/Festa_Major_Samalus-1.jpg","datePublished":"2021-11-23T12:29:42+00:00","breadcrumb":{"@id":"https:\/\/turismevalles.com\/es\/events\/fiesta-mayor-de-san-andres-de-samalus\/#breadcrumb"},"inLanguage":"es","potentialAction":[{"@type":"ReadAction","target":["https:\/\/turismevalles.com\/es\/events\/fiesta-mayor-de-san-andres-de-samalus\/"]}]},{"@type":"ImageObject","inLanguage":"es","@id":"https:\/\/turismevalles.com\/es\/events\/fiesta-mayor-de-san-andres-de-samalus\/#primaryimage","url":"https:\/\/turismevalles.com\/wp-content\/uploads\/2021\/11\/Festa_Major_Samalus-1.jpg","contentUrl":"https:\/\/turismevalles.com\/wp-content\/uploads\/2021\/11\/Festa_Major_Samalus-1.jpg","width":886,"height":1240},{"@type":"BreadcrumbList","@id":"https:\/\/turismevalles.com\/es\/events\/fiesta-mayor-de-san-andres-de-samalus\/#breadcrumb","itemListElement":[{"@type":"ListItem","position":1,"name":"Inicio","item":"https:\/\/turismevalles.com\/es\/"},{"@type":"ListItem","position":2,"name":"Esdeveniments","item":"https:\/\/turismevalles.com\/events\/"},{"@type":"ListItem","position":3,"name":"Fiesta Mayor de San Andr\u00e9s de Samal\u00fas"}]},{"@type":"WebSite","@id":"https:\/\/turismevalles.com\/en\/#website","url":"https:\/\/turismevalles.com\/en\/","name":"Turisme Vall\u00e8s","description":"","publisher":{"@id":"https:\/\/turismevalles.com\/en\/#organization"},"potentialAction":[{"@type":"SearchAction","target":{"@type":"EntryPoint","urlTemplate":"https:\/\/turismevalles.com\/en\/?s={search_term_string}"},"query-input":{"@type":"PropertyValueSpecification","valueRequired":true,"valueName":"search_term_string"}}],"inLanguage":"es"},{"@type":"Organization","@id":"https:\/\/turismevalles.com\/en\/#organization","name":"Turisme Vall\u00e8s","url":"https:\/\/turismevalles.com\/en\/","logo":{"@type":"ImageObject","inLanguage":"es","@id":"https:\/\/turismevalles.com\/en\/#\/schema\/logo\/image\/","url":"https:\/\/turismevalles.com\/wp-content\/uploads\/2020\/08\/cropped-logo_ca-2.png","contentUrl":"https:\/\/turismevalles.com\/wp-content\/uploads\/2020\/08\/cropped-logo_ca-2.png","width":314,"height":85,"caption":"Turisme Vall\u00e8s"},"image":{"@id":"https:\/\/turismevalles.com\/en\/#\/schema\/logo\/image\/"}}]}},"uagb_featured_image_src":{"full":["https:\/\/turismevalles.com\/wp-content\/uploads\/2021\/11\/Festa_Major_Samalus-1.jpg",886,1240,false],"thumbnail":["https:\/\/turismevalles.com\/wp-content\/uploads\/2021\/11\/Festa_Major_Samalus-1-150x150.jpg",150,150,true],"medium":["https:\/\/turismevalles.com\/wp-content\/uploads\/2021\/11\/Festa_Major_Samalus-1-214x300.jpg",214,300,true],"medium_large":["https:\/\/turismevalles.com\/wp-content\/uploads\/2021\/11\/Festa_Major_Samalus-1-768x1075.jpg",768,1075,true],"large":["https:\/\/turismevalles.com\/wp-content\/uploads\/2021\/11\/Festa_Major_Samalus-1-732x1024.jpg",732,1024,true],"thumblist":["https:\/\/turismevalles.com\/wp-content\/uploads\/2021\/11\/Festa_Major_Samalus-1-300x300.jpg",300,300,true],"meccarouselthumb":["https:\/\/turismevalles.com\/wp-content\/uploads\/2021\/11\/Festa_Major_Samalus-1-474x324.jpg",474,324,true],"gridsquare":["https:\/\/turismevalles.com\/wp-content\/uploads\/2021\/11\/Festa_Major_Samalus-1-391x260.jpg",391,260,true],"tileview":["https:\/\/turismevalles.com\/wp-content\/uploads\/2021\/11\/Festa_Major_Samalus-1-300x400.jpg",300,400,true],"1536x1536":["https:\/\/turismevalles.com\/wp-content\/uploads\/2021\/11\/Festa_Major_Samalus-1.jpg",886,1240,false],"2048x2048":["https:\/\/turismevalles.com\/wp-content\/uploads\/2021\/11\/Festa_Major_Samalus-1.jpg",886,1240,false]},"uagb_author_info":{"display_name":"Turisme Valles","author_link":"https:\/\/turismevalles.com\/es\/author\/turismevallesoriental\/"},"uagb_comment_info":0,"uagb_excerpt":"S\u00e1bado, 27 de noviembre de 2021 de 19.00 ha 20.30 h Fiesta Mayor Mayor de Invierno. D\u00edas 27, 28 y 30 de noviembre 19h.-\u00a0\u00a0\u00a1En esencia... ... Veure m\u00e9s","_links":{"self":[{"href":"https:\/\/turismevalles.com\/es\/wp-json\/wp\/v2\/mec-events\/16763","targetHints":{"allow":["GET"]}}],"collection":[{"href":"https:\/\/turismevalles.com\/es\/wp-json\/wp\/v2\/mec-events"}],"about":[{"href":"https:\/\/turismevalles.com\/es\/wp-json\/wp\/v2\/types\/mec-events"}],"author":[{"embeddable":true,"href":"https:\/\/turismevalles.com\/es\/wp-json\/wp\/v2\/users\/5"}],"replies":[{"embeddable":true,"href":"https:\/\/turismevalles.com\/es\/wp-json\/wp\/v2\/comments?post=16763"}],"wp:featuredmedia":[{"embeddable":true,"href":"https:\/\/turismevalles.com\/es\/wp-json\/wp\/v2\/media\/16762"}],"wp:attachment":[{"href":"https:\/\/turismevalles.com\/es\/wp-json\/wp\/v2\/media?parent=16763"}],"wp:term":[{"taxonomy":"post_tag","embeddable":true,"href":"https:\/\/turismevalles.com\/es\/wp-json\/wp\/v2\/tags?post=16763"},{"taxonomy":"poblacions","embeddable":true,"href":"https:\/\/turismevalles.com\/es\/wp-json\/wp\/v2\/poblacions?post=16763"},{"taxonomy":"mec_category","embeddable":true,"href":"https:\/\/turismevalles.com\/es\/wp-json\/wp\/v2\/mec_category?post=16763"}],"curies":[{"name":"wp","href":"https:\/\/api.w.org\/{rel}","templated":true}]}}