{"id":16777,"date":"2021-11-23T13:50:50","date_gmt":"2021-11-23T12:50:50","guid":{"rendered":"http:\/\/turismevalles.com.mialias.net\/?post_type=mec-events&#038;p=16777"},"modified":"2021-11-23T13:50:50","modified_gmt":"2021-11-23T12:50:50","slug":"vi-pesebre-viviente-de-canoves","status":"publish","type":"mec-events","link":"https:\/\/turismevalles.com\/es\/events\/vi-pesebre-viviente-de-canoves\/","title":{"rendered":"VI Pesebre Viviente de C\u00e0noves"},"content":{"rendered":"<div class=\"ddbbtext\">\n<pre id=\"tw-target-text\" class=\"tw-data-text tw-text-large tw-ta\" dir=\"ltr\" data-placeholder=\"Traducci\u00f3n\"><span class=\"Y2IQFc\" lang=\"es\">Domingo, 5 de diciembre de 2021 de 18.00 ha 20.00 h\r\n\r\nRepresentaci\u00f3n del nacimiento de\u00a0Jes\u00fas de Nazaret\u00a0a partir de varios cuadros con personajes vivos, aprovechando los rincones m\u00e1s genuinos del casco antiguo de C\u00e0noves. El espectador podr\u00e1 desplazarse para sumergirse y viajar en este tiempo pasado.\r\n\r\nInicio del itinerario: Zona del CAP C\u00e0noves.\r\nFinal: Plaza Sant Mu\u00e7\r\nA partir de las 6 de la tarde, los visitantes pueden ir entrando en el pesebre hasta las 8 de la tarde.\r\nPrecio: 3\u20ac (menores de 6 a\u00f1os gratuito)\r\n\r\nNotas de inter\u00e9s:\r\nEn la plaza Sant Mu\u00e7\u00a0 habr\u00e1 una feria de Navidad donde se podr\u00e1 encontrar food-trucks y paradas navide\u00f1as.\r\nLas actividades se llevar\u00e1n a cabo cumpliendo con las medidas sanitarias indicadas por el PROCICAT para el d\u00eda del evento.\r\nEn caso de cambios o modificaciones se notificar\u00e1 previamente mediante correo electr\u00f3nico, redes sociales y web municipal.<\/span><\/pre>\n<p><i><\/i><img loading=\"lazy\" decoding=\"async\" class=\"aligncenter size-full wp-image-16773\" src=\"http:\/\/turismevalles.com\/wp-content\/uploads\/2021\/11\/Pessebre_2021_V2_xarxes.jpg\" alt=\"\" width=\"1414\" height=\"2000\" srcset=\"https:\/\/turismevalles.com\/wp-content\/uploads\/2021\/11\/Pessebre_2021_V2_xarxes.jpg 1414w, https:\/\/turismevalles.com\/wp-content\/uploads\/2021\/11\/Pessebre_2021_V2_xarxes-212x300.jpg 212w, https:\/\/turismevalles.com\/wp-content\/uploads\/2021\/11\/Pessebre_2021_V2_xarxes-724x1024.jpg 724w, https:\/\/turismevalles.com\/wp-content\/uploads\/2021\/11\/Pessebre_2021_V2_xarxes-768x1086.jpg 768w, https:\/\/turismevalles.com\/wp-content\/uploads\/2021\/11\/Pessebre_2021_V2_xarxes-1086x1536.jpg 1086w\" sizes=\"auto, (max-width: 1414px) 100vw, 1414px\" \/><\/p>\n<\/div>\n","protected":false},"excerpt":{"rendered":"<p>Domingo, 5 de diciembre de 2021 de 18.00 ha 20.00 h Representaci\u00f3n del nacimiento de\u00a0Jes\u00fas de Nazaret\u00a0a partir de varios cuadros con personajes vivos, aprovechando &#8230; <a title=\"VI Pesebre Viviente de C\u00e0noves\" class=\"read-more\" href=\"https:\/\/turismevalles.com\/es\/events\/vi-pesebre-viviente-de-canoves\/\" aria-label=\"M\u00e1s en VI Pesebre Viviente de C\u00e0noves\">Veure m\u00e9s<\/a><\/p>\n","protected":false},"author":5,"featured_media":16776,"comment_status":"open","ping_status":"closed","template":"","tags":[],"poblacions":[440],"mec_category":[970],"class_list":["post-16777","mec-events","type-mec-events","status-publish","has-post-thumbnail","hentry","poblacions-canoves-i-samalus-es","mec_category-activitats-en-familia-es","generate-columns","tablet-grid-50","mobile-grid-100","grid-parent","grid-33"],"acf":[],"yoast_head":"<!-- This site is optimized with the Yoast SEO plugin v26.4 - https:\/\/yoast.com\/wordpress\/plugins\/seo\/ -->\n<title>VI Pesebre Viviente de C\u00e0noves - Turisme Vall\u00e8s<\/title>\n<meta name=\"robots\" content=\"index, follow, max-snippet:-1, max-image-preview:large, max-video-preview:-1\" \/>\n<link rel=\"canonical\" href=\"https:\/\/turismevalles.com\/es\/events\/vi-pesebre-viviente-de-canoves\/\" \/>\n<meta property=\"og:locale\" content=\"es_ES\" \/>\n<meta property=\"og:type\" content=\"article\" \/>\n<meta property=\"og:title\" content=\"VI Pesebre Viviente de C\u00e0noves - Turisme Vall\u00e8s\" \/>\n<meta property=\"og:description\" content=\"Domingo, 5 de diciembre de 2021 de 18.00 ha 20.00 h Representaci\u00f3n del nacimiento de\u00a0Jes\u00fas de Nazaret\u00a0a partir de varios cuadros con personajes vivos, aprovechando ... Veure m\u00e9s\" \/>\n<meta property=\"og:url\" content=\"https:\/\/turismevalles.com\/es\/events\/vi-pesebre-viviente-de-canoves\/\" \/>\n<meta property=\"og:site_name\" content=\"Turisme Vall\u00e8s\" \/>\n<meta property=\"og:image\" content=\"https:\/\/turismevalles.com\/wp-content\/uploads\/2021\/11\/Pessebre_2021_V2_xarxes-724x1024.jpg\" \/>\n\t<meta property=\"og:image:width\" content=\"724\" \/>\n\t<meta property=\"og:image:height\" content=\"1024\" \/>\n\t<meta property=\"og:image:type\" content=\"image\/jpeg\" \/>\n<meta name=\"twitter:card\" content=\"summary_large_image\" \/>\n<meta name=\"twitter:label1\" content=\"Tiempo de lectura\" \/>\n\t<meta name=\"twitter:data1\" content=\"1 minuto\" \/>\n<script type=\"application\/ld+json\" class=\"yoast-schema-graph\">{\"@context\":\"https:\/\/schema.org\",\"@graph\":[{\"@type\":\"WebPage\",\"@id\":\"https:\/\/turismevalles.com\/es\/events\/vi-pesebre-viviente-de-canoves\/\",\"url\":\"https:\/\/turismevalles.com\/es\/events\/vi-pesebre-viviente-de-canoves\/\",\"name\":\"VI Pesebre Viviente de C\u00e0noves - Turisme Vall\u00e8s\",\"isPartOf\":{\"@id\":\"https:\/\/turismevalles.com\/en\/#website\"},\"primaryImageOfPage\":{\"@id\":\"https:\/\/turismevalles.com\/es\/events\/vi-pesebre-viviente-de-canoves\/#primaryimage\"},\"image\":{\"@id\":\"https:\/\/turismevalles.com\/es\/events\/vi-pesebre-viviente-de-canoves\/#primaryimage\"},\"thumbnailUrl\":\"https:\/\/turismevalles.com\/wp-content\/uploads\/2021\/11\/Pessebre_2021_V2_xarxes.jpg\",\"datePublished\":\"2021-11-23T12:50:50+00:00\",\"breadcrumb\":{\"@id\":\"https:\/\/turismevalles.com\/es\/events\/vi-pesebre-viviente-de-canoves\/#breadcrumb\"},\"inLanguage\":\"es\",\"potentialAction\":[{\"@type\":\"ReadAction\",\"target\":[\"https:\/\/turismevalles.com\/es\/events\/vi-pesebre-viviente-de-canoves\/\"]}]},{\"@type\":\"ImageObject\",\"inLanguage\":\"es\",\"@id\":\"https:\/\/turismevalles.com\/es\/events\/vi-pesebre-viviente-de-canoves\/#primaryimage\",\"url\":\"https:\/\/turismevalles.com\/wp-content\/uploads\/2021\/11\/Pessebre_2021_V2_xarxes.jpg\",\"contentUrl\":\"https:\/\/turismevalles.com\/wp-content\/uploads\/2021\/11\/Pessebre_2021_V2_xarxes.jpg\",\"width\":1414,\"height\":2000},{\"@type\":\"BreadcrumbList\",\"@id\":\"https:\/\/turismevalles.com\/es\/events\/vi-pesebre-viviente-de-canoves\/#breadcrumb\",\"itemListElement\":[{\"@type\":\"ListItem\",\"position\":1,\"name\":\"Inicio\",\"item\":\"https:\/\/turismevalles.com\/es\/\"},{\"@type\":\"ListItem\",\"position\":2,\"name\":\"Esdeveniments\",\"item\":\"https:\/\/turismevalles.com\/events\/\"},{\"@type\":\"ListItem\",\"position\":3,\"name\":\"VI Pesebre Viviente de C\u00e0noves\"}]},{\"@type\":\"WebSite\",\"@id\":\"https:\/\/turismevalles.com\/en\/#website\",\"url\":\"https:\/\/turismevalles.com\/en\/\",\"name\":\"Turisme Vall\u00e8s\",\"description\":\"\",\"publisher\":{\"@id\":\"https:\/\/turismevalles.com\/en\/#organization\"},\"potentialAction\":[{\"@type\":\"SearchAction\",\"target\":{\"@type\":\"EntryPoint\",\"urlTemplate\":\"https:\/\/turismevalles.com\/en\/?s={search_term_string}\"},\"query-input\":{\"@type\":\"PropertyValueSpecification\",\"valueRequired\":true,\"valueName\":\"search_term_string\"}}],\"inLanguage\":\"es\"},{\"@type\":\"Organization\",\"@id\":\"https:\/\/turismevalles.com\/en\/#organization\",\"name\":\"Turisme Vall\u00e8s\",\"url\":\"https:\/\/turismevalles.com\/en\/\",\"logo\":{\"@type\":\"ImageObject\",\"inLanguage\":\"es\",\"@id\":\"https:\/\/turismevalles.com\/en\/#\/schema\/logo\/image\/\",\"url\":\"https:\/\/turismevalles.com\/wp-content\/uploads\/2020\/08\/cropped-logo_ca-2.png\",\"contentUrl\":\"https:\/\/turismevalles.com\/wp-content\/uploads\/2020\/08\/cropped-logo_ca-2.png\",\"width\":314,\"height\":85,\"caption\":\"Turisme Vall\u00e8s\"},\"image\":{\"@id\":\"https:\/\/turismevalles.com\/en\/#\/schema\/logo\/image\/\"}}]}<\/script>\n<!-- \/ Yoast SEO plugin. -->","yoast_head_json":{"title":"VI Pesebre Viviente de C\u00e0noves - Turisme Vall\u00e8s","robots":{"index":"index","follow":"follow","max-snippet":"max-snippet:-1","max-image-preview":"max-image-preview:large","max-video-preview":"max-video-preview:-1"},"canonical":"https:\/\/turismevalles.com\/es\/events\/vi-pesebre-viviente-de-canoves\/","og_locale":"es_ES","og_type":"article","og_title":"VI Pesebre Viviente de C\u00e0noves - Turisme Vall\u00e8s","og_description":"Domingo, 5 de diciembre de 2021 de 18.00 ha 20.00 h Representaci\u00f3n del nacimiento de\u00a0Jes\u00fas de Nazaret\u00a0a partir de varios cuadros con personajes vivos, aprovechando ... Veure m\u00e9s","og_url":"https:\/\/turismevalles.com\/es\/events\/vi-pesebre-viviente-de-canoves\/","og_site_name":"Turisme Vall\u00e8s","og_image":[{"width":724,"height":1024,"url":"https:\/\/turismevalles.com\/wp-content\/uploads\/2021\/11\/Pessebre_2021_V2_xarxes-724x1024.jpg","type":"image\/jpeg"}],"twitter_card":"summary_large_image","twitter_misc":{"Tiempo de lectura":"1 minuto"},"schema":{"@context":"https:\/\/schema.org","@graph":[{"@type":"WebPage","@id":"https:\/\/turismevalles.com\/es\/events\/vi-pesebre-viviente-de-canoves\/","url":"https:\/\/turismevalles.com\/es\/events\/vi-pesebre-viviente-de-canoves\/","name":"VI Pesebre Viviente de C\u00e0noves - Turisme Vall\u00e8s","isPartOf":{"@id":"https:\/\/turismevalles.com\/en\/#website"},"primaryImageOfPage":{"@id":"https:\/\/turismevalles.com\/es\/events\/vi-pesebre-viviente-de-canoves\/#primaryimage"},"image":{"@id":"https:\/\/turismevalles.com\/es\/events\/vi-pesebre-viviente-de-canoves\/#primaryimage"},"thumbnailUrl":"https:\/\/turismevalles.com\/wp-content\/uploads\/2021\/11\/Pessebre_2021_V2_xarxes.jpg","datePublished":"2021-11-23T12:50:50+00:00","breadcrumb":{"@id":"https:\/\/turismevalles.com\/es\/events\/vi-pesebre-viviente-de-canoves\/#breadcrumb"},"inLanguage":"es","potentialAction":[{"@type":"ReadAction","target":["https:\/\/turismevalles.com\/es\/events\/vi-pesebre-viviente-de-canoves\/"]}]},{"@type":"ImageObject","inLanguage":"es","@id":"https:\/\/turismevalles.com\/es\/events\/vi-pesebre-viviente-de-canoves\/#primaryimage","url":"https:\/\/turismevalles.com\/wp-content\/uploads\/2021\/11\/Pessebre_2021_V2_xarxes.jpg","contentUrl":"https:\/\/turismevalles.com\/wp-content\/uploads\/2021\/11\/Pessebre_2021_V2_xarxes.jpg","width":1414,"height":2000},{"@type":"BreadcrumbList","@id":"https:\/\/turismevalles.com\/es\/events\/vi-pesebre-viviente-de-canoves\/#breadcrumb","itemListElement":[{"@type":"ListItem","position":1,"name":"Inicio","item":"https:\/\/turismevalles.com\/es\/"},{"@type":"ListItem","position":2,"name":"Esdeveniments","item":"https:\/\/turismevalles.com\/events\/"},{"@type":"ListItem","position":3,"name":"VI Pesebre Viviente de C\u00e0noves"}]},{"@type":"WebSite","@id":"https:\/\/turismevalles.com\/en\/#website","url":"https:\/\/turismevalles.com\/en\/","name":"Turisme Vall\u00e8s","description":"","publisher":{"@id":"https:\/\/turismevalles.com\/en\/#organization"},"potentialAction":[{"@type":"SearchAction","target":{"@type":"EntryPoint","urlTemplate":"https:\/\/turismevalles.com\/en\/?s={search_term_string}"},"query-input":{"@type":"PropertyValueSpecification","valueRequired":true,"valueName":"search_term_string"}}],"inLanguage":"es"},{"@type":"Organization","@id":"https:\/\/turismevalles.com\/en\/#organization","name":"Turisme Vall\u00e8s","url":"https:\/\/turismevalles.com\/en\/","logo":{"@type":"ImageObject","inLanguage":"es","@id":"https:\/\/turismevalles.com\/en\/#\/schema\/logo\/image\/","url":"https:\/\/turismevalles.com\/wp-content\/uploads\/2020\/08\/cropped-logo_ca-2.png","contentUrl":"https:\/\/turismevalles.com\/wp-content\/uploads\/2020\/08\/cropped-logo_ca-2.png","width":314,"height":85,"caption":"Turisme Vall\u00e8s"},"image":{"@id":"https:\/\/turismevalles.com\/en\/#\/schema\/logo\/image\/"}}]}},"uagb_featured_image_src":{"full":["https:\/\/turismevalles.com\/wp-content\/uploads\/2021\/11\/Pessebre_2021_V2_xarxes.jpg",1414,2000,false],"thumbnail":["https:\/\/turismevalles.com\/wp-content\/uploads\/2021\/11\/Pessebre_2021_V2_xarxes-150x150.jpg",150,150,true],"medium":["https:\/\/turismevalles.com\/wp-content\/uploads\/2021\/11\/Pessebre_2021_V2_xarxes-212x300.jpg",212,300,true],"medium_large":["https:\/\/turismevalles.com\/wp-content\/uploads\/2021\/11\/Pessebre_2021_V2_xarxes-768x1086.jpg",768,1086,true],"large":["https:\/\/turismevalles.com\/wp-content\/uploads\/2021\/11\/Pessebre_2021_V2_xarxes-724x1024.jpg",724,1024,true],"thumblist":["https:\/\/turismevalles.com\/wp-content\/uploads\/2021\/11\/Pessebre_2021_V2_xarxes-300x300.jpg",300,300,true],"meccarouselthumb":["https:\/\/turismevalles.com\/wp-content\/uploads\/2021\/11\/Pessebre_2021_V2_xarxes-474x324.jpg",474,324,true],"gridsquare":["https:\/\/turismevalles.com\/wp-content\/uploads\/2021\/11\/Pessebre_2021_V2_xarxes-391x260.jpg",391,260,true],"tileview":["https:\/\/turismevalles.com\/wp-content\/uploads\/2021\/11\/Pessebre_2021_V2_xarxes-300x400.jpg",300,400,true],"1536x1536":["https:\/\/turismevalles.com\/wp-content\/uploads\/2021\/11\/Pessebre_2021_V2_xarxes-1086x1536.jpg",1086,1536,true],"2048x2048":["https:\/\/turismevalles.com\/wp-content\/uploads\/2021\/11\/Pessebre_2021_V2_xarxes.jpg",1414,2000,false]},"uagb_author_info":{"display_name":"Turisme Valles","author_link":"https:\/\/turismevalles.com\/es\/author\/turismevallesoriental\/"},"uagb_comment_info":0,"uagb_excerpt":"Domingo, 5 de diciembre de 2021 de 18.00 ha 20.00 h Representaci\u00f3n del nacimiento de\u00a0Jes\u00fas de Nazaret\u00a0a partir de varios cuadros con personajes vivos, aprovechando ... Veure m\u00e9s","_links":{"self":[{"href":"https:\/\/turismevalles.com\/es\/wp-json\/wp\/v2\/mec-events\/16777","targetHints":{"allow":["GET"]}}],"collection":[{"href":"https:\/\/turismevalles.com\/es\/wp-json\/wp\/v2\/mec-events"}],"about":[{"href":"https:\/\/turismevalles.com\/es\/wp-json\/wp\/v2\/types\/mec-events"}],"author":[{"embeddable":true,"href":"https:\/\/turismevalles.com\/es\/wp-json\/wp\/v2\/users\/5"}],"replies":[{"embeddable":true,"href":"https:\/\/turismevalles.com\/es\/wp-json\/wp\/v2\/comments?post=16777"}],"wp:featuredmedia":[{"embeddable":true,"href":"https:\/\/turismevalles.com\/es\/wp-json\/wp\/v2\/media\/16776"}],"wp:attachment":[{"href":"https:\/\/turismevalles.com\/es\/wp-json\/wp\/v2\/media?parent=16777"}],"wp:term":[{"taxonomy":"post_tag","embeddable":true,"href":"https:\/\/turismevalles.com\/es\/wp-json\/wp\/v2\/tags?post=16777"},{"taxonomy":"poblacions","embeddable":true,"href":"https:\/\/turismevalles.com\/es\/wp-json\/wp\/v2\/poblacions?post=16777"},{"taxonomy":"mec_category","embeddable":true,"href":"https:\/\/turismevalles.com\/es\/wp-json\/wp\/v2\/mec_category?post=16777"}],"curies":[{"name":"wp","href":"https:\/\/api.w.org\/{rel}","templated":true}]}}