{"id":16897,"date":"2021-11-30T14:49:47","date_gmt":"2021-11-30T13:49:47","guid":{"rendered":"http:\/\/turismevalles.com.mialias.net\/?post_type=mec-events&#038;p=16897"},"modified":"2021-11-30T14:49:47","modified_gmt":"2021-11-30T13:49:47","slug":"belen-viviente-de-sant-fost-de-campsentelles","status":"publish","type":"mec-events","link":"https:\/\/turismevalles.com\/es\/events\/belen-viviente-de-sant-fost-de-campsentelles\/","title":{"rendered":"BEL\u00c9N VIVIENTE DE SANT FOST DE CAMPSENTELLES"},"content":{"rendered":"<p>Vuelve el tradicional Bel\u00e9n Viviente de\u00a0<strong><a href=\"https:\/\/www.femturisme.cat\/es\/pueblos\/sant-fost-de-campsentelles\" target=\"_blank\" rel=\"noopener noreferrer\">Sant Fost de Campsentelles<\/a><\/strong>. Este pesebre es conocido por la\u00a0<strong>alta participaci\u00f3n de figurantes<\/strong>\u00a0(cerca de 200) y por los\u00a0<strong>efectos especiales<\/strong>\u00a0que tienen las representaciones de las escenas.<\/p>\n<p>Esta tradici\u00f3n se remonta cerca de\u00a0<strong>medio siglo atr\u00e1s<\/strong>\u00a0a la que la incorporaci\u00f3n de\u00a0<strong>efectos especiales<\/strong>\u00a0y la\u00a0<strong>teatralizaci\u00f3n<\/strong>\u00a0han ido tomando mayor presencia con el tiempo, hasta llegar a alcanzar la gran complejidad del espect\u00e1culo al aire libre que hoy en d\u00eda todo un pueblo mantiene vivo.<\/p>\n<p>El Bel\u00e9n Viviente se representa en\u00a0<strong>28 escenas<\/strong>, repartidas en dos partes: se inicia con una narraci\u00f3n estructurada, acompa\u00f1ada de bandas sonoras adecuadas, donde el punto m\u00e1s \u00e1lgico culmina con el nacimiento de Jes\u00fas. La segunda parte es un homenaje a nuestros antepasados, con la escenificaci\u00f3n de la recuperaci\u00f3n de una serie de oficios del pa\u00eds que casi han desaparecido.<\/p>\n<p>Los visitantes del\u00a0<strong>Bel\u00e9n Viviente de Sant Fost<\/strong>\u00a0son parte principal en este espect\u00e1culo. Su presencia alienta a los organizadores a mejorar y llevar adelante este evento navide\u00f1o.<\/p>\n<p>\u00a1Eh! Y no te pierdas el\u00a0<strong>pan tostado con\u00a0<em>allioli<\/em>\u00a0y vino del pueblo<\/strong>\u00a0para todos los visitantes antes de cada representaci\u00f3n.<img loading=\"lazy\" decoding=\"async\" class=\"aligncenter size-full wp-image-16898\" src=\"http:\/\/turismevalles.com\/wp-content\/uploads\/2021\/11\/pessebre-vivent-de-sant-fost-de-campsentelles.jpg\" alt=\"\" width=\"840\" height=\"440\" srcset=\"https:\/\/turismevalles.com\/wp-content\/uploads\/2021\/11\/pessebre-vivent-de-sant-fost-de-campsentelles.jpg 840w, https:\/\/turismevalles.com\/wp-content\/uploads\/2021\/11\/pessebre-vivent-de-sant-fost-de-campsentelles-300x157.jpg 300w, https:\/\/turismevalles.com\/wp-content\/uploads\/2021\/11\/pessebre-vivent-de-sant-fost-de-campsentelles-768x402.jpg 768w\" sizes=\"auto, (max-width: 840px) 100vw, 840px\" \/><\/p>\n","protected":false},"excerpt":{"rendered":"<p>Vuelve el tradicional Bel\u00e9n Viviente de\u00a0Sant Fost de Campsentelles. Este pesebre es conocido por la\u00a0alta participaci\u00f3n de figurantes\u00a0(cerca de 200) y por los\u00a0efectos especiales\u00a0que tienen &#8230; <a title=\"BEL\u00c9N VIVIENTE DE SANT FOST DE CAMPSENTELLES\" class=\"read-more\" href=\"https:\/\/turismevalles.com\/es\/events\/belen-viviente-de-sant-fost-de-campsentelles\/\" aria-label=\"M\u00e1s en BEL\u00c9N VIVIENTE DE SANT FOST DE CAMPSENTELLES\">Veure m\u00e9s<\/a><\/p>\n","protected":false},"author":5,"featured_media":16898,"comment_status":"open","ping_status":"closed","template":"","tags":[],"poblacions":[893],"mec_category":[970],"class_list":["post-16897","mec-events","type-mec-events","status-publish","has-post-thumbnail","hentry","poblacions-sant-fost-de-campsentelles-es","mec_category-activitats-en-familia-es","generate-columns","tablet-grid-50","mobile-grid-100","grid-parent","grid-33"],"acf":[],"yoast_head":"<!-- This site is optimized with the Yoast SEO plugin v26.4 - https:\/\/yoast.com\/wordpress\/plugins\/seo\/ -->\n<title>BEL\u00c9N VIVIENTE DE SANT FOST DE CAMPSENTELLES - Turisme Vall\u00e8s<\/title>\n<meta name=\"robots\" content=\"index, follow, max-snippet:-1, max-image-preview:large, max-video-preview:-1\" \/>\n<link rel=\"canonical\" href=\"https:\/\/turismevalles.com\/es\/events\/belen-viviente-de-sant-fost-de-campsentelles\/\" \/>\n<meta property=\"og:locale\" content=\"es_ES\" \/>\n<meta property=\"og:type\" content=\"article\" \/>\n<meta property=\"og:title\" content=\"BEL\u00c9N VIVIENTE DE SANT FOST DE CAMPSENTELLES - Turisme Vall\u00e8s\" \/>\n<meta property=\"og:description\" content=\"Vuelve el tradicional Bel\u00e9n Viviente de\u00a0Sant Fost de Campsentelles. Este pesebre es conocido por la\u00a0alta participaci\u00f3n de figurantes\u00a0(cerca de 200) y por los\u00a0efectos especiales\u00a0que tienen ... Veure m\u00e9s\" \/>\n<meta property=\"og:url\" content=\"https:\/\/turismevalles.com\/es\/events\/belen-viviente-de-sant-fost-de-campsentelles\/\" \/>\n<meta property=\"og:site_name\" content=\"Turisme Vall\u00e8s\" \/>\n<meta property=\"og:image\" content=\"https:\/\/turismevalles.com\/wp-content\/uploads\/2021\/11\/pessebre-vivent-de-sant-fost-de-campsentelles.jpg\" \/>\n\t<meta property=\"og:image:width\" content=\"840\" \/>\n\t<meta property=\"og:image:height\" content=\"440\" \/>\n\t<meta property=\"og:image:type\" content=\"image\/jpeg\" \/>\n<meta name=\"twitter:card\" content=\"summary_large_image\" \/>\n<meta name=\"twitter:label1\" content=\"Tiempo de lectura\" \/>\n\t<meta name=\"twitter:data1\" content=\"2 minutos\" \/>\n<script type=\"application\/ld+json\" class=\"yoast-schema-graph\">{\"@context\":\"https:\/\/schema.org\",\"@graph\":[{\"@type\":\"WebPage\",\"@id\":\"https:\/\/turismevalles.com\/es\/events\/belen-viviente-de-sant-fost-de-campsentelles\/\",\"url\":\"https:\/\/turismevalles.com\/es\/events\/belen-viviente-de-sant-fost-de-campsentelles\/\",\"name\":\"BEL\u00c9N VIVIENTE DE SANT FOST DE CAMPSENTELLES - Turisme Vall\u00e8s\",\"isPartOf\":{\"@id\":\"https:\/\/turismevalles.com\/en\/#website\"},\"primaryImageOfPage\":{\"@id\":\"https:\/\/turismevalles.com\/es\/events\/belen-viviente-de-sant-fost-de-campsentelles\/#primaryimage\"},\"image\":{\"@id\":\"https:\/\/turismevalles.com\/es\/events\/belen-viviente-de-sant-fost-de-campsentelles\/#primaryimage\"},\"thumbnailUrl\":\"https:\/\/turismevalles.com\/wp-content\/uploads\/2021\/11\/pessebre-vivent-de-sant-fost-de-campsentelles.jpg\",\"datePublished\":\"2021-11-30T13:49:47+00:00\",\"breadcrumb\":{\"@id\":\"https:\/\/turismevalles.com\/es\/events\/belen-viviente-de-sant-fost-de-campsentelles\/#breadcrumb\"},\"inLanguage\":\"es\",\"potentialAction\":[{\"@type\":\"ReadAction\",\"target\":[\"https:\/\/turismevalles.com\/es\/events\/belen-viviente-de-sant-fost-de-campsentelles\/\"]}]},{\"@type\":\"ImageObject\",\"inLanguage\":\"es\",\"@id\":\"https:\/\/turismevalles.com\/es\/events\/belen-viviente-de-sant-fost-de-campsentelles\/#primaryimage\",\"url\":\"https:\/\/turismevalles.com\/wp-content\/uploads\/2021\/11\/pessebre-vivent-de-sant-fost-de-campsentelles.jpg\",\"contentUrl\":\"https:\/\/turismevalles.com\/wp-content\/uploads\/2021\/11\/pessebre-vivent-de-sant-fost-de-campsentelles.jpg\",\"width\":840,\"height\":440},{\"@type\":\"BreadcrumbList\",\"@id\":\"https:\/\/turismevalles.com\/es\/events\/belen-viviente-de-sant-fost-de-campsentelles\/#breadcrumb\",\"itemListElement\":[{\"@type\":\"ListItem\",\"position\":1,\"name\":\"Inicio\",\"item\":\"https:\/\/turismevalles.com\/es\/\"},{\"@type\":\"ListItem\",\"position\":2,\"name\":\"Esdeveniments\",\"item\":\"https:\/\/turismevalles.com\/events\/\"},{\"@type\":\"ListItem\",\"position\":3,\"name\":\"BEL\u00c9N VIVIENTE DE SANT FOST DE CAMPSENTELLES\"}]},{\"@type\":\"WebSite\",\"@id\":\"https:\/\/turismevalles.com\/en\/#website\",\"url\":\"https:\/\/turismevalles.com\/en\/\",\"name\":\"Turisme Vall\u00e8s\",\"description\":\"\",\"publisher\":{\"@id\":\"https:\/\/turismevalles.com\/en\/#organization\"},\"potentialAction\":[{\"@type\":\"SearchAction\",\"target\":{\"@type\":\"EntryPoint\",\"urlTemplate\":\"https:\/\/turismevalles.com\/en\/?s={search_term_string}\"},\"query-input\":{\"@type\":\"PropertyValueSpecification\",\"valueRequired\":true,\"valueName\":\"search_term_string\"}}],\"inLanguage\":\"es\"},{\"@type\":\"Organization\",\"@id\":\"https:\/\/turismevalles.com\/en\/#organization\",\"name\":\"Turisme Vall\u00e8s\",\"url\":\"https:\/\/turismevalles.com\/en\/\",\"logo\":{\"@type\":\"ImageObject\",\"inLanguage\":\"es\",\"@id\":\"https:\/\/turismevalles.com\/en\/#\/schema\/logo\/image\/\",\"url\":\"https:\/\/turismevalles.com\/wp-content\/uploads\/2020\/08\/cropped-logo_ca-2.png\",\"contentUrl\":\"https:\/\/turismevalles.com\/wp-content\/uploads\/2020\/08\/cropped-logo_ca-2.png\",\"width\":314,\"height\":85,\"caption\":\"Turisme Vall\u00e8s\"},\"image\":{\"@id\":\"https:\/\/turismevalles.com\/en\/#\/schema\/logo\/image\/\"}}]}<\/script>\n<!-- \/ Yoast SEO plugin. -->","yoast_head_json":{"title":"BEL\u00c9N VIVIENTE DE SANT FOST DE CAMPSENTELLES - Turisme Vall\u00e8s","robots":{"index":"index","follow":"follow","max-snippet":"max-snippet:-1","max-image-preview":"max-image-preview:large","max-video-preview":"max-video-preview:-1"},"canonical":"https:\/\/turismevalles.com\/es\/events\/belen-viviente-de-sant-fost-de-campsentelles\/","og_locale":"es_ES","og_type":"article","og_title":"BEL\u00c9N VIVIENTE DE SANT FOST DE CAMPSENTELLES - Turisme Vall\u00e8s","og_description":"Vuelve el tradicional Bel\u00e9n Viviente de\u00a0Sant Fost de Campsentelles. Este pesebre es conocido por la\u00a0alta participaci\u00f3n de figurantes\u00a0(cerca de 200) y por los\u00a0efectos especiales\u00a0que tienen ... Veure m\u00e9s","og_url":"https:\/\/turismevalles.com\/es\/events\/belen-viviente-de-sant-fost-de-campsentelles\/","og_site_name":"Turisme Vall\u00e8s","og_image":[{"width":840,"height":440,"url":"https:\/\/turismevalles.com\/wp-content\/uploads\/2021\/11\/pessebre-vivent-de-sant-fost-de-campsentelles.jpg","type":"image\/jpeg"}],"twitter_card":"summary_large_image","twitter_misc":{"Tiempo de lectura":"2 minutos"},"schema":{"@context":"https:\/\/schema.org","@graph":[{"@type":"WebPage","@id":"https:\/\/turismevalles.com\/es\/events\/belen-viviente-de-sant-fost-de-campsentelles\/","url":"https:\/\/turismevalles.com\/es\/events\/belen-viviente-de-sant-fost-de-campsentelles\/","name":"BEL\u00c9N VIVIENTE DE SANT FOST DE CAMPSENTELLES - Turisme Vall\u00e8s","isPartOf":{"@id":"https:\/\/turismevalles.com\/en\/#website"},"primaryImageOfPage":{"@id":"https:\/\/turismevalles.com\/es\/events\/belen-viviente-de-sant-fost-de-campsentelles\/#primaryimage"},"image":{"@id":"https:\/\/turismevalles.com\/es\/events\/belen-viviente-de-sant-fost-de-campsentelles\/#primaryimage"},"thumbnailUrl":"https:\/\/turismevalles.com\/wp-content\/uploads\/2021\/11\/pessebre-vivent-de-sant-fost-de-campsentelles.jpg","datePublished":"2021-11-30T13:49:47+00:00","breadcrumb":{"@id":"https:\/\/turismevalles.com\/es\/events\/belen-viviente-de-sant-fost-de-campsentelles\/#breadcrumb"},"inLanguage":"es","potentialAction":[{"@type":"ReadAction","target":["https:\/\/turismevalles.com\/es\/events\/belen-viviente-de-sant-fost-de-campsentelles\/"]}]},{"@type":"ImageObject","inLanguage":"es","@id":"https:\/\/turismevalles.com\/es\/events\/belen-viviente-de-sant-fost-de-campsentelles\/#primaryimage","url":"https:\/\/turismevalles.com\/wp-content\/uploads\/2021\/11\/pessebre-vivent-de-sant-fost-de-campsentelles.jpg","contentUrl":"https:\/\/turismevalles.com\/wp-content\/uploads\/2021\/11\/pessebre-vivent-de-sant-fost-de-campsentelles.jpg","width":840,"height":440},{"@type":"BreadcrumbList","@id":"https:\/\/turismevalles.com\/es\/events\/belen-viviente-de-sant-fost-de-campsentelles\/#breadcrumb","itemListElement":[{"@type":"ListItem","position":1,"name":"Inicio","item":"https:\/\/turismevalles.com\/es\/"},{"@type":"ListItem","position":2,"name":"Esdeveniments","item":"https:\/\/turismevalles.com\/events\/"},{"@type":"ListItem","position":3,"name":"BEL\u00c9N VIVIENTE DE SANT FOST DE CAMPSENTELLES"}]},{"@type":"WebSite","@id":"https:\/\/turismevalles.com\/en\/#website","url":"https:\/\/turismevalles.com\/en\/","name":"Turisme Vall\u00e8s","description":"","publisher":{"@id":"https:\/\/turismevalles.com\/en\/#organization"},"potentialAction":[{"@type":"SearchAction","target":{"@type":"EntryPoint","urlTemplate":"https:\/\/turismevalles.com\/en\/?s={search_term_string}"},"query-input":{"@type":"PropertyValueSpecification","valueRequired":true,"valueName":"search_term_string"}}],"inLanguage":"es"},{"@type":"Organization","@id":"https:\/\/turismevalles.com\/en\/#organization","name":"Turisme Vall\u00e8s","url":"https:\/\/turismevalles.com\/en\/","logo":{"@type":"ImageObject","inLanguage":"es","@id":"https:\/\/turismevalles.com\/en\/#\/schema\/logo\/image\/","url":"https:\/\/turismevalles.com\/wp-content\/uploads\/2020\/08\/cropped-logo_ca-2.png","contentUrl":"https:\/\/turismevalles.com\/wp-content\/uploads\/2020\/08\/cropped-logo_ca-2.png","width":314,"height":85,"caption":"Turisme Vall\u00e8s"},"image":{"@id":"https:\/\/turismevalles.com\/en\/#\/schema\/logo\/image\/"}}]}},"uagb_featured_image_src":{"full":["https:\/\/turismevalles.com\/wp-content\/uploads\/2021\/11\/pessebre-vivent-de-sant-fost-de-campsentelles.jpg",840,440,false],"thumbnail":["https:\/\/turismevalles.com\/wp-content\/uploads\/2021\/11\/pessebre-vivent-de-sant-fost-de-campsentelles-150x150.jpg",150,150,true],"medium":["https:\/\/turismevalles.com\/wp-content\/uploads\/2021\/11\/pessebre-vivent-de-sant-fost-de-campsentelles-300x157.jpg",300,157,true],"medium_large":["https:\/\/turismevalles.com\/wp-content\/uploads\/2021\/11\/pessebre-vivent-de-sant-fost-de-campsentelles-768x402.jpg",768,402,true],"large":["https:\/\/turismevalles.com\/wp-content\/uploads\/2021\/11\/pessebre-vivent-de-sant-fost-de-campsentelles.jpg",840,440,false],"thumblist":["https:\/\/turismevalles.com\/wp-content\/uploads\/2021\/11\/pessebre-vivent-de-sant-fost-de-campsentelles-300x300.jpg",300,300,true],"meccarouselthumb":["https:\/\/turismevalles.com\/wp-content\/uploads\/2021\/11\/pessebre-vivent-de-sant-fost-de-campsentelles-474x324.jpg",474,324,true],"gridsquare":["https:\/\/turismevalles.com\/wp-content\/uploads\/2021\/11\/pessebre-vivent-de-sant-fost-de-campsentelles-391x260.jpg",391,260,true],"tileview":["https:\/\/turismevalles.com\/wp-content\/uploads\/2021\/11\/pessebre-vivent-de-sant-fost-de-campsentelles-300x400.jpg",300,400,true],"1536x1536":["https:\/\/turismevalles.com\/wp-content\/uploads\/2021\/11\/pessebre-vivent-de-sant-fost-de-campsentelles.jpg",840,440,false],"2048x2048":["https:\/\/turismevalles.com\/wp-content\/uploads\/2021\/11\/pessebre-vivent-de-sant-fost-de-campsentelles.jpg",840,440,false]},"uagb_author_info":{"display_name":"Turisme Valles","author_link":"https:\/\/turismevalles.com\/es\/author\/turismevallesoriental\/"},"uagb_comment_info":0,"uagb_excerpt":"Vuelve el tradicional Bel\u00e9n Viviente de\u00a0Sant Fost de Campsentelles. Este pesebre es conocido por la\u00a0alta participaci\u00f3n de figurantes\u00a0(cerca de 200) y por los\u00a0efectos especiales\u00a0que tienen ... Veure m\u00e9s","_links":{"self":[{"href":"https:\/\/turismevalles.com\/es\/wp-json\/wp\/v2\/mec-events\/16897","targetHints":{"allow":["GET"]}}],"collection":[{"href":"https:\/\/turismevalles.com\/es\/wp-json\/wp\/v2\/mec-events"}],"about":[{"href":"https:\/\/turismevalles.com\/es\/wp-json\/wp\/v2\/types\/mec-events"}],"author":[{"embeddable":true,"href":"https:\/\/turismevalles.com\/es\/wp-json\/wp\/v2\/users\/5"}],"replies":[{"embeddable":true,"href":"https:\/\/turismevalles.com\/es\/wp-json\/wp\/v2\/comments?post=16897"}],"wp:featuredmedia":[{"embeddable":true,"href":"https:\/\/turismevalles.com\/es\/wp-json\/wp\/v2\/media\/16898"}],"wp:attachment":[{"href":"https:\/\/turismevalles.com\/es\/wp-json\/wp\/v2\/media?parent=16897"}],"wp:term":[{"taxonomy":"post_tag","embeddable":true,"href":"https:\/\/turismevalles.com\/es\/wp-json\/wp\/v2\/tags?post=16897"},{"taxonomy":"poblacions","embeddable":true,"href":"https:\/\/turismevalles.com\/es\/wp-json\/wp\/v2\/poblacions?post=16897"},{"taxonomy":"mec_category","embeddable":true,"href":"https:\/\/turismevalles.com\/es\/wp-json\/wp\/v2\/mec_category?post=16897"}],"curies":[{"name":"wp","href":"https:\/\/api.w.org\/{rel}","templated":true}]}}