{"id":17140,"date":"2021-12-03T10:42:51","date_gmt":"2021-12-03T09:42:51","guid":{"rendered":"http:\/\/turismevalles.com.mialias.net\/events\/tallers-i-presencia-del-cagarric-al-carrer-els-dies-11-i-18-de-desembre\/"},"modified":"2021-12-03T10:49:05","modified_gmt":"2021-12-03T09:49:05","slug":"tallers-i-presencia-del-cagarric-al-carrer-els-dies-11-i-18-de-desembre","status":"publish","type":"mec-events","link":"https:\/\/turismevalles.com\/es\/events\/tallers-i-presencia-del-cagarric-al-carrer-els-dies-11-i-18-de-desembre\/","title":{"rendered":"Talleres y presencia del Cagarric en la calle los d\u00edas 11 y 18 de diciembre"},"content":{"rendered":"<pre id=\"tw-target-text\" class=\"tw-data-text tw-text-large tw-ta\" dir=\"ltr\" data-placeholder=\"Traducci\u00f3n\"><span class=\"Y2IQFc\" lang=\"es\">Con la idea de dinamizar la calle, la campa\u00f1a del ASIC en Navidad 2021 propone dos talleres durante dos s\u00e1bados\r\n de diciembre y una colaboraci\u00f3n con la Asociaci\u00f3n Tres Tombs. Esta actividad ser\u00e1 descentralizada<\/span><\/pre>\n<p><img loading=\"lazy\" decoding=\"async\" class=\"aligncenter size-full wp-image-17136\" src=\"http:\/\/turismevalles.com\/wp-content\/uploads\/2021\/12\/ASIC-CARTELL-NADAL-2021-la-garriga.jpg\" alt=\"\" width=\"900\" height=\"1268\" srcset=\"https:\/\/turismevalles.com\/wp-content\/uploads\/2021\/12\/ASIC-CARTELL-NADAL-2021-la-garriga.jpg 900w, https:\/\/turismevalles.com\/wp-content\/uploads\/2021\/12\/ASIC-CARTELL-NADAL-2021-la-garriga-213x300.jpg 213w, https:\/\/turismevalles.com\/wp-content\/uploads\/2021\/12\/ASIC-CARTELL-NADAL-2021-la-garriga-727x1024.jpg 727w, https:\/\/turismevalles.com\/wp-content\/uploads\/2021\/12\/ASIC-CARTELL-NADAL-2021-la-garriga-768x1082.jpg 768w\" sizes=\"auto, (max-width: 900px) 100vw, 900px\" \/><\/p>\n","protected":false},"excerpt":{"rendered":"<p>Con la idea de dinamizar la calle, la campa\u00f1a del ASIC en Navidad 2021 propone dos talleres durante dos s\u00e1bados de diciembre y una colaboraci\u00f3n &#8230; <a title=\"Talleres y presencia del Cagarric en la calle los d\u00edas 11 y 18 de diciembre\" class=\"read-more\" href=\"https:\/\/turismevalles.com\/es\/events\/tallers-i-presencia-del-cagarric-al-carrer-els-dies-11-i-18-de-desembre\/\" aria-label=\"M\u00e1s en Talleres y presencia del Cagarric en la calle los d\u00edas 11 y 18 de diciembre\">Veure m\u00e9s<\/a><\/p>\n","protected":false},"author":5,"featured_media":17139,"comment_status":"open","ping_status":"closed","template":"","tags":[],"poblacions":[439],"mec_category":[970],"class_list":["post-17140","mec-events","type-mec-events","status-publish","has-post-thumbnail","hentry","poblacions-la-garriga-es","mec_category-activitats-en-familia-es","generate-columns","tablet-grid-50","mobile-grid-100","grid-parent","grid-33"],"acf":[],"yoast_head":"<!-- This site is optimized with the Yoast SEO plugin v26.4 - https:\/\/yoast.com\/wordpress\/plugins\/seo\/ -->\n<title>Talleres y presencia del Cagarric en la calle los d\u00edas 11 y 18 de diciembre - Turisme Vall\u00e8s<\/title>\n<meta name=\"robots\" content=\"index, follow, max-snippet:-1, max-image-preview:large, max-video-preview:-1\" \/>\n<link rel=\"canonical\" href=\"https:\/\/turismevalles.com\/es\/events\/tallers-i-presencia-del-cagarric-al-carrer-els-dies-11-i-18-de-desembre\/\" \/>\n<meta property=\"og:locale\" content=\"es_ES\" \/>\n<meta property=\"og:type\" content=\"article\" \/>\n<meta property=\"og:title\" content=\"Talleres y presencia del Cagarric en la calle los d\u00edas 11 y 18 de diciembre - Turisme Vall\u00e8s\" \/>\n<meta property=\"og:description\" content=\"Con la idea de dinamizar la calle, la campa\u00f1a del ASIC en Navidad 2021 propone dos talleres durante dos s\u00e1bados de diciembre y una colaboraci\u00f3n ... Veure m\u00e9s\" \/>\n<meta property=\"og:url\" content=\"https:\/\/turismevalles.com\/es\/events\/tallers-i-presencia-del-cagarric-al-carrer-els-dies-11-i-18-de-desembre\/\" \/>\n<meta property=\"og:site_name\" content=\"Turisme Vall\u00e8s\" \/>\n<meta property=\"article:modified_time\" content=\"2021-12-03T09:49:05+00:00\" \/>\n<meta property=\"og:image\" content=\"https:\/\/turismevalles.com\/wp-content\/uploads\/2021\/12\/ASIC-CARTELL-NADAL-2021-la-garriga.jpg\" \/>\n\t<meta property=\"og:image:width\" content=\"900\" \/>\n\t<meta property=\"og:image:height\" content=\"1268\" \/>\n\t<meta property=\"og:image:type\" content=\"image\/jpeg\" \/>\n<meta name=\"twitter:card\" content=\"summary_large_image\" \/>\n<meta name=\"twitter:label1\" content=\"Tiempo de lectura\" \/>\n\t<meta name=\"twitter:data1\" content=\"1 minuto\" \/>\n<script type=\"application\/ld+json\" class=\"yoast-schema-graph\">{\"@context\":\"https:\/\/schema.org\",\"@graph\":[{\"@type\":\"WebPage\",\"@id\":\"https:\/\/turismevalles.com\/es\/events\/tallers-i-presencia-del-cagarric-al-carrer-els-dies-11-i-18-de-desembre\/\",\"url\":\"https:\/\/turismevalles.com\/es\/events\/tallers-i-presencia-del-cagarric-al-carrer-els-dies-11-i-18-de-desembre\/\",\"name\":\"Talleres y presencia del Cagarric en la calle los d\u00edas 11 y 18 de diciembre - Turisme Vall\u00e8s\",\"isPartOf\":{\"@id\":\"https:\/\/turismevalles.com\/en\/#website\"},\"primaryImageOfPage\":{\"@id\":\"https:\/\/turismevalles.com\/es\/events\/tallers-i-presencia-del-cagarric-al-carrer-els-dies-11-i-18-de-desembre\/#primaryimage\"},\"image\":{\"@id\":\"https:\/\/turismevalles.com\/es\/events\/tallers-i-presencia-del-cagarric-al-carrer-els-dies-11-i-18-de-desembre\/#primaryimage\"},\"thumbnailUrl\":\"https:\/\/turismevalles.com\/wp-content\/uploads\/2021\/12\/ASIC-CARTELL-NADAL-2021-la-garriga.jpg\",\"datePublished\":\"2021-12-03T09:42:51+00:00\",\"dateModified\":\"2021-12-03T09:49:05+00:00\",\"breadcrumb\":{\"@id\":\"https:\/\/turismevalles.com\/es\/events\/tallers-i-presencia-del-cagarric-al-carrer-els-dies-11-i-18-de-desembre\/#breadcrumb\"},\"inLanguage\":\"es\",\"potentialAction\":[{\"@type\":\"ReadAction\",\"target\":[\"https:\/\/turismevalles.com\/es\/events\/tallers-i-presencia-del-cagarric-al-carrer-els-dies-11-i-18-de-desembre\/\"]}]},{\"@type\":\"ImageObject\",\"inLanguage\":\"es\",\"@id\":\"https:\/\/turismevalles.com\/es\/events\/tallers-i-presencia-del-cagarric-al-carrer-els-dies-11-i-18-de-desembre\/#primaryimage\",\"url\":\"https:\/\/turismevalles.com\/wp-content\/uploads\/2021\/12\/ASIC-CARTELL-NADAL-2021-la-garriga.jpg\",\"contentUrl\":\"https:\/\/turismevalles.com\/wp-content\/uploads\/2021\/12\/ASIC-CARTELL-NADAL-2021-la-garriga.jpg\",\"width\":900,\"height\":1268},{\"@type\":\"BreadcrumbList\",\"@id\":\"https:\/\/turismevalles.com\/es\/events\/tallers-i-presencia-del-cagarric-al-carrer-els-dies-11-i-18-de-desembre\/#breadcrumb\",\"itemListElement\":[{\"@type\":\"ListItem\",\"position\":1,\"name\":\"Inicio\",\"item\":\"https:\/\/turismevalles.com\/es\/\"},{\"@type\":\"ListItem\",\"position\":2,\"name\":\"Esdeveniments\",\"item\":\"https:\/\/turismevalles.com\/events\/\"},{\"@type\":\"ListItem\",\"position\":3,\"name\":\"Talleres y presencia del Cagarric en la calle los d\u00edas 11 y 18 de diciembre\"}]},{\"@type\":\"WebSite\",\"@id\":\"https:\/\/turismevalles.com\/en\/#website\",\"url\":\"https:\/\/turismevalles.com\/en\/\",\"name\":\"Turisme Vall\u00e8s\",\"description\":\"\",\"publisher\":{\"@id\":\"https:\/\/turismevalles.com\/en\/#organization\"},\"potentialAction\":[{\"@type\":\"SearchAction\",\"target\":{\"@type\":\"EntryPoint\",\"urlTemplate\":\"https:\/\/turismevalles.com\/en\/?s={search_term_string}\"},\"query-input\":{\"@type\":\"PropertyValueSpecification\",\"valueRequired\":true,\"valueName\":\"search_term_string\"}}],\"inLanguage\":\"es\"},{\"@type\":\"Organization\",\"@id\":\"https:\/\/turismevalles.com\/en\/#organization\",\"name\":\"Turisme Vall\u00e8s\",\"url\":\"https:\/\/turismevalles.com\/en\/\",\"logo\":{\"@type\":\"ImageObject\",\"inLanguage\":\"es\",\"@id\":\"https:\/\/turismevalles.com\/en\/#\/schema\/logo\/image\/\",\"url\":\"https:\/\/turismevalles.com\/wp-content\/uploads\/2020\/08\/cropped-logo_ca-2.png\",\"contentUrl\":\"https:\/\/turismevalles.com\/wp-content\/uploads\/2020\/08\/cropped-logo_ca-2.png\",\"width\":314,\"height\":85,\"caption\":\"Turisme Vall\u00e8s\"},\"image\":{\"@id\":\"https:\/\/turismevalles.com\/en\/#\/schema\/logo\/image\/\"}}]}<\/script>\n<!-- \/ Yoast SEO plugin. -->","yoast_head_json":{"title":"Talleres y presencia del Cagarric en la calle los d\u00edas 11 y 18 de diciembre - Turisme Vall\u00e8s","robots":{"index":"index","follow":"follow","max-snippet":"max-snippet:-1","max-image-preview":"max-image-preview:large","max-video-preview":"max-video-preview:-1"},"canonical":"https:\/\/turismevalles.com\/es\/events\/tallers-i-presencia-del-cagarric-al-carrer-els-dies-11-i-18-de-desembre\/","og_locale":"es_ES","og_type":"article","og_title":"Talleres y presencia del Cagarric en la calle los d\u00edas 11 y 18 de diciembre - Turisme Vall\u00e8s","og_description":"Con la idea de dinamizar la calle, la campa\u00f1a del ASIC en Navidad 2021 propone dos talleres durante dos s\u00e1bados de diciembre y una colaboraci\u00f3n ... Veure m\u00e9s","og_url":"https:\/\/turismevalles.com\/es\/events\/tallers-i-presencia-del-cagarric-al-carrer-els-dies-11-i-18-de-desembre\/","og_site_name":"Turisme Vall\u00e8s","article_modified_time":"2021-12-03T09:49:05+00:00","og_image":[{"width":900,"height":1268,"url":"https:\/\/turismevalles.com\/wp-content\/uploads\/2021\/12\/ASIC-CARTELL-NADAL-2021-la-garriga.jpg","type":"image\/jpeg"}],"twitter_card":"summary_large_image","twitter_misc":{"Tiempo de lectura":"1 minuto"},"schema":{"@context":"https:\/\/schema.org","@graph":[{"@type":"WebPage","@id":"https:\/\/turismevalles.com\/es\/events\/tallers-i-presencia-del-cagarric-al-carrer-els-dies-11-i-18-de-desembre\/","url":"https:\/\/turismevalles.com\/es\/events\/tallers-i-presencia-del-cagarric-al-carrer-els-dies-11-i-18-de-desembre\/","name":"Talleres y presencia del Cagarric en la calle los d\u00edas 11 y 18 de diciembre - Turisme Vall\u00e8s","isPartOf":{"@id":"https:\/\/turismevalles.com\/en\/#website"},"primaryImageOfPage":{"@id":"https:\/\/turismevalles.com\/es\/events\/tallers-i-presencia-del-cagarric-al-carrer-els-dies-11-i-18-de-desembre\/#primaryimage"},"image":{"@id":"https:\/\/turismevalles.com\/es\/events\/tallers-i-presencia-del-cagarric-al-carrer-els-dies-11-i-18-de-desembre\/#primaryimage"},"thumbnailUrl":"https:\/\/turismevalles.com\/wp-content\/uploads\/2021\/12\/ASIC-CARTELL-NADAL-2021-la-garriga.jpg","datePublished":"2021-12-03T09:42:51+00:00","dateModified":"2021-12-03T09:49:05+00:00","breadcrumb":{"@id":"https:\/\/turismevalles.com\/es\/events\/tallers-i-presencia-del-cagarric-al-carrer-els-dies-11-i-18-de-desembre\/#breadcrumb"},"inLanguage":"es","potentialAction":[{"@type":"ReadAction","target":["https:\/\/turismevalles.com\/es\/events\/tallers-i-presencia-del-cagarric-al-carrer-els-dies-11-i-18-de-desembre\/"]}]},{"@type":"ImageObject","inLanguage":"es","@id":"https:\/\/turismevalles.com\/es\/events\/tallers-i-presencia-del-cagarric-al-carrer-els-dies-11-i-18-de-desembre\/#primaryimage","url":"https:\/\/turismevalles.com\/wp-content\/uploads\/2021\/12\/ASIC-CARTELL-NADAL-2021-la-garriga.jpg","contentUrl":"https:\/\/turismevalles.com\/wp-content\/uploads\/2021\/12\/ASIC-CARTELL-NADAL-2021-la-garriga.jpg","width":900,"height":1268},{"@type":"BreadcrumbList","@id":"https:\/\/turismevalles.com\/es\/events\/tallers-i-presencia-del-cagarric-al-carrer-els-dies-11-i-18-de-desembre\/#breadcrumb","itemListElement":[{"@type":"ListItem","position":1,"name":"Inicio","item":"https:\/\/turismevalles.com\/es\/"},{"@type":"ListItem","position":2,"name":"Esdeveniments","item":"https:\/\/turismevalles.com\/events\/"},{"@type":"ListItem","position":3,"name":"Talleres y presencia del Cagarric en la calle los d\u00edas 11 y 18 de diciembre"}]},{"@type":"WebSite","@id":"https:\/\/turismevalles.com\/en\/#website","url":"https:\/\/turismevalles.com\/en\/","name":"Turisme Vall\u00e8s","description":"","publisher":{"@id":"https:\/\/turismevalles.com\/en\/#organization"},"potentialAction":[{"@type":"SearchAction","target":{"@type":"EntryPoint","urlTemplate":"https:\/\/turismevalles.com\/en\/?s={search_term_string}"},"query-input":{"@type":"PropertyValueSpecification","valueRequired":true,"valueName":"search_term_string"}}],"inLanguage":"es"},{"@type":"Organization","@id":"https:\/\/turismevalles.com\/en\/#organization","name":"Turisme Vall\u00e8s","url":"https:\/\/turismevalles.com\/en\/","logo":{"@type":"ImageObject","inLanguage":"es","@id":"https:\/\/turismevalles.com\/en\/#\/schema\/logo\/image\/","url":"https:\/\/turismevalles.com\/wp-content\/uploads\/2020\/08\/cropped-logo_ca-2.png","contentUrl":"https:\/\/turismevalles.com\/wp-content\/uploads\/2020\/08\/cropped-logo_ca-2.png","width":314,"height":85,"caption":"Turisme Vall\u00e8s"},"image":{"@id":"https:\/\/turismevalles.com\/en\/#\/schema\/logo\/image\/"}}]}},"uagb_featured_image_src":{"full":["https:\/\/turismevalles.com\/wp-content\/uploads\/2021\/12\/ASIC-CARTELL-NADAL-2021-la-garriga.jpg",900,1268,false],"thumbnail":["https:\/\/turismevalles.com\/wp-content\/uploads\/2021\/12\/ASIC-CARTELL-NADAL-2021-la-garriga-150x150.jpg",150,150,true],"medium":["https:\/\/turismevalles.com\/wp-content\/uploads\/2021\/12\/ASIC-CARTELL-NADAL-2021-la-garriga-213x300.jpg",213,300,true],"medium_large":["https:\/\/turismevalles.com\/wp-content\/uploads\/2021\/12\/ASIC-CARTELL-NADAL-2021-la-garriga-768x1082.jpg",768,1082,true],"large":["https:\/\/turismevalles.com\/wp-content\/uploads\/2021\/12\/ASIC-CARTELL-NADAL-2021-la-garriga-727x1024.jpg",727,1024,true],"thumblist":["https:\/\/turismevalles.com\/wp-content\/uploads\/2021\/12\/ASIC-CARTELL-NADAL-2021-la-garriga-300x300.jpg",300,300,true],"meccarouselthumb":["https:\/\/turismevalles.com\/wp-content\/uploads\/2021\/12\/ASIC-CARTELL-NADAL-2021-la-garriga-474x324.jpg",474,324,true],"gridsquare":["https:\/\/turismevalles.com\/wp-content\/uploads\/2021\/12\/ASIC-CARTELL-NADAL-2021-la-garriga-391x260.jpg",391,260,true],"tileview":["https:\/\/turismevalles.com\/wp-content\/uploads\/2021\/12\/ASIC-CARTELL-NADAL-2021-la-garriga-300x400.jpg",300,400,true],"1536x1536":["https:\/\/turismevalles.com\/wp-content\/uploads\/2021\/12\/ASIC-CARTELL-NADAL-2021-la-garriga.jpg",900,1268,false],"2048x2048":["https:\/\/turismevalles.com\/wp-content\/uploads\/2021\/12\/ASIC-CARTELL-NADAL-2021-la-garriga.jpg",900,1268,false]},"uagb_author_info":{"display_name":"Turisme Valles","author_link":"https:\/\/turismevalles.com\/es\/author\/turismevallesoriental\/"},"uagb_comment_info":0,"uagb_excerpt":"Con la idea de dinamizar la calle, la campa\u00f1a del ASIC en Navidad 2021 propone dos talleres durante dos s\u00e1bados de diciembre y una colaboraci\u00f3n ... Veure m\u00e9s","_links":{"self":[{"href":"https:\/\/turismevalles.com\/es\/wp-json\/wp\/v2\/mec-events\/17140","targetHints":{"allow":["GET"]}}],"collection":[{"href":"https:\/\/turismevalles.com\/es\/wp-json\/wp\/v2\/mec-events"}],"about":[{"href":"https:\/\/turismevalles.com\/es\/wp-json\/wp\/v2\/types\/mec-events"}],"author":[{"embeddable":true,"href":"https:\/\/turismevalles.com\/es\/wp-json\/wp\/v2\/users\/5"}],"replies":[{"embeddable":true,"href":"https:\/\/turismevalles.com\/es\/wp-json\/wp\/v2\/comments?post=17140"}],"wp:featuredmedia":[{"embeddable":true,"href":"https:\/\/turismevalles.com\/es\/wp-json\/wp\/v2\/media\/17139"}],"wp:attachment":[{"href":"https:\/\/turismevalles.com\/es\/wp-json\/wp\/v2\/media?parent=17140"}],"wp:term":[{"taxonomy":"post_tag","embeddable":true,"href":"https:\/\/turismevalles.com\/es\/wp-json\/wp\/v2\/tags?post=17140"},{"taxonomy":"poblacions","embeddable":true,"href":"https:\/\/turismevalles.com\/es\/wp-json\/wp\/v2\/poblacions?post=17140"},{"taxonomy":"mec_category","embeddable":true,"href":"https:\/\/turismevalles.com\/es\/wp-json\/wp\/v2\/mec_category?post=17140"}],"curies":[{"name":"wp","href":"https:\/\/api.w.org\/{rel}","templated":true}]}}