{"id":17183,"date":"2021-12-03T14:51:37","date_gmt":"2021-12-03T13:51:37","guid":{"rendered":"http:\/\/turismevalles.com.mialias.net\/events\/la-26a-fira-de-nadal-i-del-torro-artesa-de-cardedeu-els-dies-10-11-i-12-de-desembre\/"},"modified":"2021-12-03T14:54:35","modified_gmt":"2021-12-03T13:54:35","slug":"la-26a-fira-de-nadal-i-del-torro-artesa-de-cardedeu-els-dies-10-11-i-12-de-desembre","status":"publish","type":"mec-events","link":"https:\/\/turismevalles.com\/es\/events\/la-26a-fira-de-nadal-i-del-torro-artesa-de-cardedeu-els-dies-10-11-i-12-de-desembre\/","title":{"rendered":"La 26\u00aa Feria de Navidad y del Turr\u00f3n Artesano de Cardedeu, los d\u00edas 10, 11 y 12 de diciembre"},"content":{"rendered":"<pre id=\"tw-target-text\" class=\"tw-data-text tw-text-large tw-ta\" dir=\"ltr\" data-placeholder=\"Traducci\u00f3n\"><span class=\"Y2IQFc\" lang=\"es\">Este a\u00f1o, el preg\u00f3n ir\u00e1 a cargo del historiador local Salvador Coll y se instalar\u00e1n unos 170 puestos de productos de alimentaci\u00f3n, artesanales y navide\u00f1os, en\r\n la plaza de Sant Corneli\r\n\r\nLos d\u00edas 10, 11 y 12 de diciembre vuelve la 26\u00aa Feria de Navidad y del Turr\u00f3 Artesano de Cardedeu, despu\u00e9s del par\u00e9ntesis del a\u00f1o pasado a causa de la pandemia.\r\n\r\nLa inauguraci\u00f3n de la Fira tendr\u00e1 lugar el viernes, 10 de diciembre, a partir de las 20 h, con preg\u00f3n este a\u00f1o del historiador local Salvador Coll e Icart. El acto\r\n incluir\u00e1 el encendido del Foc de la Fira y la cantada de villancicos a cargo de la Agrupaci\u00f3 Coral Cardedeuenca.\r\n\r\nEl encendido y bendici\u00f3n del Fuego de la Feria en la ermita de Sant Hilari del d\u00eda 8, sin embargo, marcar\u00e1 el inicio de esta tradicional cita que organiza la \r\nAsociaci\u00f3n de Vecinos del Centro de la Villa.\r\n\r\nEste a\u00f1o, a lo largo de 3 d\u00edas, se instalar\u00e1n en la plaza de Sant Corneli unos 170 tenderetes de productos de alimentaci\u00f3n, artesanales y navide\u00f1os. \r\nEl concierto de Navidad, el Caga Ti\u00f3, la escudella de la Feria de Navidad, conciertos, sardanas y talleres de manualidades para los ni\u00f1os son alguna\r\ns de las actividades que se han programado, con la colaboraci\u00f3n de entidades de Cardedeu .\r\n\r\nParalelamente, del 10 al 5 de enero, se puede visitar en la Capilla de Sant Corneli la exposici\u00f3n del tradicional pesebre, realizado por el pesebrista \r\nprofesional Josep Anton Rodr\u00edguez. El horario de visitas es los s\u00e1bados, de 11 a 13 hy de 17 a 19 h, y los domingos, de 11 a 13 h.<\/span><\/pre>\n<p><img loading=\"lazy\" decoding=\"async\" class=\"aligncenter size-full wp-image-17179\" src=\"http:\/\/turismevalles.com\/wp-content\/uploads\/2021\/12\/FIRA_NADAL_cartell_A3_org_page-0001.jpg\" alt=\"\" width=\"800\" height=\"1131\" srcset=\"https:\/\/turismevalles.com\/wp-content\/uploads\/2021\/12\/FIRA_NADAL_cartell_A3_org_page-0001.jpg 800w, https:\/\/turismevalles.com\/wp-content\/uploads\/2021\/12\/FIRA_NADAL_cartell_A3_org_page-0001-212x300.jpg 212w, https:\/\/turismevalles.com\/wp-content\/uploads\/2021\/12\/FIRA_NADAL_cartell_A3_org_page-0001-724x1024.jpg 724w, https:\/\/turismevalles.com\/wp-content\/uploads\/2021\/12\/FIRA_NADAL_cartell_A3_org_page-0001-768x1086.jpg 768w\" sizes=\"auto, (max-width: 800px) 100vw, 800px\" \/><\/p>\n","protected":false},"excerpt":{"rendered":"<p>Este a\u00f1o, el preg\u00f3n ir\u00e1 a cargo del historiador local Salvador Coll y se instalar\u00e1n unos 170 puestos de productos de alimentaci\u00f3n, artesanales y navide\u00f1os, &#8230; <a title=\"La 26\u00aa Feria de Navidad y del Turr\u00f3n Artesano de Cardedeu, los d\u00edas 10, 11 y 12 de diciembre\" class=\"read-more\" href=\"https:\/\/turismevalles.com\/es\/events\/la-26a-fira-de-nadal-i-del-torro-artesa-de-cardedeu-els-dies-10-11-i-12-de-desembre\/\" aria-label=\"M\u00e1s en La 26\u00aa Feria de Navidad y del Turr\u00f3n Artesano de Cardedeu, los d\u00edas 10, 11 y 12 de diciembre\">Veure m\u00e9s<\/a><\/p>\n","protected":false},"author":5,"featured_media":17182,"comment_status":"open","ping_status":"closed","template":"","tags":[],"poblacions":[428],"mec_category":[970],"class_list":["post-17183","mec-events","type-mec-events","status-publish","has-post-thumbnail","hentry","poblacions-cardedeu-es","mec_category-activitats-en-familia-es","generate-columns","tablet-grid-50","mobile-grid-100","grid-parent","grid-33"],"acf":[],"yoast_head":"<!-- This site is optimized with the Yoast SEO plugin v26.4 - https:\/\/yoast.com\/wordpress\/plugins\/seo\/ -->\n<title>La 26\u00aa Feria de Navidad y del Turr\u00f3n Artesano de Cardedeu, los d\u00edas 10, 11 y 12 de diciembre - Turisme Vall\u00e8s<\/title>\n<meta name=\"robots\" content=\"index, follow, max-snippet:-1, max-image-preview:large, max-video-preview:-1\" \/>\n<link rel=\"canonical\" href=\"https:\/\/turismevalles.com\/es\/events\/la-26a-fira-de-nadal-i-del-torro-artesa-de-cardedeu-els-dies-10-11-i-12-de-desembre\/\" \/>\n<meta property=\"og:locale\" content=\"es_ES\" \/>\n<meta property=\"og:type\" content=\"article\" \/>\n<meta property=\"og:title\" content=\"La 26\u00aa Feria de Navidad y del Turr\u00f3n Artesano de Cardedeu, los d\u00edas 10, 11 y 12 de diciembre - Turisme Vall\u00e8s\" \/>\n<meta property=\"og:description\" content=\"Este a\u00f1o, el preg\u00f3n ir\u00e1 a cargo del historiador local Salvador Coll y se instalar\u00e1n unos 170 puestos de productos de alimentaci\u00f3n, artesanales y navide\u00f1os, ... Veure m\u00e9s\" \/>\n<meta property=\"og:url\" content=\"https:\/\/turismevalles.com\/es\/events\/la-26a-fira-de-nadal-i-del-torro-artesa-de-cardedeu-els-dies-10-11-i-12-de-desembre\/\" \/>\n<meta property=\"og:site_name\" content=\"Turisme Vall\u00e8s\" \/>\n<meta property=\"article:modified_time\" content=\"2021-12-03T13:54:35+00:00\" \/>\n<meta property=\"og:image\" content=\"https:\/\/turismevalles.com\/wp-content\/uploads\/2021\/12\/FIRA_NADAL_cartell_A3_org_page-0001.jpg\" \/>\n\t<meta property=\"og:image:width\" content=\"800\" \/>\n\t<meta property=\"og:image:height\" content=\"1131\" \/>\n\t<meta property=\"og:image:type\" content=\"image\/jpeg\" \/>\n<meta name=\"twitter:card\" content=\"summary_large_image\" \/>\n<meta name=\"twitter:label1\" content=\"Tiempo de lectura\" \/>\n\t<meta name=\"twitter:data1\" content=\"2 minutos\" \/>\n<script type=\"application\/ld+json\" class=\"yoast-schema-graph\">{\"@context\":\"https:\/\/schema.org\",\"@graph\":[{\"@type\":\"WebPage\",\"@id\":\"https:\/\/turismevalles.com\/es\/events\/la-26a-fira-de-nadal-i-del-torro-artesa-de-cardedeu-els-dies-10-11-i-12-de-desembre\/\",\"url\":\"https:\/\/turismevalles.com\/es\/events\/la-26a-fira-de-nadal-i-del-torro-artesa-de-cardedeu-els-dies-10-11-i-12-de-desembre\/\",\"name\":\"La 26\u00aa Feria de Navidad y del Turr\u00f3n Artesano de Cardedeu, los d\u00edas 10, 11 y 12 de diciembre - Turisme Vall\u00e8s\",\"isPartOf\":{\"@id\":\"https:\/\/turismevalles.com\/en\/#website\"},\"primaryImageOfPage\":{\"@id\":\"https:\/\/turismevalles.com\/es\/events\/la-26a-fira-de-nadal-i-del-torro-artesa-de-cardedeu-els-dies-10-11-i-12-de-desembre\/#primaryimage\"},\"image\":{\"@id\":\"https:\/\/turismevalles.com\/es\/events\/la-26a-fira-de-nadal-i-del-torro-artesa-de-cardedeu-els-dies-10-11-i-12-de-desembre\/#primaryimage\"},\"thumbnailUrl\":\"https:\/\/turismevalles.com\/wp-content\/uploads\/2021\/12\/FIRA_NADAL_cartell_A3_org_page-0001.jpg\",\"datePublished\":\"2021-12-03T13:51:37+00:00\",\"dateModified\":\"2021-12-03T13:54:35+00:00\",\"breadcrumb\":{\"@id\":\"https:\/\/turismevalles.com\/es\/events\/la-26a-fira-de-nadal-i-del-torro-artesa-de-cardedeu-els-dies-10-11-i-12-de-desembre\/#breadcrumb\"},\"inLanguage\":\"es\",\"potentialAction\":[{\"@type\":\"ReadAction\",\"target\":[\"https:\/\/turismevalles.com\/es\/events\/la-26a-fira-de-nadal-i-del-torro-artesa-de-cardedeu-els-dies-10-11-i-12-de-desembre\/\"]}]},{\"@type\":\"ImageObject\",\"inLanguage\":\"es\",\"@id\":\"https:\/\/turismevalles.com\/es\/events\/la-26a-fira-de-nadal-i-del-torro-artesa-de-cardedeu-els-dies-10-11-i-12-de-desembre\/#primaryimage\",\"url\":\"https:\/\/turismevalles.com\/wp-content\/uploads\/2021\/12\/FIRA_NADAL_cartell_A3_org_page-0001.jpg\",\"contentUrl\":\"https:\/\/turismevalles.com\/wp-content\/uploads\/2021\/12\/FIRA_NADAL_cartell_A3_org_page-0001.jpg\",\"width\":800,\"height\":1131},{\"@type\":\"BreadcrumbList\",\"@id\":\"https:\/\/turismevalles.com\/es\/events\/la-26a-fira-de-nadal-i-del-torro-artesa-de-cardedeu-els-dies-10-11-i-12-de-desembre\/#breadcrumb\",\"itemListElement\":[{\"@type\":\"ListItem\",\"position\":1,\"name\":\"Inicio\",\"item\":\"https:\/\/turismevalles.com\/es\/\"},{\"@type\":\"ListItem\",\"position\":2,\"name\":\"Esdeveniments\",\"item\":\"https:\/\/turismevalles.com\/events\/\"},{\"@type\":\"ListItem\",\"position\":3,\"name\":\"La 26\u00aa Feria de Navidad y del Turr\u00f3n Artesano de Cardedeu, los d\u00edas 10, 11 y 12 de diciembre\"}]},{\"@type\":\"WebSite\",\"@id\":\"https:\/\/turismevalles.com\/en\/#website\",\"url\":\"https:\/\/turismevalles.com\/en\/\",\"name\":\"Turisme Vall\u00e8s\",\"description\":\"\",\"publisher\":{\"@id\":\"https:\/\/turismevalles.com\/en\/#organization\"},\"potentialAction\":[{\"@type\":\"SearchAction\",\"target\":{\"@type\":\"EntryPoint\",\"urlTemplate\":\"https:\/\/turismevalles.com\/en\/?s={search_term_string}\"},\"query-input\":{\"@type\":\"PropertyValueSpecification\",\"valueRequired\":true,\"valueName\":\"search_term_string\"}}],\"inLanguage\":\"es\"},{\"@type\":\"Organization\",\"@id\":\"https:\/\/turismevalles.com\/en\/#organization\",\"name\":\"Turisme Vall\u00e8s\",\"url\":\"https:\/\/turismevalles.com\/en\/\",\"logo\":{\"@type\":\"ImageObject\",\"inLanguage\":\"es\",\"@id\":\"https:\/\/turismevalles.com\/en\/#\/schema\/logo\/image\/\",\"url\":\"https:\/\/turismevalles.com\/wp-content\/uploads\/2020\/08\/cropped-logo_ca-2.png\",\"contentUrl\":\"https:\/\/turismevalles.com\/wp-content\/uploads\/2020\/08\/cropped-logo_ca-2.png\",\"width\":314,\"height\":85,\"caption\":\"Turisme Vall\u00e8s\"},\"image\":{\"@id\":\"https:\/\/turismevalles.com\/en\/#\/schema\/logo\/image\/\"}}]}<\/script>\n<!-- \/ Yoast SEO plugin. -->","yoast_head_json":{"title":"La 26\u00aa Feria de Navidad y del Turr\u00f3n Artesano de Cardedeu, los d\u00edas 10, 11 y 12 de diciembre - Turisme Vall\u00e8s","robots":{"index":"index","follow":"follow","max-snippet":"max-snippet:-1","max-image-preview":"max-image-preview:large","max-video-preview":"max-video-preview:-1"},"canonical":"https:\/\/turismevalles.com\/es\/events\/la-26a-fira-de-nadal-i-del-torro-artesa-de-cardedeu-els-dies-10-11-i-12-de-desembre\/","og_locale":"es_ES","og_type":"article","og_title":"La 26\u00aa Feria de Navidad y del Turr\u00f3n Artesano de Cardedeu, los d\u00edas 10, 11 y 12 de diciembre - Turisme Vall\u00e8s","og_description":"Este a\u00f1o, el preg\u00f3n ir\u00e1 a cargo del historiador local Salvador Coll y se instalar\u00e1n unos 170 puestos de productos de alimentaci\u00f3n, artesanales y navide\u00f1os, ... Veure m\u00e9s","og_url":"https:\/\/turismevalles.com\/es\/events\/la-26a-fira-de-nadal-i-del-torro-artesa-de-cardedeu-els-dies-10-11-i-12-de-desembre\/","og_site_name":"Turisme Vall\u00e8s","article_modified_time":"2021-12-03T13:54:35+00:00","og_image":[{"width":800,"height":1131,"url":"https:\/\/turismevalles.com\/wp-content\/uploads\/2021\/12\/FIRA_NADAL_cartell_A3_org_page-0001.jpg","type":"image\/jpeg"}],"twitter_card":"summary_large_image","twitter_misc":{"Tiempo de lectura":"2 minutos"},"schema":{"@context":"https:\/\/schema.org","@graph":[{"@type":"WebPage","@id":"https:\/\/turismevalles.com\/es\/events\/la-26a-fira-de-nadal-i-del-torro-artesa-de-cardedeu-els-dies-10-11-i-12-de-desembre\/","url":"https:\/\/turismevalles.com\/es\/events\/la-26a-fira-de-nadal-i-del-torro-artesa-de-cardedeu-els-dies-10-11-i-12-de-desembre\/","name":"La 26\u00aa Feria de Navidad y del Turr\u00f3n Artesano de Cardedeu, los d\u00edas 10, 11 y 12 de diciembre - Turisme Vall\u00e8s","isPartOf":{"@id":"https:\/\/turismevalles.com\/en\/#website"},"primaryImageOfPage":{"@id":"https:\/\/turismevalles.com\/es\/events\/la-26a-fira-de-nadal-i-del-torro-artesa-de-cardedeu-els-dies-10-11-i-12-de-desembre\/#primaryimage"},"image":{"@id":"https:\/\/turismevalles.com\/es\/events\/la-26a-fira-de-nadal-i-del-torro-artesa-de-cardedeu-els-dies-10-11-i-12-de-desembre\/#primaryimage"},"thumbnailUrl":"https:\/\/turismevalles.com\/wp-content\/uploads\/2021\/12\/FIRA_NADAL_cartell_A3_org_page-0001.jpg","datePublished":"2021-12-03T13:51:37+00:00","dateModified":"2021-12-03T13:54:35+00:00","breadcrumb":{"@id":"https:\/\/turismevalles.com\/es\/events\/la-26a-fira-de-nadal-i-del-torro-artesa-de-cardedeu-els-dies-10-11-i-12-de-desembre\/#breadcrumb"},"inLanguage":"es","potentialAction":[{"@type":"ReadAction","target":["https:\/\/turismevalles.com\/es\/events\/la-26a-fira-de-nadal-i-del-torro-artesa-de-cardedeu-els-dies-10-11-i-12-de-desembre\/"]}]},{"@type":"ImageObject","inLanguage":"es","@id":"https:\/\/turismevalles.com\/es\/events\/la-26a-fira-de-nadal-i-del-torro-artesa-de-cardedeu-els-dies-10-11-i-12-de-desembre\/#primaryimage","url":"https:\/\/turismevalles.com\/wp-content\/uploads\/2021\/12\/FIRA_NADAL_cartell_A3_org_page-0001.jpg","contentUrl":"https:\/\/turismevalles.com\/wp-content\/uploads\/2021\/12\/FIRA_NADAL_cartell_A3_org_page-0001.jpg","width":800,"height":1131},{"@type":"BreadcrumbList","@id":"https:\/\/turismevalles.com\/es\/events\/la-26a-fira-de-nadal-i-del-torro-artesa-de-cardedeu-els-dies-10-11-i-12-de-desembre\/#breadcrumb","itemListElement":[{"@type":"ListItem","position":1,"name":"Inicio","item":"https:\/\/turismevalles.com\/es\/"},{"@type":"ListItem","position":2,"name":"Esdeveniments","item":"https:\/\/turismevalles.com\/events\/"},{"@type":"ListItem","position":3,"name":"La 26\u00aa Feria de Navidad y del Turr\u00f3n Artesano de Cardedeu, los d\u00edas 10, 11 y 12 de diciembre"}]},{"@type":"WebSite","@id":"https:\/\/turismevalles.com\/en\/#website","url":"https:\/\/turismevalles.com\/en\/","name":"Turisme Vall\u00e8s","description":"","publisher":{"@id":"https:\/\/turismevalles.com\/en\/#organization"},"potentialAction":[{"@type":"SearchAction","target":{"@type":"EntryPoint","urlTemplate":"https:\/\/turismevalles.com\/en\/?s={search_term_string}"},"query-input":{"@type":"PropertyValueSpecification","valueRequired":true,"valueName":"search_term_string"}}],"inLanguage":"es"},{"@type":"Organization","@id":"https:\/\/turismevalles.com\/en\/#organization","name":"Turisme Vall\u00e8s","url":"https:\/\/turismevalles.com\/en\/","logo":{"@type":"ImageObject","inLanguage":"es","@id":"https:\/\/turismevalles.com\/en\/#\/schema\/logo\/image\/","url":"https:\/\/turismevalles.com\/wp-content\/uploads\/2020\/08\/cropped-logo_ca-2.png","contentUrl":"https:\/\/turismevalles.com\/wp-content\/uploads\/2020\/08\/cropped-logo_ca-2.png","width":314,"height":85,"caption":"Turisme Vall\u00e8s"},"image":{"@id":"https:\/\/turismevalles.com\/en\/#\/schema\/logo\/image\/"}}]}},"uagb_featured_image_src":{"full":["https:\/\/turismevalles.com\/wp-content\/uploads\/2021\/12\/FIRA_NADAL_cartell_A3_org_page-0001.jpg",800,1131,false],"thumbnail":["https:\/\/turismevalles.com\/wp-content\/uploads\/2021\/12\/FIRA_NADAL_cartell_A3_org_page-0001-150x150.jpg",150,150,true],"medium":["https:\/\/turismevalles.com\/wp-content\/uploads\/2021\/12\/FIRA_NADAL_cartell_A3_org_page-0001-212x300.jpg",212,300,true],"medium_large":["https:\/\/turismevalles.com\/wp-content\/uploads\/2021\/12\/FIRA_NADAL_cartell_A3_org_page-0001-768x1086.jpg",768,1086,true],"large":["https:\/\/turismevalles.com\/wp-content\/uploads\/2021\/12\/FIRA_NADAL_cartell_A3_org_page-0001-724x1024.jpg",724,1024,true],"thumblist":["https:\/\/turismevalles.com\/wp-content\/uploads\/2021\/12\/FIRA_NADAL_cartell_A3_org_page-0001-300x300.jpg",300,300,true],"meccarouselthumb":["https:\/\/turismevalles.com\/wp-content\/uploads\/2021\/12\/FIRA_NADAL_cartell_A3_org_page-0001-474x324.jpg",474,324,true],"gridsquare":["https:\/\/turismevalles.com\/wp-content\/uploads\/2021\/12\/FIRA_NADAL_cartell_A3_org_page-0001-391x260.jpg",391,260,true],"tileview":["https:\/\/turismevalles.com\/wp-content\/uploads\/2021\/12\/FIRA_NADAL_cartell_A3_org_page-0001-300x400.jpg",300,400,true],"1536x1536":["https:\/\/turismevalles.com\/wp-content\/uploads\/2021\/12\/FIRA_NADAL_cartell_A3_org_page-0001.jpg",800,1131,false],"2048x2048":["https:\/\/turismevalles.com\/wp-content\/uploads\/2021\/12\/FIRA_NADAL_cartell_A3_org_page-0001.jpg",800,1131,false]},"uagb_author_info":{"display_name":"Turisme Valles","author_link":"https:\/\/turismevalles.com\/es\/author\/turismevallesoriental\/"},"uagb_comment_info":0,"uagb_excerpt":"Este a\u00f1o, el preg\u00f3n ir\u00e1 a cargo del historiador local Salvador Coll y se instalar\u00e1n unos 170 puestos de productos de alimentaci\u00f3n, artesanales y navide\u00f1os, ... Veure m\u00e9s","_links":{"self":[{"href":"https:\/\/turismevalles.com\/es\/wp-json\/wp\/v2\/mec-events\/17183","targetHints":{"allow":["GET"]}}],"collection":[{"href":"https:\/\/turismevalles.com\/es\/wp-json\/wp\/v2\/mec-events"}],"about":[{"href":"https:\/\/turismevalles.com\/es\/wp-json\/wp\/v2\/types\/mec-events"}],"author":[{"embeddable":true,"href":"https:\/\/turismevalles.com\/es\/wp-json\/wp\/v2\/users\/5"}],"replies":[{"embeddable":true,"href":"https:\/\/turismevalles.com\/es\/wp-json\/wp\/v2\/comments?post=17183"}],"wp:featuredmedia":[{"embeddable":true,"href":"https:\/\/turismevalles.com\/es\/wp-json\/wp\/v2\/media\/17182"}],"wp:attachment":[{"href":"https:\/\/turismevalles.com\/es\/wp-json\/wp\/v2\/media?parent=17183"}],"wp:term":[{"taxonomy":"post_tag","embeddable":true,"href":"https:\/\/turismevalles.com\/es\/wp-json\/wp\/v2\/tags?post=17183"},{"taxonomy":"poblacions","embeddable":true,"href":"https:\/\/turismevalles.com\/es\/wp-json\/wp\/v2\/poblacions?post=17183"},{"taxonomy":"mec_category","embeddable":true,"href":"https:\/\/turismevalles.com\/es\/wp-json\/wp\/v2\/mec_category?post=17183"}],"curies":[{"name":"wp","href":"https:\/\/api.w.org\/{rel}","templated":true}]}}