{"id":17580,"date":"2022-01-11T12:38:47","date_gmt":"2022-01-11T11:38:47","guid":{"rendered":"http:\/\/turismevalles.com.mialias.net\/events\/cinema-cicle-gaudi-pan-de-limon-con-semillas-de-amapola\/"},"modified":"2022-01-11T12:43:13","modified_gmt":"2022-01-11T11:43:13","slug":"cinema-cicle-gaudi-pan-de-limon-con-semillas-de-amapola","status":"publish","type":"mec-events","link":"https:\/\/turismevalles.com\/es\/events\/cinema-cicle-gaudi-pan-de-limon-con-semillas-de-amapola\/","title":{"rendered":"Cine Ciclo Gaud\u00ed: \u00abPan de lim\u00f3n con semillas de amapola\u00bb"},"content":{"rendered":"<div class=\"brcm-body\">\n<pre id=\"tw-target-text\" class=\"tw-data-text tw-text-large tw-ta\" dir=\"ltr\" data-placeholder=\"Traducci\u00f3n\"><span class=\"Y2IQFc\" lang=\"es\">D\u00eda y hora:\u00a0domingo 16\/01\/2022 a las 18:00\r\n\r\nLugar:\u00a0Centro C\u00edvico y Cultural La F\u00e1brica\r\n\r\nOrganiza:\u00a0Concejal\u00eda de Cultura\r\n\r\nCine Ciclo Gaud\u00ed: \"Pan de lim\u00f3n con semillas de amapola\", de Benito Zambrano.\r\n\r\nNominada a los Goya al mejor gui\u00f3n adaptado.\r\n\r\nUna historia sobre un grupo de mujeres que, con libertad y valent\u00eda, deciden tomar las riendas de su vida y de su futuro. En Valldemossa, un peque\u00f1o pueblo\r\n del interior de Mallorca, Anna (Eva Mart\u00edn) y Marina (Elia Galera), dos hermanas que fueron separadas durante su adolescencia, se reencuentran de nuevo\r\n para vender un horno de pan que han heredado de una misteriosa mujer a la que creen no conocer. Las hermanas son dos mujeres con vidas muy distintas. \r\nAnna casi no ha salido de la isla y sigue casada con un hombre al que ya no ama. Marina viaja por el mundo trabajando como m\u00e9dico para una ONG. Mientras\r\n intentan descubrir los secretos que rodean su enigm\u00e1tica herencia, Anna y Marina tendr\u00e1n que hacer frente a viejos conflictos familiares e intentar recuperar\r\n los a\u00f1os perdidos.\r\n\r\nPrecio entradas:\r\n\r\nGeneral: 4,5\u20ac\r\nCarnet Jove\/Mayores de 65 a\u00f1os: 3\u20ac\r\nClub Vanguardia: 2x1\r\n\r\nEn diferentes comercios de Santa Eulalia, realizando una compra m\u00ednima de 10\u20ac recibir\u00e1s una invitaci\u00f3n para ir a ver el Ciclo de Cine Gaud\u00ed. Hasta agotar plazas. Consulta los negocios que participan en @rcactiu\r\n\r\nNO RECOMENDADA PARA MENORES DE 7 A\u00d1OS.<\/span><\/pre>\n<p><img loading=\"lazy\" decoding=\"async\" class=\"aligncenter size-full wp-image-17576\" src=\"http:\/\/turismevalles.com\/wp-content\/uploads\/2022\/01\/2022-01-16-PAN_DE_LIMON.jpg\" alt=\"\" width=\"750\" height=\"1060\" srcset=\"https:\/\/turismevalles.com\/wp-content\/uploads\/2022\/01\/2022-01-16-PAN_DE_LIMON.jpg 750w, https:\/\/turismevalles.com\/wp-content\/uploads\/2022\/01\/2022-01-16-PAN_DE_LIMON-212x300.jpg 212w, https:\/\/turismevalles.com\/wp-content\/uploads\/2022\/01\/2022-01-16-PAN_DE_LIMON-725x1024.jpg 725w\" sizes=\"auto, (max-width: 750px) 100vw, 750px\" \/><\/p>\n<\/div>\n","protected":false},"excerpt":{"rendered":"<p>D\u00eda y hora:\u00a0domingo 16\/01\/2022 a las 18:00 Lugar:\u00a0Centro C\u00edvico y Cultural La F\u00e1brica Organiza:\u00a0Concejal\u00eda de Cultura Cine Ciclo Gaud\u00ed: \u00abPan de lim\u00f3n con semillas de &#8230; <a title=\"Cine Ciclo Gaud\u00ed: \u00abPan de lim\u00f3n con semillas de amapola\u00bb\" class=\"read-more\" href=\"https:\/\/turismevalles.com\/es\/events\/cinema-cicle-gaudi-pan-de-limon-con-semillas-de-amapola\/\" aria-label=\"M\u00e1s en Cine Ciclo Gaud\u00ed: \u00abPan de lim\u00f3n con semillas de amapola\u00bb\">Veure m\u00e9s<\/a><\/p>\n","protected":false},"author":5,"featured_media":17579,"comment_status":"open","ping_status":"closed","template":"","tags":[],"poblacions":[899],"mec_category":[1602],"class_list":["post-17580","mec-events","type-mec-events","status-publish","has-post-thumbnail","hentry","poblacions-santa-eulalia-de-roncana-es","mec_category-cinema-es","generate-columns","tablet-grid-50","mobile-grid-100","grid-parent","grid-33"],"acf":[],"yoast_head":"<!-- This site is optimized with the Yoast SEO plugin v26.4 - https:\/\/yoast.com\/wordpress\/plugins\/seo\/ -->\n<title>Cine Ciclo Gaud\u00ed: &quot;Pan de lim\u00f3n con semillas de amapola&quot; - Turisme Vall\u00e8s<\/title>\n<meta name=\"robots\" content=\"index, follow, max-snippet:-1, max-image-preview:large, max-video-preview:-1\" \/>\n<link rel=\"canonical\" href=\"https:\/\/turismevalles.com\/es\/events\/cinema-cicle-gaudi-pan-de-limon-con-semillas-de-amapola\/\" \/>\n<meta property=\"og:locale\" content=\"es_ES\" \/>\n<meta property=\"og:type\" content=\"article\" \/>\n<meta property=\"og:title\" content=\"Cine Ciclo Gaud\u00ed: &quot;Pan de lim\u00f3n con semillas de amapola&quot; - Turisme Vall\u00e8s\" \/>\n<meta property=\"og:description\" content=\"D\u00eda y hora:\u00a0domingo 16\/01\/2022 a las 18:00 Lugar:\u00a0Centro C\u00edvico y Cultural La F\u00e1brica Organiza:\u00a0Concejal\u00eda de Cultura Cine Ciclo Gaud\u00ed: &quot;Pan de lim\u00f3n con semillas de ... Veure m\u00e9s\" \/>\n<meta property=\"og:url\" content=\"https:\/\/turismevalles.com\/es\/events\/cinema-cicle-gaudi-pan-de-limon-con-semillas-de-amapola\/\" \/>\n<meta property=\"og:site_name\" content=\"Turisme Vall\u00e8s\" \/>\n<meta property=\"article:modified_time\" content=\"2022-01-11T11:43:13+00:00\" \/>\n<meta property=\"og:image\" content=\"https:\/\/turismevalles.com\/wp-content\/uploads\/2022\/01\/2022-01-16-PAN_DE_LIMON.jpg\" \/>\n\t<meta property=\"og:image:width\" content=\"750\" \/>\n\t<meta property=\"og:image:height\" content=\"1060\" \/>\n\t<meta property=\"og:image:type\" content=\"image\/jpeg\" \/>\n<meta name=\"twitter:card\" content=\"summary_large_image\" \/>\n<meta name=\"twitter:label1\" content=\"Tiempo de lectura\" \/>\n\t<meta name=\"twitter:data1\" content=\"2 minutos\" \/>\n<script type=\"application\/ld+json\" class=\"yoast-schema-graph\">{\"@context\":\"https:\/\/schema.org\",\"@graph\":[{\"@type\":\"WebPage\",\"@id\":\"https:\/\/turismevalles.com\/es\/events\/cinema-cicle-gaudi-pan-de-limon-con-semillas-de-amapola\/\",\"url\":\"https:\/\/turismevalles.com\/es\/events\/cinema-cicle-gaudi-pan-de-limon-con-semillas-de-amapola\/\",\"name\":\"Cine Ciclo Gaud\u00ed: \\\"Pan de lim\u00f3n con semillas de amapola\\\" - Turisme Vall\u00e8s\",\"isPartOf\":{\"@id\":\"https:\/\/turismevalles.com\/en\/#website\"},\"primaryImageOfPage\":{\"@id\":\"https:\/\/turismevalles.com\/es\/events\/cinema-cicle-gaudi-pan-de-limon-con-semillas-de-amapola\/#primaryimage\"},\"image\":{\"@id\":\"https:\/\/turismevalles.com\/es\/events\/cinema-cicle-gaudi-pan-de-limon-con-semillas-de-amapola\/#primaryimage\"},\"thumbnailUrl\":\"https:\/\/turismevalles.com\/wp-content\/uploads\/2022\/01\/2022-01-16-PAN_DE_LIMON.jpg\",\"datePublished\":\"2022-01-11T11:38:47+00:00\",\"dateModified\":\"2022-01-11T11:43:13+00:00\",\"breadcrumb\":{\"@id\":\"https:\/\/turismevalles.com\/es\/events\/cinema-cicle-gaudi-pan-de-limon-con-semillas-de-amapola\/#breadcrumb\"},\"inLanguage\":\"es\",\"potentialAction\":[{\"@type\":\"ReadAction\",\"target\":[\"https:\/\/turismevalles.com\/es\/events\/cinema-cicle-gaudi-pan-de-limon-con-semillas-de-amapola\/\"]}]},{\"@type\":\"ImageObject\",\"inLanguage\":\"es\",\"@id\":\"https:\/\/turismevalles.com\/es\/events\/cinema-cicle-gaudi-pan-de-limon-con-semillas-de-amapola\/#primaryimage\",\"url\":\"https:\/\/turismevalles.com\/wp-content\/uploads\/2022\/01\/2022-01-16-PAN_DE_LIMON.jpg\",\"contentUrl\":\"https:\/\/turismevalles.com\/wp-content\/uploads\/2022\/01\/2022-01-16-PAN_DE_LIMON.jpg\",\"width\":750,\"height\":1060},{\"@type\":\"BreadcrumbList\",\"@id\":\"https:\/\/turismevalles.com\/es\/events\/cinema-cicle-gaudi-pan-de-limon-con-semillas-de-amapola\/#breadcrumb\",\"itemListElement\":[{\"@type\":\"ListItem\",\"position\":1,\"name\":\"Inicio\",\"item\":\"https:\/\/turismevalles.com\/es\/\"},{\"@type\":\"ListItem\",\"position\":2,\"name\":\"Esdeveniments\",\"item\":\"https:\/\/turismevalles.com\/events\/\"},{\"@type\":\"ListItem\",\"position\":3,\"name\":\"Cine Ciclo Gaud\u00ed: &#8220;Pan de lim\u00f3n con semillas de amapola&#8221;\"}]},{\"@type\":\"WebSite\",\"@id\":\"https:\/\/turismevalles.com\/en\/#website\",\"url\":\"https:\/\/turismevalles.com\/en\/\",\"name\":\"Turisme Vall\u00e8s\",\"description\":\"\",\"publisher\":{\"@id\":\"https:\/\/turismevalles.com\/en\/#organization\"},\"potentialAction\":[{\"@type\":\"SearchAction\",\"target\":{\"@type\":\"EntryPoint\",\"urlTemplate\":\"https:\/\/turismevalles.com\/en\/?s={search_term_string}\"},\"query-input\":{\"@type\":\"PropertyValueSpecification\",\"valueRequired\":true,\"valueName\":\"search_term_string\"}}],\"inLanguage\":\"es\"},{\"@type\":\"Organization\",\"@id\":\"https:\/\/turismevalles.com\/en\/#organization\",\"name\":\"Turisme Vall\u00e8s\",\"url\":\"https:\/\/turismevalles.com\/en\/\",\"logo\":{\"@type\":\"ImageObject\",\"inLanguage\":\"es\",\"@id\":\"https:\/\/turismevalles.com\/en\/#\/schema\/logo\/image\/\",\"url\":\"https:\/\/turismevalles.com\/wp-content\/uploads\/2020\/08\/cropped-logo_ca-2.png\",\"contentUrl\":\"https:\/\/turismevalles.com\/wp-content\/uploads\/2020\/08\/cropped-logo_ca-2.png\",\"width\":314,\"height\":85,\"caption\":\"Turisme Vall\u00e8s\"},\"image\":{\"@id\":\"https:\/\/turismevalles.com\/en\/#\/schema\/logo\/image\/\"}}]}<\/script>\n<!-- \/ Yoast SEO plugin. -->","yoast_head_json":{"title":"Cine Ciclo Gaud\u00ed: \"Pan de lim\u00f3n con semillas de amapola\" - Turisme Vall\u00e8s","robots":{"index":"index","follow":"follow","max-snippet":"max-snippet:-1","max-image-preview":"max-image-preview:large","max-video-preview":"max-video-preview:-1"},"canonical":"https:\/\/turismevalles.com\/es\/events\/cinema-cicle-gaudi-pan-de-limon-con-semillas-de-amapola\/","og_locale":"es_ES","og_type":"article","og_title":"Cine Ciclo Gaud\u00ed: \"Pan de lim\u00f3n con semillas de amapola\" - Turisme Vall\u00e8s","og_description":"D\u00eda y hora:\u00a0domingo 16\/01\/2022 a las 18:00 Lugar:\u00a0Centro C\u00edvico y Cultural La F\u00e1brica Organiza:\u00a0Concejal\u00eda de Cultura Cine Ciclo Gaud\u00ed: \"Pan de lim\u00f3n con semillas de ... Veure m\u00e9s","og_url":"https:\/\/turismevalles.com\/es\/events\/cinema-cicle-gaudi-pan-de-limon-con-semillas-de-amapola\/","og_site_name":"Turisme Vall\u00e8s","article_modified_time":"2022-01-11T11:43:13+00:00","og_image":[{"width":750,"height":1060,"url":"https:\/\/turismevalles.com\/wp-content\/uploads\/2022\/01\/2022-01-16-PAN_DE_LIMON.jpg","type":"image\/jpeg"}],"twitter_card":"summary_large_image","twitter_misc":{"Tiempo de lectura":"2 minutos"},"schema":{"@context":"https:\/\/schema.org","@graph":[{"@type":"WebPage","@id":"https:\/\/turismevalles.com\/es\/events\/cinema-cicle-gaudi-pan-de-limon-con-semillas-de-amapola\/","url":"https:\/\/turismevalles.com\/es\/events\/cinema-cicle-gaudi-pan-de-limon-con-semillas-de-amapola\/","name":"Cine Ciclo Gaud\u00ed: \"Pan de lim\u00f3n con semillas de amapola\" - Turisme Vall\u00e8s","isPartOf":{"@id":"https:\/\/turismevalles.com\/en\/#website"},"primaryImageOfPage":{"@id":"https:\/\/turismevalles.com\/es\/events\/cinema-cicle-gaudi-pan-de-limon-con-semillas-de-amapola\/#primaryimage"},"image":{"@id":"https:\/\/turismevalles.com\/es\/events\/cinema-cicle-gaudi-pan-de-limon-con-semillas-de-amapola\/#primaryimage"},"thumbnailUrl":"https:\/\/turismevalles.com\/wp-content\/uploads\/2022\/01\/2022-01-16-PAN_DE_LIMON.jpg","datePublished":"2022-01-11T11:38:47+00:00","dateModified":"2022-01-11T11:43:13+00:00","breadcrumb":{"@id":"https:\/\/turismevalles.com\/es\/events\/cinema-cicle-gaudi-pan-de-limon-con-semillas-de-amapola\/#breadcrumb"},"inLanguage":"es","potentialAction":[{"@type":"ReadAction","target":["https:\/\/turismevalles.com\/es\/events\/cinema-cicle-gaudi-pan-de-limon-con-semillas-de-amapola\/"]}]},{"@type":"ImageObject","inLanguage":"es","@id":"https:\/\/turismevalles.com\/es\/events\/cinema-cicle-gaudi-pan-de-limon-con-semillas-de-amapola\/#primaryimage","url":"https:\/\/turismevalles.com\/wp-content\/uploads\/2022\/01\/2022-01-16-PAN_DE_LIMON.jpg","contentUrl":"https:\/\/turismevalles.com\/wp-content\/uploads\/2022\/01\/2022-01-16-PAN_DE_LIMON.jpg","width":750,"height":1060},{"@type":"BreadcrumbList","@id":"https:\/\/turismevalles.com\/es\/events\/cinema-cicle-gaudi-pan-de-limon-con-semillas-de-amapola\/#breadcrumb","itemListElement":[{"@type":"ListItem","position":1,"name":"Inicio","item":"https:\/\/turismevalles.com\/es\/"},{"@type":"ListItem","position":2,"name":"Esdeveniments","item":"https:\/\/turismevalles.com\/events\/"},{"@type":"ListItem","position":3,"name":"Cine Ciclo Gaud\u00ed: &#8220;Pan de lim\u00f3n con semillas de amapola&#8221;"}]},{"@type":"WebSite","@id":"https:\/\/turismevalles.com\/en\/#website","url":"https:\/\/turismevalles.com\/en\/","name":"Turisme Vall\u00e8s","description":"","publisher":{"@id":"https:\/\/turismevalles.com\/en\/#organization"},"potentialAction":[{"@type":"SearchAction","target":{"@type":"EntryPoint","urlTemplate":"https:\/\/turismevalles.com\/en\/?s={search_term_string}"},"query-input":{"@type":"PropertyValueSpecification","valueRequired":true,"valueName":"search_term_string"}}],"inLanguage":"es"},{"@type":"Organization","@id":"https:\/\/turismevalles.com\/en\/#organization","name":"Turisme Vall\u00e8s","url":"https:\/\/turismevalles.com\/en\/","logo":{"@type":"ImageObject","inLanguage":"es","@id":"https:\/\/turismevalles.com\/en\/#\/schema\/logo\/image\/","url":"https:\/\/turismevalles.com\/wp-content\/uploads\/2020\/08\/cropped-logo_ca-2.png","contentUrl":"https:\/\/turismevalles.com\/wp-content\/uploads\/2020\/08\/cropped-logo_ca-2.png","width":314,"height":85,"caption":"Turisme Vall\u00e8s"},"image":{"@id":"https:\/\/turismevalles.com\/en\/#\/schema\/logo\/image\/"}}]}},"uagb_featured_image_src":{"full":["https:\/\/turismevalles.com\/wp-content\/uploads\/2022\/01\/2022-01-16-PAN_DE_LIMON.jpg",750,1060,false],"thumbnail":["https:\/\/turismevalles.com\/wp-content\/uploads\/2022\/01\/2022-01-16-PAN_DE_LIMON-150x150.jpg",150,150,true],"medium":["https:\/\/turismevalles.com\/wp-content\/uploads\/2022\/01\/2022-01-16-PAN_DE_LIMON-212x300.jpg",212,300,true],"medium_large":["https:\/\/turismevalles.com\/wp-content\/uploads\/2022\/01\/2022-01-16-PAN_DE_LIMON.jpg",750,1060,false],"large":["https:\/\/turismevalles.com\/wp-content\/uploads\/2022\/01\/2022-01-16-PAN_DE_LIMON-725x1024.jpg",725,1024,true],"thumblist":["https:\/\/turismevalles.com\/wp-content\/uploads\/2022\/01\/2022-01-16-PAN_DE_LIMON-300x300.jpg",300,300,true],"meccarouselthumb":["https:\/\/turismevalles.com\/wp-content\/uploads\/2022\/01\/2022-01-16-PAN_DE_LIMON-474x324.jpg",474,324,true],"gridsquare":["https:\/\/turismevalles.com\/wp-content\/uploads\/2022\/01\/2022-01-16-PAN_DE_LIMON-391x260.jpg",391,260,true],"tileview":["https:\/\/turismevalles.com\/wp-content\/uploads\/2022\/01\/2022-01-16-PAN_DE_LIMON-300x400.jpg",300,400,true],"1536x1536":["https:\/\/turismevalles.com\/wp-content\/uploads\/2022\/01\/2022-01-16-PAN_DE_LIMON.jpg",750,1060,false],"2048x2048":["https:\/\/turismevalles.com\/wp-content\/uploads\/2022\/01\/2022-01-16-PAN_DE_LIMON.jpg",750,1060,false]},"uagb_author_info":{"display_name":"Turisme Valles","author_link":"https:\/\/turismevalles.com\/es\/author\/turismevallesoriental\/"},"uagb_comment_info":0,"uagb_excerpt":"D\u00eda y hora:\u00a0domingo 16\/01\/2022 a las 18:00 Lugar:\u00a0Centro C\u00edvico y Cultural La F\u00e1brica Organiza:\u00a0Concejal\u00eda de Cultura Cine Ciclo Gaud\u00ed: \"Pan de lim\u00f3n con semillas de ... Veure m\u00e9s","_links":{"self":[{"href":"https:\/\/turismevalles.com\/es\/wp-json\/wp\/v2\/mec-events\/17580","targetHints":{"allow":["GET"]}}],"collection":[{"href":"https:\/\/turismevalles.com\/es\/wp-json\/wp\/v2\/mec-events"}],"about":[{"href":"https:\/\/turismevalles.com\/es\/wp-json\/wp\/v2\/types\/mec-events"}],"author":[{"embeddable":true,"href":"https:\/\/turismevalles.com\/es\/wp-json\/wp\/v2\/users\/5"}],"replies":[{"embeddable":true,"href":"https:\/\/turismevalles.com\/es\/wp-json\/wp\/v2\/comments?post=17580"}],"wp:featuredmedia":[{"embeddable":true,"href":"https:\/\/turismevalles.com\/es\/wp-json\/wp\/v2\/media\/17579"}],"wp:attachment":[{"href":"https:\/\/turismevalles.com\/es\/wp-json\/wp\/v2\/media?parent=17580"}],"wp:term":[{"taxonomy":"post_tag","embeddable":true,"href":"https:\/\/turismevalles.com\/es\/wp-json\/wp\/v2\/tags?post=17580"},{"taxonomy":"poblacions","embeddable":true,"href":"https:\/\/turismevalles.com\/es\/wp-json\/wp\/v2\/poblacions?post=17580"},{"taxonomy":"mec_category","embeddable":true,"href":"https:\/\/turismevalles.com\/es\/wp-json\/wp\/v2\/mec_category?post=17580"}],"curies":[{"name":"wp","href":"https:\/\/api.w.org\/{rel}","templated":true}]}}