{"id":17614,"date":"2022-01-13T10:57:37","date_gmt":"2022-01-13T09:57:37","guid":{"rendered":"http:\/\/turismevalles.com.mialias.net\/events\/la-celebracio-de-sant-antoni-sajorna-al-12-de-marc\/"},"modified":"2022-01-13T11:02:26","modified_gmt":"2022-01-13T10:02:26","slug":"la-celebracio-de-sant-antoni-sajorna-al-12-de-marc","status":"publish","type":"mec-events","link":"https:\/\/turismevalles.com\/es\/events\/la-celebracio-de-sant-antoni-sajorna-al-12-de-marc\/","title":{"rendered":"La celebraci\u00f3n de Sant Antoni se aplaza al 12 de marzo"},"content":{"rendered":"<pre id=\"tw-target-text\" class=\"tw-data-text tw-text-large tw-ta\" dir=\"ltr\" data-placeholder=\"Traducci\u00f3n\"><span class=\"Y2IQFc\" lang=\"es\">Ante la situaci\u00f3n sanitaria y las restricciones vigentes, la Comisi\u00f3n de Sant Antoni Abat ha decidido aplazar el pase de los Tres Tombs, que este a\u00f1o servir\u00e1 \r\npara celebrar el 60 aniversario de la entidad y que inicialmente estaba prevista para el 22 de enero. Por \u00faltimo, las actividades se realizar\u00e1n el 12 de marzo.\r\n\r\nLa entidad organizadora, la Comisi\u00f3n de Sant Antoni Abat, ha explicado en un comunicado que \u201cla decisi\u00f3n se ha tomado con la voluntad de dejar pasar esta\r\n sexta ola que tan de cerca nos est\u00e1 tocando y poder volver a salir a la calle, todos juntos\u201d. Creen que en estos momentos es necesario preservar la salud de las\r\n personas organizadoras, voluntarias y tambi\u00e9n del p\u00fablico. Adem\u00e1s, aunque ser conscientes de que muy probablemente en marzo no haya terminado la \r\npandemia ni desaparecer\u00e1n todas las restricciones, priorizan poder llevar a cabo un pase lucido despu\u00e9s de dos a\u00f1os sin salir a las calles de Canovelles y \r\ndisfrutar de la fiesta del entidad.\r\n\r\nAs\u00ed, la fiesta de Sant Antoni Abat se celebrar\u00e1 el 12 de marzo. El programa todav\u00eda no est\u00e1 cerrado, pero no faltar\u00e1 el baile de bastones, la tradicional bendici\u00f3n\r\n, la pasada las calles de Canovelles y la ya tradicional rifa.\r\n\r\nCabe destacar que, para el d\u00eda 17 de enero, \u00fanicamente se mantiene la misa en honor a San Antonio, a las 20 horas en la parroquia de San F\u00e9lix y sin torta ni\r\n vino bueno posterior.<\/span><\/pre>\n<p><img loading=\"lazy\" decoding=\"async\" class=\"aligncenter size-full wp-image-17610\" src=\"http:\/\/turismevalles.com\/wp-content\/uploads\/2022\/01\/Poster_StAntoni.jpg\" alt=\"\" width=\"1754\" height=\"2481\" srcset=\"https:\/\/turismevalles.com\/wp-content\/uploads\/2022\/01\/Poster_StAntoni.jpg 1754w, https:\/\/turismevalles.com\/wp-content\/uploads\/2022\/01\/Poster_StAntoni-212x300.jpg 212w, https:\/\/turismevalles.com\/wp-content\/uploads\/2022\/01\/Poster_StAntoni-724x1024.jpg 724w, https:\/\/turismevalles.com\/wp-content\/uploads\/2022\/01\/Poster_StAntoni-768x1086.jpg 768w, https:\/\/turismevalles.com\/wp-content\/uploads\/2022\/01\/Poster_StAntoni-1086x1536.jpg 1086w, https:\/\/turismevalles.com\/wp-content\/uploads\/2022\/01\/Poster_StAntoni-1448x2048.jpg 1448w\" sizes=\"auto, (max-width: 1754px) 100vw, 1754px\" \/><\/p>\n","protected":false},"excerpt":{"rendered":"<p>Ante la situaci\u00f3n sanitaria y las restricciones vigentes, la Comisi\u00f3n de Sant Antoni Abat ha decidido aplazar el pase de los Tres Tombs, que este &#8230; <a title=\"La celebraci\u00f3n de Sant Antoni se aplaza al 12 de marzo\" class=\"read-more\" href=\"https:\/\/turismevalles.com\/es\/events\/la-celebracio-de-sant-antoni-sajorna-al-12-de-marc\/\" aria-label=\"M\u00e1s en La celebraci\u00f3n de Sant Antoni se aplaza al 12 de marzo\">Veure m\u00e9s<\/a><\/p>\n","protected":false},"author":5,"featured_media":17613,"comment_status":"open","ping_status":"closed","template":"","tags":[],"poblacions":[905],"mec_category":[970],"class_list":["post-17614","mec-events","type-mec-events","status-publish","has-post-thumbnail","hentry","poblacions-canovelles-es","mec_category-activitats-en-familia-es","generate-columns","tablet-grid-50","mobile-grid-100","grid-parent","grid-33"],"acf":[],"yoast_head":"<!-- This site is optimized with the Yoast SEO plugin v26.4 - https:\/\/yoast.com\/wordpress\/plugins\/seo\/ -->\n<title>La celebraci\u00f3n de Sant Antoni se aplaza al 12 de marzo - Turisme Vall\u00e8s<\/title>\n<meta name=\"robots\" content=\"index, follow, max-snippet:-1, max-image-preview:large, max-video-preview:-1\" \/>\n<link rel=\"canonical\" href=\"https:\/\/turismevalles.com\/es\/events\/la-celebracio-de-sant-antoni-sajorna-al-12-de-marc\/\" \/>\n<meta property=\"og:locale\" content=\"es_ES\" \/>\n<meta property=\"og:type\" content=\"article\" \/>\n<meta property=\"og:title\" content=\"La celebraci\u00f3n de Sant Antoni se aplaza al 12 de marzo - Turisme Vall\u00e8s\" \/>\n<meta property=\"og:description\" content=\"Ante la situaci\u00f3n sanitaria y las restricciones vigentes, la Comisi\u00f3n de Sant Antoni Abat ha decidido aplazar el pase de los Tres Tombs, que este ... Veure m\u00e9s\" \/>\n<meta property=\"og:url\" content=\"https:\/\/turismevalles.com\/es\/events\/la-celebracio-de-sant-antoni-sajorna-al-12-de-marc\/\" \/>\n<meta property=\"og:site_name\" content=\"Turisme Vall\u00e8s\" \/>\n<meta property=\"article:modified_time\" content=\"2022-01-13T10:02:26+00:00\" \/>\n<meta property=\"og:image\" content=\"https:\/\/turismevalles.com\/wp-content\/uploads\/2022\/01\/Poster_StAntoni.jpg\" \/>\n\t<meta property=\"og:image:width\" content=\"1754\" \/>\n\t<meta property=\"og:image:height\" content=\"2481\" \/>\n\t<meta property=\"og:image:type\" content=\"image\/jpeg\" \/>\n<meta name=\"twitter:card\" content=\"summary_large_image\" \/>\n<meta name=\"twitter:label1\" content=\"Tiempo de lectura\" \/>\n\t<meta name=\"twitter:data1\" content=\"2 minutos\" \/>\n<script type=\"application\/ld+json\" class=\"yoast-schema-graph\">{\"@context\":\"https:\/\/schema.org\",\"@graph\":[{\"@type\":\"WebPage\",\"@id\":\"https:\/\/turismevalles.com\/es\/events\/la-celebracio-de-sant-antoni-sajorna-al-12-de-marc\/\",\"url\":\"https:\/\/turismevalles.com\/es\/events\/la-celebracio-de-sant-antoni-sajorna-al-12-de-marc\/\",\"name\":\"La celebraci\u00f3n de Sant Antoni se aplaza al 12 de marzo - Turisme Vall\u00e8s\",\"isPartOf\":{\"@id\":\"https:\/\/turismevalles.com\/en\/#website\"},\"primaryImageOfPage\":{\"@id\":\"https:\/\/turismevalles.com\/es\/events\/la-celebracio-de-sant-antoni-sajorna-al-12-de-marc\/#primaryimage\"},\"image\":{\"@id\":\"https:\/\/turismevalles.com\/es\/events\/la-celebracio-de-sant-antoni-sajorna-al-12-de-marc\/#primaryimage\"},\"thumbnailUrl\":\"https:\/\/turismevalles.com\/wp-content\/uploads\/2022\/01\/Poster_StAntoni.jpg\",\"datePublished\":\"2022-01-13T09:57:37+00:00\",\"dateModified\":\"2022-01-13T10:02:26+00:00\",\"breadcrumb\":{\"@id\":\"https:\/\/turismevalles.com\/es\/events\/la-celebracio-de-sant-antoni-sajorna-al-12-de-marc\/#breadcrumb\"},\"inLanguage\":\"es\",\"potentialAction\":[{\"@type\":\"ReadAction\",\"target\":[\"https:\/\/turismevalles.com\/es\/events\/la-celebracio-de-sant-antoni-sajorna-al-12-de-marc\/\"]}]},{\"@type\":\"ImageObject\",\"inLanguage\":\"es\",\"@id\":\"https:\/\/turismevalles.com\/es\/events\/la-celebracio-de-sant-antoni-sajorna-al-12-de-marc\/#primaryimage\",\"url\":\"https:\/\/turismevalles.com\/wp-content\/uploads\/2022\/01\/Poster_StAntoni.jpg\",\"contentUrl\":\"https:\/\/turismevalles.com\/wp-content\/uploads\/2022\/01\/Poster_StAntoni.jpg\",\"width\":1754,\"height\":2481},{\"@type\":\"BreadcrumbList\",\"@id\":\"https:\/\/turismevalles.com\/es\/events\/la-celebracio-de-sant-antoni-sajorna-al-12-de-marc\/#breadcrumb\",\"itemListElement\":[{\"@type\":\"ListItem\",\"position\":1,\"name\":\"Inicio\",\"item\":\"https:\/\/turismevalles.com\/es\/\"},{\"@type\":\"ListItem\",\"position\":2,\"name\":\"Esdeveniments\",\"item\":\"https:\/\/turismevalles.com\/events\/\"},{\"@type\":\"ListItem\",\"position\":3,\"name\":\"La celebraci\u00f3n de Sant Antoni se aplaza al 12 de marzo\"}]},{\"@type\":\"WebSite\",\"@id\":\"https:\/\/turismevalles.com\/en\/#website\",\"url\":\"https:\/\/turismevalles.com\/en\/\",\"name\":\"Turisme Vall\u00e8s\",\"description\":\"\",\"publisher\":{\"@id\":\"https:\/\/turismevalles.com\/en\/#organization\"},\"potentialAction\":[{\"@type\":\"SearchAction\",\"target\":{\"@type\":\"EntryPoint\",\"urlTemplate\":\"https:\/\/turismevalles.com\/en\/?s={search_term_string}\"},\"query-input\":{\"@type\":\"PropertyValueSpecification\",\"valueRequired\":true,\"valueName\":\"search_term_string\"}}],\"inLanguage\":\"es\"},{\"@type\":\"Organization\",\"@id\":\"https:\/\/turismevalles.com\/en\/#organization\",\"name\":\"Turisme Vall\u00e8s\",\"url\":\"https:\/\/turismevalles.com\/en\/\",\"logo\":{\"@type\":\"ImageObject\",\"inLanguage\":\"es\",\"@id\":\"https:\/\/turismevalles.com\/en\/#\/schema\/logo\/image\/\",\"url\":\"https:\/\/turismevalles.com\/wp-content\/uploads\/2020\/08\/cropped-logo_ca-2.png\",\"contentUrl\":\"https:\/\/turismevalles.com\/wp-content\/uploads\/2020\/08\/cropped-logo_ca-2.png\",\"width\":314,\"height\":85,\"caption\":\"Turisme Vall\u00e8s\"},\"image\":{\"@id\":\"https:\/\/turismevalles.com\/en\/#\/schema\/logo\/image\/\"}}]}<\/script>\n<!-- \/ Yoast SEO plugin. -->","yoast_head_json":{"title":"La celebraci\u00f3n de Sant Antoni se aplaza al 12 de marzo - Turisme Vall\u00e8s","robots":{"index":"index","follow":"follow","max-snippet":"max-snippet:-1","max-image-preview":"max-image-preview:large","max-video-preview":"max-video-preview:-1"},"canonical":"https:\/\/turismevalles.com\/es\/events\/la-celebracio-de-sant-antoni-sajorna-al-12-de-marc\/","og_locale":"es_ES","og_type":"article","og_title":"La celebraci\u00f3n de Sant Antoni se aplaza al 12 de marzo - Turisme Vall\u00e8s","og_description":"Ante la situaci\u00f3n sanitaria y las restricciones vigentes, la Comisi\u00f3n de Sant Antoni Abat ha decidido aplazar el pase de los Tres Tombs, que este ... Veure m\u00e9s","og_url":"https:\/\/turismevalles.com\/es\/events\/la-celebracio-de-sant-antoni-sajorna-al-12-de-marc\/","og_site_name":"Turisme Vall\u00e8s","article_modified_time":"2022-01-13T10:02:26+00:00","og_image":[{"width":1754,"height":2481,"url":"https:\/\/turismevalles.com\/wp-content\/uploads\/2022\/01\/Poster_StAntoni.jpg","type":"image\/jpeg"}],"twitter_card":"summary_large_image","twitter_misc":{"Tiempo de lectura":"2 minutos"},"schema":{"@context":"https:\/\/schema.org","@graph":[{"@type":"WebPage","@id":"https:\/\/turismevalles.com\/es\/events\/la-celebracio-de-sant-antoni-sajorna-al-12-de-marc\/","url":"https:\/\/turismevalles.com\/es\/events\/la-celebracio-de-sant-antoni-sajorna-al-12-de-marc\/","name":"La celebraci\u00f3n de Sant Antoni se aplaza al 12 de marzo - Turisme Vall\u00e8s","isPartOf":{"@id":"https:\/\/turismevalles.com\/en\/#website"},"primaryImageOfPage":{"@id":"https:\/\/turismevalles.com\/es\/events\/la-celebracio-de-sant-antoni-sajorna-al-12-de-marc\/#primaryimage"},"image":{"@id":"https:\/\/turismevalles.com\/es\/events\/la-celebracio-de-sant-antoni-sajorna-al-12-de-marc\/#primaryimage"},"thumbnailUrl":"https:\/\/turismevalles.com\/wp-content\/uploads\/2022\/01\/Poster_StAntoni.jpg","datePublished":"2022-01-13T09:57:37+00:00","dateModified":"2022-01-13T10:02:26+00:00","breadcrumb":{"@id":"https:\/\/turismevalles.com\/es\/events\/la-celebracio-de-sant-antoni-sajorna-al-12-de-marc\/#breadcrumb"},"inLanguage":"es","potentialAction":[{"@type":"ReadAction","target":["https:\/\/turismevalles.com\/es\/events\/la-celebracio-de-sant-antoni-sajorna-al-12-de-marc\/"]}]},{"@type":"ImageObject","inLanguage":"es","@id":"https:\/\/turismevalles.com\/es\/events\/la-celebracio-de-sant-antoni-sajorna-al-12-de-marc\/#primaryimage","url":"https:\/\/turismevalles.com\/wp-content\/uploads\/2022\/01\/Poster_StAntoni.jpg","contentUrl":"https:\/\/turismevalles.com\/wp-content\/uploads\/2022\/01\/Poster_StAntoni.jpg","width":1754,"height":2481},{"@type":"BreadcrumbList","@id":"https:\/\/turismevalles.com\/es\/events\/la-celebracio-de-sant-antoni-sajorna-al-12-de-marc\/#breadcrumb","itemListElement":[{"@type":"ListItem","position":1,"name":"Inicio","item":"https:\/\/turismevalles.com\/es\/"},{"@type":"ListItem","position":2,"name":"Esdeveniments","item":"https:\/\/turismevalles.com\/events\/"},{"@type":"ListItem","position":3,"name":"La celebraci\u00f3n de Sant Antoni se aplaza al 12 de marzo"}]},{"@type":"WebSite","@id":"https:\/\/turismevalles.com\/en\/#website","url":"https:\/\/turismevalles.com\/en\/","name":"Turisme Vall\u00e8s","description":"","publisher":{"@id":"https:\/\/turismevalles.com\/en\/#organization"},"potentialAction":[{"@type":"SearchAction","target":{"@type":"EntryPoint","urlTemplate":"https:\/\/turismevalles.com\/en\/?s={search_term_string}"},"query-input":{"@type":"PropertyValueSpecification","valueRequired":true,"valueName":"search_term_string"}}],"inLanguage":"es"},{"@type":"Organization","@id":"https:\/\/turismevalles.com\/en\/#organization","name":"Turisme Vall\u00e8s","url":"https:\/\/turismevalles.com\/en\/","logo":{"@type":"ImageObject","inLanguage":"es","@id":"https:\/\/turismevalles.com\/en\/#\/schema\/logo\/image\/","url":"https:\/\/turismevalles.com\/wp-content\/uploads\/2020\/08\/cropped-logo_ca-2.png","contentUrl":"https:\/\/turismevalles.com\/wp-content\/uploads\/2020\/08\/cropped-logo_ca-2.png","width":314,"height":85,"caption":"Turisme Vall\u00e8s"},"image":{"@id":"https:\/\/turismevalles.com\/en\/#\/schema\/logo\/image\/"}}]}},"uagb_featured_image_src":{"full":["https:\/\/turismevalles.com\/wp-content\/uploads\/2022\/01\/Poster_StAntoni.jpg",1754,2481,false],"thumbnail":["https:\/\/turismevalles.com\/wp-content\/uploads\/2022\/01\/Poster_StAntoni-150x150.jpg",150,150,true],"medium":["https:\/\/turismevalles.com\/wp-content\/uploads\/2022\/01\/Poster_StAntoni-212x300.jpg",212,300,true],"medium_large":["https:\/\/turismevalles.com\/wp-content\/uploads\/2022\/01\/Poster_StAntoni-768x1086.jpg",768,1086,true],"large":["https:\/\/turismevalles.com\/wp-content\/uploads\/2022\/01\/Poster_StAntoni-724x1024.jpg",724,1024,true],"thumblist":["https:\/\/turismevalles.com\/wp-content\/uploads\/2022\/01\/Poster_StAntoni-300x300.jpg",300,300,true],"meccarouselthumb":["https:\/\/turismevalles.com\/wp-content\/uploads\/2022\/01\/Poster_StAntoni-474x324.jpg",474,324,true],"gridsquare":["https:\/\/turismevalles.com\/wp-content\/uploads\/2022\/01\/Poster_StAntoni-391x260.jpg",391,260,true],"tileview":["https:\/\/turismevalles.com\/wp-content\/uploads\/2022\/01\/Poster_StAntoni-300x400.jpg",300,400,true],"1536x1536":["https:\/\/turismevalles.com\/wp-content\/uploads\/2022\/01\/Poster_StAntoni-1086x1536.jpg",1086,1536,true],"2048x2048":["https:\/\/turismevalles.com\/wp-content\/uploads\/2022\/01\/Poster_StAntoni-1448x2048.jpg",1448,2048,true]},"uagb_author_info":{"display_name":"Turisme Valles","author_link":"https:\/\/turismevalles.com\/es\/author\/turismevallesoriental\/"},"uagb_comment_info":0,"uagb_excerpt":"Ante la situaci\u00f3n sanitaria y las restricciones vigentes, la Comisi\u00f3n de Sant Antoni Abat ha decidido aplazar el pase de los Tres Tombs, que este ... Veure m\u00e9s","_links":{"self":[{"href":"https:\/\/turismevalles.com\/es\/wp-json\/wp\/v2\/mec-events\/17614","targetHints":{"allow":["GET"]}}],"collection":[{"href":"https:\/\/turismevalles.com\/es\/wp-json\/wp\/v2\/mec-events"}],"about":[{"href":"https:\/\/turismevalles.com\/es\/wp-json\/wp\/v2\/types\/mec-events"}],"author":[{"embeddable":true,"href":"https:\/\/turismevalles.com\/es\/wp-json\/wp\/v2\/users\/5"}],"replies":[{"embeddable":true,"href":"https:\/\/turismevalles.com\/es\/wp-json\/wp\/v2\/comments?post=17614"}],"wp:featuredmedia":[{"embeddable":true,"href":"https:\/\/turismevalles.com\/es\/wp-json\/wp\/v2\/media\/17613"}],"wp:attachment":[{"href":"https:\/\/turismevalles.com\/es\/wp-json\/wp\/v2\/media?parent=17614"}],"wp:term":[{"taxonomy":"post_tag","embeddable":true,"href":"https:\/\/turismevalles.com\/es\/wp-json\/wp\/v2\/tags?post=17614"},{"taxonomy":"poblacions","embeddable":true,"href":"https:\/\/turismevalles.com\/es\/wp-json\/wp\/v2\/poblacions?post=17614"},{"taxonomy":"mec_category","embeddable":true,"href":"https:\/\/turismevalles.com\/es\/wp-json\/wp\/v2\/mec_category?post=17614"}],"curies":[{"name":"wp","href":"https:\/\/api.w.org\/{rel}","templated":true}]}}