{"id":17638,"date":"2022-01-13T12:51:39","date_gmt":"2022-01-13T11:51:39","guid":{"rendered":"http:\/\/turismevalles.com.mialias.net\/events\/juan-navarro-exposa-a-la-sala-arimany-de-can-palots\/"},"modified":"2022-01-13T13:23:01","modified_gmt":"2022-01-13T12:23:01","slug":"juan-navarro-exposa-a-la-sala-arimany-de-can-palots","status":"publish","type":"mec-events","link":"https:\/\/turismevalles.com\/es\/events\/juan-navarro-exposa-a-la-sala-arimany-de-can-palots\/","title":{"rendered":"Juan Navarro expone en la Sala Arimany de Can Palots"},"content":{"rendered":"<pre id=\"tw-target-text\" class=\"tw-data-text tw-text-large tw-ta\" dir=\"ltr\" data-placeholder=\"Traducci\u00f3n\"><span class=\"Y2IQFc\" lang=\"es\">La exposici\u00f3n se podr\u00e1 ver del 14 de enero al 27 de febrero en el horario de apertura del espacio: de lunes a jueves de 16 a 21 horas, viernes de 16 a 19 horas\r\n y fines de semana con actividad en el teatro .\r\n\r\nLos trabajos en pintura del canovella Juan Navarro han evolucionado de manera notable a la hora de experimentar con el color creando una simbiosis entre\r\n el artista, su pensamiento y su ejecuci\u00f3n.\r\n\r\nTal y como dice \u00e9l mismo, \"la creatividad es la presentaci\u00f3n de elementos e ideas ya existentes, filtrados a trav\u00e9s de las percepciones y sentimientos de un\r\n individuo determinado\".<\/span><\/pre>\n<p><img loading=\"lazy\" decoding=\"async\" class=\"aligncenter size-full wp-image-17630\" src=\"http:\/\/turismevalles.com\/wp-content\/uploads\/2022\/01\/Ceremonia.jpg\" alt=\"\" width=\"640\" height=\"454\" srcset=\"https:\/\/turismevalles.com\/wp-content\/uploads\/2022\/01\/Ceremonia.jpg 640w, https:\/\/turismevalles.com\/wp-content\/uploads\/2022\/01\/Ceremonia-300x213.jpg 300w\" sizes=\"auto, (max-width: 640px) 100vw, 640px\" \/><\/p>\n","protected":false},"excerpt":{"rendered":"<p>La exposici\u00f3n se podr\u00e1 ver del 14 de enero al 27 de febrero en el horario de apertura del espacio: de lunes a jueves de &#8230; <a title=\"Juan Navarro expone en la Sala Arimany de Can Palots\" class=\"read-more\" href=\"https:\/\/turismevalles.com\/es\/events\/juan-navarro-exposa-a-la-sala-arimany-de-can-palots\/\" aria-label=\"M\u00e1s en Juan Navarro expone en la Sala Arimany de Can Palots\">Veure m\u00e9s<\/a><\/p>\n","protected":false},"author":5,"featured_media":17633,"comment_status":"open","ping_status":"closed","template":"","tags":[],"poblacions":[905],"mec_category":[929],"class_list":["post-17638","mec-events","type-mec-events","status-publish","has-post-thumbnail","hentry","poblacions-canovelles-es","mec_category-cultura-es","generate-columns","tablet-grid-50","mobile-grid-100","grid-parent","grid-33"],"acf":[],"yoast_head":"<!-- This site is optimized with the Yoast SEO plugin v26.4 - https:\/\/yoast.com\/wordpress\/plugins\/seo\/ -->\n<title>Juan Navarro expone en la Sala Arimany de Can Palots - Turisme Vall\u00e8s<\/title>\n<meta name=\"robots\" content=\"index, follow, max-snippet:-1, max-image-preview:large, max-video-preview:-1\" \/>\n<link rel=\"canonical\" href=\"https:\/\/turismevalles.com\/es\/events\/juan-navarro-exposa-a-la-sala-arimany-de-can-palots\/\" \/>\n<meta property=\"og:locale\" content=\"es_ES\" \/>\n<meta property=\"og:type\" content=\"article\" \/>\n<meta property=\"og:title\" content=\"Juan Navarro expone en la Sala Arimany de Can Palots - Turisme Vall\u00e8s\" \/>\n<meta property=\"og:description\" content=\"La exposici\u00f3n se podr\u00e1 ver del 14 de enero al 27 de febrero en el horario de apertura del espacio: de lunes a jueves de ... Veure m\u00e9s\" \/>\n<meta property=\"og:url\" content=\"https:\/\/turismevalles.com\/es\/events\/juan-navarro-exposa-a-la-sala-arimany-de-can-palots\/\" \/>\n<meta property=\"og:site_name\" content=\"Turisme Vall\u00e8s\" \/>\n<meta property=\"article:modified_time\" content=\"2022-01-13T12:23:01+00:00\" \/>\n<meta property=\"og:image\" content=\"https:\/\/turismevalles.com\/wp-content\/uploads\/2022\/01\/Ceremonia.jpg\" \/>\n\t<meta property=\"og:image:width\" content=\"640\" \/>\n\t<meta property=\"og:image:height\" content=\"454\" \/>\n\t<meta property=\"og:image:type\" content=\"image\/jpeg\" \/>\n<meta name=\"twitter:card\" content=\"summary_large_image\" \/>\n<meta name=\"twitter:label1\" content=\"Tiempo de lectura\" \/>\n\t<meta name=\"twitter:data1\" content=\"1 minuto\" \/>\n<script type=\"application\/ld+json\" class=\"yoast-schema-graph\">{\"@context\":\"https:\/\/schema.org\",\"@graph\":[{\"@type\":\"WebPage\",\"@id\":\"https:\/\/turismevalles.com\/es\/events\/juan-navarro-exposa-a-la-sala-arimany-de-can-palots\/\",\"url\":\"https:\/\/turismevalles.com\/es\/events\/juan-navarro-exposa-a-la-sala-arimany-de-can-palots\/\",\"name\":\"Juan Navarro expone en la Sala Arimany de Can Palots - Turisme Vall\u00e8s\",\"isPartOf\":{\"@id\":\"https:\/\/turismevalles.com\/en\/#website\"},\"primaryImageOfPage\":{\"@id\":\"https:\/\/turismevalles.com\/es\/events\/juan-navarro-exposa-a-la-sala-arimany-de-can-palots\/#primaryimage\"},\"image\":{\"@id\":\"https:\/\/turismevalles.com\/es\/events\/juan-navarro-exposa-a-la-sala-arimany-de-can-palots\/#primaryimage\"},\"thumbnailUrl\":\"https:\/\/turismevalles.com\/wp-content\/uploads\/2022\/01\/Ceremonia.jpg\",\"datePublished\":\"2022-01-13T11:51:39+00:00\",\"dateModified\":\"2022-01-13T12:23:01+00:00\",\"breadcrumb\":{\"@id\":\"https:\/\/turismevalles.com\/es\/events\/juan-navarro-exposa-a-la-sala-arimany-de-can-palots\/#breadcrumb\"},\"inLanguage\":\"es\",\"potentialAction\":[{\"@type\":\"ReadAction\",\"target\":[\"https:\/\/turismevalles.com\/es\/events\/juan-navarro-exposa-a-la-sala-arimany-de-can-palots\/\"]}]},{\"@type\":\"ImageObject\",\"inLanguage\":\"es\",\"@id\":\"https:\/\/turismevalles.com\/es\/events\/juan-navarro-exposa-a-la-sala-arimany-de-can-palots\/#primaryimage\",\"url\":\"https:\/\/turismevalles.com\/wp-content\/uploads\/2022\/01\/Ceremonia.jpg\",\"contentUrl\":\"https:\/\/turismevalles.com\/wp-content\/uploads\/2022\/01\/Ceremonia.jpg\",\"width\":640,\"height\":454},{\"@type\":\"BreadcrumbList\",\"@id\":\"https:\/\/turismevalles.com\/es\/events\/juan-navarro-exposa-a-la-sala-arimany-de-can-palots\/#breadcrumb\",\"itemListElement\":[{\"@type\":\"ListItem\",\"position\":1,\"name\":\"Inicio\",\"item\":\"https:\/\/turismevalles.com\/es\/\"},{\"@type\":\"ListItem\",\"position\":2,\"name\":\"Esdeveniments\",\"item\":\"https:\/\/turismevalles.com\/events\/\"},{\"@type\":\"ListItem\",\"position\":3,\"name\":\"Juan Navarro expone en la Sala Arimany de Can Palots\"}]},{\"@type\":\"WebSite\",\"@id\":\"https:\/\/turismevalles.com\/en\/#website\",\"url\":\"https:\/\/turismevalles.com\/en\/\",\"name\":\"Turisme Vall\u00e8s\",\"description\":\"\",\"publisher\":{\"@id\":\"https:\/\/turismevalles.com\/en\/#organization\"},\"potentialAction\":[{\"@type\":\"SearchAction\",\"target\":{\"@type\":\"EntryPoint\",\"urlTemplate\":\"https:\/\/turismevalles.com\/en\/?s={search_term_string}\"},\"query-input\":{\"@type\":\"PropertyValueSpecification\",\"valueRequired\":true,\"valueName\":\"search_term_string\"}}],\"inLanguage\":\"es\"},{\"@type\":\"Organization\",\"@id\":\"https:\/\/turismevalles.com\/en\/#organization\",\"name\":\"Turisme Vall\u00e8s\",\"url\":\"https:\/\/turismevalles.com\/en\/\",\"logo\":{\"@type\":\"ImageObject\",\"inLanguage\":\"es\",\"@id\":\"https:\/\/turismevalles.com\/en\/#\/schema\/logo\/image\/\",\"url\":\"https:\/\/turismevalles.com\/wp-content\/uploads\/2020\/08\/cropped-logo_ca-2.png\",\"contentUrl\":\"https:\/\/turismevalles.com\/wp-content\/uploads\/2020\/08\/cropped-logo_ca-2.png\",\"width\":314,\"height\":85,\"caption\":\"Turisme Vall\u00e8s\"},\"image\":{\"@id\":\"https:\/\/turismevalles.com\/en\/#\/schema\/logo\/image\/\"}}]}<\/script>\n<!-- \/ Yoast SEO plugin. -->","yoast_head_json":{"title":"Juan Navarro expone en la Sala Arimany de Can Palots - Turisme Vall\u00e8s","robots":{"index":"index","follow":"follow","max-snippet":"max-snippet:-1","max-image-preview":"max-image-preview:large","max-video-preview":"max-video-preview:-1"},"canonical":"https:\/\/turismevalles.com\/es\/events\/juan-navarro-exposa-a-la-sala-arimany-de-can-palots\/","og_locale":"es_ES","og_type":"article","og_title":"Juan Navarro expone en la Sala Arimany de Can Palots - Turisme Vall\u00e8s","og_description":"La exposici\u00f3n se podr\u00e1 ver del 14 de enero al 27 de febrero en el horario de apertura del espacio: de lunes a jueves de ... Veure m\u00e9s","og_url":"https:\/\/turismevalles.com\/es\/events\/juan-navarro-exposa-a-la-sala-arimany-de-can-palots\/","og_site_name":"Turisme Vall\u00e8s","article_modified_time":"2022-01-13T12:23:01+00:00","og_image":[{"width":640,"height":454,"url":"https:\/\/turismevalles.com\/wp-content\/uploads\/2022\/01\/Ceremonia.jpg","type":"image\/jpeg"}],"twitter_card":"summary_large_image","twitter_misc":{"Tiempo de lectura":"1 minuto"},"schema":{"@context":"https:\/\/schema.org","@graph":[{"@type":"WebPage","@id":"https:\/\/turismevalles.com\/es\/events\/juan-navarro-exposa-a-la-sala-arimany-de-can-palots\/","url":"https:\/\/turismevalles.com\/es\/events\/juan-navarro-exposa-a-la-sala-arimany-de-can-palots\/","name":"Juan Navarro expone en la Sala Arimany de Can Palots - Turisme Vall\u00e8s","isPartOf":{"@id":"https:\/\/turismevalles.com\/en\/#website"},"primaryImageOfPage":{"@id":"https:\/\/turismevalles.com\/es\/events\/juan-navarro-exposa-a-la-sala-arimany-de-can-palots\/#primaryimage"},"image":{"@id":"https:\/\/turismevalles.com\/es\/events\/juan-navarro-exposa-a-la-sala-arimany-de-can-palots\/#primaryimage"},"thumbnailUrl":"https:\/\/turismevalles.com\/wp-content\/uploads\/2022\/01\/Ceremonia.jpg","datePublished":"2022-01-13T11:51:39+00:00","dateModified":"2022-01-13T12:23:01+00:00","breadcrumb":{"@id":"https:\/\/turismevalles.com\/es\/events\/juan-navarro-exposa-a-la-sala-arimany-de-can-palots\/#breadcrumb"},"inLanguage":"es","potentialAction":[{"@type":"ReadAction","target":["https:\/\/turismevalles.com\/es\/events\/juan-navarro-exposa-a-la-sala-arimany-de-can-palots\/"]}]},{"@type":"ImageObject","inLanguage":"es","@id":"https:\/\/turismevalles.com\/es\/events\/juan-navarro-exposa-a-la-sala-arimany-de-can-palots\/#primaryimage","url":"https:\/\/turismevalles.com\/wp-content\/uploads\/2022\/01\/Ceremonia.jpg","contentUrl":"https:\/\/turismevalles.com\/wp-content\/uploads\/2022\/01\/Ceremonia.jpg","width":640,"height":454},{"@type":"BreadcrumbList","@id":"https:\/\/turismevalles.com\/es\/events\/juan-navarro-exposa-a-la-sala-arimany-de-can-palots\/#breadcrumb","itemListElement":[{"@type":"ListItem","position":1,"name":"Inicio","item":"https:\/\/turismevalles.com\/es\/"},{"@type":"ListItem","position":2,"name":"Esdeveniments","item":"https:\/\/turismevalles.com\/events\/"},{"@type":"ListItem","position":3,"name":"Juan Navarro expone en la Sala Arimany de Can Palots"}]},{"@type":"WebSite","@id":"https:\/\/turismevalles.com\/en\/#website","url":"https:\/\/turismevalles.com\/en\/","name":"Turisme Vall\u00e8s","description":"","publisher":{"@id":"https:\/\/turismevalles.com\/en\/#organization"},"potentialAction":[{"@type":"SearchAction","target":{"@type":"EntryPoint","urlTemplate":"https:\/\/turismevalles.com\/en\/?s={search_term_string}"},"query-input":{"@type":"PropertyValueSpecification","valueRequired":true,"valueName":"search_term_string"}}],"inLanguage":"es"},{"@type":"Organization","@id":"https:\/\/turismevalles.com\/en\/#organization","name":"Turisme Vall\u00e8s","url":"https:\/\/turismevalles.com\/en\/","logo":{"@type":"ImageObject","inLanguage":"es","@id":"https:\/\/turismevalles.com\/en\/#\/schema\/logo\/image\/","url":"https:\/\/turismevalles.com\/wp-content\/uploads\/2020\/08\/cropped-logo_ca-2.png","contentUrl":"https:\/\/turismevalles.com\/wp-content\/uploads\/2020\/08\/cropped-logo_ca-2.png","width":314,"height":85,"caption":"Turisme Vall\u00e8s"},"image":{"@id":"https:\/\/turismevalles.com\/en\/#\/schema\/logo\/image\/"}}]}},"uagb_featured_image_src":{"full":["https:\/\/turismevalles.com\/wp-content\/uploads\/2022\/01\/Ceremonia.jpg",640,454,false],"thumbnail":["https:\/\/turismevalles.com\/wp-content\/uploads\/2022\/01\/Ceremonia-150x150.jpg",150,150,true],"medium":["https:\/\/turismevalles.com\/wp-content\/uploads\/2022\/01\/Ceremonia-300x213.jpg",300,213,true],"medium_large":["https:\/\/turismevalles.com\/wp-content\/uploads\/2022\/01\/Ceremonia.jpg",640,454,false],"large":["https:\/\/turismevalles.com\/wp-content\/uploads\/2022\/01\/Ceremonia.jpg",640,454,false],"thumblist":["https:\/\/turismevalles.com\/wp-content\/uploads\/2022\/01\/Ceremonia-300x300.jpg",300,300,true],"meccarouselthumb":["https:\/\/turismevalles.com\/wp-content\/uploads\/2022\/01\/Ceremonia-474x324.jpg",474,324,true],"gridsquare":["https:\/\/turismevalles.com\/wp-content\/uploads\/2022\/01\/Ceremonia-391x260.jpg",391,260,true],"tileview":["https:\/\/turismevalles.com\/wp-content\/uploads\/2022\/01\/Ceremonia-300x400.jpg",300,400,true],"1536x1536":["https:\/\/turismevalles.com\/wp-content\/uploads\/2022\/01\/Ceremonia.jpg",640,454,false],"2048x2048":["https:\/\/turismevalles.com\/wp-content\/uploads\/2022\/01\/Ceremonia.jpg",640,454,false]},"uagb_author_info":{"display_name":"Turisme Valles","author_link":"https:\/\/turismevalles.com\/es\/author\/turismevallesoriental\/"},"uagb_comment_info":0,"uagb_excerpt":"La exposici\u00f3n se podr\u00e1 ver del 14 de enero al 27 de febrero en el horario de apertura del espacio: de lunes a jueves de ... Veure m\u00e9s","_links":{"self":[{"href":"https:\/\/turismevalles.com\/es\/wp-json\/wp\/v2\/mec-events\/17638","targetHints":{"allow":["GET"]}}],"collection":[{"href":"https:\/\/turismevalles.com\/es\/wp-json\/wp\/v2\/mec-events"}],"about":[{"href":"https:\/\/turismevalles.com\/es\/wp-json\/wp\/v2\/types\/mec-events"}],"author":[{"embeddable":true,"href":"https:\/\/turismevalles.com\/es\/wp-json\/wp\/v2\/users\/5"}],"replies":[{"embeddable":true,"href":"https:\/\/turismevalles.com\/es\/wp-json\/wp\/v2\/comments?post=17638"}],"wp:featuredmedia":[{"embeddable":true,"href":"https:\/\/turismevalles.com\/es\/wp-json\/wp\/v2\/media\/17633"}],"wp:attachment":[{"href":"https:\/\/turismevalles.com\/es\/wp-json\/wp\/v2\/media?parent=17638"}],"wp:term":[{"taxonomy":"post_tag","embeddable":true,"href":"https:\/\/turismevalles.com\/es\/wp-json\/wp\/v2\/tags?post=17638"},{"taxonomy":"poblacions","embeddable":true,"href":"https:\/\/turismevalles.com\/es\/wp-json\/wp\/v2\/poblacions?post=17638"},{"taxonomy":"mec_category","embeddable":true,"href":"https:\/\/turismevalles.com\/es\/wp-json\/wp\/v2\/mec_category?post=17638"}],"curies":[{"name":"wp","href":"https:\/\/api.w.org\/{rel}","templated":true}]}}