{"id":19415,"date":"2022-05-12T14:19:31","date_gmt":"2022-05-12T12:19:31","guid":{"rendered":"http:\/\/turismevalles.com.mialias.net\/events\/dia-internacional-de-los-museos-museu-arxiu-tomas-balvey\/"},"modified":"2022-05-16T10:41:05","modified_gmt":"2022-05-16T08:41:05","slug":"dia-internacional-de-los-museos-museu-arxiu-tomas-balvey","status":"publish","type":"mec-events","link":"https:\/\/turismevalles.com\/es\/events\/dia-internacional-de-los-museos-museu-arxiu-tomas-balvey\/","title":{"rendered":"D\u00eda Internacional de los Museos &#8211; Museu Arxiu Tom\u00e0s Balvey"},"content":{"rendered":"<p>Un a\u00f1o m\u00e1s el Museu de Cardedeu nos sumamos a las actividades programadas para celebrar el D\u00eda Internacional de los Museos, el 18 de Mayo, bajo el lema \u201cEl poder de los museos\u201d con una jornada de puertas abiertas y visitas guiadas gratuitas a las 12 del mediod\u00eda y a las 6 de la tarde.<\/p>\n<p>Y las noches del del 14 y 21 de Mayo, a las 21.30h se realizar\u00e1 una visita guiada a las recientemente reorganizadas salas de reservas del MATBC, en el edificio de Can Xicola.<\/p>\n<p>&#8211;<\/p>\n<p><a href=\"https:\/\/museudecardedeu.cat\/\" target=\"_blank\" rel=\"noopener\">M\u00e1s informaci\u00f3n<\/a><\/p>\n<p>&nbsp;<\/p>\n","protected":false},"excerpt":{"rendered":"<p>Un a\u00f1o m\u00e1s el Museu de Cardedeu nos sumamos a las actividades programadas para celebrar el D\u00eda Internacional de los Museos, el 18 de Mayo, &#8230; <a title=\"D\u00eda Internacional de los Museos &#8211; Museu Arxiu Tom\u00e0s Balvey\" class=\"read-more\" href=\"https:\/\/turismevalles.com\/es\/events\/dia-internacional-de-los-museos-museu-arxiu-tomas-balvey\/\" aria-label=\"M\u00e1s en D\u00eda Internacional de los Museos &#8211; Museu Arxiu Tom\u00e0s Balvey\">Veure m\u00e9s<\/a><\/p>\n","protected":false},"author":5,"featured_media":19409,"comment_status":"open","ping_status":"closed","template":"","tags":[1039],"poblacions":[433],"mec_category":[929],"class_list":["post-19415","mec-events","type-mec-events","status-publish","has-post-thumbnail","hentry","tag-cultura-es","poblacions-mollet-del-valles-es","mec_category-cultura-es","generate-columns","tablet-grid-50","mobile-grid-100","grid-parent","grid-33"],"acf":[],"yoast_head":"<!-- This site is optimized with the Yoast SEO plugin v26.4 - https:\/\/yoast.com\/wordpress\/plugins\/seo\/ -->\n<title>D\u00eda Internacional de los Museos - Museu Arxiu Tom\u00e0s Balvey - Turisme Vall\u00e8s<\/title>\n<meta name=\"robots\" content=\"index, follow, max-snippet:-1, max-image-preview:large, max-video-preview:-1\" \/>\n<link rel=\"canonical\" href=\"https:\/\/turismevalles.com\/es\/events\/dia-internacional-de-los-museos-museu-arxiu-tomas-balvey\/\" \/>\n<meta property=\"og:locale\" content=\"es_ES\" \/>\n<meta property=\"og:type\" content=\"article\" \/>\n<meta property=\"og:title\" content=\"D\u00eda Internacional de los Museos - Museu Arxiu Tom\u00e0s Balvey - Turisme Vall\u00e8s\" \/>\n<meta property=\"og:description\" content=\"Un a\u00f1o m\u00e1s el Museu de Cardedeu nos sumamos a las actividades programadas para celebrar el D\u00eda Internacional de los Museos, el 18 de Mayo, ... Veure m\u00e9s\" \/>\n<meta property=\"og:url\" content=\"https:\/\/turismevalles.com\/es\/events\/dia-internacional-de-los-museos-museu-arxiu-tomas-balvey\/\" \/>\n<meta property=\"og:site_name\" content=\"Turisme Vall\u00e8s\" \/>\n<meta property=\"article:modified_time\" content=\"2022-05-16T08:41:05+00:00\" \/>\n<meta property=\"og:image\" content=\"https:\/\/turismevalles.com\/wp-content\/uploads\/2022\/05\/20220514_nit_dels_museus.png\" \/>\n\t<meta property=\"og:image:width\" content=\"673\" \/>\n\t<meta property=\"og:image:height\" content=\"746\" \/>\n\t<meta property=\"og:image:type\" content=\"image\/png\" \/>\n<meta name=\"twitter:card\" content=\"summary_large_image\" \/>\n<meta name=\"twitter:label1\" content=\"Tiempo de lectura\" \/>\n\t<meta name=\"twitter:data1\" content=\"1 minuto\" \/>\n<script type=\"application\/ld+json\" class=\"yoast-schema-graph\">{\"@context\":\"https:\/\/schema.org\",\"@graph\":[{\"@type\":\"WebPage\",\"@id\":\"https:\/\/turismevalles.com\/es\/events\/dia-internacional-de-los-museos-museu-arxiu-tomas-balvey\/\",\"url\":\"https:\/\/turismevalles.com\/es\/events\/dia-internacional-de-los-museos-museu-arxiu-tomas-balvey\/\",\"name\":\"D\u00eda Internacional de los Museos - Museu Arxiu Tom\u00e0s Balvey - Turisme Vall\u00e8s\",\"isPartOf\":{\"@id\":\"https:\/\/turismevalles.com\/en\/#website\"},\"primaryImageOfPage\":{\"@id\":\"https:\/\/turismevalles.com\/es\/events\/dia-internacional-de-los-museos-museu-arxiu-tomas-balvey\/#primaryimage\"},\"image\":{\"@id\":\"https:\/\/turismevalles.com\/es\/events\/dia-internacional-de-los-museos-museu-arxiu-tomas-balvey\/#primaryimage\"},\"thumbnailUrl\":\"https:\/\/turismevalles.com\/wp-content\/uploads\/2022\/05\/20220514_nit_dels_museus.png\",\"datePublished\":\"2022-05-12T12:19:31+00:00\",\"dateModified\":\"2022-05-16T08:41:05+00:00\",\"breadcrumb\":{\"@id\":\"https:\/\/turismevalles.com\/es\/events\/dia-internacional-de-los-museos-museu-arxiu-tomas-balvey\/#breadcrumb\"},\"inLanguage\":\"es\",\"potentialAction\":[{\"@type\":\"ReadAction\",\"target\":[\"https:\/\/turismevalles.com\/es\/events\/dia-internacional-de-los-museos-museu-arxiu-tomas-balvey\/\"]}]},{\"@type\":\"ImageObject\",\"inLanguage\":\"es\",\"@id\":\"https:\/\/turismevalles.com\/es\/events\/dia-internacional-de-los-museos-museu-arxiu-tomas-balvey\/#primaryimage\",\"url\":\"https:\/\/turismevalles.com\/wp-content\/uploads\/2022\/05\/20220514_nit_dels_museus.png\",\"contentUrl\":\"https:\/\/turismevalles.com\/wp-content\/uploads\/2022\/05\/20220514_nit_dels_museus.png\",\"width\":673,\"height\":746},{\"@type\":\"BreadcrumbList\",\"@id\":\"https:\/\/turismevalles.com\/es\/events\/dia-internacional-de-los-museos-museu-arxiu-tomas-balvey\/#breadcrumb\",\"itemListElement\":[{\"@type\":\"ListItem\",\"position\":1,\"name\":\"Inicio\",\"item\":\"https:\/\/turismevalles.com\/es\/\"},{\"@type\":\"ListItem\",\"position\":2,\"name\":\"Esdeveniments\",\"item\":\"https:\/\/turismevalles.com\/events\/\"},{\"@type\":\"ListItem\",\"position\":3,\"name\":\"D\u00eda Internacional de los Museos &#8211; Museu Arxiu Tom\u00e0s Balvey\"}]},{\"@type\":\"WebSite\",\"@id\":\"https:\/\/turismevalles.com\/en\/#website\",\"url\":\"https:\/\/turismevalles.com\/en\/\",\"name\":\"Turisme Vall\u00e8s\",\"description\":\"\",\"publisher\":{\"@id\":\"https:\/\/turismevalles.com\/en\/#organization\"},\"potentialAction\":[{\"@type\":\"SearchAction\",\"target\":{\"@type\":\"EntryPoint\",\"urlTemplate\":\"https:\/\/turismevalles.com\/en\/?s={search_term_string}\"},\"query-input\":{\"@type\":\"PropertyValueSpecification\",\"valueRequired\":true,\"valueName\":\"search_term_string\"}}],\"inLanguage\":\"es\"},{\"@type\":\"Organization\",\"@id\":\"https:\/\/turismevalles.com\/en\/#organization\",\"name\":\"Turisme Vall\u00e8s\",\"url\":\"https:\/\/turismevalles.com\/en\/\",\"logo\":{\"@type\":\"ImageObject\",\"inLanguage\":\"es\",\"@id\":\"https:\/\/turismevalles.com\/en\/#\/schema\/logo\/image\/\",\"url\":\"https:\/\/turismevalles.com\/wp-content\/uploads\/2020\/08\/cropped-logo_ca-2.png\",\"contentUrl\":\"https:\/\/turismevalles.com\/wp-content\/uploads\/2020\/08\/cropped-logo_ca-2.png\",\"width\":314,\"height\":85,\"caption\":\"Turisme Vall\u00e8s\"},\"image\":{\"@id\":\"https:\/\/turismevalles.com\/en\/#\/schema\/logo\/image\/\"}}]}<\/script>\n<!-- \/ Yoast SEO plugin. -->","yoast_head_json":{"title":"D\u00eda Internacional de los Museos - Museu Arxiu Tom\u00e0s Balvey - Turisme Vall\u00e8s","robots":{"index":"index","follow":"follow","max-snippet":"max-snippet:-1","max-image-preview":"max-image-preview:large","max-video-preview":"max-video-preview:-1"},"canonical":"https:\/\/turismevalles.com\/es\/events\/dia-internacional-de-los-museos-museu-arxiu-tomas-balvey\/","og_locale":"es_ES","og_type":"article","og_title":"D\u00eda Internacional de los Museos - Museu Arxiu Tom\u00e0s Balvey - Turisme Vall\u00e8s","og_description":"Un a\u00f1o m\u00e1s el Museu de Cardedeu nos sumamos a las actividades programadas para celebrar el D\u00eda Internacional de los Museos, el 18 de Mayo, ... Veure m\u00e9s","og_url":"https:\/\/turismevalles.com\/es\/events\/dia-internacional-de-los-museos-museu-arxiu-tomas-balvey\/","og_site_name":"Turisme Vall\u00e8s","article_modified_time":"2022-05-16T08:41:05+00:00","og_image":[{"width":673,"height":746,"url":"https:\/\/turismevalles.com\/wp-content\/uploads\/2022\/05\/20220514_nit_dels_museus.png","type":"image\/png"}],"twitter_card":"summary_large_image","twitter_misc":{"Tiempo de lectura":"1 minuto"},"schema":{"@context":"https:\/\/schema.org","@graph":[{"@type":"WebPage","@id":"https:\/\/turismevalles.com\/es\/events\/dia-internacional-de-los-museos-museu-arxiu-tomas-balvey\/","url":"https:\/\/turismevalles.com\/es\/events\/dia-internacional-de-los-museos-museu-arxiu-tomas-balvey\/","name":"D\u00eda Internacional de los Museos - Museu Arxiu Tom\u00e0s Balvey - Turisme Vall\u00e8s","isPartOf":{"@id":"https:\/\/turismevalles.com\/en\/#website"},"primaryImageOfPage":{"@id":"https:\/\/turismevalles.com\/es\/events\/dia-internacional-de-los-museos-museu-arxiu-tomas-balvey\/#primaryimage"},"image":{"@id":"https:\/\/turismevalles.com\/es\/events\/dia-internacional-de-los-museos-museu-arxiu-tomas-balvey\/#primaryimage"},"thumbnailUrl":"https:\/\/turismevalles.com\/wp-content\/uploads\/2022\/05\/20220514_nit_dels_museus.png","datePublished":"2022-05-12T12:19:31+00:00","dateModified":"2022-05-16T08:41:05+00:00","breadcrumb":{"@id":"https:\/\/turismevalles.com\/es\/events\/dia-internacional-de-los-museos-museu-arxiu-tomas-balvey\/#breadcrumb"},"inLanguage":"es","potentialAction":[{"@type":"ReadAction","target":["https:\/\/turismevalles.com\/es\/events\/dia-internacional-de-los-museos-museu-arxiu-tomas-balvey\/"]}]},{"@type":"ImageObject","inLanguage":"es","@id":"https:\/\/turismevalles.com\/es\/events\/dia-internacional-de-los-museos-museu-arxiu-tomas-balvey\/#primaryimage","url":"https:\/\/turismevalles.com\/wp-content\/uploads\/2022\/05\/20220514_nit_dels_museus.png","contentUrl":"https:\/\/turismevalles.com\/wp-content\/uploads\/2022\/05\/20220514_nit_dels_museus.png","width":673,"height":746},{"@type":"BreadcrumbList","@id":"https:\/\/turismevalles.com\/es\/events\/dia-internacional-de-los-museos-museu-arxiu-tomas-balvey\/#breadcrumb","itemListElement":[{"@type":"ListItem","position":1,"name":"Inicio","item":"https:\/\/turismevalles.com\/es\/"},{"@type":"ListItem","position":2,"name":"Esdeveniments","item":"https:\/\/turismevalles.com\/events\/"},{"@type":"ListItem","position":3,"name":"D\u00eda Internacional de los Museos &#8211; Museu Arxiu Tom\u00e0s Balvey"}]},{"@type":"WebSite","@id":"https:\/\/turismevalles.com\/en\/#website","url":"https:\/\/turismevalles.com\/en\/","name":"Turisme Vall\u00e8s","description":"","publisher":{"@id":"https:\/\/turismevalles.com\/en\/#organization"},"potentialAction":[{"@type":"SearchAction","target":{"@type":"EntryPoint","urlTemplate":"https:\/\/turismevalles.com\/en\/?s={search_term_string}"},"query-input":{"@type":"PropertyValueSpecification","valueRequired":true,"valueName":"search_term_string"}}],"inLanguage":"es"},{"@type":"Organization","@id":"https:\/\/turismevalles.com\/en\/#organization","name":"Turisme Vall\u00e8s","url":"https:\/\/turismevalles.com\/en\/","logo":{"@type":"ImageObject","inLanguage":"es","@id":"https:\/\/turismevalles.com\/en\/#\/schema\/logo\/image\/","url":"https:\/\/turismevalles.com\/wp-content\/uploads\/2020\/08\/cropped-logo_ca-2.png","contentUrl":"https:\/\/turismevalles.com\/wp-content\/uploads\/2020\/08\/cropped-logo_ca-2.png","width":314,"height":85,"caption":"Turisme Vall\u00e8s"},"image":{"@id":"https:\/\/turismevalles.com\/en\/#\/schema\/logo\/image\/"}}]}},"uagb_featured_image_src":{"full":["https:\/\/turismevalles.com\/wp-content\/uploads\/2022\/05\/20220514_nit_dels_museus.png",673,746,false],"thumbnail":["https:\/\/turismevalles.com\/wp-content\/uploads\/2022\/05\/20220514_nit_dels_museus-150x150.png",150,150,true],"medium":["https:\/\/turismevalles.com\/wp-content\/uploads\/2022\/05\/20220514_nit_dels_museus-271x300.png",271,300,true],"medium_large":["https:\/\/turismevalles.com\/wp-content\/uploads\/2022\/05\/20220514_nit_dels_museus.png",673,746,false],"large":["https:\/\/turismevalles.com\/wp-content\/uploads\/2022\/05\/20220514_nit_dels_museus.png",673,746,false],"thumblist":["https:\/\/turismevalles.com\/wp-content\/uploads\/2022\/05\/20220514_nit_dels_museus-300x300.png",300,300,true],"meccarouselthumb":["https:\/\/turismevalles.com\/wp-content\/uploads\/2022\/05\/20220514_nit_dels_museus-474x324.png",474,324,true],"gridsquare":["https:\/\/turismevalles.com\/wp-content\/uploads\/2022\/05\/20220514_nit_dels_museus-391x260.png",391,260,true],"tileview":["https:\/\/turismevalles.com\/wp-content\/uploads\/2022\/05\/20220514_nit_dels_museus-300x400.png",300,400,true],"1536x1536":["https:\/\/turismevalles.com\/wp-content\/uploads\/2022\/05\/20220514_nit_dels_museus.png",673,746,false],"2048x2048":["https:\/\/turismevalles.com\/wp-content\/uploads\/2022\/05\/20220514_nit_dels_museus.png",673,746,false]},"uagb_author_info":{"display_name":"Turisme Valles","author_link":"https:\/\/turismevalles.com\/es\/author\/turismevallesoriental\/"},"uagb_comment_info":0,"uagb_excerpt":"Un a\u00f1o m\u00e1s el Museu de Cardedeu nos sumamos a las actividades programadas para celebrar el D\u00eda Internacional de los Museos, el 18 de Mayo, ... Veure m\u00e9s","_links":{"self":[{"href":"https:\/\/turismevalles.com\/es\/wp-json\/wp\/v2\/mec-events\/19415","targetHints":{"allow":["GET"]}}],"collection":[{"href":"https:\/\/turismevalles.com\/es\/wp-json\/wp\/v2\/mec-events"}],"about":[{"href":"https:\/\/turismevalles.com\/es\/wp-json\/wp\/v2\/types\/mec-events"}],"author":[{"embeddable":true,"href":"https:\/\/turismevalles.com\/es\/wp-json\/wp\/v2\/users\/5"}],"replies":[{"embeddable":true,"href":"https:\/\/turismevalles.com\/es\/wp-json\/wp\/v2\/comments?post=19415"}],"wp:featuredmedia":[{"embeddable":true,"href":"https:\/\/turismevalles.com\/es\/wp-json\/wp\/v2\/media\/19409"}],"wp:attachment":[{"href":"https:\/\/turismevalles.com\/es\/wp-json\/wp\/v2\/media?parent=19415"}],"wp:term":[{"taxonomy":"post_tag","embeddable":true,"href":"https:\/\/turismevalles.com\/es\/wp-json\/wp\/v2\/tags?post=19415"},{"taxonomy":"poblacions","embeddable":true,"href":"https:\/\/turismevalles.com\/es\/wp-json\/wp\/v2\/poblacions?post=19415"},{"taxonomy":"mec_category","embeddable":true,"href":"https:\/\/turismevalles.com\/es\/wp-json\/wp\/v2\/mec_category?post=19415"}],"curies":[{"name":"wp","href":"https:\/\/api.w.org\/{rel}","templated":true}]}}