{"id":19438,"date":"2022-05-16T09:18:31","date_gmt":"2022-05-16T07:18:31","guid":{"rendered":"http:\/\/turismevalles.com.mialias.net\/events\/montseny-circuit-dart\/"},"modified":"2022-05-16T10:35:51","modified_gmt":"2022-05-16T08:35:51","slug":"montseny-circuit-dart","status":"publish","type":"mec-events","link":"https:\/\/turismevalles.com\/es\/events\/montseny-circuit-dart\/","title":{"rendered":"Montseny Circuit d&#8217;Art"},"content":{"rendered":"<p>Un grupo de centros culturales del Vall\u00e8s Oriental se unen para impulsar un circuito art\u00edstico que promueve la creaci\u00f3n en nuestro territorio y da visibilidad a los artistas locales. Lo hacemos des de el convencimiento que el arte es un activo cultual m\u00e1s a explorar en medio de la naturaleza, a los pies del Montseny. No te pierdas la experiencia de redescubrir esta tierra des de una nueva mirada.<\/p>\n<p>Los centros que participan son:<\/p>\n<ul>\n<li>Rectoria Vella (St. Celoni)<\/li>\n<li>Centre d\u2019Art Contemporani Nidart (Sta. Maria de Palautordera)<\/li>\n<li>Espai Ruscalleda Art (Llinars del Vall\u00e8s)<\/li>\n<li>Espai d\u2019Art de Llinars (Llinars del Vall\u00e8s)<\/li>\n<li>Centre d\u2019Art La Rectoria (St.Pere de Vilamajor)<\/li>\n<li>Museu Arxiu Tom\u00e0s Balvey (Cardedeu)<\/li>\n<li>Sant Corneli Arts (2) (Cardedeu)<\/li>\n<\/ul>\n<figure id=\"attachment_19428\" aria-describedby=\"caption-attachment-19428\" style=\"width: 833px\" class=\"wp-caption aligncenter\"><img loading=\"lazy\" decoding=\"async\" class=\"size-full wp-image-19428\" src=\"http:\/\/turismevalles.com\/wp-content\/uploads\/2022\/05\/20220604_05_montseny_circuit_art_mapa.png\" alt=\"Montseny CIrcuit d'Art Mapa\" width=\"843\" height=\"685\" srcset=\"https:\/\/turismevalles.com\/wp-content\/uploads\/2022\/05\/20220604_05_montseny_circuit_art_mapa.png 843w, https:\/\/turismevalles.com\/wp-content\/uploads\/2022\/05\/20220604_05_montseny_circuit_art_mapa-300x244.png 300w, https:\/\/turismevalles.com\/wp-content\/uploads\/2022\/05\/20220604_05_montseny_circuit_art_mapa-768x624.png 768w\" sizes=\"auto, (max-width: 843px) 100vw, 843px\" \/><figcaption id=\"caption-attachment-19428\" class=\"wp-caption-text\">Montseny CIrcuit d&#8217;Art Mapa<\/figcaption><\/figure>\n<p>&nbsp;<\/p>\n<p>Pod\u00e9is consultar toda la programaci\u00f3n en las redes sociales:<br \/>\n@montsenycircuitart | @montsenycircuitart<br \/>\n<a href=\"http:\/\/www.montsenycircuitart.com\" target=\"_blank\" rel=\"noopener\">www.montsenycircuitart.com<\/a><\/p>\n","protected":false},"excerpt":{"rendered":"<p>Un grupo de centros culturales del Vall\u00e8s Oriental se unen para impulsar un circuito art\u00edstico que promueve la creaci\u00f3n en nuestro territorio y da visibilidad &#8230; <a title=\"Montseny Circuit d&#8217;Art\" class=\"read-more\" href=\"https:\/\/turismevalles.com\/es\/events\/montseny-circuit-dart\/\" aria-label=\"M\u00e1s en Montseny Circuit d&#8217;Art\">Veure m\u00e9s<\/a><\/p>\n","protected":false},"author":5,"featured_media":19425,"comment_status":"open","ping_status":"closed","template":"","tags":[1708],"poblacions":[428,897,427,847,435],"mec_category":[929,1095,938,1603],"class_list":["post-19438","mec-events","type-mec-events","status-publish","has-post-thumbnail","hentry","tag-montseny-circuit-art-es","poblacions-cardedeu-es","poblacions-llinars-del-valles-es","poblacions-sant-celoni-es","poblacions-sant-pere-de-vilamajor-es","poblacions-santa-maria-de-palautordera-es","mec_category-cultura-es","mec_category-espectaculos","mec_category-gastronomia-es","mec_category-natura-es","generate-columns","tablet-grid-50","mobile-grid-100","grid-parent","grid-33"],"acf":[],"yoast_head":"<!-- This site is optimized with the Yoast SEO plugin v26.4 - https:\/\/yoast.com\/wordpress\/plugins\/seo\/ -->\n<title>Montseny Circuit d&#039;Art - Turisme Vall\u00e8s<\/title>\n<meta name=\"description\" content=\"No te pierdas las propuestas art\u00edsticas de Montseny Circuit Art que se realizaran los d\u00edas 4 y 5 de junio.\" \/>\n<meta name=\"robots\" content=\"index, follow, max-snippet:-1, max-image-preview:large, max-video-preview:-1\" \/>\n<link rel=\"canonical\" href=\"https:\/\/turismevalles.com\/es\/events\/montseny-circuit-dart\/\" \/>\n<meta property=\"og:locale\" content=\"es_ES\" \/>\n<meta property=\"og:type\" content=\"article\" \/>\n<meta property=\"og:title\" content=\"Montseny Circuit d&#039;Art - Turisme Vall\u00e8s\" \/>\n<meta property=\"og:description\" content=\"No te pierdas las propuestas art\u00edsticas de Montseny Circuit Art que se realizaran los d\u00edas 4 y 5 de junio.\" \/>\n<meta property=\"og:url\" content=\"https:\/\/turismevalles.com\/es\/events\/montseny-circuit-dart\/\" \/>\n<meta property=\"og:site_name\" content=\"Turisme Vall\u00e8s\" \/>\n<meta property=\"article:modified_time\" content=\"2022-05-16T08:35:51+00:00\" \/>\n<meta property=\"og:image\" content=\"https:\/\/turismevalles.com\/wp-content\/uploads\/2022\/05\/20220604_05_montseny_circuit_art_img.png\" \/>\n\t<meta property=\"og:image:width\" content=\"398\" \/>\n\t<meta property=\"og:image:height\" content=\"646\" \/>\n\t<meta property=\"og:image:type\" content=\"image\/png\" \/>\n<meta name=\"twitter:card\" content=\"summary_large_image\" \/>\n<meta name=\"twitter:label1\" content=\"Tiempo de lectura\" \/>\n\t<meta name=\"twitter:data1\" content=\"1 minuto\" \/>\n<script type=\"application\/ld+json\" class=\"yoast-schema-graph\">{\"@context\":\"https:\/\/schema.org\",\"@graph\":[{\"@type\":\"WebPage\",\"@id\":\"https:\/\/turismevalles.com\/es\/events\/montseny-circuit-dart\/\",\"url\":\"https:\/\/turismevalles.com\/es\/events\/montseny-circuit-dart\/\",\"name\":\"Montseny Circuit d'Art - Turisme Vall\u00e8s\",\"isPartOf\":{\"@id\":\"https:\/\/turismevalles.com\/en\/#website\"},\"primaryImageOfPage\":{\"@id\":\"https:\/\/turismevalles.com\/es\/events\/montseny-circuit-dart\/#primaryimage\"},\"image\":{\"@id\":\"https:\/\/turismevalles.com\/es\/events\/montseny-circuit-dart\/#primaryimage\"},\"thumbnailUrl\":\"https:\/\/turismevalles.com\/wp-content\/uploads\/2022\/05\/20220604_05_montseny_circuit_art_img.png\",\"datePublished\":\"2022-05-16T07:18:31+00:00\",\"dateModified\":\"2022-05-16T08:35:51+00:00\",\"description\":\"No te pierdas las propuestas art\u00edsticas de Montseny Circuit Art que se realizaran los d\u00edas 4 y 5 de junio.\",\"breadcrumb\":{\"@id\":\"https:\/\/turismevalles.com\/es\/events\/montseny-circuit-dart\/#breadcrumb\"},\"inLanguage\":\"es\",\"potentialAction\":[{\"@type\":\"ReadAction\",\"target\":[\"https:\/\/turismevalles.com\/es\/events\/montseny-circuit-dart\/\"]}]},{\"@type\":\"ImageObject\",\"inLanguage\":\"es\",\"@id\":\"https:\/\/turismevalles.com\/es\/events\/montseny-circuit-dart\/#primaryimage\",\"url\":\"https:\/\/turismevalles.com\/wp-content\/uploads\/2022\/05\/20220604_05_montseny_circuit_art_img.png\",\"contentUrl\":\"https:\/\/turismevalles.com\/wp-content\/uploads\/2022\/05\/20220604_05_montseny_circuit_art_img.png\",\"width\":398,\"height\":646,\"caption\":\"Montseny Circuit d'Art\"},{\"@type\":\"BreadcrumbList\",\"@id\":\"https:\/\/turismevalles.com\/es\/events\/montseny-circuit-dart\/#breadcrumb\",\"itemListElement\":[{\"@type\":\"ListItem\",\"position\":1,\"name\":\"Inicio\",\"item\":\"https:\/\/turismevalles.com\/es\/\"},{\"@type\":\"ListItem\",\"position\":2,\"name\":\"Esdeveniments\",\"item\":\"https:\/\/turismevalles.com\/events\/\"},{\"@type\":\"ListItem\",\"position\":3,\"name\":\"Montseny Circuit d&#8217;Art\"}]},{\"@type\":\"WebSite\",\"@id\":\"https:\/\/turismevalles.com\/en\/#website\",\"url\":\"https:\/\/turismevalles.com\/en\/\",\"name\":\"Turisme Vall\u00e8s\",\"description\":\"\",\"publisher\":{\"@id\":\"https:\/\/turismevalles.com\/en\/#organization\"},\"potentialAction\":[{\"@type\":\"SearchAction\",\"target\":{\"@type\":\"EntryPoint\",\"urlTemplate\":\"https:\/\/turismevalles.com\/en\/?s={search_term_string}\"},\"query-input\":{\"@type\":\"PropertyValueSpecification\",\"valueRequired\":true,\"valueName\":\"search_term_string\"}}],\"inLanguage\":\"es\"},{\"@type\":\"Organization\",\"@id\":\"https:\/\/turismevalles.com\/en\/#organization\",\"name\":\"Turisme Vall\u00e8s\",\"url\":\"https:\/\/turismevalles.com\/en\/\",\"logo\":{\"@type\":\"ImageObject\",\"inLanguage\":\"es\",\"@id\":\"https:\/\/turismevalles.com\/en\/#\/schema\/logo\/image\/\",\"url\":\"https:\/\/turismevalles.com\/wp-content\/uploads\/2020\/08\/cropped-logo_ca-2.png\",\"contentUrl\":\"https:\/\/turismevalles.com\/wp-content\/uploads\/2020\/08\/cropped-logo_ca-2.png\",\"width\":314,\"height\":85,\"caption\":\"Turisme Vall\u00e8s\"},\"image\":{\"@id\":\"https:\/\/turismevalles.com\/en\/#\/schema\/logo\/image\/\"}}]}<\/script>\n<!-- \/ Yoast SEO plugin. -->","yoast_head_json":{"title":"Montseny Circuit d'Art - Turisme Vall\u00e8s","description":"No te pierdas las propuestas art\u00edsticas de Montseny Circuit Art que se realizaran los d\u00edas 4 y 5 de junio.","robots":{"index":"index","follow":"follow","max-snippet":"max-snippet:-1","max-image-preview":"max-image-preview:large","max-video-preview":"max-video-preview:-1"},"canonical":"https:\/\/turismevalles.com\/es\/events\/montseny-circuit-dart\/","og_locale":"es_ES","og_type":"article","og_title":"Montseny Circuit d'Art - Turisme Vall\u00e8s","og_description":"No te pierdas las propuestas art\u00edsticas de Montseny Circuit Art que se realizaran los d\u00edas 4 y 5 de junio.","og_url":"https:\/\/turismevalles.com\/es\/events\/montseny-circuit-dart\/","og_site_name":"Turisme Vall\u00e8s","article_modified_time":"2022-05-16T08:35:51+00:00","og_image":[{"width":398,"height":646,"url":"https:\/\/turismevalles.com\/wp-content\/uploads\/2022\/05\/20220604_05_montseny_circuit_art_img.png","type":"image\/png"}],"twitter_card":"summary_large_image","twitter_misc":{"Tiempo de lectura":"1 minuto"},"schema":{"@context":"https:\/\/schema.org","@graph":[{"@type":"WebPage","@id":"https:\/\/turismevalles.com\/es\/events\/montseny-circuit-dart\/","url":"https:\/\/turismevalles.com\/es\/events\/montseny-circuit-dart\/","name":"Montseny Circuit d'Art - Turisme Vall\u00e8s","isPartOf":{"@id":"https:\/\/turismevalles.com\/en\/#website"},"primaryImageOfPage":{"@id":"https:\/\/turismevalles.com\/es\/events\/montseny-circuit-dart\/#primaryimage"},"image":{"@id":"https:\/\/turismevalles.com\/es\/events\/montseny-circuit-dart\/#primaryimage"},"thumbnailUrl":"https:\/\/turismevalles.com\/wp-content\/uploads\/2022\/05\/20220604_05_montseny_circuit_art_img.png","datePublished":"2022-05-16T07:18:31+00:00","dateModified":"2022-05-16T08:35:51+00:00","description":"No te pierdas las propuestas art\u00edsticas de Montseny Circuit Art que se realizaran los d\u00edas 4 y 5 de junio.","breadcrumb":{"@id":"https:\/\/turismevalles.com\/es\/events\/montseny-circuit-dart\/#breadcrumb"},"inLanguage":"es","potentialAction":[{"@type":"ReadAction","target":["https:\/\/turismevalles.com\/es\/events\/montseny-circuit-dart\/"]}]},{"@type":"ImageObject","inLanguage":"es","@id":"https:\/\/turismevalles.com\/es\/events\/montseny-circuit-dart\/#primaryimage","url":"https:\/\/turismevalles.com\/wp-content\/uploads\/2022\/05\/20220604_05_montseny_circuit_art_img.png","contentUrl":"https:\/\/turismevalles.com\/wp-content\/uploads\/2022\/05\/20220604_05_montseny_circuit_art_img.png","width":398,"height":646,"caption":"Montseny Circuit d'Art"},{"@type":"BreadcrumbList","@id":"https:\/\/turismevalles.com\/es\/events\/montseny-circuit-dart\/#breadcrumb","itemListElement":[{"@type":"ListItem","position":1,"name":"Inicio","item":"https:\/\/turismevalles.com\/es\/"},{"@type":"ListItem","position":2,"name":"Esdeveniments","item":"https:\/\/turismevalles.com\/events\/"},{"@type":"ListItem","position":3,"name":"Montseny Circuit d&#8217;Art"}]},{"@type":"WebSite","@id":"https:\/\/turismevalles.com\/en\/#website","url":"https:\/\/turismevalles.com\/en\/","name":"Turisme Vall\u00e8s","description":"","publisher":{"@id":"https:\/\/turismevalles.com\/en\/#organization"},"potentialAction":[{"@type":"SearchAction","target":{"@type":"EntryPoint","urlTemplate":"https:\/\/turismevalles.com\/en\/?s={search_term_string}"},"query-input":{"@type":"PropertyValueSpecification","valueRequired":true,"valueName":"search_term_string"}}],"inLanguage":"es"},{"@type":"Organization","@id":"https:\/\/turismevalles.com\/en\/#organization","name":"Turisme Vall\u00e8s","url":"https:\/\/turismevalles.com\/en\/","logo":{"@type":"ImageObject","inLanguage":"es","@id":"https:\/\/turismevalles.com\/en\/#\/schema\/logo\/image\/","url":"https:\/\/turismevalles.com\/wp-content\/uploads\/2020\/08\/cropped-logo_ca-2.png","contentUrl":"https:\/\/turismevalles.com\/wp-content\/uploads\/2020\/08\/cropped-logo_ca-2.png","width":314,"height":85,"caption":"Turisme Vall\u00e8s"},"image":{"@id":"https:\/\/turismevalles.com\/en\/#\/schema\/logo\/image\/"}}]}},"uagb_featured_image_src":{"full":["https:\/\/turismevalles.com\/wp-content\/uploads\/2022\/05\/20220604_05_montseny_circuit_art_img.png",398,646,false],"thumbnail":["https:\/\/turismevalles.com\/wp-content\/uploads\/2022\/05\/20220604_05_montseny_circuit_art_img-150x150.png",150,150,true],"medium":["https:\/\/turismevalles.com\/wp-content\/uploads\/2022\/05\/20220604_05_montseny_circuit_art_img-185x300.png",185,300,true],"medium_large":["https:\/\/turismevalles.com\/wp-content\/uploads\/2022\/05\/20220604_05_montseny_circuit_art_img.png",398,646,false],"large":["https:\/\/turismevalles.com\/wp-content\/uploads\/2022\/05\/20220604_05_montseny_circuit_art_img.png",398,646,false],"thumblist":["https:\/\/turismevalles.com\/wp-content\/uploads\/2022\/05\/20220604_05_montseny_circuit_art_img-300x300.png",300,300,true],"meccarouselthumb":["https:\/\/turismevalles.com\/wp-content\/uploads\/2022\/05\/20220604_05_montseny_circuit_art_img-398x324.png",398,324,true],"gridsquare":["https:\/\/turismevalles.com\/wp-content\/uploads\/2022\/05\/20220604_05_montseny_circuit_art_img-391x260.png",391,260,true],"tileview":["https:\/\/turismevalles.com\/wp-content\/uploads\/2022\/05\/20220604_05_montseny_circuit_art_img-300x400.png",300,400,true],"1536x1536":["https:\/\/turismevalles.com\/wp-content\/uploads\/2022\/05\/20220604_05_montseny_circuit_art_img.png",398,646,false],"2048x2048":["https:\/\/turismevalles.com\/wp-content\/uploads\/2022\/05\/20220604_05_montseny_circuit_art_img.png",398,646,false]},"uagb_author_info":{"display_name":"Turisme Valles","author_link":"https:\/\/turismevalles.com\/es\/author\/turismevallesoriental\/"},"uagb_comment_info":0,"uagb_excerpt":"Un grupo de centros culturales del Vall\u00e8s Oriental se unen para impulsar un circuito art\u00edstico que promueve la creaci\u00f3n en nuestro territorio y da visibilidad ... Veure m\u00e9s","_links":{"self":[{"href":"https:\/\/turismevalles.com\/es\/wp-json\/wp\/v2\/mec-events\/19438","targetHints":{"allow":["GET"]}}],"collection":[{"href":"https:\/\/turismevalles.com\/es\/wp-json\/wp\/v2\/mec-events"}],"about":[{"href":"https:\/\/turismevalles.com\/es\/wp-json\/wp\/v2\/types\/mec-events"}],"author":[{"embeddable":true,"href":"https:\/\/turismevalles.com\/es\/wp-json\/wp\/v2\/users\/5"}],"replies":[{"embeddable":true,"href":"https:\/\/turismevalles.com\/es\/wp-json\/wp\/v2\/comments?post=19438"}],"wp:featuredmedia":[{"embeddable":true,"href":"https:\/\/turismevalles.com\/es\/wp-json\/wp\/v2\/media\/19425"}],"wp:attachment":[{"href":"https:\/\/turismevalles.com\/es\/wp-json\/wp\/v2\/media?parent=19438"}],"wp:term":[{"taxonomy":"post_tag","embeddable":true,"href":"https:\/\/turismevalles.com\/es\/wp-json\/wp\/v2\/tags?post=19438"},{"taxonomy":"poblacions","embeddable":true,"href":"https:\/\/turismevalles.com\/es\/wp-json\/wp\/v2\/poblacions?post=19438"},{"taxonomy":"mec_category","embeddable":true,"href":"https:\/\/turismevalles.com\/es\/wp-json\/wp\/v2\/mec_category?post=19438"}],"curies":[{"name":"wp","href":"https:\/\/api.w.org\/{rel}","templated":true}]}}