{"id":19553,"date":"2022-05-26T13:06:11","date_gmt":"2022-05-26T11:06:11","guid":{"rendered":"http:\/\/turismevalles.com.mialias.net\/?post_type=mec-events&#038;p=19553"},"modified":"2022-05-26T13:08:35","modified_gmt":"2022-05-26T11:08:35","slug":"trail-sant-esteve","status":"publish","type":"mec-events","link":"https:\/\/turismevalles.com\/es\/events\/trail-sant-esteve\/","title":{"rendered":"Trail Sant Esteve"},"content":{"rendered":"<p>El pr\u00f3ximo domingo 29 de mayo, tendr\u00e1 lugar la 13a edici\u00f3n de la Trail Sant Esteve, organizada por la Asociaci\u00f3n Deportiva Montseny.<\/p>\n<p>La \u201cTrail Sant Esteve\u201d es una carrera por monta\u00f1a, con un recorrido lleno de senderos, el TSE27K te llevar\u00e1 por unos senderos espectaculares hasta la cima de Sant Elies, mientras el Speed \u200b\u200bTrail 13k , har\u00e1 las delicias de los corredores m\u00e1s explosivos.La \u201cTrail Sant Esteve\u201d \u00e9s una cursa per muntanya, amb un recorregut ple de corriols, el <a href=\"https:\/\/trailse.com\/trail\/\" target=\"_blank\" rel=\"noopener\">TSE27K<\/a> et portar\u00e0 per uns corriols espectaculars fins al cim de Sant Elies, mentre <a href=\"https:\/\/trailse.com\/speed-trail\/\" target=\"_blank\" rel=\"noopener\">l\u2019Speed Trail 13k<\/a>, far\u00e0 les del\u00edcies dels corredors m\u00e9s explosius.<\/p>\n<p>M\u00e1s informaci\u00f3n en <a href=\"https:\/\/trailxicsmontseny.cat\" target=\"_blank\" rel=\"noopener\">https:\/\/trailxicsmontseny.cat<\/a>\/ y en <a href=\"https:\/\/www.santestevedepalautordera.cat\/actualitat\/agenda\/trail_sant_esteve_2022.html\" target=\"_blank\" rel=\"noopener\">https:\/\/www.santestevedepalautordera.cat\/actualitat\/agenda\/trail_sant_esteve_2022.html<\/a><\/p>\n<p>&nbsp;<\/p>\n","protected":false},"excerpt":{"rendered":"<p>El pr\u00f3ximo domingo 29 de mayo, tendr\u00e1 lugar la 13a edici\u00f3n de la Trail Sant Esteve, organizada por la Asociaci\u00f3n Deportiva Montseny. La \u201cTrail Sant &#8230; <a title=\"Trail Sant Esteve\" class=\"read-more\" href=\"https:\/\/turismevalles.com\/es\/events\/trail-sant-esteve\/\" aria-label=\"M\u00e1s en Trail Sant Esteve\">Veure m\u00e9s<\/a><\/p>\n","protected":false},"author":5,"featured_media":19552,"comment_status":"open","ping_status":"closed","template":"","tags":[990,1159,1745],"poblacions":[434],"mec_category":[914],"class_list":["post-19553","mec-events","type-mec-events","status-publish","has-post-thumbnail","hentry","tag-esport-es","tag-esports-es","tag-trail-es","poblacions-sant-esteve-de-palautordera-es","mec_category-esport-es","generate-columns","tablet-grid-50","mobile-grid-100","grid-parent","grid-33"],"acf":[],"yoast_head":"<!-- This site is optimized with the Yoast SEO plugin v26.4 - https:\/\/yoast.com\/wordpress\/plugins\/seo\/ -->\n<title>Trail Sant Esteve - Turisme Vall\u00e8s<\/title>\n<meta name=\"description\" content=\"Este domingo ven a disfrutar de la 13a edici\u00f3n de la Trail Sant Esteve, organizada por la Associaci\u00f3 Esportiva Montseny.\" \/>\n<meta name=\"robots\" content=\"index, follow, max-snippet:-1, max-image-preview:large, max-video-preview:-1\" \/>\n<link rel=\"canonical\" href=\"https:\/\/turismevalles.com\/es\/events\/trail-sant-esteve\/\" \/>\n<meta property=\"og:locale\" content=\"es_ES\" \/>\n<meta property=\"og:type\" content=\"article\" \/>\n<meta property=\"og:title\" content=\"Trail Sant Esteve - Turisme Vall\u00e8s\" \/>\n<meta property=\"og:description\" content=\"Este domingo ven a disfrutar de la 13a edici\u00f3n de la Trail Sant Esteve, organizada por la Associaci\u00f3 Esportiva Montseny.\" \/>\n<meta property=\"og:url\" content=\"https:\/\/turismevalles.com\/es\/events\/trail-sant-esteve\/\" \/>\n<meta property=\"og:site_name\" content=\"Turisme Vall\u00e8s\" \/>\n<meta property=\"article:modified_time\" content=\"2022-05-26T11:08:35+00:00\" \/>\n<meta property=\"og:image\" content=\"https:\/\/turismevalles.com\/wp-content\/uploads\/2022\/05\/20220529_Trail_St_Esteve.png\" \/>\n\t<meta property=\"og:image:width\" content=\"748\" \/>\n\t<meta property=\"og:image:height\" content=\"532\" \/>\n\t<meta property=\"og:image:type\" content=\"image\/png\" \/>\n<meta name=\"twitter:card\" content=\"summary_large_image\" \/>\n<meta name=\"twitter:label1\" content=\"Tiempo de lectura\" \/>\n\t<meta name=\"twitter:data1\" content=\"1 minuto\" \/>\n<script type=\"application\/ld+json\" class=\"yoast-schema-graph\">{\"@context\":\"https:\/\/schema.org\",\"@graph\":[{\"@type\":\"WebPage\",\"@id\":\"https:\/\/turismevalles.com\/es\/events\/trail-sant-esteve\/\",\"url\":\"https:\/\/turismevalles.com\/es\/events\/trail-sant-esteve\/\",\"name\":\"Trail Sant Esteve - Turisme Vall\u00e8s\",\"isPartOf\":{\"@id\":\"https:\/\/turismevalles.com\/en\/#website\"},\"primaryImageOfPage\":{\"@id\":\"https:\/\/turismevalles.com\/es\/events\/trail-sant-esteve\/#primaryimage\"},\"image\":{\"@id\":\"https:\/\/turismevalles.com\/es\/events\/trail-sant-esteve\/#primaryimage\"},\"thumbnailUrl\":\"https:\/\/turismevalles.com\/wp-content\/uploads\/2022\/05\/20220529_Trail_St_Esteve.png\",\"datePublished\":\"2022-05-26T11:06:11+00:00\",\"dateModified\":\"2022-05-26T11:08:35+00:00\",\"description\":\"Este domingo ven a disfrutar de la 13a edici\u00f3n de la Trail Sant Esteve, organizada por la Associaci\u00f3 Esportiva Montseny.\",\"breadcrumb\":{\"@id\":\"https:\/\/turismevalles.com\/es\/events\/trail-sant-esteve\/#breadcrumb\"},\"inLanguage\":\"es\",\"potentialAction\":[{\"@type\":\"ReadAction\",\"target\":[\"https:\/\/turismevalles.com\/es\/events\/trail-sant-esteve\/\"]}]},{\"@type\":\"ImageObject\",\"inLanguage\":\"es\",\"@id\":\"https:\/\/turismevalles.com\/es\/events\/trail-sant-esteve\/#primaryimage\",\"url\":\"https:\/\/turismevalles.com\/wp-content\/uploads\/2022\/05\/20220529_Trail_St_Esteve.png\",\"contentUrl\":\"https:\/\/turismevalles.com\/wp-content\/uploads\/2022\/05\/20220529_Trail_St_Esteve.png\",\"width\":748,\"height\":532,\"caption\":\"13a edici\u00f3 de la Trail Sant Esteve\"},{\"@type\":\"BreadcrumbList\",\"@id\":\"https:\/\/turismevalles.com\/es\/events\/trail-sant-esteve\/#breadcrumb\",\"itemListElement\":[{\"@type\":\"ListItem\",\"position\":1,\"name\":\"Inicio\",\"item\":\"https:\/\/turismevalles.com\/es\/\"},{\"@type\":\"ListItem\",\"position\":2,\"name\":\"Esdeveniments\",\"item\":\"https:\/\/turismevalles.com\/events\/\"},{\"@type\":\"ListItem\",\"position\":3,\"name\":\"Trail Sant Esteve\"}]},{\"@type\":\"WebSite\",\"@id\":\"https:\/\/turismevalles.com\/en\/#website\",\"url\":\"https:\/\/turismevalles.com\/en\/\",\"name\":\"Turisme Vall\u00e8s\",\"description\":\"\",\"publisher\":{\"@id\":\"https:\/\/turismevalles.com\/en\/#organization\"},\"potentialAction\":[{\"@type\":\"SearchAction\",\"target\":{\"@type\":\"EntryPoint\",\"urlTemplate\":\"https:\/\/turismevalles.com\/en\/?s={search_term_string}\"},\"query-input\":{\"@type\":\"PropertyValueSpecification\",\"valueRequired\":true,\"valueName\":\"search_term_string\"}}],\"inLanguage\":\"es\"},{\"@type\":\"Organization\",\"@id\":\"https:\/\/turismevalles.com\/en\/#organization\",\"name\":\"Turisme Vall\u00e8s\",\"url\":\"https:\/\/turismevalles.com\/en\/\",\"logo\":{\"@type\":\"ImageObject\",\"inLanguage\":\"es\",\"@id\":\"https:\/\/turismevalles.com\/en\/#\/schema\/logo\/image\/\",\"url\":\"https:\/\/turismevalles.com\/wp-content\/uploads\/2020\/08\/cropped-logo_ca-2.png\",\"contentUrl\":\"https:\/\/turismevalles.com\/wp-content\/uploads\/2020\/08\/cropped-logo_ca-2.png\",\"width\":314,\"height\":85,\"caption\":\"Turisme Vall\u00e8s\"},\"image\":{\"@id\":\"https:\/\/turismevalles.com\/en\/#\/schema\/logo\/image\/\"}}]}<\/script>\n<!-- \/ Yoast SEO plugin. -->","yoast_head_json":{"title":"Trail Sant Esteve - Turisme Vall\u00e8s","description":"Este domingo ven a disfrutar de la 13a edici\u00f3n de la Trail Sant Esteve, organizada por la Associaci\u00f3 Esportiva Montseny.","robots":{"index":"index","follow":"follow","max-snippet":"max-snippet:-1","max-image-preview":"max-image-preview:large","max-video-preview":"max-video-preview:-1"},"canonical":"https:\/\/turismevalles.com\/es\/events\/trail-sant-esteve\/","og_locale":"es_ES","og_type":"article","og_title":"Trail Sant Esteve - Turisme Vall\u00e8s","og_description":"Este domingo ven a disfrutar de la 13a edici\u00f3n de la Trail Sant Esteve, organizada por la Associaci\u00f3 Esportiva Montseny.","og_url":"https:\/\/turismevalles.com\/es\/events\/trail-sant-esteve\/","og_site_name":"Turisme Vall\u00e8s","article_modified_time":"2022-05-26T11:08:35+00:00","og_image":[{"width":748,"height":532,"url":"https:\/\/turismevalles.com\/wp-content\/uploads\/2022\/05\/20220529_Trail_St_Esteve.png","type":"image\/png"}],"twitter_card":"summary_large_image","twitter_misc":{"Tiempo de lectura":"1 minuto"},"schema":{"@context":"https:\/\/schema.org","@graph":[{"@type":"WebPage","@id":"https:\/\/turismevalles.com\/es\/events\/trail-sant-esteve\/","url":"https:\/\/turismevalles.com\/es\/events\/trail-sant-esteve\/","name":"Trail Sant Esteve - Turisme Vall\u00e8s","isPartOf":{"@id":"https:\/\/turismevalles.com\/en\/#website"},"primaryImageOfPage":{"@id":"https:\/\/turismevalles.com\/es\/events\/trail-sant-esteve\/#primaryimage"},"image":{"@id":"https:\/\/turismevalles.com\/es\/events\/trail-sant-esteve\/#primaryimage"},"thumbnailUrl":"https:\/\/turismevalles.com\/wp-content\/uploads\/2022\/05\/20220529_Trail_St_Esteve.png","datePublished":"2022-05-26T11:06:11+00:00","dateModified":"2022-05-26T11:08:35+00:00","description":"Este domingo ven a disfrutar de la 13a edici\u00f3n de la Trail Sant Esteve, organizada por la Associaci\u00f3 Esportiva Montseny.","breadcrumb":{"@id":"https:\/\/turismevalles.com\/es\/events\/trail-sant-esteve\/#breadcrumb"},"inLanguage":"es","potentialAction":[{"@type":"ReadAction","target":["https:\/\/turismevalles.com\/es\/events\/trail-sant-esteve\/"]}]},{"@type":"ImageObject","inLanguage":"es","@id":"https:\/\/turismevalles.com\/es\/events\/trail-sant-esteve\/#primaryimage","url":"https:\/\/turismevalles.com\/wp-content\/uploads\/2022\/05\/20220529_Trail_St_Esteve.png","contentUrl":"https:\/\/turismevalles.com\/wp-content\/uploads\/2022\/05\/20220529_Trail_St_Esteve.png","width":748,"height":532,"caption":"13a edici\u00f3 de la Trail Sant Esteve"},{"@type":"BreadcrumbList","@id":"https:\/\/turismevalles.com\/es\/events\/trail-sant-esteve\/#breadcrumb","itemListElement":[{"@type":"ListItem","position":1,"name":"Inicio","item":"https:\/\/turismevalles.com\/es\/"},{"@type":"ListItem","position":2,"name":"Esdeveniments","item":"https:\/\/turismevalles.com\/events\/"},{"@type":"ListItem","position":3,"name":"Trail Sant Esteve"}]},{"@type":"WebSite","@id":"https:\/\/turismevalles.com\/en\/#website","url":"https:\/\/turismevalles.com\/en\/","name":"Turisme Vall\u00e8s","description":"","publisher":{"@id":"https:\/\/turismevalles.com\/en\/#organization"},"potentialAction":[{"@type":"SearchAction","target":{"@type":"EntryPoint","urlTemplate":"https:\/\/turismevalles.com\/en\/?s={search_term_string}"},"query-input":{"@type":"PropertyValueSpecification","valueRequired":true,"valueName":"search_term_string"}}],"inLanguage":"es"},{"@type":"Organization","@id":"https:\/\/turismevalles.com\/en\/#organization","name":"Turisme Vall\u00e8s","url":"https:\/\/turismevalles.com\/en\/","logo":{"@type":"ImageObject","inLanguage":"es","@id":"https:\/\/turismevalles.com\/en\/#\/schema\/logo\/image\/","url":"https:\/\/turismevalles.com\/wp-content\/uploads\/2020\/08\/cropped-logo_ca-2.png","contentUrl":"https:\/\/turismevalles.com\/wp-content\/uploads\/2020\/08\/cropped-logo_ca-2.png","width":314,"height":85,"caption":"Turisme Vall\u00e8s"},"image":{"@id":"https:\/\/turismevalles.com\/en\/#\/schema\/logo\/image\/"}}]}},"uagb_featured_image_src":{"full":["https:\/\/turismevalles.com\/wp-content\/uploads\/2022\/05\/20220529_Trail_St_Esteve.png",748,532,false],"thumbnail":["https:\/\/turismevalles.com\/wp-content\/uploads\/2022\/05\/20220529_Trail_St_Esteve-150x150.png",150,150,true],"medium":["https:\/\/turismevalles.com\/wp-content\/uploads\/2022\/05\/20220529_Trail_St_Esteve-300x213.png",300,213,true],"medium_large":["https:\/\/turismevalles.com\/wp-content\/uploads\/2022\/05\/20220529_Trail_St_Esteve.png",748,532,false],"large":["https:\/\/turismevalles.com\/wp-content\/uploads\/2022\/05\/20220529_Trail_St_Esteve.png",748,532,false],"thumblist":["https:\/\/turismevalles.com\/wp-content\/uploads\/2022\/05\/20220529_Trail_St_Esteve-300x300.png",300,300,true],"meccarouselthumb":["https:\/\/turismevalles.com\/wp-content\/uploads\/2022\/05\/20220529_Trail_St_Esteve-474x324.png",474,324,true],"gridsquare":["https:\/\/turismevalles.com\/wp-content\/uploads\/2022\/05\/20220529_Trail_St_Esteve-391x260.png",391,260,true],"tileview":["https:\/\/turismevalles.com\/wp-content\/uploads\/2022\/05\/20220529_Trail_St_Esteve-300x400.png",300,400,true],"1536x1536":["https:\/\/turismevalles.com\/wp-content\/uploads\/2022\/05\/20220529_Trail_St_Esteve.png",748,532,false],"2048x2048":["https:\/\/turismevalles.com\/wp-content\/uploads\/2022\/05\/20220529_Trail_St_Esteve.png",748,532,false]},"uagb_author_info":{"display_name":"Turisme Valles","author_link":"https:\/\/turismevalles.com\/es\/author\/turismevallesoriental\/"},"uagb_comment_info":0,"uagb_excerpt":"El pr\u00f3ximo domingo 29 de mayo, tendr\u00e1 lugar la 13a edici\u00f3n de la Trail Sant Esteve, organizada por la Asociaci\u00f3n Deportiva Montseny. La \u201cTrail Sant ... Veure m\u00e9s","_links":{"self":[{"href":"https:\/\/turismevalles.com\/es\/wp-json\/wp\/v2\/mec-events\/19553","targetHints":{"allow":["GET"]}}],"collection":[{"href":"https:\/\/turismevalles.com\/es\/wp-json\/wp\/v2\/mec-events"}],"about":[{"href":"https:\/\/turismevalles.com\/es\/wp-json\/wp\/v2\/types\/mec-events"}],"author":[{"embeddable":true,"href":"https:\/\/turismevalles.com\/es\/wp-json\/wp\/v2\/users\/5"}],"replies":[{"embeddable":true,"href":"https:\/\/turismevalles.com\/es\/wp-json\/wp\/v2\/comments?post=19553"}],"wp:featuredmedia":[{"embeddable":true,"href":"https:\/\/turismevalles.com\/es\/wp-json\/wp\/v2\/media\/19552"}],"wp:attachment":[{"href":"https:\/\/turismevalles.com\/es\/wp-json\/wp\/v2\/media?parent=19553"}],"wp:term":[{"taxonomy":"post_tag","embeddable":true,"href":"https:\/\/turismevalles.com\/es\/wp-json\/wp\/v2\/tags?post=19553"},{"taxonomy":"poblacions","embeddable":true,"href":"https:\/\/turismevalles.com\/es\/wp-json\/wp\/v2\/poblacions?post=19553"},{"taxonomy":"mec_category","embeddable":true,"href":"https:\/\/turismevalles.com\/es\/wp-json\/wp\/v2\/mec_category?post=19553"}],"curies":[{"name":"wp","href":"https:\/\/api.w.org\/{rel}","templated":true}]}}