{"id":19875,"date":"2022-06-20T12:16:50","date_gmt":"2022-06-20T10:16:50","guid":{"rendered":"http:\/\/turismevalles.com.mialias.net\/?post_type=mec-events&#038;p=19875"},"modified":"2022-06-20T12:18:59","modified_gmt":"2022-06-20T10:18:59","slug":"taller-de-feltre-de-llana-dovella","status":"publish","type":"mec-events","link":"https:\/\/turismevalles.com\/es\/events\/taller-de-feltre-de-llana-dovella\/","title":{"rendered":"Taller de fieltro de lana de oveja"},"content":{"rendered":"<p><span>El fieltro es el resultado de enfadar, enredar y compactar pelo de lana, sin tener que hilarlo ni tejer, es decir: sin trama ni urdimbre.\u00a0Hist\u00f3ricamente es previo al tejido, se cree que del Neol\u00edtico, con la aparici\u00f3n de la ganader\u00eda, aunque las muestras encontradas, unos casquillos de fieltro duro y grueso, datan del principio de la edad del bronce.<\/span><\/p>\n<p><span>Hoy en d\u00eda la t\u00e9cnica de afieltrar ha evolucionado mucho pero sigue el mismo principio: enredar el pelo utilizando el agua, la humedad y la temperatura, con manipulaci\u00f3n manual o mec\u00e1nica.<\/span><\/p>\n<p><span>Enfeltrar es una actividad ancestral que nos conecta profundamente con los sentimientos m\u00e1s primitivos, sobre la vida, la existencia, la supervivencia, a la vez que nos permite dejar fluir la energ\u00eda de la creatividad, aquietar y equilibrar la actividad mental as\u00ed como as\u00ed como elaborar un producto de necesidad (abrigo, gorro, zurr\u00f3n, zapatillas\u2026) utilizando pelo de lana de oveja.<\/span><\/p>\n<p><strong><span>Se realizar\u00e1n grupos reducidos para poder realizar el taller.<\/span><\/strong><\/p>\n<p>M\u00e1s infromaci\u00f3n y reservas en <a href=\"https:\/\/www.santestevedepalautordera.cat\/actualitat\/agenda\/taller-de-feltre-de-llana-dovella-taula-de-cultura.html\" target=\"_blank\" rel=\"noopener\">Ajuntament de Sant Esteve de Palautordera<\/a><\/p>\n","protected":false},"excerpt":{"rendered":"<p>El fieltro es el resultado de enfadar, enredar y compactar pelo de lana, sin tener que hilarlo ni tejer, es decir: sin trama ni urdimbre.\u00a0Hist\u00f3ricamente &#8230; <a title=\"Taller de fieltro de lana de oveja\" class=\"read-more\" href=\"https:\/\/turismevalles.com\/es\/events\/taller-de-feltre-de-llana-dovella\/\" aria-label=\"M\u00e1s en Taller de fieltro de lana de oveja\">Veure m\u00e9s<\/a><\/p>\n","protected":false},"author":5,"featured_media":19879,"comment_status":"open","ping_status":"closed","template":"","tags":[1832,1833,1830,1831],"poblacions":[434],"mec_category":[],"class_list":["post-19875","mec-events","type-mec-events","status-publish","has-post-thumbnail","hentry","tag-actividades","tag-lana-de-oveja","tag-llana-dovella-es","tag-taller-es","poblacions-sant-esteve-de-palautordera-es","generate-columns","tablet-grid-50","mobile-grid-100","grid-parent","grid-33"],"acf":[],"yoast_head":"<!-- This site is optimized with the Yoast SEO plugin v26.4 - https:\/\/yoast.com\/wordpress\/plugins\/seo\/ -->\n<title>Taller de fieltro de lana de oveja - Turisme Vall\u00e8s<\/title>\n<meta name=\"description\" content=\"No te pierdas el taller de fieltro de lana de oveja en Sant Esteve de Palautordera. Vall\u00e8s Oriental. Cerca del Montseny.\" \/>\n<meta name=\"robots\" content=\"index, follow, max-snippet:-1, max-image-preview:large, max-video-preview:-1\" \/>\n<link rel=\"canonical\" href=\"https:\/\/turismevalles.com\/es\/events\/taller-de-feltre-de-llana-dovella\/\" \/>\n<meta property=\"og:locale\" content=\"es_ES\" \/>\n<meta property=\"og:type\" content=\"article\" \/>\n<meta property=\"og:title\" content=\"Taller de fieltro de lana de oveja - Turisme Vall\u00e8s\" \/>\n<meta property=\"og:description\" content=\"No te pierdas el taller de fieltro de lana de oveja en Sant Esteve de Palautordera. Vall\u00e8s Oriental. Cerca del Montseny.\" \/>\n<meta property=\"og:url\" content=\"https:\/\/turismevalles.com\/es\/events\/taller-de-feltre-de-llana-dovella\/\" \/>\n<meta property=\"og:site_name\" content=\"Turisme Vall\u00e8s\" \/>\n<meta property=\"article:modified_time\" content=\"2022-06-20T10:18:59+00:00\" \/>\n<meta property=\"og:image\" content=\"https:\/\/turismevalles.com\/wp-content\/uploads\/2022\/06\/20220704_taller_feltre_llana_ovella_st_esteve.png\" \/>\n\t<meta property=\"og:image:width\" content=\"748\" \/>\n\t<meta property=\"og:image:height\" content=\"416\" \/>\n\t<meta property=\"og:image:type\" content=\"image\/png\" \/>\n<meta name=\"twitter:card\" content=\"summary_large_image\" \/>\n<meta name=\"twitter:label1\" content=\"Tiempo de lectura\" \/>\n\t<meta name=\"twitter:data1\" content=\"1 minuto\" \/>\n<script type=\"application\/ld+json\" class=\"yoast-schema-graph\">{\"@context\":\"https:\/\/schema.org\",\"@graph\":[{\"@type\":\"WebPage\",\"@id\":\"https:\/\/turismevalles.com\/es\/events\/taller-de-feltre-de-llana-dovella\/\",\"url\":\"https:\/\/turismevalles.com\/es\/events\/taller-de-feltre-de-llana-dovella\/\",\"name\":\"Taller de fieltro de lana de oveja - Turisme Vall\u00e8s\",\"isPartOf\":{\"@id\":\"https:\/\/turismevalles.com\/en\/#website\"},\"primaryImageOfPage\":{\"@id\":\"https:\/\/turismevalles.com\/es\/events\/taller-de-feltre-de-llana-dovella\/#primaryimage\"},\"image\":{\"@id\":\"https:\/\/turismevalles.com\/es\/events\/taller-de-feltre-de-llana-dovella\/#primaryimage\"},\"thumbnailUrl\":\"https:\/\/turismevalles.com\/wp-content\/uploads\/2022\/06\/20220704_taller_feltre_llana_ovella_st_esteve.png\",\"datePublished\":\"2022-06-20T10:16:50+00:00\",\"dateModified\":\"2022-06-20T10:18:59+00:00\",\"description\":\"No te pierdas el taller de fieltro de lana de oveja en Sant Esteve de Palautordera. Vall\u00e8s Oriental. Cerca del Montseny.\",\"breadcrumb\":{\"@id\":\"https:\/\/turismevalles.com\/es\/events\/taller-de-feltre-de-llana-dovella\/#breadcrumb\"},\"inLanguage\":\"es\",\"potentialAction\":[{\"@type\":\"ReadAction\",\"target\":[\"https:\/\/turismevalles.com\/es\/events\/taller-de-feltre-de-llana-dovella\/\"]}]},{\"@type\":\"ImageObject\",\"inLanguage\":\"es\",\"@id\":\"https:\/\/turismevalles.com\/es\/events\/taller-de-feltre-de-llana-dovella\/#primaryimage\",\"url\":\"https:\/\/turismevalles.com\/wp-content\/uploads\/2022\/06\/20220704_taller_feltre_llana_ovella_st_esteve.png\",\"contentUrl\":\"https:\/\/turismevalles.com\/wp-content\/uploads\/2022\/06\/20220704_taller_feltre_llana_ovella_st_esteve.png\",\"width\":748,\"height\":416,\"caption\":\"Taller de feltre de llana d'ovella\"},{\"@type\":\"BreadcrumbList\",\"@id\":\"https:\/\/turismevalles.com\/es\/events\/taller-de-feltre-de-llana-dovella\/#breadcrumb\",\"itemListElement\":[{\"@type\":\"ListItem\",\"position\":1,\"name\":\"Inicio\",\"item\":\"https:\/\/turismevalles.com\/es\/\"},{\"@type\":\"ListItem\",\"position\":2,\"name\":\"Esdeveniments\",\"item\":\"https:\/\/turismevalles.com\/events\/\"},{\"@type\":\"ListItem\",\"position\":3,\"name\":\"Taller de fieltro de lana de oveja\"}]},{\"@type\":\"WebSite\",\"@id\":\"https:\/\/turismevalles.com\/en\/#website\",\"url\":\"https:\/\/turismevalles.com\/en\/\",\"name\":\"Turisme Vall\u00e8s\",\"description\":\"\",\"publisher\":{\"@id\":\"https:\/\/turismevalles.com\/en\/#organization\"},\"potentialAction\":[{\"@type\":\"SearchAction\",\"target\":{\"@type\":\"EntryPoint\",\"urlTemplate\":\"https:\/\/turismevalles.com\/en\/?s={search_term_string}\"},\"query-input\":{\"@type\":\"PropertyValueSpecification\",\"valueRequired\":true,\"valueName\":\"search_term_string\"}}],\"inLanguage\":\"es\"},{\"@type\":\"Organization\",\"@id\":\"https:\/\/turismevalles.com\/en\/#organization\",\"name\":\"Turisme Vall\u00e8s\",\"url\":\"https:\/\/turismevalles.com\/en\/\",\"logo\":{\"@type\":\"ImageObject\",\"inLanguage\":\"es\",\"@id\":\"https:\/\/turismevalles.com\/en\/#\/schema\/logo\/image\/\",\"url\":\"https:\/\/turismevalles.com\/wp-content\/uploads\/2020\/08\/cropped-logo_ca-2.png\",\"contentUrl\":\"https:\/\/turismevalles.com\/wp-content\/uploads\/2020\/08\/cropped-logo_ca-2.png\",\"width\":314,\"height\":85,\"caption\":\"Turisme Vall\u00e8s\"},\"image\":{\"@id\":\"https:\/\/turismevalles.com\/en\/#\/schema\/logo\/image\/\"}}]}<\/script>\n<!-- \/ Yoast SEO plugin. -->","yoast_head_json":{"title":"Taller de fieltro de lana de oveja - Turisme Vall\u00e8s","description":"No te pierdas el taller de fieltro de lana de oveja en Sant Esteve de Palautordera. Vall\u00e8s Oriental. Cerca del Montseny.","robots":{"index":"index","follow":"follow","max-snippet":"max-snippet:-1","max-image-preview":"max-image-preview:large","max-video-preview":"max-video-preview:-1"},"canonical":"https:\/\/turismevalles.com\/es\/events\/taller-de-feltre-de-llana-dovella\/","og_locale":"es_ES","og_type":"article","og_title":"Taller de fieltro de lana de oveja - Turisme Vall\u00e8s","og_description":"No te pierdas el taller de fieltro de lana de oveja en Sant Esteve de Palautordera. Vall\u00e8s Oriental. Cerca del Montseny.","og_url":"https:\/\/turismevalles.com\/es\/events\/taller-de-feltre-de-llana-dovella\/","og_site_name":"Turisme Vall\u00e8s","article_modified_time":"2022-06-20T10:18:59+00:00","og_image":[{"width":748,"height":416,"url":"https:\/\/turismevalles.com\/wp-content\/uploads\/2022\/06\/20220704_taller_feltre_llana_ovella_st_esteve.png","type":"image\/png"}],"twitter_card":"summary_large_image","twitter_misc":{"Tiempo de lectura":"1 minuto"},"schema":{"@context":"https:\/\/schema.org","@graph":[{"@type":"WebPage","@id":"https:\/\/turismevalles.com\/es\/events\/taller-de-feltre-de-llana-dovella\/","url":"https:\/\/turismevalles.com\/es\/events\/taller-de-feltre-de-llana-dovella\/","name":"Taller de fieltro de lana de oveja - Turisme Vall\u00e8s","isPartOf":{"@id":"https:\/\/turismevalles.com\/en\/#website"},"primaryImageOfPage":{"@id":"https:\/\/turismevalles.com\/es\/events\/taller-de-feltre-de-llana-dovella\/#primaryimage"},"image":{"@id":"https:\/\/turismevalles.com\/es\/events\/taller-de-feltre-de-llana-dovella\/#primaryimage"},"thumbnailUrl":"https:\/\/turismevalles.com\/wp-content\/uploads\/2022\/06\/20220704_taller_feltre_llana_ovella_st_esteve.png","datePublished":"2022-06-20T10:16:50+00:00","dateModified":"2022-06-20T10:18:59+00:00","description":"No te pierdas el taller de fieltro de lana de oveja en Sant Esteve de Palautordera. Vall\u00e8s Oriental. Cerca del Montseny.","breadcrumb":{"@id":"https:\/\/turismevalles.com\/es\/events\/taller-de-feltre-de-llana-dovella\/#breadcrumb"},"inLanguage":"es","potentialAction":[{"@type":"ReadAction","target":["https:\/\/turismevalles.com\/es\/events\/taller-de-feltre-de-llana-dovella\/"]}]},{"@type":"ImageObject","inLanguage":"es","@id":"https:\/\/turismevalles.com\/es\/events\/taller-de-feltre-de-llana-dovella\/#primaryimage","url":"https:\/\/turismevalles.com\/wp-content\/uploads\/2022\/06\/20220704_taller_feltre_llana_ovella_st_esteve.png","contentUrl":"https:\/\/turismevalles.com\/wp-content\/uploads\/2022\/06\/20220704_taller_feltre_llana_ovella_st_esteve.png","width":748,"height":416,"caption":"Taller de feltre de llana d'ovella"},{"@type":"BreadcrumbList","@id":"https:\/\/turismevalles.com\/es\/events\/taller-de-feltre-de-llana-dovella\/#breadcrumb","itemListElement":[{"@type":"ListItem","position":1,"name":"Inicio","item":"https:\/\/turismevalles.com\/es\/"},{"@type":"ListItem","position":2,"name":"Esdeveniments","item":"https:\/\/turismevalles.com\/events\/"},{"@type":"ListItem","position":3,"name":"Taller de fieltro de lana de oveja"}]},{"@type":"WebSite","@id":"https:\/\/turismevalles.com\/en\/#website","url":"https:\/\/turismevalles.com\/en\/","name":"Turisme Vall\u00e8s","description":"","publisher":{"@id":"https:\/\/turismevalles.com\/en\/#organization"},"potentialAction":[{"@type":"SearchAction","target":{"@type":"EntryPoint","urlTemplate":"https:\/\/turismevalles.com\/en\/?s={search_term_string}"},"query-input":{"@type":"PropertyValueSpecification","valueRequired":true,"valueName":"search_term_string"}}],"inLanguage":"es"},{"@type":"Organization","@id":"https:\/\/turismevalles.com\/en\/#organization","name":"Turisme Vall\u00e8s","url":"https:\/\/turismevalles.com\/en\/","logo":{"@type":"ImageObject","inLanguage":"es","@id":"https:\/\/turismevalles.com\/en\/#\/schema\/logo\/image\/","url":"https:\/\/turismevalles.com\/wp-content\/uploads\/2020\/08\/cropped-logo_ca-2.png","contentUrl":"https:\/\/turismevalles.com\/wp-content\/uploads\/2020\/08\/cropped-logo_ca-2.png","width":314,"height":85,"caption":"Turisme Vall\u00e8s"},"image":{"@id":"https:\/\/turismevalles.com\/en\/#\/schema\/logo\/image\/"}}]}},"uagb_featured_image_src":{"full":["https:\/\/turismevalles.com\/wp-content\/uploads\/2022\/06\/20220704_taller_feltre_llana_ovella_st_esteve.png",748,416,false],"thumbnail":["https:\/\/turismevalles.com\/wp-content\/uploads\/2022\/06\/20220704_taller_feltre_llana_ovella_st_esteve-150x150.png",150,150,true],"medium":["https:\/\/turismevalles.com\/wp-content\/uploads\/2022\/06\/20220704_taller_feltre_llana_ovella_st_esteve-300x167.png",300,167,true],"medium_large":["https:\/\/turismevalles.com\/wp-content\/uploads\/2022\/06\/20220704_taller_feltre_llana_ovella_st_esteve.png",748,416,false],"large":["https:\/\/turismevalles.com\/wp-content\/uploads\/2022\/06\/20220704_taller_feltre_llana_ovella_st_esteve.png",748,416,false],"thumblist":["https:\/\/turismevalles.com\/wp-content\/uploads\/2022\/06\/20220704_taller_feltre_llana_ovella_st_esteve-300x300.png",300,300,true],"meccarouselthumb":["https:\/\/turismevalles.com\/wp-content\/uploads\/2022\/06\/20220704_taller_feltre_llana_ovella_st_esteve-474x324.png",474,324,true],"gridsquare":["https:\/\/turismevalles.com\/wp-content\/uploads\/2022\/06\/20220704_taller_feltre_llana_ovella_st_esteve-391x260.png",391,260,true],"tileview":["https:\/\/turismevalles.com\/wp-content\/uploads\/2022\/06\/20220704_taller_feltre_llana_ovella_st_esteve-300x400.png",300,400,true],"1536x1536":["https:\/\/turismevalles.com\/wp-content\/uploads\/2022\/06\/20220704_taller_feltre_llana_ovella_st_esteve.png",748,416,false],"2048x2048":["https:\/\/turismevalles.com\/wp-content\/uploads\/2022\/06\/20220704_taller_feltre_llana_ovella_st_esteve.png",748,416,false]},"uagb_author_info":{"display_name":"Turisme Valles","author_link":"https:\/\/turismevalles.com\/es\/author\/turismevallesoriental\/"},"uagb_comment_info":0,"uagb_excerpt":"El fieltro es el resultado de enfadar, enredar y compactar pelo de lana, sin tener que hilarlo ni tejer, es decir: sin trama ni urdimbre.\u00a0Hist\u00f3ricamente ... Veure m\u00e9s","_links":{"self":[{"href":"https:\/\/turismevalles.com\/es\/wp-json\/wp\/v2\/mec-events\/19875","targetHints":{"allow":["GET"]}}],"collection":[{"href":"https:\/\/turismevalles.com\/es\/wp-json\/wp\/v2\/mec-events"}],"about":[{"href":"https:\/\/turismevalles.com\/es\/wp-json\/wp\/v2\/types\/mec-events"}],"author":[{"embeddable":true,"href":"https:\/\/turismevalles.com\/es\/wp-json\/wp\/v2\/users\/5"}],"replies":[{"embeddable":true,"href":"https:\/\/turismevalles.com\/es\/wp-json\/wp\/v2\/comments?post=19875"}],"wp:featuredmedia":[{"embeddable":true,"href":"https:\/\/turismevalles.com\/es\/wp-json\/wp\/v2\/media\/19879"}],"wp:attachment":[{"href":"https:\/\/turismevalles.com\/es\/wp-json\/wp\/v2\/media?parent=19875"}],"wp:term":[{"taxonomy":"post_tag","embeddable":true,"href":"https:\/\/turismevalles.com\/es\/wp-json\/wp\/v2\/tags?post=19875"},{"taxonomy":"poblacions","embeddable":true,"href":"https:\/\/turismevalles.com\/es\/wp-json\/wp\/v2\/poblacions?post=19875"},{"taxonomy":"mec_category","embeddable":true,"href":"https:\/\/turismevalles.com\/es\/wp-json\/wp\/v2\/mec_category?post=19875"}],"curies":[{"name":"wp","href":"https:\/\/api.w.org\/{rel}","templated":true}]}}