{"id":19970,"date":"2022-06-27T12:57:15","date_gmt":"2022-06-27T10:57:15","guid":{"rendered":"http:\/\/turismevalles.com.mialias.net\/?post_type=mec-events&#038;p=19970"},"modified":"2022-06-27T13:38:47","modified_gmt":"2022-06-27T11:38:47","slug":"concert-destoc-de-veus-al-museu-abello","status":"publish","type":"mec-events","link":"https:\/\/turismevalles.com\/es\/events\/concert-destoc-de-veus-al-museu-abello\/","title":{"rendered":"Concierto de Estoc de Veus en el Museu Abell\u00f3"},"content":{"rendered":"<p>Concierto con el grupo vocal\u00a0<em>Stock de voces<\/em> en la terraza del Museu Abell\u00f3.<\/p>\n<p>A partir de las 20 h, y con la entrada del concierto, puede visitar las exposiciones del Museo Abell\u00f3.<\/p>\n<p>Precio:<\/p>\n<p>Concierto + copa de cava, 5\u20ac.<\/p>\n<p><strong>Informaci\u00f3n y reservas\u00a0<\/strong><a href=\"https:\/\/www.museuabello.cat\/2022\/02\/20\/estoc-de-veus\/\" target=\"_blank\" rel=\"noopener\">Museu Abell\u00f3<\/a> \/\/ <a href=\"mailto:estocdeveus@gmail.com\" target=\"_blank\" rel=\"noopener\">estocdeveus@gmail.com<\/a><\/p>\n","protected":false},"excerpt":{"rendered":"<p>Concierto con el grupo vocal\u00a0Stock de voces en la terraza del Museu Abell\u00f3. A partir de las 20 h, y con la entrada del concierto, &#8230; <a title=\"Concierto de Estoc de Veus en el Museu Abell\u00f3\" class=\"read-more\" href=\"https:\/\/turismevalles.com\/es\/events\/concert-destoc-de-veus-al-museu-abello\/\" aria-label=\"M\u00e1s en Concierto de Estoc de Veus en el Museu Abell\u00f3\">Veure m\u00e9s<\/a><\/p>\n","protected":false},"author":5,"featured_media":19979,"comment_status":"open","ping_status":"closed","template":"","tags":[1097,1780],"poblacions":[433],"mec_category":[],"class_list":["post-19970","mec-events","type-mec-events","status-publish","has-post-thumbnail","hentry","tag-conciertos","tag-museu-abello-es","poblacions-mollet-del-valles-es","generate-columns","tablet-grid-50","mobile-grid-100","grid-parent","grid-33"],"acf":[],"yoast_head":"<!-- This site is optimized with the Yoast SEO plugin v26.4 - https:\/\/yoast.com\/wordpress\/plugins\/seo\/ -->\n<title>Concierto de Estoc de Veus en el Museu Abell\u00f3 - Turisme Vall\u00e8s<\/title>\n<meta name=\"description\" content=\"Disfruta de una noche de verano con el concierto de Estoc de Veus en el Museu Abell\u00f3 Mollet del Vall\u00e8s. Vall\u00e8s Oriental. Cerca de Barcelona.\" \/>\n<meta name=\"robots\" content=\"index, follow, max-snippet:-1, max-image-preview:large, max-video-preview:-1\" \/>\n<link rel=\"canonical\" href=\"https:\/\/turismevalles.com\/es\/events\/concert-destoc-de-veus-al-museu-abello\/\" \/>\n<meta property=\"og:locale\" content=\"es_ES\" \/>\n<meta property=\"og:type\" content=\"article\" \/>\n<meta property=\"og:title\" content=\"Concierto de Estoc de Veus en el Museu Abell\u00f3 - Turisme Vall\u00e8s\" \/>\n<meta property=\"og:description\" content=\"Disfruta de una noche de verano con el concierto de Estoc de Veus en el Museu Abell\u00f3 Mollet del Vall\u00e8s. Vall\u00e8s Oriental. Cerca de Barcelona.\" \/>\n<meta property=\"og:url\" content=\"https:\/\/turismevalles.com\/es\/events\/concert-destoc-de-veus-al-museu-abello\/\" \/>\n<meta property=\"og:site_name\" content=\"Turisme Vall\u00e8s\" \/>\n<meta property=\"article:modified_time\" content=\"2022-06-27T11:38:47+00:00\" \/>\n<meta property=\"og:image\" content=\"https:\/\/turismevalles.com\/wp-content\/uploads\/2022\/06\/20220701_concert_museu_abello_00.jpg\" \/>\n\t<meta property=\"og:image:width\" content=\"571\" \/>\n\t<meta property=\"og:image:height\" content=\"809\" \/>\n\t<meta property=\"og:image:type\" content=\"image\/jpeg\" \/>\n<meta name=\"twitter:card\" content=\"summary_large_image\" \/>\n<meta name=\"twitter:label1\" content=\"Tiempo de lectura\" \/>\n\t<meta name=\"twitter:data1\" content=\"1 minuto\" \/>\n<script type=\"application\/ld+json\" class=\"yoast-schema-graph\">{\"@context\":\"https:\/\/schema.org\",\"@graph\":[{\"@type\":\"WebPage\",\"@id\":\"https:\/\/turismevalles.com\/es\/events\/concert-destoc-de-veus-al-museu-abello\/\",\"url\":\"https:\/\/turismevalles.com\/es\/events\/concert-destoc-de-veus-al-museu-abello\/\",\"name\":\"Concierto de Estoc de Veus en el Museu Abell\u00f3 - Turisme Vall\u00e8s\",\"isPartOf\":{\"@id\":\"https:\/\/turismevalles.com\/en\/#website\"},\"primaryImageOfPage\":{\"@id\":\"https:\/\/turismevalles.com\/es\/events\/concert-destoc-de-veus-al-museu-abello\/#primaryimage\"},\"image\":{\"@id\":\"https:\/\/turismevalles.com\/es\/events\/concert-destoc-de-veus-al-museu-abello\/#primaryimage\"},\"thumbnailUrl\":\"https:\/\/turismevalles.com\/wp-content\/uploads\/2022\/06\/20220701_concert_museu_abello_00.jpg\",\"datePublished\":\"2022-06-27T10:57:15+00:00\",\"dateModified\":\"2022-06-27T11:38:47+00:00\",\"description\":\"Disfruta de una noche de verano con el concierto de Estoc de Veus en el Museu Abell\u00f3 Mollet del Vall\u00e8s. Vall\u00e8s Oriental. Cerca de Barcelona.\",\"breadcrumb\":{\"@id\":\"https:\/\/turismevalles.com\/es\/events\/concert-destoc-de-veus-al-museu-abello\/#breadcrumb\"},\"inLanguage\":\"es\",\"potentialAction\":[{\"@type\":\"ReadAction\",\"target\":[\"https:\/\/turismevalles.com\/es\/events\/concert-destoc-de-veus-al-museu-abello\/\"]}]},{\"@type\":\"ImageObject\",\"inLanguage\":\"es\",\"@id\":\"https:\/\/turismevalles.com\/es\/events\/concert-destoc-de-veus-al-museu-abello\/#primaryimage\",\"url\":\"https:\/\/turismevalles.com\/wp-content\/uploads\/2022\/06\/20220701_concert_museu_abello_00.jpg\",\"contentUrl\":\"https:\/\/turismevalles.com\/wp-content\/uploads\/2022\/06\/20220701_concert_museu_abello_00.jpg\",\"width\":571,\"height\":809,\"caption\":\"Concert d\u2019Estoc de Veus al Museu Abell\u00f3\"},{\"@type\":\"BreadcrumbList\",\"@id\":\"https:\/\/turismevalles.com\/es\/events\/concert-destoc-de-veus-al-museu-abello\/#breadcrumb\",\"itemListElement\":[{\"@type\":\"ListItem\",\"position\":1,\"name\":\"Inicio\",\"item\":\"https:\/\/turismevalles.com\/es\/\"},{\"@type\":\"ListItem\",\"position\":2,\"name\":\"Esdeveniments\",\"item\":\"https:\/\/turismevalles.com\/events\/\"},{\"@type\":\"ListItem\",\"position\":3,\"name\":\"Concierto de Estoc de Veus en el Museu Abell\u00f3\"}]},{\"@type\":\"WebSite\",\"@id\":\"https:\/\/turismevalles.com\/en\/#website\",\"url\":\"https:\/\/turismevalles.com\/en\/\",\"name\":\"Turisme Vall\u00e8s\",\"description\":\"\",\"publisher\":{\"@id\":\"https:\/\/turismevalles.com\/en\/#organization\"},\"potentialAction\":[{\"@type\":\"SearchAction\",\"target\":{\"@type\":\"EntryPoint\",\"urlTemplate\":\"https:\/\/turismevalles.com\/en\/?s={search_term_string}\"},\"query-input\":{\"@type\":\"PropertyValueSpecification\",\"valueRequired\":true,\"valueName\":\"search_term_string\"}}],\"inLanguage\":\"es\"},{\"@type\":\"Organization\",\"@id\":\"https:\/\/turismevalles.com\/en\/#organization\",\"name\":\"Turisme Vall\u00e8s\",\"url\":\"https:\/\/turismevalles.com\/en\/\",\"logo\":{\"@type\":\"ImageObject\",\"inLanguage\":\"es\",\"@id\":\"https:\/\/turismevalles.com\/en\/#\/schema\/logo\/image\/\",\"url\":\"https:\/\/turismevalles.com\/wp-content\/uploads\/2020\/08\/cropped-logo_ca-2.png\",\"contentUrl\":\"https:\/\/turismevalles.com\/wp-content\/uploads\/2020\/08\/cropped-logo_ca-2.png\",\"width\":314,\"height\":85,\"caption\":\"Turisme Vall\u00e8s\"},\"image\":{\"@id\":\"https:\/\/turismevalles.com\/en\/#\/schema\/logo\/image\/\"}}]}<\/script>\n<!-- \/ Yoast SEO plugin. -->","yoast_head_json":{"title":"Concierto de Estoc de Veus en el Museu Abell\u00f3 - Turisme Vall\u00e8s","description":"Disfruta de una noche de verano con el concierto de Estoc de Veus en el Museu Abell\u00f3 Mollet del Vall\u00e8s. Vall\u00e8s Oriental. Cerca de Barcelona.","robots":{"index":"index","follow":"follow","max-snippet":"max-snippet:-1","max-image-preview":"max-image-preview:large","max-video-preview":"max-video-preview:-1"},"canonical":"https:\/\/turismevalles.com\/es\/events\/concert-destoc-de-veus-al-museu-abello\/","og_locale":"es_ES","og_type":"article","og_title":"Concierto de Estoc de Veus en el Museu Abell\u00f3 - Turisme Vall\u00e8s","og_description":"Disfruta de una noche de verano con el concierto de Estoc de Veus en el Museu Abell\u00f3 Mollet del Vall\u00e8s. Vall\u00e8s Oriental. Cerca de Barcelona.","og_url":"https:\/\/turismevalles.com\/es\/events\/concert-destoc-de-veus-al-museu-abello\/","og_site_name":"Turisme Vall\u00e8s","article_modified_time":"2022-06-27T11:38:47+00:00","og_image":[{"width":571,"height":809,"url":"https:\/\/turismevalles.com\/wp-content\/uploads\/2022\/06\/20220701_concert_museu_abello_00.jpg","type":"image\/jpeg"}],"twitter_card":"summary_large_image","twitter_misc":{"Tiempo de lectura":"1 minuto"},"schema":{"@context":"https:\/\/schema.org","@graph":[{"@type":"WebPage","@id":"https:\/\/turismevalles.com\/es\/events\/concert-destoc-de-veus-al-museu-abello\/","url":"https:\/\/turismevalles.com\/es\/events\/concert-destoc-de-veus-al-museu-abello\/","name":"Concierto de Estoc de Veus en el Museu Abell\u00f3 - Turisme Vall\u00e8s","isPartOf":{"@id":"https:\/\/turismevalles.com\/en\/#website"},"primaryImageOfPage":{"@id":"https:\/\/turismevalles.com\/es\/events\/concert-destoc-de-veus-al-museu-abello\/#primaryimage"},"image":{"@id":"https:\/\/turismevalles.com\/es\/events\/concert-destoc-de-veus-al-museu-abello\/#primaryimage"},"thumbnailUrl":"https:\/\/turismevalles.com\/wp-content\/uploads\/2022\/06\/20220701_concert_museu_abello_00.jpg","datePublished":"2022-06-27T10:57:15+00:00","dateModified":"2022-06-27T11:38:47+00:00","description":"Disfruta de una noche de verano con el concierto de Estoc de Veus en el Museu Abell\u00f3 Mollet del Vall\u00e8s. Vall\u00e8s Oriental. Cerca de Barcelona.","breadcrumb":{"@id":"https:\/\/turismevalles.com\/es\/events\/concert-destoc-de-veus-al-museu-abello\/#breadcrumb"},"inLanguage":"es","potentialAction":[{"@type":"ReadAction","target":["https:\/\/turismevalles.com\/es\/events\/concert-destoc-de-veus-al-museu-abello\/"]}]},{"@type":"ImageObject","inLanguage":"es","@id":"https:\/\/turismevalles.com\/es\/events\/concert-destoc-de-veus-al-museu-abello\/#primaryimage","url":"https:\/\/turismevalles.com\/wp-content\/uploads\/2022\/06\/20220701_concert_museu_abello_00.jpg","contentUrl":"https:\/\/turismevalles.com\/wp-content\/uploads\/2022\/06\/20220701_concert_museu_abello_00.jpg","width":571,"height":809,"caption":"Concert d\u2019Estoc de Veus al Museu Abell\u00f3"},{"@type":"BreadcrumbList","@id":"https:\/\/turismevalles.com\/es\/events\/concert-destoc-de-veus-al-museu-abello\/#breadcrumb","itemListElement":[{"@type":"ListItem","position":1,"name":"Inicio","item":"https:\/\/turismevalles.com\/es\/"},{"@type":"ListItem","position":2,"name":"Esdeveniments","item":"https:\/\/turismevalles.com\/events\/"},{"@type":"ListItem","position":3,"name":"Concierto de Estoc de Veus en el Museu Abell\u00f3"}]},{"@type":"WebSite","@id":"https:\/\/turismevalles.com\/en\/#website","url":"https:\/\/turismevalles.com\/en\/","name":"Turisme Vall\u00e8s","description":"","publisher":{"@id":"https:\/\/turismevalles.com\/en\/#organization"},"potentialAction":[{"@type":"SearchAction","target":{"@type":"EntryPoint","urlTemplate":"https:\/\/turismevalles.com\/en\/?s={search_term_string}"},"query-input":{"@type":"PropertyValueSpecification","valueRequired":true,"valueName":"search_term_string"}}],"inLanguage":"es"},{"@type":"Organization","@id":"https:\/\/turismevalles.com\/en\/#organization","name":"Turisme Vall\u00e8s","url":"https:\/\/turismevalles.com\/en\/","logo":{"@type":"ImageObject","inLanguage":"es","@id":"https:\/\/turismevalles.com\/en\/#\/schema\/logo\/image\/","url":"https:\/\/turismevalles.com\/wp-content\/uploads\/2020\/08\/cropped-logo_ca-2.png","contentUrl":"https:\/\/turismevalles.com\/wp-content\/uploads\/2020\/08\/cropped-logo_ca-2.png","width":314,"height":85,"caption":"Turisme Vall\u00e8s"},"image":{"@id":"https:\/\/turismevalles.com\/en\/#\/schema\/logo\/image\/"}}]}},"uagb_featured_image_src":{"full":["https:\/\/turismevalles.com\/wp-content\/uploads\/2022\/06\/20220701_concert_museu_abello_00.jpg",571,809,false],"thumbnail":["https:\/\/turismevalles.com\/wp-content\/uploads\/2022\/06\/20220701_concert_museu_abello_00-150x150.jpg",150,150,true],"medium":["https:\/\/turismevalles.com\/wp-content\/uploads\/2022\/06\/20220701_concert_museu_abello_00-212x300.jpg",212,300,true],"medium_large":["https:\/\/turismevalles.com\/wp-content\/uploads\/2022\/06\/20220701_concert_museu_abello_00.jpg",571,809,false],"large":["https:\/\/turismevalles.com\/wp-content\/uploads\/2022\/06\/20220701_concert_museu_abello_00.jpg",571,809,false],"thumblist":["https:\/\/turismevalles.com\/wp-content\/uploads\/2022\/06\/20220701_concert_museu_abello_00-300x300.jpg",300,300,true],"meccarouselthumb":["https:\/\/turismevalles.com\/wp-content\/uploads\/2022\/06\/20220701_concert_museu_abello_00-474x324.jpg",474,324,true],"gridsquare":["https:\/\/turismevalles.com\/wp-content\/uploads\/2022\/06\/20220701_concert_museu_abello_00-391x260.jpg",391,260,true],"tileview":["https:\/\/turismevalles.com\/wp-content\/uploads\/2022\/06\/20220701_concert_museu_abello_00-300x400.jpg",300,400,true],"1536x1536":["https:\/\/turismevalles.com\/wp-content\/uploads\/2022\/06\/20220701_concert_museu_abello_00.jpg",571,809,false],"2048x2048":["https:\/\/turismevalles.com\/wp-content\/uploads\/2022\/06\/20220701_concert_museu_abello_00.jpg",571,809,false]},"uagb_author_info":{"display_name":"Turisme Valles","author_link":"https:\/\/turismevalles.com\/es\/author\/turismevallesoriental\/"},"uagb_comment_info":0,"uagb_excerpt":"Concierto con el grupo vocal\u00a0Stock de voces en la terraza del Museu Abell\u00f3. A partir de las 20 h, y con la entrada del concierto, ... Veure m\u00e9s","_links":{"self":[{"href":"https:\/\/turismevalles.com\/es\/wp-json\/wp\/v2\/mec-events\/19970","targetHints":{"allow":["GET"]}}],"collection":[{"href":"https:\/\/turismevalles.com\/es\/wp-json\/wp\/v2\/mec-events"}],"about":[{"href":"https:\/\/turismevalles.com\/es\/wp-json\/wp\/v2\/types\/mec-events"}],"author":[{"embeddable":true,"href":"https:\/\/turismevalles.com\/es\/wp-json\/wp\/v2\/users\/5"}],"replies":[{"embeddable":true,"href":"https:\/\/turismevalles.com\/es\/wp-json\/wp\/v2\/comments?post=19970"}],"wp:featuredmedia":[{"embeddable":true,"href":"https:\/\/turismevalles.com\/es\/wp-json\/wp\/v2\/media\/19979"}],"wp:attachment":[{"href":"https:\/\/turismevalles.com\/es\/wp-json\/wp\/v2\/media?parent=19970"}],"wp:term":[{"taxonomy":"post_tag","embeddable":true,"href":"https:\/\/turismevalles.com\/es\/wp-json\/wp\/v2\/tags?post=19970"},{"taxonomy":"poblacions","embeddable":true,"href":"https:\/\/turismevalles.com\/es\/wp-json\/wp\/v2\/poblacions?post=19970"},{"taxonomy":"mec_category","embeddable":true,"href":"https:\/\/turismevalles.com\/es\/wp-json\/wp\/v2\/mec_category?post=19970"}],"curies":[{"name":"wp","href":"https:\/\/api.w.org\/{rel}","templated":true}]}}