{"id":21377,"date":"2022-08-09T11:12:15","date_gmt":"2022-08-09T09:12:15","guid":{"rendered":"http:\/\/turismevalles.com.mialias.net\/events\/xxxiii-carrera-popular-en-la-vall-del-tenes-santa-eulalia-de-roncana\/"},"modified":"2022-09-08T14:01:48","modified_gmt":"2022-09-08T12:01:48","slug":"xxxiii-carrera-popular-en-la-vall-del-tenes-santa-eulalia-de-roncana","status":"publish","type":"mec-events","link":"https:\/\/turismevalles.com\/es\/events\/xxxiii-carrera-popular-en-la-vall-del-tenes-santa-eulalia-de-roncana\/","title":{"rendered":"XXXIII Carrera popular en la Vall del Tenes- Santa Eul\u00e0lia de Ron\u00e7ana"},"content":{"rendered":"<p>Para m\u00e1s informaci\u00f3n, <a href=\"https:\/\/www.ser.cat\/actualitat\/agenda\/2022\/09\/11\/cursa-de-la-vall-del-tenes\">www.ser.cat<\/a><\/p>\n","protected":false},"excerpt":{"rendered":"<p>Para m\u00e1s informaci\u00f3n, www.ser.cat<\/p>\n","protected":false},"author":5,"featured_media":21376,"comment_status":"open","ping_status":"closed","template":"","tags":[1159],"poblacions":[899],"mec_category":[915,914],"class_list":["post-21377","mec-events","type-mec-events","status-publish","has-post-thumbnail","hentry","tag-esports-es","poblacions-santa-eulalia-de-roncana-es","mec_category-deporte","mec_category-esport-es","generate-columns","tablet-grid-50","mobile-grid-100","grid-parent","grid-33"],"acf":[],"yoast_head":"<!-- This site is optimized with the Yoast SEO plugin v26.4 - https:\/\/yoast.com\/wordpress\/plugins\/seo\/ -->\n<title>XXXIII Carrera popular en la Vall del Tenes- Santa Eul\u00e0lia de Ron\u00e7ana - Turisme Vall\u00e8s<\/title>\n<meta name=\"description\" content=\"Santa Eul\u00e0lia de Ron\u00e7ana, Vall del Tenes, Vall\u00e8s Oriental, Costa Barcelona\" \/>\n<meta name=\"robots\" content=\"index, follow, max-snippet:-1, max-image-preview:large, max-video-preview:-1\" \/>\n<link rel=\"canonical\" href=\"https:\/\/turismevalles.com\/es\/events\/xxxiii-carrera-popular-en-la-vall-del-tenes-santa-eulalia-de-roncana\/\" \/>\n<meta property=\"og:locale\" content=\"es_ES\" \/>\n<meta property=\"og:type\" content=\"article\" \/>\n<meta property=\"og:title\" content=\"XXXIII Carrera popular en la Vall del Tenes- Santa Eul\u00e0lia de Ron\u00e7ana - Turisme Vall\u00e8s\" \/>\n<meta property=\"og:description\" content=\"Santa Eul\u00e0lia de Ron\u00e7ana, Vall del Tenes, Vall\u00e8s Oriental, Costa Barcelona\" \/>\n<meta property=\"og:url\" content=\"https:\/\/turismevalles.com\/es\/events\/xxxiii-carrera-popular-en-la-vall-del-tenes-santa-eulalia-de-roncana\/\" \/>\n<meta property=\"og:site_name\" content=\"Turisme Vall\u00e8s\" \/>\n<meta property=\"article:modified_time\" content=\"2022-09-08T12:01:48+00:00\" \/>\n<meta property=\"og:image\" content=\"https:\/\/turismevalles.com\/wp-content\/uploads\/2022\/08\/CARTELL_DIADA-11S-2022_PARC-DE-CAN-FONT-1.jpg\" \/>\n\t<meta property=\"og:image:width\" content=\"637\" \/>\n\t<meta property=\"og:image:height\" content=\"900\" \/>\n\t<meta property=\"og:image:type\" content=\"image\/jpeg\" \/>\n<meta name=\"twitter:card\" content=\"summary_large_image\" \/>\n<script type=\"application\/ld+json\" class=\"yoast-schema-graph\">{\"@context\":\"https:\/\/schema.org\",\"@graph\":[{\"@type\":\"WebPage\",\"@id\":\"https:\/\/turismevalles.com\/es\/events\/xxxiii-carrera-popular-en-la-vall-del-tenes-santa-eulalia-de-roncana\/\",\"url\":\"https:\/\/turismevalles.com\/es\/events\/xxxiii-carrera-popular-en-la-vall-del-tenes-santa-eulalia-de-roncana\/\",\"name\":\"XXXIII Carrera popular en la Vall del Tenes- Santa Eul\u00e0lia de Ron\u00e7ana - Turisme Vall\u00e8s\",\"isPartOf\":{\"@id\":\"https:\/\/turismevalles.com\/en\/#website\"},\"primaryImageOfPage\":{\"@id\":\"https:\/\/turismevalles.com\/es\/events\/xxxiii-carrera-popular-en-la-vall-del-tenes-santa-eulalia-de-roncana\/#primaryimage\"},\"image\":{\"@id\":\"https:\/\/turismevalles.com\/es\/events\/xxxiii-carrera-popular-en-la-vall-del-tenes-santa-eulalia-de-roncana\/#primaryimage\"},\"thumbnailUrl\":\"https:\/\/turismevalles.com\/wp-content\/uploads\/2022\/08\/CARTELL_DIADA-11S-2022_PARC-DE-CAN-FONT-1.jpg\",\"datePublished\":\"2022-08-09T09:12:15+00:00\",\"dateModified\":\"2022-09-08T12:01:48+00:00\",\"description\":\"Santa Eul\u00e0lia de Ron\u00e7ana, Vall del Tenes, Vall\u00e8s Oriental, Costa Barcelona\",\"breadcrumb\":{\"@id\":\"https:\/\/turismevalles.com\/es\/events\/xxxiii-carrera-popular-en-la-vall-del-tenes-santa-eulalia-de-roncana\/#breadcrumb\"},\"inLanguage\":\"es\",\"potentialAction\":[{\"@type\":\"ReadAction\",\"target\":[\"https:\/\/turismevalles.com\/es\/events\/xxxiii-carrera-popular-en-la-vall-del-tenes-santa-eulalia-de-roncana\/\"]}]},{\"@type\":\"ImageObject\",\"inLanguage\":\"es\",\"@id\":\"https:\/\/turismevalles.com\/es\/events\/xxxiii-carrera-popular-en-la-vall-del-tenes-santa-eulalia-de-roncana\/#primaryimage\",\"url\":\"https:\/\/turismevalles.com\/wp-content\/uploads\/2022\/08\/CARTELL_DIADA-11S-2022_PARC-DE-CAN-FONT-1.jpg\",\"contentUrl\":\"https:\/\/turismevalles.com\/wp-content\/uploads\/2022\/08\/CARTELL_DIADA-11S-2022_PARC-DE-CAN-FONT-1.jpg\",\"width\":637,\"height\":900},{\"@type\":\"BreadcrumbList\",\"@id\":\"https:\/\/turismevalles.com\/es\/events\/xxxiii-carrera-popular-en-la-vall-del-tenes-santa-eulalia-de-roncana\/#breadcrumb\",\"itemListElement\":[{\"@type\":\"ListItem\",\"position\":1,\"name\":\"Inicio\",\"item\":\"https:\/\/turismevalles.com\/es\/\"},{\"@type\":\"ListItem\",\"position\":2,\"name\":\"Esdeveniments\",\"item\":\"https:\/\/turismevalles.com\/events\/\"},{\"@type\":\"ListItem\",\"position\":3,\"name\":\"XXXIII Carrera popular en la Vall del Tenes- Santa Eul\u00e0lia de Ron\u00e7ana\"}]},{\"@type\":\"WebSite\",\"@id\":\"https:\/\/turismevalles.com\/en\/#website\",\"url\":\"https:\/\/turismevalles.com\/en\/\",\"name\":\"Turisme Vall\u00e8s\",\"description\":\"\",\"publisher\":{\"@id\":\"https:\/\/turismevalles.com\/en\/#organization\"},\"potentialAction\":[{\"@type\":\"SearchAction\",\"target\":{\"@type\":\"EntryPoint\",\"urlTemplate\":\"https:\/\/turismevalles.com\/en\/?s={search_term_string}\"},\"query-input\":{\"@type\":\"PropertyValueSpecification\",\"valueRequired\":true,\"valueName\":\"search_term_string\"}}],\"inLanguage\":\"es\"},{\"@type\":\"Organization\",\"@id\":\"https:\/\/turismevalles.com\/en\/#organization\",\"name\":\"Turisme Vall\u00e8s\",\"url\":\"https:\/\/turismevalles.com\/en\/\",\"logo\":{\"@type\":\"ImageObject\",\"inLanguage\":\"es\",\"@id\":\"https:\/\/turismevalles.com\/en\/#\/schema\/logo\/image\/\",\"url\":\"https:\/\/turismevalles.com\/wp-content\/uploads\/2020\/08\/cropped-logo_ca-2.png\",\"contentUrl\":\"https:\/\/turismevalles.com\/wp-content\/uploads\/2020\/08\/cropped-logo_ca-2.png\",\"width\":314,\"height\":85,\"caption\":\"Turisme Vall\u00e8s\"},\"image\":{\"@id\":\"https:\/\/turismevalles.com\/en\/#\/schema\/logo\/image\/\"}}]}<\/script>\n<!-- \/ Yoast SEO plugin. -->","yoast_head_json":{"title":"XXXIII Carrera popular en la Vall del Tenes- Santa Eul\u00e0lia de Ron\u00e7ana - Turisme Vall\u00e8s","description":"Santa Eul\u00e0lia de Ron\u00e7ana, Vall del Tenes, Vall\u00e8s Oriental, Costa Barcelona","robots":{"index":"index","follow":"follow","max-snippet":"max-snippet:-1","max-image-preview":"max-image-preview:large","max-video-preview":"max-video-preview:-1"},"canonical":"https:\/\/turismevalles.com\/es\/events\/xxxiii-carrera-popular-en-la-vall-del-tenes-santa-eulalia-de-roncana\/","og_locale":"es_ES","og_type":"article","og_title":"XXXIII Carrera popular en la Vall del Tenes- Santa Eul\u00e0lia de Ron\u00e7ana - Turisme Vall\u00e8s","og_description":"Santa Eul\u00e0lia de Ron\u00e7ana, Vall del Tenes, Vall\u00e8s Oriental, Costa Barcelona","og_url":"https:\/\/turismevalles.com\/es\/events\/xxxiii-carrera-popular-en-la-vall-del-tenes-santa-eulalia-de-roncana\/","og_site_name":"Turisme Vall\u00e8s","article_modified_time":"2022-09-08T12:01:48+00:00","og_image":[{"width":637,"height":900,"url":"https:\/\/turismevalles.com\/wp-content\/uploads\/2022\/08\/CARTELL_DIADA-11S-2022_PARC-DE-CAN-FONT-1.jpg","type":"image\/jpeg"}],"twitter_card":"summary_large_image","schema":{"@context":"https:\/\/schema.org","@graph":[{"@type":"WebPage","@id":"https:\/\/turismevalles.com\/es\/events\/xxxiii-carrera-popular-en-la-vall-del-tenes-santa-eulalia-de-roncana\/","url":"https:\/\/turismevalles.com\/es\/events\/xxxiii-carrera-popular-en-la-vall-del-tenes-santa-eulalia-de-roncana\/","name":"XXXIII Carrera popular en la Vall del Tenes- Santa Eul\u00e0lia de Ron\u00e7ana - Turisme Vall\u00e8s","isPartOf":{"@id":"https:\/\/turismevalles.com\/en\/#website"},"primaryImageOfPage":{"@id":"https:\/\/turismevalles.com\/es\/events\/xxxiii-carrera-popular-en-la-vall-del-tenes-santa-eulalia-de-roncana\/#primaryimage"},"image":{"@id":"https:\/\/turismevalles.com\/es\/events\/xxxiii-carrera-popular-en-la-vall-del-tenes-santa-eulalia-de-roncana\/#primaryimage"},"thumbnailUrl":"https:\/\/turismevalles.com\/wp-content\/uploads\/2022\/08\/CARTELL_DIADA-11S-2022_PARC-DE-CAN-FONT-1.jpg","datePublished":"2022-08-09T09:12:15+00:00","dateModified":"2022-09-08T12:01:48+00:00","description":"Santa Eul\u00e0lia de Ron\u00e7ana, Vall del Tenes, Vall\u00e8s Oriental, Costa Barcelona","breadcrumb":{"@id":"https:\/\/turismevalles.com\/es\/events\/xxxiii-carrera-popular-en-la-vall-del-tenes-santa-eulalia-de-roncana\/#breadcrumb"},"inLanguage":"es","potentialAction":[{"@type":"ReadAction","target":["https:\/\/turismevalles.com\/es\/events\/xxxiii-carrera-popular-en-la-vall-del-tenes-santa-eulalia-de-roncana\/"]}]},{"@type":"ImageObject","inLanguage":"es","@id":"https:\/\/turismevalles.com\/es\/events\/xxxiii-carrera-popular-en-la-vall-del-tenes-santa-eulalia-de-roncana\/#primaryimage","url":"https:\/\/turismevalles.com\/wp-content\/uploads\/2022\/08\/CARTELL_DIADA-11S-2022_PARC-DE-CAN-FONT-1.jpg","contentUrl":"https:\/\/turismevalles.com\/wp-content\/uploads\/2022\/08\/CARTELL_DIADA-11S-2022_PARC-DE-CAN-FONT-1.jpg","width":637,"height":900},{"@type":"BreadcrumbList","@id":"https:\/\/turismevalles.com\/es\/events\/xxxiii-carrera-popular-en-la-vall-del-tenes-santa-eulalia-de-roncana\/#breadcrumb","itemListElement":[{"@type":"ListItem","position":1,"name":"Inicio","item":"https:\/\/turismevalles.com\/es\/"},{"@type":"ListItem","position":2,"name":"Esdeveniments","item":"https:\/\/turismevalles.com\/events\/"},{"@type":"ListItem","position":3,"name":"XXXIII Carrera popular en la Vall del Tenes- Santa Eul\u00e0lia de Ron\u00e7ana"}]},{"@type":"WebSite","@id":"https:\/\/turismevalles.com\/en\/#website","url":"https:\/\/turismevalles.com\/en\/","name":"Turisme Vall\u00e8s","description":"","publisher":{"@id":"https:\/\/turismevalles.com\/en\/#organization"},"potentialAction":[{"@type":"SearchAction","target":{"@type":"EntryPoint","urlTemplate":"https:\/\/turismevalles.com\/en\/?s={search_term_string}"},"query-input":{"@type":"PropertyValueSpecification","valueRequired":true,"valueName":"search_term_string"}}],"inLanguage":"es"},{"@type":"Organization","@id":"https:\/\/turismevalles.com\/en\/#organization","name":"Turisme Vall\u00e8s","url":"https:\/\/turismevalles.com\/en\/","logo":{"@type":"ImageObject","inLanguage":"es","@id":"https:\/\/turismevalles.com\/en\/#\/schema\/logo\/image\/","url":"https:\/\/turismevalles.com\/wp-content\/uploads\/2020\/08\/cropped-logo_ca-2.png","contentUrl":"https:\/\/turismevalles.com\/wp-content\/uploads\/2020\/08\/cropped-logo_ca-2.png","width":314,"height":85,"caption":"Turisme Vall\u00e8s"},"image":{"@id":"https:\/\/turismevalles.com\/en\/#\/schema\/logo\/image\/"}}]}},"uagb_featured_image_src":{"full":["https:\/\/turismevalles.com\/wp-content\/uploads\/2022\/08\/CARTELL_DIADA-11S-2022_PARC-DE-CAN-FONT-1.jpg",637,900,false],"thumbnail":["https:\/\/turismevalles.com\/wp-content\/uploads\/2022\/08\/CARTELL_DIADA-11S-2022_PARC-DE-CAN-FONT-1-150x150.jpg",150,150,true],"medium":["https:\/\/turismevalles.com\/wp-content\/uploads\/2022\/08\/CARTELL_DIADA-11S-2022_PARC-DE-CAN-FONT-1-212x300.jpg",212,300,true],"medium_large":["https:\/\/turismevalles.com\/wp-content\/uploads\/2022\/08\/CARTELL_DIADA-11S-2022_PARC-DE-CAN-FONT-1.jpg",637,900,false],"large":["https:\/\/turismevalles.com\/wp-content\/uploads\/2022\/08\/CARTELL_DIADA-11S-2022_PARC-DE-CAN-FONT-1.jpg",637,900,false],"thumblist":["https:\/\/turismevalles.com\/wp-content\/uploads\/2022\/08\/CARTELL_DIADA-11S-2022_PARC-DE-CAN-FONT-1-300x300.jpg",300,300,true],"meccarouselthumb":["https:\/\/turismevalles.com\/wp-content\/uploads\/2022\/08\/CARTELL_DIADA-11S-2022_PARC-DE-CAN-FONT-1-474x324.jpg",474,324,true],"gridsquare":["https:\/\/turismevalles.com\/wp-content\/uploads\/2022\/08\/CARTELL_DIADA-11S-2022_PARC-DE-CAN-FONT-1-391x260.jpg",391,260,true],"tileview":["https:\/\/turismevalles.com\/wp-content\/uploads\/2022\/08\/CARTELL_DIADA-11S-2022_PARC-DE-CAN-FONT-1-300x400.jpg",300,400,true],"1536x1536":["https:\/\/turismevalles.com\/wp-content\/uploads\/2022\/08\/CARTELL_DIADA-11S-2022_PARC-DE-CAN-FONT-1.jpg",637,900,false],"2048x2048":["https:\/\/turismevalles.com\/wp-content\/uploads\/2022\/08\/CARTELL_DIADA-11S-2022_PARC-DE-CAN-FONT-1.jpg",637,900,false]},"uagb_author_info":{"display_name":"Turisme Valles","author_link":"https:\/\/turismevalles.com\/es\/author\/turismevallesoriental\/"},"uagb_comment_info":0,"uagb_excerpt":"Para m\u00e1s informaci\u00f3n, www.ser.cat","_links":{"self":[{"href":"https:\/\/turismevalles.com\/es\/wp-json\/wp\/v2\/mec-events\/21377","targetHints":{"allow":["GET"]}}],"collection":[{"href":"https:\/\/turismevalles.com\/es\/wp-json\/wp\/v2\/mec-events"}],"about":[{"href":"https:\/\/turismevalles.com\/es\/wp-json\/wp\/v2\/types\/mec-events"}],"author":[{"embeddable":true,"href":"https:\/\/turismevalles.com\/es\/wp-json\/wp\/v2\/users\/5"}],"replies":[{"embeddable":true,"href":"https:\/\/turismevalles.com\/es\/wp-json\/wp\/v2\/comments?post=21377"}],"wp:featuredmedia":[{"embeddable":true,"href":"https:\/\/turismevalles.com\/es\/wp-json\/wp\/v2\/media\/21376"}],"wp:attachment":[{"href":"https:\/\/turismevalles.com\/es\/wp-json\/wp\/v2\/media?parent=21377"}],"wp:term":[{"taxonomy":"post_tag","embeddable":true,"href":"https:\/\/turismevalles.com\/es\/wp-json\/wp\/v2\/tags?post=21377"},{"taxonomy":"poblacions","embeddable":true,"href":"https:\/\/turismevalles.com\/es\/wp-json\/wp\/v2\/poblacions?post=21377"},{"taxonomy":"mec_category","embeddable":true,"href":"https:\/\/turismevalles.com\/es\/wp-json\/wp\/v2\/mec_category?post=21377"}],"curies":[{"name":"wp","href":"https:\/\/api.w.org\/{rel}","templated":true}]}}