{"id":22112,"date":"2022-09-30T10:26:01","date_gmt":"2022-09-30T08:26:01","guid":{"rendered":"http:\/\/turismevalles.com.mialias.net\/events\/jornades-europees-de-patrimoni-valles-oriental\/"},"modified":"2022-09-30T10:27:21","modified_gmt":"2022-09-30T08:27:21","slug":"jornades-europees-de-patrimoni-valles-oriental","status":"publish","type":"mec-events","link":"https:\/\/turismevalles.com\/es\/events\/jornades-europees-de-patrimoni-valles-oriental\/","title":{"rendered":"Jornadas Europeas de Patrimonio &#8211; Vall\u00e8s Oriental"},"content":{"rendered":"<p><img loading=\"lazy\" decoding=\"async\" class=\"aligncenter size-full wp-image-22108\" src=\"http:\/\/turismevalles.com\/wp-content\/uploads\/2022\/09\/Jornades-patrimoni.jpg\" alt=\"\" width=\"1535\" height=\"899\" srcset=\"https:\/\/turismevalles.com\/wp-content\/uploads\/2022\/09\/Jornades-patrimoni.jpg 1535w, https:\/\/turismevalles.com\/wp-content\/uploads\/2022\/09\/Jornades-patrimoni-300x176.jpg 300w, https:\/\/turismevalles.com\/wp-content\/uploads\/2022\/09\/Jornades-patrimoni-1024x600.jpg 1024w, https:\/\/turismevalles.com\/wp-content\/uploads\/2022\/09\/Jornades-patrimoni-768x450.jpg 768w\" sizes=\"auto, (max-width: 1535px) 100vw, 1535px\" \/><\/p>\n","protected":false},"excerpt":{"rendered":"","protected":false},"author":5,"featured_media":22107,"comment_status":"open","ping_status":"closed","template":"","tags":[1039,1418],"poblacions":[],"mec_category":[970,929],"class_list":["post-22112","mec-events","type-mec-events","status-publish","has-post-thumbnail","hentry","tag-cultura-es","tag-patrimonio","mec_category-activitats-en-familia-es","mec_category-cultura-es","generate-columns","tablet-grid-50","mobile-grid-100","grid-parent","grid-33"],"acf":[],"yoast_head":"<!-- This site is optimized with the Yoast SEO plugin v26.4 - https:\/\/yoast.com\/wordpress\/plugins\/seo\/ -->\n<title>Jornadas Europeas de Patrimonio - Vall\u00e8s Oriental - Turisme Vall\u00e8s<\/title>\n<meta name=\"description\" content=\"Els dies 7, 8 i 9 d\u2019octubre us convidem a viure noves activitats i experi\u00e8ncies en aquesta jornada de descobertes del nostre patrimoni cultural. Un gran ventall de propostes que es podran consultar, organitzades tem\u00e0ticament i geogr\u00e0ficament, en l\u2019agenda en l\u00ednia. Les Jornades Europees de Patrimoni s\u00f3n un esdeveniment obert a tothom i una gran oportunitat per donar a con\u00e8ixer la riquesa i l\u2019atractiu del nostre patrimoni cultural, amb l\u2019objectiu principal d\u2019estr\u00e8nyer els vincles entre aquest i la societat.\" \/>\n<meta name=\"robots\" content=\"index, follow, max-snippet:-1, max-image-preview:large, max-video-preview:-1\" \/>\n<link rel=\"canonical\" href=\"https:\/\/turismevalles.com\/es\/events\/jornades-europees-de-patrimoni-valles-oriental\/\" \/>\n<meta property=\"og:locale\" content=\"es_ES\" \/>\n<meta property=\"og:type\" content=\"article\" \/>\n<meta property=\"og:title\" content=\"Jornadas Europeas de Patrimonio - Vall\u00e8s Oriental - Turisme Vall\u00e8s\" \/>\n<meta property=\"og:description\" content=\"Els dies 7, 8 i 9 d\u2019octubre us convidem a viure noves activitats i experi\u00e8ncies en aquesta jornada de descobertes del nostre patrimoni cultural. Un gran ventall de propostes que es podran consultar, organitzades tem\u00e0ticament i geogr\u00e0ficament, en l\u2019agenda en l\u00ednia. Les Jornades Europees de Patrimoni s\u00f3n un esdeveniment obert a tothom i una gran oportunitat per donar a con\u00e8ixer la riquesa i l\u2019atractiu del nostre patrimoni cultural, amb l\u2019objectiu principal d\u2019estr\u00e8nyer els vincles entre aquest i la societat.\" \/>\n<meta property=\"og:url\" content=\"https:\/\/turismevalles.com\/es\/events\/jornades-europees-de-patrimoni-valles-oriental\/\" \/>\n<meta property=\"og:site_name\" content=\"Turisme Vall\u00e8s\" \/>\n<meta property=\"article:modified_time\" content=\"2022-09-30T08:27:21+00:00\" \/>\n<meta property=\"og:image\" content=\"https:\/\/turismevalles.com\/wp-content\/uploads\/2022\/09\/Destacada-jornades-patrimoni.jpg\" \/>\n\t<meta property=\"og:image:width\" content=\"685\" \/>\n\t<meta property=\"og:image:height\" content=\"497\" \/>\n\t<meta property=\"og:image:type\" content=\"image\/jpeg\" \/>\n<meta name=\"twitter:card\" content=\"summary_large_image\" \/>\n<meta name=\"twitter:label1\" content=\"Tiempo de lectura\" \/>\n\t<meta name=\"twitter:data1\" content=\"1 minuto\" \/>\n<script type=\"application\/ld+json\" class=\"yoast-schema-graph\">{\"@context\":\"https:\/\/schema.org\",\"@graph\":[{\"@type\":\"WebPage\",\"@id\":\"https:\/\/turismevalles.com\/es\/events\/jornades-europees-de-patrimoni-valles-oriental\/\",\"url\":\"https:\/\/turismevalles.com\/es\/events\/jornades-europees-de-patrimoni-valles-oriental\/\",\"name\":\"Jornadas Europeas de Patrimonio - Vall\u00e8s Oriental - Turisme Vall\u00e8s\",\"isPartOf\":{\"@id\":\"https:\/\/turismevalles.com\/en\/#website\"},\"primaryImageOfPage\":{\"@id\":\"https:\/\/turismevalles.com\/es\/events\/jornades-europees-de-patrimoni-valles-oriental\/#primaryimage\"},\"image\":{\"@id\":\"https:\/\/turismevalles.com\/es\/events\/jornades-europees-de-patrimoni-valles-oriental\/#primaryimage\"},\"thumbnailUrl\":\"https:\/\/turismevalles.com\/wp-content\/uploads\/2022\/09\/Destacada-jornades-patrimoni.jpg\",\"datePublished\":\"2022-09-30T08:26:01+00:00\",\"dateModified\":\"2022-09-30T08:27:21+00:00\",\"description\":\"Els dies 7, 8 i 9 d\u2019octubre us convidem a viure noves activitats i experi\u00e8ncies en aquesta jornada de descobertes del nostre patrimoni cultural. Un gran ventall de propostes que es podran consultar, organitzades tem\u00e0ticament i geogr\u00e0ficament, en l\u2019agenda en l\u00ednia. Les Jornades Europees de Patrimoni s\u00f3n un esdeveniment obert a tothom i una gran oportunitat per donar a con\u00e8ixer la riquesa i l\u2019atractiu del nostre patrimoni cultural, amb l\u2019objectiu principal d\u2019estr\u00e8nyer els vincles entre aquest i la societat.\",\"breadcrumb\":{\"@id\":\"https:\/\/turismevalles.com\/es\/events\/jornades-europees-de-patrimoni-valles-oriental\/#breadcrumb\"},\"inLanguage\":\"es\",\"potentialAction\":[{\"@type\":\"ReadAction\",\"target\":[\"https:\/\/turismevalles.com\/es\/events\/jornades-europees-de-patrimoni-valles-oriental\/\"]}]},{\"@type\":\"ImageObject\",\"inLanguage\":\"es\",\"@id\":\"https:\/\/turismevalles.com\/es\/events\/jornades-europees-de-patrimoni-valles-oriental\/#primaryimage\",\"url\":\"https:\/\/turismevalles.com\/wp-content\/uploads\/2022\/09\/Destacada-jornades-patrimoni.jpg\",\"contentUrl\":\"https:\/\/turismevalles.com\/wp-content\/uploads\/2022\/09\/Destacada-jornades-patrimoni.jpg\",\"width\":685,\"height\":497},{\"@type\":\"BreadcrumbList\",\"@id\":\"https:\/\/turismevalles.com\/es\/events\/jornades-europees-de-patrimoni-valles-oriental\/#breadcrumb\",\"itemListElement\":[{\"@type\":\"ListItem\",\"position\":1,\"name\":\"Inicio\",\"item\":\"https:\/\/turismevalles.com\/es\/\"},{\"@type\":\"ListItem\",\"position\":2,\"name\":\"Esdeveniments\",\"item\":\"https:\/\/turismevalles.com\/events\/\"},{\"@type\":\"ListItem\",\"position\":3,\"name\":\"Jornadas Europeas de Patrimonio &#8211; Vall\u00e8s Oriental\"}]},{\"@type\":\"WebSite\",\"@id\":\"https:\/\/turismevalles.com\/en\/#website\",\"url\":\"https:\/\/turismevalles.com\/en\/\",\"name\":\"Turisme Vall\u00e8s\",\"description\":\"\",\"publisher\":{\"@id\":\"https:\/\/turismevalles.com\/en\/#organization\"},\"potentialAction\":[{\"@type\":\"SearchAction\",\"target\":{\"@type\":\"EntryPoint\",\"urlTemplate\":\"https:\/\/turismevalles.com\/en\/?s={search_term_string}\"},\"query-input\":{\"@type\":\"PropertyValueSpecification\",\"valueRequired\":true,\"valueName\":\"search_term_string\"}}],\"inLanguage\":\"es\"},{\"@type\":\"Organization\",\"@id\":\"https:\/\/turismevalles.com\/en\/#organization\",\"name\":\"Turisme Vall\u00e8s\",\"url\":\"https:\/\/turismevalles.com\/en\/\",\"logo\":{\"@type\":\"ImageObject\",\"inLanguage\":\"es\",\"@id\":\"https:\/\/turismevalles.com\/en\/#\/schema\/logo\/image\/\",\"url\":\"https:\/\/turismevalles.com\/wp-content\/uploads\/2020\/08\/cropped-logo_ca-2.png\",\"contentUrl\":\"https:\/\/turismevalles.com\/wp-content\/uploads\/2020\/08\/cropped-logo_ca-2.png\",\"width\":314,\"height\":85,\"caption\":\"Turisme Vall\u00e8s\"},\"image\":{\"@id\":\"https:\/\/turismevalles.com\/en\/#\/schema\/logo\/image\/\"}}]}<\/script>\n<!-- \/ Yoast SEO plugin. -->","yoast_head_json":{"title":"Jornadas Europeas de Patrimonio - Vall\u00e8s Oriental - Turisme Vall\u00e8s","description":"Els dies 7, 8 i 9 d\u2019octubre us convidem a viure noves activitats i experi\u00e8ncies en aquesta jornada de descobertes del nostre patrimoni cultural. Un gran ventall de propostes que es podran consultar, organitzades tem\u00e0ticament i geogr\u00e0ficament, en l\u2019agenda en l\u00ednia. Les Jornades Europees de Patrimoni s\u00f3n un esdeveniment obert a tothom i una gran oportunitat per donar a con\u00e8ixer la riquesa i l\u2019atractiu del nostre patrimoni cultural, amb l\u2019objectiu principal d\u2019estr\u00e8nyer els vincles entre aquest i la societat.","robots":{"index":"index","follow":"follow","max-snippet":"max-snippet:-1","max-image-preview":"max-image-preview:large","max-video-preview":"max-video-preview:-1"},"canonical":"https:\/\/turismevalles.com\/es\/events\/jornades-europees-de-patrimoni-valles-oriental\/","og_locale":"es_ES","og_type":"article","og_title":"Jornadas Europeas de Patrimonio - Vall\u00e8s Oriental - Turisme Vall\u00e8s","og_description":"Els dies 7, 8 i 9 d\u2019octubre us convidem a viure noves activitats i experi\u00e8ncies en aquesta jornada de descobertes del nostre patrimoni cultural. Un gran ventall de propostes que es podran consultar, organitzades tem\u00e0ticament i geogr\u00e0ficament, en l\u2019agenda en l\u00ednia. Les Jornades Europees de Patrimoni s\u00f3n un esdeveniment obert a tothom i una gran oportunitat per donar a con\u00e8ixer la riquesa i l\u2019atractiu del nostre patrimoni cultural, amb l\u2019objectiu principal d\u2019estr\u00e8nyer els vincles entre aquest i la societat.","og_url":"https:\/\/turismevalles.com\/es\/events\/jornades-europees-de-patrimoni-valles-oriental\/","og_site_name":"Turisme Vall\u00e8s","article_modified_time":"2022-09-30T08:27:21+00:00","og_image":[{"width":685,"height":497,"url":"https:\/\/turismevalles.com\/wp-content\/uploads\/2022\/09\/Destacada-jornades-patrimoni.jpg","type":"image\/jpeg"}],"twitter_card":"summary_large_image","twitter_misc":{"Tiempo de lectura":"1 minuto"},"schema":{"@context":"https:\/\/schema.org","@graph":[{"@type":"WebPage","@id":"https:\/\/turismevalles.com\/es\/events\/jornades-europees-de-patrimoni-valles-oriental\/","url":"https:\/\/turismevalles.com\/es\/events\/jornades-europees-de-patrimoni-valles-oriental\/","name":"Jornadas Europeas de Patrimonio - Vall\u00e8s Oriental - Turisme Vall\u00e8s","isPartOf":{"@id":"https:\/\/turismevalles.com\/en\/#website"},"primaryImageOfPage":{"@id":"https:\/\/turismevalles.com\/es\/events\/jornades-europees-de-patrimoni-valles-oriental\/#primaryimage"},"image":{"@id":"https:\/\/turismevalles.com\/es\/events\/jornades-europees-de-patrimoni-valles-oriental\/#primaryimage"},"thumbnailUrl":"https:\/\/turismevalles.com\/wp-content\/uploads\/2022\/09\/Destacada-jornades-patrimoni.jpg","datePublished":"2022-09-30T08:26:01+00:00","dateModified":"2022-09-30T08:27:21+00:00","description":"Els dies 7, 8 i 9 d\u2019octubre us convidem a viure noves activitats i experi\u00e8ncies en aquesta jornada de descobertes del nostre patrimoni cultural. Un gran ventall de propostes que es podran consultar, organitzades tem\u00e0ticament i geogr\u00e0ficament, en l\u2019agenda en l\u00ednia. Les Jornades Europees de Patrimoni s\u00f3n un esdeveniment obert a tothom i una gran oportunitat per donar a con\u00e8ixer la riquesa i l\u2019atractiu del nostre patrimoni cultural, amb l\u2019objectiu principal d\u2019estr\u00e8nyer els vincles entre aquest i la societat.","breadcrumb":{"@id":"https:\/\/turismevalles.com\/es\/events\/jornades-europees-de-patrimoni-valles-oriental\/#breadcrumb"},"inLanguage":"es","potentialAction":[{"@type":"ReadAction","target":["https:\/\/turismevalles.com\/es\/events\/jornades-europees-de-patrimoni-valles-oriental\/"]}]},{"@type":"ImageObject","inLanguage":"es","@id":"https:\/\/turismevalles.com\/es\/events\/jornades-europees-de-patrimoni-valles-oriental\/#primaryimage","url":"https:\/\/turismevalles.com\/wp-content\/uploads\/2022\/09\/Destacada-jornades-patrimoni.jpg","contentUrl":"https:\/\/turismevalles.com\/wp-content\/uploads\/2022\/09\/Destacada-jornades-patrimoni.jpg","width":685,"height":497},{"@type":"BreadcrumbList","@id":"https:\/\/turismevalles.com\/es\/events\/jornades-europees-de-patrimoni-valles-oriental\/#breadcrumb","itemListElement":[{"@type":"ListItem","position":1,"name":"Inicio","item":"https:\/\/turismevalles.com\/es\/"},{"@type":"ListItem","position":2,"name":"Esdeveniments","item":"https:\/\/turismevalles.com\/events\/"},{"@type":"ListItem","position":3,"name":"Jornadas Europeas de Patrimonio &#8211; Vall\u00e8s Oriental"}]},{"@type":"WebSite","@id":"https:\/\/turismevalles.com\/en\/#website","url":"https:\/\/turismevalles.com\/en\/","name":"Turisme Vall\u00e8s","description":"","publisher":{"@id":"https:\/\/turismevalles.com\/en\/#organization"},"potentialAction":[{"@type":"SearchAction","target":{"@type":"EntryPoint","urlTemplate":"https:\/\/turismevalles.com\/en\/?s={search_term_string}"},"query-input":{"@type":"PropertyValueSpecification","valueRequired":true,"valueName":"search_term_string"}}],"inLanguage":"es"},{"@type":"Organization","@id":"https:\/\/turismevalles.com\/en\/#organization","name":"Turisme Vall\u00e8s","url":"https:\/\/turismevalles.com\/en\/","logo":{"@type":"ImageObject","inLanguage":"es","@id":"https:\/\/turismevalles.com\/en\/#\/schema\/logo\/image\/","url":"https:\/\/turismevalles.com\/wp-content\/uploads\/2020\/08\/cropped-logo_ca-2.png","contentUrl":"https:\/\/turismevalles.com\/wp-content\/uploads\/2020\/08\/cropped-logo_ca-2.png","width":314,"height":85,"caption":"Turisme Vall\u00e8s"},"image":{"@id":"https:\/\/turismevalles.com\/en\/#\/schema\/logo\/image\/"}}]}},"uagb_featured_image_src":{"full":["https:\/\/turismevalles.com\/wp-content\/uploads\/2022\/09\/Destacada-jornades-patrimoni.jpg",685,497,false],"thumbnail":["https:\/\/turismevalles.com\/wp-content\/uploads\/2022\/09\/Destacada-jornades-patrimoni-150x150.jpg",150,150,true],"medium":["https:\/\/turismevalles.com\/wp-content\/uploads\/2022\/09\/Destacada-jornades-patrimoni-300x218.jpg",300,218,true],"medium_large":["https:\/\/turismevalles.com\/wp-content\/uploads\/2022\/09\/Destacada-jornades-patrimoni.jpg",685,497,false],"large":["https:\/\/turismevalles.com\/wp-content\/uploads\/2022\/09\/Destacada-jornades-patrimoni.jpg",685,497,false],"thumblist":["https:\/\/turismevalles.com\/wp-content\/uploads\/2022\/09\/Destacada-jornades-patrimoni-300x300.jpg",300,300,true],"meccarouselthumb":["https:\/\/turismevalles.com\/wp-content\/uploads\/2022\/09\/Destacada-jornades-patrimoni-474x324.jpg",474,324,true],"gridsquare":["https:\/\/turismevalles.com\/wp-content\/uploads\/2022\/09\/Destacada-jornades-patrimoni-391x260.jpg",391,260,true],"tileview":["https:\/\/turismevalles.com\/wp-content\/uploads\/2022\/09\/Destacada-jornades-patrimoni-300x400.jpg",300,400,true],"1536x1536":["https:\/\/turismevalles.com\/wp-content\/uploads\/2022\/09\/Destacada-jornades-patrimoni.jpg",685,497,false],"2048x2048":["https:\/\/turismevalles.com\/wp-content\/uploads\/2022\/09\/Destacada-jornades-patrimoni.jpg",685,497,false]},"uagb_author_info":{"display_name":"Turisme Valles","author_link":"https:\/\/turismevalles.com\/es\/author\/turismevallesoriental\/"},"uagb_comment_info":0,"uagb_excerpt":null,"_links":{"self":[{"href":"https:\/\/turismevalles.com\/es\/wp-json\/wp\/v2\/mec-events\/22112","targetHints":{"allow":["GET"]}}],"collection":[{"href":"https:\/\/turismevalles.com\/es\/wp-json\/wp\/v2\/mec-events"}],"about":[{"href":"https:\/\/turismevalles.com\/es\/wp-json\/wp\/v2\/types\/mec-events"}],"author":[{"embeddable":true,"href":"https:\/\/turismevalles.com\/es\/wp-json\/wp\/v2\/users\/5"}],"replies":[{"embeddable":true,"href":"https:\/\/turismevalles.com\/es\/wp-json\/wp\/v2\/comments?post=22112"}],"wp:featuredmedia":[{"embeddable":true,"href":"https:\/\/turismevalles.com\/es\/wp-json\/wp\/v2\/media\/22107"}],"wp:attachment":[{"href":"https:\/\/turismevalles.com\/es\/wp-json\/wp\/v2\/media?parent=22112"}],"wp:term":[{"taxonomy":"post_tag","embeddable":true,"href":"https:\/\/turismevalles.com\/es\/wp-json\/wp\/v2\/tags?post=22112"},{"taxonomy":"poblacions","embeddable":true,"href":"https:\/\/turismevalles.com\/es\/wp-json\/wp\/v2\/poblacions?post=22112"},{"taxonomy":"mec_category","embeddable":true,"href":"https:\/\/turismevalles.com\/es\/wp-json\/wp\/v2\/mec_category?post=22112"}],"curies":[{"name":"wp","href":"https:\/\/api.w.org\/{rel}","templated":true}]}}