{"id":22771,"date":"2022-11-03T10:48:08","date_gmt":"2022-11-03T09:48:08","guid":{"rendered":"http:\/\/turismevalles.com.mialias.net\/events\/viu-el-montseny-mes-inedit-2-373-870-814-505\/"},"modified":"2022-11-08T15:16:07","modified_gmt":"2022-11-08T14:16:07","slug":"viu-el-montseny-mes-inedit-2-373-870-814-505","status":"publish","type":"mec-events","link":"https:\/\/turismevalles.com\/es\/events\/viu-el-montseny-mes-inedit-2-373-870-814-505\/","title":{"rendered":"Vive el Montseny m\u00e1s in\u00e9dito &#8211; 18 de Diciembre"},"content":{"rendered":"<p><strong>Itinerario guiado<br \/>\n<\/strong>Caminata de 1,5 horas con explicaciones para interpretar el entorno.<br \/>\nLugar y hora de encuentro: 10h en la Masia del Clot de la M\u00f3ra. Se ruega puntualidad.<br \/>\nDificultad: facil<br \/>\nEs necesario llevar calzado c\u00f3modo<\/p>\n<p><strong>Almuerzo<br \/>\n<\/strong>Cesta con productos del Montseny<br \/>\nAgua<br \/>\nCerveza Moments<br \/>\nPan de pay\u00e9s<br \/>\nEmbutidos y quesos de productores locales<br \/>\nFruta del tiempo<\/p>\n<p><strong>Taller artesanal<\/strong><br \/>\nActividad para adultos y adaptada a ni\u00f1os y ni\u00f1as. Ideal para despertar la creatividad y disfrutar del proceso de elaboraci\u00f3n.<br \/>\nMaterial incluido<\/p>\n<p>Fin de la actividad en torno a las 15.30h<\/p>\n<p><strong>Informaci\u00f3n y reservas<\/strong><br \/>\nPlazas limitadas<br \/>\nEs necesario realizar reserva previa:<br \/>\n637 761 951 \/ 661 959 737<br \/>\nademcmontseny@gmail.com<\/p>\n<p>&nbsp;<\/p>\n","protected":false},"excerpt":{"rendered":"<p>Itinerario guiado Caminata de 1,5 horas con explicaciones para interpretar el entorno. Lugar y hora de encuentro: 10h en la Masia del Clot de la &#8230; <a title=\"Vive el Montseny m\u00e1s in\u00e9dito &#8211; 18 de Diciembre\" class=\"read-more\" href=\"https:\/\/turismevalles.com\/es\/events\/viu-el-montseny-mes-inedit-2-373-870-814-505\/\" aria-label=\"M\u00e1s en Vive el Montseny m\u00e1s in\u00e9dito &#8211; 18 de Diciembre\">Veure m\u00e9s<\/a><\/p>\n","protected":false},"author":5,"featured_media":22773,"comment_status":"open","ping_status":"closed","template":"","tags":[2109],"poblacions":[898],"mec_category":[],"class_list":["post-22771","mec-events","type-mec-events","status-publish","has-post-thumbnail","hentry","tag-montseny-es","poblacions-tagamanent-es","generate-columns","tablet-grid-50","mobile-grid-100","grid-parent","grid-33"],"acf":[],"yoast_head":"<!-- This site is optimized with the Yoast SEO plugin v26.4 - https:\/\/yoast.com\/wordpress\/plugins\/seo\/ -->\n<title>Vive el Montseny m\u00e1s in\u00e9dito - 18 de Diciembre - Turisme Vall\u00e8s<\/title>\n<meta name=\"description\" content=\"Vine a gaudir i viure el Montseny m\u00e9s in\u00e8dit amb aquesta propsota d&#039;activitat. A prop del Montseny. Vall\u00e8s Oriental.\" \/>\n<meta name=\"robots\" content=\"index, follow, max-snippet:-1, max-image-preview:large, max-video-preview:-1\" \/>\n<link rel=\"canonical\" href=\"https:\/\/turismevalles.com\/es\/events\/viu-el-montseny-mes-inedit-2-373-870-814-505\/\" \/>\n<meta property=\"og:locale\" content=\"es_ES\" \/>\n<meta property=\"og:type\" content=\"article\" \/>\n<meta property=\"og:title\" content=\"Vive el Montseny m\u00e1s in\u00e9dito - 18 de Diciembre - Turisme Vall\u00e8s\" \/>\n<meta property=\"og:description\" content=\"Vine a gaudir i viure el Montseny m\u00e9s in\u00e8dit amb aquesta propsota d&#039;activitat. A prop del Montseny. Vall\u00e8s Oriental.\" \/>\n<meta property=\"og:url\" content=\"https:\/\/turismevalles.com\/es\/events\/viu-el-montseny-mes-inedit-2-373-870-814-505\/\" \/>\n<meta property=\"og:site_name\" content=\"Turisme Vall\u00e8s\" \/>\n<meta property=\"article:modified_time\" content=\"2022-11-08T14:16:07+00:00\" \/>\n<meta property=\"og:image\" content=\"https:\/\/turismevalles.com\/wp-content\/uploads\/2022\/11\/20221218_Vive-el-Montseny-mas-inedito_1812.jpg\" \/>\n\t<meta property=\"og:image:width\" content=\"1080\" \/>\n\t<meta property=\"og:image:height\" content=\"1920\" \/>\n\t<meta property=\"og:image:type\" content=\"image\/jpeg\" \/>\n<meta name=\"twitter:card\" content=\"summary_large_image\" \/>\n<meta name=\"twitter:label1\" content=\"Tiempo de lectura\" \/>\n\t<meta name=\"twitter:data1\" content=\"1 minuto\" \/>\n<script type=\"application\/ld+json\" class=\"yoast-schema-graph\">{\"@context\":\"https:\/\/schema.org\",\"@graph\":[{\"@type\":\"WebPage\",\"@id\":\"https:\/\/turismevalles.com\/es\/events\/viu-el-montseny-mes-inedit-2-373-870-814-505\/\",\"url\":\"https:\/\/turismevalles.com\/es\/events\/viu-el-montseny-mes-inedit-2-373-870-814-505\/\",\"name\":\"Vive el Montseny m\u00e1s in\u00e9dito - 18 de Diciembre - Turisme Vall\u00e8s\",\"isPartOf\":{\"@id\":\"https:\/\/turismevalles.com\/en\/#website\"},\"primaryImageOfPage\":{\"@id\":\"https:\/\/turismevalles.com\/es\/events\/viu-el-montseny-mes-inedit-2-373-870-814-505\/#primaryimage\"},\"image\":{\"@id\":\"https:\/\/turismevalles.com\/es\/events\/viu-el-montseny-mes-inedit-2-373-870-814-505\/#primaryimage\"},\"thumbnailUrl\":\"https:\/\/turismevalles.com\/wp-content\/uploads\/2022\/11\/20221218_Vive-el-Montseny-mas-inedito_1812.jpg\",\"datePublished\":\"2022-11-03T09:48:08+00:00\",\"dateModified\":\"2022-11-08T14:16:07+00:00\",\"description\":\"Vine a gaudir i viure el Montseny m\u00e9s in\u00e8dit amb aquesta propsota d'activitat. A prop del Montseny. Vall\u00e8s Oriental.\",\"breadcrumb\":{\"@id\":\"https:\/\/turismevalles.com\/es\/events\/viu-el-montseny-mes-inedit-2-373-870-814-505\/#breadcrumb\"},\"inLanguage\":\"es\",\"potentialAction\":[{\"@type\":\"ReadAction\",\"target\":[\"https:\/\/turismevalles.com\/es\/events\/viu-el-montseny-mes-inedit-2-373-870-814-505\/\"]}]},{\"@type\":\"ImageObject\",\"inLanguage\":\"es\",\"@id\":\"https:\/\/turismevalles.com\/es\/events\/viu-el-montseny-mes-inedit-2-373-870-814-505\/#primaryimage\",\"url\":\"https:\/\/turismevalles.com\/wp-content\/uploads\/2022\/11\/20221218_Vive-el-Montseny-mas-inedito_1812.jpg\",\"contentUrl\":\"https:\/\/turismevalles.com\/wp-content\/uploads\/2022\/11\/20221218_Vive-el-Montseny-mas-inedito_1812.jpg\",\"width\":1080,\"height\":1920,\"caption\":\"Vive el Montseny m\u00e1s in\u00e9dito\"},{\"@type\":\"BreadcrumbList\",\"@id\":\"https:\/\/turismevalles.com\/es\/events\/viu-el-montseny-mes-inedit-2-373-870-814-505\/#breadcrumb\",\"itemListElement\":[{\"@type\":\"ListItem\",\"position\":1,\"name\":\"Inicio\",\"item\":\"https:\/\/turismevalles.com\/es\/\"},{\"@type\":\"ListItem\",\"position\":2,\"name\":\"Esdeveniments\",\"item\":\"https:\/\/turismevalles.com\/events\/\"},{\"@type\":\"ListItem\",\"position\":3,\"name\":\"Vive el Montseny m\u00e1s in\u00e9dito &#8211; 18 de Diciembre\"}]},{\"@type\":\"WebSite\",\"@id\":\"https:\/\/turismevalles.com\/en\/#website\",\"url\":\"https:\/\/turismevalles.com\/en\/\",\"name\":\"Turisme Vall\u00e8s\",\"description\":\"\",\"publisher\":{\"@id\":\"https:\/\/turismevalles.com\/en\/#organization\"},\"potentialAction\":[{\"@type\":\"SearchAction\",\"target\":{\"@type\":\"EntryPoint\",\"urlTemplate\":\"https:\/\/turismevalles.com\/en\/?s={search_term_string}\"},\"query-input\":{\"@type\":\"PropertyValueSpecification\",\"valueRequired\":true,\"valueName\":\"search_term_string\"}}],\"inLanguage\":\"es\"},{\"@type\":\"Organization\",\"@id\":\"https:\/\/turismevalles.com\/en\/#organization\",\"name\":\"Turisme Vall\u00e8s\",\"url\":\"https:\/\/turismevalles.com\/en\/\",\"logo\":{\"@type\":\"ImageObject\",\"inLanguage\":\"es\",\"@id\":\"https:\/\/turismevalles.com\/en\/#\/schema\/logo\/image\/\",\"url\":\"https:\/\/turismevalles.com\/wp-content\/uploads\/2020\/08\/cropped-logo_ca-2.png\",\"contentUrl\":\"https:\/\/turismevalles.com\/wp-content\/uploads\/2020\/08\/cropped-logo_ca-2.png\",\"width\":314,\"height\":85,\"caption\":\"Turisme Vall\u00e8s\"},\"image\":{\"@id\":\"https:\/\/turismevalles.com\/en\/#\/schema\/logo\/image\/\"}}]}<\/script>\n<!-- \/ Yoast SEO plugin. -->","yoast_head_json":{"title":"Vive el Montseny m\u00e1s in\u00e9dito - 18 de Diciembre - Turisme Vall\u00e8s","description":"Vine a gaudir i viure el Montseny m\u00e9s in\u00e8dit amb aquesta propsota d'activitat. A prop del Montseny. Vall\u00e8s Oriental.","robots":{"index":"index","follow":"follow","max-snippet":"max-snippet:-1","max-image-preview":"max-image-preview:large","max-video-preview":"max-video-preview:-1"},"canonical":"https:\/\/turismevalles.com\/es\/events\/viu-el-montseny-mes-inedit-2-373-870-814-505\/","og_locale":"es_ES","og_type":"article","og_title":"Vive el Montseny m\u00e1s in\u00e9dito - 18 de Diciembre - Turisme Vall\u00e8s","og_description":"Vine a gaudir i viure el Montseny m\u00e9s in\u00e8dit amb aquesta propsota d'activitat. A prop del Montseny. Vall\u00e8s Oriental.","og_url":"https:\/\/turismevalles.com\/es\/events\/viu-el-montseny-mes-inedit-2-373-870-814-505\/","og_site_name":"Turisme Vall\u00e8s","article_modified_time":"2022-11-08T14:16:07+00:00","og_image":[{"width":1080,"height":1920,"url":"https:\/\/turismevalles.com\/wp-content\/uploads\/2022\/11\/20221218_Vive-el-Montseny-mas-inedito_1812.jpg","type":"image\/jpeg"}],"twitter_card":"summary_large_image","twitter_misc":{"Tiempo de lectura":"1 minuto"},"schema":{"@context":"https:\/\/schema.org","@graph":[{"@type":"WebPage","@id":"https:\/\/turismevalles.com\/es\/events\/viu-el-montseny-mes-inedit-2-373-870-814-505\/","url":"https:\/\/turismevalles.com\/es\/events\/viu-el-montseny-mes-inedit-2-373-870-814-505\/","name":"Vive el Montseny m\u00e1s in\u00e9dito - 18 de Diciembre - Turisme Vall\u00e8s","isPartOf":{"@id":"https:\/\/turismevalles.com\/en\/#website"},"primaryImageOfPage":{"@id":"https:\/\/turismevalles.com\/es\/events\/viu-el-montseny-mes-inedit-2-373-870-814-505\/#primaryimage"},"image":{"@id":"https:\/\/turismevalles.com\/es\/events\/viu-el-montseny-mes-inedit-2-373-870-814-505\/#primaryimage"},"thumbnailUrl":"https:\/\/turismevalles.com\/wp-content\/uploads\/2022\/11\/20221218_Vive-el-Montseny-mas-inedito_1812.jpg","datePublished":"2022-11-03T09:48:08+00:00","dateModified":"2022-11-08T14:16:07+00:00","description":"Vine a gaudir i viure el Montseny m\u00e9s in\u00e8dit amb aquesta propsota d'activitat. A prop del Montseny. Vall\u00e8s Oriental.","breadcrumb":{"@id":"https:\/\/turismevalles.com\/es\/events\/viu-el-montseny-mes-inedit-2-373-870-814-505\/#breadcrumb"},"inLanguage":"es","potentialAction":[{"@type":"ReadAction","target":["https:\/\/turismevalles.com\/es\/events\/viu-el-montseny-mes-inedit-2-373-870-814-505\/"]}]},{"@type":"ImageObject","inLanguage":"es","@id":"https:\/\/turismevalles.com\/es\/events\/viu-el-montseny-mes-inedit-2-373-870-814-505\/#primaryimage","url":"https:\/\/turismevalles.com\/wp-content\/uploads\/2022\/11\/20221218_Vive-el-Montseny-mas-inedito_1812.jpg","contentUrl":"https:\/\/turismevalles.com\/wp-content\/uploads\/2022\/11\/20221218_Vive-el-Montseny-mas-inedito_1812.jpg","width":1080,"height":1920,"caption":"Vive el Montseny m\u00e1s in\u00e9dito"},{"@type":"BreadcrumbList","@id":"https:\/\/turismevalles.com\/es\/events\/viu-el-montseny-mes-inedit-2-373-870-814-505\/#breadcrumb","itemListElement":[{"@type":"ListItem","position":1,"name":"Inicio","item":"https:\/\/turismevalles.com\/es\/"},{"@type":"ListItem","position":2,"name":"Esdeveniments","item":"https:\/\/turismevalles.com\/events\/"},{"@type":"ListItem","position":3,"name":"Vive el Montseny m\u00e1s in\u00e9dito &#8211; 18 de Diciembre"}]},{"@type":"WebSite","@id":"https:\/\/turismevalles.com\/en\/#website","url":"https:\/\/turismevalles.com\/en\/","name":"Turisme Vall\u00e8s","description":"","publisher":{"@id":"https:\/\/turismevalles.com\/en\/#organization"},"potentialAction":[{"@type":"SearchAction","target":{"@type":"EntryPoint","urlTemplate":"https:\/\/turismevalles.com\/en\/?s={search_term_string}"},"query-input":{"@type":"PropertyValueSpecification","valueRequired":true,"valueName":"search_term_string"}}],"inLanguage":"es"},{"@type":"Organization","@id":"https:\/\/turismevalles.com\/en\/#organization","name":"Turisme Vall\u00e8s","url":"https:\/\/turismevalles.com\/en\/","logo":{"@type":"ImageObject","inLanguage":"es","@id":"https:\/\/turismevalles.com\/en\/#\/schema\/logo\/image\/","url":"https:\/\/turismevalles.com\/wp-content\/uploads\/2020\/08\/cropped-logo_ca-2.png","contentUrl":"https:\/\/turismevalles.com\/wp-content\/uploads\/2020\/08\/cropped-logo_ca-2.png","width":314,"height":85,"caption":"Turisme Vall\u00e8s"},"image":{"@id":"https:\/\/turismevalles.com\/en\/#\/schema\/logo\/image\/"}}]}},"uagb_featured_image_src":{"full":["https:\/\/turismevalles.com\/wp-content\/uploads\/2022\/11\/20221218_Vive-el-Montseny-mas-inedito_1812.jpg",1080,1920,false],"thumbnail":["https:\/\/turismevalles.com\/wp-content\/uploads\/2022\/11\/20221218_Vive-el-Montseny-mas-inedito_1812-150x150.jpg",150,150,true],"medium":["https:\/\/turismevalles.com\/wp-content\/uploads\/2022\/11\/20221218_Vive-el-Montseny-mas-inedito_1812-169x300.jpg",169,300,true],"medium_large":["https:\/\/turismevalles.com\/wp-content\/uploads\/2022\/11\/20221218_Vive-el-Montseny-mas-inedito_1812-768x1365.jpg",768,1365,true],"large":["https:\/\/turismevalles.com\/wp-content\/uploads\/2022\/11\/20221218_Vive-el-Montseny-mas-inedito_1812-576x1024.jpg",576,1024,true],"thumblist":["https:\/\/turismevalles.com\/wp-content\/uploads\/2022\/11\/20221218_Vive-el-Montseny-mas-inedito_1812-300x300.jpg",300,300,true],"meccarouselthumb":["https:\/\/turismevalles.com\/wp-content\/uploads\/2022\/11\/20221218_Vive-el-Montseny-mas-inedito_1812-474x324.jpg",474,324,true],"gridsquare":["https:\/\/turismevalles.com\/wp-content\/uploads\/2022\/11\/20221218_Vive-el-Montseny-mas-inedito_1812-391x260.jpg",391,260,true],"tileview":["https:\/\/turismevalles.com\/wp-content\/uploads\/2022\/11\/20221218_Vive-el-Montseny-mas-inedito_1812-300x400.jpg",300,400,true],"1536x1536":["https:\/\/turismevalles.com\/wp-content\/uploads\/2022\/11\/20221218_Vive-el-Montseny-mas-inedito_1812-864x1536.jpg",864,1536,true],"2048x2048":["https:\/\/turismevalles.com\/wp-content\/uploads\/2022\/11\/20221218_Vive-el-Montseny-mas-inedito_1812.jpg",1080,1920,false]},"uagb_author_info":{"display_name":"Turisme Valles","author_link":"https:\/\/turismevalles.com\/es\/author\/turismevallesoriental\/"},"uagb_comment_info":0,"uagb_excerpt":"Itinerario guiado Caminata de 1,5 horas con explicaciones para interpretar el entorno. Lugar y hora de encuentro: 10h en la Masia del Clot de la ... Veure m\u00e9s","_links":{"self":[{"href":"https:\/\/turismevalles.com\/es\/wp-json\/wp\/v2\/mec-events\/22771","targetHints":{"allow":["GET"]}}],"collection":[{"href":"https:\/\/turismevalles.com\/es\/wp-json\/wp\/v2\/mec-events"}],"about":[{"href":"https:\/\/turismevalles.com\/es\/wp-json\/wp\/v2\/types\/mec-events"}],"author":[{"embeddable":true,"href":"https:\/\/turismevalles.com\/es\/wp-json\/wp\/v2\/users\/5"}],"replies":[{"embeddable":true,"href":"https:\/\/turismevalles.com\/es\/wp-json\/wp\/v2\/comments?post=22771"}],"wp:featuredmedia":[{"embeddable":true,"href":"https:\/\/turismevalles.com\/es\/wp-json\/wp\/v2\/media\/22773"}],"wp:attachment":[{"href":"https:\/\/turismevalles.com\/es\/wp-json\/wp\/v2\/media?parent=22771"}],"wp:term":[{"taxonomy":"post_tag","embeddable":true,"href":"https:\/\/turismevalles.com\/es\/wp-json\/wp\/v2\/tags?post=22771"},{"taxonomy":"poblacions","embeddable":true,"href":"https:\/\/turismevalles.com\/es\/wp-json\/wp\/v2\/poblacions?post=22771"},{"taxonomy":"mec_category","embeddable":true,"href":"https:\/\/turismevalles.com\/es\/wp-json\/wp\/v2\/mec_category?post=22771"}],"curies":[{"name":"wp","href":"https:\/\/api.w.org\/{rel}","templated":true}]}}