{"id":22863,"date":"2022-11-17T12:09:56","date_gmt":"2022-11-17T11:09:56","guid":{"rendered":"http:\/\/turismevalles.com.mialias.net\/?post_type=mec-events&#038;p=22863"},"modified":"2022-11-17T12:26:04","modified_gmt":"2022-11-17T11:26:04","slug":"26a-fira-dels-torrons-de-llinars-del-valles","status":"publish","type":"mec-events","link":"https:\/\/turismevalles.com\/es\/events\/26a-fira-dels-torrons-de-llinars-del-valles\/","title":{"rendered":"26a Feria de los Turrones de Llinars del Vall\u00e8s\u00a0"},"content":{"rendered":"<p>Ya tenemos aqu\u00ed la 26a Feria de los Turrones de Llinars del Vall\u00e8s<\/p>\n<p>Los pr\u00f3ximos 3, 4 y 5 de diciembre el Castell Nou de Llinars acoger\u00e1 un a\u00f1o m\u00e1s nuestra esperada feria de invierno: lucecitas de Navidad, rescoldo, abrigos y bufandas, bellos amigos, m\u00e1s de 70 expositores con productos artesanos, espect\u00e1culos m\u00e1gicos, m\u00fasica, talleres, maridajes y mil actividades para mayores y peque\u00f1os en un entorno privilegiado.<\/p>\n<p>\u00bfVerdad que no te lo vas a perder?<\/p>\n<p>\u00a1Nos vemos en la Feria!<\/p>\n<p><a href=\"https:\/\/www.llinarsdelvalles.cat\/ajuntament\/campanyes\/26a-fira-dels-torrons.html\" target=\"_blank\" rel=\"noopener\">PROGRAMA<\/a><\/p>\n<p>&nbsp;<\/p>\n","protected":false},"excerpt":{"rendered":"<p>Ya tenemos aqu\u00ed la 26a Feria de los Turrones de Llinars del Vall\u00e8s Los pr\u00f3ximos 3, 4 y 5 de diciembre el Castell Nou de &#8230; <a title=\"26a Feria de los Turrones de Llinars del Vall\u00e8s\u00a0\" class=\"read-more\" href=\"https:\/\/turismevalles.com\/es\/events\/26a-fira-dels-torrons-de-llinars-del-valles\/\" aria-label=\"M\u00e1s en 26a Feria de los Turrones de Llinars del Vall\u00e8s\u00a0\">Veure m\u00e9s<\/a><\/p>\n","protected":false},"author":5,"featured_media":22862,"comment_status":"open","ping_status":"closed","template":"","tags":[2142,2143],"poblacions":[897],"mec_category":[1349,1094,929,1660],"class_list":["post-22863","mec-events","type-mec-events","status-publish","has-post-thumbnail","hentry","tag-activitats-de-nadal-es","tag-fira-dels-torrons-es","poblacions-llinars-del-valles-es","mec_category-compres-es","mec_category-conciertos","mec_category-cultura-es","mec_category-fires-i-festes-es","generate-columns","tablet-grid-50","mobile-grid-100","grid-parent","grid-33"],"acf":[],"yoast_head":"<!-- This site is optimized with the Yoast SEO plugin v26.4 - https:\/\/yoast.com\/wordpress\/plugins\/seo\/ -->\n<title>26a Feria de los Turrones de Llinars del Vall\u00e8s\u00a0 - Turisme Vall\u00e8s<\/title>\n<meta name=\"description\" content=\"Los d\u00edas 3, 4 y 5 de diciembre llega la 26a Feria de los Turrones de Llinars del Vall\u00e8s. Vall\u00e8s Oriental. Cerca de Barcelona.\" \/>\n<meta name=\"robots\" content=\"index, follow, max-snippet:-1, max-image-preview:large, max-video-preview:-1\" \/>\n<link rel=\"canonical\" href=\"https:\/\/turismevalles.com\/es\/events\/26a-fira-dels-torrons-de-llinars-del-valles\/\" \/>\n<meta property=\"og:locale\" content=\"es_ES\" \/>\n<meta property=\"og:type\" content=\"article\" \/>\n<meta property=\"og:title\" content=\"26a Feria de los Turrones de Llinars del Vall\u00e8s\u00a0 - Turisme Vall\u00e8s\" \/>\n<meta property=\"og:description\" content=\"Los d\u00edas 3, 4 y 5 de diciembre llega la 26a Feria de los Turrones de Llinars del Vall\u00e8s. Vall\u00e8s Oriental. Cerca de Barcelona.\" \/>\n<meta property=\"og:url\" content=\"https:\/\/turismevalles.com\/es\/events\/26a-fira-dels-torrons-de-llinars-del-valles\/\" \/>\n<meta property=\"og:site_name\" content=\"Turisme Vall\u00e8s\" \/>\n<meta property=\"article:modified_time\" content=\"2022-11-17T11:26:04+00:00\" \/>\n<meta property=\"og:image\" content=\"https:\/\/turismevalles.com\/wp-content\/uploads\/2022\/11\/20221203_Fira_Torrons_LLinars_del_Valles_00.jpg\" \/>\n\t<meta property=\"og:image:width\" content=\"1080\" \/>\n\t<meta property=\"og:image:height\" content=\"1080\" \/>\n\t<meta property=\"og:image:type\" content=\"image\/jpeg\" \/>\n<meta name=\"twitter:card\" content=\"summary_large_image\" \/>\n<meta name=\"twitter:label1\" content=\"Tiempo de lectura\" \/>\n\t<meta name=\"twitter:data1\" content=\"1 minuto\" \/>\n<script type=\"application\/ld+json\" class=\"yoast-schema-graph\">{\"@context\":\"https:\/\/schema.org\",\"@graph\":[{\"@type\":\"WebPage\",\"@id\":\"https:\/\/turismevalles.com\/es\/events\/26a-fira-dels-torrons-de-llinars-del-valles\/\",\"url\":\"https:\/\/turismevalles.com\/es\/events\/26a-fira-dels-torrons-de-llinars-del-valles\/\",\"name\":\"26a Feria de los Turrones de Llinars del Vall\u00e8s\u00a0 - Turisme Vall\u00e8s\",\"isPartOf\":{\"@id\":\"https:\/\/turismevalles.com\/en\/#website\"},\"primaryImageOfPage\":{\"@id\":\"https:\/\/turismevalles.com\/es\/events\/26a-fira-dels-torrons-de-llinars-del-valles\/#primaryimage\"},\"image\":{\"@id\":\"https:\/\/turismevalles.com\/es\/events\/26a-fira-dels-torrons-de-llinars-del-valles\/#primaryimage\"},\"thumbnailUrl\":\"https:\/\/turismevalles.com\/wp-content\/uploads\/2022\/11\/20221203_Fira_Torrons_LLinars_del_Valles_00.jpg\",\"datePublished\":\"2022-11-17T11:09:56+00:00\",\"dateModified\":\"2022-11-17T11:26:04+00:00\",\"description\":\"Los d\u00edas 3, 4 y 5 de diciembre llega la 26a Feria de los Turrones de Llinars del Vall\u00e8s. Vall\u00e8s Oriental. Cerca de Barcelona.\",\"breadcrumb\":{\"@id\":\"https:\/\/turismevalles.com\/es\/events\/26a-fira-dels-torrons-de-llinars-del-valles\/#breadcrumb\"},\"inLanguage\":\"es\",\"potentialAction\":[{\"@type\":\"ReadAction\",\"target\":[\"https:\/\/turismevalles.com\/es\/events\/26a-fira-dels-torrons-de-llinars-del-valles\/\"]}]},{\"@type\":\"ImageObject\",\"inLanguage\":\"es\",\"@id\":\"https:\/\/turismevalles.com\/es\/events\/26a-fira-dels-torrons-de-llinars-del-valles\/#primaryimage\",\"url\":\"https:\/\/turismevalles.com\/wp-content\/uploads\/2022\/11\/20221203_Fira_Torrons_LLinars_del_Valles_00.jpg\",\"contentUrl\":\"https:\/\/turismevalles.com\/wp-content\/uploads\/2022\/11\/20221203_Fira_Torrons_LLinars_del_Valles_00.jpg\",\"width\":1080,\"height\":1080,\"caption\":\"26a Fira dels Torrons de Llinars del Vall\u00e8s\"},{\"@type\":\"BreadcrumbList\",\"@id\":\"https:\/\/turismevalles.com\/es\/events\/26a-fira-dels-torrons-de-llinars-del-valles\/#breadcrumb\",\"itemListElement\":[{\"@type\":\"ListItem\",\"position\":1,\"name\":\"Inicio\",\"item\":\"https:\/\/turismevalles.com\/es\/\"},{\"@type\":\"ListItem\",\"position\":2,\"name\":\"Esdeveniments\",\"item\":\"https:\/\/turismevalles.com\/events\/\"},{\"@type\":\"ListItem\",\"position\":3,\"name\":\"26a Feria de los Turrones de Llinars del Vall\u00e8s\u00a0\"}]},{\"@type\":\"WebSite\",\"@id\":\"https:\/\/turismevalles.com\/en\/#website\",\"url\":\"https:\/\/turismevalles.com\/en\/\",\"name\":\"Turisme Vall\u00e8s\",\"description\":\"\",\"publisher\":{\"@id\":\"https:\/\/turismevalles.com\/en\/#organization\"},\"potentialAction\":[{\"@type\":\"SearchAction\",\"target\":{\"@type\":\"EntryPoint\",\"urlTemplate\":\"https:\/\/turismevalles.com\/en\/?s={search_term_string}\"},\"query-input\":{\"@type\":\"PropertyValueSpecification\",\"valueRequired\":true,\"valueName\":\"search_term_string\"}}],\"inLanguage\":\"es\"},{\"@type\":\"Organization\",\"@id\":\"https:\/\/turismevalles.com\/en\/#organization\",\"name\":\"Turisme Vall\u00e8s\",\"url\":\"https:\/\/turismevalles.com\/en\/\",\"logo\":{\"@type\":\"ImageObject\",\"inLanguage\":\"es\",\"@id\":\"https:\/\/turismevalles.com\/en\/#\/schema\/logo\/image\/\",\"url\":\"https:\/\/turismevalles.com\/wp-content\/uploads\/2020\/08\/cropped-logo_ca-2.png\",\"contentUrl\":\"https:\/\/turismevalles.com\/wp-content\/uploads\/2020\/08\/cropped-logo_ca-2.png\",\"width\":314,\"height\":85,\"caption\":\"Turisme Vall\u00e8s\"},\"image\":{\"@id\":\"https:\/\/turismevalles.com\/en\/#\/schema\/logo\/image\/\"}}]}<\/script>\n<!-- \/ Yoast SEO plugin. -->","yoast_head_json":{"title":"26a Feria de los Turrones de Llinars del Vall\u00e8s\u00a0 - Turisme Vall\u00e8s","description":"Los d\u00edas 3, 4 y 5 de diciembre llega la 26a Feria de los Turrones de Llinars del Vall\u00e8s. Vall\u00e8s Oriental. Cerca de Barcelona.","robots":{"index":"index","follow":"follow","max-snippet":"max-snippet:-1","max-image-preview":"max-image-preview:large","max-video-preview":"max-video-preview:-1"},"canonical":"https:\/\/turismevalles.com\/es\/events\/26a-fira-dels-torrons-de-llinars-del-valles\/","og_locale":"es_ES","og_type":"article","og_title":"26a Feria de los Turrones de Llinars del Vall\u00e8s\u00a0 - Turisme Vall\u00e8s","og_description":"Los d\u00edas 3, 4 y 5 de diciembre llega la 26a Feria de los Turrones de Llinars del Vall\u00e8s. Vall\u00e8s Oriental. Cerca de Barcelona.","og_url":"https:\/\/turismevalles.com\/es\/events\/26a-fira-dels-torrons-de-llinars-del-valles\/","og_site_name":"Turisme Vall\u00e8s","article_modified_time":"2022-11-17T11:26:04+00:00","og_image":[{"width":1080,"height":1080,"url":"https:\/\/turismevalles.com\/wp-content\/uploads\/2022\/11\/20221203_Fira_Torrons_LLinars_del_Valles_00.jpg","type":"image\/jpeg"}],"twitter_card":"summary_large_image","twitter_misc":{"Tiempo de lectura":"1 minuto"},"schema":{"@context":"https:\/\/schema.org","@graph":[{"@type":"WebPage","@id":"https:\/\/turismevalles.com\/es\/events\/26a-fira-dels-torrons-de-llinars-del-valles\/","url":"https:\/\/turismevalles.com\/es\/events\/26a-fira-dels-torrons-de-llinars-del-valles\/","name":"26a Feria de los Turrones de Llinars del Vall\u00e8s\u00a0 - Turisme Vall\u00e8s","isPartOf":{"@id":"https:\/\/turismevalles.com\/en\/#website"},"primaryImageOfPage":{"@id":"https:\/\/turismevalles.com\/es\/events\/26a-fira-dels-torrons-de-llinars-del-valles\/#primaryimage"},"image":{"@id":"https:\/\/turismevalles.com\/es\/events\/26a-fira-dels-torrons-de-llinars-del-valles\/#primaryimage"},"thumbnailUrl":"https:\/\/turismevalles.com\/wp-content\/uploads\/2022\/11\/20221203_Fira_Torrons_LLinars_del_Valles_00.jpg","datePublished":"2022-11-17T11:09:56+00:00","dateModified":"2022-11-17T11:26:04+00:00","description":"Los d\u00edas 3, 4 y 5 de diciembre llega la 26a Feria de los Turrones de Llinars del Vall\u00e8s. Vall\u00e8s Oriental. Cerca de Barcelona.","breadcrumb":{"@id":"https:\/\/turismevalles.com\/es\/events\/26a-fira-dels-torrons-de-llinars-del-valles\/#breadcrumb"},"inLanguage":"es","potentialAction":[{"@type":"ReadAction","target":["https:\/\/turismevalles.com\/es\/events\/26a-fira-dels-torrons-de-llinars-del-valles\/"]}]},{"@type":"ImageObject","inLanguage":"es","@id":"https:\/\/turismevalles.com\/es\/events\/26a-fira-dels-torrons-de-llinars-del-valles\/#primaryimage","url":"https:\/\/turismevalles.com\/wp-content\/uploads\/2022\/11\/20221203_Fira_Torrons_LLinars_del_Valles_00.jpg","contentUrl":"https:\/\/turismevalles.com\/wp-content\/uploads\/2022\/11\/20221203_Fira_Torrons_LLinars_del_Valles_00.jpg","width":1080,"height":1080,"caption":"26a Fira dels Torrons de Llinars del Vall\u00e8s"},{"@type":"BreadcrumbList","@id":"https:\/\/turismevalles.com\/es\/events\/26a-fira-dels-torrons-de-llinars-del-valles\/#breadcrumb","itemListElement":[{"@type":"ListItem","position":1,"name":"Inicio","item":"https:\/\/turismevalles.com\/es\/"},{"@type":"ListItem","position":2,"name":"Esdeveniments","item":"https:\/\/turismevalles.com\/events\/"},{"@type":"ListItem","position":3,"name":"26a Feria de los Turrones de Llinars del Vall\u00e8s\u00a0"}]},{"@type":"WebSite","@id":"https:\/\/turismevalles.com\/en\/#website","url":"https:\/\/turismevalles.com\/en\/","name":"Turisme Vall\u00e8s","description":"","publisher":{"@id":"https:\/\/turismevalles.com\/en\/#organization"},"potentialAction":[{"@type":"SearchAction","target":{"@type":"EntryPoint","urlTemplate":"https:\/\/turismevalles.com\/en\/?s={search_term_string}"},"query-input":{"@type":"PropertyValueSpecification","valueRequired":true,"valueName":"search_term_string"}}],"inLanguage":"es"},{"@type":"Organization","@id":"https:\/\/turismevalles.com\/en\/#organization","name":"Turisme Vall\u00e8s","url":"https:\/\/turismevalles.com\/en\/","logo":{"@type":"ImageObject","inLanguage":"es","@id":"https:\/\/turismevalles.com\/en\/#\/schema\/logo\/image\/","url":"https:\/\/turismevalles.com\/wp-content\/uploads\/2020\/08\/cropped-logo_ca-2.png","contentUrl":"https:\/\/turismevalles.com\/wp-content\/uploads\/2020\/08\/cropped-logo_ca-2.png","width":314,"height":85,"caption":"Turisme Vall\u00e8s"},"image":{"@id":"https:\/\/turismevalles.com\/en\/#\/schema\/logo\/image\/"}}]}},"uagb_featured_image_src":{"full":["https:\/\/turismevalles.com\/wp-content\/uploads\/2022\/11\/20221203_Fira_Torrons_LLinars_del_Valles_00.jpg",1080,1080,false],"thumbnail":["https:\/\/turismevalles.com\/wp-content\/uploads\/2022\/11\/20221203_Fira_Torrons_LLinars_del_Valles_00-150x150.jpg",150,150,true],"medium":["https:\/\/turismevalles.com\/wp-content\/uploads\/2022\/11\/20221203_Fira_Torrons_LLinars_del_Valles_00-300x300.jpg",300,300,true],"medium_large":["https:\/\/turismevalles.com\/wp-content\/uploads\/2022\/11\/20221203_Fira_Torrons_LLinars_del_Valles_00-768x768.jpg",768,768,true],"large":["https:\/\/turismevalles.com\/wp-content\/uploads\/2022\/11\/20221203_Fira_Torrons_LLinars_del_Valles_00-1024x1024.jpg",1024,1024,true],"thumblist":["https:\/\/turismevalles.com\/wp-content\/uploads\/2022\/11\/20221203_Fira_Torrons_LLinars_del_Valles_00-300x300.jpg",300,300,true],"meccarouselthumb":["https:\/\/turismevalles.com\/wp-content\/uploads\/2022\/11\/20221203_Fira_Torrons_LLinars_del_Valles_00-474x324.jpg",474,324,true],"gridsquare":["https:\/\/turismevalles.com\/wp-content\/uploads\/2022\/11\/20221203_Fira_Torrons_LLinars_del_Valles_00-391x260.jpg",391,260,true],"tileview":["https:\/\/turismevalles.com\/wp-content\/uploads\/2022\/11\/20221203_Fira_Torrons_LLinars_del_Valles_00-300x400.jpg",300,400,true],"1536x1536":["https:\/\/turismevalles.com\/wp-content\/uploads\/2022\/11\/20221203_Fira_Torrons_LLinars_del_Valles_00.jpg",1080,1080,false],"2048x2048":["https:\/\/turismevalles.com\/wp-content\/uploads\/2022\/11\/20221203_Fira_Torrons_LLinars_del_Valles_00.jpg",1080,1080,false]},"uagb_author_info":{"display_name":"Turisme Valles","author_link":"https:\/\/turismevalles.com\/es\/author\/turismevallesoriental\/"},"uagb_comment_info":0,"uagb_excerpt":"Ya tenemos aqu\u00ed la 26a Feria de los Turrones de Llinars del Vall\u00e8s Los pr\u00f3ximos 3, 4 y 5 de diciembre el Castell Nou de ... Veure m\u00e9s","_links":{"self":[{"href":"https:\/\/turismevalles.com\/es\/wp-json\/wp\/v2\/mec-events\/22863","targetHints":{"allow":["GET"]}}],"collection":[{"href":"https:\/\/turismevalles.com\/es\/wp-json\/wp\/v2\/mec-events"}],"about":[{"href":"https:\/\/turismevalles.com\/es\/wp-json\/wp\/v2\/types\/mec-events"}],"author":[{"embeddable":true,"href":"https:\/\/turismevalles.com\/es\/wp-json\/wp\/v2\/users\/5"}],"replies":[{"embeddable":true,"href":"https:\/\/turismevalles.com\/es\/wp-json\/wp\/v2\/comments?post=22863"}],"wp:featuredmedia":[{"embeddable":true,"href":"https:\/\/turismevalles.com\/es\/wp-json\/wp\/v2\/media\/22862"}],"wp:attachment":[{"href":"https:\/\/turismevalles.com\/es\/wp-json\/wp\/v2\/media?parent=22863"}],"wp:term":[{"taxonomy":"post_tag","embeddable":true,"href":"https:\/\/turismevalles.com\/es\/wp-json\/wp\/v2\/tags?post=22863"},{"taxonomy":"poblacions","embeddable":true,"href":"https:\/\/turismevalles.com\/es\/wp-json\/wp\/v2\/poblacions?post=22863"},{"taxonomy":"mec_category","embeddable":true,"href":"https:\/\/turismevalles.com\/es\/wp-json\/wp\/v2\/mec_category?post=22863"}],"curies":[{"name":"wp","href":"https:\/\/api.w.org\/{rel}","templated":true}]}}