{"id":23552,"date":"2023-01-12T15:26:52","date_gmt":"2023-01-12T14:26:52","guid":{"rendered":"http:\/\/turismevalles.com.mialias.net\/?post_type=mec-events&#038;p=23552"},"modified":"2023-01-12T15:38:03","modified_gmt":"2023-01-12T14:38:03","slug":"visita-guiada-el-refugi-antiaeri-de-lestacio","status":"publish","type":"mec-events","link":"https:\/\/turismevalles.com\/es\/events\/visita-guiada-el-refugi-antiaeri-de-lestacio\/","title":{"rendered":"Visita guiada \u00abEl Refugio antia\u00e9reo de la estaci\u00f3n\u00bb"},"content":{"rendered":"<p><b>Refugio antia\u00e9reo de la estaci\u00f3n<\/b><br \/>\n<strong>Fecha:<\/strong>\u00a0 14\/01\/2023 &#8211; 11:00<br \/>\n<strong>Punto de encuentro:<\/strong> Entrada del Refugio (delante de la estaci\u00f3n RENFE de La Garriga)<br \/>\nM\u00e1s de 100 metros de galer\u00edas subterraneas en la roca, testimonio del trabajo colectivo de todo un pueblo para hacer frente a la amenaza de los bombardeos fascistas que sufri\u00f3 la Garriga durante la Guerra Civil espa\u00f1ola.<\/p>\n<p><strong>M\u00e1s infromaci\u00f3n: www.visitalagarriga.cat | info@visitalagarriga.cat | 610 477 823 | Imprescindible reserva\u00a0<\/strong><b>previa<\/b><\/p>\n","protected":false},"excerpt":{"rendered":"<p>Refugio antia\u00e9reo de la estaci\u00f3n Fecha:\u00a0 14\/01\/2023 &#8211; 11:00 Punto de encuentro: Entrada del Refugio (delante de la estaci\u00f3n RENFE de La Garriga) M\u00e1s de &#8230; <a title=\"Visita guiada \u00abEl Refugio antia\u00e9reo de la estaci\u00f3n\u00bb\" class=\"read-more\" href=\"https:\/\/turismevalles.com\/es\/events\/visita-guiada-el-refugi-antiaeri-de-lestacio\/\" aria-label=\"M\u00e1s en Visita guiada \u00abEl Refugio antia\u00e9reo de la estaci\u00f3n\u00bb\">Veure m\u00e9s<\/a><\/p>\n","protected":false},"author":5,"featured_media":23553,"comment_status":"open","ping_status":"closed","template":"","tags":[1720,2190,1413],"poblacions":[439],"mec_category":[929],"class_list":["post-23552","mec-events","type-mec-events","status-publish","has-post-thumbnail","hentry","tag-itinerari-es","tag-refugi-de-lestacio","tag-visita-guiada-es","poblacions-la-garriga-es","mec_category-cultura-es","generate-columns","tablet-grid-50","mobile-grid-100","grid-parent","grid-33"],"acf":[],"yoast_head":"<!-- This site is optimized with the Yoast SEO plugin v26.4 - https:\/\/yoast.com\/wordpress\/plugins\/seo\/ -->\n<title>Visita guiada &quot;El Refugio antia\u00e9reo de la estaci\u00f3n&quot; - Turisme Vall\u00e8s<\/title>\n<meta name=\"description\" content=\"No te pierdas la visita guiada &quot;El Refugio antia\u00e9reo de la estaci\u00f3n&quot;. La Garriga. Vall\u00e8s Oriental. Cerca de Barcelona.\" \/>\n<meta name=\"robots\" content=\"index, follow, max-snippet:-1, max-image-preview:large, max-video-preview:-1\" \/>\n<link rel=\"canonical\" href=\"https:\/\/turismevalles.com\/es\/events\/visita-guiada-el-refugi-antiaeri-de-lestacio\/\" \/>\n<meta property=\"og:locale\" content=\"es_ES\" \/>\n<meta property=\"og:type\" content=\"article\" \/>\n<meta property=\"og:title\" content=\"Visita guiada &quot;El Refugio antia\u00e9reo de la estaci\u00f3n&quot; - Turisme Vall\u00e8s\" \/>\n<meta property=\"og:description\" content=\"No te pierdas la visita guiada &quot;El Refugio antia\u00e9reo de la estaci\u00f3n&quot;. La Garriga. Vall\u00e8s Oriental. Cerca de Barcelona.\" \/>\n<meta property=\"og:url\" content=\"https:\/\/turismevalles.com\/es\/events\/visita-guiada-el-refugi-antiaeri-de-lestacio\/\" \/>\n<meta property=\"og:site_name\" content=\"Turisme Vall\u00e8s\" \/>\n<meta property=\"article:modified_time\" content=\"2023-01-12T14:38:03+00:00\" \/>\n<meta property=\"og:image\" content=\"https:\/\/turismevalles.com\/wp-content\/uploads\/2023\/01\/20230114_visita_refugi_estacio.jpg\" \/>\n\t<meta property=\"og:image:width\" content=\"697\" \/>\n\t<meta property=\"og:image:height\" content=\"425\" \/>\n\t<meta property=\"og:image:type\" content=\"image\/jpeg\" \/>\n<meta name=\"twitter:card\" content=\"summary_large_image\" \/>\n<meta name=\"twitter:label1\" content=\"Tiempo de lectura\" \/>\n\t<meta name=\"twitter:data1\" content=\"1 minuto\" \/>\n<script type=\"application\/ld+json\" class=\"yoast-schema-graph\">{\"@context\":\"https:\/\/schema.org\",\"@graph\":[{\"@type\":\"WebPage\",\"@id\":\"https:\/\/turismevalles.com\/es\/events\/visita-guiada-el-refugi-antiaeri-de-lestacio\/\",\"url\":\"https:\/\/turismevalles.com\/es\/events\/visita-guiada-el-refugi-antiaeri-de-lestacio\/\",\"name\":\"Visita guiada \\\"El Refugio antia\u00e9reo de la estaci\u00f3n\\\" - Turisme Vall\u00e8s\",\"isPartOf\":{\"@id\":\"https:\/\/turismevalles.com\/en\/#website\"},\"primaryImageOfPage\":{\"@id\":\"https:\/\/turismevalles.com\/es\/events\/visita-guiada-el-refugi-antiaeri-de-lestacio\/#primaryimage\"},\"image\":{\"@id\":\"https:\/\/turismevalles.com\/es\/events\/visita-guiada-el-refugi-antiaeri-de-lestacio\/#primaryimage\"},\"thumbnailUrl\":\"https:\/\/turismevalles.com\/wp-content\/uploads\/2023\/01\/20230114_visita_refugi_estacio.jpg\",\"datePublished\":\"2023-01-12T14:26:52+00:00\",\"dateModified\":\"2023-01-12T14:38:03+00:00\",\"description\":\"No te pierdas la visita guiada \\\"El Refugio antia\u00e9reo de la estaci\u00f3n\\\". La Garriga. Vall\u00e8s Oriental. Cerca de Barcelona.\",\"breadcrumb\":{\"@id\":\"https:\/\/turismevalles.com\/es\/events\/visita-guiada-el-refugi-antiaeri-de-lestacio\/#breadcrumb\"},\"inLanguage\":\"es\",\"potentialAction\":[{\"@type\":\"ReadAction\",\"target\":[\"https:\/\/turismevalles.com\/es\/events\/visita-guiada-el-refugi-antiaeri-de-lestacio\/\"]}]},{\"@type\":\"ImageObject\",\"inLanguage\":\"es\",\"@id\":\"https:\/\/turismevalles.com\/es\/events\/visita-guiada-el-refugi-antiaeri-de-lestacio\/#primaryimage\",\"url\":\"https:\/\/turismevalles.com\/wp-content\/uploads\/2023\/01\/20230114_visita_refugi_estacio.jpg\",\"contentUrl\":\"https:\/\/turismevalles.com\/wp-content\/uploads\/2023\/01\/20230114_visita_refugi_estacio.jpg\",\"width\":697,\"height\":425,\"caption\":\"Visita guiada \\\"El Refugi antiaeri de l'estaci\u00f3\\\"\"},{\"@type\":\"BreadcrumbList\",\"@id\":\"https:\/\/turismevalles.com\/es\/events\/visita-guiada-el-refugi-antiaeri-de-lestacio\/#breadcrumb\",\"itemListElement\":[{\"@type\":\"ListItem\",\"position\":1,\"name\":\"Inicio\",\"item\":\"https:\/\/turismevalles.com\/es\/\"},{\"@type\":\"ListItem\",\"position\":2,\"name\":\"Esdeveniments\",\"item\":\"https:\/\/turismevalles.com\/events\/\"},{\"@type\":\"ListItem\",\"position\":3,\"name\":\"Visita guiada &#8220;El Refugio antia\u00e9reo de la estaci\u00f3n&#8221;\"}]},{\"@type\":\"WebSite\",\"@id\":\"https:\/\/turismevalles.com\/en\/#website\",\"url\":\"https:\/\/turismevalles.com\/en\/\",\"name\":\"Turisme Vall\u00e8s\",\"description\":\"\",\"publisher\":{\"@id\":\"https:\/\/turismevalles.com\/en\/#organization\"},\"potentialAction\":[{\"@type\":\"SearchAction\",\"target\":{\"@type\":\"EntryPoint\",\"urlTemplate\":\"https:\/\/turismevalles.com\/en\/?s={search_term_string}\"},\"query-input\":{\"@type\":\"PropertyValueSpecification\",\"valueRequired\":true,\"valueName\":\"search_term_string\"}}],\"inLanguage\":\"es\"},{\"@type\":\"Organization\",\"@id\":\"https:\/\/turismevalles.com\/en\/#organization\",\"name\":\"Turisme Vall\u00e8s\",\"url\":\"https:\/\/turismevalles.com\/en\/\",\"logo\":{\"@type\":\"ImageObject\",\"inLanguage\":\"es\",\"@id\":\"https:\/\/turismevalles.com\/en\/#\/schema\/logo\/image\/\",\"url\":\"https:\/\/turismevalles.com\/wp-content\/uploads\/2020\/08\/cropped-logo_ca-2.png\",\"contentUrl\":\"https:\/\/turismevalles.com\/wp-content\/uploads\/2020\/08\/cropped-logo_ca-2.png\",\"width\":314,\"height\":85,\"caption\":\"Turisme Vall\u00e8s\"},\"image\":{\"@id\":\"https:\/\/turismevalles.com\/en\/#\/schema\/logo\/image\/\"}}]}<\/script>\n<!-- \/ Yoast SEO plugin. -->","yoast_head_json":{"title":"Visita guiada \"El Refugio antia\u00e9reo de la estaci\u00f3n\" - Turisme Vall\u00e8s","description":"No te pierdas la visita guiada \"El Refugio antia\u00e9reo de la estaci\u00f3n\". La Garriga. Vall\u00e8s Oriental. Cerca de Barcelona.","robots":{"index":"index","follow":"follow","max-snippet":"max-snippet:-1","max-image-preview":"max-image-preview:large","max-video-preview":"max-video-preview:-1"},"canonical":"https:\/\/turismevalles.com\/es\/events\/visita-guiada-el-refugi-antiaeri-de-lestacio\/","og_locale":"es_ES","og_type":"article","og_title":"Visita guiada \"El Refugio antia\u00e9reo de la estaci\u00f3n\" - Turisme Vall\u00e8s","og_description":"No te pierdas la visita guiada \"El Refugio antia\u00e9reo de la estaci\u00f3n\". La Garriga. Vall\u00e8s Oriental. Cerca de Barcelona.","og_url":"https:\/\/turismevalles.com\/es\/events\/visita-guiada-el-refugi-antiaeri-de-lestacio\/","og_site_name":"Turisme Vall\u00e8s","article_modified_time":"2023-01-12T14:38:03+00:00","og_image":[{"width":697,"height":425,"url":"https:\/\/turismevalles.com\/wp-content\/uploads\/2023\/01\/20230114_visita_refugi_estacio.jpg","type":"image\/jpeg"}],"twitter_card":"summary_large_image","twitter_misc":{"Tiempo de lectura":"1 minuto"},"schema":{"@context":"https:\/\/schema.org","@graph":[{"@type":"WebPage","@id":"https:\/\/turismevalles.com\/es\/events\/visita-guiada-el-refugi-antiaeri-de-lestacio\/","url":"https:\/\/turismevalles.com\/es\/events\/visita-guiada-el-refugi-antiaeri-de-lestacio\/","name":"Visita guiada \"El Refugio antia\u00e9reo de la estaci\u00f3n\" - Turisme Vall\u00e8s","isPartOf":{"@id":"https:\/\/turismevalles.com\/en\/#website"},"primaryImageOfPage":{"@id":"https:\/\/turismevalles.com\/es\/events\/visita-guiada-el-refugi-antiaeri-de-lestacio\/#primaryimage"},"image":{"@id":"https:\/\/turismevalles.com\/es\/events\/visita-guiada-el-refugi-antiaeri-de-lestacio\/#primaryimage"},"thumbnailUrl":"https:\/\/turismevalles.com\/wp-content\/uploads\/2023\/01\/20230114_visita_refugi_estacio.jpg","datePublished":"2023-01-12T14:26:52+00:00","dateModified":"2023-01-12T14:38:03+00:00","description":"No te pierdas la visita guiada \"El Refugio antia\u00e9reo de la estaci\u00f3n\". La Garriga. Vall\u00e8s Oriental. Cerca de Barcelona.","breadcrumb":{"@id":"https:\/\/turismevalles.com\/es\/events\/visita-guiada-el-refugi-antiaeri-de-lestacio\/#breadcrumb"},"inLanguage":"es","potentialAction":[{"@type":"ReadAction","target":["https:\/\/turismevalles.com\/es\/events\/visita-guiada-el-refugi-antiaeri-de-lestacio\/"]}]},{"@type":"ImageObject","inLanguage":"es","@id":"https:\/\/turismevalles.com\/es\/events\/visita-guiada-el-refugi-antiaeri-de-lestacio\/#primaryimage","url":"https:\/\/turismevalles.com\/wp-content\/uploads\/2023\/01\/20230114_visita_refugi_estacio.jpg","contentUrl":"https:\/\/turismevalles.com\/wp-content\/uploads\/2023\/01\/20230114_visita_refugi_estacio.jpg","width":697,"height":425,"caption":"Visita guiada \"El Refugi antiaeri de l'estaci\u00f3\""},{"@type":"BreadcrumbList","@id":"https:\/\/turismevalles.com\/es\/events\/visita-guiada-el-refugi-antiaeri-de-lestacio\/#breadcrumb","itemListElement":[{"@type":"ListItem","position":1,"name":"Inicio","item":"https:\/\/turismevalles.com\/es\/"},{"@type":"ListItem","position":2,"name":"Esdeveniments","item":"https:\/\/turismevalles.com\/events\/"},{"@type":"ListItem","position":3,"name":"Visita guiada &#8220;El Refugio antia\u00e9reo de la estaci\u00f3n&#8221;"}]},{"@type":"WebSite","@id":"https:\/\/turismevalles.com\/en\/#website","url":"https:\/\/turismevalles.com\/en\/","name":"Turisme Vall\u00e8s","description":"","publisher":{"@id":"https:\/\/turismevalles.com\/en\/#organization"},"potentialAction":[{"@type":"SearchAction","target":{"@type":"EntryPoint","urlTemplate":"https:\/\/turismevalles.com\/en\/?s={search_term_string}"},"query-input":{"@type":"PropertyValueSpecification","valueRequired":true,"valueName":"search_term_string"}}],"inLanguage":"es"},{"@type":"Organization","@id":"https:\/\/turismevalles.com\/en\/#organization","name":"Turisme Vall\u00e8s","url":"https:\/\/turismevalles.com\/en\/","logo":{"@type":"ImageObject","inLanguage":"es","@id":"https:\/\/turismevalles.com\/en\/#\/schema\/logo\/image\/","url":"https:\/\/turismevalles.com\/wp-content\/uploads\/2020\/08\/cropped-logo_ca-2.png","contentUrl":"https:\/\/turismevalles.com\/wp-content\/uploads\/2020\/08\/cropped-logo_ca-2.png","width":314,"height":85,"caption":"Turisme Vall\u00e8s"},"image":{"@id":"https:\/\/turismevalles.com\/en\/#\/schema\/logo\/image\/"}}]}},"uagb_featured_image_src":{"full":["https:\/\/turismevalles.com\/wp-content\/uploads\/2023\/01\/20230114_visita_refugi_estacio.jpg",697,425,false],"thumbnail":["https:\/\/turismevalles.com\/wp-content\/uploads\/2023\/01\/20230114_visita_refugi_estacio-150x150.jpg",150,150,true],"medium":["https:\/\/turismevalles.com\/wp-content\/uploads\/2023\/01\/20230114_visita_refugi_estacio-300x183.jpg",300,183,true],"medium_large":["https:\/\/turismevalles.com\/wp-content\/uploads\/2023\/01\/20230114_visita_refugi_estacio.jpg",697,425,false],"large":["https:\/\/turismevalles.com\/wp-content\/uploads\/2023\/01\/20230114_visita_refugi_estacio.jpg",697,425,false],"thumblist":["https:\/\/turismevalles.com\/wp-content\/uploads\/2023\/01\/20230114_visita_refugi_estacio-300x300.jpg",300,300,true],"meccarouselthumb":["https:\/\/turismevalles.com\/wp-content\/uploads\/2023\/01\/20230114_visita_refugi_estacio-474x324.jpg",474,324,true],"gridsquare":["https:\/\/turismevalles.com\/wp-content\/uploads\/2023\/01\/20230114_visita_refugi_estacio-391x260.jpg",391,260,true],"tileview":["https:\/\/turismevalles.com\/wp-content\/uploads\/2023\/01\/20230114_visita_refugi_estacio-300x400.jpg",300,400,true],"1536x1536":["https:\/\/turismevalles.com\/wp-content\/uploads\/2023\/01\/20230114_visita_refugi_estacio.jpg",697,425,false],"2048x2048":["https:\/\/turismevalles.com\/wp-content\/uploads\/2023\/01\/20230114_visita_refugi_estacio.jpg",697,425,false]},"uagb_author_info":{"display_name":"Turisme Valles","author_link":"https:\/\/turismevalles.com\/es\/author\/turismevallesoriental\/"},"uagb_comment_info":0,"uagb_excerpt":"Refugio antia\u00e9reo de la estaci\u00f3n Fecha:\u00a0 14\/01\/2023 &#8211; 11:00 Punto de encuentro: Entrada del Refugio (delante de la estaci\u00f3n RENFE de La Garriga) M\u00e1s de ... Veure m\u00e9s","_links":{"self":[{"href":"https:\/\/turismevalles.com\/es\/wp-json\/wp\/v2\/mec-events\/23552","targetHints":{"allow":["GET"]}}],"collection":[{"href":"https:\/\/turismevalles.com\/es\/wp-json\/wp\/v2\/mec-events"}],"about":[{"href":"https:\/\/turismevalles.com\/es\/wp-json\/wp\/v2\/types\/mec-events"}],"author":[{"embeddable":true,"href":"https:\/\/turismevalles.com\/es\/wp-json\/wp\/v2\/users\/5"}],"replies":[{"embeddable":true,"href":"https:\/\/turismevalles.com\/es\/wp-json\/wp\/v2\/comments?post=23552"}],"wp:featuredmedia":[{"embeddable":true,"href":"https:\/\/turismevalles.com\/es\/wp-json\/wp\/v2\/media\/23553"}],"wp:attachment":[{"href":"https:\/\/turismevalles.com\/es\/wp-json\/wp\/v2\/media?parent=23552"}],"wp:term":[{"taxonomy":"post_tag","embeddable":true,"href":"https:\/\/turismevalles.com\/es\/wp-json\/wp\/v2\/tags?post=23552"},{"taxonomy":"poblacions","embeddable":true,"href":"https:\/\/turismevalles.com\/es\/wp-json\/wp\/v2\/poblacions?post=23552"},{"taxonomy":"mec_category","embeddable":true,"href":"https:\/\/turismevalles.com\/es\/wp-json\/wp\/v2\/mec_category?post=23552"}],"curies":[{"name":"wp","href":"https:\/\/api.w.org\/{rel}","templated":true}]}}