{"id":23694,"date":"2023-01-13T12:08:08","date_gmt":"2023-01-13T11:08:08","guid":{"rendered":"http:\/\/turismevalles.com.mialias.net\/events\/tres-tombs-a-cardedeu\/"},"modified":"2023-01-13T12:09:26","modified_gmt":"2023-01-13T11:09:26","slug":"tres-tombs-a-cardedeu","status":"publish","type":"mec-events","link":"https:\/\/turismevalles.com\/es\/events\/tres-tombs-a-cardedeu\/","title":{"rendered":"Los Tres Tombs a Cardedeu"},"content":{"rendered":"<p><img loading=\"lazy\" decoding=\"async\" class=\"aligncenter size-full wp-image-23690\" src=\"http:\/\/turismevalles.com\/wp-content\/uploads\/2023\/01\/Tres-Tombs-Cardedeu.jpg\" alt=\"\" width=\"602\" height=\"843\" srcset=\"https:\/\/turismevalles.com\/wp-content\/uploads\/2023\/01\/Tres-Tombs-Cardedeu.jpg 602w, https:\/\/turismevalles.com\/wp-content\/uploads\/2023\/01\/Tres-Tombs-Cardedeu-214x300.jpg 214w\" sizes=\"auto, (max-width: 602px) 100vw, 602px\" \/><\/p>\n<div class=\"date\">\n<div class=\"date\"><span>Domingo, 22 de enero de 2023 a las 12:30 h<\/span><\/div>\n<div class=\"ddbbtext\">\n<p><span>Festividad de San Antonio Abad<\/span><\/p>\n<p><span>Desfile a las 12.30 h.\u00a0Inicio del recorrido en el Paseo del Maestro Alexandri.\u00a0Concentraci\u00f3n de los caballistas a las 12 h.\u00a0<\/span><\/p>\n<p><strong><span>Recorrido<\/span><\/strong><span>\u00a0: Paseo del Maestro Alexandri &#8211; Paseo de Pau Casals &#8211; Avenida de Eduard Corbella &#8211; Avenida de Angel Guimer\u00e0 &#8211; Calle de Llinars &#8211; Avenida de la Virgen del Pilar &#8211; Plaza de Joan Alsina &#8211; Avenida de Eduard Corbella &#8211; Carretera de C\u00e0noves &#8211; Plaza de la Iglesia &#8211; Plaza de Anselmo Clav\u00e9 &#8211; Calle de Baix &#8211; Plaza de Sant Joan &#8211; Calle del Doctor Ferran &#8211; Calle de Lluis Libro &#8211; Carretera de C\u00e0noves &#8211; Plaza de la Iglesia.<\/span><\/p>\n<p><span>Con el acompa\u00f1amiento de la banda musical Pau Casals.\u00a0<\/span><\/p>\n<p><span>A las 13.25 h, en la iglesia de Santa Mar\u00eda de Cardedeu, bendici\u00f3n de caballos y animales dom\u00e9sticos.<\/span><\/p>\n<\/div>\n<\/div>\n","protected":false},"excerpt":{"rendered":"<p>Domingo, 22 de enero de 2023 a las 12:30 h Festividad de San Antonio Abad Desfile a las 12.30 h.\u00a0Inicio del recorrido en el Paseo &#8230; <a title=\"Los Tres Tombs a Cardedeu\" class=\"read-more\" href=\"https:\/\/turismevalles.com\/es\/events\/tres-tombs-a-cardedeu\/\" aria-label=\"M\u00e1s en Los Tres Tombs a Cardedeu\">Veure m\u00e9s<\/a><\/p>\n","protected":false},"author":5,"featured_media":23689,"comment_status":"open","ping_status":"closed","template":"","tags":[1077,2204],"poblacions":[428],"mec_category":[1660],"class_list":["post-23694","mec-events","type-mec-events","status-publish","has-post-thumbnail","hentry","tag-animals","tag-tres-tombs-es","poblacions-cardedeu-es","mec_category-fires-i-festes-es","generate-columns","tablet-grid-50","mobile-grid-100","grid-parent","grid-33"],"acf":[],"yoast_head":"<!-- This site is optimized with the Yoast SEO plugin v26.4 - https:\/\/yoast.com\/wordpress\/plugins\/seo\/ -->\n<title>Los Tres Tombs a Cardedeu - Turisme Vall\u00e8s<\/title>\n<meta name=\"robots\" content=\"index, follow, max-snippet:-1, max-image-preview:large, max-video-preview:-1\" \/>\n<link rel=\"canonical\" href=\"https:\/\/turismevalles.com\/es\/events\/tres-tombs-a-cardedeu\/\" \/>\n<meta property=\"og:locale\" content=\"es_ES\" \/>\n<meta property=\"og:type\" content=\"article\" \/>\n<meta property=\"og:title\" content=\"Los Tres Tombs a Cardedeu - Turisme Vall\u00e8s\" \/>\n<meta property=\"og:description\" content=\"Domingo, 22 de enero de 2023 a las 12:30 h Festividad de San Antonio Abad Desfile a las 12.30 h.\u00a0Inicio del recorrido en el Paseo ... Veure m\u00e9s\" \/>\n<meta property=\"og:url\" content=\"https:\/\/turismevalles.com\/es\/events\/tres-tombs-a-cardedeu\/\" \/>\n<meta property=\"og:site_name\" content=\"Turisme Vall\u00e8s\" \/>\n<meta property=\"article:modified_time\" content=\"2023-01-13T11:09:26+00:00\" \/>\n<meta property=\"og:image\" content=\"https:\/\/turismevalles.com\/wp-content\/uploads\/2023\/01\/Destacada-tres-tombs-Cardedeu.jpg\" \/>\n\t<meta property=\"og:image:width\" content=\"579\" \/>\n\t<meta property=\"og:image:height\" content=\"357\" \/>\n\t<meta property=\"og:image:type\" content=\"image\/jpeg\" \/>\n<meta name=\"twitter:card\" content=\"summary_large_image\" \/>\n<meta name=\"twitter:label1\" content=\"Tiempo de lectura\" \/>\n\t<meta name=\"twitter:data1\" content=\"1 minuto\" \/>\n<script type=\"application\/ld+json\" class=\"yoast-schema-graph\">{\"@context\":\"https:\/\/schema.org\",\"@graph\":[{\"@type\":\"WebPage\",\"@id\":\"https:\/\/turismevalles.com\/es\/events\/tres-tombs-a-cardedeu\/\",\"url\":\"https:\/\/turismevalles.com\/es\/events\/tres-tombs-a-cardedeu\/\",\"name\":\"Los Tres Tombs a Cardedeu - Turisme Vall\u00e8s\",\"isPartOf\":{\"@id\":\"https:\/\/turismevalles.com\/en\/#website\"},\"primaryImageOfPage\":{\"@id\":\"https:\/\/turismevalles.com\/es\/events\/tres-tombs-a-cardedeu\/#primaryimage\"},\"image\":{\"@id\":\"https:\/\/turismevalles.com\/es\/events\/tres-tombs-a-cardedeu\/#primaryimage\"},\"thumbnailUrl\":\"https:\/\/turismevalles.com\/wp-content\/uploads\/2023\/01\/Destacada-tres-tombs-Cardedeu.jpg\",\"datePublished\":\"2023-01-13T11:08:08+00:00\",\"dateModified\":\"2023-01-13T11:09:26+00:00\",\"breadcrumb\":{\"@id\":\"https:\/\/turismevalles.com\/es\/events\/tres-tombs-a-cardedeu\/#breadcrumb\"},\"inLanguage\":\"es\",\"potentialAction\":[{\"@type\":\"ReadAction\",\"target\":[\"https:\/\/turismevalles.com\/es\/events\/tres-tombs-a-cardedeu\/\"]}]},{\"@type\":\"ImageObject\",\"inLanguage\":\"es\",\"@id\":\"https:\/\/turismevalles.com\/es\/events\/tres-tombs-a-cardedeu\/#primaryimage\",\"url\":\"https:\/\/turismevalles.com\/wp-content\/uploads\/2023\/01\/Destacada-tres-tombs-Cardedeu.jpg\",\"contentUrl\":\"https:\/\/turismevalles.com\/wp-content\/uploads\/2023\/01\/Destacada-tres-tombs-Cardedeu.jpg\",\"width\":579,\"height\":357},{\"@type\":\"BreadcrumbList\",\"@id\":\"https:\/\/turismevalles.com\/es\/events\/tres-tombs-a-cardedeu\/#breadcrumb\",\"itemListElement\":[{\"@type\":\"ListItem\",\"position\":1,\"name\":\"Inicio\",\"item\":\"https:\/\/turismevalles.com\/es\/\"},{\"@type\":\"ListItem\",\"position\":2,\"name\":\"Esdeveniments\",\"item\":\"https:\/\/turismevalles.com\/events\/\"},{\"@type\":\"ListItem\",\"position\":3,\"name\":\"Los Tres Tombs a Cardedeu\"}]},{\"@type\":\"WebSite\",\"@id\":\"https:\/\/turismevalles.com\/en\/#website\",\"url\":\"https:\/\/turismevalles.com\/en\/\",\"name\":\"Turisme Vall\u00e8s\",\"description\":\"\",\"publisher\":{\"@id\":\"https:\/\/turismevalles.com\/en\/#organization\"},\"potentialAction\":[{\"@type\":\"SearchAction\",\"target\":{\"@type\":\"EntryPoint\",\"urlTemplate\":\"https:\/\/turismevalles.com\/en\/?s={search_term_string}\"},\"query-input\":{\"@type\":\"PropertyValueSpecification\",\"valueRequired\":true,\"valueName\":\"search_term_string\"}}],\"inLanguage\":\"es\"},{\"@type\":\"Organization\",\"@id\":\"https:\/\/turismevalles.com\/en\/#organization\",\"name\":\"Turisme Vall\u00e8s\",\"url\":\"https:\/\/turismevalles.com\/en\/\",\"logo\":{\"@type\":\"ImageObject\",\"inLanguage\":\"es\",\"@id\":\"https:\/\/turismevalles.com\/en\/#\/schema\/logo\/image\/\",\"url\":\"https:\/\/turismevalles.com\/wp-content\/uploads\/2020\/08\/cropped-logo_ca-2.png\",\"contentUrl\":\"https:\/\/turismevalles.com\/wp-content\/uploads\/2020\/08\/cropped-logo_ca-2.png\",\"width\":314,\"height\":85,\"caption\":\"Turisme Vall\u00e8s\"},\"image\":{\"@id\":\"https:\/\/turismevalles.com\/en\/#\/schema\/logo\/image\/\"}}]}<\/script>\n<!-- \/ Yoast SEO plugin. -->","yoast_head_json":{"title":"Los Tres Tombs a Cardedeu - Turisme Vall\u00e8s","robots":{"index":"index","follow":"follow","max-snippet":"max-snippet:-1","max-image-preview":"max-image-preview:large","max-video-preview":"max-video-preview:-1"},"canonical":"https:\/\/turismevalles.com\/es\/events\/tres-tombs-a-cardedeu\/","og_locale":"es_ES","og_type":"article","og_title":"Los Tres Tombs a Cardedeu - Turisme Vall\u00e8s","og_description":"Domingo, 22 de enero de 2023 a las 12:30 h Festividad de San Antonio Abad Desfile a las 12.30 h.\u00a0Inicio del recorrido en el Paseo ... Veure m\u00e9s","og_url":"https:\/\/turismevalles.com\/es\/events\/tres-tombs-a-cardedeu\/","og_site_name":"Turisme Vall\u00e8s","article_modified_time":"2023-01-13T11:09:26+00:00","og_image":[{"width":579,"height":357,"url":"https:\/\/turismevalles.com\/wp-content\/uploads\/2023\/01\/Destacada-tres-tombs-Cardedeu.jpg","type":"image\/jpeg"}],"twitter_card":"summary_large_image","twitter_misc":{"Tiempo de lectura":"1 minuto"},"schema":{"@context":"https:\/\/schema.org","@graph":[{"@type":"WebPage","@id":"https:\/\/turismevalles.com\/es\/events\/tres-tombs-a-cardedeu\/","url":"https:\/\/turismevalles.com\/es\/events\/tres-tombs-a-cardedeu\/","name":"Los Tres Tombs a Cardedeu - Turisme Vall\u00e8s","isPartOf":{"@id":"https:\/\/turismevalles.com\/en\/#website"},"primaryImageOfPage":{"@id":"https:\/\/turismevalles.com\/es\/events\/tres-tombs-a-cardedeu\/#primaryimage"},"image":{"@id":"https:\/\/turismevalles.com\/es\/events\/tres-tombs-a-cardedeu\/#primaryimage"},"thumbnailUrl":"https:\/\/turismevalles.com\/wp-content\/uploads\/2023\/01\/Destacada-tres-tombs-Cardedeu.jpg","datePublished":"2023-01-13T11:08:08+00:00","dateModified":"2023-01-13T11:09:26+00:00","breadcrumb":{"@id":"https:\/\/turismevalles.com\/es\/events\/tres-tombs-a-cardedeu\/#breadcrumb"},"inLanguage":"es","potentialAction":[{"@type":"ReadAction","target":["https:\/\/turismevalles.com\/es\/events\/tres-tombs-a-cardedeu\/"]}]},{"@type":"ImageObject","inLanguage":"es","@id":"https:\/\/turismevalles.com\/es\/events\/tres-tombs-a-cardedeu\/#primaryimage","url":"https:\/\/turismevalles.com\/wp-content\/uploads\/2023\/01\/Destacada-tres-tombs-Cardedeu.jpg","contentUrl":"https:\/\/turismevalles.com\/wp-content\/uploads\/2023\/01\/Destacada-tres-tombs-Cardedeu.jpg","width":579,"height":357},{"@type":"BreadcrumbList","@id":"https:\/\/turismevalles.com\/es\/events\/tres-tombs-a-cardedeu\/#breadcrumb","itemListElement":[{"@type":"ListItem","position":1,"name":"Inicio","item":"https:\/\/turismevalles.com\/es\/"},{"@type":"ListItem","position":2,"name":"Esdeveniments","item":"https:\/\/turismevalles.com\/events\/"},{"@type":"ListItem","position":3,"name":"Los Tres Tombs a Cardedeu"}]},{"@type":"WebSite","@id":"https:\/\/turismevalles.com\/en\/#website","url":"https:\/\/turismevalles.com\/en\/","name":"Turisme Vall\u00e8s","description":"","publisher":{"@id":"https:\/\/turismevalles.com\/en\/#organization"},"potentialAction":[{"@type":"SearchAction","target":{"@type":"EntryPoint","urlTemplate":"https:\/\/turismevalles.com\/en\/?s={search_term_string}"},"query-input":{"@type":"PropertyValueSpecification","valueRequired":true,"valueName":"search_term_string"}}],"inLanguage":"es"},{"@type":"Organization","@id":"https:\/\/turismevalles.com\/en\/#organization","name":"Turisme Vall\u00e8s","url":"https:\/\/turismevalles.com\/en\/","logo":{"@type":"ImageObject","inLanguage":"es","@id":"https:\/\/turismevalles.com\/en\/#\/schema\/logo\/image\/","url":"https:\/\/turismevalles.com\/wp-content\/uploads\/2020\/08\/cropped-logo_ca-2.png","contentUrl":"https:\/\/turismevalles.com\/wp-content\/uploads\/2020\/08\/cropped-logo_ca-2.png","width":314,"height":85,"caption":"Turisme Vall\u00e8s"},"image":{"@id":"https:\/\/turismevalles.com\/en\/#\/schema\/logo\/image\/"}}]}},"uagb_featured_image_src":{"full":["https:\/\/turismevalles.com\/wp-content\/uploads\/2023\/01\/Destacada-tres-tombs-Cardedeu.jpg",579,357,false],"thumbnail":["https:\/\/turismevalles.com\/wp-content\/uploads\/2023\/01\/Destacada-tres-tombs-Cardedeu-150x150.jpg",150,150,true],"medium":["https:\/\/turismevalles.com\/wp-content\/uploads\/2023\/01\/Destacada-tres-tombs-Cardedeu-300x185.jpg",300,185,true],"medium_large":["https:\/\/turismevalles.com\/wp-content\/uploads\/2023\/01\/Destacada-tres-tombs-Cardedeu.jpg",579,357,false],"large":["https:\/\/turismevalles.com\/wp-content\/uploads\/2023\/01\/Destacada-tres-tombs-Cardedeu.jpg",579,357,false],"thumblist":["https:\/\/turismevalles.com\/wp-content\/uploads\/2023\/01\/Destacada-tres-tombs-Cardedeu-300x300.jpg",300,300,true],"meccarouselthumb":["https:\/\/turismevalles.com\/wp-content\/uploads\/2023\/01\/Destacada-tres-tombs-Cardedeu-474x324.jpg",474,324,true],"gridsquare":["https:\/\/turismevalles.com\/wp-content\/uploads\/2023\/01\/Destacada-tres-tombs-Cardedeu-391x260.jpg",391,260,true],"tileview":["https:\/\/turismevalles.com\/wp-content\/uploads\/2023\/01\/Destacada-tres-tombs-Cardedeu-300x357.jpg",300,357,true],"1536x1536":["https:\/\/turismevalles.com\/wp-content\/uploads\/2023\/01\/Destacada-tres-tombs-Cardedeu.jpg",579,357,false],"2048x2048":["https:\/\/turismevalles.com\/wp-content\/uploads\/2023\/01\/Destacada-tres-tombs-Cardedeu.jpg",579,357,false]},"uagb_author_info":{"display_name":"Turisme Valles","author_link":"https:\/\/turismevalles.com\/es\/author\/turismevallesoriental\/"},"uagb_comment_info":0,"uagb_excerpt":"Domingo, 22 de enero de 2023 a las 12:30 h Festividad de San Antonio Abad Desfile a las 12.30 h.\u00a0Inicio del recorrido en el Paseo ... Veure m\u00e9s","_links":{"self":[{"href":"https:\/\/turismevalles.com\/es\/wp-json\/wp\/v2\/mec-events\/23694","targetHints":{"allow":["GET"]}}],"collection":[{"href":"https:\/\/turismevalles.com\/es\/wp-json\/wp\/v2\/mec-events"}],"about":[{"href":"https:\/\/turismevalles.com\/es\/wp-json\/wp\/v2\/types\/mec-events"}],"author":[{"embeddable":true,"href":"https:\/\/turismevalles.com\/es\/wp-json\/wp\/v2\/users\/5"}],"replies":[{"embeddable":true,"href":"https:\/\/turismevalles.com\/es\/wp-json\/wp\/v2\/comments?post=23694"}],"wp:featuredmedia":[{"embeddable":true,"href":"https:\/\/turismevalles.com\/es\/wp-json\/wp\/v2\/media\/23689"}],"wp:attachment":[{"href":"https:\/\/turismevalles.com\/es\/wp-json\/wp\/v2\/media?parent=23694"}],"wp:term":[{"taxonomy":"post_tag","embeddable":true,"href":"https:\/\/turismevalles.com\/es\/wp-json\/wp\/v2\/tags?post=23694"},{"taxonomy":"poblacions","embeddable":true,"href":"https:\/\/turismevalles.com\/es\/wp-json\/wp\/v2\/poblacions?post=23694"},{"taxonomy":"mec_category","embeddable":true,"href":"https:\/\/turismevalles.com\/es\/wp-json\/wp\/v2\/mec_category?post=23694"}],"curies":[{"name":"wp","href":"https:\/\/api.w.org\/{rel}","templated":true}]}}