{"id":23786,"date":"2023-01-19T10:18:52","date_gmt":"2023-01-19T09:18:52","guid":{"rendered":"http:\/\/turismevalles.com.mialias.net\/events\/sant-antoni-abat-canovelles\/"},"modified":"2023-01-19T10:24:26","modified_gmt":"2023-01-19T09:24:26","slug":"sant-antoni-abat-canovelles","status":"publish","type":"mec-events","link":"https:\/\/turismevalles.com\/es\/events\/sant-antoni-abat-canovelles\/","title":{"rendered":"San Antonio Abad &#8211; Canovelles"},"content":{"rendered":"<p><img loading=\"lazy\" decoding=\"async\" class=\"aligncenter size-full wp-image-23782\" src=\"http:\/\/turismevalles.com\/wp-content\/uploads\/2023\/01\/Sant-Antoni-Canovelles.jpg\" alt=\"\" width=\"389\" height=\"411\" srcset=\"https:\/\/turismevalles.com\/wp-content\/uploads\/2023\/01\/Sant-Antoni-Canovelles.jpg 389w, https:\/\/turismevalles.com\/wp-content\/uploads\/2023\/01\/Sant-Antoni-Canovelles-284x300.jpg 284w\" sizes=\"auto, (max-width: 389px) 100vw, 389px\" \/><\/p>\n<p>El d\u00eda de San Antonio, que organiza la Comisi\u00f3n de San Antonio Aabate, se celebrar\u00e1 el s\u00e1bado 21 de enero en la plaza de Margarida Xirgu.\u00a0El acto empezar\u00e1 sobre las 9.30 con el desayuno popular para todos los participantes.\u00a0A las 10.30 horas est\u00e1 previsto que act\u00fae la Colla bastonera de la Comi.\u00a0Y, a las 11 horas, tendr\u00e1 lugar la bendici\u00f3n de los animales.\u00a0A continuaci\u00f3n, se iniciar\u00e1 el pase por las calles del municipio.<\/p>\n<p style=\"font-weight: 400;\">Este a\u00f1o el recorrido ser\u00e1 el siguiente: El pase arrancar\u00e1 en la calle de Barcelona, \u200b\u200bcontinuar\u00e1 por la Avenida de Canovelles, pasar\u00e1 por el barrio de Sana\u00fcja y continuar\u00e1 por las calles del casco urbano como la calle de la Virgen del Pilar, Diagonal, de la Industria, del Molino de la Sal y de la Riera.\u00a0El pase terminar\u00e1 cerca de la escuela Congost.<\/p>\n","protected":false},"excerpt":{"rendered":"<p>El d\u00eda de San Antonio, que organiza la Comisi\u00f3n de San Antonio Aabate, se celebrar\u00e1 el s\u00e1bado 21 de enero en la plaza de Margarida &#8230; <a title=\"San Antonio Abad &#8211; Canovelles\" class=\"read-more\" href=\"https:\/\/turismevalles.com\/es\/events\/sant-antoni-abat-canovelles\/\" aria-label=\"M\u00e1s en San Antonio Abad &#8211; Canovelles\">Veure m\u00e9s<\/a><\/p>\n","protected":false},"author":5,"featured_media":23781,"comment_status":"open","ping_status":"closed","template":"","tags":[1076,1586],"poblacions":[905],"mec_category":[970,929,1660],"class_list":["post-23786","mec-events","type-mec-events","status-publish","has-post-thumbnail","hentry","tag-animales","tag-tradiciones","poblacions-canovelles-es","mec_category-activitats-en-familia-es","mec_category-cultura-es","mec_category-fires-i-festes-es","generate-columns","tablet-grid-50","mobile-grid-100","grid-parent","grid-33"],"acf":[],"yoast_head":"<!-- This site is optimized with the Yoast SEO plugin v26.4 - https:\/\/yoast.com\/wordpress\/plugins\/seo\/ -->\n<title>San Antonio Abad - Canovelles - Turisme Vall\u00e8s<\/title>\n<meta name=\"description\" content=\"Fiestas i actividades cerca de Barcelona. Fiesta de San Antonio Abad a Canovelles. Vall\u00e8s Oriental.\" \/>\n<meta name=\"robots\" content=\"index, follow, max-snippet:-1, max-image-preview:large, max-video-preview:-1\" \/>\n<link rel=\"canonical\" href=\"https:\/\/turismevalles.com\/es\/events\/sant-antoni-abat-canovelles\/\" \/>\n<meta property=\"og:locale\" content=\"es_ES\" \/>\n<meta property=\"og:type\" content=\"article\" \/>\n<meta property=\"og:title\" content=\"San Antonio Abad - Canovelles - Turisme Vall\u00e8s\" \/>\n<meta property=\"og:description\" content=\"Fiestas i actividades cerca de Barcelona. Fiesta de San Antonio Abad a Canovelles. Vall\u00e8s Oriental.\" \/>\n<meta property=\"og:url\" content=\"https:\/\/turismevalles.com\/es\/events\/sant-antoni-abat-canovelles\/\" \/>\n<meta property=\"og:site_name\" content=\"Turisme Vall\u00e8s\" \/>\n<meta property=\"article:modified_time\" content=\"2023-01-19T09:24:26+00:00\" \/>\n<meta property=\"og:image\" content=\"https:\/\/turismevalles.com\/wp-content\/uploads\/2023\/01\/Destacada-S-Antoni-Canovelles.jpg\" \/>\n\t<meta property=\"og:image:width\" content=\"383\" \/>\n\t<meta property=\"og:image:height\" content=\"159\" \/>\n\t<meta property=\"og:image:type\" content=\"image\/jpeg\" \/>\n<meta name=\"twitter:card\" content=\"summary_large_image\" \/>\n<meta name=\"twitter:label1\" content=\"Tiempo de lectura\" \/>\n\t<meta name=\"twitter:data1\" content=\"1 minuto\" \/>\n<script type=\"application\/ld+json\" class=\"yoast-schema-graph\">{\"@context\":\"https:\/\/schema.org\",\"@graph\":[{\"@type\":\"WebPage\",\"@id\":\"https:\/\/turismevalles.com\/es\/events\/sant-antoni-abat-canovelles\/\",\"url\":\"https:\/\/turismevalles.com\/es\/events\/sant-antoni-abat-canovelles\/\",\"name\":\"San Antonio Abad - Canovelles - Turisme Vall\u00e8s\",\"isPartOf\":{\"@id\":\"https:\/\/turismevalles.com\/en\/#website\"},\"primaryImageOfPage\":{\"@id\":\"https:\/\/turismevalles.com\/es\/events\/sant-antoni-abat-canovelles\/#primaryimage\"},\"image\":{\"@id\":\"https:\/\/turismevalles.com\/es\/events\/sant-antoni-abat-canovelles\/#primaryimage\"},\"thumbnailUrl\":\"https:\/\/turismevalles.com\/wp-content\/uploads\/2023\/01\/Destacada-S-Antoni-Canovelles.jpg\",\"datePublished\":\"2023-01-19T09:18:52+00:00\",\"dateModified\":\"2023-01-19T09:24:26+00:00\",\"description\":\"Fiestas i actividades cerca de Barcelona. Fiesta de San Antonio Abad a Canovelles. Vall\u00e8s Oriental.\",\"breadcrumb\":{\"@id\":\"https:\/\/turismevalles.com\/es\/events\/sant-antoni-abat-canovelles\/#breadcrumb\"},\"inLanguage\":\"es\",\"potentialAction\":[{\"@type\":\"ReadAction\",\"target\":[\"https:\/\/turismevalles.com\/es\/events\/sant-antoni-abat-canovelles\/\"]}]},{\"@type\":\"ImageObject\",\"inLanguage\":\"es\",\"@id\":\"https:\/\/turismevalles.com\/es\/events\/sant-antoni-abat-canovelles\/#primaryimage\",\"url\":\"https:\/\/turismevalles.com\/wp-content\/uploads\/2023\/01\/Destacada-S-Antoni-Canovelles.jpg\",\"contentUrl\":\"https:\/\/turismevalles.com\/wp-content\/uploads\/2023\/01\/Destacada-S-Antoni-Canovelles.jpg\",\"width\":383,\"height\":159},{\"@type\":\"BreadcrumbList\",\"@id\":\"https:\/\/turismevalles.com\/es\/events\/sant-antoni-abat-canovelles\/#breadcrumb\",\"itemListElement\":[{\"@type\":\"ListItem\",\"position\":1,\"name\":\"Inicio\",\"item\":\"https:\/\/turismevalles.com\/es\/\"},{\"@type\":\"ListItem\",\"position\":2,\"name\":\"Esdeveniments\",\"item\":\"https:\/\/turismevalles.com\/events\/\"},{\"@type\":\"ListItem\",\"position\":3,\"name\":\"San Antonio Abad &#8211; Canovelles\"}]},{\"@type\":\"WebSite\",\"@id\":\"https:\/\/turismevalles.com\/en\/#website\",\"url\":\"https:\/\/turismevalles.com\/en\/\",\"name\":\"Turisme Vall\u00e8s\",\"description\":\"\",\"publisher\":{\"@id\":\"https:\/\/turismevalles.com\/en\/#organization\"},\"potentialAction\":[{\"@type\":\"SearchAction\",\"target\":{\"@type\":\"EntryPoint\",\"urlTemplate\":\"https:\/\/turismevalles.com\/en\/?s={search_term_string}\"},\"query-input\":{\"@type\":\"PropertyValueSpecification\",\"valueRequired\":true,\"valueName\":\"search_term_string\"}}],\"inLanguage\":\"es\"},{\"@type\":\"Organization\",\"@id\":\"https:\/\/turismevalles.com\/en\/#organization\",\"name\":\"Turisme Vall\u00e8s\",\"url\":\"https:\/\/turismevalles.com\/en\/\",\"logo\":{\"@type\":\"ImageObject\",\"inLanguage\":\"es\",\"@id\":\"https:\/\/turismevalles.com\/en\/#\/schema\/logo\/image\/\",\"url\":\"https:\/\/turismevalles.com\/wp-content\/uploads\/2020\/08\/cropped-logo_ca-2.png\",\"contentUrl\":\"https:\/\/turismevalles.com\/wp-content\/uploads\/2020\/08\/cropped-logo_ca-2.png\",\"width\":314,\"height\":85,\"caption\":\"Turisme Vall\u00e8s\"},\"image\":{\"@id\":\"https:\/\/turismevalles.com\/en\/#\/schema\/logo\/image\/\"}}]}<\/script>\n<!-- \/ Yoast SEO plugin. -->","yoast_head_json":{"title":"San Antonio Abad - Canovelles - Turisme Vall\u00e8s","description":"Fiestas i actividades cerca de Barcelona. Fiesta de San Antonio Abad a Canovelles. Vall\u00e8s Oriental.","robots":{"index":"index","follow":"follow","max-snippet":"max-snippet:-1","max-image-preview":"max-image-preview:large","max-video-preview":"max-video-preview:-1"},"canonical":"https:\/\/turismevalles.com\/es\/events\/sant-antoni-abat-canovelles\/","og_locale":"es_ES","og_type":"article","og_title":"San Antonio Abad - Canovelles - Turisme Vall\u00e8s","og_description":"Fiestas i actividades cerca de Barcelona. Fiesta de San Antonio Abad a Canovelles. Vall\u00e8s Oriental.","og_url":"https:\/\/turismevalles.com\/es\/events\/sant-antoni-abat-canovelles\/","og_site_name":"Turisme Vall\u00e8s","article_modified_time":"2023-01-19T09:24:26+00:00","og_image":[{"width":383,"height":159,"url":"https:\/\/turismevalles.com\/wp-content\/uploads\/2023\/01\/Destacada-S-Antoni-Canovelles.jpg","type":"image\/jpeg"}],"twitter_card":"summary_large_image","twitter_misc":{"Tiempo de lectura":"1 minuto"},"schema":{"@context":"https:\/\/schema.org","@graph":[{"@type":"WebPage","@id":"https:\/\/turismevalles.com\/es\/events\/sant-antoni-abat-canovelles\/","url":"https:\/\/turismevalles.com\/es\/events\/sant-antoni-abat-canovelles\/","name":"San Antonio Abad - Canovelles - Turisme Vall\u00e8s","isPartOf":{"@id":"https:\/\/turismevalles.com\/en\/#website"},"primaryImageOfPage":{"@id":"https:\/\/turismevalles.com\/es\/events\/sant-antoni-abat-canovelles\/#primaryimage"},"image":{"@id":"https:\/\/turismevalles.com\/es\/events\/sant-antoni-abat-canovelles\/#primaryimage"},"thumbnailUrl":"https:\/\/turismevalles.com\/wp-content\/uploads\/2023\/01\/Destacada-S-Antoni-Canovelles.jpg","datePublished":"2023-01-19T09:18:52+00:00","dateModified":"2023-01-19T09:24:26+00:00","description":"Fiestas i actividades cerca de Barcelona. Fiesta de San Antonio Abad a Canovelles. Vall\u00e8s Oriental.","breadcrumb":{"@id":"https:\/\/turismevalles.com\/es\/events\/sant-antoni-abat-canovelles\/#breadcrumb"},"inLanguage":"es","potentialAction":[{"@type":"ReadAction","target":["https:\/\/turismevalles.com\/es\/events\/sant-antoni-abat-canovelles\/"]}]},{"@type":"ImageObject","inLanguage":"es","@id":"https:\/\/turismevalles.com\/es\/events\/sant-antoni-abat-canovelles\/#primaryimage","url":"https:\/\/turismevalles.com\/wp-content\/uploads\/2023\/01\/Destacada-S-Antoni-Canovelles.jpg","contentUrl":"https:\/\/turismevalles.com\/wp-content\/uploads\/2023\/01\/Destacada-S-Antoni-Canovelles.jpg","width":383,"height":159},{"@type":"BreadcrumbList","@id":"https:\/\/turismevalles.com\/es\/events\/sant-antoni-abat-canovelles\/#breadcrumb","itemListElement":[{"@type":"ListItem","position":1,"name":"Inicio","item":"https:\/\/turismevalles.com\/es\/"},{"@type":"ListItem","position":2,"name":"Esdeveniments","item":"https:\/\/turismevalles.com\/events\/"},{"@type":"ListItem","position":3,"name":"San Antonio Abad &#8211; Canovelles"}]},{"@type":"WebSite","@id":"https:\/\/turismevalles.com\/en\/#website","url":"https:\/\/turismevalles.com\/en\/","name":"Turisme Vall\u00e8s","description":"","publisher":{"@id":"https:\/\/turismevalles.com\/en\/#organization"},"potentialAction":[{"@type":"SearchAction","target":{"@type":"EntryPoint","urlTemplate":"https:\/\/turismevalles.com\/en\/?s={search_term_string}"},"query-input":{"@type":"PropertyValueSpecification","valueRequired":true,"valueName":"search_term_string"}}],"inLanguage":"es"},{"@type":"Organization","@id":"https:\/\/turismevalles.com\/en\/#organization","name":"Turisme Vall\u00e8s","url":"https:\/\/turismevalles.com\/en\/","logo":{"@type":"ImageObject","inLanguage":"es","@id":"https:\/\/turismevalles.com\/en\/#\/schema\/logo\/image\/","url":"https:\/\/turismevalles.com\/wp-content\/uploads\/2020\/08\/cropped-logo_ca-2.png","contentUrl":"https:\/\/turismevalles.com\/wp-content\/uploads\/2020\/08\/cropped-logo_ca-2.png","width":314,"height":85,"caption":"Turisme Vall\u00e8s"},"image":{"@id":"https:\/\/turismevalles.com\/en\/#\/schema\/logo\/image\/"}}]}},"uagb_featured_image_src":{"full":["https:\/\/turismevalles.com\/wp-content\/uploads\/2023\/01\/Destacada-S-Antoni-Canovelles.jpg",383,159,false],"thumbnail":["https:\/\/turismevalles.com\/wp-content\/uploads\/2023\/01\/Destacada-S-Antoni-Canovelles-150x150.jpg",150,150,true],"medium":["https:\/\/turismevalles.com\/wp-content\/uploads\/2023\/01\/Destacada-S-Antoni-Canovelles-300x125.jpg",300,125,true],"medium_large":["https:\/\/turismevalles.com\/wp-content\/uploads\/2023\/01\/Destacada-S-Antoni-Canovelles.jpg",383,159,false],"large":["https:\/\/turismevalles.com\/wp-content\/uploads\/2023\/01\/Destacada-S-Antoni-Canovelles.jpg",383,159,false],"thumblist":["https:\/\/turismevalles.com\/wp-content\/uploads\/2023\/01\/Destacada-S-Antoni-Canovelles-300x159.jpg",300,159,true],"meccarouselthumb":["https:\/\/turismevalles.com\/wp-content\/uploads\/2023\/01\/Destacada-S-Antoni-Canovelles.jpg",383,159,false],"gridsquare":["https:\/\/turismevalles.com\/wp-content\/uploads\/2023\/01\/Destacada-S-Antoni-Canovelles.jpg",383,159,false],"tileview":["https:\/\/turismevalles.com\/wp-content\/uploads\/2023\/01\/Destacada-S-Antoni-Canovelles-300x159.jpg",300,159,true],"1536x1536":["https:\/\/turismevalles.com\/wp-content\/uploads\/2023\/01\/Destacada-S-Antoni-Canovelles.jpg",383,159,false],"2048x2048":["https:\/\/turismevalles.com\/wp-content\/uploads\/2023\/01\/Destacada-S-Antoni-Canovelles.jpg",383,159,false]},"uagb_author_info":{"display_name":"Turisme Valles","author_link":"https:\/\/turismevalles.com\/es\/author\/turismevallesoriental\/"},"uagb_comment_info":0,"uagb_excerpt":"El d\u00eda de San Antonio, que organiza la Comisi\u00f3n de San Antonio Aabate, se celebrar\u00e1 el s\u00e1bado 21 de enero en la plaza de Margarida ... Veure m\u00e9s","_links":{"self":[{"href":"https:\/\/turismevalles.com\/es\/wp-json\/wp\/v2\/mec-events\/23786","targetHints":{"allow":["GET"]}}],"collection":[{"href":"https:\/\/turismevalles.com\/es\/wp-json\/wp\/v2\/mec-events"}],"about":[{"href":"https:\/\/turismevalles.com\/es\/wp-json\/wp\/v2\/types\/mec-events"}],"author":[{"embeddable":true,"href":"https:\/\/turismevalles.com\/es\/wp-json\/wp\/v2\/users\/5"}],"replies":[{"embeddable":true,"href":"https:\/\/turismevalles.com\/es\/wp-json\/wp\/v2\/comments?post=23786"}],"wp:featuredmedia":[{"embeddable":true,"href":"https:\/\/turismevalles.com\/es\/wp-json\/wp\/v2\/media\/23781"}],"wp:attachment":[{"href":"https:\/\/turismevalles.com\/es\/wp-json\/wp\/v2\/media?parent=23786"}],"wp:term":[{"taxonomy":"post_tag","embeddable":true,"href":"https:\/\/turismevalles.com\/es\/wp-json\/wp\/v2\/tags?post=23786"},{"taxonomy":"poblacions","embeddable":true,"href":"https:\/\/turismevalles.com\/es\/wp-json\/wp\/v2\/poblacions?post=23786"},{"taxonomy":"mec_category","embeddable":true,"href":"https:\/\/turismevalles.com\/es\/wp-json\/wp\/v2\/mec_category?post=23786"}],"curies":[{"name":"wp","href":"https:\/\/api.w.org\/{rel}","templated":true}]}}