{"id":23861,"date":"2023-01-19T13:44:57","date_gmt":"2023-01-19T12:44:57","guid":{"rendered":"http:\/\/turismevalles.com.mialias.net\/events\/festa-dels-tres-tombs-santa-eulalia-de-roncana\/"},"modified":"2023-01-23T10:28:07","modified_gmt":"2023-01-23T09:28:07","slug":"festa-dels-tres-tombs-santa-eulalia-de-roncana","status":"publish","type":"mec-events","link":"https:\/\/turismevalles.com\/es\/events\/festa-dels-tres-tombs-santa-eulalia-de-roncana\/","title":{"rendered":"Fiesta de los Tres Tombs &#8211; Santa Eul\u00e0lia de Ron\u00e7ana"},"content":{"rendered":"<div class=\"brcm-cms-flash-messages\"><strong>D\u00eda y hora:<\/strong>\u00a0diumenge 12\/02\/2023 de les 8:30 a les 14:00<\/div>\n<div class=\"brcm-calendar-module\">\n<div class=\"brcm-event-detail\">\n<div class=\"brcm-event-detail-column-left\">\n<p class=\"brcm-organizer\"><strong>Organita:<\/strong>\u00a0Amics del Cavall<\/p>\n<div class=\"brcm-body\">\n<p>8.30 h a La F\u00e0brica: Esmorzar popular (3\u20ac). Llesques de pa amb tom\u00e0quet, cansalada i botifarra, vi i aigua.<\/p>\n<p>11.30 h des de La F\u00e0brica a l&#8217;Esgl\u00e9sia: Cercavila dels Tres Tombs.<\/p>\n<p>11.30 h a l&#8217;Esgl\u00e9sia: Missa solemne. En acabat, repartiment dels panets de Sant Antoni per gentilesa de Ron\u00e7ana Comer\u00e7 Actiu.<\/p>\n<p>A la sortida de Missa: Tres Tombs i benedicci\u00f3 dels animals. Podeu portar a beneir els vostres animals de companyia. Carquinyolis i vi per a tothom.<\/p>\n<\/div>\n<\/div>\n<\/div>\n<\/div>\n","protected":false},"excerpt":{"rendered":"<p>D\u00eda y hora:\u00a0diumenge 12\/02\/2023 de les 8:30 a les 14:00 Organita:\u00a0Amics del Cavall 8.30 h a La F\u00e0brica: Esmorzar popular (3\u20ac). Llesques de pa amb &#8230; <a title=\"Fiesta de los Tres Tombs &#8211; Santa Eul\u00e0lia de Ron\u00e7ana\" class=\"read-more\" href=\"https:\/\/turismevalles.com\/es\/events\/festa-dels-tres-tombs-santa-eulalia-de-roncana\/\" aria-label=\"M\u00e1s en Fiesta de los Tres Tombs &#8211; Santa Eul\u00e0lia de Ron\u00e7ana\">Veure m\u00e9s<\/a><\/p>\n","protected":false},"author":5,"featured_media":23860,"comment_status":"open","ping_status":"closed","template":"","tags":[1076,1077,2070,1426,1429],"poblacions":[899],"mec_category":[970,1660],"class_list":["post-23861","mec-events","type-mec-events","status-publish","has-post-thumbnail","hentry","tag-animales","tag-animals","tag-animals-2-es","tag-tradicio-es","tag-tradicion","poblacions-santa-eulalia-de-roncana-es","mec_category-activitats-en-familia-es","mec_category-fires-i-festes-es","generate-columns","tablet-grid-50","mobile-grid-100","grid-parent","grid-33"],"acf":[],"yoast_head":"<!-- This site is optimized with the Yoast SEO plugin v26.4 - https:\/\/yoast.com\/wordpress\/plugins\/seo\/ -->\n<title>Fiesta de los Tres Tombs - Santa Eul\u00e0lia de Ron\u00e7ana - Turisme Vall\u00e8s<\/title>\n<meta name=\"description\" content=\"Fiesta de los Tres Tombs a Santa Eul\u00e0lia de Ron\u00e7ana. Fiesta cerca de Barcelona, Vall\u00e8s Oriental\" \/>\n<meta name=\"robots\" content=\"index, follow, max-snippet:-1, max-image-preview:large, max-video-preview:-1\" \/>\n<link rel=\"canonical\" href=\"https:\/\/turismevalles.com\/es\/events\/festa-dels-tres-tombs-santa-eulalia-de-roncana\/\" \/>\n<meta property=\"og:locale\" content=\"es_ES\" \/>\n<meta property=\"og:type\" content=\"article\" \/>\n<meta property=\"og:title\" content=\"Fiesta de los Tres Tombs - Santa Eul\u00e0lia de Ron\u00e7ana - Turisme Vall\u00e8s\" \/>\n<meta property=\"og:description\" content=\"Fiesta de los Tres Tombs a Santa Eul\u00e0lia de Ron\u00e7ana. Fiesta cerca de Barcelona, Vall\u00e8s Oriental\" \/>\n<meta property=\"og:url\" content=\"https:\/\/turismevalles.com\/es\/events\/festa-dels-tres-tombs-santa-eulalia-de-roncana\/\" \/>\n<meta property=\"og:site_name\" content=\"Turisme Vall\u00e8s\" \/>\n<meta property=\"article:modified_time\" content=\"2023-01-23T09:28:07+00:00\" \/>\n<meta property=\"og:image\" content=\"https:\/\/turismevalles.com\/wp-content\/uploads\/2023\/01\/Tres-tombs-SER.jpg\" \/>\n\t<meta property=\"og:image:width\" content=\"359\" \/>\n\t<meta property=\"og:image:height\" content=\"286\" \/>\n\t<meta property=\"og:image:type\" content=\"image\/jpeg\" \/>\n<meta name=\"twitter:card\" content=\"summary_large_image\" \/>\n<meta name=\"twitter:label1\" content=\"Tiempo de lectura\" \/>\n\t<meta name=\"twitter:data1\" content=\"1 minuto\" \/>\n<script type=\"application\/ld+json\" class=\"yoast-schema-graph\">{\"@context\":\"https:\/\/schema.org\",\"@graph\":[{\"@type\":\"WebPage\",\"@id\":\"https:\/\/turismevalles.com\/es\/events\/festa-dels-tres-tombs-santa-eulalia-de-roncana\/\",\"url\":\"https:\/\/turismevalles.com\/es\/events\/festa-dels-tres-tombs-santa-eulalia-de-roncana\/\",\"name\":\"Fiesta de los Tres Tombs - Santa Eul\u00e0lia de Ron\u00e7ana - Turisme Vall\u00e8s\",\"isPartOf\":{\"@id\":\"https:\/\/turismevalles.com\/en\/#website\"},\"primaryImageOfPage\":{\"@id\":\"https:\/\/turismevalles.com\/es\/events\/festa-dels-tres-tombs-santa-eulalia-de-roncana\/#primaryimage\"},\"image\":{\"@id\":\"https:\/\/turismevalles.com\/es\/events\/festa-dels-tres-tombs-santa-eulalia-de-roncana\/#primaryimage\"},\"thumbnailUrl\":\"https:\/\/turismevalles.com\/wp-content\/uploads\/2023\/01\/Tres-tombs-SER.jpg\",\"datePublished\":\"2023-01-19T12:44:57+00:00\",\"dateModified\":\"2023-01-23T09:28:07+00:00\",\"description\":\"Fiesta de los Tres Tombs a Santa Eul\u00e0lia de Ron\u00e7ana. Fiesta cerca de Barcelona, Vall\u00e8s Oriental\",\"breadcrumb\":{\"@id\":\"https:\/\/turismevalles.com\/es\/events\/festa-dels-tres-tombs-santa-eulalia-de-roncana\/#breadcrumb\"},\"inLanguage\":\"es\",\"potentialAction\":[{\"@type\":\"ReadAction\",\"target\":[\"https:\/\/turismevalles.com\/es\/events\/festa-dels-tres-tombs-santa-eulalia-de-roncana\/\"]}]},{\"@type\":\"ImageObject\",\"inLanguage\":\"es\",\"@id\":\"https:\/\/turismevalles.com\/es\/events\/festa-dels-tres-tombs-santa-eulalia-de-roncana\/#primaryimage\",\"url\":\"https:\/\/turismevalles.com\/wp-content\/uploads\/2023\/01\/Tres-tombs-SER.jpg\",\"contentUrl\":\"https:\/\/turismevalles.com\/wp-content\/uploads\/2023\/01\/Tres-tombs-SER.jpg\",\"width\":359,\"height\":286},{\"@type\":\"BreadcrumbList\",\"@id\":\"https:\/\/turismevalles.com\/es\/events\/festa-dels-tres-tombs-santa-eulalia-de-roncana\/#breadcrumb\",\"itemListElement\":[{\"@type\":\"ListItem\",\"position\":1,\"name\":\"Inicio\",\"item\":\"https:\/\/turismevalles.com\/es\/\"},{\"@type\":\"ListItem\",\"position\":2,\"name\":\"Esdeveniments\",\"item\":\"https:\/\/turismevalles.com\/events\/\"},{\"@type\":\"ListItem\",\"position\":3,\"name\":\"Fiesta de los Tres Tombs &#8211; Santa Eul\u00e0lia de Ron\u00e7ana\"}]},{\"@type\":\"WebSite\",\"@id\":\"https:\/\/turismevalles.com\/en\/#website\",\"url\":\"https:\/\/turismevalles.com\/en\/\",\"name\":\"Turisme Vall\u00e8s\",\"description\":\"\",\"publisher\":{\"@id\":\"https:\/\/turismevalles.com\/en\/#organization\"},\"potentialAction\":[{\"@type\":\"SearchAction\",\"target\":{\"@type\":\"EntryPoint\",\"urlTemplate\":\"https:\/\/turismevalles.com\/en\/?s={search_term_string}\"},\"query-input\":{\"@type\":\"PropertyValueSpecification\",\"valueRequired\":true,\"valueName\":\"search_term_string\"}}],\"inLanguage\":\"es\"},{\"@type\":\"Organization\",\"@id\":\"https:\/\/turismevalles.com\/en\/#organization\",\"name\":\"Turisme Vall\u00e8s\",\"url\":\"https:\/\/turismevalles.com\/en\/\",\"logo\":{\"@type\":\"ImageObject\",\"inLanguage\":\"es\",\"@id\":\"https:\/\/turismevalles.com\/en\/#\/schema\/logo\/image\/\",\"url\":\"https:\/\/turismevalles.com\/wp-content\/uploads\/2020\/08\/cropped-logo_ca-2.png\",\"contentUrl\":\"https:\/\/turismevalles.com\/wp-content\/uploads\/2020\/08\/cropped-logo_ca-2.png\",\"width\":314,\"height\":85,\"caption\":\"Turisme Vall\u00e8s\"},\"image\":{\"@id\":\"https:\/\/turismevalles.com\/en\/#\/schema\/logo\/image\/\"}}]}<\/script>\n<!-- \/ Yoast SEO plugin. -->","yoast_head_json":{"title":"Fiesta de los Tres Tombs - Santa Eul\u00e0lia de Ron\u00e7ana - Turisme Vall\u00e8s","description":"Fiesta de los Tres Tombs a Santa Eul\u00e0lia de Ron\u00e7ana. Fiesta cerca de Barcelona, Vall\u00e8s Oriental","robots":{"index":"index","follow":"follow","max-snippet":"max-snippet:-1","max-image-preview":"max-image-preview:large","max-video-preview":"max-video-preview:-1"},"canonical":"https:\/\/turismevalles.com\/es\/events\/festa-dels-tres-tombs-santa-eulalia-de-roncana\/","og_locale":"es_ES","og_type":"article","og_title":"Fiesta de los Tres Tombs - Santa Eul\u00e0lia de Ron\u00e7ana - Turisme Vall\u00e8s","og_description":"Fiesta de los Tres Tombs a Santa Eul\u00e0lia de Ron\u00e7ana. Fiesta cerca de Barcelona, Vall\u00e8s Oriental","og_url":"https:\/\/turismevalles.com\/es\/events\/festa-dels-tres-tombs-santa-eulalia-de-roncana\/","og_site_name":"Turisme Vall\u00e8s","article_modified_time":"2023-01-23T09:28:07+00:00","og_image":[{"width":359,"height":286,"url":"https:\/\/turismevalles.com\/wp-content\/uploads\/2023\/01\/Tres-tombs-SER.jpg","type":"image\/jpeg"}],"twitter_card":"summary_large_image","twitter_misc":{"Tiempo de lectura":"1 minuto"},"schema":{"@context":"https:\/\/schema.org","@graph":[{"@type":"WebPage","@id":"https:\/\/turismevalles.com\/es\/events\/festa-dels-tres-tombs-santa-eulalia-de-roncana\/","url":"https:\/\/turismevalles.com\/es\/events\/festa-dels-tres-tombs-santa-eulalia-de-roncana\/","name":"Fiesta de los Tres Tombs - Santa Eul\u00e0lia de Ron\u00e7ana - Turisme Vall\u00e8s","isPartOf":{"@id":"https:\/\/turismevalles.com\/en\/#website"},"primaryImageOfPage":{"@id":"https:\/\/turismevalles.com\/es\/events\/festa-dels-tres-tombs-santa-eulalia-de-roncana\/#primaryimage"},"image":{"@id":"https:\/\/turismevalles.com\/es\/events\/festa-dels-tres-tombs-santa-eulalia-de-roncana\/#primaryimage"},"thumbnailUrl":"https:\/\/turismevalles.com\/wp-content\/uploads\/2023\/01\/Tres-tombs-SER.jpg","datePublished":"2023-01-19T12:44:57+00:00","dateModified":"2023-01-23T09:28:07+00:00","description":"Fiesta de los Tres Tombs a Santa Eul\u00e0lia de Ron\u00e7ana. Fiesta cerca de Barcelona, Vall\u00e8s Oriental","breadcrumb":{"@id":"https:\/\/turismevalles.com\/es\/events\/festa-dels-tres-tombs-santa-eulalia-de-roncana\/#breadcrumb"},"inLanguage":"es","potentialAction":[{"@type":"ReadAction","target":["https:\/\/turismevalles.com\/es\/events\/festa-dels-tres-tombs-santa-eulalia-de-roncana\/"]}]},{"@type":"ImageObject","inLanguage":"es","@id":"https:\/\/turismevalles.com\/es\/events\/festa-dels-tres-tombs-santa-eulalia-de-roncana\/#primaryimage","url":"https:\/\/turismevalles.com\/wp-content\/uploads\/2023\/01\/Tres-tombs-SER.jpg","contentUrl":"https:\/\/turismevalles.com\/wp-content\/uploads\/2023\/01\/Tres-tombs-SER.jpg","width":359,"height":286},{"@type":"BreadcrumbList","@id":"https:\/\/turismevalles.com\/es\/events\/festa-dels-tres-tombs-santa-eulalia-de-roncana\/#breadcrumb","itemListElement":[{"@type":"ListItem","position":1,"name":"Inicio","item":"https:\/\/turismevalles.com\/es\/"},{"@type":"ListItem","position":2,"name":"Esdeveniments","item":"https:\/\/turismevalles.com\/events\/"},{"@type":"ListItem","position":3,"name":"Fiesta de los Tres Tombs &#8211; Santa Eul\u00e0lia de Ron\u00e7ana"}]},{"@type":"WebSite","@id":"https:\/\/turismevalles.com\/en\/#website","url":"https:\/\/turismevalles.com\/en\/","name":"Turisme Vall\u00e8s","description":"","publisher":{"@id":"https:\/\/turismevalles.com\/en\/#organization"},"potentialAction":[{"@type":"SearchAction","target":{"@type":"EntryPoint","urlTemplate":"https:\/\/turismevalles.com\/en\/?s={search_term_string}"},"query-input":{"@type":"PropertyValueSpecification","valueRequired":true,"valueName":"search_term_string"}}],"inLanguage":"es"},{"@type":"Organization","@id":"https:\/\/turismevalles.com\/en\/#organization","name":"Turisme Vall\u00e8s","url":"https:\/\/turismevalles.com\/en\/","logo":{"@type":"ImageObject","inLanguage":"es","@id":"https:\/\/turismevalles.com\/en\/#\/schema\/logo\/image\/","url":"https:\/\/turismevalles.com\/wp-content\/uploads\/2020\/08\/cropped-logo_ca-2.png","contentUrl":"https:\/\/turismevalles.com\/wp-content\/uploads\/2020\/08\/cropped-logo_ca-2.png","width":314,"height":85,"caption":"Turisme Vall\u00e8s"},"image":{"@id":"https:\/\/turismevalles.com\/en\/#\/schema\/logo\/image\/"}}]}},"uagb_featured_image_src":{"full":["https:\/\/turismevalles.com\/wp-content\/uploads\/2023\/01\/Tres-tombs-SER.jpg",359,286,false],"thumbnail":["https:\/\/turismevalles.com\/wp-content\/uploads\/2023\/01\/Tres-tombs-SER-150x150.jpg",150,150,true],"medium":["https:\/\/turismevalles.com\/wp-content\/uploads\/2023\/01\/Tres-tombs-SER-300x239.jpg",300,239,true],"medium_large":["https:\/\/turismevalles.com\/wp-content\/uploads\/2023\/01\/Tres-tombs-SER.jpg",359,286,false],"large":["https:\/\/turismevalles.com\/wp-content\/uploads\/2023\/01\/Tres-tombs-SER.jpg",359,286,false],"thumblist":["https:\/\/turismevalles.com\/wp-content\/uploads\/2023\/01\/Tres-tombs-SER-300x286.jpg",300,286,true],"meccarouselthumb":["https:\/\/turismevalles.com\/wp-content\/uploads\/2023\/01\/Tres-tombs-SER.jpg",359,286,false],"gridsquare":["https:\/\/turismevalles.com\/wp-content\/uploads\/2023\/01\/Tres-tombs-SER-359x260.jpg",359,260,true],"tileview":["https:\/\/turismevalles.com\/wp-content\/uploads\/2023\/01\/Tres-tombs-SER-300x286.jpg",300,286,true],"1536x1536":["https:\/\/turismevalles.com\/wp-content\/uploads\/2023\/01\/Tres-tombs-SER.jpg",359,286,false],"2048x2048":["https:\/\/turismevalles.com\/wp-content\/uploads\/2023\/01\/Tres-tombs-SER.jpg",359,286,false]},"uagb_author_info":{"display_name":"Turisme Valles","author_link":"https:\/\/turismevalles.com\/es\/author\/turismevallesoriental\/"},"uagb_comment_info":0,"uagb_excerpt":"D\u00eda y hora:\u00a0diumenge 12\/02\/2023 de les 8:30 a les 14:00 Organita:\u00a0Amics del Cavall 8.30 h a La F\u00e0brica: Esmorzar popular (3\u20ac). Llesques de pa amb ... Veure m\u00e9s","_links":{"self":[{"href":"https:\/\/turismevalles.com\/es\/wp-json\/wp\/v2\/mec-events\/23861","targetHints":{"allow":["GET"]}}],"collection":[{"href":"https:\/\/turismevalles.com\/es\/wp-json\/wp\/v2\/mec-events"}],"about":[{"href":"https:\/\/turismevalles.com\/es\/wp-json\/wp\/v2\/types\/mec-events"}],"author":[{"embeddable":true,"href":"https:\/\/turismevalles.com\/es\/wp-json\/wp\/v2\/users\/5"}],"replies":[{"embeddable":true,"href":"https:\/\/turismevalles.com\/es\/wp-json\/wp\/v2\/comments?post=23861"}],"wp:featuredmedia":[{"embeddable":true,"href":"https:\/\/turismevalles.com\/es\/wp-json\/wp\/v2\/media\/23860"}],"wp:attachment":[{"href":"https:\/\/turismevalles.com\/es\/wp-json\/wp\/v2\/media?parent=23861"}],"wp:term":[{"taxonomy":"post_tag","embeddable":true,"href":"https:\/\/turismevalles.com\/es\/wp-json\/wp\/v2\/tags?post=23861"},{"taxonomy":"poblacions","embeddable":true,"href":"https:\/\/turismevalles.com\/es\/wp-json\/wp\/v2\/poblacions?post=23861"},{"taxonomy":"mec_category","embeddable":true,"href":"https:\/\/turismevalles.com\/es\/wp-json\/wp\/v2\/mec_category?post=23861"}],"curies":[{"name":"wp","href":"https:\/\/api.w.org\/{rel}","templated":true}]}}