{"id":24037,"date":"2023-01-23T12:34:27","date_gmt":"2023-01-23T11:34:27","guid":{"rendered":"http:\/\/turismevalles.com.mialias.net\/events\/finetwork-fim-juniorgp-al-circuit-de-barcelona-catalunya-montmelo\/"},"modified":"2023-01-23T12:35:56","modified_gmt":"2023-01-23T11:35:56","slug":"finetwork-fim-juniorgp-al-circuito-de-barcelona-cataluna-montmelo","status":"publish","type":"mec-events","link":"https:\/\/turismevalles.com\/es\/events\/finetwork-fim-juniorgp-al-circuito-de-barcelona-cataluna-montmelo\/","title":{"rendered":"Finetwork FIM JuniorGP en el Circuito de Barcelona-Catalu\u00f1a  &#8211; Montmel\u00f3"},"content":{"rendered":"<h2><strong>Nutridas parrillas e intensas pugnas suelen bautizar estas carreras!<\/strong><\/h2>\n<p>El certamen de promoci\u00f3n reconocido como el \u00faltimo paso en el programa \u201cRoad tono MotoGP\u2122\u201d volver\u00e1 a llevar a los j\u00f3venes talentos del panorama competitivo internacional al Circuito de Barcelona-Catalu\u00f1a y lo har\u00e1 el fin de semana del 15 y 16 de julio.<\/p>\n<p>El Finetwork FIM JuniorGP\u2122 contempla categor\u00edas como el Campeonato del Mundo J\u00fanior FIM Moto3\u2122, ahora conocido como JuniorGP\u2122, el Campeonato de Europa de*Moto2\u2122 o la Hawkers European Talento Cup. Nutridas parrillas e intensas pugnas suelen bautizar estas carreras, las cuales son emocionantes de principio a fin. Se trata de un certamen por el cual han llegado a pasar campeones como Marc M\u00e1rquez, Joan Mir i Fabio Quartararo.<\/p>\n","protected":false},"excerpt":{"rendered":"<p>Nutridas parrillas e intensas pugnas suelen bautizar estas carreras! El certamen de promoci\u00f3n reconocido como el \u00faltimo paso en el programa \u201cRoad tono MotoGP\u2122\u201d volver\u00e1 &#8230; <a title=\"Finetwork FIM JuniorGP en el Circuito de Barcelona-Catalu\u00f1a  &#8211; Montmel\u00f3\" class=\"read-more\" href=\"https:\/\/turismevalles.com\/es\/events\/finetwork-fim-juniorgp-al-circuito-de-barcelona-cataluna-montmelo\/\" aria-label=\"M\u00e1s en Finetwork FIM JuniorGP en el Circuito de Barcelona-Catalu\u00f1a  &#8211; Montmel\u00f3\">Veure m\u00e9s<\/a><\/p>\n","protected":false},"author":5,"featured_media":24036,"comment_status":"open","ping_status":"closed","template":"","tags":[2245,2246,1860],"poblacions":[900],"mec_category":[914,1864],"class_list":["post-24037","mec-events","type-mec-events","status-publish","has-post-thumbnail","hentry","tag-finetwork-es","tag-motociclismo-es","tag-motor-es","poblacions-montmelo-es","mec_category-esport-es","mec_category-motor-es","generate-columns","tablet-grid-50","mobile-grid-100","grid-parent","grid-33"],"acf":[],"yoast_head":"<!-- This site is optimized with the Yoast SEO plugin v26.4 - https:\/\/yoast.com\/wordpress\/plugins\/seo\/ -->\n<title>Finetwork FIM JuniorGP en el Circuito de Barcelona-Catalu\u00f1a - Montmel\u00f3 - Turisme Vall\u00e8s<\/title>\n<meta name=\"description\" content=\"Finetwork FIM JuniorGP en el Circuito de Barcelona-Catalu\u00f1a - Montmel\u00f3\" \/>\n<meta name=\"robots\" content=\"index, follow, max-snippet:-1, max-image-preview:large, max-video-preview:-1\" \/>\n<link rel=\"canonical\" href=\"https:\/\/turismevalles.com\/es\/events\/finetwork-fim-juniorgp-al-circuito-de-barcelona-cataluna-montmelo\/\" \/>\n<meta property=\"og:locale\" content=\"es_ES\" \/>\n<meta property=\"og:type\" content=\"article\" \/>\n<meta property=\"og:title\" content=\"Finetwork FIM JuniorGP en el Circuito de Barcelona-Catalu\u00f1a - Montmel\u00f3 - Turisme Vall\u00e8s\" \/>\n<meta property=\"og:description\" content=\"Finetwork FIM JuniorGP en el Circuito de Barcelona-Catalu\u00f1a - Montmel\u00f3\" \/>\n<meta property=\"og:url\" content=\"https:\/\/turismevalles.com\/es\/events\/finetwork-fim-juniorgp-al-circuito-de-barcelona-cataluna-montmelo\/\" \/>\n<meta property=\"og:site_name\" content=\"Turisme Vall\u00e8s\" \/>\n<meta property=\"article:modified_time\" content=\"2023-01-23T11:35:56+00:00\" \/>\n<meta property=\"og:image\" content=\"https:\/\/turismevalles.com\/wp-content\/uploads\/2023\/01\/Finetwork.jpg\" \/>\n\t<meta property=\"og:image:width\" content=\"250\" \/>\n\t<meta property=\"og:image:height\" content=\"182\" \/>\n\t<meta property=\"og:image:type\" content=\"image\/jpeg\" \/>\n<meta name=\"twitter:card\" content=\"summary_large_image\" \/>\n<meta name=\"twitter:label1\" content=\"Tiempo de lectura\" \/>\n\t<meta name=\"twitter:data1\" content=\"1 minuto\" \/>\n<script type=\"application\/ld+json\" class=\"yoast-schema-graph\">{\"@context\":\"https:\/\/schema.org\",\"@graph\":[{\"@type\":\"WebPage\",\"@id\":\"https:\/\/turismevalles.com\/es\/events\/finetwork-fim-juniorgp-al-circuito-de-barcelona-cataluna-montmelo\/\",\"url\":\"https:\/\/turismevalles.com\/es\/events\/finetwork-fim-juniorgp-al-circuito-de-barcelona-cataluna-montmelo\/\",\"name\":\"Finetwork FIM JuniorGP en el Circuito de Barcelona-Catalu\u00f1a - Montmel\u00f3 - Turisme Vall\u00e8s\",\"isPartOf\":{\"@id\":\"https:\/\/turismevalles.com\/en\/#website\"},\"primaryImageOfPage\":{\"@id\":\"https:\/\/turismevalles.com\/es\/events\/finetwork-fim-juniorgp-al-circuito-de-barcelona-cataluna-montmelo\/#primaryimage\"},\"image\":{\"@id\":\"https:\/\/turismevalles.com\/es\/events\/finetwork-fim-juniorgp-al-circuito-de-barcelona-cataluna-montmelo\/#primaryimage\"},\"thumbnailUrl\":\"https:\/\/turismevalles.com\/wp-content\/uploads\/2023\/01\/Finetwork.jpg\",\"datePublished\":\"2023-01-23T11:34:27+00:00\",\"dateModified\":\"2023-01-23T11:35:56+00:00\",\"description\":\"Finetwork FIM JuniorGP en el Circuito de Barcelona-Catalu\u00f1a - Montmel\u00f3\",\"breadcrumb\":{\"@id\":\"https:\/\/turismevalles.com\/es\/events\/finetwork-fim-juniorgp-al-circuito-de-barcelona-cataluna-montmelo\/#breadcrumb\"},\"inLanguage\":\"es\",\"potentialAction\":[{\"@type\":\"ReadAction\",\"target\":[\"https:\/\/turismevalles.com\/es\/events\/finetwork-fim-juniorgp-al-circuito-de-barcelona-cataluna-montmelo\/\"]}]},{\"@type\":\"ImageObject\",\"inLanguage\":\"es\",\"@id\":\"https:\/\/turismevalles.com\/es\/events\/finetwork-fim-juniorgp-al-circuito-de-barcelona-cataluna-montmelo\/#primaryimage\",\"url\":\"https:\/\/turismevalles.com\/wp-content\/uploads\/2023\/01\/Finetwork.jpg\",\"contentUrl\":\"https:\/\/turismevalles.com\/wp-content\/uploads\/2023\/01\/Finetwork.jpg\",\"width\":250,\"height\":182},{\"@type\":\"BreadcrumbList\",\"@id\":\"https:\/\/turismevalles.com\/es\/events\/finetwork-fim-juniorgp-al-circuito-de-barcelona-cataluna-montmelo\/#breadcrumb\",\"itemListElement\":[{\"@type\":\"ListItem\",\"position\":1,\"name\":\"Inicio\",\"item\":\"https:\/\/turismevalles.com\/es\/\"},{\"@type\":\"ListItem\",\"position\":2,\"name\":\"Esdeveniments\",\"item\":\"https:\/\/turismevalles.com\/events\/\"},{\"@type\":\"ListItem\",\"position\":3,\"name\":\"Finetwork FIM JuniorGP en el Circuito de Barcelona-Catalu\u00f1a &#8211; Montmel\u00f3\"}]},{\"@type\":\"WebSite\",\"@id\":\"https:\/\/turismevalles.com\/en\/#website\",\"url\":\"https:\/\/turismevalles.com\/en\/\",\"name\":\"Turisme Vall\u00e8s\",\"description\":\"\",\"publisher\":{\"@id\":\"https:\/\/turismevalles.com\/en\/#organization\"},\"potentialAction\":[{\"@type\":\"SearchAction\",\"target\":{\"@type\":\"EntryPoint\",\"urlTemplate\":\"https:\/\/turismevalles.com\/en\/?s={search_term_string}\"},\"query-input\":{\"@type\":\"PropertyValueSpecification\",\"valueRequired\":true,\"valueName\":\"search_term_string\"}}],\"inLanguage\":\"es\"},{\"@type\":\"Organization\",\"@id\":\"https:\/\/turismevalles.com\/en\/#organization\",\"name\":\"Turisme Vall\u00e8s\",\"url\":\"https:\/\/turismevalles.com\/en\/\",\"logo\":{\"@type\":\"ImageObject\",\"inLanguage\":\"es\",\"@id\":\"https:\/\/turismevalles.com\/en\/#\/schema\/logo\/image\/\",\"url\":\"https:\/\/turismevalles.com\/wp-content\/uploads\/2020\/08\/cropped-logo_ca-2.png\",\"contentUrl\":\"https:\/\/turismevalles.com\/wp-content\/uploads\/2020\/08\/cropped-logo_ca-2.png\",\"width\":314,\"height\":85,\"caption\":\"Turisme Vall\u00e8s\"},\"image\":{\"@id\":\"https:\/\/turismevalles.com\/en\/#\/schema\/logo\/image\/\"}}]}<\/script>\n<!-- \/ Yoast SEO plugin. -->","yoast_head_json":{"title":"Finetwork FIM JuniorGP en el Circuito de Barcelona-Catalu\u00f1a - Montmel\u00f3 - Turisme Vall\u00e8s","description":"Finetwork FIM JuniorGP en el Circuito de Barcelona-Catalu\u00f1a - Montmel\u00f3","robots":{"index":"index","follow":"follow","max-snippet":"max-snippet:-1","max-image-preview":"max-image-preview:large","max-video-preview":"max-video-preview:-1"},"canonical":"https:\/\/turismevalles.com\/es\/events\/finetwork-fim-juniorgp-al-circuito-de-barcelona-cataluna-montmelo\/","og_locale":"es_ES","og_type":"article","og_title":"Finetwork FIM JuniorGP en el Circuito de Barcelona-Catalu\u00f1a - Montmel\u00f3 - Turisme Vall\u00e8s","og_description":"Finetwork FIM JuniorGP en el Circuito de Barcelona-Catalu\u00f1a - Montmel\u00f3","og_url":"https:\/\/turismevalles.com\/es\/events\/finetwork-fim-juniorgp-al-circuito-de-barcelona-cataluna-montmelo\/","og_site_name":"Turisme Vall\u00e8s","article_modified_time":"2023-01-23T11:35:56+00:00","og_image":[{"width":250,"height":182,"url":"https:\/\/turismevalles.com\/wp-content\/uploads\/2023\/01\/Finetwork.jpg","type":"image\/jpeg"}],"twitter_card":"summary_large_image","twitter_misc":{"Tiempo de lectura":"1 minuto"},"schema":{"@context":"https:\/\/schema.org","@graph":[{"@type":"WebPage","@id":"https:\/\/turismevalles.com\/es\/events\/finetwork-fim-juniorgp-al-circuito-de-barcelona-cataluna-montmelo\/","url":"https:\/\/turismevalles.com\/es\/events\/finetwork-fim-juniorgp-al-circuito-de-barcelona-cataluna-montmelo\/","name":"Finetwork FIM JuniorGP en el Circuito de Barcelona-Catalu\u00f1a - Montmel\u00f3 - Turisme Vall\u00e8s","isPartOf":{"@id":"https:\/\/turismevalles.com\/en\/#website"},"primaryImageOfPage":{"@id":"https:\/\/turismevalles.com\/es\/events\/finetwork-fim-juniorgp-al-circuito-de-barcelona-cataluna-montmelo\/#primaryimage"},"image":{"@id":"https:\/\/turismevalles.com\/es\/events\/finetwork-fim-juniorgp-al-circuito-de-barcelona-cataluna-montmelo\/#primaryimage"},"thumbnailUrl":"https:\/\/turismevalles.com\/wp-content\/uploads\/2023\/01\/Finetwork.jpg","datePublished":"2023-01-23T11:34:27+00:00","dateModified":"2023-01-23T11:35:56+00:00","description":"Finetwork FIM JuniorGP en el Circuito de Barcelona-Catalu\u00f1a - Montmel\u00f3","breadcrumb":{"@id":"https:\/\/turismevalles.com\/es\/events\/finetwork-fim-juniorgp-al-circuito-de-barcelona-cataluna-montmelo\/#breadcrumb"},"inLanguage":"es","potentialAction":[{"@type":"ReadAction","target":["https:\/\/turismevalles.com\/es\/events\/finetwork-fim-juniorgp-al-circuito-de-barcelona-cataluna-montmelo\/"]}]},{"@type":"ImageObject","inLanguage":"es","@id":"https:\/\/turismevalles.com\/es\/events\/finetwork-fim-juniorgp-al-circuito-de-barcelona-cataluna-montmelo\/#primaryimage","url":"https:\/\/turismevalles.com\/wp-content\/uploads\/2023\/01\/Finetwork.jpg","contentUrl":"https:\/\/turismevalles.com\/wp-content\/uploads\/2023\/01\/Finetwork.jpg","width":250,"height":182},{"@type":"BreadcrumbList","@id":"https:\/\/turismevalles.com\/es\/events\/finetwork-fim-juniorgp-al-circuito-de-barcelona-cataluna-montmelo\/#breadcrumb","itemListElement":[{"@type":"ListItem","position":1,"name":"Inicio","item":"https:\/\/turismevalles.com\/es\/"},{"@type":"ListItem","position":2,"name":"Esdeveniments","item":"https:\/\/turismevalles.com\/events\/"},{"@type":"ListItem","position":3,"name":"Finetwork FIM JuniorGP en el Circuito de Barcelona-Catalu\u00f1a &#8211; Montmel\u00f3"}]},{"@type":"WebSite","@id":"https:\/\/turismevalles.com\/en\/#website","url":"https:\/\/turismevalles.com\/en\/","name":"Turisme Vall\u00e8s","description":"","publisher":{"@id":"https:\/\/turismevalles.com\/en\/#organization"},"potentialAction":[{"@type":"SearchAction","target":{"@type":"EntryPoint","urlTemplate":"https:\/\/turismevalles.com\/en\/?s={search_term_string}"},"query-input":{"@type":"PropertyValueSpecification","valueRequired":true,"valueName":"search_term_string"}}],"inLanguage":"es"},{"@type":"Organization","@id":"https:\/\/turismevalles.com\/en\/#organization","name":"Turisme Vall\u00e8s","url":"https:\/\/turismevalles.com\/en\/","logo":{"@type":"ImageObject","inLanguage":"es","@id":"https:\/\/turismevalles.com\/en\/#\/schema\/logo\/image\/","url":"https:\/\/turismevalles.com\/wp-content\/uploads\/2020\/08\/cropped-logo_ca-2.png","contentUrl":"https:\/\/turismevalles.com\/wp-content\/uploads\/2020\/08\/cropped-logo_ca-2.png","width":314,"height":85,"caption":"Turisme Vall\u00e8s"},"image":{"@id":"https:\/\/turismevalles.com\/en\/#\/schema\/logo\/image\/"}}]}},"uagb_featured_image_src":{"full":["https:\/\/turismevalles.com\/wp-content\/uploads\/2023\/01\/Finetwork.jpg",250,182,false],"thumbnail":["https:\/\/turismevalles.com\/wp-content\/uploads\/2023\/01\/Finetwork-150x150.jpg",150,150,true],"medium":["https:\/\/turismevalles.com\/wp-content\/uploads\/2023\/01\/Finetwork.jpg",250,182,false],"medium_large":["https:\/\/turismevalles.com\/wp-content\/uploads\/2023\/01\/Finetwork.jpg",250,182,false],"large":["https:\/\/turismevalles.com\/wp-content\/uploads\/2023\/01\/Finetwork.jpg",250,182,false],"thumblist":["https:\/\/turismevalles.com\/wp-content\/uploads\/2023\/01\/Finetwork.jpg",250,182,false],"meccarouselthumb":["https:\/\/turismevalles.com\/wp-content\/uploads\/2023\/01\/Finetwork.jpg",250,182,false],"gridsquare":["https:\/\/turismevalles.com\/wp-content\/uploads\/2023\/01\/Finetwork.jpg",250,182,false],"tileview":["https:\/\/turismevalles.com\/wp-content\/uploads\/2023\/01\/Finetwork.jpg",250,182,false],"1536x1536":["https:\/\/turismevalles.com\/wp-content\/uploads\/2023\/01\/Finetwork.jpg",250,182,false],"2048x2048":["https:\/\/turismevalles.com\/wp-content\/uploads\/2023\/01\/Finetwork.jpg",250,182,false]},"uagb_author_info":{"display_name":"Turisme Valles","author_link":"https:\/\/turismevalles.com\/es\/author\/turismevallesoriental\/"},"uagb_comment_info":0,"uagb_excerpt":"Nutridas parrillas e intensas pugnas suelen bautizar estas carreras! El certamen de promoci\u00f3n reconocido como el \u00faltimo paso en el programa \u201cRoad tono MotoGP\u2122\u201d volver\u00e1 ... Veure m\u00e9s","_links":{"self":[{"href":"https:\/\/turismevalles.com\/es\/wp-json\/wp\/v2\/mec-events\/24037","targetHints":{"allow":["GET"]}}],"collection":[{"href":"https:\/\/turismevalles.com\/es\/wp-json\/wp\/v2\/mec-events"}],"about":[{"href":"https:\/\/turismevalles.com\/es\/wp-json\/wp\/v2\/types\/mec-events"}],"author":[{"embeddable":true,"href":"https:\/\/turismevalles.com\/es\/wp-json\/wp\/v2\/users\/5"}],"replies":[{"embeddable":true,"href":"https:\/\/turismevalles.com\/es\/wp-json\/wp\/v2\/comments?post=24037"}],"wp:featuredmedia":[{"embeddable":true,"href":"https:\/\/turismevalles.com\/es\/wp-json\/wp\/v2\/media\/24036"}],"wp:attachment":[{"href":"https:\/\/turismevalles.com\/es\/wp-json\/wp\/v2\/media?parent=24037"}],"wp:term":[{"taxonomy":"post_tag","embeddable":true,"href":"https:\/\/turismevalles.com\/es\/wp-json\/wp\/v2\/tags?post=24037"},{"taxonomy":"poblacions","embeddable":true,"href":"https:\/\/turismevalles.com\/es\/wp-json\/wp\/v2\/poblacions?post=24037"},{"taxonomy":"mec_category","embeddable":true,"href":"https:\/\/turismevalles.com\/es\/wp-json\/wp\/v2\/mec_category?post=24037"}],"curies":[{"name":"wp","href":"https:\/\/api.w.org\/{rel}","templated":true}]}}