{"id":24393,"date":"2023-02-03T12:00:36","date_gmt":"2023-02-03T11:00:36","guid":{"rendered":"http:\/\/turismevalles.com.mialias.net\/events\/pedalada-per-espais-de-memoria-de-la-garriga\/"},"modified":"2023-02-03T12:02:02","modified_gmt":"2023-02-03T11:02:02","slug":"pedalada-per-espais-de-memoria-de-la-garriga","status":"publish","type":"mec-events","link":"https:\/\/turismevalles.com\/es\/events\/pedalada-per-espais-de-memoria-de-la-garriga\/","title":{"rendered":"Pedalada por espacios de memoria de La Garriga"},"content":{"rendered":"<div class=\"field field--name-field-data field--type-daterange field--label-inline\">\n<div class=\"field__label\">\n<p>Fecha: dom., 26\/02\/2023 &#8211; 10:30<\/p>\n<p>Punto de salida: Desde el Refugio Antia\u00e9reo de la Estaci\u00f3n<\/p>\n<p>A las 10:30h<\/p>\n<p>Una bicicletada para todos los p\u00fablicos para recorrer algunos de los principales espacios de memoria de la Garriga, con las explicaciones de las gu\u00edas del Centro de Visitantes de la Garriga.<\/p>\n<p>Desde el Refugio Antia\u00e9reo de la Estaci\u00f3n (Ronda del Carril s\/n)<\/p>\n<p>Organizan: Pedaleemos la Garriga y Centro de Visitantes<\/p>\n<p>&nbsp;<\/p>\n<p>Actividad dentro de la programaci\u00f3n de los actos de conmemoraci\u00f3n del bombardeo de la Garriga 2023<\/p>\n<\/div>\n<\/div>\n<div class=\"clearfix text-formatted field field--name-body field--type-text-with-summary field--label-hidden field__item\">\n<p>Info:\u00a0<a href=\"https:\/\/www.visitalagarriga.cat\/ca\/pedalada-espais-de-memoria-de-la-garriga\">https:\/\/www.visitalagarriga.cat\/ca\/pedalada-espais-de-memoria-de-la-garriga<\/a><\/p>\n<\/div>\n","protected":false},"excerpt":{"rendered":"<p>Fecha: dom., 26\/02\/2023 &#8211; 10:30 Punto de salida: Desde el Refugio Antia\u00e9reo de la Estaci\u00f3n A las 10:30h Una bicicletada para todos los p\u00fablicos para &#8230; <a title=\"Pedalada por espacios de memoria de La Garriga\" class=\"read-more\" href=\"https:\/\/turismevalles.com\/es\/events\/pedalada-per-espais-de-memoria-de-la-garriga\/\" aria-label=\"M\u00e1s en Pedalada por espacios de memoria de La Garriga\">Veure m\u00e9s<\/a><\/p>\n","protected":false},"author":5,"featured_media":24392,"comment_status":"open","ping_status":"closed","template":"","tags":[1483,2278,2279],"poblacions":[439],"mec_category":[915,914],"class_list":["post-24393","mec-events","type-mec-events","status-publish","has-post-thumbnail","hentry","tag-bicicleta-es","tag-cicloturisme-es","tag-pedalada-es","poblacions-la-garriga-es","mec_category-deporte","mec_category-esport-es","generate-columns","tablet-grid-50","mobile-grid-100","grid-parent","grid-33"],"acf":[],"yoast_head":"<!-- This site is optimized with the Yoast SEO plugin v26.4 - https:\/\/yoast.com\/wordpress\/plugins\/seo\/ -->\n<title>Pedalada por espacios de memoria de La Garriga - Turisme Vall\u00e8s<\/title>\n<meta name=\"description\" content=\"Qu\u00e9 hacer cerca de Barcelona: Pedalada a La Garriga. Vall\u00e8s Oriental\" \/>\n<meta name=\"robots\" content=\"index, follow, max-snippet:-1, max-image-preview:large, max-video-preview:-1\" \/>\n<link rel=\"canonical\" href=\"https:\/\/turismevalles.com\/es\/events\/pedalada-per-espais-de-memoria-de-la-garriga\/\" \/>\n<meta property=\"og:locale\" content=\"es_ES\" \/>\n<meta property=\"og:type\" content=\"article\" \/>\n<meta property=\"og:title\" content=\"Pedalada por espacios de memoria de La Garriga - Turisme Vall\u00e8s\" \/>\n<meta property=\"og:description\" content=\"Qu\u00e9 hacer cerca de Barcelona: Pedalada a La Garriga. Vall\u00e8s Oriental\" \/>\n<meta property=\"og:url\" content=\"https:\/\/turismevalles.com\/es\/events\/pedalada-per-espais-de-memoria-de-la-garriga\/\" \/>\n<meta property=\"og:site_name\" content=\"Turisme Vall\u00e8s\" \/>\n<meta property=\"article:modified_time\" content=\"2023-02-03T11:02:02+00:00\" \/>\n<meta property=\"og:image\" content=\"https:\/\/turismevalles.com\/wp-content\/uploads\/2023\/02\/Pedalada.jpg\" \/>\n\t<meta property=\"og:image:width\" content=\"533\" \/>\n\t<meta property=\"og:image:height\" content=\"334\" \/>\n\t<meta property=\"og:image:type\" content=\"image\/jpeg\" \/>\n<meta name=\"twitter:card\" content=\"summary_large_image\" \/>\n<meta name=\"twitter:label1\" content=\"Tiempo de lectura\" \/>\n\t<meta name=\"twitter:data1\" content=\"1 minuto\" \/>\n<script type=\"application\/ld+json\" class=\"yoast-schema-graph\">{\"@context\":\"https:\/\/schema.org\",\"@graph\":[{\"@type\":\"WebPage\",\"@id\":\"https:\/\/turismevalles.com\/es\/events\/pedalada-per-espais-de-memoria-de-la-garriga\/\",\"url\":\"https:\/\/turismevalles.com\/es\/events\/pedalada-per-espais-de-memoria-de-la-garriga\/\",\"name\":\"Pedalada por espacios de memoria de La Garriga - Turisme Vall\u00e8s\",\"isPartOf\":{\"@id\":\"https:\/\/turismevalles.com\/en\/#website\"},\"primaryImageOfPage\":{\"@id\":\"https:\/\/turismevalles.com\/es\/events\/pedalada-per-espais-de-memoria-de-la-garriga\/#primaryimage\"},\"image\":{\"@id\":\"https:\/\/turismevalles.com\/es\/events\/pedalada-per-espais-de-memoria-de-la-garriga\/#primaryimage\"},\"thumbnailUrl\":\"https:\/\/turismevalles.com\/wp-content\/uploads\/2023\/02\/Pedalada.jpg\",\"datePublished\":\"2023-02-03T11:00:36+00:00\",\"dateModified\":\"2023-02-03T11:02:02+00:00\",\"description\":\"Qu\u00e9 hacer cerca de Barcelona: Pedalada a La Garriga. Vall\u00e8s Oriental\",\"breadcrumb\":{\"@id\":\"https:\/\/turismevalles.com\/es\/events\/pedalada-per-espais-de-memoria-de-la-garriga\/#breadcrumb\"},\"inLanguage\":\"es\",\"potentialAction\":[{\"@type\":\"ReadAction\",\"target\":[\"https:\/\/turismevalles.com\/es\/events\/pedalada-per-espais-de-memoria-de-la-garriga\/\"]}]},{\"@type\":\"ImageObject\",\"inLanguage\":\"es\",\"@id\":\"https:\/\/turismevalles.com\/es\/events\/pedalada-per-espais-de-memoria-de-la-garriga\/#primaryimage\",\"url\":\"https:\/\/turismevalles.com\/wp-content\/uploads\/2023\/02\/Pedalada.jpg\",\"contentUrl\":\"https:\/\/turismevalles.com\/wp-content\/uploads\/2023\/02\/Pedalada.jpg\",\"width\":533,\"height\":334},{\"@type\":\"BreadcrumbList\",\"@id\":\"https:\/\/turismevalles.com\/es\/events\/pedalada-per-espais-de-memoria-de-la-garriga\/#breadcrumb\",\"itemListElement\":[{\"@type\":\"ListItem\",\"position\":1,\"name\":\"Inicio\",\"item\":\"https:\/\/turismevalles.com\/es\/\"},{\"@type\":\"ListItem\",\"position\":2,\"name\":\"Esdeveniments\",\"item\":\"https:\/\/turismevalles.com\/events\/\"},{\"@type\":\"ListItem\",\"position\":3,\"name\":\"Pedalada por espacios de memoria de La Garriga\"}]},{\"@type\":\"WebSite\",\"@id\":\"https:\/\/turismevalles.com\/en\/#website\",\"url\":\"https:\/\/turismevalles.com\/en\/\",\"name\":\"Turisme Vall\u00e8s\",\"description\":\"\",\"publisher\":{\"@id\":\"https:\/\/turismevalles.com\/en\/#organization\"},\"potentialAction\":[{\"@type\":\"SearchAction\",\"target\":{\"@type\":\"EntryPoint\",\"urlTemplate\":\"https:\/\/turismevalles.com\/en\/?s={search_term_string}\"},\"query-input\":{\"@type\":\"PropertyValueSpecification\",\"valueRequired\":true,\"valueName\":\"search_term_string\"}}],\"inLanguage\":\"es\"},{\"@type\":\"Organization\",\"@id\":\"https:\/\/turismevalles.com\/en\/#organization\",\"name\":\"Turisme Vall\u00e8s\",\"url\":\"https:\/\/turismevalles.com\/en\/\",\"logo\":{\"@type\":\"ImageObject\",\"inLanguage\":\"es\",\"@id\":\"https:\/\/turismevalles.com\/en\/#\/schema\/logo\/image\/\",\"url\":\"https:\/\/turismevalles.com\/wp-content\/uploads\/2020\/08\/cropped-logo_ca-2.png\",\"contentUrl\":\"https:\/\/turismevalles.com\/wp-content\/uploads\/2020\/08\/cropped-logo_ca-2.png\",\"width\":314,\"height\":85,\"caption\":\"Turisme Vall\u00e8s\"},\"image\":{\"@id\":\"https:\/\/turismevalles.com\/en\/#\/schema\/logo\/image\/\"}}]}<\/script>\n<!-- \/ Yoast SEO plugin. -->","yoast_head_json":{"title":"Pedalada por espacios de memoria de La Garriga - Turisme Vall\u00e8s","description":"Qu\u00e9 hacer cerca de Barcelona: Pedalada a La Garriga. Vall\u00e8s Oriental","robots":{"index":"index","follow":"follow","max-snippet":"max-snippet:-1","max-image-preview":"max-image-preview:large","max-video-preview":"max-video-preview:-1"},"canonical":"https:\/\/turismevalles.com\/es\/events\/pedalada-per-espais-de-memoria-de-la-garriga\/","og_locale":"es_ES","og_type":"article","og_title":"Pedalada por espacios de memoria de La Garriga - Turisme Vall\u00e8s","og_description":"Qu\u00e9 hacer cerca de Barcelona: Pedalada a La Garriga. Vall\u00e8s Oriental","og_url":"https:\/\/turismevalles.com\/es\/events\/pedalada-per-espais-de-memoria-de-la-garriga\/","og_site_name":"Turisme Vall\u00e8s","article_modified_time":"2023-02-03T11:02:02+00:00","og_image":[{"width":533,"height":334,"url":"https:\/\/turismevalles.com\/wp-content\/uploads\/2023\/02\/Pedalada.jpg","type":"image\/jpeg"}],"twitter_card":"summary_large_image","twitter_misc":{"Tiempo de lectura":"1 minuto"},"schema":{"@context":"https:\/\/schema.org","@graph":[{"@type":"WebPage","@id":"https:\/\/turismevalles.com\/es\/events\/pedalada-per-espais-de-memoria-de-la-garriga\/","url":"https:\/\/turismevalles.com\/es\/events\/pedalada-per-espais-de-memoria-de-la-garriga\/","name":"Pedalada por espacios de memoria de La Garriga - Turisme Vall\u00e8s","isPartOf":{"@id":"https:\/\/turismevalles.com\/en\/#website"},"primaryImageOfPage":{"@id":"https:\/\/turismevalles.com\/es\/events\/pedalada-per-espais-de-memoria-de-la-garriga\/#primaryimage"},"image":{"@id":"https:\/\/turismevalles.com\/es\/events\/pedalada-per-espais-de-memoria-de-la-garriga\/#primaryimage"},"thumbnailUrl":"https:\/\/turismevalles.com\/wp-content\/uploads\/2023\/02\/Pedalada.jpg","datePublished":"2023-02-03T11:00:36+00:00","dateModified":"2023-02-03T11:02:02+00:00","description":"Qu\u00e9 hacer cerca de Barcelona: Pedalada a La Garriga. Vall\u00e8s Oriental","breadcrumb":{"@id":"https:\/\/turismevalles.com\/es\/events\/pedalada-per-espais-de-memoria-de-la-garriga\/#breadcrumb"},"inLanguage":"es","potentialAction":[{"@type":"ReadAction","target":["https:\/\/turismevalles.com\/es\/events\/pedalada-per-espais-de-memoria-de-la-garriga\/"]}]},{"@type":"ImageObject","inLanguage":"es","@id":"https:\/\/turismevalles.com\/es\/events\/pedalada-per-espais-de-memoria-de-la-garriga\/#primaryimage","url":"https:\/\/turismevalles.com\/wp-content\/uploads\/2023\/02\/Pedalada.jpg","contentUrl":"https:\/\/turismevalles.com\/wp-content\/uploads\/2023\/02\/Pedalada.jpg","width":533,"height":334},{"@type":"BreadcrumbList","@id":"https:\/\/turismevalles.com\/es\/events\/pedalada-per-espais-de-memoria-de-la-garriga\/#breadcrumb","itemListElement":[{"@type":"ListItem","position":1,"name":"Inicio","item":"https:\/\/turismevalles.com\/es\/"},{"@type":"ListItem","position":2,"name":"Esdeveniments","item":"https:\/\/turismevalles.com\/events\/"},{"@type":"ListItem","position":3,"name":"Pedalada por espacios de memoria de La Garriga"}]},{"@type":"WebSite","@id":"https:\/\/turismevalles.com\/en\/#website","url":"https:\/\/turismevalles.com\/en\/","name":"Turisme Vall\u00e8s","description":"","publisher":{"@id":"https:\/\/turismevalles.com\/en\/#organization"},"potentialAction":[{"@type":"SearchAction","target":{"@type":"EntryPoint","urlTemplate":"https:\/\/turismevalles.com\/en\/?s={search_term_string}"},"query-input":{"@type":"PropertyValueSpecification","valueRequired":true,"valueName":"search_term_string"}}],"inLanguage":"es"},{"@type":"Organization","@id":"https:\/\/turismevalles.com\/en\/#organization","name":"Turisme Vall\u00e8s","url":"https:\/\/turismevalles.com\/en\/","logo":{"@type":"ImageObject","inLanguage":"es","@id":"https:\/\/turismevalles.com\/en\/#\/schema\/logo\/image\/","url":"https:\/\/turismevalles.com\/wp-content\/uploads\/2020\/08\/cropped-logo_ca-2.png","contentUrl":"https:\/\/turismevalles.com\/wp-content\/uploads\/2020\/08\/cropped-logo_ca-2.png","width":314,"height":85,"caption":"Turisme Vall\u00e8s"},"image":{"@id":"https:\/\/turismevalles.com\/en\/#\/schema\/logo\/image\/"}}]}},"uagb_featured_image_src":{"full":["https:\/\/turismevalles.com\/wp-content\/uploads\/2023\/02\/Pedalada.jpg",533,334,false],"thumbnail":["https:\/\/turismevalles.com\/wp-content\/uploads\/2023\/02\/Pedalada-150x150.jpg",150,150,true],"medium":["https:\/\/turismevalles.com\/wp-content\/uploads\/2023\/02\/Pedalada-300x188.jpg",300,188,true],"medium_large":["https:\/\/turismevalles.com\/wp-content\/uploads\/2023\/02\/Pedalada.jpg",533,334,false],"large":["https:\/\/turismevalles.com\/wp-content\/uploads\/2023\/02\/Pedalada.jpg",533,334,false],"thumblist":["https:\/\/turismevalles.com\/wp-content\/uploads\/2023\/02\/Pedalada-300x300.jpg",300,300,true],"meccarouselthumb":["https:\/\/turismevalles.com\/wp-content\/uploads\/2023\/02\/Pedalada-474x324.jpg",474,324,true],"gridsquare":["https:\/\/turismevalles.com\/wp-content\/uploads\/2023\/02\/Pedalada-391x260.jpg",391,260,true],"tileview":["https:\/\/turismevalles.com\/wp-content\/uploads\/2023\/02\/Pedalada-300x334.jpg",300,334,true],"1536x1536":["https:\/\/turismevalles.com\/wp-content\/uploads\/2023\/02\/Pedalada.jpg",533,334,false],"2048x2048":["https:\/\/turismevalles.com\/wp-content\/uploads\/2023\/02\/Pedalada.jpg",533,334,false]},"uagb_author_info":{"display_name":"Turisme Valles","author_link":"https:\/\/turismevalles.com\/es\/author\/turismevallesoriental\/"},"uagb_comment_info":0,"uagb_excerpt":"Fecha: dom., 26\/02\/2023 &#8211; 10:30 Punto de salida: Desde el Refugio Antia\u00e9reo de la Estaci\u00f3n A las 10:30h Una bicicletada para todos los p\u00fablicos para ... Veure m\u00e9s","_links":{"self":[{"href":"https:\/\/turismevalles.com\/es\/wp-json\/wp\/v2\/mec-events\/24393","targetHints":{"allow":["GET"]}}],"collection":[{"href":"https:\/\/turismevalles.com\/es\/wp-json\/wp\/v2\/mec-events"}],"about":[{"href":"https:\/\/turismevalles.com\/es\/wp-json\/wp\/v2\/types\/mec-events"}],"author":[{"embeddable":true,"href":"https:\/\/turismevalles.com\/es\/wp-json\/wp\/v2\/users\/5"}],"replies":[{"embeddable":true,"href":"https:\/\/turismevalles.com\/es\/wp-json\/wp\/v2\/comments?post=24393"}],"wp:featuredmedia":[{"embeddable":true,"href":"https:\/\/turismevalles.com\/es\/wp-json\/wp\/v2\/media\/24392"}],"wp:attachment":[{"href":"https:\/\/turismevalles.com\/es\/wp-json\/wp\/v2\/media?parent=24393"}],"wp:term":[{"taxonomy":"post_tag","embeddable":true,"href":"https:\/\/turismevalles.com\/es\/wp-json\/wp\/v2\/tags?post=24393"},{"taxonomy":"poblacions","embeddable":true,"href":"https:\/\/turismevalles.com\/es\/wp-json\/wp\/v2\/poblacions?post=24393"},{"taxonomy":"mec_category","embeddable":true,"href":"https:\/\/turismevalles.com\/es\/wp-json\/wp\/v2\/mec_category?post=24393"}],"curies":[{"name":"wp","href":"https:\/\/api.w.org\/{rel}","templated":true}]}}