{"id":24454,"date":"2023-02-03T12:42:56","date_gmt":"2023-02-03T11:42:56","guid":{"rendered":"http:\/\/turismevalles.com.mialias.net\/events\/festa-dels-tres-tombs-a-la-roca-del-valles\/"},"modified":"2023-02-03T12:44:40","modified_gmt":"2023-02-03T11:44:40","slug":"festa-dels-tres-tombs-a-la-roca-del-valles","status":"publish","type":"mec-events","link":"https:\/\/turismevalles.com\/es\/events\/festa-dels-tres-tombs-a-la-roca-del-valles\/","title":{"rendered":"Fiesta de los Tres Tombs en La Roca del Vall\u00e8s"},"content":{"rendered":"<div class=\"td_justificat\">\n<p>Fiesta de los TRES TOMBS!<\/p>\n<p>Almorzar: Escuela Mogent de 9-10h<br \/>\nConcentraci\u00f3n: La Riera 11h<br \/>\nBendici\u00f3n: Plaza de la Iglesia 11:30h<\/p>\n<p>PUERTA TUS MASCOTAS!<\/p>\n<p>Picapica POPULAR:\u00a0Plaza de la Era (al final de la fiesta)<br \/>\nInformaci\u00f3n: 938420183 &#8211; 938793019<\/p>\n<p>La asociaci\u00f3n recuerda a los participantes que los animales tienen que estar en condiciones adecuadas (higi\u00e9nica y sanitariamente) y debidamente documentados durante la celebraci\u00f3n de la fiesta. La asociaci\u00f3n se reserva el derecho\u00a0de admisi\u00f3n.<\/p>\n<\/div>\n<p>info:\u00a0<a href=\"http:\/\/www.laroca.cat\/inici\/actualitat\/que-esta-passant\/agenda\/sant-antoni-abat-2023\">http:\/\/www.laroca.cat\/inici\/actualitat\/que-esta-passant\/agenda\/sant-antoni-abat-2023<\/a><\/p>\n","protected":false},"excerpt":{"rendered":"<p>Fiesta de los TRES TOMBS! Almorzar: Escuela Mogent de 9-10h Concentraci\u00f3n: La Riera 11h Bendici\u00f3n: Plaza de la Iglesia 11:30h PUERTA TUS MASCOTAS! Picapica POPULAR:\u00a0Plaza &#8230; <a title=\"Fiesta de los Tres Tombs en La Roca del Vall\u00e8s\" class=\"read-more\" href=\"https:\/\/turismevalles.com\/es\/events\/festa-dels-tres-tombs-a-la-roca-del-valles\/\" aria-label=\"M\u00e1s en Fiesta de los Tres Tombs en La Roca del Vall\u00e8s\">Veure m\u00e9s<\/a><\/p>\n","protected":false},"author":5,"featured_media":24453,"comment_status":"open","ping_status":"closed","template":"","tags":[1076,2204],"poblacions":[892],"mec_category":[970,1660],"class_list":["post-24454","mec-events","type-mec-events","status-publish","has-post-thumbnail","hentry","tag-animales","tag-tres-tombs-es","poblacions-la-roca-del-valles-es","mec_category-activitats-en-familia-es","mec_category-fires-i-festes-es","generate-columns","tablet-grid-50","mobile-grid-100","grid-parent","grid-33"],"acf":[],"yoast_head":"<!-- This site is optimized with the Yoast SEO plugin v26.4 - https:\/\/yoast.com\/wordpress\/plugins\/seo\/ -->\n<title>Fiesta de los Tres Tombs en La Roca del Vall\u00e8s - Turisme Vall\u00e8s<\/title>\n<meta name=\"description\" content=\"Qu\u00e9 hacer cerca de Barcelona: Tres Tombs a La Roca del Vall\u00e8s. Vall\u00e8s Oriental\" \/>\n<meta name=\"robots\" content=\"index, follow, max-snippet:-1, max-image-preview:large, max-video-preview:-1\" \/>\n<link rel=\"canonical\" href=\"https:\/\/turismevalles.com\/es\/events\/festa-dels-tres-tombs-a-la-roca-del-valles\/\" \/>\n<meta property=\"og:locale\" content=\"es_ES\" \/>\n<meta property=\"og:type\" content=\"article\" \/>\n<meta property=\"og:title\" content=\"Fiesta de los Tres Tombs en La Roca del Vall\u00e8s - Turisme Vall\u00e8s\" \/>\n<meta property=\"og:description\" content=\"Qu\u00e9 hacer cerca de Barcelona: Tres Tombs a La Roca del Vall\u00e8s. Vall\u00e8s Oriental\" \/>\n<meta property=\"og:url\" content=\"https:\/\/turismevalles.com\/es\/events\/festa-dels-tres-tombs-a-la-roca-del-valles\/\" \/>\n<meta property=\"og:site_name\" content=\"Turisme Vall\u00e8s\" \/>\n<meta property=\"article:modified_time\" content=\"2023-02-03T11:44:40+00:00\" \/>\n<meta property=\"og:image\" content=\"https:\/\/turismevalles.com\/wp-content\/uploads\/2023\/02\/Tres-Tombs-La-Roca.jpg\" \/>\n\t<meta property=\"og:image:width\" content=\"519\" \/>\n\t<meta property=\"og:image:height\" content=\"487\" \/>\n\t<meta property=\"og:image:type\" content=\"image\/jpeg\" \/>\n<meta name=\"twitter:card\" content=\"summary_large_image\" \/>\n<meta name=\"twitter:label1\" content=\"Tiempo de lectura\" \/>\n\t<meta name=\"twitter:data1\" content=\"1 minuto\" \/>\n<script type=\"application\/ld+json\" class=\"yoast-schema-graph\">{\"@context\":\"https:\/\/schema.org\",\"@graph\":[{\"@type\":\"WebPage\",\"@id\":\"https:\/\/turismevalles.com\/es\/events\/festa-dels-tres-tombs-a-la-roca-del-valles\/\",\"url\":\"https:\/\/turismevalles.com\/es\/events\/festa-dels-tres-tombs-a-la-roca-del-valles\/\",\"name\":\"Fiesta de los Tres Tombs en La Roca del Vall\u00e8s - Turisme Vall\u00e8s\",\"isPartOf\":{\"@id\":\"https:\/\/turismevalles.com\/en\/#website\"},\"primaryImageOfPage\":{\"@id\":\"https:\/\/turismevalles.com\/es\/events\/festa-dels-tres-tombs-a-la-roca-del-valles\/#primaryimage\"},\"image\":{\"@id\":\"https:\/\/turismevalles.com\/es\/events\/festa-dels-tres-tombs-a-la-roca-del-valles\/#primaryimage\"},\"thumbnailUrl\":\"https:\/\/turismevalles.com\/wp-content\/uploads\/2023\/02\/Tres-Tombs-La-Roca.jpg\",\"datePublished\":\"2023-02-03T11:42:56+00:00\",\"dateModified\":\"2023-02-03T11:44:40+00:00\",\"description\":\"Qu\u00e9 hacer cerca de Barcelona: Tres Tombs a La Roca del Vall\u00e8s. Vall\u00e8s Oriental\",\"breadcrumb\":{\"@id\":\"https:\/\/turismevalles.com\/es\/events\/festa-dels-tres-tombs-a-la-roca-del-valles\/#breadcrumb\"},\"inLanguage\":\"es\",\"potentialAction\":[{\"@type\":\"ReadAction\",\"target\":[\"https:\/\/turismevalles.com\/es\/events\/festa-dels-tres-tombs-a-la-roca-del-valles\/\"]}]},{\"@type\":\"ImageObject\",\"inLanguage\":\"es\",\"@id\":\"https:\/\/turismevalles.com\/es\/events\/festa-dels-tres-tombs-a-la-roca-del-valles\/#primaryimage\",\"url\":\"https:\/\/turismevalles.com\/wp-content\/uploads\/2023\/02\/Tres-Tombs-La-Roca.jpg\",\"contentUrl\":\"https:\/\/turismevalles.com\/wp-content\/uploads\/2023\/02\/Tres-Tombs-La-Roca.jpg\",\"width\":519,\"height\":487},{\"@type\":\"BreadcrumbList\",\"@id\":\"https:\/\/turismevalles.com\/es\/events\/festa-dels-tres-tombs-a-la-roca-del-valles\/#breadcrumb\",\"itemListElement\":[{\"@type\":\"ListItem\",\"position\":1,\"name\":\"Inicio\",\"item\":\"https:\/\/turismevalles.com\/es\/\"},{\"@type\":\"ListItem\",\"position\":2,\"name\":\"Esdeveniments\",\"item\":\"https:\/\/turismevalles.com\/events\/\"},{\"@type\":\"ListItem\",\"position\":3,\"name\":\"Fiesta de los Tres Tombs en La Roca del Vall\u00e8s\"}]},{\"@type\":\"WebSite\",\"@id\":\"https:\/\/turismevalles.com\/en\/#website\",\"url\":\"https:\/\/turismevalles.com\/en\/\",\"name\":\"Turisme Vall\u00e8s\",\"description\":\"\",\"publisher\":{\"@id\":\"https:\/\/turismevalles.com\/en\/#organization\"},\"potentialAction\":[{\"@type\":\"SearchAction\",\"target\":{\"@type\":\"EntryPoint\",\"urlTemplate\":\"https:\/\/turismevalles.com\/en\/?s={search_term_string}\"},\"query-input\":{\"@type\":\"PropertyValueSpecification\",\"valueRequired\":true,\"valueName\":\"search_term_string\"}}],\"inLanguage\":\"es\"},{\"@type\":\"Organization\",\"@id\":\"https:\/\/turismevalles.com\/en\/#organization\",\"name\":\"Turisme Vall\u00e8s\",\"url\":\"https:\/\/turismevalles.com\/en\/\",\"logo\":{\"@type\":\"ImageObject\",\"inLanguage\":\"es\",\"@id\":\"https:\/\/turismevalles.com\/en\/#\/schema\/logo\/image\/\",\"url\":\"https:\/\/turismevalles.com\/wp-content\/uploads\/2020\/08\/cropped-logo_ca-2.png\",\"contentUrl\":\"https:\/\/turismevalles.com\/wp-content\/uploads\/2020\/08\/cropped-logo_ca-2.png\",\"width\":314,\"height\":85,\"caption\":\"Turisme Vall\u00e8s\"},\"image\":{\"@id\":\"https:\/\/turismevalles.com\/en\/#\/schema\/logo\/image\/\"}}]}<\/script>\n<!-- \/ Yoast SEO plugin. -->","yoast_head_json":{"title":"Fiesta de los Tres Tombs en La Roca del Vall\u00e8s - Turisme Vall\u00e8s","description":"Qu\u00e9 hacer cerca de Barcelona: Tres Tombs a La Roca del Vall\u00e8s. Vall\u00e8s Oriental","robots":{"index":"index","follow":"follow","max-snippet":"max-snippet:-1","max-image-preview":"max-image-preview:large","max-video-preview":"max-video-preview:-1"},"canonical":"https:\/\/turismevalles.com\/es\/events\/festa-dels-tres-tombs-a-la-roca-del-valles\/","og_locale":"es_ES","og_type":"article","og_title":"Fiesta de los Tres Tombs en La Roca del Vall\u00e8s - Turisme Vall\u00e8s","og_description":"Qu\u00e9 hacer cerca de Barcelona: Tres Tombs a La Roca del Vall\u00e8s. Vall\u00e8s Oriental","og_url":"https:\/\/turismevalles.com\/es\/events\/festa-dels-tres-tombs-a-la-roca-del-valles\/","og_site_name":"Turisme Vall\u00e8s","article_modified_time":"2023-02-03T11:44:40+00:00","og_image":[{"width":519,"height":487,"url":"https:\/\/turismevalles.com\/wp-content\/uploads\/2023\/02\/Tres-Tombs-La-Roca.jpg","type":"image\/jpeg"}],"twitter_card":"summary_large_image","twitter_misc":{"Tiempo de lectura":"1 minuto"},"schema":{"@context":"https:\/\/schema.org","@graph":[{"@type":"WebPage","@id":"https:\/\/turismevalles.com\/es\/events\/festa-dels-tres-tombs-a-la-roca-del-valles\/","url":"https:\/\/turismevalles.com\/es\/events\/festa-dels-tres-tombs-a-la-roca-del-valles\/","name":"Fiesta de los Tres Tombs en La Roca del Vall\u00e8s - Turisme Vall\u00e8s","isPartOf":{"@id":"https:\/\/turismevalles.com\/en\/#website"},"primaryImageOfPage":{"@id":"https:\/\/turismevalles.com\/es\/events\/festa-dels-tres-tombs-a-la-roca-del-valles\/#primaryimage"},"image":{"@id":"https:\/\/turismevalles.com\/es\/events\/festa-dels-tres-tombs-a-la-roca-del-valles\/#primaryimage"},"thumbnailUrl":"https:\/\/turismevalles.com\/wp-content\/uploads\/2023\/02\/Tres-Tombs-La-Roca.jpg","datePublished":"2023-02-03T11:42:56+00:00","dateModified":"2023-02-03T11:44:40+00:00","description":"Qu\u00e9 hacer cerca de Barcelona: Tres Tombs a La Roca del Vall\u00e8s. Vall\u00e8s Oriental","breadcrumb":{"@id":"https:\/\/turismevalles.com\/es\/events\/festa-dels-tres-tombs-a-la-roca-del-valles\/#breadcrumb"},"inLanguage":"es","potentialAction":[{"@type":"ReadAction","target":["https:\/\/turismevalles.com\/es\/events\/festa-dels-tres-tombs-a-la-roca-del-valles\/"]}]},{"@type":"ImageObject","inLanguage":"es","@id":"https:\/\/turismevalles.com\/es\/events\/festa-dels-tres-tombs-a-la-roca-del-valles\/#primaryimage","url":"https:\/\/turismevalles.com\/wp-content\/uploads\/2023\/02\/Tres-Tombs-La-Roca.jpg","contentUrl":"https:\/\/turismevalles.com\/wp-content\/uploads\/2023\/02\/Tres-Tombs-La-Roca.jpg","width":519,"height":487},{"@type":"BreadcrumbList","@id":"https:\/\/turismevalles.com\/es\/events\/festa-dels-tres-tombs-a-la-roca-del-valles\/#breadcrumb","itemListElement":[{"@type":"ListItem","position":1,"name":"Inicio","item":"https:\/\/turismevalles.com\/es\/"},{"@type":"ListItem","position":2,"name":"Esdeveniments","item":"https:\/\/turismevalles.com\/events\/"},{"@type":"ListItem","position":3,"name":"Fiesta de los Tres Tombs en La Roca del Vall\u00e8s"}]},{"@type":"WebSite","@id":"https:\/\/turismevalles.com\/en\/#website","url":"https:\/\/turismevalles.com\/en\/","name":"Turisme Vall\u00e8s","description":"","publisher":{"@id":"https:\/\/turismevalles.com\/en\/#organization"},"potentialAction":[{"@type":"SearchAction","target":{"@type":"EntryPoint","urlTemplate":"https:\/\/turismevalles.com\/en\/?s={search_term_string}"},"query-input":{"@type":"PropertyValueSpecification","valueRequired":true,"valueName":"search_term_string"}}],"inLanguage":"es"},{"@type":"Organization","@id":"https:\/\/turismevalles.com\/en\/#organization","name":"Turisme Vall\u00e8s","url":"https:\/\/turismevalles.com\/en\/","logo":{"@type":"ImageObject","inLanguage":"es","@id":"https:\/\/turismevalles.com\/en\/#\/schema\/logo\/image\/","url":"https:\/\/turismevalles.com\/wp-content\/uploads\/2020\/08\/cropped-logo_ca-2.png","contentUrl":"https:\/\/turismevalles.com\/wp-content\/uploads\/2020\/08\/cropped-logo_ca-2.png","width":314,"height":85,"caption":"Turisme Vall\u00e8s"},"image":{"@id":"https:\/\/turismevalles.com\/en\/#\/schema\/logo\/image\/"}}]}},"uagb_featured_image_src":{"full":["https:\/\/turismevalles.com\/wp-content\/uploads\/2023\/02\/Tres-Tombs-La-Roca.jpg",519,487,false],"thumbnail":["https:\/\/turismevalles.com\/wp-content\/uploads\/2023\/02\/Tres-Tombs-La-Roca-150x150.jpg",150,150,true],"medium":["https:\/\/turismevalles.com\/wp-content\/uploads\/2023\/02\/Tres-Tombs-La-Roca-300x282.jpg",300,282,true],"medium_large":["https:\/\/turismevalles.com\/wp-content\/uploads\/2023\/02\/Tres-Tombs-La-Roca.jpg",519,487,false],"large":["https:\/\/turismevalles.com\/wp-content\/uploads\/2023\/02\/Tres-Tombs-La-Roca.jpg",519,487,false],"thumblist":["https:\/\/turismevalles.com\/wp-content\/uploads\/2023\/02\/Tres-Tombs-La-Roca-300x300.jpg",300,300,true],"meccarouselthumb":["https:\/\/turismevalles.com\/wp-content\/uploads\/2023\/02\/Tres-Tombs-La-Roca-474x324.jpg",474,324,true],"gridsquare":["https:\/\/turismevalles.com\/wp-content\/uploads\/2023\/02\/Tres-Tombs-La-Roca-391x260.jpg",391,260,true],"tileview":["https:\/\/turismevalles.com\/wp-content\/uploads\/2023\/02\/Tres-Tombs-La-Roca-300x400.jpg",300,400,true],"1536x1536":["https:\/\/turismevalles.com\/wp-content\/uploads\/2023\/02\/Tres-Tombs-La-Roca.jpg",519,487,false],"2048x2048":["https:\/\/turismevalles.com\/wp-content\/uploads\/2023\/02\/Tres-Tombs-La-Roca.jpg",519,487,false]},"uagb_author_info":{"display_name":"Turisme Valles","author_link":"https:\/\/turismevalles.com\/es\/author\/turismevallesoriental\/"},"uagb_comment_info":0,"uagb_excerpt":"Fiesta de los TRES TOMBS! Almorzar: Escuela Mogent de 9-10h Concentraci\u00f3n: La Riera 11h Bendici\u00f3n: Plaza de la Iglesia 11:30h PUERTA TUS MASCOTAS! Picapica POPULAR:\u00a0Plaza ... Veure m\u00e9s","_links":{"self":[{"href":"https:\/\/turismevalles.com\/es\/wp-json\/wp\/v2\/mec-events\/24454","targetHints":{"allow":["GET"]}}],"collection":[{"href":"https:\/\/turismevalles.com\/es\/wp-json\/wp\/v2\/mec-events"}],"about":[{"href":"https:\/\/turismevalles.com\/es\/wp-json\/wp\/v2\/types\/mec-events"}],"author":[{"embeddable":true,"href":"https:\/\/turismevalles.com\/es\/wp-json\/wp\/v2\/users\/5"}],"replies":[{"embeddable":true,"href":"https:\/\/turismevalles.com\/es\/wp-json\/wp\/v2\/comments?post=24454"}],"wp:featuredmedia":[{"embeddable":true,"href":"https:\/\/turismevalles.com\/es\/wp-json\/wp\/v2\/media\/24453"}],"wp:attachment":[{"href":"https:\/\/turismevalles.com\/es\/wp-json\/wp\/v2\/media?parent=24454"}],"wp:term":[{"taxonomy":"post_tag","embeddable":true,"href":"https:\/\/turismevalles.com\/es\/wp-json\/wp\/v2\/tags?post=24454"},{"taxonomy":"poblacions","embeddable":true,"href":"https:\/\/turismevalles.com\/es\/wp-json\/wp\/v2\/poblacions?post=24454"},{"taxonomy":"mec_category","embeddable":true,"href":"https:\/\/turismevalles.com\/es\/wp-json\/wp\/v2\/mec_category?post=24454"}],"curies":[{"name":"wp","href":"https:\/\/api.w.org\/{rel}","templated":true}]}}