{"id":24520,"date":"2023-02-07T10:00:46","date_gmt":"2023-02-07T09:00:46","guid":{"rendered":"http:\/\/turismevalles.com.mialias.net\/events\/que-fer-a-prop-de-barcelona-carnestoltes-a-santa-eulalia-de-roncana-valles-oriental\/"},"modified":"2023-02-07T10:04:23","modified_gmt":"2023-02-07T09:04:23","slug":"que-hacer-cerca-de-barcelona-carnestoltes-a-santa-eulalia-de-roncana-valles-oriental","status":"publish","type":"mec-events","link":"https:\/\/turismevalles.com\/es\/events\/que-hacer-cerca-de-barcelona-carnestoltes-a-santa-eulalia-de-roncana-valles-oriental\/","title":{"rendered":"Carnaval en Santa Eul\u00e0lia de Ron\u00e7ana"},"content":{"rendered":"<p><img loading=\"lazy\" decoding=\"async\" class=\"aligncenter size-full wp-image-24516\" src=\"http:\/\/turismevalles.com\/wp-content\/uploads\/2023\/02\/SER.jpg\" alt=\"\" width=\"337\" height=\"249\" srcset=\"https:\/\/turismevalles.com\/wp-content\/uploads\/2023\/02\/SER.jpg 337w, https:\/\/turismevalles.com\/wp-content\/uploads\/2023\/02\/SER-300x222.jpg 300w\" sizes=\"auto, (max-width: 337px) 100vw, 337px\" \/><\/p>\n<p>D\u00eda y hora:\u00a0s\u00e1bado 18\/02\/2023 de las 16:00 a las 22:00<\/p>\n<p>Organiza:\u00a0Ayuntamiento de Santa Eul\u00e0lia de Ron\u00e7ana<\/p>\n<p>La fiesta arrancar\u00e1 en la sala polivalente de La F\u00e1brica a las\u00a016 h con el carnaval infantil.\u00a0Habr\u00e1 animaci\u00f3n, merienda y un concurso infantil al cual los y las participantes se podr\u00e1n inscribir el mismo d\u00eda hasta las 17 h. El\u00a0desfile de Carnestoltes se iniciar\u00e1 a las 18 h\u00a0desde La F\u00e1brica y recorrer\u00e1 el barrio del *Rieral hasta su vuelta en La F\u00e1brica. La parada para disfrutar de la\u00a0pasarela y de la exhibici\u00f3n de disfraces se har\u00e1 en la Plaza Once de Septiembre.\u00a0Despu\u00e9s, en La F\u00e1brica se har\u00e1 la\u00a0cena popular\u00a0(tickets anticipados al bar de La F\u00e1brica hasta el 17 de febrero). A continuaci\u00f3n, habr\u00e1 el\u00a0veredicto del jurado\u00a0y\u00a0se contar\u00e1 con la presencia del Rey Carnestoltes, quien anunciar\u00e1 los ganadores y las ganadoras del concurso. A diferencia de los \u00faltimos a\u00f1os por las restricciones de la pandemia, se recuperar\u00e1 la tradicional\u00a0conclusi\u00f3n con m\u00fasica\u00a0festiva y J.<\/p>\n<div class=\"brcm-body\">\n<p>Info: https:\/\/www.ser.cat\/actualitat\/agenda\/2023\/02\/18\/carnestoltes<\/p>\n<\/div>\n","protected":false},"excerpt":{"rendered":"<p>D\u00eda y hora:\u00a0s\u00e1bado 18\/02\/2023 de las 16:00 a las 22:00 Organiza:\u00a0Ayuntamiento de Santa Eul\u00e0lia de Ron\u00e7ana La fiesta arrancar\u00e1 en la sala polivalente de La &#8230; <a title=\"Carnaval en Santa Eul\u00e0lia de Ron\u00e7ana\" class=\"read-more\" href=\"https:\/\/turismevalles.com\/es\/events\/que-hacer-cerca-de-barcelona-carnestoltes-a-santa-eulalia-de-roncana-valles-oriental\/\" aria-label=\"M\u00e1s en Carnaval en Santa Eul\u00e0lia de Ron\u00e7ana\">Veure m\u00e9s<\/a><\/p>\n","protected":false},"author":5,"featured_media":24515,"comment_status":"open","ping_status":"closed","template":"","tags":[2203,2202],"poblacions":[899],"mec_category":[970,1095,1660],"class_list":["post-24520","mec-events","type-mec-events","status-publish","has-post-thumbnail","hentry","tag-carnaval","tag-carnestoltes-es","poblacions-santa-eulalia-de-roncana-es","mec_category-activitats-en-familia-es","mec_category-espectaculos","mec_category-fires-i-festes-es","generate-columns","tablet-grid-50","mobile-grid-100","grid-parent","grid-33"],"acf":[],"yoast_head":"<!-- This site is optimized with the Yoast SEO plugin v26.4 - https:\/\/yoast.com\/wordpress\/plugins\/seo\/ -->\n<title>Carnaval en Santa Eul\u00e0lia de Ron\u00e7ana - Turisme Vall\u00e8s<\/title>\n<meta name=\"description\" content=\"Qu\u00e8 hacer cerca de Barcelona: Carnestoltes a Santa Eul\u00e0lia de Ron\u00e7ana. Vall\u00e8s Oriental\" \/>\n<meta name=\"robots\" content=\"index, follow, max-snippet:-1, max-image-preview:large, max-video-preview:-1\" \/>\n<link rel=\"canonical\" href=\"https:\/\/turismevalles.com\/es\/events\/que-hacer-cerca-de-barcelona-carnestoltes-a-santa-eulalia-de-roncana-valles-oriental\/\" \/>\n<meta property=\"og:locale\" content=\"es_ES\" \/>\n<meta property=\"og:type\" content=\"article\" \/>\n<meta property=\"og:title\" content=\"Carnaval en Santa Eul\u00e0lia de Ron\u00e7ana - Turisme Vall\u00e8s\" \/>\n<meta property=\"og:description\" content=\"Qu\u00e8 hacer cerca de Barcelona: Carnestoltes a Santa Eul\u00e0lia de Ron\u00e7ana. Vall\u00e8s Oriental\" \/>\n<meta property=\"og:url\" content=\"https:\/\/turismevalles.com\/es\/events\/que-hacer-cerca-de-barcelona-carnestoltes-a-santa-eulalia-de-roncana-valles-oriental\/\" \/>\n<meta property=\"og:site_name\" content=\"Turisme Vall\u00e8s\" \/>\n<meta property=\"article:modified_time\" content=\"2023-02-07T09:04:23+00:00\" \/>\n<meta property=\"og:image\" content=\"https:\/\/turismevalles.com\/wp-content\/uploads\/2023\/02\/Carnestoltes-SER.jpg\" \/>\n\t<meta property=\"og:image:width\" content=\"337\" \/>\n\t<meta property=\"og:image:height\" content=\"230\" \/>\n\t<meta property=\"og:image:type\" content=\"image\/jpeg\" \/>\n<meta name=\"twitter:card\" content=\"summary_large_image\" \/>\n<meta name=\"twitter:label1\" content=\"Tiempo de lectura\" \/>\n\t<meta name=\"twitter:data1\" content=\"1 minuto\" \/>\n<script type=\"application\/ld+json\" class=\"yoast-schema-graph\">{\"@context\":\"https:\/\/schema.org\",\"@graph\":[{\"@type\":\"WebPage\",\"@id\":\"https:\/\/turismevalles.com\/es\/events\/que-hacer-cerca-de-barcelona-carnestoltes-a-santa-eulalia-de-roncana-valles-oriental\/\",\"url\":\"https:\/\/turismevalles.com\/es\/events\/que-hacer-cerca-de-barcelona-carnestoltes-a-santa-eulalia-de-roncana-valles-oriental\/\",\"name\":\"Carnaval en Santa Eul\u00e0lia de Ron\u00e7ana - Turisme Vall\u00e8s\",\"isPartOf\":{\"@id\":\"https:\/\/turismevalles.com\/en\/#website\"},\"primaryImageOfPage\":{\"@id\":\"https:\/\/turismevalles.com\/es\/events\/que-hacer-cerca-de-barcelona-carnestoltes-a-santa-eulalia-de-roncana-valles-oriental\/#primaryimage\"},\"image\":{\"@id\":\"https:\/\/turismevalles.com\/es\/events\/que-hacer-cerca-de-barcelona-carnestoltes-a-santa-eulalia-de-roncana-valles-oriental\/#primaryimage\"},\"thumbnailUrl\":\"https:\/\/turismevalles.com\/wp-content\/uploads\/2023\/02\/Carnestoltes-SER.jpg\",\"datePublished\":\"2023-02-07T09:00:46+00:00\",\"dateModified\":\"2023-02-07T09:04:23+00:00\",\"description\":\"Qu\u00e8 hacer cerca de Barcelona: Carnestoltes a Santa Eul\u00e0lia de Ron\u00e7ana. Vall\u00e8s Oriental\",\"breadcrumb\":{\"@id\":\"https:\/\/turismevalles.com\/es\/events\/que-hacer-cerca-de-barcelona-carnestoltes-a-santa-eulalia-de-roncana-valles-oriental\/#breadcrumb\"},\"inLanguage\":\"es\",\"potentialAction\":[{\"@type\":\"ReadAction\",\"target\":[\"https:\/\/turismevalles.com\/es\/events\/que-hacer-cerca-de-barcelona-carnestoltes-a-santa-eulalia-de-roncana-valles-oriental\/\"]}]},{\"@type\":\"ImageObject\",\"inLanguage\":\"es\",\"@id\":\"https:\/\/turismevalles.com\/es\/events\/que-hacer-cerca-de-barcelona-carnestoltes-a-santa-eulalia-de-roncana-valles-oriental\/#primaryimage\",\"url\":\"https:\/\/turismevalles.com\/wp-content\/uploads\/2023\/02\/Carnestoltes-SER.jpg\",\"contentUrl\":\"https:\/\/turismevalles.com\/wp-content\/uploads\/2023\/02\/Carnestoltes-SER.jpg\",\"width\":337,\"height\":230},{\"@type\":\"BreadcrumbList\",\"@id\":\"https:\/\/turismevalles.com\/es\/events\/que-hacer-cerca-de-barcelona-carnestoltes-a-santa-eulalia-de-roncana-valles-oriental\/#breadcrumb\",\"itemListElement\":[{\"@type\":\"ListItem\",\"position\":1,\"name\":\"Inicio\",\"item\":\"https:\/\/turismevalles.com\/es\/\"},{\"@type\":\"ListItem\",\"position\":2,\"name\":\"Esdeveniments\",\"item\":\"https:\/\/turismevalles.com\/events\/\"},{\"@type\":\"ListItem\",\"position\":3,\"name\":\"Carnaval en Santa Eul\u00e0lia de Ron\u00e7ana\"}]},{\"@type\":\"WebSite\",\"@id\":\"https:\/\/turismevalles.com\/en\/#website\",\"url\":\"https:\/\/turismevalles.com\/en\/\",\"name\":\"Turisme Vall\u00e8s\",\"description\":\"\",\"publisher\":{\"@id\":\"https:\/\/turismevalles.com\/en\/#organization\"},\"potentialAction\":[{\"@type\":\"SearchAction\",\"target\":{\"@type\":\"EntryPoint\",\"urlTemplate\":\"https:\/\/turismevalles.com\/en\/?s={search_term_string}\"},\"query-input\":{\"@type\":\"PropertyValueSpecification\",\"valueRequired\":true,\"valueName\":\"search_term_string\"}}],\"inLanguage\":\"es\"},{\"@type\":\"Organization\",\"@id\":\"https:\/\/turismevalles.com\/en\/#organization\",\"name\":\"Turisme Vall\u00e8s\",\"url\":\"https:\/\/turismevalles.com\/en\/\",\"logo\":{\"@type\":\"ImageObject\",\"inLanguage\":\"es\",\"@id\":\"https:\/\/turismevalles.com\/en\/#\/schema\/logo\/image\/\",\"url\":\"https:\/\/turismevalles.com\/wp-content\/uploads\/2020\/08\/cropped-logo_ca-2.png\",\"contentUrl\":\"https:\/\/turismevalles.com\/wp-content\/uploads\/2020\/08\/cropped-logo_ca-2.png\",\"width\":314,\"height\":85,\"caption\":\"Turisme Vall\u00e8s\"},\"image\":{\"@id\":\"https:\/\/turismevalles.com\/en\/#\/schema\/logo\/image\/\"}}]}<\/script>\n<!-- \/ Yoast SEO plugin. -->","yoast_head_json":{"title":"Carnaval en Santa Eul\u00e0lia de Ron\u00e7ana - Turisme Vall\u00e8s","description":"Qu\u00e8 hacer cerca de Barcelona: Carnestoltes a Santa Eul\u00e0lia de Ron\u00e7ana. Vall\u00e8s Oriental","robots":{"index":"index","follow":"follow","max-snippet":"max-snippet:-1","max-image-preview":"max-image-preview:large","max-video-preview":"max-video-preview:-1"},"canonical":"https:\/\/turismevalles.com\/es\/events\/que-hacer-cerca-de-barcelona-carnestoltes-a-santa-eulalia-de-roncana-valles-oriental\/","og_locale":"es_ES","og_type":"article","og_title":"Carnaval en Santa Eul\u00e0lia de Ron\u00e7ana - Turisme Vall\u00e8s","og_description":"Qu\u00e8 hacer cerca de Barcelona: Carnestoltes a Santa Eul\u00e0lia de Ron\u00e7ana. Vall\u00e8s Oriental","og_url":"https:\/\/turismevalles.com\/es\/events\/que-hacer-cerca-de-barcelona-carnestoltes-a-santa-eulalia-de-roncana-valles-oriental\/","og_site_name":"Turisme Vall\u00e8s","article_modified_time":"2023-02-07T09:04:23+00:00","og_image":[{"width":337,"height":230,"url":"https:\/\/turismevalles.com\/wp-content\/uploads\/2023\/02\/Carnestoltes-SER.jpg","type":"image\/jpeg"}],"twitter_card":"summary_large_image","twitter_misc":{"Tiempo de lectura":"1 minuto"},"schema":{"@context":"https:\/\/schema.org","@graph":[{"@type":"WebPage","@id":"https:\/\/turismevalles.com\/es\/events\/que-hacer-cerca-de-barcelona-carnestoltes-a-santa-eulalia-de-roncana-valles-oriental\/","url":"https:\/\/turismevalles.com\/es\/events\/que-hacer-cerca-de-barcelona-carnestoltes-a-santa-eulalia-de-roncana-valles-oriental\/","name":"Carnaval en Santa Eul\u00e0lia de Ron\u00e7ana - Turisme Vall\u00e8s","isPartOf":{"@id":"https:\/\/turismevalles.com\/en\/#website"},"primaryImageOfPage":{"@id":"https:\/\/turismevalles.com\/es\/events\/que-hacer-cerca-de-barcelona-carnestoltes-a-santa-eulalia-de-roncana-valles-oriental\/#primaryimage"},"image":{"@id":"https:\/\/turismevalles.com\/es\/events\/que-hacer-cerca-de-barcelona-carnestoltes-a-santa-eulalia-de-roncana-valles-oriental\/#primaryimage"},"thumbnailUrl":"https:\/\/turismevalles.com\/wp-content\/uploads\/2023\/02\/Carnestoltes-SER.jpg","datePublished":"2023-02-07T09:00:46+00:00","dateModified":"2023-02-07T09:04:23+00:00","description":"Qu\u00e8 hacer cerca de Barcelona: Carnestoltes a Santa Eul\u00e0lia de Ron\u00e7ana. Vall\u00e8s Oriental","breadcrumb":{"@id":"https:\/\/turismevalles.com\/es\/events\/que-hacer-cerca-de-barcelona-carnestoltes-a-santa-eulalia-de-roncana-valles-oriental\/#breadcrumb"},"inLanguage":"es","potentialAction":[{"@type":"ReadAction","target":["https:\/\/turismevalles.com\/es\/events\/que-hacer-cerca-de-barcelona-carnestoltes-a-santa-eulalia-de-roncana-valles-oriental\/"]}]},{"@type":"ImageObject","inLanguage":"es","@id":"https:\/\/turismevalles.com\/es\/events\/que-hacer-cerca-de-barcelona-carnestoltes-a-santa-eulalia-de-roncana-valles-oriental\/#primaryimage","url":"https:\/\/turismevalles.com\/wp-content\/uploads\/2023\/02\/Carnestoltes-SER.jpg","contentUrl":"https:\/\/turismevalles.com\/wp-content\/uploads\/2023\/02\/Carnestoltes-SER.jpg","width":337,"height":230},{"@type":"BreadcrumbList","@id":"https:\/\/turismevalles.com\/es\/events\/que-hacer-cerca-de-barcelona-carnestoltes-a-santa-eulalia-de-roncana-valles-oriental\/#breadcrumb","itemListElement":[{"@type":"ListItem","position":1,"name":"Inicio","item":"https:\/\/turismevalles.com\/es\/"},{"@type":"ListItem","position":2,"name":"Esdeveniments","item":"https:\/\/turismevalles.com\/events\/"},{"@type":"ListItem","position":3,"name":"Carnaval en Santa Eul\u00e0lia de Ron\u00e7ana"}]},{"@type":"WebSite","@id":"https:\/\/turismevalles.com\/en\/#website","url":"https:\/\/turismevalles.com\/en\/","name":"Turisme Vall\u00e8s","description":"","publisher":{"@id":"https:\/\/turismevalles.com\/en\/#organization"},"potentialAction":[{"@type":"SearchAction","target":{"@type":"EntryPoint","urlTemplate":"https:\/\/turismevalles.com\/en\/?s={search_term_string}"},"query-input":{"@type":"PropertyValueSpecification","valueRequired":true,"valueName":"search_term_string"}}],"inLanguage":"es"},{"@type":"Organization","@id":"https:\/\/turismevalles.com\/en\/#organization","name":"Turisme Vall\u00e8s","url":"https:\/\/turismevalles.com\/en\/","logo":{"@type":"ImageObject","inLanguage":"es","@id":"https:\/\/turismevalles.com\/en\/#\/schema\/logo\/image\/","url":"https:\/\/turismevalles.com\/wp-content\/uploads\/2020\/08\/cropped-logo_ca-2.png","contentUrl":"https:\/\/turismevalles.com\/wp-content\/uploads\/2020\/08\/cropped-logo_ca-2.png","width":314,"height":85,"caption":"Turisme Vall\u00e8s"},"image":{"@id":"https:\/\/turismevalles.com\/en\/#\/schema\/logo\/image\/"}}]}},"uagb_featured_image_src":{"full":["https:\/\/turismevalles.com\/wp-content\/uploads\/2023\/02\/Carnestoltes-SER.jpg",337,230,false],"thumbnail":["https:\/\/turismevalles.com\/wp-content\/uploads\/2023\/02\/Carnestoltes-SER-150x150.jpg",150,150,true],"medium":["https:\/\/turismevalles.com\/wp-content\/uploads\/2023\/02\/Carnestoltes-SER-300x205.jpg",300,205,true],"medium_large":["https:\/\/turismevalles.com\/wp-content\/uploads\/2023\/02\/Carnestoltes-SER.jpg",337,230,false],"large":["https:\/\/turismevalles.com\/wp-content\/uploads\/2023\/02\/Carnestoltes-SER.jpg",337,230,false],"thumblist":["https:\/\/turismevalles.com\/wp-content\/uploads\/2023\/02\/Carnestoltes-SER-300x230.jpg",300,230,true],"meccarouselthumb":["https:\/\/turismevalles.com\/wp-content\/uploads\/2023\/02\/Carnestoltes-SER.jpg",337,230,false],"gridsquare":["https:\/\/turismevalles.com\/wp-content\/uploads\/2023\/02\/Carnestoltes-SER.jpg",337,230,false],"tileview":["https:\/\/turismevalles.com\/wp-content\/uploads\/2023\/02\/Carnestoltes-SER-300x230.jpg",300,230,true],"1536x1536":["https:\/\/turismevalles.com\/wp-content\/uploads\/2023\/02\/Carnestoltes-SER.jpg",337,230,false],"2048x2048":["https:\/\/turismevalles.com\/wp-content\/uploads\/2023\/02\/Carnestoltes-SER.jpg",337,230,false]},"uagb_author_info":{"display_name":"Turisme Valles","author_link":"https:\/\/turismevalles.com\/es\/author\/turismevallesoriental\/"},"uagb_comment_info":0,"uagb_excerpt":"D\u00eda y hora:\u00a0s\u00e1bado 18\/02\/2023 de las 16:00 a las 22:00 Organiza:\u00a0Ayuntamiento de Santa Eul\u00e0lia de Ron\u00e7ana La fiesta arrancar\u00e1 en la sala polivalente de La ... Veure m\u00e9s","_links":{"self":[{"href":"https:\/\/turismevalles.com\/es\/wp-json\/wp\/v2\/mec-events\/24520","targetHints":{"allow":["GET"]}}],"collection":[{"href":"https:\/\/turismevalles.com\/es\/wp-json\/wp\/v2\/mec-events"}],"about":[{"href":"https:\/\/turismevalles.com\/es\/wp-json\/wp\/v2\/types\/mec-events"}],"author":[{"embeddable":true,"href":"https:\/\/turismevalles.com\/es\/wp-json\/wp\/v2\/users\/5"}],"replies":[{"embeddable":true,"href":"https:\/\/turismevalles.com\/es\/wp-json\/wp\/v2\/comments?post=24520"}],"wp:featuredmedia":[{"embeddable":true,"href":"https:\/\/turismevalles.com\/es\/wp-json\/wp\/v2\/media\/24515"}],"wp:attachment":[{"href":"https:\/\/turismevalles.com\/es\/wp-json\/wp\/v2\/media?parent=24520"}],"wp:term":[{"taxonomy":"post_tag","embeddable":true,"href":"https:\/\/turismevalles.com\/es\/wp-json\/wp\/v2\/tags?post=24520"},{"taxonomy":"poblacions","embeddable":true,"href":"https:\/\/turismevalles.com\/es\/wp-json\/wp\/v2\/poblacions?post=24520"},{"taxonomy":"mec_category","embeddable":true,"href":"https:\/\/turismevalles.com\/es\/wp-json\/wp\/v2\/mec_category?post=24520"}],"curies":[{"name":"wp","href":"https:\/\/api.w.org\/{rel}","templated":true}]}}