{"id":24552,"date":"2023-02-07T10:24:56","date_gmt":"2023-02-07T09:24:56","guid":{"rendered":"http:\/\/turismevalles.com.mialias.net\/events\/fira-de-la-botifarra-a-la-garriga\/"},"modified":"2023-02-07T10:27:03","modified_gmt":"2023-02-07T09:27:03","slug":"fira-de-la-botifarra-a-la-garriga","status":"publish","type":"mec-events","link":"https:\/\/turismevalles.com\/es\/events\/fira-de-la-botifarra-a-la-garriga\/","title":{"rendered":"Feria de la Botifarra en La Garriga"},"content":{"rendered":"<p><strong>La Garriga se prepara para acoger una nueva edici\u00f3n de la cita gastron\u00f3mica, que contar\u00e1 con expositores, catas, rutas, actividades infantiles&#8230; con el producto estrella del municipio como protagonista.<\/strong><\/p>\n<p>La Feria de la Morcilla tomar\u00e1 de nuevo las calles de la Garriga, en esta ocasi\u00f3n los d\u00edas 4 y 5 de marzo.<\/p>\n<p>Este a\u00f1o, nuevamente contar\u00e1 con los espacios habituales de feria: la Buti Aula, donde se har\u00e1n catas diversas (cervezas, vinos, embutidos, quesos&#8230;); el Buti Kids, el espacio por actividades infantiles; y el Buti Cata, el espacio gastron\u00f3mico en la plaza de la Iglesia, donde las persones visitantes podr\u00e1n degustar platillos y bocadillos con la morcilla de las tociner\u00edas de la Garriga como producto principal.<\/p>\n<p>Precisamente, las cansaladeres y cansaladers locales ofrecer\u00e1n tambi\u00e9n catas y organizar\u00e1n actividades, como un taller de elaboraci\u00f3n de morcillas o la ya tradicional cocida de la morcilla termal.<\/p>\n<p>Adem\u00e1s, la Feria de la Morcilla contar\u00e1 con las complicidades de varias entidades del sector de la alimentaci\u00f3n y arraigadas en el territorio, como Gremicarn, Girona Excelente, Agromosaic, o la Asociaci\u00f3n Agraria la Garriga, que ofrecer\u00e1n varias propuestas relacionadas con los productos de proximidad. El Centro de Visitantes de la Garriga tambi\u00e9n programar\u00e1 rutas relacionadas con la alimentaci\u00f3n y la gastronom\u00eda y con el modernismo.<\/p>\n<p>El sector restaurador del municipio tambi\u00e9n se ha implicado con esta nueva edici\u00f3n del encuentro. Durante los d\u00edas de la Feria, bares y restaurantes de la Garriga ofrecer\u00e1n platos especiales de morcilla *garriguenca.<\/p>\n<p>Inauguraci\u00f3n previa<\/p>\n<p>Antes de la puesta en marcha de la Feria como tal, viernes d\u00eda 3 de marzo al atardecer, se impartir\u00e1 una charla inaugural que, bajo el t\u00edtulo \u201cTiempo de matanzas: cr\u00f3nicas con voz de mujer\u201d, repasar\u00e1 el papel de las mujeres en la alimentaci\u00f3n en los entornos rurales.<\/p>\n<p>Aquel mismo anochecer, se inaugurar\u00e1 tambi\u00e9n la exposici\u00f3n \u201cMujeres del Montseny, espacios vividos\u201d, producida por el Museo Etnol\u00f3gico del Montseny, La *Gabella.<\/p>\n<p>Y es que el primer fin de semana de marzo, la Garriga ya se prepara para conmemorar el D\u00eda de las Mujeres y la Feria de la Morcilla no quer\u00eda quedar al margen.<\/p>\n<p>Nuevo web<\/p>\n<p>Con esta 11.\u00aa edici\u00f3n de la Feria de la Morcilla, tambi\u00e9n se pone en marcha un\u00a0nuevo web, con contenidos actualizados y toda la informaci\u00f3n relacionada con la Feria y con la marca colectiva Morcilla de la Garriga.<\/p>\n<p>Tambi\u00e9n se podr\u00e1 seguir el d\u00eda a d\u00eda de la Feria y las novedades de la edici\u00f3n a trav\u00e9s de las redes sociales del acontecimiento.<\/p>\n<p>Info: <a href=\"https:\/\/www.lagarriga.cat\/actualitat\/l11a-fira-de-la-botifarra-se-celebrara-els-dies-4-i-5-de-marc\">https:\/\/www.lagarriga.cat\/actualitat\/l11a-fira-de-la-botifarra-se-celebrara-els-dies-4-i-5-de-marc<\/a><\/p>\n","protected":false},"excerpt":{"rendered":"<p>La Garriga se prepara para acoger una nueva edici\u00f3n de la cita gastron\u00f3mica, que contar\u00e1 con expositores, catas, rutas, actividades infantiles&#8230; con el producto estrella &#8230; <a title=\"Feria de la Botifarra en La Garriga\" class=\"read-more\" href=\"https:\/\/turismevalles.com\/es\/events\/fira-de-la-botifarra-a-la-garriga\/\" aria-label=\"M\u00e1s en Feria de la Botifarra en La Garriga\">Veure m\u00e9s<\/a><\/p>\n","protected":false},"author":5,"featured_media":24551,"comment_status":"open","ping_status":"closed","template":"","tags":[2283],"poblacions":[439],"mec_category":[1660,938],"class_list":["post-24552","mec-events","type-mec-events","status-publish","has-post-thumbnail","hentry","tag-botifarra-es","poblacions-la-garriga-es","mec_category-fires-i-festes-es","mec_category-gastronomia-es","generate-columns","tablet-grid-50","mobile-grid-100","grid-parent","grid-33"],"acf":[],"yoast_head":"<!-- This site is optimized with the Yoast SEO plugin v26.4 - https:\/\/yoast.com\/wordpress\/plugins\/seo\/ -->\n<title>Feria de la Botifarra en La Garriga - Turisme Vall\u00e8s<\/title>\n<meta name=\"description\" content=\"Feria de la Botifarra a La Garriga. Vall\u00e8s Oriental\" \/>\n<meta name=\"robots\" content=\"index, follow, max-snippet:-1, max-image-preview:large, max-video-preview:-1\" \/>\n<link rel=\"canonical\" href=\"https:\/\/turismevalles.com\/es\/events\/fira-de-la-botifarra-a-la-garriga\/\" \/>\n<meta property=\"og:locale\" content=\"es_ES\" \/>\n<meta property=\"og:type\" content=\"article\" \/>\n<meta property=\"og:title\" content=\"Feria de la Botifarra en La Garriga - Turisme Vall\u00e8s\" \/>\n<meta property=\"og:description\" content=\"Feria de la Botifarra a La Garriga. Vall\u00e8s Oriental\" \/>\n<meta property=\"og:url\" content=\"https:\/\/turismevalles.com\/es\/events\/fira-de-la-botifarra-a-la-garriga\/\" \/>\n<meta property=\"og:site_name\" content=\"Turisme Vall\u00e8s\" \/>\n<meta property=\"article:modified_time\" content=\"2023-02-07T09:27:03+00:00\" \/>\n<meta property=\"og:image\" content=\"https:\/\/turismevalles.com\/wp-content\/uploads\/2023\/02\/Fira-Botifarra.jpg\" \/>\n\t<meta property=\"og:image:width\" content=\"807\" \/>\n\t<meta property=\"og:image:height\" content=\"591\" \/>\n\t<meta property=\"og:image:type\" content=\"image\/jpeg\" \/>\n<meta name=\"twitter:card\" content=\"summary_large_image\" \/>\n<meta name=\"twitter:label1\" content=\"Tiempo de lectura\" \/>\n\t<meta name=\"twitter:data1\" content=\"2 minutos\" \/>\n<script type=\"application\/ld+json\" class=\"yoast-schema-graph\">{\"@context\":\"https:\/\/schema.org\",\"@graph\":[{\"@type\":\"WebPage\",\"@id\":\"https:\/\/turismevalles.com\/es\/events\/fira-de-la-botifarra-a-la-garriga\/\",\"url\":\"https:\/\/turismevalles.com\/es\/events\/fira-de-la-botifarra-a-la-garriga\/\",\"name\":\"Feria de la Botifarra en La Garriga - Turisme Vall\u00e8s\",\"isPartOf\":{\"@id\":\"https:\/\/turismevalles.com\/en\/#website\"},\"primaryImageOfPage\":{\"@id\":\"https:\/\/turismevalles.com\/es\/events\/fira-de-la-botifarra-a-la-garriga\/#primaryimage\"},\"image\":{\"@id\":\"https:\/\/turismevalles.com\/es\/events\/fira-de-la-botifarra-a-la-garriga\/#primaryimage\"},\"thumbnailUrl\":\"https:\/\/turismevalles.com\/wp-content\/uploads\/2023\/02\/Fira-Botifarra.jpg\",\"datePublished\":\"2023-02-07T09:24:56+00:00\",\"dateModified\":\"2023-02-07T09:27:03+00:00\",\"description\":\"Feria de la Botifarra a La Garriga. Vall\u00e8s Oriental\",\"breadcrumb\":{\"@id\":\"https:\/\/turismevalles.com\/es\/events\/fira-de-la-botifarra-a-la-garriga\/#breadcrumb\"},\"inLanguage\":\"es\",\"potentialAction\":[{\"@type\":\"ReadAction\",\"target\":[\"https:\/\/turismevalles.com\/es\/events\/fira-de-la-botifarra-a-la-garriga\/\"]}]},{\"@type\":\"ImageObject\",\"inLanguage\":\"es\",\"@id\":\"https:\/\/turismevalles.com\/es\/events\/fira-de-la-botifarra-a-la-garriga\/#primaryimage\",\"url\":\"https:\/\/turismevalles.com\/wp-content\/uploads\/2023\/02\/Fira-Botifarra.jpg\",\"contentUrl\":\"https:\/\/turismevalles.com\/wp-content\/uploads\/2023\/02\/Fira-Botifarra.jpg\",\"width\":807,\"height\":591},{\"@type\":\"BreadcrumbList\",\"@id\":\"https:\/\/turismevalles.com\/es\/events\/fira-de-la-botifarra-a-la-garriga\/#breadcrumb\",\"itemListElement\":[{\"@type\":\"ListItem\",\"position\":1,\"name\":\"Inicio\",\"item\":\"https:\/\/turismevalles.com\/es\/\"},{\"@type\":\"ListItem\",\"position\":2,\"name\":\"Esdeveniments\",\"item\":\"https:\/\/turismevalles.com\/events\/\"},{\"@type\":\"ListItem\",\"position\":3,\"name\":\"Feria de la Botifarra en La Garriga\"}]},{\"@type\":\"WebSite\",\"@id\":\"https:\/\/turismevalles.com\/en\/#website\",\"url\":\"https:\/\/turismevalles.com\/en\/\",\"name\":\"Turisme Vall\u00e8s\",\"description\":\"\",\"publisher\":{\"@id\":\"https:\/\/turismevalles.com\/en\/#organization\"},\"potentialAction\":[{\"@type\":\"SearchAction\",\"target\":{\"@type\":\"EntryPoint\",\"urlTemplate\":\"https:\/\/turismevalles.com\/en\/?s={search_term_string}\"},\"query-input\":{\"@type\":\"PropertyValueSpecification\",\"valueRequired\":true,\"valueName\":\"search_term_string\"}}],\"inLanguage\":\"es\"},{\"@type\":\"Organization\",\"@id\":\"https:\/\/turismevalles.com\/en\/#organization\",\"name\":\"Turisme Vall\u00e8s\",\"url\":\"https:\/\/turismevalles.com\/en\/\",\"logo\":{\"@type\":\"ImageObject\",\"inLanguage\":\"es\",\"@id\":\"https:\/\/turismevalles.com\/en\/#\/schema\/logo\/image\/\",\"url\":\"https:\/\/turismevalles.com\/wp-content\/uploads\/2020\/08\/cropped-logo_ca-2.png\",\"contentUrl\":\"https:\/\/turismevalles.com\/wp-content\/uploads\/2020\/08\/cropped-logo_ca-2.png\",\"width\":314,\"height\":85,\"caption\":\"Turisme Vall\u00e8s\"},\"image\":{\"@id\":\"https:\/\/turismevalles.com\/en\/#\/schema\/logo\/image\/\"}}]}<\/script>\n<!-- \/ Yoast SEO plugin. -->","yoast_head_json":{"title":"Feria de la Botifarra en La Garriga - Turisme Vall\u00e8s","description":"Feria de la Botifarra a La Garriga. Vall\u00e8s Oriental","robots":{"index":"index","follow":"follow","max-snippet":"max-snippet:-1","max-image-preview":"max-image-preview:large","max-video-preview":"max-video-preview:-1"},"canonical":"https:\/\/turismevalles.com\/es\/events\/fira-de-la-botifarra-a-la-garriga\/","og_locale":"es_ES","og_type":"article","og_title":"Feria de la Botifarra en La Garriga - Turisme Vall\u00e8s","og_description":"Feria de la Botifarra a La Garriga. Vall\u00e8s Oriental","og_url":"https:\/\/turismevalles.com\/es\/events\/fira-de-la-botifarra-a-la-garriga\/","og_site_name":"Turisme Vall\u00e8s","article_modified_time":"2023-02-07T09:27:03+00:00","og_image":[{"width":807,"height":591,"url":"https:\/\/turismevalles.com\/wp-content\/uploads\/2023\/02\/Fira-Botifarra.jpg","type":"image\/jpeg"}],"twitter_card":"summary_large_image","twitter_misc":{"Tiempo de lectura":"2 minutos"},"schema":{"@context":"https:\/\/schema.org","@graph":[{"@type":"WebPage","@id":"https:\/\/turismevalles.com\/es\/events\/fira-de-la-botifarra-a-la-garriga\/","url":"https:\/\/turismevalles.com\/es\/events\/fira-de-la-botifarra-a-la-garriga\/","name":"Feria de la Botifarra en La Garriga - Turisme Vall\u00e8s","isPartOf":{"@id":"https:\/\/turismevalles.com\/en\/#website"},"primaryImageOfPage":{"@id":"https:\/\/turismevalles.com\/es\/events\/fira-de-la-botifarra-a-la-garriga\/#primaryimage"},"image":{"@id":"https:\/\/turismevalles.com\/es\/events\/fira-de-la-botifarra-a-la-garriga\/#primaryimage"},"thumbnailUrl":"https:\/\/turismevalles.com\/wp-content\/uploads\/2023\/02\/Fira-Botifarra.jpg","datePublished":"2023-02-07T09:24:56+00:00","dateModified":"2023-02-07T09:27:03+00:00","description":"Feria de la Botifarra a La Garriga. Vall\u00e8s Oriental","breadcrumb":{"@id":"https:\/\/turismevalles.com\/es\/events\/fira-de-la-botifarra-a-la-garriga\/#breadcrumb"},"inLanguage":"es","potentialAction":[{"@type":"ReadAction","target":["https:\/\/turismevalles.com\/es\/events\/fira-de-la-botifarra-a-la-garriga\/"]}]},{"@type":"ImageObject","inLanguage":"es","@id":"https:\/\/turismevalles.com\/es\/events\/fira-de-la-botifarra-a-la-garriga\/#primaryimage","url":"https:\/\/turismevalles.com\/wp-content\/uploads\/2023\/02\/Fira-Botifarra.jpg","contentUrl":"https:\/\/turismevalles.com\/wp-content\/uploads\/2023\/02\/Fira-Botifarra.jpg","width":807,"height":591},{"@type":"BreadcrumbList","@id":"https:\/\/turismevalles.com\/es\/events\/fira-de-la-botifarra-a-la-garriga\/#breadcrumb","itemListElement":[{"@type":"ListItem","position":1,"name":"Inicio","item":"https:\/\/turismevalles.com\/es\/"},{"@type":"ListItem","position":2,"name":"Esdeveniments","item":"https:\/\/turismevalles.com\/events\/"},{"@type":"ListItem","position":3,"name":"Feria de la Botifarra en La Garriga"}]},{"@type":"WebSite","@id":"https:\/\/turismevalles.com\/en\/#website","url":"https:\/\/turismevalles.com\/en\/","name":"Turisme Vall\u00e8s","description":"","publisher":{"@id":"https:\/\/turismevalles.com\/en\/#organization"},"potentialAction":[{"@type":"SearchAction","target":{"@type":"EntryPoint","urlTemplate":"https:\/\/turismevalles.com\/en\/?s={search_term_string}"},"query-input":{"@type":"PropertyValueSpecification","valueRequired":true,"valueName":"search_term_string"}}],"inLanguage":"es"},{"@type":"Organization","@id":"https:\/\/turismevalles.com\/en\/#organization","name":"Turisme Vall\u00e8s","url":"https:\/\/turismevalles.com\/en\/","logo":{"@type":"ImageObject","inLanguage":"es","@id":"https:\/\/turismevalles.com\/en\/#\/schema\/logo\/image\/","url":"https:\/\/turismevalles.com\/wp-content\/uploads\/2020\/08\/cropped-logo_ca-2.png","contentUrl":"https:\/\/turismevalles.com\/wp-content\/uploads\/2020\/08\/cropped-logo_ca-2.png","width":314,"height":85,"caption":"Turisme Vall\u00e8s"},"image":{"@id":"https:\/\/turismevalles.com\/en\/#\/schema\/logo\/image\/"}}]}},"uagb_featured_image_src":{"full":["https:\/\/turismevalles.com\/wp-content\/uploads\/2023\/02\/Fira-Botifarra.jpg",807,591,false],"thumbnail":["https:\/\/turismevalles.com\/wp-content\/uploads\/2023\/02\/Fira-Botifarra-150x150.jpg",150,150,true],"medium":["https:\/\/turismevalles.com\/wp-content\/uploads\/2023\/02\/Fira-Botifarra-300x220.jpg",300,220,true],"medium_large":["https:\/\/turismevalles.com\/wp-content\/uploads\/2023\/02\/Fira-Botifarra-768x562.jpg",768,562,true],"large":["https:\/\/turismevalles.com\/wp-content\/uploads\/2023\/02\/Fira-Botifarra.jpg",807,591,false],"thumblist":["https:\/\/turismevalles.com\/wp-content\/uploads\/2023\/02\/Fira-Botifarra-300x300.jpg",300,300,true],"meccarouselthumb":["https:\/\/turismevalles.com\/wp-content\/uploads\/2023\/02\/Fira-Botifarra-474x324.jpg",474,324,true],"gridsquare":["https:\/\/turismevalles.com\/wp-content\/uploads\/2023\/02\/Fira-Botifarra-391x260.jpg",391,260,true],"tileview":["https:\/\/turismevalles.com\/wp-content\/uploads\/2023\/02\/Fira-Botifarra-300x400.jpg",300,400,true],"1536x1536":["https:\/\/turismevalles.com\/wp-content\/uploads\/2023\/02\/Fira-Botifarra.jpg",807,591,false],"2048x2048":["https:\/\/turismevalles.com\/wp-content\/uploads\/2023\/02\/Fira-Botifarra.jpg",807,591,false]},"uagb_author_info":{"display_name":"Turisme Valles","author_link":"https:\/\/turismevalles.com\/es\/author\/turismevallesoriental\/"},"uagb_comment_info":0,"uagb_excerpt":"La Garriga se prepara para acoger una nueva edici\u00f3n de la cita gastron\u00f3mica, que contar\u00e1 con expositores, catas, rutas, actividades infantiles&#8230; con el producto estrella ... Veure m\u00e9s","_links":{"self":[{"href":"https:\/\/turismevalles.com\/es\/wp-json\/wp\/v2\/mec-events\/24552","targetHints":{"allow":["GET"]}}],"collection":[{"href":"https:\/\/turismevalles.com\/es\/wp-json\/wp\/v2\/mec-events"}],"about":[{"href":"https:\/\/turismevalles.com\/es\/wp-json\/wp\/v2\/types\/mec-events"}],"author":[{"embeddable":true,"href":"https:\/\/turismevalles.com\/es\/wp-json\/wp\/v2\/users\/5"}],"replies":[{"embeddable":true,"href":"https:\/\/turismevalles.com\/es\/wp-json\/wp\/v2\/comments?post=24552"}],"wp:featuredmedia":[{"embeddable":true,"href":"https:\/\/turismevalles.com\/es\/wp-json\/wp\/v2\/media\/24551"}],"wp:attachment":[{"href":"https:\/\/turismevalles.com\/es\/wp-json\/wp\/v2\/media?parent=24552"}],"wp:term":[{"taxonomy":"post_tag","embeddable":true,"href":"https:\/\/turismevalles.com\/es\/wp-json\/wp\/v2\/tags?post=24552"},{"taxonomy":"poblacions","embeddable":true,"href":"https:\/\/turismevalles.com\/es\/wp-json\/wp\/v2\/poblacions?post=24552"},{"taxonomy":"mec_category","embeddable":true,"href":"https:\/\/turismevalles.com\/es\/wp-json\/wp\/v2\/mec_category?post=24552"}],"curies":[{"name":"wp","href":"https:\/\/api.w.org\/{rel}","templated":true}]}}