{"id":24663,"date":"2023-02-08T10:00:56","date_gmt":"2023-02-08T09:00:56","guid":{"rendered":"http:\/\/turismevalles.com.mialias.net\/events\/festa-dels-tres-tombs-a-bigues-i-riells-del-fai\/"},"modified":"2023-02-08T10:03:33","modified_gmt":"2023-02-08T09:03:33","slug":"festa-dels-tres-tombs-a-bigues-i-riells-del-fai","status":"publish","type":"mec-events","link":"https:\/\/turismevalles.com\/es\/events\/festa-dels-tres-tombs-a-bigues-i-riells-del-fai\/","title":{"rendered":"Fiesta de los Tres Tombs aen Bigues i Riells del Fai"},"content":{"rendered":"<div class=\"text\">Fecha: Domingo 12\/03\/2023<br \/>\nHorario: De 8.30 a 16.00 horas<br \/>\nLugar: Plaza de Miquel Bosch<br \/>\nVen a disfrutar de los Tres Tumbos de Bigues i Riells del *Fai!<br \/>\nHabr\u00e1 almorzar, baile de gitanas, pase, bendici\u00f3n, arroz y baile!<\/div>\n<div><\/div>\n<div><img loading=\"lazy\" decoding=\"async\" class=\"aligncenter size-full wp-image-24659\" src=\"http:\/\/turismevalles.com\/wp-content\/uploads\/2023\/02\/Tres-T-Bigues.jpg\" alt=\"\" width=\"744\" height=\"847\" srcset=\"https:\/\/turismevalles.com\/wp-content\/uploads\/2023\/02\/Tres-T-Bigues.jpg 744w, https:\/\/turismevalles.com\/wp-content\/uploads\/2023\/02\/Tres-T-Bigues-264x300.jpg 264w\" sizes=\"auto, (max-width: 744px) 100vw, 744px\" \/><\/div>\n<div><\/div>\n<div>Info:\u00a0<a href=\"https:\/\/www.biguesiriells.cat\/ca\/actualitat-2\/agenda-1\/tres-tombs-743.htm\">https:\/\/www.biguesiriells.cat\/ca\/actualitat-2\/agenda-1\/tres-tombs-743.htm<\/a><\/div>\n","protected":false},"excerpt":{"rendered":"<p>Fecha: Domingo 12\/03\/2023 Horario: De 8.30 a 16.00 horas Lugar: Plaza de Miquel Bosch Ven a disfrutar de los Tres Tumbos de Bigues i Riells &#8230; <a title=\"Fiesta de los Tres Tombs aen Bigues i Riells del Fai\" class=\"read-more\" href=\"https:\/\/turismevalles.com\/es\/events\/festa-dels-tres-tombs-a-bigues-i-riells-del-fai\/\" aria-label=\"M\u00e1s en Fiesta de los Tres Tombs aen Bigues i Riells del Fai\">Veure m\u00e9s<\/a><\/p>\n","protected":false},"author":5,"featured_media":24658,"comment_status":"open","ping_status":"closed","template":"","tags":[1076,2204],"poblacions":[],"mec_category":[970,1660],"class_list":["post-24663","mec-events","type-mec-events","status-publish","has-post-thumbnail","hentry","tag-animales","tag-tres-tombs-es","mec_category-activitats-en-familia-es","mec_category-fires-i-festes-es","generate-columns","tablet-grid-50","mobile-grid-100","grid-parent","grid-33"],"acf":[],"yoast_head":"<!-- This site is optimized with the Yoast SEO plugin v26.4 - https:\/\/yoast.com\/wordpress\/plugins\/seo\/ -->\n<title>Fiesta de los Tres Tombs aen Bigues i Riells del Fai - Turisme Vall\u00e8s<\/title>\n<meta name=\"description\" content=\"Qu\u00e9 hacer cerca de Barcelona: Tres Tombs en Bigues i Riells del Fai. Vall\u00e8s Oriental\" \/>\n<meta name=\"robots\" content=\"index, follow, max-snippet:-1, max-image-preview:large, max-video-preview:-1\" \/>\n<link rel=\"canonical\" href=\"https:\/\/turismevalles.com\/es\/events\/festa-dels-tres-tombs-a-bigues-i-riells-del-fai\/\" \/>\n<meta property=\"og:locale\" content=\"es_ES\" \/>\n<meta property=\"og:type\" content=\"article\" \/>\n<meta property=\"og:title\" content=\"Fiesta de los Tres Tombs aen Bigues i Riells del Fai - Turisme Vall\u00e8s\" \/>\n<meta property=\"og:description\" content=\"Qu\u00e9 hacer cerca de Barcelona: Tres Tombs en Bigues i Riells del Fai. Vall\u00e8s Oriental\" \/>\n<meta property=\"og:url\" content=\"https:\/\/turismevalles.com\/es\/events\/festa-dels-tres-tombs-a-bigues-i-riells-del-fai\/\" \/>\n<meta property=\"og:site_name\" content=\"Turisme Vall\u00e8s\" \/>\n<meta property=\"article:modified_time\" content=\"2023-02-08T09:03:33+00:00\" \/>\n<meta property=\"og:image\" content=\"https:\/\/turismevalles.com\/wp-content\/uploads\/2023\/02\/Tres-Tombs-Bigues.jpg\" \/>\n\t<meta property=\"og:image:width\" content=\"538\" \/>\n\t<meta property=\"og:image:height\" content=\"281\" \/>\n\t<meta property=\"og:image:type\" content=\"image\/jpeg\" \/>\n<meta name=\"twitter:card\" content=\"summary_large_image\" \/>\n<meta name=\"twitter:label1\" content=\"Tiempo de lectura\" \/>\n\t<meta name=\"twitter:data1\" content=\"1 minuto\" \/>\n<script type=\"application\/ld+json\" class=\"yoast-schema-graph\">{\"@context\":\"https:\/\/schema.org\",\"@graph\":[{\"@type\":\"WebPage\",\"@id\":\"https:\/\/turismevalles.com\/es\/events\/festa-dels-tres-tombs-a-bigues-i-riells-del-fai\/\",\"url\":\"https:\/\/turismevalles.com\/es\/events\/festa-dels-tres-tombs-a-bigues-i-riells-del-fai\/\",\"name\":\"Fiesta de los Tres Tombs aen Bigues i Riells del Fai - Turisme Vall\u00e8s\",\"isPartOf\":{\"@id\":\"https:\/\/turismevalles.com\/en\/#website\"},\"primaryImageOfPage\":{\"@id\":\"https:\/\/turismevalles.com\/es\/events\/festa-dels-tres-tombs-a-bigues-i-riells-del-fai\/#primaryimage\"},\"image\":{\"@id\":\"https:\/\/turismevalles.com\/es\/events\/festa-dels-tres-tombs-a-bigues-i-riells-del-fai\/#primaryimage\"},\"thumbnailUrl\":\"https:\/\/turismevalles.com\/wp-content\/uploads\/2023\/02\/Tres-Tombs-Bigues.jpg\",\"datePublished\":\"2023-02-08T09:00:56+00:00\",\"dateModified\":\"2023-02-08T09:03:33+00:00\",\"description\":\"Qu\u00e9 hacer cerca de Barcelona: Tres Tombs en Bigues i Riells del Fai. Vall\u00e8s Oriental\",\"breadcrumb\":{\"@id\":\"https:\/\/turismevalles.com\/es\/events\/festa-dels-tres-tombs-a-bigues-i-riells-del-fai\/#breadcrumb\"},\"inLanguage\":\"es\",\"potentialAction\":[{\"@type\":\"ReadAction\",\"target\":[\"https:\/\/turismevalles.com\/es\/events\/festa-dels-tres-tombs-a-bigues-i-riells-del-fai\/\"]}]},{\"@type\":\"ImageObject\",\"inLanguage\":\"es\",\"@id\":\"https:\/\/turismevalles.com\/es\/events\/festa-dels-tres-tombs-a-bigues-i-riells-del-fai\/#primaryimage\",\"url\":\"https:\/\/turismevalles.com\/wp-content\/uploads\/2023\/02\/Tres-Tombs-Bigues.jpg\",\"contentUrl\":\"https:\/\/turismevalles.com\/wp-content\/uploads\/2023\/02\/Tres-Tombs-Bigues.jpg\",\"width\":538,\"height\":281},{\"@type\":\"BreadcrumbList\",\"@id\":\"https:\/\/turismevalles.com\/es\/events\/festa-dels-tres-tombs-a-bigues-i-riells-del-fai\/#breadcrumb\",\"itemListElement\":[{\"@type\":\"ListItem\",\"position\":1,\"name\":\"Inicio\",\"item\":\"https:\/\/turismevalles.com\/es\/\"},{\"@type\":\"ListItem\",\"position\":2,\"name\":\"Esdeveniments\",\"item\":\"https:\/\/turismevalles.com\/events\/\"},{\"@type\":\"ListItem\",\"position\":3,\"name\":\"Fiesta de los Tres Tombs aen Bigues i Riells del Fai\"}]},{\"@type\":\"WebSite\",\"@id\":\"https:\/\/turismevalles.com\/en\/#website\",\"url\":\"https:\/\/turismevalles.com\/en\/\",\"name\":\"Turisme Vall\u00e8s\",\"description\":\"\",\"publisher\":{\"@id\":\"https:\/\/turismevalles.com\/en\/#organization\"},\"potentialAction\":[{\"@type\":\"SearchAction\",\"target\":{\"@type\":\"EntryPoint\",\"urlTemplate\":\"https:\/\/turismevalles.com\/en\/?s={search_term_string}\"},\"query-input\":{\"@type\":\"PropertyValueSpecification\",\"valueRequired\":true,\"valueName\":\"search_term_string\"}}],\"inLanguage\":\"es\"},{\"@type\":\"Organization\",\"@id\":\"https:\/\/turismevalles.com\/en\/#organization\",\"name\":\"Turisme Vall\u00e8s\",\"url\":\"https:\/\/turismevalles.com\/en\/\",\"logo\":{\"@type\":\"ImageObject\",\"inLanguage\":\"es\",\"@id\":\"https:\/\/turismevalles.com\/en\/#\/schema\/logo\/image\/\",\"url\":\"https:\/\/turismevalles.com\/wp-content\/uploads\/2020\/08\/cropped-logo_ca-2.png\",\"contentUrl\":\"https:\/\/turismevalles.com\/wp-content\/uploads\/2020\/08\/cropped-logo_ca-2.png\",\"width\":314,\"height\":85,\"caption\":\"Turisme Vall\u00e8s\"},\"image\":{\"@id\":\"https:\/\/turismevalles.com\/en\/#\/schema\/logo\/image\/\"}}]}<\/script>\n<!-- \/ Yoast SEO plugin. -->","yoast_head_json":{"title":"Fiesta de los Tres Tombs aen Bigues i Riells del Fai - Turisme Vall\u00e8s","description":"Qu\u00e9 hacer cerca de Barcelona: Tres Tombs en Bigues i Riells del Fai. Vall\u00e8s Oriental","robots":{"index":"index","follow":"follow","max-snippet":"max-snippet:-1","max-image-preview":"max-image-preview:large","max-video-preview":"max-video-preview:-1"},"canonical":"https:\/\/turismevalles.com\/es\/events\/festa-dels-tres-tombs-a-bigues-i-riells-del-fai\/","og_locale":"es_ES","og_type":"article","og_title":"Fiesta de los Tres Tombs aen Bigues i Riells del Fai - Turisme Vall\u00e8s","og_description":"Qu\u00e9 hacer cerca de Barcelona: Tres Tombs en Bigues i Riells del Fai. Vall\u00e8s Oriental","og_url":"https:\/\/turismevalles.com\/es\/events\/festa-dels-tres-tombs-a-bigues-i-riells-del-fai\/","og_site_name":"Turisme Vall\u00e8s","article_modified_time":"2023-02-08T09:03:33+00:00","og_image":[{"width":538,"height":281,"url":"https:\/\/turismevalles.com\/wp-content\/uploads\/2023\/02\/Tres-Tombs-Bigues.jpg","type":"image\/jpeg"}],"twitter_card":"summary_large_image","twitter_misc":{"Tiempo de lectura":"1 minuto"},"schema":{"@context":"https:\/\/schema.org","@graph":[{"@type":"WebPage","@id":"https:\/\/turismevalles.com\/es\/events\/festa-dels-tres-tombs-a-bigues-i-riells-del-fai\/","url":"https:\/\/turismevalles.com\/es\/events\/festa-dels-tres-tombs-a-bigues-i-riells-del-fai\/","name":"Fiesta de los Tres Tombs aen Bigues i Riells del Fai - Turisme Vall\u00e8s","isPartOf":{"@id":"https:\/\/turismevalles.com\/en\/#website"},"primaryImageOfPage":{"@id":"https:\/\/turismevalles.com\/es\/events\/festa-dels-tres-tombs-a-bigues-i-riells-del-fai\/#primaryimage"},"image":{"@id":"https:\/\/turismevalles.com\/es\/events\/festa-dels-tres-tombs-a-bigues-i-riells-del-fai\/#primaryimage"},"thumbnailUrl":"https:\/\/turismevalles.com\/wp-content\/uploads\/2023\/02\/Tres-Tombs-Bigues.jpg","datePublished":"2023-02-08T09:00:56+00:00","dateModified":"2023-02-08T09:03:33+00:00","description":"Qu\u00e9 hacer cerca de Barcelona: Tres Tombs en Bigues i Riells del Fai. Vall\u00e8s Oriental","breadcrumb":{"@id":"https:\/\/turismevalles.com\/es\/events\/festa-dels-tres-tombs-a-bigues-i-riells-del-fai\/#breadcrumb"},"inLanguage":"es","potentialAction":[{"@type":"ReadAction","target":["https:\/\/turismevalles.com\/es\/events\/festa-dels-tres-tombs-a-bigues-i-riells-del-fai\/"]}]},{"@type":"ImageObject","inLanguage":"es","@id":"https:\/\/turismevalles.com\/es\/events\/festa-dels-tres-tombs-a-bigues-i-riells-del-fai\/#primaryimage","url":"https:\/\/turismevalles.com\/wp-content\/uploads\/2023\/02\/Tres-Tombs-Bigues.jpg","contentUrl":"https:\/\/turismevalles.com\/wp-content\/uploads\/2023\/02\/Tres-Tombs-Bigues.jpg","width":538,"height":281},{"@type":"BreadcrumbList","@id":"https:\/\/turismevalles.com\/es\/events\/festa-dels-tres-tombs-a-bigues-i-riells-del-fai\/#breadcrumb","itemListElement":[{"@type":"ListItem","position":1,"name":"Inicio","item":"https:\/\/turismevalles.com\/es\/"},{"@type":"ListItem","position":2,"name":"Esdeveniments","item":"https:\/\/turismevalles.com\/events\/"},{"@type":"ListItem","position":3,"name":"Fiesta de los Tres Tombs aen Bigues i Riells del Fai"}]},{"@type":"WebSite","@id":"https:\/\/turismevalles.com\/en\/#website","url":"https:\/\/turismevalles.com\/en\/","name":"Turisme Vall\u00e8s","description":"","publisher":{"@id":"https:\/\/turismevalles.com\/en\/#organization"},"potentialAction":[{"@type":"SearchAction","target":{"@type":"EntryPoint","urlTemplate":"https:\/\/turismevalles.com\/en\/?s={search_term_string}"},"query-input":{"@type":"PropertyValueSpecification","valueRequired":true,"valueName":"search_term_string"}}],"inLanguage":"es"},{"@type":"Organization","@id":"https:\/\/turismevalles.com\/en\/#organization","name":"Turisme Vall\u00e8s","url":"https:\/\/turismevalles.com\/en\/","logo":{"@type":"ImageObject","inLanguage":"es","@id":"https:\/\/turismevalles.com\/en\/#\/schema\/logo\/image\/","url":"https:\/\/turismevalles.com\/wp-content\/uploads\/2020\/08\/cropped-logo_ca-2.png","contentUrl":"https:\/\/turismevalles.com\/wp-content\/uploads\/2020\/08\/cropped-logo_ca-2.png","width":314,"height":85,"caption":"Turisme Vall\u00e8s"},"image":{"@id":"https:\/\/turismevalles.com\/en\/#\/schema\/logo\/image\/"}}]}},"uagb_featured_image_src":{"full":["https:\/\/turismevalles.com\/wp-content\/uploads\/2023\/02\/Tres-Tombs-Bigues.jpg",538,281,false],"thumbnail":["https:\/\/turismevalles.com\/wp-content\/uploads\/2023\/02\/Tres-Tombs-Bigues-150x150.jpg",150,150,true],"medium":["https:\/\/turismevalles.com\/wp-content\/uploads\/2023\/02\/Tres-Tombs-Bigues-300x157.jpg",300,157,true],"medium_large":["https:\/\/turismevalles.com\/wp-content\/uploads\/2023\/02\/Tres-Tombs-Bigues.jpg",538,281,false],"large":["https:\/\/turismevalles.com\/wp-content\/uploads\/2023\/02\/Tres-Tombs-Bigues.jpg",538,281,false],"thumblist":["https:\/\/turismevalles.com\/wp-content\/uploads\/2023\/02\/Tres-Tombs-Bigues-300x281.jpg",300,281,true],"meccarouselthumb":["https:\/\/turismevalles.com\/wp-content\/uploads\/2023\/02\/Tres-Tombs-Bigues-474x281.jpg",474,281,true],"gridsquare":["https:\/\/turismevalles.com\/wp-content\/uploads\/2023\/02\/Tres-Tombs-Bigues-391x260.jpg",391,260,true],"tileview":["https:\/\/turismevalles.com\/wp-content\/uploads\/2023\/02\/Tres-Tombs-Bigues-300x281.jpg",300,281,true],"1536x1536":["https:\/\/turismevalles.com\/wp-content\/uploads\/2023\/02\/Tres-Tombs-Bigues.jpg",538,281,false],"2048x2048":["https:\/\/turismevalles.com\/wp-content\/uploads\/2023\/02\/Tres-Tombs-Bigues.jpg",538,281,false]},"uagb_author_info":{"display_name":"Turisme Valles","author_link":"https:\/\/turismevalles.com\/es\/author\/turismevallesoriental\/"},"uagb_comment_info":0,"uagb_excerpt":"Fecha: Domingo 12\/03\/2023 Horario: De 8.30 a 16.00 horas Lugar: Plaza de Miquel Bosch Ven a disfrutar de los Tres Tumbos de Bigues i Riells ... Veure m\u00e9s","_links":{"self":[{"href":"https:\/\/turismevalles.com\/es\/wp-json\/wp\/v2\/mec-events\/24663","targetHints":{"allow":["GET"]}}],"collection":[{"href":"https:\/\/turismevalles.com\/es\/wp-json\/wp\/v2\/mec-events"}],"about":[{"href":"https:\/\/turismevalles.com\/es\/wp-json\/wp\/v2\/types\/mec-events"}],"author":[{"embeddable":true,"href":"https:\/\/turismevalles.com\/es\/wp-json\/wp\/v2\/users\/5"}],"replies":[{"embeddable":true,"href":"https:\/\/turismevalles.com\/es\/wp-json\/wp\/v2\/comments?post=24663"}],"wp:featuredmedia":[{"embeddable":true,"href":"https:\/\/turismevalles.com\/es\/wp-json\/wp\/v2\/media\/24658"}],"wp:attachment":[{"href":"https:\/\/turismevalles.com\/es\/wp-json\/wp\/v2\/media?parent=24663"}],"wp:term":[{"taxonomy":"post_tag","embeddable":true,"href":"https:\/\/turismevalles.com\/es\/wp-json\/wp\/v2\/tags?post=24663"},{"taxonomy":"poblacions","embeddable":true,"href":"https:\/\/turismevalles.com\/es\/wp-json\/wp\/v2\/poblacions?post=24663"},{"taxonomy":"mec_category","embeddable":true,"href":"https:\/\/turismevalles.com\/es\/wp-json\/wp\/v2\/mec_category?post=24663"}],"curies":[{"name":"wp","href":"https:\/\/api.w.org\/{rel}","templated":true}]}}