{"id":24670,"date":"2023-02-08T10:16:52","date_gmt":"2023-02-08T09:16:52","guid":{"rendered":"http:\/\/turismevalles.com.mialias.net\/events\/exposicio-temporal-la-historia-de-la-festa-de-sant-antoni-a-caldes-de-montbui-1667-2023-356-anys-documentats\/"},"modified":"2023-02-08T10:18:39","modified_gmt":"2023-02-08T09:18:39","slug":"exposicio-temporal-la-historia-de-la-festa-de-sant-antoni-a-caldes-de-montbui-1667-2023-356-anys-documentats","status":"publish","type":"mec-events","link":"https:\/\/turismevalles.com\/es\/events\/exposicio-temporal-la-historia-de-la-festa-de-sant-antoni-a-caldes-de-montbui-1667-2023-356-anys-documentats\/","title":{"rendered":"Exposici\u00f3n temporal \u00abLa historia de la fiesta de San Antonio en Caldes de Montbui\u00bb: 1667-2023, 356 a\u00f1os documentados\u00bb"},"content":{"rendered":"<div class=\"date\">\n<p>Del 14 de febrero al 4 de junio de 2023<\/p>\n<p>El Museo Thermalia acoge del 12 de febrero hasta el 4 de junio de 2023 la exposici\u00f3n \u201cHistoria de la fiesta de San Antonio Abad en Caldes de Montbui: 1667-2023, 356 a\u00f1os documentados\u201d, una muestra que con fotograf\u00edas y textos, explica la historia y las tradiciones que se han conservado hasta la actualidad.<\/p>\n<p>Para la poblaci\u00f3n calderina la muestra ser\u00e1 una manera de viajar a los or\u00edgenes de una celebraci\u00f3n que no pasa desapercibida, en especial por la celebraci\u00f3n de los Tres Tumbos y del Baile de Plaza. Para la poblaci\u00f3n en general, la exposici\u00f3n servir\u00e1 para explicar todas las partes, los rituales, las tradiciones, los actos y las actividades en el entorno de la versi\u00f3n calderina de la fiesta por excelencia del campesinado catal\u00e1n.<\/p>\n<p>La exposici\u00f3n mostrar\u00e1 documentos recuperados de la Facultad de Sant Antoni y de la Parroquia de Santa Maria, reproducir\u00e1 algunas escenas relacionadas con San Antonio Abad y exhibir\u00e1 algunas prendas de vestir t\u00edpicas de la fiesta, como los que se usan para el Baile de Plaza o para el Baile por la noche.<\/p>\n<p>La inauguraci\u00f3n de la muestra se har\u00e1 el d\u00eda 12 de febrero de 2023, a las 12 horas, y se podr\u00e1 visitar hasta el 4 de junio en la Sala Sebasti\u00e0 Badia del Museo Thermalia en horarios del museo.<\/p>\n<p>M\u00e1s informaci\u00f3n:<\/p>\n<p><strong>Thermalia. Museo de Caldes de Montbui<\/strong><\/p>\n<p>Oficina de Turismo<\/p>\n<\/div>\n<div class=\"ddbbtext\">\n<p class=\"western\"><span lang=\"CA\">Pla\u00e7a de la Font del Lle\u00f3,20<\/span><\/p>\n<p class=\"western\"><span lang=\"CA\">08140 Caldes de Montbui<\/span><\/p>\n<p class=\"western\"><span lang=\"CA\">93 865 41 40<\/span><\/p>\n<p class=\"western\"><u><span lang=\"CA\">thermalia@caldesdemontbui.cat<\/span><\/u><\/p>\n<p>Info:\u00a0<a href=\"https:\/\/www.caldesdemontbui.cat\/actualitat\/agenda\/exposicio-historia-de-la-festa-de-sant-antoni-abat-a-caldes-de-montbui-1667-2023-356-anys-documentats-fins-el-4-de-juny-al-museu-thermalia.html\">https:\/\/www.caldesdemontbui.cat\/actualitat\/agenda\/exposicio-historia-de-la-festa-de-sant-antoni-abat-a-caldes-de-montbui-1667-2023-356-anys-documentats-fins-el-4-de-juny-al-museu-thermalia.html<\/a><\/p>\n<\/div>\n","protected":false},"excerpt":{"rendered":"<p>Del 14 de febrero al 4 de junio de 2023 El Museo Thermalia acoge del 12 de febrero hasta el 4 de junio de 2023 &#8230; <a title=\"Exposici\u00f3n temporal \u00abLa historia de la fiesta de San Antonio en Caldes de Montbui\u00bb: 1667-2023, 356 a\u00f1os documentados\u00bb\" class=\"read-more\" href=\"https:\/\/turismevalles.com\/es\/events\/exposicio-temporal-la-historia-de-la-festa-de-sant-antoni-a-caldes-de-montbui-1667-2023-356-anys-documentats\/\" aria-label=\"M\u00e1s en Exposici\u00f3n temporal \u00abLa historia de la fiesta de San Antonio en Caldes de Montbui\u00bb: 1667-2023, 356 a\u00f1os documentados\u00bb\">Veure m\u00e9s<\/a><\/p>\n","protected":false},"author":5,"featured_media":24669,"comment_status":"open","ping_status":"closed","template":"","tags":[1938,2299],"poblacions":[431],"mec_category":[929],"class_list":["post-24670","mec-events","type-mec-events","status-publish","has-post-thumbnail","hentry","tag-exposicio-es","tag-sant-antoni-es","poblacions-caldes-de-montbui-es","mec_category-cultura-es","generate-columns","tablet-grid-50","mobile-grid-100","grid-parent","grid-33"],"acf":[],"yoast_head":"<!-- This site is optimized with the Yoast SEO plugin v26.4 - https:\/\/yoast.com\/wordpress\/plugins\/seo\/ -->\n<title>Exposici\u00f3n temporal &quot;La historia de la fiesta de San Antonio en Caldes de Montbui&quot;: 1667-2023, 356 a\u00f1os documentados&quot; - Turisme Vall\u00e8s<\/title>\n<meta name=\"description\" content=\"Qu\u00e9 hacer cerca de Barcelona: Caldes de Montbui. Vall\u00e8s Oriental\" \/>\n<meta name=\"robots\" content=\"index, follow, max-snippet:-1, max-image-preview:large, max-video-preview:-1\" \/>\n<link rel=\"canonical\" href=\"https:\/\/turismevalles.com\/es\/events\/exposicio-temporal-la-historia-de-la-festa-de-sant-antoni-a-caldes-de-montbui-1667-2023-356-anys-documentats\/\" \/>\n<meta property=\"og:locale\" content=\"es_ES\" \/>\n<meta property=\"og:type\" content=\"article\" \/>\n<meta property=\"og:title\" content=\"Exposici\u00f3n temporal &quot;La historia de la fiesta de San Antonio en Caldes de Montbui&quot;: 1667-2023, 356 a\u00f1os documentados&quot; - Turisme Vall\u00e8s\" \/>\n<meta property=\"og:description\" content=\"Qu\u00e9 hacer cerca de Barcelona: Caldes de Montbui. Vall\u00e8s Oriental\" \/>\n<meta property=\"og:url\" content=\"https:\/\/turismevalles.com\/es\/events\/exposicio-temporal-la-historia-de-la-festa-de-sant-antoni-a-caldes-de-montbui-1667-2023-356-anys-documentats\/\" \/>\n<meta property=\"og:site_name\" content=\"Turisme Vall\u00e8s\" \/>\n<meta property=\"article:modified_time\" content=\"2023-02-08T09:18:39+00:00\" \/>\n<meta property=\"og:image\" content=\"https:\/\/turismevalles.com\/wp-content\/uploads\/2023\/02\/Sant-Antoni-Thermalia.jpg\" \/>\n\t<meta property=\"og:image:width\" content=\"459\" \/>\n\t<meta property=\"og:image:height\" content=\"258\" \/>\n\t<meta property=\"og:image:type\" content=\"image\/jpeg\" \/>\n<meta name=\"twitter:card\" content=\"summary_large_image\" \/>\n<meta name=\"twitter:label1\" content=\"Tiempo de lectura\" \/>\n\t<meta name=\"twitter:data1\" content=\"2 minutos\" \/>\n<script type=\"application\/ld+json\" class=\"yoast-schema-graph\">{\"@context\":\"https:\/\/schema.org\",\"@graph\":[{\"@type\":\"WebPage\",\"@id\":\"https:\/\/turismevalles.com\/es\/events\/exposicio-temporal-la-historia-de-la-festa-de-sant-antoni-a-caldes-de-montbui-1667-2023-356-anys-documentats\/\",\"url\":\"https:\/\/turismevalles.com\/es\/events\/exposicio-temporal-la-historia-de-la-festa-de-sant-antoni-a-caldes-de-montbui-1667-2023-356-anys-documentats\/\",\"name\":\"Exposici\u00f3n temporal \\\"La historia de la fiesta de San Antonio en Caldes de Montbui\\\": 1667-2023, 356 a\u00f1os documentados\\\" - Turisme Vall\u00e8s\",\"isPartOf\":{\"@id\":\"https:\/\/turismevalles.com\/en\/#website\"},\"primaryImageOfPage\":{\"@id\":\"https:\/\/turismevalles.com\/es\/events\/exposicio-temporal-la-historia-de-la-festa-de-sant-antoni-a-caldes-de-montbui-1667-2023-356-anys-documentats\/#primaryimage\"},\"image\":{\"@id\":\"https:\/\/turismevalles.com\/es\/events\/exposicio-temporal-la-historia-de-la-festa-de-sant-antoni-a-caldes-de-montbui-1667-2023-356-anys-documentats\/#primaryimage\"},\"thumbnailUrl\":\"https:\/\/turismevalles.com\/wp-content\/uploads\/2023\/02\/Sant-Antoni-Thermalia.jpg\",\"datePublished\":\"2023-02-08T09:16:52+00:00\",\"dateModified\":\"2023-02-08T09:18:39+00:00\",\"description\":\"Qu\u00e9 hacer cerca de Barcelona: Caldes de Montbui. Vall\u00e8s Oriental\",\"breadcrumb\":{\"@id\":\"https:\/\/turismevalles.com\/es\/events\/exposicio-temporal-la-historia-de-la-festa-de-sant-antoni-a-caldes-de-montbui-1667-2023-356-anys-documentats\/#breadcrumb\"},\"inLanguage\":\"es\",\"potentialAction\":[{\"@type\":\"ReadAction\",\"target\":[\"https:\/\/turismevalles.com\/es\/events\/exposicio-temporal-la-historia-de-la-festa-de-sant-antoni-a-caldes-de-montbui-1667-2023-356-anys-documentats\/\"]}]},{\"@type\":\"ImageObject\",\"inLanguage\":\"es\",\"@id\":\"https:\/\/turismevalles.com\/es\/events\/exposicio-temporal-la-historia-de-la-festa-de-sant-antoni-a-caldes-de-montbui-1667-2023-356-anys-documentats\/#primaryimage\",\"url\":\"https:\/\/turismevalles.com\/wp-content\/uploads\/2023\/02\/Sant-Antoni-Thermalia.jpg\",\"contentUrl\":\"https:\/\/turismevalles.com\/wp-content\/uploads\/2023\/02\/Sant-Antoni-Thermalia.jpg\",\"width\":459,\"height\":258},{\"@type\":\"BreadcrumbList\",\"@id\":\"https:\/\/turismevalles.com\/es\/events\/exposicio-temporal-la-historia-de-la-festa-de-sant-antoni-a-caldes-de-montbui-1667-2023-356-anys-documentats\/#breadcrumb\",\"itemListElement\":[{\"@type\":\"ListItem\",\"position\":1,\"name\":\"Inicio\",\"item\":\"https:\/\/turismevalles.com\/es\/\"},{\"@type\":\"ListItem\",\"position\":2,\"name\":\"Esdeveniments\",\"item\":\"https:\/\/turismevalles.com\/events\/\"},{\"@type\":\"ListItem\",\"position\":3,\"name\":\"Exposici\u00f3n temporal &#8220;La historia de la fiesta de San Antonio en Caldes de Montbui&#8221;: 1667-2023, 356 a\u00f1os documentados&#8221;\"}]},{\"@type\":\"WebSite\",\"@id\":\"https:\/\/turismevalles.com\/en\/#website\",\"url\":\"https:\/\/turismevalles.com\/en\/\",\"name\":\"Turisme Vall\u00e8s\",\"description\":\"\",\"publisher\":{\"@id\":\"https:\/\/turismevalles.com\/en\/#organization\"},\"potentialAction\":[{\"@type\":\"SearchAction\",\"target\":{\"@type\":\"EntryPoint\",\"urlTemplate\":\"https:\/\/turismevalles.com\/en\/?s={search_term_string}\"},\"query-input\":{\"@type\":\"PropertyValueSpecification\",\"valueRequired\":true,\"valueName\":\"search_term_string\"}}],\"inLanguage\":\"es\"},{\"@type\":\"Organization\",\"@id\":\"https:\/\/turismevalles.com\/en\/#organization\",\"name\":\"Turisme Vall\u00e8s\",\"url\":\"https:\/\/turismevalles.com\/en\/\",\"logo\":{\"@type\":\"ImageObject\",\"inLanguage\":\"es\",\"@id\":\"https:\/\/turismevalles.com\/en\/#\/schema\/logo\/image\/\",\"url\":\"https:\/\/turismevalles.com\/wp-content\/uploads\/2020\/08\/cropped-logo_ca-2.png\",\"contentUrl\":\"https:\/\/turismevalles.com\/wp-content\/uploads\/2020\/08\/cropped-logo_ca-2.png\",\"width\":314,\"height\":85,\"caption\":\"Turisme Vall\u00e8s\"},\"image\":{\"@id\":\"https:\/\/turismevalles.com\/en\/#\/schema\/logo\/image\/\"}}]}<\/script>\n<!-- \/ Yoast SEO plugin. -->","yoast_head_json":{"title":"Exposici\u00f3n temporal \"La historia de la fiesta de San Antonio en Caldes de Montbui\": 1667-2023, 356 a\u00f1os documentados\" - Turisme Vall\u00e8s","description":"Qu\u00e9 hacer cerca de Barcelona: Caldes de Montbui. Vall\u00e8s Oriental","robots":{"index":"index","follow":"follow","max-snippet":"max-snippet:-1","max-image-preview":"max-image-preview:large","max-video-preview":"max-video-preview:-1"},"canonical":"https:\/\/turismevalles.com\/es\/events\/exposicio-temporal-la-historia-de-la-festa-de-sant-antoni-a-caldes-de-montbui-1667-2023-356-anys-documentats\/","og_locale":"es_ES","og_type":"article","og_title":"Exposici\u00f3n temporal \"La historia de la fiesta de San Antonio en Caldes de Montbui\": 1667-2023, 356 a\u00f1os documentados\" - Turisme Vall\u00e8s","og_description":"Qu\u00e9 hacer cerca de Barcelona: Caldes de Montbui. Vall\u00e8s Oriental","og_url":"https:\/\/turismevalles.com\/es\/events\/exposicio-temporal-la-historia-de-la-festa-de-sant-antoni-a-caldes-de-montbui-1667-2023-356-anys-documentats\/","og_site_name":"Turisme Vall\u00e8s","article_modified_time":"2023-02-08T09:18:39+00:00","og_image":[{"width":459,"height":258,"url":"https:\/\/turismevalles.com\/wp-content\/uploads\/2023\/02\/Sant-Antoni-Thermalia.jpg","type":"image\/jpeg"}],"twitter_card":"summary_large_image","twitter_misc":{"Tiempo de lectura":"2 minutos"},"schema":{"@context":"https:\/\/schema.org","@graph":[{"@type":"WebPage","@id":"https:\/\/turismevalles.com\/es\/events\/exposicio-temporal-la-historia-de-la-festa-de-sant-antoni-a-caldes-de-montbui-1667-2023-356-anys-documentats\/","url":"https:\/\/turismevalles.com\/es\/events\/exposicio-temporal-la-historia-de-la-festa-de-sant-antoni-a-caldes-de-montbui-1667-2023-356-anys-documentats\/","name":"Exposici\u00f3n temporal \"La historia de la fiesta de San Antonio en Caldes de Montbui\": 1667-2023, 356 a\u00f1os documentados\" - Turisme Vall\u00e8s","isPartOf":{"@id":"https:\/\/turismevalles.com\/en\/#website"},"primaryImageOfPage":{"@id":"https:\/\/turismevalles.com\/es\/events\/exposicio-temporal-la-historia-de-la-festa-de-sant-antoni-a-caldes-de-montbui-1667-2023-356-anys-documentats\/#primaryimage"},"image":{"@id":"https:\/\/turismevalles.com\/es\/events\/exposicio-temporal-la-historia-de-la-festa-de-sant-antoni-a-caldes-de-montbui-1667-2023-356-anys-documentats\/#primaryimage"},"thumbnailUrl":"https:\/\/turismevalles.com\/wp-content\/uploads\/2023\/02\/Sant-Antoni-Thermalia.jpg","datePublished":"2023-02-08T09:16:52+00:00","dateModified":"2023-02-08T09:18:39+00:00","description":"Qu\u00e9 hacer cerca de Barcelona: Caldes de Montbui. Vall\u00e8s Oriental","breadcrumb":{"@id":"https:\/\/turismevalles.com\/es\/events\/exposicio-temporal-la-historia-de-la-festa-de-sant-antoni-a-caldes-de-montbui-1667-2023-356-anys-documentats\/#breadcrumb"},"inLanguage":"es","potentialAction":[{"@type":"ReadAction","target":["https:\/\/turismevalles.com\/es\/events\/exposicio-temporal-la-historia-de-la-festa-de-sant-antoni-a-caldes-de-montbui-1667-2023-356-anys-documentats\/"]}]},{"@type":"ImageObject","inLanguage":"es","@id":"https:\/\/turismevalles.com\/es\/events\/exposicio-temporal-la-historia-de-la-festa-de-sant-antoni-a-caldes-de-montbui-1667-2023-356-anys-documentats\/#primaryimage","url":"https:\/\/turismevalles.com\/wp-content\/uploads\/2023\/02\/Sant-Antoni-Thermalia.jpg","contentUrl":"https:\/\/turismevalles.com\/wp-content\/uploads\/2023\/02\/Sant-Antoni-Thermalia.jpg","width":459,"height":258},{"@type":"BreadcrumbList","@id":"https:\/\/turismevalles.com\/es\/events\/exposicio-temporal-la-historia-de-la-festa-de-sant-antoni-a-caldes-de-montbui-1667-2023-356-anys-documentats\/#breadcrumb","itemListElement":[{"@type":"ListItem","position":1,"name":"Inicio","item":"https:\/\/turismevalles.com\/es\/"},{"@type":"ListItem","position":2,"name":"Esdeveniments","item":"https:\/\/turismevalles.com\/events\/"},{"@type":"ListItem","position":3,"name":"Exposici\u00f3n temporal &#8220;La historia de la fiesta de San Antonio en Caldes de Montbui&#8221;: 1667-2023, 356 a\u00f1os documentados&#8221;"}]},{"@type":"WebSite","@id":"https:\/\/turismevalles.com\/en\/#website","url":"https:\/\/turismevalles.com\/en\/","name":"Turisme Vall\u00e8s","description":"","publisher":{"@id":"https:\/\/turismevalles.com\/en\/#organization"},"potentialAction":[{"@type":"SearchAction","target":{"@type":"EntryPoint","urlTemplate":"https:\/\/turismevalles.com\/en\/?s={search_term_string}"},"query-input":{"@type":"PropertyValueSpecification","valueRequired":true,"valueName":"search_term_string"}}],"inLanguage":"es"},{"@type":"Organization","@id":"https:\/\/turismevalles.com\/en\/#organization","name":"Turisme Vall\u00e8s","url":"https:\/\/turismevalles.com\/en\/","logo":{"@type":"ImageObject","inLanguage":"es","@id":"https:\/\/turismevalles.com\/en\/#\/schema\/logo\/image\/","url":"https:\/\/turismevalles.com\/wp-content\/uploads\/2020\/08\/cropped-logo_ca-2.png","contentUrl":"https:\/\/turismevalles.com\/wp-content\/uploads\/2020\/08\/cropped-logo_ca-2.png","width":314,"height":85,"caption":"Turisme Vall\u00e8s"},"image":{"@id":"https:\/\/turismevalles.com\/en\/#\/schema\/logo\/image\/"}}]}},"uagb_featured_image_src":{"full":["https:\/\/turismevalles.com\/wp-content\/uploads\/2023\/02\/Sant-Antoni-Thermalia.jpg",459,258,false],"thumbnail":["https:\/\/turismevalles.com\/wp-content\/uploads\/2023\/02\/Sant-Antoni-Thermalia-150x150.jpg",150,150,true],"medium":["https:\/\/turismevalles.com\/wp-content\/uploads\/2023\/02\/Sant-Antoni-Thermalia-300x169.jpg",300,169,true],"medium_large":["https:\/\/turismevalles.com\/wp-content\/uploads\/2023\/02\/Sant-Antoni-Thermalia.jpg",459,258,false],"large":["https:\/\/turismevalles.com\/wp-content\/uploads\/2023\/02\/Sant-Antoni-Thermalia.jpg",459,258,false],"thumblist":["https:\/\/turismevalles.com\/wp-content\/uploads\/2023\/02\/Sant-Antoni-Thermalia-300x258.jpg",300,258,true],"meccarouselthumb":["https:\/\/turismevalles.com\/wp-content\/uploads\/2023\/02\/Sant-Antoni-Thermalia.jpg",459,258,false],"gridsquare":["https:\/\/turismevalles.com\/wp-content\/uploads\/2023\/02\/Sant-Antoni-Thermalia-391x258.jpg",391,258,true],"tileview":["https:\/\/turismevalles.com\/wp-content\/uploads\/2023\/02\/Sant-Antoni-Thermalia-300x258.jpg",300,258,true],"1536x1536":["https:\/\/turismevalles.com\/wp-content\/uploads\/2023\/02\/Sant-Antoni-Thermalia.jpg",459,258,false],"2048x2048":["https:\/\/turismevalles.com\/wp-content\/uploads\/2023\/02\/Sant-Antoni-Thermalia.jpg",459,258,false]},"uagb_author_info":{"display_name":"Turisme Valles","author_link":"https:\/\/turismevalles.com\/es\/author\/turismevallesoriental\/"},"uagb_comment_info":0,"uagb_excerpt":"Del 14 de febrero al 4 de junio de 2023 El Museo Thermalia acoge del 12 de febrero hasta el 4 de junio de 2023 ... Veure m\u00e9s","_links":{"self":[{"href":"https:\/\/turismevalles.com\/es\/wp-json\/wp\/v2\/mec-events\/24670","targetHints":{"allow":["GET"]}}],"collection":[{"href":"https:\/\/turismevalles.com\/es\/wp-json\/wp\/v2\/mec-events"}],"about":[{"href":"https:\/\/turismevalles.com\/es\/wp-json\/wp\/v2\/types\/mec-events"}],"author":[{"embeddable":true,"href":"https:\/\/turismevalles.com\/es\/wp-json\/wp\/v2\/users\/5"}],"replies":[{"embeddable":true,"href":"https:\/\/turismevalles.com\/es\/wp-json\/wp\/v2\/comments?post=24670"}],"wp:featuredmedia":[{"embeddable":true,"href":"https:\/\/turismevalles.com\/es\/wp-json\/wp\/v2\/media\/24669"}],"wp:attachment":[{"href":"https:\/\/turismevalles.com\/es\/wp-json\/wp\/v2\/media?parent=24670"}],"wp:term":[{"taxonomy":"post_tag","embeddable":true,"href":"https:\/\/turismevalles.com\/es\/wp-json\/wp\/v2\/tags?post=24670"},{"taxonomy":"poblacions","embeddable":true,"href":"https:\/\/turismevalles.com\/es\/wp-json\/wp\/v2\/poblacions?post=24670"},{"taxonomy":"mec_category","embeddable":true,"href":"https:\/\/turismevalles.com\/es\/wp-json\/wp\/v2\/mec_category?post=24670"}],"curies":[{"name":"wp","href":"https:\/\/api.w.org\/{rel}","templated":true}]}}