{"id":24765,"date":"2023-02-14T12:16:59","date_gmt":"2023-02-14T11:16:59","guid":{"rendered":"http:\/\/turismevalles.com.mialias.net\/events\/microvisita-a-l-illa-raspall-a-la-garriga\/"},"modified":"2023-02-14T12:18:08","modified_gmt":"2023-02-14T11:18:08","slug":"microvisita-a-l-illa-raspall-a-la-garriga","status":"publish","type":"mec-events","link":"https:\/\/turismevalles.com\/es\/events\/microvisita-a-l-illa-raspall-a-la-garriga\/","title":{"rendered":"Microvisita a la Isla Raspall en La Garriga"},"content":{"rendered":"<div class=\"field field--name-field-data field--type-daterange field--label-inline\">\n<div class=\"field__label\">\n<p>Fecha: s\u00e1b., 04\/03\/2023 &#8211; 11:00\u00a0&#8211;\u00a0s\u00e1b., 04\/03\/2023 &#8211; 12:00<\/p>\n<p>Punto de salida: Can Cepillo (calle Ba\u00f1os, 40)<\/p>\n<p>A las 11 y a las 12h<\/p>\n<p>Descubr\u00eds las cuatro casas que conforman la Isla Cepillo (Can Barbey, torre Iris, la Bombonera y Can Barraquer) y observ\u00e1is los detalles, las an\u00e9cdotas y todo aquello que hace de este espacio el conjunto modernista m\u00e1s importante de la Garriga y \u00fanico en todo Catalu\u00f1a, declarado Bien Cultural de Inter\u00e9s Nacional (*BCIN)<\/p>\n<p>Esta microvisita se har\u00e1 a las\u00a011 h\u00a0y a\u00a0las\u00a012 h<\/p>\n<p>HACE FALTA RESERVA PREVIA<\/p>\n<p>&nbsp;<\/p>\n<p>ACTIVIDAD GRATUITA INCLUIDA DENTRO DE LA FERIA DE LA MORCILLA DE LA GARRIGA 2023<\/p>\n<\/div>\n<\/div>\n","protected":false},"excerpt":{"rendered":"<p>Fecha: s\u00e1b., 04\/03\/2023 &#8211; 11:00\u00a0&#8211;\u00a0s\u00e1b., 04\/03\/2023 &#8211; 12:00 Punto de salida: Can Cepillo (calle Ba\u00f1os, 40) A las 11 y a las 12h Descubr\u00eds las &#8230; <a title=\"Microvisita a la Isla Raspall en La Garriga\" class=\"read-more\" href=\"https:\/\/turismevalles.com\/es\/events\/microvisita-a-l-illa-raspall-a-la-garriga\/\" aria-label=\"M\u00e1s en Microvisita a la Isla Raspall en La Garriga\">Veure m\u00e9s<\/a><\/p>\n","protected":false},"author":5,"featured_media":24764,"comment_status":"open","ping_status":"closed","template":"","tags":[2091],"poblacions":[439],"mec_category":[929,2225],"class_list":["post-24765","mec-events","type-mec-events","status-publish","has-post-thumbnail","hentry","tag-visita-es","poblacions-la-garriga-es","mec_category-cultura-es","mec_category-visita-es","generate-columns","tablet-grid-50","mobile-grid-100","grid-parent","grid-33"],"acf":[],"yoast_head":"<!-- This site is optimized with the Yoast SEO plugin v26.4 - https:\/\/yoast.com\/wordpress\/plugins\/seo\/ -->\n<title>Microvisita a la Isla Raspall en La Garriga - Turisme Vall\u00e8s<\/title>\n<meta name=\"description\" content=\"Visita a La Garriga. Vall\u00e8s Oriental\" \/>\n<meta name=\"robots\" content=\"index, follow, max-snippet:-1, max-image-preview:large, max-video-preview:-1\" \/>\n<link rel=\"canonical\" href=\"https:\/\/turismevalles.com\/es\/events\/microvisita-a-l-illa-raspall-a-la-garriga\/\" \/>\n<meta property=\"og:locale\" content=\"es_ES\" \/>\n<meta property=\"og:type\" content=\"article\" \/>\n<meta property=\"og:title\" content=\"Microvisita a la Isla Raspall en La Garriga - Turisme Vall\u00e8s\" \/>\n<meta property=\"og:description\" content=\"Visita a La Garriga. Vall\u00e8s Oriental\" \/>\n<meta property=\"og:url\" content=\"https:\/\/turismevalles.com\/es\/events\/microvisita-a-l-illa-raspall-a-la-garriga\/\" \/>\n<meta property=\"og:site_name\" content=\"Turisme Vall\u00e8s\" \/>\n<meta property=\"article:modified_time\" content=\"2023-02-14T11:18:08+00:00\" \/>\n<meta property=\"og:image\" content=\"https:\/\/turismevalles.com\/wp-content\/uploads\/2023\/02\/Raspall.jpg\" \/>\n\t<meta property=\"og:image:width\" content=\"721\" \/>\n\t<meta property=\"og:image:height\" content=\"587\" \/>\n\t<meta property=\"og:image:type\" content=\"image\/jpeg\" \/>\n<meta name=\"twitter:card\" content=\"summary_large_image\" \/>\n<meta name=\"twitter:label1\" content=\"Tiempo de lectura\" \/>\n\t<meta name=\"twitter:data1\" content=\"1 minuto\" \/>\n<script type=\"application\/ld+json\" class=\"yoast-schema-graph\">{\"@context\":\"https:\/\/schema.org\",\"@graph\":[{\"@type\":\"WebPage\",\"@id\":\"https:\/\/turismevalles.com\/es\/events\/microvisita-a-l-illa-raspall-a-la-garriga\/\",\"url\":\"https:\/\/turismevalles.com\/es\/events\/microvisita-a-l-illa-raspall-a-la-garriga\/\",\"name\":\"Microvisita a la Isla Raspall en La Garriga - Turisme Vall\u00e8s\",\"isPartOf\":{\"@id\":\"https:\/\/turismevalles.com\/en\/#website\"},\"primaryImageOfPage\":{\"@id\":\"https:\/\/turismevalles.com\/es\/events\/microvisita-a-l-illa-raspall-a-la-garriga\/#primaryimage\"},\"image\":{\"@id\":\"https:\/\/turismevalles.com\/es\/events\/microvisita-a-l-illa-raspall-a-la-garriga\/#primaryimage\"},\"thumbnailUrl\":\"https:\/\/turismevalles.com\/wp-content\/uploads\/2023\/02\/Raspall.jpg\",\"datePublished\":\"2023-02-14T11:16:59+00:00\",\"dateModified\":\"2023-02-14T11:18:08+00:00\",\"description\":\"Visita a La Garriga. Vall\u00e8s Oriental\",\"breadcrumb\":{\"@id\":\"https:\/\/turismevalles.com\/es\/events\/microvisita-a-l-illa-raspall-a-la-garriga\/#breadcrumb\"},\"inLanguage\":\"es\",\"potentialAction\":[{\"@type\":\"ReadAction\",\"target\":[\"https:\/\/turismevalles.com\/es\/events\/microvisita-a-l-illa-raspall-a-la-garriga\/\"]}]},{\"@type\":\"ImageObject\",\"inLanguage\":\"es\",\"@id\":\"https:\/\/turismevalles.com\/es\/events\/microvisita-a-l-illa-raspall-a-la-garriga\/#primaryimage\",\"url\":\"https:\/\/turismevalles.com\/wp-content\/uploads\/2023\/02\/Raspall.jpg\",\"contentUrl\":\"https:\/\/turismevalles.com\/wp-content\/uploads\/2023\/02\/Raspall.jpg\",\"width\":721,\"height\":587},{\"@type\":\"BreadcrumbList\",\"@id\":\"https:\/\/turismevalles.com\/es\/events\/microvisita-a-l-illa-raspall-a-la-garriga\/#breadcrumb\",\"itemListElement\":[{\"@type\":\"ListItem\",\"position\":1,\"name\":\"Inicio\",\"item\":\"https:\/\/turismevalles.com\/es\/\"},{\"@type\":\"ListItem\",\"position\":2,\"name\":\"Esdeveniments\",\"item\":\"https:\/\/turismevalles.com\/events\/\"},{\"@type\":\"ListItem\",\"position\":3,\"name\":\"Microvisita a la Isla Raspall en La Garriga\"}]},{\"@type\":\"WebSite\",\"@id\":\"https:\/\/turismevalles.com\/en\/#website\",\"url\":\"https:\/\/turismevalles.com\/en\/\",\"name\":\"Turisme Vall\u00e8s\",\"description\":\"\",\"publisher\":{\"@id\":\"https:\/\/turismevalles.com\/en\/#organization\"},\"potentialAction\":[{\"@type\":\"SearchAction\",\"target\":{\"@type\":\"EntryPoint\",\"urlTemplate\":\"https:\/\/turismevalles.com\/en\/?s={search_term_string}\"},\"query-input\":{\"@type\":\"PropertyValueSpecification\",\"valueRequired\":true,\"valueName\":\"search_term_string\"}}],\"inLanguage\":\"es\"},{\"@type\":\"Organization\",\"@id\":\"https:\/\/turismevalles.com\/en\/#organization\",\"name\":\"Turisme Vall\u00e8s\",\"url\":\"https:\/\/turismevalles.com\/en\/\",\"logo\":{\"@type\":\"ImageObject\",\"inLanguage\":\"es\",\"@id\":\"https:\/\/turismevalles.com\/en\/#\/schema\/logo\/image\/\",\"url\":\"https:\/\/turismevalles.com\/wp-content\/uploads\/2020\/08\/cropped-logo_ca-2.png\",\"contentUrl\":\"https:\/\/turismevalles.com\/wp-content\/uploads\/2020\/08\/cropped-logo_ca-2.png\",\"width\":314,\"height\":85,\"caption\":\"Turisme Vall\u00e8s\"},\"image\":{\"@id\":\"https:\/\/turismevalles.com\/en\/#\/schema\/logo\/image\/\"}}]}<\/script>\n<!-- \/ Yoast SEO plugin. -->","yoast_head_json":{"title":"Microvisita a la Isla Raspall en La Garriga - Turisme Vall\u00e8s","description":"Visita a La Garriga. Vall\u00e8s Oriental","robots":{"index":"index","follow":"follow","max-snippet":"max-snippet:-1","max-image-preview":"max-image-preview:large","max-video-preview":"max-video-preview:-1"},"canonical":"https:\/\/turismevalles.com\/es\/events\/microvisita-a-l-illa-raspall-a-la-garriga\/","og_locale":"es_ES","og_type":"article","og_title":"Microvisita a la Isla Raspall en La Garriga - Turisme Vall\u00e8s","og_description":"Visita a La Garriga. Vall\u00e8s Oriental","og_url":"https:\/\/turismevalles.com\/es\/events\/microvisita-a-l-illa-raspall-a-la-garriga\/","og_site_name":"Turisme Vall\u00e8s","article_modified_time":"2023-02-14T11:18:08+00:00","og_image":[{"width":721,"height":587,"url":"https:\/\/turismevalles.com\/wp-content\/uploads\/2023\/02\/Raspall.jpg","type":"image\/jpeg"}],"twitter_card":"summary_large_image","twitter_misc":{"Tiempo de lectura":"1 minuto"},"schema":{"@context":"https:\/\/schema.org","@graph":[{"@type":"WebPage","@id":"https:\/\/turismevalles.com\/es\/events\/microvisita-a-l-illa-raspall-a-la-garriga\/","url":"https:\/\/turismevalles.com\/es\/events\/microvisita-a-l-illa-raspall-a-la-garriga\/","name":"Microvisita a la Isla Raspall en La Garriga - Turisme Vall\u00e8s","isPartOf":{"@id":"https:\/\/turismevalles.com\/en\/#website"},"primaryImageOfPage":{"@id":"https:\/\/turismevalles.com\/es\/events\/microvisita-a-l-illa-raspall-a-la-garriga\/#primaryimage"},"image":{"@id":"https:\/\/turismevalles.com\/es\/events\/microvisita-a-l-illa-raspall-a-la-garriga\/#primaryimage"},"thumbnailUrl":"https:\/\/turismevalles.com\/wp-content\/uploads\/2023\/02\/Raspall.jpg","datePublished":"2023-02-14T11:16:59+00:00","dateModified":"2023-02-14T11:18:08+00:00","description":"Visita a La Garriga. Vall\u00e8s Oriental","breadcrumb":{"@id":"https:\/\/turismevalles.com\/es\/events\/microvisita-a-l-illa-raspall-a-la-garriga\/#breadcrumb"},"inLanguage":"es","potentialAction":[{"@type":"ReadAction","target":["https:\/\/turismevalles.com\/es\/events\/microvisita-a-l-illa-raspall-a-la-garriga\/"]}]},{"@type":"ImageObject","inLanguage":"es","@id":"https:\/\/turismevalles.com\/es\/events\/microvisita-a-l-illa-raspall-a-la-garriga\/#primaryimage","url":"https:\/\/turismevalles.com\/wp-content\/uploads\/2023\/02\/Raspall.jpg","contentUrl":"https:\/\/turismevalles.com\/wp-content\/uploads\/2023\/02\/Raspall.jpg","width":721,"height":587},{"@type":"BreadcrumbList","@id":"https:\/\/turismevalles.com\/es\/events\/microvisita-a-l-illa-raspall-a-la-garriga\/#breadcrumb","itemListElement":[{"@type":"ListItem","position":1,"name":"Inicio","item":"https:\/\/turismevalles.com\/es\/"},{"@type":"ListItem","position":2,"name":"Esdeveniments","item":"https:\/\/turismevalles.com\/events\/"},{"@type":"ListItem","position":3,"name":"Microvisita a la Isla Raspall en La Garriga"}]},{"@type":"WebSite","@id":"https:\/\/turismevalles.com\/en\/#website","url":"https:\/\/turismevalles.com\/en\/","name":"Turisme Vall\u00e8s","description":"","publisher":{"@id":"https:\/\/turismevalles.com\/en\/#organization"},"potentialAction":[{"@type":"SearchAction","target":{"@type":"EntryPoint","urlTemplate":"https:\/\/turismevalles.com\/en\/?s={search_term_string}"},"query-input":{"@type":"PropertyValueSpecification","valueRequired":true,"valueName":"search_term_string"}}],"inLanguage":"es"},{"@type":"Organization","@id":"https:\/\/turismevalles.com\/en\/#organization","name":"Turisme Vall\u00e8s","url":"https:\/\/turismevalles.com\/en\/","logo":{"@type":"ImageObject","inLanguage":"es","@id":"https:\/\/turismevalles.com\/en\/#\/schema\/logo\/image\/","url":"https:\/\/turismevalles.com\/wp-content\/uploads\/2020\/08\/cropped-logo_ca-2.png","contentUrl":"https:\/\/turismevalles.com\/wp-content\/uploads\/2020\/08\/cropped-logo_ca-2.png","width":314,"height":85,"caption":"Turisme Vall\u00e8s"},"image":{"@id":"https:\/\/turismevalles.com\/en\/#\/schema\/logo\/image\/"}}]}},"uagb_featured_image_src":{"full":["https:\/\/turismevalles.com\/wp-content\/uploads\/2023\/02\/Raspall.jpg",721,587,false],"thumbnail":["https:\/\/turismevalles.com\/wp-content\/uploads\/2023\/02\/Raspall-150x150.jpg",150,150,true],"medium":["https:\/\/turismevalles.com\/wp-content\/uploads\/2023\/02\/Raspall-300x244.jpg",300,244,true],"medium_large":["https:\/\/turismevalles.com\/wp-content\/uploads\/2023\/02\/Raspall.jpg",721,587,false],"large":["https:\/\/turismevalles.com\/wp-content\/uploads\/2023\/02\/Raspall.jpg",721,587,false],"thumblist":["https:\/\/turismevalles.com\/wp-content\/uploads\/2023\/02\/Raspall-300x300.jpg",300,300,true],"meccarouselthumb":["https:\/\/turismevalles.com\/wp-content\/uploads\/2023\/02\/Raspall-474x324.jpg",474,324,true],"gridsquare":["https:\/\/turismevalles.com\/wp-content\/uploads\/2023\/02\/Raspall-391x260.jpg",391,260,true],"tileview":["https:\/\/turismevalles.com\/wp-content\/uploads\/2023\/02\/Raspall-300x400.jpg",300,400,true],"1536x1536":["https:\/\/turismevalles.com\/wp-content\/uploads\/2023\/02\/Raspall.jpg",721,587,false],"2048x2048":["https:\/\/turismevalles.com\/wp-content\/uploads\/2023\/02\/Raspall.jpg",721,587,false]},"uagb_author_info":{"display_name":"Turisme Valles","author_link":"https:\/\/turismevalles.com\/es\/author\/turismevallesoriental\/"},"uagb_comment_info":0,"uagb_excerpt":"Fecha: s\u00e1b., 04\/03\/2023 &#8211; 11:00\u00a0&#8211;\u00a0s\u00e1b., 04\/03\/2023 &#8211; 12:00 Punto de salida: Can Cepillo (calle Ba\u00f1os, 40) A las 11 y a las 12h Descubr\u00eds las ... Veure m\u00e9s","_links":{"self":[{"href":"https:\/\/turismevalles.com\/es\/wp-json\/wp\/v2\/mec-events\/24765","targetHints":{"allow":["GET"]}}],"collection":[{"href":"https:\/\/turismevalles.com\/es\/wp-json\/wp\/v2\/mec-events"}],"about":[{"href":"https:\/\/turismevalles.com\/es\/wp-json\/wp\/v2\/types\/mec-events"}],"author":[{"embeddable":true,"href":"https:\/\/turismevalles.com\/es\/wp-json\/wp\/v2\/users\/5"}],"replies":[{"embeddable":true,"href":"https:\/\/turismevalles.com\/es\/wp-json\/wp\/v2\/comments?post=24765"}],"wp:featuredmedia":[{"embeddable":true,"href":"https:\/\/turismevalles.com\/es\/wp-json\/wp\/v2\/media\/24764"}],"wp:attachment":[{"href":"https:\/\/turismevalles.com\/es\/wp-json\/wp\/v2\/media?parent=24765"}],"wp:term":[{"taxonomy":"post_tag","embeddable":true,"href":"https:\/\/turismevalles.com\/es\/wp-json\/wp\/v2\/tags?post=24765"},{"taxonomy":"poblacions","embeddable":true,"href":"https:\/\/turismevalles.com\/es\/wp-json\/wp\/v2\/poblacions?post=24765"},{"taxonomy":"mec_category","embeddable":true,"href":"https:\/\/turismevalles.com\/es\/wp-json\/wp\/v2\/mec_category?post=24765"}],"curies":[{"name":"wp","href":"https:\/\/api.w.org\/{rel}","templated":true}]}}