{"id":24779,"date":"2023-02-14T13:09:53","date_gmt":"2023-02-14T12:09:53","guid":{"rendered":"http:\/\/turismevalles.com.mialias.net\/events\/jornades-modernistes-a-la-garriga\/"},"modified":"2023-02-14T13:11:30","modified_gmt":"2023-02-14T12:11:30","slug":"jornades-modernistes-a-la-garriga","status":"publish","type":"mec-events","link":"https:\/\/turismevalles.com\/es\/events\/jornades-modernistes-a-la-garriga\/","title":{"rendered":"Jornadas modernistas en La Garriga"},"content":{"rendered":"<p>&nbsp;<\/p>\n<div class=\"field field--name-field-data field--type-daterange field--label-inline\">\n<div class=\"field__label\">\n<p>Fecha: vnes., 13\/10\/2023 &#8211; 17:00\u00a0&#8211;\u00a0dom., 15\/10\/2023 &#8211; 19:00<\/p>\n<p>Punto de salida:<br \/>\nPlaza de la Iglesia<\/p>\n<p>Desde el 13 hasta el 15 de octubre llegan las Jornadas Modernistas de la Garriga.<\/p>\n<p>Una cita que pretende reflexionar, a trav\u00e9s de diferentes actos l\u00fadicos y culturales, sobre el movimiento modernista y el que ha significado su patrimonio para la Garriga y el pa\u00eds.<\/p>\n<p>Las Jornadas Modernistas indagan en la figura de arquitectas que dejaron huella en la Garriga y, a la vez, inciden en algunos personajes clave en la historia del movimiento.<\/p>\n<p>La m\u00fasica siempre tiene un papel destacado, con conciertos de m\u00fasica de la \u00e9poca en espacios emblem\u00e1ticos del patrimonio garriguenc. M\u00fasica, historia y patrimonio, pues, van del brazo en el decurso de las jornadas. Durante el fin de semana tambi\u00e9n se hacen visitas guiadas, conferencias y lecturas dramatizadas, entre otras actividades divulgativas.<\/p>\n<p>Todo ello -la diversidad de actas, espacios y horarios-, con la voluntad de hacer llegar el Modernismo y su relaci\u00f3n determinante con la Garriga a todo tipo de p\u00fablico, de forma que tanto el p\u00fablico especializado como las familias o aquellas personas con inquietudes culturales o ganas de pasar un buen rato, encuentren una propuesta que los satisfaga.<\/p>\n<\/div>\n<\/div>\n","protected":false},"excerpt":{"rendered":"<p>&nbsp; Fecha: vnes., 13\/10\/2023 &#8211; 17:00\u00a0&#8211;\u00a0dom., 15\/10\/2023 &#8211; 19:00 Punto de salida: Plaza de la Iglesia Desde el 13 hasta el 15 de octubre llegan &#8230; <a title=\"Jornadas modernistas en La Garriga\" class=\"read-more\" href=\"https:\/\/turismevalles.com\/es\/events\/jornades-modernistes-a-la-garriga\/\" aria-label=\"M\u00e1s en Jornadas modernistas en La Garriga\">Veure m\u00e9s<\/a><\/p>\n","protected":false},"author":5,"featured_media":24778,"comment_status":"open","ping_status":"closed","template":"","tags":[1455],"poblacions":[439],"mec_category":[970,929],"class_list":["post-24779","mec-events","type-mec-events","status-publish","has-post-thumbnail","hentry","tag-modernisme-es","poblacions-la-garriga-es","mec_category-activitats-en-familia-es","mec_category-cultura-es","generate-columns","tablet-grid-50","mobile-grid-100","grid-parent","grid-33"],"acf":[],"yoast_head":"<!-- This site is optimized with the Yoast SEO plugin v26.4 - https:\/\/yoast.com\/wordpress\/plugins\/seo\/ -->\n<title>Jornadas modernistas en La Garriga - Turisme Vall\u00e8s<\/title>\n<meta name=\"description\" content=\"Jornades modernistes a La Garriga. Vall\u00e8s Oriental\" \/>\n<meta name=\"robots\" content=\"index, follow, max-snippet:-1, max-image-preview:large, max-video-preview:-1\" \/>\n<link rel=\"canonical\" href=\"https:\/\/turismevalles.com\/es\/events\/jornades-modernistes-a-la-garriga\/\" \/>\n<meta property=\"og:locale\" content=\"es_ES\" \/>\n<meta property=\"og:type\" content=\"article\" \/>\n<meta property=\"og:title\" content=\"Jornadas modernistas en La Garriga - Turisme Vall\u00e8s\" \/>\n<meta property=\"og:description\" content=\"Jornades modernistes a La Garriga. Vall\u00e8s Oriental\" \/>\n<meta property=\"og:url\" content=\"https:\/\/turismevalles.com\/es\/events\/jornades-modernistes-a-la-garriga\/\" \/>\n<meta property=\"og:site_name\" content=\"Turisme Vall\u00e8s\" \/>\n<meta property=\"article:modified_time\" content=\"2023-02-14T12:11:30+00:00\" \/>\n<meta property=\"og:image\" content=\"https:\/\/turismevalles.com\/wp-content\/uploads\/2023\/02\/Jornades-modernistes.jpg\" \/>\n\t<meta property=\"og:image:width\" content=\"266\" \/>\n\t<meta property=\"og:image:height\" content=\"259\" \/>\n\t<meta property=\"og:image:type\" content=\"image\/jpeg\" \/>\n<meta name=\"twitter:card\" content=\"summary_large_image\" \/>\n<meta name=\"twitter:label1\" content=\"Tiempo de lectura\" \/>\n\t<meta name=\"twitter:data1\" content=\"1 minuto\" \/>\n<script type=\"application\/ld+json\" class=\"yoast-schema-graph\">{\"@context\":\"https:\/\/schema.org\",\"@graph\":[{\"@type\":\"WebPage\",\"@id\":\"https:\/\/turismevalles.com\/es\/events\/jornades-modernistes-a-la-garriga\/\",\"url\":\"https:\/\/turismevalles.com\/es\/events\/jornades-modernistes-a-la-garriga\/\",\"name\":\"Jornadas modernistas en La Garriga - Turisme Vall\u00e8s\",\"isPartOf\":{\"@id\":\"https:\/\/turismevalles.com\/en\/#website\"},\"primaryImageOfPage\":{\"@id\":\"https:\/\/turismevalles.com\/es\/events\/jornades-modernistes-a-la-garriga\/#primaryimage\"},\"image\":{\"@id\":\"https:\/\/turismevalles.com\/es\/events\/jornades-modernistes-a-la-garriga\/#primaryimage\"},\"thumbnailUrl\":\"https:\/\/turismevalles.com\/wp-content\/uploads\/2023\/02\/Jornades-modernistes.jpg\",\"datePublished\":\"2023-02-14T12:09:53+00:00\",\"dateModified\":\"2023-02-14T12:11:30+00:00\",\"description\":\"Jornades modernistes a La Garriga. Vall\u00e8s Oriental\",\"breadcrumb\":{\"@id\":\"https:\/\/turismevalles.com\/es\/events\/jornades-modernistes-a-la-garriga\/#breadcrumb\"},\"inLanguage\":\"es\",\"potentialAction\":[{\"@type\":\"ReadAction\",\"target\":[\"https:\/\/turismevalles.com\/es\/events\/jornades-modernistes-a-la-garriga\/\"]}]},{\"@type\":\"ImageObject\",\"inLanguage\":\"es\",\"@id\":\"https:\/\/turismevalles.com\/es\/events\/jornades-modernistes-a-la-garriga\/#primaryimage\",\"url\":\"https:\/\/turismevalles.com\/wp-content\/uploads\/2023\/02\/Jornades-modernistes.jpg\",\"contentUrl\":\"https:\/\/turismevalles.com\/wp-content\/uploads\/2023\/02\/Jornades-modernistes.jpg\",\"width\":266,\"height\":259},{\"@type\":\"BreadcrumbList\",\"@id\":\"https:\/\/turismevalles.com\/es\/events\/jornades-modernistes-a-la-garriga\/#breadcrumb\",\"itemListElement\":[{\"@type\":\"ListItem\",\"position\":1,\"name\":\"Inicio\",\"item\":\"https:\/\/turismevalles.com\/es\/\"},{\"@type\":\"ListItem\",\"position\":2,\"name\":\"Esdeveniments\",\"item\":\"https:\/\/turismevalles.com\/events\/\"},{\"@type\":\"ListItem\",\"position\":3,\"name\":\"Jornadas modernistas en La Garriga\"}]},{\"@type\":\"WebSite\",\"@id\":\"https:\/\/turismevalles.com\/en\/#website\",\"url\":\"https:\/\/turismevalles.com\/en\/\",\"name\":\"Turisme Vall\u00e8s\",\"description\":\"\",\"publisher\":{\"@id\":\"https:\/\/turismevalles.com\/en\/#organization\"},\"potentialAction\":[{\"@type\":\"SearchAction\",\"target\":{\"@type\":\"EntryPoint\",\"urlTemplate\":\"https:\/\/turismevalles.com\/en\/?s={search_term_string}\"},\"query-input\":{\"@type\":\"PropertyValueSpecification\",\"valueRequired\":true,\"valueName\":\"search_term_string\"}}],\"inLanguage\":\"es\"},{\"@type\":\"Organization\",\"@id\":\"https:\/\/turismevalles.com\/en\/#organization\",\"name\":\"Turisme Vall\u00e8s\",\"url\":\"https:\/\/turismevalles.com\/en\/\",\"logo\":{\"@type\":\"ImageObject\",\"inLanguage\":\"es\",\"@id\":\"https:\/\/turismevalles.com\/en\/#\/schema\/logo\/image\/\",\"url\":\"https:\/\/turismevalles.com\/wp-content\/uploads\/2020\/08\/cropped-logo_ca-2.png\",\"contentUrl\":\"https:\/\/turismevalles.com\/wp-content\/uploads\/2020\/08\/cropped-logo_ca-2.png\",\"width\":314,\"height\":85,\"caption\":\"Turisme Vall\u00e8s\"},\"image\":{\"@id\":\"https:\/\/turismevalles.com\/en\/#\/schema\/logo\/image\/\"}}]}<\/script>\n<!-- \/ Yoast SEO plugin. -->","yoast_head_json":{"title":"Jornadas modernistas en La Garriga - Turisme Vall\u00e8s","description":"Jornades modernistes a La Garriga. Vall\u00e8s Oriental","robots":{"index":"index","follow":"follow","max-snippet":"max-snippet:-1","max-image-preview":"max-image-preview:large","max-video-preview":"max-video-preview:-1"},"canonical":"https:\/\/turismevalles.com\/es\/events\/jornades-modernistes-a-la-garriga\/","og_locale":"es_ES","og_type":"article","og_title":"Jornadas modernistas en La Garriga - Turisme Vall\u00e8s","og_description":"Jornades modernistes a La Garriga. Vall\u00e8s Oriental","og_url":"https:\/\/turismevalles.com\/es\/events\/jornades-modernistes-a-la-garriga\/","og_site_name":"Turisme Vall\u00e8s","article_modified_time":"2023-02-14T12:11:30+00:00","og_image":[{"width":266,"height":259,"url":"https:\/\/turismevalles.com\/wp-content\/uploads\/2023\/02\/Jornades-modernistes.jpg","type":"image\/jpeg"}],"twitter_card":"summary_large_image","twitter_misc":{"Tiempo de lectura":"1 minuto"},"schema":{"@context":"https:\/\/schema.org","@graph":[{"@type":"WebPage","@id":"https:\/\/turismevalles.com\/es\/events\/jornades-modernistes-a-la-garriga\/","url":"https:\/\/turismevalles.com\/es\/events\/jornades-modernistes-a-la-garriga\/","name":"Jornadas modernistas en La Garriga - Turisme Vall\u00e8s","isPartOf":{"@id":"https:\/\/turismevalles.com\/en\/#website"},"primaryImageOfPage":{"@id":"https:\/\/turismevalles.com\/es\/events\/jornades-modernistes-a-la-garriga\/#primaryimage"},"image":{"@id":"https:\/\/turismevalles.com\/es\/events\/jornades-modernistes-a-la-garriga\/#primaryimage"},"thumbnailUrl":"https:\/\/turismevalles.com\/wp-content\/uploads\/2023\/02\/Jornades-modernistes.jpg","datePublished":"2023-02-14T12:09:53+00:00","dateModified":"2023-02-14T12:11:30+00:00","description":"Jornades modernistes a La Garriga. Vall\u00e8s Oriental","breadcrumb":{"@id":"https:\/\/turismevalles.com\/es\/events\/jornades-modernistes-a-la-garriga\/#breadcrumb"},"inLanguage":"es","potentialAction":[{"@type":"ReadAction","target":["https:\/\/turismevalles.com\/es\/events\/jornades-modernistes-a-la-garriga\/"]}]},{"@type":"ImageObject","inLanguage":"es","@id":"https:\/\/turismevalles.com\/es\/events\/jornades-modernistes-a-la-garriga\/#primaryimage","url":"https:\/\/turismevalles.com\/wp-content\/uploads\/2023\/02\/Jornades-modernistes.jpg","contentUrl":"https:\/\/turismevalles.com\/wp-content\/uploads\/2023\/02\/Jornades-modernistes.jpg","width":266,"height":259},{"@type":"BreadcrumbList","@id":"https:\/\/turismevalles.com\/es\/events\/jornades-modernistes-a-la-garriga\/#breadcrumb","itemListElement":[{"@type":"ListItem","position":1,"name":"Inicio","item":"https:\/\/turismevalles.com\/es\/"},{"@type":"ListItem","position":2,"name":"Esdeveniments","item":"https:\/\/turismevalles.com\/events\/"},{"@type":"ListItem","position":3,"name":"Jornadas modernistas en La Garriga"}]},{"@type":"WebSite","@id":"https:\/\/turismevalles.com\/en\/#website","url":"https:\/\/turismevalles.com\/en\/","name":"Turisme Vall\u00e8s","description":"","publisher":{"@id":"https:\/\/turismevalles.com\/en\/#organization"},"potentialAction":[{"@type":"SearchAction","target":{"@type":"EntryPoint","urlTemplate":"https:\/\/turismevalles.com\/en\/?s={search_term_string}"},"query-input":{"@type":"PropertyValueSpecification","valueRequired":true,"valueName":"search_term_string"}}],"inLanguage":"es"},{"@type":"Organization","@id":"https:\/\/turismevalles.com\/en\/#organization","name":"Turisme Vall\u00e8s","url":"https:\/\/turismevalles.com\/en\/","logo":{"@type":"ImageObject","inLanguage":"es","@id":"https:\/\/turismevalles.com\/en\/#\/schema\/logo\/image\/","url":"https:\/\/turismevalles.com\/wp-content\/uploads\/2020\/08\/cropped-logo_ca-2.png","contentUrl":"https:\/\/turismevalles.com\/wp-content\/uploads\/2020\/08\/cropped-logo_ca-2.png","width":314,"height":85,"caption":"Turisme Vall\u00e8s"},"image":{"@id":"https:\/\/turismevalles.com\/en\/#\/schema\/logo\/image\/"}}]}},"uagb_featured_image_src":{"full":["https:\/\/turismevalles.com\/wp-content\/uploads\/2023\/02\/Jornades-modernistes.jpg",266,259,false],"thumbnail":["https:\/\/turismevalles.com\/wp-content\/uploads\/2023\/02\/Jornades-modernistes-150x150.jpg",150,150,true],"medium":["https:\/\/turismevalles.com\/wp-content\/uploads\/2023\/02\/Jornades-modernistes.jpg",266,259,false],"medium_large":["https:\/\/turismevalles.com\/wp-content\/uploads\/2023\/02\/Jornades-modernistes.jpg",266,259,false],"large":["https:\/\/turismevalles.com\/wp-content\/uploads\/2023\/02\/Jornades-modernistes.jpg",266,259,false],"thumblist":["https:\/\/turismevalles.com\/wp-content\/uploads\/2023\/02\/Jornades-modernistes.jpg",266,259,false],"meccarouselthumb":["https:\/\/turismevalles.com\/wp-content\/uploads\/2023\/02\/Jornades-modernistes.jpg",266,259,false],"gridsquare":["https:\/\/turismevalles.com\/wp-content\/uploads\/2023\/02\/Jornades-modernistes.jpg",266,259,false],"tileview":["https:\/\/turismevalles.com\/wp-content\/uploads\/2023\/02\/Jornades-modernistes.jpg",266,259,false],"1536x1536":["https:\/\/turismevalles.com\/wp-content\/uploads\/2023\/02\/Jornades-modernistes.jpg",266,259,false],"2048x2048":["https:\/\/turismevalles.com\/wp-content\/uploads\/2023\/02\/Jornades-modernistes.jpg",266,259,false]},"uagb_author_info":{"display_name":"Turisme Valles","author_link":"https:\/\/turismevalles.com\/es\/author\/turismevallesoriental\/"},"uagb_comment_info":0,"uagb_excerpt":"&nbsp; Fecha: vnes., 13\/10\/2023 &#8211; 17:00\u00a0&#8211;\u00a0dom., 15\/10\/2023 &#8211; 19:00 Punto de salida: Plaza de la Iglesia Desde el 13 hasta el 15 de octubre llegan ... Veure m\u00e9s","_links":{"self":[{"href":"https:\/\/turismevalles.com\/es\/wp-json\/wp\/v2\/mec-events\/24779","targetHints":{"allow":["GET"]}}],"collection":[{"href":"https:\/\/turismevalles.com\/es\/wp-json\/wp\/v2\/mec-events"}],"about":[{"href":"https:\/\/turismevalles.com\/es\/wp-json\/wp\/v2\/types\/mec-events"}],"author":[{"embeddable":true,"href":"https:\/\/turismevalles.com\/es\/wp-json\/wp\/v2\/users\/5"}],"replies":[{"embeddable":true,"href":"https:\/\/turismevalles.com\/es\/wp-json\/wp\/v2\/comments?post=24779"}],"wp:featuredmedia":[{"embeddable":true,"href":"https:\/\/turismevalles.com\/es\/wp-json\/wp\/v2\/media\/24778"}],"wp:attachment":[{"href":"https:\/\/turismevalles.com\/es\/wp-json\/wp\/v2\/media?parent=24779"}],"wp:term":[{"taxonomy":"post_tag","embeddable":true,"href":"https:\/\/turismevalles.com\/es\/wp-json\/wp\/v2\/tags?post=24779"},{"taxonomy":"poblacions","embeddable":true,"href":"https:\/\/turismevalles.com\/es\/wp-json\/wp\/v2\/poblacions?post=24779"},{"taxonomy":"mec_category","embeddable":true,"href":"https:\/\/turismevalles.com\/es\/wp-json\/wp\/v2\/mec_category?post=24779"}],"curies":[{"name":"wp","href":"https:\/\/api.w.org\/{rel}","templated":true}]}}