{"id":25007,"date":"2023-02-24T11:06:07","date_gmt":"2023-02-24T10:06:07","guid":{"rendered":"http:\/\/turismevalles.com.mialias.net\/events\/gran-premi-despanya-de-f1-al-circuit-de-barcelona-catalunya\/"},"modified":"2023-05-23T17:00:39","modified_gmt":"2023-05-23T15:00:39","slug":"gran-premi-despanya-de-f1-al-circuit-de-barcelona-catalunya","status":"publish","type":"mec-events","link":"https:\/\/turismevalles.com\/es\/events\/gran-premi-despanya-de-f1-al-circuit-de-barcelona-catalunya\/","title":{"rendered":"Gran Premio de Espa\u00f1a de F1 en el Circuito de Barcelona-Catalu\u00f1a"},"content":{"rendered":"<h2>El Gran Circo vuelve al Circuito de Barcelona-Catalu\u00f1a!<\/h2>\n<p>La caravana mundialista se parar\u00e1 en territorio catal\u00e1n del 2 al 4 de junio para ofrecer un aut\u00e9ntico espect\u00e1culo. Despu\u00e9s de la pasada temporada, llena de sorpresas y emociones fuertes, la categor\u00eda reina del automovilismo volver\u00e1 cargada de novedades.<\/p>\n<p>Fernando Alonso se estrenar\u00e1 en el equipo Aston Martin, as\u00ed como Carlos Sainz continuar\u00e1 evolucionando en la m\u00edtica escuder\u00eda de Maranello. Adem\u00e1s de los pilotos de casa, el flamante campe\u00f3n Max Verstappen y Lewis Hamilton continuar\u00e1n demostrando su rivalidad sobre el asfalto. Nico Hulkemberg, adem\u00e1s, volver\u00e1 al F1 despu\u00e9s de unos a\u00f1os apartado del Mundial.<\/p>\n<p>Como de costumbre, el Circuito contar\u00e1 con varias propuestas para hacer del Grand Prix un acontecimiento deportivo \u00fanico en el cual no faltar\u00e1 el entretenimiento y la diversi\u00f3n.<\/p>\n<p>Info:\u00a0<a href=\"https:\/\/www.circuitcat.com\/es\/formula-1\/\" target=\"_blank\" rel=\"noopener\">https:\/\/www.circuitcat.com\/ca\/formula-1\/<\/a><\/p>\n","protected":false},"excerpt":{"rendered":"<p>El Gran Circo vuelve al Circuito de Barcelona-Catalu\u00f1a! La caravana mundialista se parar\u00e1 en territorio catal\u00e1n del 2 al 4 de junio para ofrecer un &#8230; <a title=\"Gran Premio de Espa\u00f1a de F1 en el Circuito de Barcelona-Catalu\u00f1a\" class=\"read-more\" href=\"https:\/\/turismevalles.com\/es\/events\/gran-premi-despanya-de-f1-al-circuit-de-barcelona-catalunya\/\" aria-label=\"M\u00e1s en Gran Premio de Espa\u00f1a de F1 en el Circuito de Barcelona-Catalu\u00f1a\">Veure m\u00e9s<\/a><\/p>\n","protected":false},"author":5,"featured_media":26746,"comment_status":"open","ping_status":"closed","template":"","tags":[1728],"poblacions":[900],"mec_category":[915,914,1864],"class_list":["post-25007","mec-events","type-mec-events","status-publish","has-post-thumbnail","hentry","tag-gp-f1-es","poblacions-montmelo-es","mec_category-deporte","mec_category-esport-es","mec_category-motor-es","generate-columns","tablet-grid-50","mobile-grid-100","grid-parent","grid-33"],"acf":[],"yoast_head":"<!-- This site is optimized with the Yoast SEO plugin v26.4 - https:\/\/yoast.com\/wordpress\/plugins\/seo\/ -->\n<title>Gran Premio de Espa\u00f1a de F1 en el Circuito de Barcelona-Catalu\u00f1a - Turisme Vall\u00e8s<\/title>\n<meta name=\"description\" content=\"Formula 1 AWS Gran Premio de Espa\u00f1a 2023. Circuit de Barcelona Catalunya. Montmel\u00f3. Vall\u00e8s Oriental. Cerca de Barcelona.\" \/>\n<meta name=\"robots\" content=\"index, follow, max-snippet:-1, max-image-preview:large, max-video-preview:-1\" \/>\n<link rel=\"canonical\" href=\"https:\/\/turismevalles.com\/es\/events\/gran-premi-despanya-de-f1-al-circuit-de-barcelona-catalunya\/\" \/>\n<meta property=\"og:locale\" content=\"es_ES\" \/>\n<meta property=\"og:type\" content=\"article\" \/>\n<meta property=\"og:title\" content=\"Gran Premio de Espa\u00f1a de F1 en el Circuito de Barcelona-Catalu\u00f1a - Turisme Vall\u00e8s\" \/>\n<meta property=\"og:description\" content=\"Formula 1 AWS Gran Premio de Espa\u00f1a 2023. Circuit de Barcelona Catalunya. Montmel\u00f3. Vall\u00e8s Oriental. Cerca de Barcelona.\" \/>\n<meta property=\"og:url\" content=\"https:\/\/turismevalles.com\/es\/events\/gran-premi-despanya-de-f1-al-circuit-de-barcelona-catalunya\/\" \/>\n<meta property=\"og:site_name\" content=\"Turisme Vall\u00e8s\" \/>\n<meta property=\"article:modified_time\" content=\"2023-05-23T15:00:39+00:00\" \/>\n<meta property=\"og:image\" content=\"https:\/\/turismevalles.com\/wp-content\/uploads\/2023\/05\/2023_Circuit_BCN_Catalunya_2205222465-1024x683.jpg\" \/>\n\t<meta property=\"og:image:width\" content=\"1024\" \/>\n\t<meta property=\"og:image:height\" content=\"683\" \/>\n\t<meta property=\"og:image:type\" content=\"image\/jpeg\" \/>\n<meta name=\"twitter:card\" content=\"summary_large_image\" \/>\n<meta name=\"twitter:label1\" content=\"Tiempo de lectura\" \/>\n\t<meta name=\"twitter:data1\" content=\"1 minuto\" \/>\n<script type=\"application\/ld+json\" class=\"yoast-schema-graph\">{\"@context\":\"https:\/\/schema.org\",\"@graph\":[{\"@type\":\"WebPage\",\"@id\":\"https:\/\/turismevalles.com\/es\/events\/gran-premi-despanya-de-f1-al-circuit-de-barcelona-catalunya\/\",\"url\":\"https:\/\/turismevalles.com\/es\/events\/gran-premi-despanya-de-f1-al-circuit-de-barcelona-catalunya\/\",\"name\":\"Gran Premio de Espa\u00f1a de F1 en el Circuito de Barcelona-Catalu\u00f1a - Turisme Vall\u00e8s\",\"isPartOf\":{\"@id\":\"https:\/\/turismevalles.com\/en\/#website\"},\"primaryImageOfPage\":{\"@id\":\"https:\/\/turismevalles.com\/es\/events\/gran-premi-despanya-de-f1-al-circuit-de-barcelona-catalunya\/#primaryimage\"},\"image\":{\"@id\":\"https:\/\/turismevalles.com\/es\/events\/gran-premi-despanya-de-f1-al-circuit-de-barcelona-catalunya\/#primaryimage\"},\"thumbnailUrl\":\"https:\/\/turismevalles.com\/wp-content\/uploads\/2023\/05\/2023_Circuit_BCN_Catalunya_2205222465.jpg\",\"datePublished\":\"2023-02-24T10:06:07+00:00\",\"dateModified\":\"2023-05-23T15:00:39+00:00\",\"description\":\"Formula 1 AWS Gran Premio de Espa\u00f1a 2023. Circuit de Barcelona Catalunya. Montmel\u00f3. Vall\u00e8s Oriental. Cerca de Barcelona.\",\"breadcrumb\":{\"@id\":\"https:\/\/turismevalles.com\/es\/events\/gran-premi-despanya-de-f1-al-circuit-de-barcelona-catalunya\/#breadcrumb\"},\"inLanguage\":\"es\",\"potentialAction\":[{\"@type\":\"ReadAction\",\"target\":[\"https:\/\/turismevalles.com\/es\/events\/gran-premi-despanya-de-f1-al-circuit-de-barcelona-catalunya\/\"]}]},{\"@type\":\"ImageObject\",\"inLanguage\":\"es\",\"@id\":\"https:\/\/turismevalles.com\/es\/events\/gran-premi-despanya-de-f1-al-circuit-de-barcelona-catalunya\/#primaryimage\",\"url\":\"https:\/\/turismevalles.com\/wp-content\/uploads\/2023\/05\/2023_Circuit_BCN_Catalunya_2205222465.jpg\",\"contentUrl\":\"https:\/\/turismevalles.com\/wp-content\/uploads\/2023\/05\/2023_Circuit_BCN_Catalunya_2205222465.jpg\",\"width\":2362,\"height\":1575,\"caption\":\"Formula 1 Pirelli Gran Premio de Espa\u00f1a 2022\"},{\"@type\":\"BreadcrumbList\",\"@id\":\"https:\/\/turismevalles.com\/es\/events\/gran-premi-despanya-de-f1-al-circuit-de-barcelona-catalunya\/#breadcrumb\",\"itemListElement\":[{\"@type\":\"ListItem\",\"position\":1,\"name\":\"Inicio\",\"item\":\"https:\/\/turismevalles.com\/es\/\"},{\"@type\":\"ListItem\",\"position\":2,\"name\":\"Esdeveniments\",\"item\":\"https:\/\/turismevalles.com\/events\/\"},{\"@type\":\"ListItem\",\"position\":3,\"name\":\"Gran Premio de Espa\u00f1a de F1 en el Circuito de Barcelona-Catalu\u00f1a\"}]},{\"@type\":\"WebSite\",\"@id\":\"https:\/\/turismevalles.com\/en\/#website\",\"url\":\"https:\/\/turismevalles.com\/en\/\",\"name\":\"Turisme Vall\u00e8s\",\"description\":\"\",\"publisher\":{\"@id\":\"https:\/\/turismevalles.com\/en\/#organization\"},\"potentialAction\":[{\"@type\":\"SearchAction\",\"target\":{\"@type\":\"EntryPoint\",\"urlTemplate\":\"https:\/\/turismevalles.com\/en\/?s={search_term_string}\"},\"query-input\":{\"@type\":\"PropertyValueSpecification\",\"valueRequired\":true,\"valueName\":\"search_term_string\"}}],\"inLanguage\":\"es\"},{\"@type\":\"Organization\",\"@id\":\"https:\/\/turismevalles.com\/en\/#organization\",\"name\":\"Turisme Vall\u00e8s\",\"url\":\"https:\/\/turismevalles.com\/en\/\",\"logo\":{\"@type\":\"ImageObject\",\"inLanguage\":\"es\",\"@id\":\"https:\/\/turismevalles.com\/en\/#\/schema\/logo\/image\/\",\"url\":\"https:\/\/turismevalles.com\/wp-content\/uploads\/2020\/08\/cropped-logo_ca-2.png\",\"contentUrl\":\"https:\/\/turismevalles.com\/wp-content\/uploads\/2020\/08\/cropped-logo_ca-2.png\",\"width\":314,\"height\":85,\"caption\":\"Turisme Vall\u00e8s\"},\"image\":{\"@id\":\"https:\/\/turismevalles.com\/en\/#\/schema\/logo\/image\/\"}}]}<\/script>\n<!-- \/ Yoast SEO plugin. -->","yoast_head_json":{"title":"Gran Premio de Espa\u00f1a de F1 en el Circuito de Barcelona-Catalu\u00f1a - Turisme Vall\u00e8s","description":"Formula 1 AWS Gran Premio de Espa\u00f1a 2023. Circuit de Barcelona Catalunya. Montmel\u00f3. Vall\u00e8s Oriental. Cerca de Barcelona.","robots":{"index":"index","follow":"follow","max-snippet":"max-snippet:-1","max-image-preview":"max-image-preview:large","max-video-preview":"max-video-preview:-1"},"canonical":"https:\/\/turismevalles.com\/es\/events\/gran-premi-despanya-de-f1-al-circuit-de-barcelona-catalunya\/","og_locale":"es_ES","og_type":"article","og_title":"Gran Premio de Espa\u00f1a de F1 en el Circuito de Barcelona-Catalu\u00f1a - Turisme Vall\u00e8s","og_description":"Formula 1 AWS Gran Premio de Espa\u00f1a 2023. Circuit de Barcelona Catalunya. Montmel\u00f3. Vall\u00e8s Oriental. Cerca de Barcelona.","og_url":"https:\/\/turismevalles.com\/es\/events\/gran-premi-despanya-de-f1-al-circuit-de-barcelona-catalunya\/","og_site_name":"Turisme Vall\u00e8s","article_modified_time":"2023-05-23T15:00:39+00:00","og_image":[{"width":1024,"height":683,"url":"https:\/\/turismevalles.com\/wp-content\/uploads\/2023\/05\/2023_Circuit_BCN_Catalunya_2205222465-1024x683.jpg","type":"image\/jpeg"}],"twitter_card":"summary_large_image","twitter_misc":{"Tiempo de lectura":"1 minuto"},"schema":{"@context":"https:\/\/schema.org","@graph":[{"@type":"WebPage","@id":"https:\/\/turismevalles.com\/es\/events\/gran-premi-despanya-de-f1-al-circuit-de-barcelona-catalunya\/","url":"https:\/\/turismevalles.com\/es\/events\/gran-premi-despanya-de-f1-al-circuit-de-barcelona-catalunya\/","name":"Gran Premio de Espa\u00f1a de F1 en el Circuito de Barcelona-Catalu\u00f1a - Turisme Vall\u00e8s","isPartOf":{"@id":"https:\/\/turismevalles.com\/en\/#website"},"primaryImageOfPage":{"@id":"https:\/\/turismevalles.com\/es\/events\/gran-premi-despanya-de-f1-al-circuit-de-barcelona-catalunya\/#primaryimage"},"image":{"@id":"https:\/\/turismevalles.com\/es\/events\/gran-premi-despanya-de-f1-al-circuit-de-barcelona-catalunya\/#primaryimage"},"thumbnailUrl":"https:\/\/turismevalles.com\/wp-content\/uploads\/2023\/05\/2023_Circuit_BCN_Catalunya_2205222465.jpg","datePublished":"2023-02-24T10:06:07+00:00","dateModified":"2023-05-23T15:00:39+00:00","description":"Formula 1 AWS Gran Premio de Espa\u00f1a 2023. Circuit de Barcelona Catalunya. Montmel\u00f3. Vall\u00e8s Oriental. Cerca de Barcelona.","breadcrumb":{"@id":"https:\/\/turismevalles.com\/es\/events\/gran-premi-despanya-de-f1-al-circuit-de-barcelona-catalunya\/#breadcrumb"},"inLanguage":"es","potentialAction":[{"@type":"ReadAction","target":["https:\/\/turismevalles.com\/es\/events\/gran-premi-despanya-de-f1-al-circuit-de-barcelona-catalunya\/"]}]},{"@type":"ImageObject","inLanguage":"es","@id":"https:\/\/turismevalles.com\/es\/events\/gran-premi-despanya-de-f1-al-circuit-de-barcelona-catalunya\/#primaryimage","url":"https:\/\/turismevalles.com\/wp-content\/uploads\/2023\/05\/2023_Circuit_BCN_Catalunya_2205222465.jpg","contentUrl":"https:\/\/turismevalles.com\/wp-content\/uploads\/2023\/05\/2023_Circuit_BCN_Catalunya_2205222465.jpg","width":2362,"height":1575,"caption":"Formula 1 Pirelli Gran Premio de Espa\u00f1a 2022"},{"@type":"BreadcrumbList","@id":"https:\/\/turismevalles.com\/es\/events\/gran-premi-despanya-de-f1-al-circuit-de-barcelona-catalunya\/#breadcrumb","itemListElement":[{"@type":"ListItem","position":1,"name":"Inicio","item":"https:\/\/turismevalles.com\/es\/"},{"@type":"ListItem","position":2,"name":"Esdeveniments","item":"https:\/\/turismevalles.com\/events\/"},{"@type":"ListItem","position":3,"name":"Gran Premio de Espa\u00f1a de F1 en el Circuito de Barcelona-Catalu\u00f1a"}]},{"@type":"WebSite","@id":"https:\/\/turismevalles.com\/en\/#website","url":"https:\/\/turismevalles.com\/en\/","name":"Turisme Vall\u00e8s","description":"","publisher":{"@id":"https:\/\/turismevalles.com\/en\/#organization"},"potentialAction":[{"@type":"SearchAction","target":{"@type":"EntryPoint","urlTemplate":"https:\/\/turismevalles.com\/en\/?s={search_term_string}"},"query-input":{"@type":"PropertyValueSpecification","valueRequired":true,"valueName":"search_term_string"}}],"inLanguage":"es"},{"@type":"Organization","@id":"https:\/\/turismevalles.com\/en\/#organization","name":"Turisme Vall\u00e8s","url":"https:\/\/turismevalles.com\/en\/","logo":{"@type":"ImageObject","inLanguage":"es","@id":"https:\/\/turismevalles.com\/en\/#\/schema\/logo\/image\/","url":"https:\/\/turismevalles.com\/wp-content\/uploads\/2020\/08\/cropped-logo_ca-2.png","contentUrl":"https:\/\/turismevalles.com\/wp-content\/uploads\/2020\/08\/cropped-logo_ca-2.png","width":314,"height":85,"caption":"Turisme Vall\u00e8s"},"image":{"@id":"https:\/\/turismevalles.com\/en\/#\/schema\/logo\/image\/"}}]}},"uagb_featured_image_src":{"full":["https:\/\/turismevalles.com\/wp-content\/uploads\/2023\/05\/2023_Circuit_BCN_Catalunya_2205222465.jpg",2362,1575,false],"thumbnail":["https:\/\/turismevalles.com\/wp-content\/uploads\/2023\/05\/2023_Circuit_BCN_Catalunya_2205222465-150x150.jpg",150,150,true],"medium":["https:\/\/turismevalles.com\/wp-content\/uploads\/2023\/05\/2023_Circuit_BCN_Catalunya_2205222465-300x200.jpg",300,200,true],"medium_large":["https:\/\/turismevalles.com\/wp-content\/uploads\/2023\/05\/2023_Circuit_BCN_Catalunya_2205222465-768x512.jpg",768,512,true],"large":["https:\/\/turismevalles.com\/wp-content\/uploads\/2023\/05\/2023_Circuit_BCN_Catalunya_2205222465-1024x683.jpg",1024,683,true],"thumblist":["https:\/\/turismevalles.com\/wp-content\/uploads\/2023\/05\/2023_Circuit_BCN_Catalunya_2205222465-300x300.jpg",300,300,true],"meccarouselthumb":["https:\/\/turismevalles.com\/wp-content\/uploads\/2023\/05\/2023_Circuit_BCN_Catalunya_2205222465-474x324.jpg",474,324,true],"gridsquare":["https:\/\/turismevalles.com\/wp-content\/uploads\/2023\/05\/2023_Circuit_BCN_Catalunya_2205222465-391x260.jpg",391,260,true],"tileview":["https:\/\/turismevalles.com\/wp-content\/uploads\/2023\/05\/2023_Circuit_BCN_Catalunya_2205222465-300x400.jpg",300,400,true],"1536x1536":["https:\/\/turismevalles.com\/wp-content\/uploads\/2023\/05\/2023_Circuit_BCN_Catalunya_2205222465-1536x1024.jpg",1536,1024,true],"2048x2048":["https:\/\/turismevalles.com\/wp-content\/uploads\/2023\/05\/2023_Circuit_BCN_Catalunya_2205222465-2048x1366.jpg",2048,1366,true]},"uagb_author_info":{"display_name":"Turisme Valles","author_link":"https:\/\/turismevalles.com\/es\/author\/turismevallesoriental\/"},"uagb_comment_info":0,"uagb_excerpt":"El Gran Circo vuelve al Circuito de Barcelona-Catalu\u00f1a! La caravana mundialista se parar\u00e1 en territorio catal\u00e1n del 2 al 4 de junio para ofrecer un ... Veure m\u00e9s","_links":{"self":[{"href":"https:\/\/turismevalles.com\/es\/wp-json\/wp\/v2\/mec-events\/25007","targetHints":{"allow":["GET"]}}],"collection":[{"href":"https:\/\/turismevalles.com\/es\/wp-json\/wp\/v2\/mec-events"}],"about":[{"href":"https:\/\/turismevalles.com\/es\/wp-json\/wp\/v2\/types\/mec-events"}],"author":[{"embeddable":true,"href":"https:\/\/turismevalles.com\/es\/wp-json\/wp\/v2\/users\/5"}],"replies":[{"embeddable":true,"href":"https:\/\/turismevalles.com\/es\/wp-json\/wp\/v2\/comments?post=25007"}],"wp:featuredmedia":[{"embeddable":true,"href":"https:\/\/turismevalles.com\/es\/wp-json\/wp\/v2\/media\/26746"}],"wp:attachment":[{"href":"https:\/\/turismevalles.com\/es\/wp-json\/wp\/v2\/media?parent=25007"}],"wp:term":[{"taxonomy":"post_tag","embeddable":true,"href":"https:\/\/turismevalles.com\/es\/wp-json\/wp\/v2\/tags?post=25007"},{"taxonomy":"poblacions","embeddable":true,"href":"https:\/\/turismevalles.com\/es\/wp-json\/wp\/v2\/poblacions?post=25007"},{"taxonomy":"mec_category","embeddable":true,"href":"https:\/\/turismevalles.com\/es\/wp-json\/wp\/v2\/mec_category?post=25007"}],"curies":[{"name":"wp","href":"https:\/\/api.w.org\/{rel}","templated":true}]}}