{"id":25076,"date":"2023-02-28T09:41:16","date_gmt":"2023-02-28T08:41:16","guid":{"rendered":"http:\/\/turismevalles.com.mialias.net\/events\/marxa-violeta-i-vermut-musical-a-parets-del-valles\/"},"modified":"2023-02-28T09:42:34","modified_gmt":"2023-02-28T08:42:34","slug":"marxa-violeta-i-vermut-musical-a-parets-del-valles","status":"publish","type":"mec-events","link":"https:\/\/turismevalles.com\/es\/events\/marxa-violeta-i-vermut-musical-a-parets-del-valles\/","title":{"rendered":"Marcha violeta y vermut musical en Parets del Vall\u00e8s"},"content":{"rendered":"<p><img loading=\"lazy\" decoding=\"async\" class=\"aligncenter size-full wp-image-25072\" src=\"http:\/\/turismevalles.com\/wp-content\/uploads\/2023\/02\/Marxa-Parets.jpg\" alt=\"\" width=\"625\" height=\"868\" srcset=\"https:\/\/turismevalles.com\/wp-content\/uploads\/2023\/02\/Marxa-Parets.jpg 625w, https:\/\/turismevalles.com\/wp-content\/uploads\/2023\/02\/Marxa-Parets-216x300.jpg 216w\" sizes=\"auto, (max-width: 625px) 100vw, 625px\" \/><\/p>\n<p>La actividad se har\u00e1 el 4 de marzo con un recorrido por Gallegos<\/p>\n<p>Parets del Vall\u00e8s acoger\u00e1, el 4 de marzo, la Marcha Violeta con salida desde el Casal de J\u00f3venes de Cal Jardinero y seguir\u00e1 el recorrido por Gallegos. La caminata popular est\u00e1 organizada por el Ayuntamiento de Parets y cuenta el apoyo del CAM (Club de Actividades de Monta\u00f1a).<\/p>\n<p>Por otro lado, al final de la Marcha Violeta tambi\u00e9n se celebrar\u00e1 el Vermut musical con la colaboraci\u00f3n de AMACAT (Asociaci\u00f3n de Musicoterapeutes y Arterapeutes de Catalu\u00f1a) al Casal de J\u00f3venes de Cal Jardinero.<\/p>\n<p>Para participar en la actividad, las inscripciones se pueden hacer al Casal de J\u00f3venes Hace falta Jardinero, del 17 de febrero al 3 de marzo, con un donativo m\u00ednimo de 1 euro. Todos los ingresos recaudados con la actividad se dar\u00e1n a la Asociaci\u00f3n Candela, Acci\u00f3n Comunitaria y Feminista. El cartel de la Marcha Violeta y el Vermut musical se puede consultar en la web del Ayuntamiento.<\/p>\n<div class=\"brcm-body\">\n<p>Info:\u00a0<a href=\"https:\/\/www.parets.cat\/actualitat\/noticies\/2023\/02\/27\/parets-celebra-la-marxa-violeta-i-el-vermut-musical-dins-la-programacio-del-marc-de-dones\">https:\/\/www.parets.cat\/actualitat\/noticies\/2023\/02\/27\/parets-celebra-la-marxa-violeta-i-el-vermut-musical-dins-la-programacio-del-marc-de-dones<\/a><\/p>\n<\/div>\n","protected":false},"excerpt":{"rendered":"<p>La actividad se har\u00e1 el 4 de marzo con un recorrido por Gallegos Parets del Vall\u00e8s acoger\u00e1, el 4 de marzo, la Marcha Violeta con &#8230; <a title=\"Marcha violeta y vermut musical en Parets del Vall\u00e8s\" class=\"read-more\" href=\"https:\/\/turismevalles.com\/es\/events\/marxa-violeta-i-vermut-musical-a-parets-del-valles\/\" aria-label=\"M\u00e1s en Marcha violeta y vermut musical en Parets del Vall\u00e8s\">Veure m\u00e9s<\/a><\/p>\n","protected":false},"author":5,"featured_media":25071,"comment_status":"open","ping_status":"closed","template":"","tags":[2326,2107],"poblacions":[904],"mec_category":[970],"class_list":["post-25076","mec-events","type-mec-events","status-publish","has-post-thumbnail","hentry","tag-feminisme-es","tag-marxa-es","poblacions-parets-del-valles-es","mec_category-activitats-en-familia-es","generate-columns","tablet-grid-50","mobile-grid-100","grid-parent","grid-33"],"acf":[],"yoast_head":"<!-- This site is optimized with the Yoast SEO plugin v26.4 - https:\/\/yoast.com\/wordpress\/plugins\/seo\/ -->\n<title>Marcha violeta y vermut musical en Parets del Vall\u00e8s - Turisme Vall\u00e8s<\/title>\n<meta name=\"robots\" content=\"index, follow, max-snippet:-1, max-image-preview:large, max-video-preview:-1\" \/>\n<link rel=\"canonical\" href=\"https:\/\/turismevalles.com\/es\/events\/marxa-violeta-i-vermut-musical-a-parets-del-valles\/\" \/>\n<meta property=\"og:locale\" content=\"es_ES\" \/>\n<meta property=\"og:type\" content=\"article\" \/>\n<meta property=\"og:title\" content=\"Marcha violeta y vermut musical en Parets del Vall\u00e8s - Turisme Vall\u00e8s\" \/>\n<meta property=\"og:description\" content=\"La actividad se har\u00e1 el 4 de marzo con un recorrido por Gallegos Parets del Vall\u00e8s acoger\u00e1, el 4 de marzo, la Marcha Violeta con ... Veure m\u00e9s\" \/>\n<meta property=\"og:url\" content=\"https:\/\/turismevalles.com\/es\/events\/marxa-violeta-i-vermut-musical-a-parets-del-valles\/\" \/>\n<meta property=\"og:site_name\" content=\"Turisme Vall\u00e8s\" \/>\n<meta property=\"article:modified_time\" content=\"2023-02-28T08:42:34+00:00\" \/>\n<meta property=\"og:image\" content=\"https:\/\/turismevalles.com\/wp-content\/uploads\/2023\/02\/Marxa-violeta-Parets.jpg\" \/>\n\t<meta property=\"og:image:width\" content=\"902\" \/>\n\t<meta property=\"og:image:height\" content=\"624\" \/>\n\t<meta property=\"og:image:type\" content=\"image\/jpeg\" \/>\n<meta name=\"twitter:card\" content=\"summary_large_image\" \/>\n<meta name=\"twitter:label1\" content=\"Tiempo de lectura\" \/>\n\t<meta name=\"twitter:data1\" content=\"1 minuto\" \/>\n<script type=\"application\/ld+json\" class=\"yoast-schema-graph\">{\"@context\":\"https:\/\/schema.org\",\"@graph\":[{\"@type\":\"WebPage\",\"@id\":\"https:\/\/turismevalles.com\/es\/events\/marxa-violeta-i-vermut-musical-a-parets-del-valles\/\",\"url\":\"https:\/\/turismevalles.com\/es\/events\/marxa-violeta-i-vermut-musical-a-parets-del-valles\/\",\"name\":\"Marcha violeta y vermut musical en Parets del Vall\u00e8s - Turisme Vall\u00e8s\",\"isPartOf\":{\"@id\":\"https:\/\/turismevalles.com\/en\/#website\"},\"primaryImageOfPage\":{\"@id\":\"https:\/\/turismevalles.com\/es\/events\/marxa-violeta-i-vermut-musical-a-parets-del-valles\/#primaryimage\"},\"image\":{\"@id\":\"https:\/\/turismevalles.com\/es\/events\/marxa-violeta-i-vermut-musical-a-parets-del-valles\/#primaryimage\"},\"thumbnailUrl\":\"https:\/\/turismevalles.com\/wp-content\/uploads\/2023\/02\/Marxa-violeta-Parets.jpg\",\"datePublished\":\"2023-02-28T08:41:16+00:00\",\"dateModified\":\"2023-02-28T08:42:34+00:00\",\"breadcrumb\":{\"@id\":\"https:\/\/turismevalles.com\/es\/events\/marxa-violeta-i-vermut-musical-a-parets-del-valles\/#breadcrumb\"},\"inLanguage\":\"es\",\"potentialAction\":[{\"@type\":\"ReadAction\",\"target\":[\"https:\/\/turismevalles.com\/es\/events\/marxa-violeta-i-vermut-musical-a-parets-del-valles\/\"]}]},{\"@type\":\"ImageObject\",\"inLanguage\":\"es\",\"@id\":\"https:\/\/turismevalles.com\/es\/events\/marxa-violeta-i-vermut-musical-a-parets-del-valles\/#primaryimage\",\"url\":\"https:\/\/turismevalles.com\/wp-content\/uploads\/2023\/02\/Marxa-violeta-Parets.jpg\",\"contentUrl\":\"https:\/\/turismevalles.com\/wp-content\/uploads\/2023\/02\/Marxa-violeta-Parets.jpg\",\"width\":902,\"height\":624},{\"@type\":\"BreadcrumbList\",\"@id\":\"https:\/\/turismevalles.com\/es\/events\/marxa-violeta-i-vermut-musical-a-parets-del-valles\/#breadcrumb\",\"itemListElement\":[{\"@type\":\"ListItem\",\"position\":1,\"name\":\"Inicio\",\"item\":\"https:\/\/turismevalles.com\/es\/\"},{\"@type\":\"ListItem\",\"position\":2,\"name\":\"Esdeveniments\",\"item\":\"https:\/\/turismevalles.com\/events\/\"},{\"@type\":\"ListItem\",\"position\":3,\"name\":\"Marcha violeta y vermut musical en Parets del Vall\u00e8s\"}]},{\"@type\":\"WebSite\",\"@id\":\"https:\/\/turismevalles.com\/en\/#website\",\"url\":\"https:\/\/turismevalles.com\/en\/\",\"name\":\"Turisme Vall\u00e8s\",\"description\":\"\",\"publisher\":{\"@id\":\"https:\/\/turismevalles.com\/en\/#organization\"},\"potentialAction\":[{\"@type\":\"SearchAction\",\"target\":{\"@type\":\"EntryPoint\",\"urlTemplate\":\"https:\/\/turismevalles.com\/en\/?s={search_term_string}\"},\"query-input\":{\"@type\":\"PropertyValueSpecification\",\"valueRequired\":true,\"valueName\":\"search_term_string\"}}],\"inLanguage\":\"es\"},{\"@type\":\"Organization\",\"@id\":\"https:\/\/turismevalles.com\/en\/#organization\",\"name\":\"Turisme Vall\u00e8s\",\"url\":\"https:\/\/turismevalles.com\/en\/\",\"logo\":{\"@type\":\"ImageObject\",\"inLanguage\":\"es\",\"@id\":\"https:\/\/turismevalles.com\/en\/#\/schema\/logo\/image\/\",\"url\":\"https:\/\/turismevalles.com\/wp-content\/uploads\/2020\/08\/cropped-logo_ca-2.png\",\"contentUrl\":\"https:\/\/turismevalles.com\/wp-content\/uploads\/2020\/08\/cropped-logo_ca-2.png\",\"width\":314,\"height\":85,\"caption\":\"Turisme Vall\u00e8s\"},\"image\":{\"@id\":\"https:\/\/turismevalles.com\/en\/#\/schema\/logo\/image\/\"}}]}<\/script>\n<!-- \/ Yoast SEO plugin. -->","yoast_head_json":{"title":"Marcha violeta y vermut musical en Parets del Vall\u00e8s - Turisme Vall\u00e8s","robots":{"index":"index","follow":"follow","max-snippet":"max-snippet:-1","max-image-preview":"max-image-preview:large","max-video-preview":"max-video-preview:-1"},"canonical":"https:\/\/turismevalles.com\/es\/events\/marxa-violeta-i-vermut-musical-a-parets-del-valles\/","og_locale":"es_ES","og_type":"article","og_title":"Marcha violeta y vermut musical en Parets del Vall\u00e8s - Turisme Vall\u00e8s","og_description":"La actividad se har\u00e1 el 4 de marzo con un recorrido por Gallegos Parets del Vall\u00e8s acoger\u00e1, el 4 de marzo, la Marcha Violeta con ... Veure m\u00e9s","og_url":"https:\/\/turismevalles.com\/es\/events\/marxa-violeta-i-vermut-musical-a-parets-del-valles\/","og_site_name":"Turisme Vall\u00e8s","article_modified_time":"2023-02-28T08:42:34+00:00","og_image":[{"width":902,"height":624,"url":"https:\/\/turismevalles.com\/wp-content\/uploads\/2023\/02\/Marxa-violeta-Parets.jpg","type":"image\/jpeg"}],"twitter_card":"summary_large_image","twitter_misc":{"Tiempo de lectura":"1 minuto"},"schema":{"@context":"https:\/\/schema.org","@graph":[{"@type":"WebPage","@id":"https:\/\/turismevalles.com\/es\/events\/marxa-violeta-i-vermut-musical-a-parets-del-valles\/","url":"https:\/\/turismevalles.com\/es\/events\/marxa-violeta-i-vermut-musical-a-parets-del-valles\/","name":"Marcha violeta y vermut musical en Parets del Vall\u00e8s - Turisme Vall\u00e8s","isPartOf":{"@id":"https:\/\/turismevalles.com\/en\/#website"},"primaryImageOfPage":{"@id":"https:\/\/turismevalles.com\/es\/events\/marxa-violeta-i-vermut-musical-a-parets-del-valles\/#primaryimage"},"image":{"@id":"https:\/\/turismevalles.com\/es\/events\/marxa-violeta-i-vermut-musical-a-parets-del-valles\/#primaryimage"},"thumbnailUrl":"https:\/\/turismevalles.com\/wp-content\/uploads\/2023\/02\/Marxa-violeta-Parets.jpg","datePublished":"2023-02-28T08:41:16+00:00","dateModified":"2023-02-28T08:42:34+00:00","breadcrumb":{"@id":"https:\/\/turismevalles.com\/es\/events\/marxa-violeta-i-vermut-musical-a-parets-del-valles\/#breadcrumb"},"inLanguage":"es","potentialAction":[{"@type":"ReadAction","target":["https:\/\/turismevalles.com\/es\/events\/marxa-violeta-i-vermut-musical-a-parets-del-valles\/"]}]},{"@type":"ImageObject","inLanguage":"es","@id":"https:\/\/turismevalles.com\/es\/events\/marxa-violeta-i-vermut-musical-a-parets-del-valles\/#primaryimage","url":"https:\/\/turismevalles.com\/wp-content\/uploads\/2023\/02\/Marxa-violeta-Parets.jpg","contentUrl":"https:\/\/turismevalles.com\/wp-content\/uploads\/2023\/02\/Marxa-violeta-Parets.jpg","width":902,"height":624},{"@type":"BreadcrumbList","@id":"https:\/\/turismevalles.com\/es\/events\/marxa-violeta-i-vermut-musical-a-parets-del-valles\/#breadcrumb","itemListElement":[{"@type":"ListItem","position":1,"name":"Inicio","item":"https:\/\/turismevalles.com\/es\/"},{"@type":"ListItem","position":2,"name":"Esdeveniments","item":"https:\/\/turismevalles.com\/events\/"},{"@type":"ListItem","position":3,"name":"Marcha violeta y vermut musical en Parets del Vall\u00e8s"}]},{"@type":"WebSite","@id":"https:\/\/turismevalles.com\/en\/#website","url":"https:\/\/turismevalles.com\/en\/","name":"Turisme Vall\u00e8s","description":"","publisher":{"@id":"https:\/\/turismevalles.com\/en\/#organization"},"potentialAction":[{"@type":"SearchAction","target":{"@type":"EntryPoint","urlTemplate":"https:\/\/turismevalles.com\/en\/?s={search_term_string}"},"query-input":{"@type":"PropertyValueSpecification","valueRequired":true,"valueName":"search_term_string"}}],"inLanguage":"es"},{"@type":"Organization","@id":"https:\/\/turismevalles.com\/en\/#organization","name":"Turisme Vall\u00e8s","url":"https:\/\/turismevalles.com\/en\/","logo":{"@type":"ImageObject","inLanguage":"es","@id":"https:\/\/turismevalles.com\/en\/#\/schema\/logo\/image\/","url":"https:\/\/turismevalles.com\/wp-content\/uploads\/2020\/08\/cropped-logo_ca-2.png","contentUrl":"https:\/\/turismevalles.com\/wp-content\/uploads\/2020\/08\/cropped-logo_ca-2.png","width":314,"height":85,"caption":"Turisme Vall\u00e8s"},"image":{"@id":"https:\/\/turismevalles.com\/en\/#\/schema\/logo\/image\/"}}]}},"uagb_featured_image_src":{"full":["https:\/\/turismevalles.com\/wp-content\/uploads\/2023\/02\/Marxa-violeta-Parets.jpg",902,624,false],"thumbnail":["https:\/\/turismevalles.com\/wp-content\/uploads\/2023\/02\/Marxa-violeta-Parets-150x150.jpg",150,150,true],"medium":["https:\/\/turismevalles.com\/wp-content\/uploads\/2023\/02\/Marxa-violeta-Parets-300x208.jpg",300,208,true],"medium_large":["https:\/\/turismevalles.com\/wp-content\/uploads\/2023\/02\/Marxa-violeta-Parets-768x531.jpg",768,531,true],"large":["https:\/\/turismevalles.com\/wp-content\/uploads\/2023\/02\/Marxa-violeta-Parets.jpg",902,624,false],"thumblist":["https:\/\/turismevalles.com\/wp-content\/uploads\/2023\/02\/Marxa-violeta-Parets-300x300.jpg",300,300,true],"meccarouselthumb":["https:\/\/turismevalles.com\/wp-content\/uploads\/2023\/02\/Marxa-violeta-Parets-474x324.jpg",474,324,true],"gridsquare":["https:\/\/turismevalles.com\/wp-content\/uploads\/2023\/02\/Marxa-violeta-Parets-391x260.jpg",391,260,true],"tileview":["https:\/\/turismevalles.com\/wp-content\/uploads\/2023\/02\/Marxa-violeta-Parets-300x400.jpg",300,400,true],"1536x1536":["https:\/\/turismevalles.com\/wp-content\/uploads\/2023\/02\/Marxa-violeta-Parets.jpg",902,624,false],"2048x2048":["https:\/\/turismevalles.com\/wp-content\/uploads\/2023\/02\/Marxa-violeta-Parets.jpg",902,624,false]},"uagb_author_info":{"display_name":"Turisme Valles","author_link":"https:\/\/turismevalles.com\/es\/author\/turismevallesoriental\/"},"uagb_comment_info":0,"uagb_excerpt":"La actividad se har\u00e1 el 4 de marzo con un recorrido por Gallegos Parets del Vall\u00e8s acoger\u00e1, el 4 de marzo, la Marcha Violeta con ... Veure m\u00e9s","_links":{"self":[{"href":"https:\/\/turismevalles.com\/es\/wp-json\/wp\/v2\/mec-events\/25076","targetHints":{"allow":["GET"]}}],"collection":[{"href":"https:\/\/turismevalles.com\/es\/wp-json\/wp\/v2\/mec-events"}],"about":[{"href":"https:\/\/turismevalles.com\/es\/wp-json\/wp\/v2\/types\/mec-events"}],"author":[{"embeddable":true,"href":"https:\/\/turismevalles.com\/es\/wp-json\/wp\/v2\/users\/5"}],"replies":[{"embeddable":true,"href":"https:\/\/turismevalles.com\/es\/wp-json\/wp\/v2\/comments?post=25076"}],"wp:featuredmedia":[{"embeddable":true,"href":"https:\/\/turismevalles.com\/es\/wp-json\/wp\/v2\/media\/25071"}],"wp:attachment":[{"href":"https:\/\/turismevalles.com\/es\/wp-json\/wp\/v2\/media?parent=25076"}],"wp:term":[{"taxonomy":"post_tag","embeddable":true,"href":"https:\/\/turismevalles.com\/es\/wp-json\/wp\/v2\/tags?post=25076"},{"taxonomy":"poblacions","embeddable":true,"href":"https:\/\/turismevalles.com\/es\/wp-json\/wp\/v2\/poblacions?post=25076"},{"taxonomy":"mec_category","embeddable":true,"href":"https:\/\/turismevalles.com\/es\/wp-json\/wp\/v2\/mec_category?post=25076"}],"curies":[{"name":"wp","href":"https:\/\/api.w.org\/{rel}","templated":true}]}}