{"id":25224,"date":"2023-03-10T11:08:47","date_gmt":"2023-03-10T10:08:47","guid":{"rendered":"http:\/\/turismevalles.com.mialias.net\/events\/27a2-canovelles-montserrat\/"},"modified":"2023-03-10T11:10:17","modified_gmt":"2023-03-10T10:10:17","slug":"27a2-canovelles-montserrat","status":"publish","type":"mec-events","link":"https:\/\/turismevalles.com\/es\/events\/27a2-canovelles-montserrat\/","title":{"rendered":"27a(+2) Canovelles-Montserrat"},"content":{"rendered":"<p>La marcha, que organiza cada a\u00f1o la secci\u00f3n excursionista de la Comisi\u00f3n de San Antonio Abad y que este a\u00f1o llega la 27.\u00aa (+2) edici\u00f3n, tendr\u00e1 lugar el 5 y 6 de mayo de este 2023. Las inscripciones se pueden realizar hasta el 18 de abril a\u00a0www.lacomi.cat.<\/p>\n<p>En cuanto a los entrenamientos, la entidad ya ha programado salidas para todos los domingos a partir del 26 de marzo y hasta el 30 de abril. El objetivo de estas caminatas es preparar a todos los participantes para que puedan lograr el reto sin problemas.<\/p>\n<p>La primera salida preparatoria, de 15 kil\u00f3metros y 470 metros de desnivel, ser\u00e1 el 26 de marzo, y el punto de salida y llegada, en Camprodon. Para el 2 de abril est\u00e1 prevista una salida a los Riscos de *Bert\u00ed; para el 16 de abril, una en el Castell de Castellcir (La Popa); el 23 de abril se prev\u00e9 hacer una caminata en Tona; y el 30 de abril, a Cabrera.<\/p>\n<p>Para el \u00fanico domingo libre, el 9 de abril, y que coincide con las vacaciones de Semana Santa, la organizaci\u00f3n propone un entrenamiento libre consistente en una salida matinal por la monta\u00f1a.<\/p>\n<p>Pod\u00e9is consultar m\u00e1s informaci\u00f3n a\u00a0www.lacomi.cat\u00a0o en las redes sociales de la secci\u00f3n excursionista de la Comisi\u00f3n de San Antonio Abad<\/p>\n<p>Info:\u00a0<a href=\"https:\/\/www.canovelles.cat\/actualitat\/noticies\/torna-la-canovelles-montserrat.html?fbclid=IwAR1DRoj0Z5XU8S0BiaojV0yuGcLH7JsTUnvLf6b71nIM8NnpjqdFouxVH3w\">https:\/\/www.canovelles.cat\/actualitat\/noticies\/torna-la-canovelles-montserrat.html?fbclid=IwAR1DRoj0Z5XU8S0BiaojV0yuGcLH7JsTUnvLf6b71nIM8NnpjqdFouxVH3w<\/a><\/p>\n","protected":false},"excerpt":{"rendered":"<p>La marcha, que organiza cada a\u00f1o la secci\u00f3n excursionista de la Comisi\u00f3n de San Antonio Abad y que este a\u00f1o llega la 27.\u00aa (+2) edici\u00f3n, &#8230; <a title=\"27a(+2) Canovelles-Montserrat\" class=\"read-more\" href=\"https:\/\/turismevalles.com\/es\/events\/27a2-canovelles-montserrat\/\" aria-label=\"M\u00e1s en 27a(+2) Canovelles-Montserrat\">Veure m\u00e9s<\/a><\/p>\n","protected":false},"author":5,"featured_media":25223,"comment_status":"open","ping_status":"closed","template":"","tags":[2348],"poblacions":[905],"mec_category":[915,1603,2276],"class_list":["post-25224","mec-events","type-mec-events","status-publish","has-post-thumbnail","hentry","tag-marcha-2-es","poblacions-canovelles-es","mec_category-deporte","mec_category-natura-es","mec_category-senderisme-es","generate-columns","tablet-grid-50","mobile-grid-100","grid-parent","grid-33"],"acf":[],"yoast_head":"<!-- This site is optimized with the Yoast SEO plugin v26.4 - https:\/\/yoast.com\/wordpress\/plugins\/seo\/ -->\n<title>27a(+2) Canovelles-Montserrat - Turisme Vall\u00e8s<\/title>\n<meta name=\"description\" content=\"Marza Canovelles - Montserrat\" \/>\n<meta name=\"robots\" content=\"index, follow, max-snippet:-1, max-image-preview:large, max-video-preview:-1\" \/>\n<link rel=\"canonical\" href=\"https:\/\/turismevalles.com\/es\/events\/27a2-canovelles-montserrat\/\" \/>\n<meta property=\"og:locale\" content=\"es_ES\" \/>\n<meta property=\"og:type\" content=\"article\" \/>\n<meta property=\"og:title\" content=\"27a(+2) Canovelles-Montserrat - Turisme Vall\u00e8s\" \/>\n<meta property=\"og:description\" content=\"Marza Canovelles - Montserrat\" \/>\n<meta property=\"og:url\" content=\"https:\/\/turismevalles.com\/es\/events\/27a2-canovelles-montserrat\/\" \/>\n<meta property=\"og:site_name\" content=\"Turisme Vall\u00e8s\" \/>\n<meta property=\"article:modified_time\" content=\"2023-03-10T10:10:17+00:00\" \/>\n<meta property=\"og:image\" content=\"https:\/\/turismevalles.com\/wp-content\/uploads\/2023\/03\/Canovelles-Montserrat.jpg\" \/>\n\t<meta property=\"og:image:width\" content=\"610\" \/>\n\t<meta property=\"og:image:height\" content=\"385\" \/>\n\t<meta property=\"og:image:type\" content=\"image\/jpeg\" \/>\n<meta name=\"twitter:card\" content=\"summary_large_image\" \/>\n<meta name=\"twitter:label1\" content=\"Tiempo de lectura\" \/>\n\t<meta name=\"twitter:data1\" content=\"1 minuto\" \/>\n<script type=\"application\/ld+json\" class=\"yoast-schema-graph\">{\"@context\":\"https:\/\/schema.org\",\"@graph\":[{\"@type\":\"WebPage\",\"@id\":\"https:\/\/turismevalles.com\/es\/events\/27a2-canovelles-montserrat\/\",\"url\":\"https:\/\/turismevalles.com\/es\/events\/27a2-canovelles-montserrat\/\",\"name\":\"27a(+2) Canovelles-Montserrat - Turisme Vall\u00e8s\",\"isPartOf\":{\"@id\":\"https:\/\/turismevalles.com\/en\/#website\"},\"primaryImageOfPage\":{\"@id\":\"https:\/\/turismevalles.com\/es\/events\/27a2-canovelles-montserrat\/#primaryimage\"},\"image\":{\"@id\":\"https:\/\/turismevalles.com\/es\/events\/27a2-canovelles-montserrat\/#primaryimage\"},\"thumbnailUrl\":\"https:\/\/turismevalles.com\/wp-content\/uploads\/2023\/03\/Canovelles-Montserrat.jpg\",\"datePublished\":\"2023-03-10T10:08:47+00:00\",\"dateModified\":\"2023-03-10T10:10:17+00:00\",\"description\":\"Marza Canovelles - Montserrat\",\"breadcrumb\":{\"@id\":\"https:\/\/turismevalles.com\/es\/events\/27a2-canovelles-montserrat\/#breadcrumb\"},\"inLanguage\":\"es\",\"potentialAction\":[{\"@type\":\"ReadAction\",\"target\":[\"https:\/\/turismevalles.com\/es\/events\/27a2-canovelles-montserrat\/\"]}]},{\"@type\":\"ImageObject\",\"inLanguage\":\"es\",\"@id\":\"https:\/\/turismevalles.com\/es\/events\/27a2-canovelles-montserrat\/#primaryimage\",\"url\":\"https:\/\/turismevalles.com\/wp-content\/uploads\/2023\/03\/Canovelles-Montserrat.jpg\",\"contentUrl\":\"https:\/\/turismevalles.com\/wp-content\/uploads\/2023\/03\/Canovelles-Montserrat.jpg\",\"width\":610,\"height\":385},{\"@type\":\"BreadcrumbList\",\"@id\":\"https:\/\/turismevalles.com\/es\/events\/27a2-canovelles-montserrat\/#breadcrumb\",\"itemListElement\":[{\"@type\":\"ListItem\",\"position\":1,\"name\":\"Inicio\",\"item\":\"https:\/\/turismevalles.com\/es\/\"},{\"@type\":\"ListItem\",\"position\":2,\"name\":\"Esdeveniments\",\"item\":\"https:\/\/turismevalles.com\/events\/\"},{\"@type\":\"ListItem\",\"position\":3,\"name\":\"27a(+2) Canovelles-Montserrat\"}]},{\"@type\":\"WebSite\",\"@id\":\"https:\/\/turismevalles.com\/en\/#website\",\"url\":\"https:\/\/turismevalles.com\/en\/\",\"name\":\"Turisme Vall\u00e8s\",\"description\":\"\",\"publisher\":{\"@id\":\"https:\/\/turismevalles.com\/en\/#organization\"},\"potentialAction\":[{\"@type\":\"SearchAction\",\"target\":{\"@type\":\"EntryPoint\",\"urlTemplate\":\"https:\/\/turismevalles.com\/en\/?s={search_term_string}\"},\"query-input\":{\"@type\":\"PropertyValueSpecification\",\"valueRequired\":true,\"valueName\":\"search_term_string\"}}],\"inLanguage\":\"es\"},{\"@type\":\"Organization\",\"@id\":\"https:\/\/turismevalles.com\/en\/#organization\",\"name\":\"Turisme Vall\u00e8s\",\"url\":\"https:\/\/turismevalles.com\/en\/\",\"logo\":{\"@type\":\"ImageObject\",\"inLanguage\":\"es\",\"@id\":\"https:\/\/turismevalles.com\/en\/#\/schema\/logo\/image\/\",\"url\":\"https:\/\/turismevalles.com\/wp-content\/uploads\/2020\/08\/cropped-logo_ca-2.png\",\"contentUrl\":\"https:\/\/turismevalles.com\/wp-content\/uploads\/2020\/08\/cropped-logo_ca-2.png\",\"width\":314,\"height\":85,\"caption\":\"Turisme Vall\u00e8s\"},\"image\":{\"@id\":\"https:\/\/turismevalles.com\/en\/#\/schema\/logo\/image\/\"}}]}<\/script>\n<!-- \/ Yoast SEO plugin. -->","yoast_head_json":{"title":"27a(+2) Canovelles-Montserrat - Turisme Vall\u00e8s","description":"Marza Canovelles - Montserrat","robots":{"index":"index","follow":"follow","max-snippet":"max-snippet:-1","max-image-preview":"max-image-preview:large","max-video-preview":"max-video-preview:-1"},"canonical":"https:\/\/turismevalles.com\/es\/events\/27a2-canovelles-montserrat\/","og_locale":"es_ES","og_type":"article","og_title":"27a(+2) Canovelles-Montserrat - Turisme Vall\u00e8s","og_description":"Marza Canovelles - Montserrat","og_url":"https:\/\/turismevalles.com\/es\/events\/27a2-canovelles-montserrat\/","og_site_name":"Turisme Vall\u00e8s","article_modified_time":"2023-03-10T10:10:17+00:00","og_image":[{"width":610,"height":385,"url":"https:\/\/turismevalles.com\/wp-content\/uploads\/2023\/03\/Canovelles-Montserrat.jpg","type":"image\/jpeg"}],"twitter_card":"summary_large_image","twitter_misc":{"Tiempo de lectura":"1 minuto"},"schema":{"@context":"https:\/\/schema.org","@graph":[{"@type":"WebPage","@id":"https:\/\/turismevalles.com\/es\/events\/27a2-canovelles-montserrat\/","url":"https:\/\/turismevalles.com\/es\/events\/27a2-canovelles-montserrat\/","name":"27a(+2) Canovelles-Montserrat - Turisme Vall\u00e8s","isPartOf":{"@id":"https:\/\/turismevalles.com\/en\/#website"},"primaryImageOfPage":{"@id":"https:\/\/turismevalles.com\/es\/events\/27a2-canovelles-montserrat\/#primaryimage"},"image":{"@id":"https:\/\/turismevalles.com\/es\/events\/27a2-canovelles-montserrat\/#primaryimage"},"thumbnailUrl":"https:\/\/turismevalles.com\/wp-content\/uploads\/2023\/03\/Canovelles-Montserrat.jpg","datePublished":"2023-03-10T10:08:47+00:00","dateModified":"2023-03-10T10:10:17+00:00","description":"Marza Canovelles - Montserrat","breadcrumb":{"@id":"https:\/\/turismevalles.com\/es\/events\/27a2-canovelles-montserrat\/#breadcrumb"},"inLanguage":"es","potentialAction":[{"@type":"ReadAction","target":["https:\/\/turismevalles.com\/es\/events\/27a2-canovelles-montserrat\/"]}]},{"@type":"ImageObject","inLanguage":"es","@id":"https:\/\/turismevalles.com\/es\/events\/27a2-canovelles-montserrat\/#primaryimage","url":"https:\/\/turismevalles.com\/wp-content\/uploads\/2023\/03\/Canovelles-Montserrat.jpg","contentUrl":"https:\/\/turismevalles.com\/wp-content\/uploads\/2023\/03\/Canovelles-Montserrat.jpg","width":610,"height":385},{"@type":"BreadcrumbList","@id":"https:\/\/turismevalles.com\/es\/events\/27a2-canovelles-montserrat\/#breadcrumb","itemListElement":[{"@type":"ListItem","position":1,"name":"Inicio","item":"https:\/\/turismevalles.com\/es\/"},{"@type":"ListItem","position":2,"name":"Esdeveniments","item":"https:\/\/turismevalles.com\/events\/"},{"@type":"ListItem","position":3,"name":"27a(+2) Canovelles-Montserrat"}]},{"@type":"WebSite","@id":"https:\/\/turismevalles.com\/en\/#website","url":"https:\/\/turismevalles.com\/en\/","name":"Turisme Vall\u00e8s","description":"","publisher":{"@id":"https:\/\/turismevalles.com\/en\/#organization"},"potentialAction":[{"@type":"SearchAction","target":{"@type":"EntryPoint","urlTemplate":"https:\/\/turismevalles.com\/en\/?s={search_term_string}"},"query-input":{"@type":"PropertyValueSpecification","valueRequired":true,"valueName":"search_term_string"}}],"inLanguage":"es"},{"@type":"Organization","@id":"https:\/\/turismevalles.com\/en\/#organization","name":"Turisme Vall\u00e8s","url":"https:\/\/turismevalles.com\/en\/","logo":{"@type":"ImageObject","inLanguage":"es","@id":"https:\/\/turismevalles.com\/en\/#\/schema\/logo\/image\/","url":"https:\/\/turismevalles.com\/wp-content\/uploads\/2020\/08\/cropped-logo_ca-2.png","contentUrl":"https:\/\/turismevalles.com\/wp-content\/uploads\/2020\/08\/cropped-logo_ca-2.png","width":314,"height":85,"caption":"Turisme Vall\u00e8s"},"image":{"@id":"https:\/\/turismevalles.com\/en\/#\/schema\/logo\/image\/"}}]}},"uagb_featured_image_src":{"full":["https:\/\/turismevalles.com\/wp-content\/uploads\/2023\/03\/Canovelles-Montserrat.jpg",610,385,false],"thumbnail":["https:\/\/turismevalles.com\/wp-content\/uploads\/2023\/03\/Canovelles-Montserrat-150x150.jpg",150,150,true],"medium":["https:\/\/turismevalles.com\/wp-content\/uploads\/2023\/03\/Canovelles-Montserrat-300x189.jpg",300,189,true],"medium_large":["https:\/\/turismevalles.com\/wp-content\/uploads\/2023\/03\/Canovelles-Montserrat.jpg",610,385,false],"large":["https:\/\/turismevalles.com\/wp-content\/uploads\/2023\/03\/Canovelles-Montserrat.jpg",610,385,false],"thumblist":["https:\/\/turismevalles.com\/wp-content\/uploads\/2023\/03\/Canovelles-Montserrat-300x300.jpg",300,300,true],"meccarouselthumb":["https:\/\/turismevalles.com\/wp-content\/uploads\/2023\/03\/Canovelles-Montserrat-474x324.jpg",474,324,true],"gridsquare":["https:\/\/turismevalles.com\/wp-content\/uploads\/2023\/03\/Canovelles-Montserrat-391x260.jpg",391,260,true],"tileview":["https:\/\/turismevalles.com\/wp-content\/uploads\/2023\/03\/Canovelles-Montserrat-300x385.jpg",300,385,true],"1536x1536":["https:\/\/turismevalles.com\/wp-content\/uploads\/2023\/03\/Canovelles-Montserrat.jpg",610,385,false],"2048x2048":["https:\/\/turismevalles.com\/wp-content\/uploads\/2023\/03\/Canovelles-Montserrat.jpg",610,385,false]},"uagb_author_info":{"display_name":"Turisme Valles","author_link":"https:\/\/turismevalles.com\/es\/author\/turismevallesoriental\/"},"uagb_comment_info":0,"uagb_excerpt":"La marcha, que organiza cada a\u00f1o la secci\u00f3n excursionista de la Comisi\u00f3n de San Antonio Abad y que este a\u00f1o llega la 27.\u00aa (+2) edici\u00f3n, ... Veure m\u00e9s","_links":{"self":[{"href":"https:\/\/turismevalles.com\/es\/wp-json\/wp\/v2\/mec-events\/25224","targetHints":{"allow":["GET"]}}],"collection":[{"href":"https:\/\/turismevalles.com\/es\/wp-json\/wp\/v2\/mec-events"}],"about":[{"href":"https:\/\/turismevalles.com\/es\/wp-json\/wp\/v2\/types\/mec-events"}],"author":[{"embeddable":true,"href":"https:\/\/turismevalles.com\/es\/wp-json\/wp\/v2\/users\/5"}],"replies":[{"embeddable":true,"href":"https:\/\/turismevalles.com\/es\/wp-json\/wp\/v2\/comments?post=25224"}],"wp:featuredmedia":[{"embeddable":true,"href":"https:\/\/turismevalles.com\/es\/wp-json\/wp\/v2\/media\/25223"}],"wp:attachment":[{"href":"https:\/\/turismevalles.com\/es\/wp-json\/wp\/v2\/media?parent=25224"}],"wp:term":[{"taxonomy":"post_tag","embeddable":true,"href":"https:\/\/turismevalles.com\/es\/wp-json\/wp\/v2\/tags?post=25224"},{"taxonomy":"poblacions","embeddable":true,"href":"https:\/\/turismevalles.com\/es\/wp-json\/wp\/v2\/poblacions?post=25224"},{"taxonomy":"mec_category","embeddable":true,"href":"https:\/\/turismevalles.com\/es\/wp-json\/wp\/v2\/mec_category?post=25224"}],"curies":[{"name":"wp","href":"https:\/\/api.w.org\/{rel}","templated":true}]}}