{"id":26569,"date":"2023-05-12T11:01:25","date_gmt":"2023-05-12T09:01:25","guid":{"rendered":"http:\/\/turismevalles.com.mialias.net\/events\/festival-de-poesia-en-sant-celoni\/"},"modified":"2023-05-12T11:02:47","modified_gmt":"2023-05-12T09:02:47","slug":"festival-de-poesia-en-sant-celoni","status":"publish","type":"mec-events","link":"https:\/\/turismevalles.com\/es\/events\/festival-de-poesia-en-sant-celoni\/","title":{"rendered":"Festival de poes\u00eda en Sant Celoni"},"content":{"rendered":"<p><img loading=\"lazy\" decoding=\"async\" class=\"aligncenter size-full wp-image-26565\" src=\"http:\/\/turismevalles.com\/wp-content\/uploads\/2023\/05\/Poesia-a-Sant-Celoni.jpg\" alt=\"\" width=\"525\" height=\"763\" srcset=\"https:\/\/turismevalles.com\/wp-content\/uploads\/2023\/05\/Poesia-a-Sant-Celoni.jpg 525w, https:\/\/turismevalles.com\/wp-content\/uploads\/2023\/05\/Poesia-a-Sant-Celoni-206x300.jpg 206w\" sizes=\"auto, (max-width: 525px) 100vw, 525px\" \/><\/p>\n<p>&nbsp;<\/p>\n<div class=\"data\">\n<p>S\u00e1bado,\u00a020\u00a0de\u00a0mayo\u00a0de\u00a02023\u00a0\u00a0&#8211;\u00a0\u00a06 h tarda<br \/>\nXI Festival de Poes\u00eda de Sant Celoni<br \/>\nA las 18 h<br \/>\nRecitales de Marina Miralles, Daniel Busquets, V\u00edctor Bonet, Odile Arqu\u00e9, Chantal Poch y David Ca\u00f1o<br \/>\nA las 20 h<br \/>\nRonda r\u00e1pida y conclusi\u00f3n<\/p>\n<p>Coordinaci\u00f3n adicional y presentaci\u00f3n de Pau Enero Gal\u00edn.<\/p>\n<p>Colabora: librer\u00eda Los 4 Gatos.<\/p>\n<\/div>\n<div id=\"cos\" class=\"cos\">\n<p>Info:\u00a0<a href=\"https:\/\/santceloni.cat\/document.php?id=30289\">https:\/\/santceloni.cat\/document.php?id=30289<\/a><\/p>\n<\/div>\n","protected":false},"excerpt":{"rendered":"<p>&nbsp; S\u00e1bado,\u00a020\u00a0de\u00a0mayo\u00a0de\u00a02023\u00a0\u00a0&#8211;\u00a0\u00a06 h tarda XI Festival de Poes\u00eda de Sant Celoni A las 18 h Recitales de Marina Miralles, Daniel Busquets, V\u00edctor Bonet, Odile Arqu\u00e9, &#8230; <a title=\"Festival de poes\u00eda en Sant Celoni\" class=\"read-more\" href=\"https:\/\/turismevalles.com\/es\/events\/festival-de-poesia-en-sant-celoni\/\" aria-label=\"M\u00e1s en Festival de poes\u00eda en Sant Celoni\">Veure m\u00e9s<\/a><\/p>\n","protected":false},"author":5,"featured_media":26564,"comment_status":"open","ping_status":"closed","template":"","tags":[1928],"poblacions":[427],"mec_category":[929],"class_list":["post-26569","mec-events","type-mec-events","status-publish","has-post-thumbnail","hentry","tag-poesia-es","poblacions-sant-celoni-es","mec_category-cultura-es","generate-columns","tablet-grid-50","mobile-grid-100","grid-parent","grid-33"],"acf":[],"yoast_head":"<!-- This site is optimized with the Yoast SEO plugin v26.4 - https:\/\/yoast.com\/wordpress\/plugins\/seo\/ -->\n<title>Festival de poes\u00eda en Sant Celoni - Turisme Vall\u00e8s<\/title>\n<meta name=\"robots\" content=\"index, follow, max-snippet:-1, max-image-preview:large, max-video-preview:-1\" \/>\n<link rel=\"canonical\" href=\"https:\/\/turismevalles.com\/es\/events\/festival-de-poesia-en-sant-celoni\/\" \/>\n<meta property=\"og:locale\" content=\"es_ES\" \/>\n<meta property=\"og:type\" content=\"article\" \/>\n<meta property=\"og:title\" content=\"Festival de poes\u00eda en Sant Celoni - Turisme Vall\u00e8s\" \/>\n<meta property=\"og:description\" content=\"&nbsp; S\u00e1bado,\u00a020\u00a0de\u00a0mayo\u00a0de\u00a02023\u00a0\u00a0&#8211;\u00a0\u00a06 h tarda XI Festival de Poes\u00eda de Sant Celoni A las 18 h Recitales de Marina Miralles, Daniel Busquets, V\u00edctor Bonet, Odile Arqu\u00e9, ... Veure m\u00e9s\" \/>\n<meta property=\"og:url\" content=\"https:\/\/turismevalles.com\/es\/events\/festival-de-poesia-en-sant-celoni\/\" \/>\n<meta property=\"og:site_name\" content=\"Turisme Vall\u00e8s\" \/>\n<meta property=\"article:modified_time\" content=\"2023-05-12T09:02:47+00:00\" \/>\n<meta property=\"og:image\" content=\"https:\/\/turismevalles.com\/wp-content\/uploads\/2023\/05\/Destacada-poesia.jpg\" \/>\n\t<meta property=\"og:image:width\" content=\"192\" \/>\n\t<meta property=\"og:image:height\" content=\"187\" \/>\n\t<meta property=\"og:image:type\" content=\"image\/jpeg\" \/>\n<meta name=\"twitter:card\" content=\"summary_large_image\" \/>\n<meta name=\"twitter:label1\" content=\"Tiempo de lectura\" \/>\n\t<meta name=\"twitter:data1\" content=\"1 minuto\" \/>\n<script type=\"application\/ld+json\" class=\"yoast-schema-graph\">{\"@context\":\"https:\/\/schema.org\",\"@graph\":[{\"@type\":\"WebPage\",\"@id\":\"https:\/\/turismevalles.com\/es\/events\/festival-de-poesia-en-sant-celoni\/\",\"url\":\"https:\/\/turismevalles.com\/es\/events\/festival-de-poesia-en-sant-celoni\/\",\"name\":\"Festival de poes\u00eda en Sant Celoni - Turisme Vall\u00e8s\",\"isPartOf\":{\"@id\":\"https:\/\/turismevalles.com\/en\/#website\"},\"primaryImageOfPage\":{\"@id\":\"https:\/\/turismevalles.com\/es\/events\/festival-de-poesia-en-sant-celoni\/#primaryimage\"},\"image\":{\"@id\":\"https:\/\/turismevalles.com\/es\/events\/festival-de-poesia-en-sant-celoni\/#primaryimage\"},\"thumbnailUrl\":\"https:\/\/turismevalles.com\/wp-content\/uploads\/2023\/05\/Destacada-poesia.jpg\",\"datePublished\":\"2023-05-12T09:01:25+00:00\",\"dateModified\":\"2023-05-12T09:02:47+00:00\",\"breadcrumb\":{\"@id\":\"https:\/\/turismevalles.com\/es\/events\/festival-de-poesia-en-sant-celoni\/#breadcrumb\"},\"inLanguage\":\"es\",\"potentialAction\":[{\"@type\":\"ReadAction\",\"target\":[\"https:\/\/turismevalles.com\/es\/events\/festival-de-poesia-en-sant-celoni\/\"]}]},{\"@type\":\"ImageObject\",\"inLanguage\":\"es\",\"@id\":\"https:\/\/turismevalles.com\/es\/events\/festival-de-poesia-en-sant-celoni\/#primaryimage\",\"url\":\"https:\/\/turismevalles.com\/wp-content\/uploads\/2023\/05\/Destacada-poesia.jpg\",\"contentUrl\":\"https:\/\/turismevalles.com\/wp-content\/uploads\/2023\/05\/Destacada-poesia.jpg\",\"width\":192,\"height\":187},{\"@type\":\"BreadcrumbList\",\"@id\":\"https:\/\/turismevalles.com\/es\/events\/festival-de-poesia-en-sant-celoni\/#breadcrumb\",\"itemListElement\":[{\"@type\":\"ListItem\",\"position\":1,\"name\":\"Inicio\",\"item\":\"https:\/\/turismevalles.com\/es\/\"},{\"@type\":\"ListItem\",\"position\":2,\"name\":\"Esdeveniments\",\"item\":\"https:\/\/turismevalles.com\/events\/\"},{\"@type\":\"ListItem\",\"position\":3,\"name\":\"Festival de poes\u00eda en Sant Celoni\"}]},{\"@type\":\"WebSite\",\"@id\":\"https:\/\/turismevalles.com\/en\/#website\",\"url\":\"https:\/\/turismevalles.com\/en\/\",\"name\":\"Turisme Vall\u00e8s\",\"description\":\"\",\"publisher\":{\"@id\":\"https:\/\/turismevalles.com\/en\/#organization\"},\"potentialAction\":[{\"@type\":\"SearchAction\",\"target\":{\"@type\":\"EntryPoint\",\"urlTemplate\":\"https:\/\/turismevalles.com\/en\/?s={search_term_string}\"},\"query-input\":{\"@type\":\"PropertyValueSpecification\",\"valueRequired\":true,\"valueName\":\"search_term_string\"}}],\"inLanguage\":\"es\"},{\"@type\":\"Organization\",\"@id\":\"https:\/\/turismevalles.com\/en\/#organization\",\"name\":\"Turisme Vall\u00e8s\",\"url\":\"https:\/\/turismevalles.com\/en\/\",\"logo\":{\"@type\":\"ImageObject\",\"inLanguage\":\"es\",\"@id\":\"https:\/\/turismevalles.com\/en\/#\/schema\/logo\/image\/\",\"url\":\"https:\/\/turismevalles.com\/wp-content\/uploads\/2020\/08\/cropped-logo_ca-2.png\",\"contentUrl\":\"https:\/\/turismevalles.com\/wp-content\/uploads\/2020\/08\/cropped-logo_ca-2.png\",\"width\":314,\"height\":85,\"caption\":\"Turisme Vall\u00e8s\"},\"image\":{\"@id\":\"https:\/\/turismevalles.com\/en\/#\/schema\/logo\/image\/\"}}]}<\/script>\n<!-- \/ Yoast SEO plugin. -->","yoast_head_json":{"title":"Festival de poes\u00eda en Sant Celoni - Turisme Vall\u00e8s","robots":{"index":"index","follow":"follow","max-snippet":"max-snippet:-1","max-image-preview":"max-image-preview:large","max-video-preview":"max-video-preview:-1"},"canonical":"https:\/\/turismevalles.com\/es\/events\/festival-de-poesia-en-sant-celoni\/","og_locale":"es_ES","og_type":"article","og_title":"Festival de poes\u00eda en Sant Celoni - Turisme Vall\u00e8s","og_description":"&nbsp; S\u00e1bado,\u00a020\u00a0de\u00a0mayo\u00a0de\u00a02023\u00a0\u00a0&#8211;\u00a0\u00a06 h tarda XI Festival de Poes\u00eda de Sant Celoni A las 18 h Recitales de Marina Miralles, Daniel Busquets, V\u00edctor Bonet, Odile Arqu\u00e9, ... Veure m\u00e9s","og_url":"https:\/\/turismevalles.com\/es\/events\/festival-de-poesia-en-sant-celoni\/","og_site_name":"Turisme Vall\u00e8s","article_modified_time":"2023-05-12T09:02:47+00:00","og_image":[{"width":192,"height":187,"url":"https:\/\/turismevalles.com\/wp-content\/uploads\/2023\/05\/Destacada-poesia.jpg","type":"image\/jpeg"}],"twitter_card":"summary_large_image","twitter_misc":{"Tiempo de lectura":"1 minuto"},"schema":{"@context":"https:\/\/schema.org","@graph":[{"@type":"WebPage","@id":"https:\/\/turismevalles.com\/es\/events\/festival-de-poesia-en-sant-celoni\/","url":"https:\/\/turismevalles.com\/es\/events\/festival-de-poesia-en-sant-celoni\/","name":"Festival de poes\u00eda en Sant Celoni - Turisme Vall\u00e8s","isPartOf":{"@id":"https:\/\/turismevalles.com\/en\/#website"},"primaryImageOfPage":{"@id":"https:\/\/turismevalles.com\/es\/events\/festival-de-poesia-en-sant-celoni\/#primaryimage"},"image":{"@id":"https:\/\/turismevalles.com\/es\/events\/festival-de-poesia-en-sant-celoni\/#primaryimage"},"thumbnailUrl":"https:\/\/turismevalles.com\/wp-content\/uploads\/2023\/05\/Destacada-poesia.jpg","datePublished":"2023-05-12T09:01:25+00:00","dateModified":"2023-05-12T09:02:47+00:00","breadcrumb":{"@id":"https:\/\/turismevalles.com\/es\/events\/festival-de-poesia-en-sant-celoni\/#breadcrumb"},"inLanguage":"es","potentialAction":[{"@type":"ReadAction","target":["https:\/\/turismevalles.com\/es\/events\/festival-de-poesia-en-sant-celoni\/"]}]},{"@type":"ImageObject","inLanguage":"es","@id":"https:\/\/turismevalles.com\/es\/events\/festival-de-poesia-en-sant-celoni\/#primaryimage","url":"https:\/\/turismevalles.com\/wp-content\/uploads\/2023\/05\/Destacada-poesia.jpg","contentUrl":"https:\/\/turismevalles.com\/wp-content\/uploads\/2023\/05\/Destacada-poesia.jpg","width":192,"height":187},{"@type":"BreadcrumbList","@id":"https:\/\/turismevalles.com\/es\/events\/festival-de-poesia-en-sant-celoni\/#breadcrumb","itemListElement":[{"@type":"ListItem","position":1,"name":"Inicio","item":"https:\/\/turismevalles.com\/es\/"},{"@type":"ListItem","position":2,"name":"Esdeveniments","item":"https:\/\/turismevalles.com\/events\/"},{"@type":"ListItem","position":3,"name":"Festival de poes\u00eda en Sant Celoni"}]},{"@type":"WebSite","@id":"https:\/\/turismevalles.com\/en\/#website","url":"https:\/\/turismevalles.com\/en\/","name":"Turisme Vall\u00e8s","description":"","publisher":{"@id":"https:\/\/turismevalles.com\/en\/#organization"},"potentialAction":[{"@type":"SearchAction","target":{"@type":"EntryPoint","urlTemplate":"https:\/\/turismevalles.com\/en\/?s={search_term_string}"},"query-input":{"@type":"PropertyValueSpecification","valueRequired":true,"valueName":"search_term_string"}}],"inLanguage":"es"},{"@type":"Organization","@id":"https:\/\/turismevalles.com\/en\/#organization","name":"Turisme Vall\u00e8s","url":"https:\/\/turismevalles.com\/en\/","logo":{"@type":"ImageObject","inLanguage":"es","@id":"https:\/\/turismevalles.com\/en\/#\/schema\/logo\/image\/","url":"https:\/\/turismevalles.com\/wp-content\/uploads\/2020\/08\/cropped-logo_ca-2.png","contentUrl":"https:\/\/turismevalles.com\/wp-content\/uploads\/2020\/08\/cropped-logo_ca-2.png","width":314,"height":85,"caption":"Turisme Vall\u00e8s"},"image":{"@id":"https:\/\/turismevalles.com\/en\/#\/schema\/logo\/image\/"}}]}},"uagb_featured_image_src":{"full":["https:\/\/turismevalles.com\/wp-content\/uploads\/2023\/05\/Destacada-poesia.jpg",192,187,false],"thumbnail":["https:\/\/turismevalles.com\/wp-content\/uploads\/2023\/05\/Destacada-poesia-150x150.jpg",150,150,true],"medium":["https:\/\/turismevalles.com\/wp-content\/uploads\/2023\/05\/Destacada-poesia.jpg",192,187,false],"medium_large":["https:\/\/turismevalles.com\/wp-content\/uploads\/2023\/05\/Destacada-poesia.jpg",192,187,false],"large":["https:\/\/turismevalles.com\/wp-content\/uploads\/2023\/05\/Destacada-poesia.jpg",192,187,false],"thumblist":["https:\/\/turismevalles.com\/wp-content\/uploads\/2023\/05\/Destacada-poesia.jpg",192,187,false],"meccarouselthumb":["https:\/\/turismevalles.com\/wp-content\/uploads\/2023\/05\/Destacada-poesia.jpg",192,187,false],"gridsquare":["https:\/\/turismevalles.com\/wp-content\/uploads\/2023\/05\/Destacada-poesia.jpg",192,187,false],"tileview":["https:\/\/turismevalles.com\/wp-content\/uploads\/2023\/05\/Destacada-poesia.jpg",192,187,false],"1536x1536":["https:\/\/turismevalles.com\/wp-content\/uploads\/2023\/05\/Destacada-poesia.jpg",192,187,false],"2048x2048":["https:\/\/turismevalles.com\/wp-content\/uploads\/2023\/05\/Destacada-poesia.jpg",192,187,false]},"uagb_author_info":{"display_name":"Turisme Valles","author_link":"https:\/\/turismevalles.com\/es\/author\/turismevallesoriental\/"},"uagb_comment_info":0,"uagb_excerpt":"&nbsp; S\u00e1bado,\u00a020\u00a0de\u00a0mayo\u00a0de\u00a02023\u00a0\u00a0&#8211;\u00a0\u00a06 h tarda XI Festival de Poes\u00eda de Sant Celoni A las 18 h Recitales de Marina Miralles, Daniel Busquets, V\u00edctor Bonet, Odile Arqu\u00e9, ... Veure m\u00e9s","_links":{"self":[{"href":"https:\/\/turismevalles.com\/es\/wp-json\/wp\/v2\/mec-events\/26569","targetHints":{"allow":["GET"]}}],"collection":[{"href":"https:\/\/turismevalles.com\/es\/wp-json\/wp\/v2\/mec-events"}],"about":[{"href":"https:\/\/turismevalles.com\/es\/wp-json\/wp\/v2\/types\/mec-events"}],"author":[{"embeddable":true,"href":"https:\/\/turismevalles.com\/es\/wp-json\/wp\/v2\/users\/5"}],"replies":[{"embeddable":true,"href":"https:\/\/turismevalles.com\/es\/wp-json\/wp\/v2\/comments?post=26569"}],"wp:featuredmedia":[{"embeddable":true,"href":"https:\/\/turismevalles.com\/es\/wp-json\/wp\/v2\/media\/26564"}],"wp:attachment":[{"href":"https:\/\/turismevalles.com\/es\/wp-json\/wp\/v2\/media?parent=26569"}],"wp:term":[{"taxonomy":"post_tag","embeddable":true,"href":"https:\/\/turismevalles.com\/es\/wp-json\/wp\/v2\/tags?post=26569"},{"taxonomy":"poblacions","embeddable":true,"href":"https:\/\/turismevalles.com\/es\/wp-json\/wp\/v2\/poblacions?post=26569"},{"taxonomy":"mec_category","embeddable":true,"href":"https:\/\/turismevalles.com\/es\/wp-json\/wp\/v2\/mec_category?post=26569"}],"curies":[{"name":"wp","href":"https:\/\/api.w.org\/{rel}","templated":true}]}}