{"id":27083,"date":"2023-06-02T11:41:49","date_gmt":"2023-06-02T09:41:49","guid":{"rendered":"http:\/\/turismevalles.com.mialias.net\/events\/itinerari-guiat-bicicletada-pels-espais-de-memoria-a-la-garriga\/"},"modified":"2023-06-02T11:43:12","modified_gmt":"2023-06-02T09:43:12","slug":"itinerari-guiat-bicicletada-pels-espais-de-memoria-a-la-garriga","status":"publish","type":"mec-events","link":"https:\/\/turismevalles.com\/es\/events\/itinerari-guiat-bicicletada-pels-espais-de-memoria-a-la-garriga\/","title":{"rendered":"Itinerario guiado: Bicicletada ppor los Espacios de Memoria en La Garriga"},"content":{"rendered":"<div class=\"field field--name-field-data field--type-daterange field--label-inline\">\n<div class=\"field__label\">\n<p>Fecha:<br \/>\ndom., 25\/06\/2023 &#8211; 10:30<\/p>\n<p>Punto de salida:<br \/>\nDesde el Refugio Antia\u00e9reo de la Estaci\u00f3n<\/p>\n<p>Una bicicletada para todos los p\u00fablicos para recorrer algunos de los principales espacios de memoria de la Garriga, con las explicaciones de las gu\u00edas del Centro de Visitantes de la Garriga.<\/p>\n<p>Desde el Refugio Antia\u00e9reo de la Estaci\u00f3n (Ronda del Carril s\/n)<\/p>\n<p>Organizan: Pedaleemos la Garriga y Centro de Visitantes<\/p>\n<p>&nbsp;<\/p>\n<p>Actividad reprogramada de la programaci\u00f3n de los actos de conmemoraci\u00f3n del bombardeo de la Garriga 2023<\/p>\n<\/div>\n<\/div>\n<p>Info:\u00a0<a href=\"https:\/\/www.visitalagarriga.cat\/ca\/pedalada-espais-de-memoria-de-la-garriga-0\">https:\/\/www.visitalagarriga.cat\/ca\/pedalada-espais-de-memoria-de-la-garriga-0<\/a><\/p>\n","protected":false},"excerpt":{"rendered":"<p>Fecha: dom., 25\/06\/2023 &#8211; 10:30 Punto de salida: Desde el Refugio Antia\u00e9reo de la Estaci\u00f3n Una bicicletada para todos los p\u00fablicos para recorrer algunos de &#8230; <a title=\"Itinerario guiado: Bicicletada ppor los Espacios de Memoria en La Garriga\" class=\"read-more\" href=\"https:\/\/turismevalles.com\/es\/events\/itinerari-guiat-bicicletada-pels-espais-de-memoria-a-la-garriga\/\" aria-label=\"M\u00e1s en Itinerario guiado: Bicicletada ppor los Espacios de Memoria en La Garriga\">Veure m\u00e9s<\/a><\/p>\n","protected":false},"author":5,"featured_media":27082,"comment_status":"open","ping_status":"closed","template":"","tags":[1483,2091],"poblacions":[439],"mec_category":[970,914],"class_list":["post-27083","mec-events","type-mec-events","status-publish","has-post-thumbnail","hentry","tag-bicicleta-es","tag-visita-es","poblacions-la-garriga-es","mec_category-activitats-en-familia-es","mec_category-esport-es","generate-columns","tablet-grid-50","mobile-grid-100","grid-parent","grid-33"],"acf":[],"yoast_head":"<!-- This site is optimized with the Yoast SEO plugin v26.4 - https:\/\/yoast.com\/wordpress\/plugins\/seo\/ -->\n<title>Itinerario guiado: Bicicletada ppor los Espacios de Memoria en La Garriga - Turisme Vall\u00e8s<\/title>\n<meta name=\"robots\" content=\"index, follow, max-snippet:-1, max-image-preview:large, max-video-preview:-1\" \/>\n<link rel=\"canonical\" href=\"https:\/\/turismevalles.com\/es\/events\/itinerari-guiat-bicicletada-pels-espais-de-memoria-a-la-garriga\/\" \/>\n<meta property=\"og:locale\" content=\"es_ES\" \/>\n<meta property=\"og:type\" content=\"article\" \/>\n<meta property=\"og:title\" content=\"Itinerario guiado: Bicicletada ppor los Espacios de Memoria en La Garriga - Turisme Vall\u00e8s\" \/>\n<meta property=\"og:description\" content=\"Fecha: dom., 25\/06\/2023 &#8211; 10:30 Punto de salida: Desde el Refugio Antia\u00e9reo de la Estaci\u00f3n Una bicicletada para todos los p\u00fablicos para recorrer algunos de ... Veure m\u00e9s\" \/>\n<meta property=\"og:url\" content=\"https:\/\/turismevalles.com\/es\/events\/itinerari-guiat-bicicletada-pels-espais-de-memoria-a-la-garriga\/\" \/>\n<meta property=\"og:site_name\" content=\"Turisme Vall\u00e8s\" \/>\n<meta property=\"article:modified_time\" content=\"2023-06-02T09:43:12+00:00\" \/>\n<meta property=\"og:image\" content=\"https:\/\/turismevalles.com\/wp-content\/uploads\/2023\/06\/Pedalada-La-Garriga.jpg\" \/>\n\t<meta property=\"og:image:width\" content=\"446\" \/>\n\t<meta property=\"og:image:height\" content=\"323\" \/>\n\t<meta property=\"og:image:type\" content=\"image\/jpeg\" \/>\n<meta name=\"twitter:card\" content=\"summary_large_image\" \/>\n<meta name=\"twitter:label1\" content=\"Tiempo de lectura\" \/>\n\t<meta name=\"twitter:data1\" content=\"1 minuto\" \/>\n<script type=\"application\/ld+json\" class=\"yoast-schema-graph\">{\"@context\":\"https:\/\/schema.org\",\"@graph\":[{\"@type\":\"WebPage\",\"@id\":\"https:\/\/turismevalles.com\/es\/events\/itinerari-guiat-bicicletada-pels-espais-de-memoria-a-la-garriga\/\",\"url\":\"https:\/\/turismevalles.com\/es\/events\/itinerari-guiat-bicicletada-pels-espais-de-memoria-a-la-garriga\/\",\"name\":\"Itinerario guiado: Bicicletada ppor los Espacios de Memoria en La Garriga - Turisme Vall\u00e8s\",\"isPartOf\":{\"@id\":\"https:\/\/turismevalles.com\/en\/#website\"},\"primaryImageOfPage\":{\"@id\":\"https:\/\/turismevalles.com\/es\/events\/itinerari-guiat-bicicletada-pels-espais-de-memoria-a-la-garriga\/#primaryimage\"},\"image\":{\"@id\":\"https:\/\/turismevalles.com\/es\/events\/itinerari-guiat-bicicletada-pels-espais-de-memoria-a-la-garriga\/#primaryimage\"},\"thumbnailUrl\":\"https:\/\/turismevalles.com\/wp-content\/uploads\/2023\/06\/Pedalada-La-Garriga.jpg\",\"datePublished\":\"2023-06-02T09:41:49+00:00\",\"dateModified\":\"2023-06-02T09:43:12+00:00\",\"breadcrumb\":{\"@id\":\"https:\/\/turismevalles.com\/es\/events\/itinerari-guiat-bicicletada-pels-espais-de-memoria-a-la-garriga\/#breadcrumb\"},\"inLanguage\":\"es\",\"potentialAction\":[{\"@type\":\"ReadAction\",\"target\":[\"https:\/\/turismevalles.com\/es\/events\/itinerari-guiat-bicicletada-pels-espais-de-memoria-a-la-garriga\/\"]}]},{\"@type\":\"ImageObject\",\"inLanguage\":\"es\",\"@id\":\"https:\/\/turismevalles.com\/es\/events\/itinerari-guiat-bicicletada-pels-espais-de-memoria-a-la-garriga\/#primaryimage\",\"url\":\"https:\/\/turismevalles.com\/wp-content\/uploads\/2023\/06\/Pedalada-La-Garriga.jpg\",\"contentUrl\":\"https:\/\/turismevalles.com\/wp-content\/uploads\/2023\/06\/Pedalada-La-Garriga.jpg\",\"width\":446,\"height\":323},{\"@type\":\"BreadcrumbList\",\"@id\":\"https:\/\/turismevalles.com\/es\/events\/itinerari-guiat-bicicletada-pels-espais-de-memoria-a-la-garriga\/#breadcrumb\",\"itemListElement\":[{\"@type\":\"ListItem\",\"position\":1,\"name\":\"Inicio\",\"item\":\"https:\/\/turismevalles.com\/es\/\"},{\"@type\":\"ListItem\",\"position\":2,\"name\":\"Esdeveniments\",\"item\":\"https:\/\/turismevalles.com\/events\/\"},{\"@type\":\"ListItem\",\"position\":3,\"name\":\"Itinerario guiado: Bicicletada ppor los Espacios de Memoria en La Garriga\"}]},{\"@type\":\"WebSite\",\"@id\":\"https:\/\/turismevalles.com\/en\/#website\",\"url\":\"https:\/\/turismevalles.com\/en\/\",\"name\":\"Turisme Vall\u00e8s\",\"description\":\"\",\"publisher\":{\"@id\":\"https:\/\/turismevalles.com\/en\/#organization\"},\"potentialAction\":[{\"@type\":\"SearchAction\",\"target\":{\"@type\":\"EntryPoint\",\"urlTemplate\":\"https:\/\/turismevalles.com\/en\/?s={search_term_string}\"},\"query-input\":{\"@type\":\"PropertyValueSpecification\",\"valueRequired\":true,\"valueName\":\"search_term_string\"}}],\"inLanguage\":\"es\"},{\"@type\":\"Organization\",\"@id\":\"https:\/\/turismevalles.com\/en\/#organization\",\"name\":\"Turisme Vall\u00e8s\",\"url\":\"https:\/\/turismevalles.com\/en\/\",\"logo\":{\"@type\":\"ImageObject\",\"inLanguage\":\"es\",\"@id\":\"https:\/\/turismevalles.com\/en\/#\/schema\/logo\/image\/\",\"url\":\"https:\/\/turismevalles.com\/wp-content\/uploads\/2020\/08\/cropped-logo_ca-2.png\",\"contentUrl\":\"https:\/\/turismevalles.com\/wp-content\/uploads\/2020\/08\/cropped-logo_ca-2.png\",\"width\":314,\"height\":85,\"caption\":\"Turisme Vall\u00e8s\"},\"image\":{\"@id\":\"https:\/\/turismevalles.com\/en\/#\/schema\/logo\/image\/\"}}]}<\/script>\n<!-- \/ Yoast SEO plugin. -->","yoast_head_json":{"title":"Itinerario guiado: Bicicletada ppor los Espacios de Memoria en La Garriga - Turisme Vall\u00e8s","robots":{"index":"index","follow":"follow","max-snippet":"max-snippet:-1","max-image-preview":"max-image-preview:large","max-video-preview":"max-video-preview:-1"},"canonical":"https:\/\/turismevalles.com\/es\/events\/itinerari-guiat-bicicletada-pels-espais-de-memoria-a-la-garriga\/","og_locale":"es_ES","og_type":"article","og_title":"Itinerario guiado: Bicicletada ppor los Espacios de Memoria en La Garriga - Turisme Vall\u00e8s","og_description":"Fecha: dom., 25\/06\/2023 &#8211; 10:30 Punto de salida: Desde el Refugio Antia\u00e9reo de la Estaci\u00f3n Una bicicletada para todos los p\u00fablicos para recorrer algunos de ... Veure m\u00e9s","og_url":"https:\/\/turismevalles.com\/es\/events\/itinerari-guiat-bicicletada-pels-espais-de-memoria-a-la-garriga\/","og_site_name":"Turisme Vall\u00e8s","article_modified_time":"2023-06-02T09:43:12+00:00","og_image":[{"width":446,"height":323,"url":"https:\/\/turismevalles.com\/wp-content\/uploads\/2023\/06\/Pedalada-La-Garriga.jpg","type":"image\/jpeg"}],"twitter_card":"summary_large_image","twitter_misc":{"Tiempo de lectura":"1 minuto"},"schema":{"@context":"https:\/\/schema.org","@graph":[{"@type":"WebPage","@id":"https:\/\/turismevalles.com\/es\/events\/itinerari-guiat-bicicletada-pels-espais-de-memoria-a-la-garriga\/","url":"https:\/\/turismevalles.com\/es\/events\/itinerari-guiat-bicicletada-pels-espais-de-memoria-a-la-garriga\/","name":"Itinerario guiado: Bicicletada ppor los Espacios de Memoria en La Garriga - Turisme Vall\u00e8s","isPartOf":{"@id":"https:\/\/turismevalles.com\/en\/#website"},"primaryImageOfPage":{"@id":"https:\/\/turismevalles.com\/es\/events\/itinerari-guiat-bicicletada-pels-espais-de-memoria-a-la-garriga\/#primaryimage"},"image":{"@id":"https:\/\/turismevalles.com\/es\/events\/itinerari-guiat-bicicletada-pels-espais-de-memoria-a-la-garriga\/#primaryimage"},"thumbnailUrl":"https:\/\/turismevalles.com\/wp-content\/uploads\/2023\/06\/Pedalada-La-Garriga.jpg","datePublished":"2023-06-02T09:41:49+00:00","dateModified":"2023-06-02T09:43:12+00:00","breadcrumb":{"@id":"https:\/\/turismevalles.com\/es\/events\/itinerari-guiat-bicicletada-pels-espais-de-memoria-a-la-garriga\/#breadcrumb"},"inLanguage":"es","potentialAction":[{"@type":"ReadAction","target":["https:\/\/turismevalles.com\/es\/events\/itinerari-guiat-bicicletada-pels-espais-de-memoria-a-la-garriga\/"]}]},{"@type":"ImageObject","inLanguage":"es","@id":"https:\/\/turismevalles.com\/es\/events\/itinerari-guiat-bicicletada-pels-espais-de-memoria-a-la-garriga\/#primaryimage","url":"https:\/\/turismevalles.com\/wp-content\/uploads\/2023\/06\/Pedalada-La-Garriga.jpg","contentUrl":"https:\/\/turismevalles.com\/wp-content\/uploads\/2023\/06\/Pedalada-La-Garriga.jpg","width":446,"height":323},{"@type":"BreadcrumbList","@id":"https:\/\/turismevalles.com\/es\/events\/itinerari-guiat-bicicletada-pels-espais-de-memoria-a-la-garriga\/#breadcrumb","itemListElement":[{"@type":"ListItem","position":1,"name":"Inicio","item":"https:\/\/turismevalles.com\/es\/"},{"@type":"ListItem","position":2,"name":"Esdeveniments","item":"https:\/\/turismevalles.com\/events\/"},{"@type":"ListItem","position":3,"name":"Itinerario guiado: Bicicletada ppor los Espacios de Memoria en La Garriga"}]},{"@type":"WebSite","@id":"https:\/\/turismevalles.com\/en\/#website","url":"https:\/\/turismevalles.com\/en\/","name":"Turisme Vall\u00e8s","description":"","publisher":{"@id":"https:\/\/turismevalles.com\/en\/#organization"},"potentialAction":[{"@type":"SearchAction","target":{"@type":"EntryPoint","urlTemplate":"https:\/\/turismevalles.com\/en\/?s={search_term_string}"},"query-input":{"@type":"PropertyValueSpecification","valueRequired":true,"valueName":"search_term_string"}}],"inLanguage":"es"},{"@type":"Organization","@id":"https:\/\/turismevalles.com\/en\/#organization","name":"Turisme Vall\u00e8s","url":"https:\/\/turismevalles.com\/en\/","logo":{"@type":"ImageObject","inLanguage":"es","@id":"https:\/\/turismevalles.com\/en\/#\/schema\/logo\/image\/","url":"https:\/\/turismevalles.com\/wp-content\/uploads\/2020\/08\/cropped-logo_ca-2.png","contentUrl":"https:\/\/turismevalles.com\/wp-content\/uploads\/2020\/08\/cropped-logo_ca-2.png","width":314,"height":85,"caption":"Turisme Vall\u00e8s"},"image":{"@id":"https:\/\/turismevalles.com\/en\/#\/schema\/logo\/image\/"}}]}},"uagb_featured_image_src":{"full":["https:\/\/turismevalles.com\/wp-content\/uploads\/2023\/06\/Pedalada-La-Garriga.jpg",446,323,false],"thumbnail":["https:\/\/turismevalles.com\/wp-content\/uploads\/2023\/06\/Pedalada-La-Garriga-150x150.jpg",150,150,true],"medium":["https:\/\/turismevalles.com\/wp-content\/uploads\/2023\/06\/Pedalada-La-Garriga-300x217.jpg",300,217,true],"medium_large":["https:\/\/turismevalles.com\/wp-content\/uploads\/2023\/06\/Pedalada-La-Garriga.jpg",446,323,false],"large":["https:\/\/turismevalles.com\/wp-content\/uploads\/2023\/06\/Pedalada-La-Garriga.jpg",446,323,false],"thumblist":["https:\/\/turismevalles.com\/wp-content\/uploads\/2023\/06\/Pedalada-La-Garriga-300x300.jpg",300,300,true],"meccarouselthumb":["https:\/\/turismevalles.com\/wp-content\/uploads\/2023\/06\/Pedalada-La-Garriga.jpg",446,323,false],"gridsquare":["https:\/\/turismevalles.com\/wp-content\/uploads\/2023\/06\/Pedalada-La-Garriga-391x260.jpg",391,260,true],"tileview":["https:\/\/turismevalles.com\/wp-content\/uploads\/2023\/06\/Pedalada-La-Garriga-300x323.jpg",300,323,true],"1536x1536":["https:\/\/turismevalles.com\/wp-content\/uploads\/2023\/06\/Pedalada-La-Garriga.jpg",446,323,false],"2048x2048":["https:\/\/turismevalles.com\/wp-content\/uploads\/2023\/06\/Pedalada-La-Garriga.jpg",446,323,false]},"uagb_author_info":{"display_name":"Turisme Valles","author_link":"https:\/\/turismevalles.com\/es\/author\/turismevallesoriental\/"},"uagb_comment_info":0,"uagb_excerpt":"Fecha: dom., 25\/06\/2023 &#8211; 10:30 Punto de salida: Desde el Refugio Antia\u00e9reo de la Estaci\u00f3n Una bicicletada para todos los p\u00fablicos para recorrer algunos de ... Veure m\u00e9s","_links":{"self":[{"href":"https:\/\/turismevalles.com\/es\/wp-json\/wp\/v2\/mec-events\/27083","targetHints":{"allow":["GET"]}}],"collection":[{"href":"https:\/\/turismevalles.com\/es\/wp-json\/wp\/v2\/mec-events"}],"about":[{"href":"https:\/\/turismevalles.com\/es\/wp-json\/wp\/v2\/types\/mec-events"}],"author":[{"embeddable":true,"href":"https:\/\/turismevalles.com\/es\/wp-json\/wp\/v2\/users\/5"}],"replies":[{"embeddable":true,"href":"https:\/\/turismevalles.com\/es\/wp-json\/wp\/v2\/comments?post=27083"}],"wp:featuredmedia":[{"embeddable":true,"href":"https:\/\/turismevalles.com\/es\/wp-json\/wp\/v2\/media\/27082"}],"wp:attachment":[{"href":"https:\/\/turismevalles.com\/es\/wp-json\/wp\/v2\/media?parent=27083"}],"wp:term":[{"taxonomy":"post_tag","embeddable":true,"href":"https:\/\/turismevalles.com\/es\/wp-json\/wp\/v2\/tags?post=27083"},{"taxonomy":"poblacions","embeddable":true,"href":"https:\/\/turismevalles.com\/es\/wp-json\/wp\/v2\/poblacions?post=27083"},{"taxonomy":"mec_category","embeddable":true,"href":"https:\/\/turismevalles.com\/es\/wp-json\/wp\/v2\/mec_category?post=27083"}],"curies":[{"name":"wp","href":"https:\/\/api.w.org\/{rel}","templated":true}]}}