{"id":27105,"date":"2023-06-02T12:02:25","date_gmt":"2023-06-02T10:02:25","guid":{"rendered":"http:\/\/turismevalles.com.mialias.net\/events\/passejada-guiada-laigua-i-les-llegendes-a-sant-esteve-de-palautordera-2\/"},"modified":"2023-06-02T12:03:46","modified_gmt":"2023-06-02T10:03:46","slug":"passejada-guiada-laigua-i-les-llegendes-a-sant-esteve-de-palautordera-2","status":"publish","type":"mec-events","link":"https:\/\/turismevalles.com\/es\/events\/passejada-guiada-laigua-i-les-llegendes-a-sant-esteve-de-palautordera-2\/","title":{"rendered":"Paseo guiado: El agua i las leyendas en Montseny"},"content":{"rendered":"<p>Horario de inicio:\u00a010 h<\/p>\n<p>Horario completo:<br \/>\nde 10 a 14 h<\/p>\n<p>Lugar:\u00a0Entornos del Montseny<\/p>\n<p>Sant Esteve de Palautordera<\/p>\n<p>Lugar de encuentro:\u00a0Plaza de la Vila del pueblo de Montseny<\/p>\n<p>Organizadores:\u00a0*ADEMC<\/p>\n<p>Tel\u00e9fono:\u00a0938 482 008 y 661 959 737<\/p>\n<p>D\/e:\u00a0p.montseny.esteve@diba.cat<\/p>\n<p>P\u00fablico a qui\u00e9n va dirigida la actividad:\u00a0General<\/p>\n<p>Acceso:\u00a0de pago<\/p>\n<p>Precio:\u00a0Adultos, 3 euros. Menores hasta 6 a\u00f1os, gratuito; entre 6 y 16 a\u00f1os y mayores de 65 a\u00f1os, 2 euros. 10% de descuento para las familias numerosas y para los miembros del C\u00edrculo de Voluntarios de los Parques Naturales.<\/p>\n<p>Descripci\u00f3n:<\/p>\n<p>Itinerario guiado por una parte del curso alto de la Tordera. Os explicaremos leyendas relacionadas con r\u00edos, pozas, fuentes y saltos de agua. EL agua, siempre presente en el Montseny, ha originado fant\u00e1sticas historias, transmitidas durante generaciones, que recordaremos en la salida.<\/p>\n<p>Distancia: 3 km.<\/p>\n<p>&nbsp;<\/p>\n<p>Requisitos actividad:<\/p>\n<p>Hace falta inscripci\u00f3n previa a los tel\u00e9fonos o direcci\u00f3n de correo electr\u00f3nico.<\/p>\n<p>Las plazas son limitadas y las reservas se har\u00e1n seg\u00fan la orden de inscripci\u00f3n. En cada salida se especifica el lugar de encuentro. Si el tiempo no permite hacer la actividad en buenas condiciones, se anular\u00e1 la salida.<\/p>\n<p>Hay que llevar calzado c\u00f3modo para andar y *cantimplora con agua.<\/p>\n<p>&nbsp;<\/p>\n<p>info:\u00a0<a href=\"https:\/\/parcs.diba.cat\/es\/web\/agenda\/-\/montseny-l-aigua-i-les-llegen-12\">https:\/\/parcs.diba.cat\/es\/web\/agenda\/-\/montseny-l-aigua-i-les-llegen-12<\/a><\/p>\n","protected":false},"excerpt":{"rendered":"<p>Horario de inicio:\u00a010 h Horario completo: de 10 a 14 h Lugar:\u00a0Entornos del Montseny Sant Esteve de Palautordera Lugar de encuentro:\u00a0Plaza de la Vila del &#8230; <a title=\"Paseo guiado: El agua i las leyendas en Montseny\" class=\"read-more\" href=\"https:\/\/turismevalles.com\/es\/events\/passejada-guiada-laigua-i-les-llegendes-a-sant-esteve-de-palautordera-2\/\" aria-label=\"M\u00e1s en Paseo guiado: El agua i las leyendas en Montseny\">Veure m\u00e9s<\/a><\/p>\n","protected":false},"author":5,"featured_media":27104,"comment_status":"open","ping_status":"closed","template":"","tags":[2109,1136,2078],"poblacions":[404,434],"mec_category":[970,1603],"class_list":["post-27105","mec-events","type-mec-events","status-publish","has-post-thumbnail","hentry","tag-montseny-es","tag-natura-es","tag-passejada-es","poblacions-montseny-es","poblacions-sant-esteve-de-palautordera-es","mec_category-activitats-en-familia-es","mec_category-natura-es","generate-columns","tablet-grid-50","mobile-grid-100","grid-parent","grid-33"],"acf":[],"yoast_head":"<!-- This site is optimized with the Yoast SEO plugin v26.4 - https:\/\/yoast.com\/wordpress\/plugins\/seo\/ -->\n<title>Paseo guiado: El agua i las leyendas en Montseny - Turisme Vall\u00e8s<\/title>\n<meta name=\"robots\" content=\"index, follow, max-snippet:-1, max-image-preview:large, max-video-preview:-1\" \/>\n<link rel=\"canonical\" href=\"https:\/\/turismevalles.com\/es\/events\/passejada-guiada-laigua-i-les-llegendes-a-sant-esteve-de-palautordera-2\/\" \/>\n<meta property=\"og:locale\" content=\"es_ES\" \/>\n<meta property=\"og:type\" content=\"article\" \/>\n<meta property=\"og:title\" content=\"Paseo guiado: El agua i las leyendas en Montseny - Turisme Vall\u00e8s\" \/>\n<meta property=\"og:description\" content=\"Horario de inicio:\u00a010 h Horario completo: de 10 a 14 h Lugar:\u00a0Entornos del Montseny Sant Esteve de Palautordera Lugar de encuentro:\u00a0Plaza de la Vila del ... Veure m\u00e9s\" \/>\n<meta property=\"og:url\" content=\"https:\/\/turismevalles.com\/es\/events\/passejada-guiada-laigua-i-les-llegendes-a-sant-esteve-de-palautordera-2\/\" \/>\n<meta property=\"og:site_name\" content=\"Turisme Vall\u00e8s\" \/>\n<meta property=\"article:modified_time\" content=\"2023-06-02T10:03:46+00:00\" \/>\n<meta property=\"og:image\" content=\"https:\/\/turismevalles.com\/wp-content\/uploads\/2023\/06\/aigua.jpg\" \/>\n\t<meta property=\"og:image:width\" content=\"301\" \/>\n\t<meta property=\"og:image:height\" content=\"240\" \/>\n\t<meta property=\"og:image:type\" content=\"image\/jpeg\" \/>\n<meta name=\"twitter:card\" content=\"summary_large_image\" \/>\n<meta name=\"twitter:label1\" content=\"Tiempo de lectura\" \/>\n\t<meta name=\"twitter:data1\" content=\"2 minutos\" \/>\n<script type=\"application\/ld+json\" class=\"yoast-schema-graph\">{\"@context\":\"https:\/\/schema.org\",\"@graph\":[{\"@type\":\"WebPage\",\"@id\":\"https:\/\/turismevalles.com\/es\/events\/passejada-guiada-laigua-i-les-llegendes-a-sant-esteve-de-palautordera-2\/\",\"url\":\"https:\/\/turismevalles.com\/es\/events\/passejada-guiada-laigua-i-les-llegendes-a-sant-esteve-de-palautordera-2\/\",\"name\":\"Paseo guiado: El agua i las leyendas en Montseny - Turisme Vall\u00e8s\",\"isPartOf\":{\"@id\":\"https:\/\/turismevalles.com\/en\/#website\"},\"primaryImageOfPage\":{\"@id\":\"https:\/\/turismevalles.com\/es\/events\/passejada-guiada-laigua-i-les-llegendes-a-sant-esteve-de-palautordera-2\/#primaryimage\"},\"image\":{\"@id\":\"https:\/\/turismevalles.com\/es\/events\/passejada-guiada-laigua-i-les-llegendes-a-sant-esteve-de-palautordera-2\/#primaryimage\"},\"thumbnailUrl\":\"https:\/\/turismevalles.com\/wp-content\/uploads\/2023\/06\/aigua.jpg\",\"datePublished\":\"2023-06-02T10:02:25+00:00\",\"dateModified\":\"2023-06-02T10:03:46+00:00\",\"breadcrumb\":{\"@id\":\"https:\/\/turismevalles.com\/es\/events\/passejada-guiada-laigua-i-les-llegendes-a-sant-esteve-de-palautordera-2\/#breadcrumb\"},\"inLanguage\":\"es\",\"potentialAction\":[{\"@type\":\"ReadAction\",\"target\":[\"https:\/\/turismevalles.com\/es\/events\/passejada-guiada-laigua-i-les-llegendes-a-sant-esteve-de-palautordera-2\/\"]}]},{\"@type\":\"ImageObject\",\"inLanguage\":\"es\",\"@id\":\"https:\/\/turismevalles.com\/es\/events\/passejada-guiada-laigua-i-les-llegendes-a-sant-esteve-de-palautordera-2\/#primaryimage\",\"url\":\"https:\/\/turismevalles.com\/wp-content\/uploads\/2023\/06\/aigua.jpg\",\"contentUrl\":\"https:\/\/turismevalles.com\/wp-content\/uploads\/2023\/06\/aigua.jpg\",\"width\":301,\"height\":240},{\"@type\":\"BreadcrumbList\",\"@id\":\"https:\/\/turismevalles.com\/es\/events\/passejada-guiada-laigua-i-les-llegendes-a-sant-esteve-de-palautordera-2\/#breadcrumb\",\"itemListElement\":[{\"@type\":\"ListItem\",\"position\":1,\"name\":\"Inicio\",\"item\":\"https:\/\/turismevalles.com\/es\/\"},{\"@type\":\"ListItem\",\"position\":2,\"name\":\"Esdeveniments\",\"item\":\"https:\/\/turismevalles.com\/events\/\"},{\"@type\":\"ListItem\",\"position\":3,\"name\":\"Paseo guiado: El agua i las leyendas en Montseny\"}]},{\"@type\":\"WebSite\",\"@id\":\"https:\/\/turismevalles.com\/en\/#website\",\"url\":\"https:\/\/turismevalles.com\/en\/\",\"name\":\"Turisme Vall\u00e8s\",\"description\":\"\",\"publisher\":{\"@id\":\"https:\/\/turismevalles.com\/en\/#organization\"},\"potentialAction\":[{\"@type\":\"SearchAction\",\"target\":{\"@type\":\"EntryPoint\",\"urlTemplate\":\"https:\/\/turismevalles.com\/en\/?s={search_term_string}\"},\"query-input\":{\"@type\":\"PropertyValueSpecification\",\"valueRequired\":true,\"valueName\":\"search_term_string\"}}],\"inLanguage\":\"es\"},{\"@type\":\"Organization\",\"@id\":\"https:\/\/turismevalles.com\/en\/#organization\",\"name\":\"Turisme Vall\u00e8s\",\"url\":\"https:\/\/turismevalles.com\/en\/\",\"logo\":{\"@type\":\"ImageObject\",\"inLanguage\":\"es\",\"@id\":\"https:\/\/turismevalles.com\/en\/#\/schema\/logo\/image\/\",\"url\":\"https:\/\/turismevalles.com\/wp-content\/uploads\/2020\/08\/cropped-logo_ca-2.png\",\"contentUrl\":\"https:\/\/turismevalles.com\/wp-content\/uploads\/2020\/08\/cropped-logo_ca-2.png\",\"width\":314,\"height\":85,\"caption\":\"Turisme Vall\u00e8s\"},\"image\":{\"@id\":\"https:\/\/turismevalles.com\/en\/#\/schema\/logo\/image\/\"}}]}<\/script>\n<!-- \/ Yoast SEO plugin. -->","yoast_head_json":{"title":"Paseo guiado: El agua i las leyendas en Montseny - Turisme Vall\u00e8s","robots":{"index":"index","follow":"follow","max-snippet":"max-snippet:-1","max-image-preview":"max-image-preview:large","max-video-preview":"max-video-preview:-1"},"canonical":"https:\/\/turismevalles.com\/es\/events\/passejada-guiada-laigua-i-les-llegendes-a-sant-esteve-de-palautordera-2\/","og_locale":"es_ES","og_type":"article","og_title":"Paseo guiado: El agua i las leyendas en Montseny - Turisme Vall\u00e8s","og_description":"Horario de inicio:\u00a010 h Horario completo: de 10 a 14 h Lugar:\u00a0Entornos del Montseny Sant Esteve de Palautordera Lugar de encuentro:\u00a0Plaza de la Vila del ... Veure m\u00e9s","og_url":"https:\/\/turismevalles.com\/es\/events\/passejada-guiada-laigua-i-les-llegendes-a-sant-esteve-de-palautordera-2\/","og_site_name":"Turisme Vall\u00e8s","article_modified_time":"2023-06-02T10:03:46+00:00","og_image":[{"width":301,"height":240,"url":"https:\/\/turismevalles.com\/wp-content\/uploads\/2023\/06\/aigua.jpg","type":"image\/jpeg"}],"twitter_card":"summary_large_image","twitter_misc":{"Tiempo de lectura":"2 minutos"},"schema":{"@context":"https:\/\/schema.org","@graph":[{"@type":"WebPage","@id":"https:\/\/turismevalles.com\/es\/events\/passejada-guiada-laigua-i-les-llegendes-a-sant-esteve-de-palautordera-2\/","url":"https:\/\/turismevalles.com\/es\/events\/passejada-guiada-laigua-i-les-llegendes-a-sant-esteve-de-palautordera-2\/","name":"Paseo guiado: El agua i las leyendas en Montseny - Turisme Vall\u00e8s","isPartOf":{"@id":"https:\/\/turismevalles.com\/en\/#website"},"primaryImageOfPage":{"@id":"https:\/\/turismevalles.com\/es\/events\/passejada-guiada-laigua-i-les-llegendes-a-sant-esteve-de-palautordera-2\/#primaryimage"},"image":{"@id":"https:\/\/turismevalles.com\/es\/events\/passejada-guiada-laigua-i-les-llegendes-a-sant-esteve-de-palautordera-2\/#primaryimage"},"thumbnailUrl":"https:\/\/turismevalles.com\/wp-content\/uploads\/2023\/06\/aigua.jpg","datePublished":"2023-06-02T10:02:25+00:00","dateModified":"2023-06-02T10:03:46+00:00","breadcrumb":{"@id":"https:\/\/turismevalles.com\/es\/events\/passejada-guiada-laigua-i-les-llegendes-a-sant-esteve-de-palautordera-2\/#breadcrumb"},"inLanguage":"es","potentialAction":[{"@type":"ReadAction","target":["https:\/\/turismevalles.com\/es\/events\/passejada-guiada-laigua-i-les-llegendes-a-sant-esteve-de-palautordera-2\/"]}]},{"@type":"ImageObject","inLanguage":"es","@id":"https:\/\/turismevalles.com\/es\/events\/passejada-guiada-laigua-i-les-llegendes-a-sant-esteve-de-palautordera-2\/#primaryimage","url":"https:\/\/turismevalles.com\/wp-content\/uploads\/2023\/06\/aigua.jpg","contentUrl":"https:\/\/turismevalles.com\/wp-content\/uploads\/2023\/06\/aigua.jpg","width":301,"height":240},{"@type":"BreadcrumbList","@id":"https:\/\/turismevalles.com\/es\/events\/passejada-guiada-laigua-i-les-llegendes-a-sant-esteve-de-palautordera-2\/#breadcrumb","itemListElement":[{"@type":"ListItem","position":1,"name":"Inicio","item":"https:\/\/turismevalles.com\/es\/"},{"@type":"ListItem","position":2,"name":"Esdeveniments","item":"https:\/\/turismevalles.com\/events\/"},{"@type":"ListItem","position":3,"name":"Paseo guiado: El agua i las leyendas en Montseny"}]},{"@type":"WebSite","@id":"https:\/\/turismevalles.com\/en\/#website","url":"https:\/\/turismevalles.com\/en\/","name":"Turisme Vall\u00e8s","description":"","publisher":{"@id":"https:\/\/turismevalles.com\/en\/#organization"},"potentialAction":[{"@type":"SearchAction","target":{"@type":"EntryPoint","urlTemplate":"https:\/\/turismevalles.com\/en\/?s={search_term_string}"},"query-input":{"@type":"PropertyValueSpecification","valueRequired":true,"valueName":"search_term_string"}}],"inLanguage":"es"},{"@type":"Organization","@id":"https:\/\/turismevalles.com\/en\/#organization","name":"Turisme Vall\u00e8s","url":"https:\/\/turismevalles.com\/en\/","logo":{"@type":"ImageObject","inLanguage":"es","@id":"https:\/\/turismevalles.com\/en\/#\/schema\/logo\/image\/","url":"https:\/\/turismevalles.com\/wp-content\/uploads\/2020\/08\/cropped-logo_ca-2.png","contentUrl":"https:\/\/turismevalles.com\/wp-content\/uploads\/2020\/08\/cropped-logo_ca-2.png","width":314,"height":85,"caption":"Turisme Vall\u00e8s"},"image":{"@id":"https:\/\/turismevalles.com\/en\/#\/schema\/logo\/image\/"}}]}},"uagb_featured_image_src":{"full":["https:\/\/turismevalles.com\/wp-content\/uploads\/2023\/06\/aigua.jpg",301,240,false],"thumbnail":["https:\/\/turismevalles.com\/wp-content\/uploads\/2023\/06\/aigua-150x150.jpg",150,150,true],"medium":["https:\/\/turismevalles.com\/wp-content\/uploads\/2023\/06\/aigua.jpg",300,239,false],"medium_large":["https:\/\/turismevalles.com\/wp-content\/uploads\/2023\/06\/aigua.jpg",301,240,false],"large":["https:\/\/turismevalles.com\/wp-content\/uploads\/2023\/06\/aigua.jpg",301,240,false],"thumblist":["https:\/\/turismevalles.com\/wp-content\/uploads\/2023\/06\/aigua.jpg",300,239,false],"meccarouselthumb":["https:\/\/turismevalles.com\/wp-content\/uploads\/2023\/06\/aigua.jpg",301,240,false],"gridsquare":["https:\/\/turismevalles.com\/wp-content\/uploads\/2023\/06\/aigua.jpg",301,240,false],"tileview":["https:\/\/turismevalles.com\/wp-content\/uploads\/2023\/06\/aigua.jpg",300,239,false],"1536x1536":["https:\/\/turismevalles.com\/wp-content\/uploads\/2023\/06\/aigua.jpg",301,240,false],"2048x2048":["https:\/\/turismevalles.com\/wp-content\/uploads\/2023\/06\/aigua.jpg",301,240,false]},"uagb_author_info":{"display_name":"Turisme Valles","author_link":"https:\/\/turismevalles.com\/es\/author\/turismevallesoriental\/"},"uagb_comment_info":0,"uagb_excerpt":"Horario de inicio:\u00a010 h Horario completo: de 10 a 14 h Lugar:\u00a0Entornos del Montseny Sant Esteve de Palautordera Lugar de encuentro:\u00a0Plaza de la Vila del ... Veure m\u00e9s","_links":{"self":[{"href":"https:\/\/turismevalles.com\/es\/wp-json\/wp\/v2\/mec-events\/27105","targetHints":{"allow":["GET"]}}],"collection":[{"href":"https:\/\/turismevalles.com\/es\/wp-json\/wp\/v2\/mec-events"}],"about":[{"href":"https:\/\/turismevalles.com\/es\/wp-json\/wp\/v2\/types\/mec-events"}],"author":[{"embeddable":true,"href":"https:\/\/turismevalles.com\/es\/wp-json\/wp\/v2\/users\/5"}],"replies":[{"embeddable":true,"href":"https:\/\/turismevalles.com\/es\/wp-json\/wp\/v2\/comments?post=27105"}],"wp:featuredmedia":[{"embeddable":true,"href":"https:\/\/turismevalles.com\/es\/wp-json\/wp\/v2\/media\/27104"}],"wp:attachment":[{"href":"https:\/\/turismevalles.com\/es\/wp-json\/wp\/v2\/media?parent=27105"}],"wp:term":[{"taxonomy":"post_tag","embeddable":true,"href":"https:\/\/turismevalles.com\/es\/wp-json\/wp\/v2\/tags?post=27105"},{"taxonomy":"poblacions","embeddable":true,"href":"https:\/\/turismevalles.com\/es\/wp-json\/wp\/v2\/poblacions?post=27105"},{"taxonomy":"mec_category","embeddable":true,"href":"https:\/\/turismevalles.com\/es\/wp-json\/wp\/v2\/mec_category?post=27105"}],"curies":[{"name":"wp","href":"https:\/\/api.w.org\/{rel}","templated":true}]}}