{"id":27270,"date":"2023-06-30T10:29:46","date_gmt":"2023-06-30T08:29:46","guid":{"rendered":"http:\/\/turismevalles.com.mialias.net\/events\/festa-del-barri-joan-miro-a-canovelles\/"},"modified":"2023-06-30T10:30:45","modified_gmt":"2023-06-30T08:30:45","slug":"festa-del-barri-joan-miro-a-canovelles","status":"publish","type":"mec-events","link":"https:\/\/turismevalles.com\/es\/events\/festa-del-barri-joan-miro-a-canovelles\/","title":{"rendered":"Fiesta del barrio Joan Mir\u00f3 en Canovelles"},"content":{"rendered":"<h2>Fiesta del barrio Joan Mir\u00f3<br \/>\nDel 30 de junio a las 00.00 h al 1 de julio de 2023 a las 23.59 h<\/h2>\n<p>Pr\u00f3ximamente,\u00a0se especificar\u00e1 el horario y el programa de la fiesta de este barrio.<\/p>\n<p>PROGRAMA<br \/>\nViernes, 30 de junio<\/p>\n<p>19.00 h Juegos infantiles<br \/>\n21.30 h Inicio de las fiestas con el *correfoc de los Diablos de Canovelles<br \/>\n22.00 h Actuaci\u00f3n\u00a0*Alma\u00a0Flamenca,\u00a0Sevillanas<\/p>\n<p>S\u00e1bado, 1 de julio<\/p>\n<p>10.00 h Despertar de\u00a0fiestas<br \/>\n11.00 h Juegos familiares<br \/>\n17.00 h Fiesta de la espuma<br \/>\n18.00 h Juegos infantiles y familiares<br \/>\n21.30 h Noche flamenca a cargo de\u00a0Me *angancha<br \/>\n23.00 h\u00a0Verbena popular<\/p>\n<p>Info:\u00a0<a href=\"https:\/\/www.canovelles.cat\/actualitat\/agenda\/8995-festa-del-barri-joan-miro.html\">https:\/\/www.canovelles.cat\/actualitat\/agenda\/8995-festa-del-barri-joan-miro.html<\/a><\/p>\n","protected":false},"excerpt":{"rendered":"<p>Fiesta del barrio Joan Mir\u00f3 Del 30 de junio a las 00.00 h al 1 de julio de 2023 a las 23.59 h Pr\u00f3ximamente,\u00a0se especificar\u00e1 &#8230; <a title=\"Fiesta del barrio Joan Mir\u00f3 en Canovelles\" class=\"read-more\" href=\"https:\/\/turismevalles.com\/es\/events\/festa-del-barri-joan-miro-a-canovelles\/\" aria-label=\"M\u00e1s en Fiesta del barrio Joan Mir\u00f3 en Canovelles\">Veure m\u00e9s<\/a><\/p>\n","protected":false},"author":5,"featured_media":27269,"comment_status":"open","ping_status":"closed","template":"","tags":[1592],"poblacions":[905],"mec_category":[970,1660],"class_list":["post-27270","mec-events","type-mec-events","status-publish","has-post-thumbnail","hentry","tag-festes-es","poblacions-canovelles-es","mec_category-activitats-en-familia-es","mec_category-fires-i-festes-es","generate-columns","tablet-grid-50","mobile-grid-100","grid-parent","grid-33"],"acf":[],"yoast_head":"<!-- This site is optimized with the Yoast SEO plugin v26.4 - https:\/\/yoast.com\/wordpress\/plugins\/seo\/ -->\n<title>Fiesta del barrio Joan Mir\u00f3 en Canovelles - Turisme Vall\u00e8s<\/title>\n<meta name=\"robots\" content=\"index, follow, max-snippet:-1, max-image-preview:large, max-video-preview:-1\" \/>\n<link rel=\"canonical\" href=\"https:\/\/turismevalles.com\/es\/events\/festa-del-barri-joan-miro-a-canovelles\/\" \/>\n<meta property=\"og:locale\" content=\"es_ES\" \/>\n<meta property=\"og:type\" content=\"article\" \/>\n<meta property=\"og:title\" content=\"Fiesta del barrio Joan Mir\u00f3 en Canovelles - Turisme Vall\u00e8s\" \/>\n<meta property=\"og:description\" content=\"Fiesta del barrio Joan Mir\u00f3 Del 30 de junio a las 00.00 h al 1 de julio de 2023 a las 23.59 h Pr\u00f3ximamente,\u00a0se especificar\u00e1 ... Veure m\u00e9s\" \/>\n<meta property=\"og:url\" content=\"https:\/\/turismevalles.com\/es\/events\/festa-del-barri-joan-miro-a-canovelles\/\" \/>\n<meta property=\"og:site_name\" content=\"Turisme Vall\u00e8s\" \/>\n<meta property=\"article:modified_time\" content=\"2023-06-30T08:30:45+00:00\" \/>\n<meta property=\"og:image\" content=\"https:\/\/turismevalles.com\/wp-content\/uploads\/2023\/06\/Festa-Canovelles.jpg\" \/>\n\t<meta property=\"og:image:width\" content=\"609\" \/>\n\t<meta property=\"og:image:height\" content=\"853\" \/>\n\t<meta property=\"og:image:type\" content=\"image\/jpeg\" \/>\n<meta name=\"twitter:card\" content=\"summary_large_image\" \/>\n<meta name=\"twitter:label1\" content=\"Tiempo de lectura\" \/>\n\t<meta name=\"twitter:data1\" content=\"1 minuto\" \/>\n<script type=\"application\/ld+json\" class=\"yoast-schema-graph\">{\"@context\":\"https:\/\/schema.org\",\"@graph\":[{\"@type\":\"WebPage\",\"@id\":\"https:\/\/turismevalles.com\/es\/events\/festa-del-barri-joan-miro-a-canovelles\/\",\"url\":\"https:\/\/turismevalles.com\/es\/events\/festa-del-barri-joan-miro-a-canovelles\/\",\"name\":\"Fiesta del barrio Joan Mir\u00f3 en Canovelles - Turisme Vall\u00e8s\",\"isPartOf\":{\"@id\":\"https:\/\/turismevalles.com\/en\/#website\"},\"primaryImageOfPage\":{\"@id\":\"https:\/\/turismevalles.com\/es\/events\/festa-del-barri-joan-miro-a-canovelles\/#primaryimage\"},\"image\":{\"@id\":\"https:\/\/turismevalles.com\/es\/events\/festa-del-barri-joan-miro-a-canovelles\/#primaryimage\"},\"thumbnailUrl\":\"https:\/\/turismevalles.com\/wp-content\/uploads\/2023\/06\/Festa-Canovelles.jpg\",\"datePublished\":\"2023-06-30T08:29:46+00:00\",\"dateModified\":\"2023-06-30T08:30:45+00:00\",\"breadcrumb\":{\"@id\":\"https:\/\/turismevalles.com\/es\/events\/festa-del-barri-joan-miro-a-canovelles\/#breadcrumb\"},\"inLanguage\":\"es\",\"potentialAction\":[{\"@type\":\"ReadAction\",\"target\":[\"https:\/\/turismevalles.com\/es\/events\/festa-del-barri-joan-miro-a-canovelles\/\"]}]},{\"@type\":\"ImageObject\",\"inLanguage\":\"es\",\"@id\":\"https:\/\/turismevalles.com\/es\/events\/festa-del-barri-joan-miro-a-canovelles\/#primaryimage\",\"url\":\"https:\/\/turismevalles.com\/wp-content\/uploads\/2023\/06\/Festa-Canovelles.jpg\",\"contentUrl\":\"https:\/\/turismevalles.com\/wp-content\/uploads\/2023\/06\/Festa-Canovelles.jpg\",\"width\":609,\"height\":853},{\"@type\":\"BreadcrumbList\",\"@id\":\"https:\/\/turismevalles.com\/es\/events\/festa-del-barri-joan-miro-a-canovelles\/#breadcrumb\",\"itemListElement\":[{\"@type\":\"ListItem\",\"position\":1,\"name\":\"Inicio\",\"item\":\"https:\/\/turismevalles.com\/es\/\"},{\"@type\":\"ListItem\",\"position\":2,\"name\":\"Esdeveniments\",\"item\":\"https:\/\/turismevalles.com\/events\/\"},{\"@type\":\"ListItem\",\"position\":3,\"name\":\"Fiesta del barrio Joan Mir\u00f3 en Canovelles\"}]},{\"@type\":\"WebSite\",\"@id\":\"https:\/\/turismevalles.com\/en\/#website\",\"url\":\"https:\/\/turismevalles.com\/en\/\",\"name\":\"Turisme Vall\u00e8s\",\"description\":\"\",\"publisher\":{\"@id\":\"https:\/\/turismevalles.com\/en\/#organization\"},\"potentialAction\":[{\"@type\":\"SearchAction\",\"target\":{\"@type\":\"EntryPoint\",\"urlTemplate\":\"https:\/\/turismevalles.com\/en\/?s={search_term_string}\"},\"query-input\":{\"@type\":\"PropertyValueSpecification\",\"valueRequired\":true,\"valueName\":\"search_term_string\"}}],\"inLanguage\":\"es\"},{\"@type\":\"Organization\",\"@id\":\"https:\/\/turismevalles.com\/en\/#organization\",\"name\":\"Turisme Vall\u00e8s\",\"url\":\"https:\/\/turismevalles.com\/en\/\",\"logo\":{\"@type\":\"ImageObject\",\"inLanguage\":\"es\",\"@id\":\"https:\/\/turismevalles.com\/en\/#\/schema\/logo\/image\/\",\"url\":\"https:\/\/turismevalles.com\/wp-content\/uploads\/2020\/08\/cropped-logo_ca-2.png\",\"contentUrl\":\"https:\/\/turismevalles.com\/wp-content\/uploads\/2020\/08\/cropped-logo_ca-2.png\",\"width\":314,\"height\":85,\"caption\":\"Turisme Vall\u00e8s\"},\"image\":{\"@id\":\"https:\/\/turismevalles.com\/en\/#\/schema\/logo\/image\/\"}}]}<\/script>\n<!-- \/ Yoast SEO plugin. -->","yoast_head_json":{"title":"Fiesta del barrio Joan Mir\u00f3 en Canovelles - Turisme Vall\u00e8s","robots":{"index":"index","follow":"follow","max-snippet":"max-snippet:-1","max-image-preview":"max-image-preview:large","max-video-preview":"max-video-preview:-1"},"canonical":"https:\/\/turismevalles.com\/es\/events\/festa-del-barri-joan-miro-a-canovelles\/","og_locale":"es_ES","og_type":"article","og_title":"Fiesta del barrio Joan Mir\u00f3 en Canovelles - Turisme Vall\u00e8s","og_description":"Fiesta del barrio Joan Mir\u00f3 Del 30 de junio a las 00.00 h al 1 de julio de 2023 a las 23.59 h Pr\u00f3ximamente,\u00a0se especificar\u00e1 ... Veure m\u00e9s","og_url":"https:\/\/turismevalles.com\/es\/events\/festa-del-barri-joan-miro-a-canovelles\/","og_site_name":"Turisme Vall\u00e8s","article_modified_time":"2023-06-30T08:30:45+00:00","og_image":[{"width":609,"height":853,"url":"https:\/\/turismevalles.com\/wp-content\/uploads\/2023\/06\/Festa-Canovelles.jpg","type":"image\/jpeg"}],"twitter_card":"summary_large_image","twitter_misc":{"Tiempo de lectura":"1 minuto"},"schema":{"@context":"https:\/\/schema.org","@graph":[{"@type":"WebPage","@id":"https:\/\/turismevalles.com\/es\/events\/festa-del-barri-joan-miro-a-canovelles\/","url":"https:\/\/turismevalles.com\/es\/events\/festa-del-barri-joan-miro-a-canovelles\/","name":"Fiesta del barrio Joan Mir\u00f3 en Canovelles - Turisme Vall\u00e8s","isPartOf":{"@id":"https:\/\/turismevalles.com\/en\/#website"},"primaryImageOfPage":{"@id":"https:\/\/turismevalles.com\/es\/events\/festa-del-barri-joan-miro-a-canovelles\/#primaryimage"},"image":{"@id":"https:\/\/turismevalles.com\/es\/events\/festa-del-barri-joan-miro-a-canovelles\/#primaryimage"},"thumbnailUrl":"https:\/\/turismevalles.com\/wp-content\/uploads\/2023\/06\/Festa-Canovelles.jpg","datePublished":"2023-06-30T08:29:46+00:00","dateModified":"2023-06-30T08:30:45+00:00","breadcrumb":{"@id":"https:\/\/turismevalles.com\/es\/events\/festa-del-barri-joan-miro-a-canovelles\/#breadcrumb"},"inLanguage":"es","potentialAction":[{"@type":"ReadAction","target":["https:\/\/turismevalles.com\/es\/events\/festa-del-barri-joan-miro-a-canovelles\/"]}]},{"@type":"ImageObject","inLanguage":"es","@id":"https:\/\/turismevalles.com\/es\/events\/festa-del-barri-joan-miro-a-canovelles\/#primaryimage","url":"https:\/\/turismevalles.com\/wp-content\/uploads\/2023\/06\/Festa-Canovelles.jpg","contentUrl":"https:\/\/turismevalles.com\/wp-content\/uploads\/2023\/06\/Festa-Canovelles.jpg","width":609,"height":853},{"@type":"BreadcrumbList","@id":"https:\/\/turismevalles.com\/es\/events\/festa-del-barri-joan-miro-a-canovelles\/#breadcrumb","itemListElement":[{"@type":"ListItem","position":1,"name":"Inicio","item":"https:\/\/turismevalles.com\/es\/"},{"@type":"ListItem","position":2,"name":"Esdeveniments","item":"https:\/\/turismevalles.com\/events\/"},{"@type":"ListItem","position":3,"name":"Fiesta del barrio Joan Mir\u00f3 en Canovelles"}]},{"@type":"WebSite","@id":"https:\/\/turismevalles.com\/en\/#website","url":"https:\/\/turismevalles.com\/en\/","name":"Turisme Vall\u00e8s","description":"","publisher":{"@id":"https:\/\/turismevalles.com\/en\/#organization"},"potentialAction":[{"@type":"SearchAction","target":{"@type":"EntryPoint","urlTemplate":"https:\/\/turismevalles.com\/en\/?s={search_term_string}"},"query-input":{"@type":"PropertyValueSpecification","valueRequired":true,"valueName":"search_term_string"}}],"inLanguage":"es"},{"@type":"Organization","@id":"https:\/\/turismevalles.com\/en\/#organization","name":"Turisme Vall\u00e8s","url":"https:\/\/turismevalles.com\/en\/","logo":{"@type":"ImageObject","inLanguage":"es","@id":"https:\/\/turismevalles.com\/en\/#\/schema\/logo\/image\/","url":"https:\/\/turismevalles.com\/wp-content\/uploads\/2020\/08\/cropped-logo_ca-2.png","contentUrl":"https:\/\/turismevalles.com\/wp-content\/uploads\/2020\/08\/cropped-logo_ca-2.png","width":314,"height":85,"caption":"Turisme Vall\u00e8s"},"image":{"@id":"https:\/\/turismevalles.com\/en\/#\/schema\/logo\/image\/"}}]}},"uagb_featured_image_src":{"full":["https:\/\/turismevalles.com\/wp-content\/uploads\/2023\/06\/Festa-Canovelles.jpg",609,853,false],"thumbnail":["https:\/\/turismevalles.com\/wp-content\/uploads\/2023\/06\/Festa-Canovelles-150x150.jpg",150,150,true],"medium":["https:\/\/turismevalles.com\/wp-content\/uploads\/2023\/06\/Festa-Canovelles-214x300.jpg",214,300,true],"medium_large":["https:\/\/turismevalles.com\/wp-content\/uploads\/2023\/06\/Festa-Canovelles.jpg",609,853,false],"large":["https:\/\/turismevalles.com\/wp-content\/uploads\/2023\/06\/Festa-Canovelles.jpg",609,853,false],"thumblist":["https:\/\/turismevalles.com\/wp-content\/uploads\/2023\/06\/Festa-Canovelles-300x300.jpg",300,300,true],"meccarouselthumb":["https:\/\/turismevalles.com\/wp-content\/uploads\/2023\/06\/Festa-Canovelles-474x324.jpg",474,324,true],"gridsquare":["https:\/\/turismevalles.com\/wp-content\/uploads\/2023\/06\/Festa-Canovelles-391x260.jpg",391,260,true],"tileview":["https:\/\/turismevalles.com\/wp-content\/uploads\/2023\/06\/Festa-Canovelles-300x400.jpg",300,400,true],"1536x1536":["https:\/\/turismevalles.com\/wp-content\/uploads\/2023\/06\/Festa-Canovelles.jpg",609,853,false],"2048x2048":["https:\/\/turismevalles.com\/wp-content\/uploads\/2023\/06\/Festa-Canovelles.jpg",609,853,false]},"uagb_author_info":{"display_name":"Turisme Valles","author_link":"https:\/\/turismevalles.com\/es\/author\/turismevallesoriental\/"},"uagb_comment_info":0,"uagb_excerpt":"Fiesta del barrio Joan Mir\u00f3 Del 30 de junio a las 00.00 h al 1 de julio de 2023 a las 23.59 h Pr\u00f3ximamente,\u00a0se especificar\u00e1 ... Veure m\u00e9s","_links":{"self":[{"href":"https:\/\/turismevalles.com\/es\/wp-json\/wp\/v2\/mec-events\/27270","targetHints":{"allow":["GET"]}}],"collection":[{"href":"https:\/\/turismevalles.com\/es\/wp-json\/wp\/v2\/mec-events"}],"about":[{"href":"https:\/\/turismevalles.com\/es\/wp-json\/wp\/v2\/types\/mec-events"}],"author":[{"embeddable":true,"href":"https:\/\/turismevalles.com\/es\/wp-json\/wp\/v2\/users\/5"}],"replies":[{"embeddable":true,"href":"https:\/\/turismevalles.com\/es\/wp-json\/wp\/v2\/comments?post=27270"}],"wp:featuredmedia":[{"embeddable":true,"href":"https:\/\/turismevalles.com\/es\/wp-json\/wp\/v2\/media\/27269"}],"wp:attachment":[{"href":"https:\/\/turismevalles.com\/es\/wp-json\/wp\/v2\/media?parent=27270"}],"wp:term":[{"taxonomy":"post_tag","embeddable":true,"href":"https:\/\/turismevalles.com\/es\/wp-json\/wp\/v2\/tags?post=27270"},{"taxonomy":"poblacions","embeddable":true,"href":"https:\/\/turismevalles.com\/es\/wp-json\/wp\/v2\/poblacions?post=27270"},{"taxonomy":"mec_category","embeddable":true,"href":"https:\/\/turismevalles.com\/es\/wp-json\/wp\/v2\/mec_category?post=27270"}],"curies":[{"name":"wp","href":"https:\/\/api.w.org\/{rel}","templated":true}]}}