{"id":43663,"date":"2023-09-29T11:32:02","date_gmt":"2023-09-29T09:32:02","guid":{"rendered":"http:\/\/turismevalles.com.mialias.net\/events\/jornades-europees-de-patrimoni-al-valles-oriental\/"},"modified":"2023-09-29T11:35:27","modified_gmt":"2023-09-29T09:35:27","slug":"jornades-europees-de-patrimoni-al-valles-oriental","status":"publish","type":"mec-events","link":"https:\/\/turismevalles.com\/es\/events\/jornades-europees-de-patrimoni-al-valles-oriental\/","title":{"rendered":"Jornadas Europeas de Patrimonio en el Vall\u00e9s Oriental"},"content":{"rendered":"<div class=\"microsite-page-descripcio-container\">\n<div class=\"container\">\n<p>CELEBRAMOS LAS JORNADAS EUROPEAS DE PATRIMONIO<\/p>\n<p>Un a\u00f1o m\u00e1s, la Agencia Catalana del Patrimonio Cultural impulsa las\u00a0Jornadas Europeas de Patrimonio\u00a0(*JEP), una iniciativa del Consejo de Europa y la Comisi\u00f3n Europea que se celebra ininterrumpidamente en Catalu\u00f1a desde el 1991 y que est\u00e1 considerada la actividad participativa\u00a0m\u00e1s importante de Europa en relaci\u00f3n con el\u00a0patrimonio cultural. A lo largo de todos estos a\u00f1os las\u00a0Jornadas Europeas de Patrimonio\u00a0nos han permitido conocer la riqueza y la diversidad del patrimonio cultural\u00a0gracias a la colaboraci\u00f3n de centenares de municipios, museos, monumentos, asociaciones y entidades culturales de todo el territorio que a\u00f1o tras a\u00f1o han abierto las puertas de casa suya para acercar su patrimonio cultural a la ciudadan\u00eda.<\/p>\n<p>Los d\u00edas\u00a013, 14 y 15 de octubre\u00a0te invitamos a vivir nuevas actividades y experiencias en esta\u00a0jornada de descubrimientos\u00a0de nuestro patrimonio cultural. Un gran abanico de propuestas (desde puertas abiertas o visitas guiadas hasta conciertos y actividades y talleres familiares, entre otros) que se podr\u00e1n consultar, organizadas tem\u00e1ticamente y geogr\u00e1ficamente, en\u00a0la agenda en l\u00ednea. Las Jornadas Europeas de Patrimonio son\u00a0un acontecimiento abierto a todo el mundo\u00a0y una gran oportunidad para redescubrir nuestro patrimonio cultural, con el objetivo principal de estrechar los v\u00ednculos entre este y la sociedad.<\/p>\n<p>Las\u00a0Jornadas Europeas de Patrimonio\u00a0cuentan con la colaboraci\u00f3n de la Federaci\u00f3n de Municipios de Catalu\u00f1a, la Asociaci\u00f3n Catalana de Municipios, el Instituto Ramon Muntaner, la Asociaci\u00f3n de micropueblas de Catalu\u00f1a y la Asociaci\u00f3n Capital de la Cultura Catalana.<\/p>\n<p>&#8216;PATRIMONIO VIVE&#8217;<\/p>\n<p>El lema de la edici\u00f3n de este a\u00f1o, propuesto por el Consejo de Europa, es\u00a0\u201cPatrimonio vivo\u201d, haciendo referencia a\u00a0las pr\u00e1cticas, los conocimientos y las habilidades\u00a0que se transmitan de\u00a0generaci\u00f3n en generaci\u00f3n, y que actualmente se contin\u00faen manteniendo.<\/p>\n<p>Son diversas las habilidades, los oficios y las profesiones que nos permiten\u00a0conservar y salvaguardar\u00a0nuestro patrimonio de muchas maneras diferentes. La tem\u00e1tica de este a\u00f1o trata de examinar como el\u00a0patrimonio de ayer\u00a0se ha convertido en el\u00a0patrimonio de hoy\u00a0y como este patrimonio, gracias a las personas que transmiten su conocimiento, se puede salvaguardar para las\u00a0generaciones futuras.<\/p>\n<p>El lema\u00a0\u201cPatrimonio vivo\u201d\u00a0quiere dar la oportunidad a las instituciones, entidades y asociaciones que participan en las Jornadas Europeas de Patrimonio de organizar actividades que permitan fijarnos m\u00e1s detenidamente en el trabajo llevado a cabo por los\u00a0guardianes de nuestro patrimonio.<\/p>\n<\/div>\n<div><\/div>\n<\/div>\n<div class=\"microsite-page-carousel-container space\">\n<div id=\"microsites-main-slick-wrapper\" class=\"slick-initialized slick-slider\">\n<div class=\"slick-track\">Info:\u00a0<a href=\"https:\/\/patrimoni.gencat.cat\/ca\/jep2023\">https:\/\/patrimoni.gencat.cat\/ca\/jep2023<\/a><\/div>\n<\/div>\n<\/div>\n","protected":false},"excerpt":{"rendered":"<p>CELEBRAMOS LAS JORNADAS EUROPEAS DE PATRIMONIO Un a\u00f1o m\u00e1s, la Agencia Catalana del Patrimonio Cultural impulsa las\u00a0Jornadas Europeas de Patrimonio\u00a0(*JEP), una iniciativa del Consejo de &#8230; <a title=\"Jornadas Europeas de Patrimonio en el Vall\u00e9s Oriental\" class=\"read-more\" href=\"https:\/\/turismevalles.com\/es\/events\/jornades-europees-de-patrimoni-al-valles-oriental\/\" aria-label=\"M\u00e1s en Jornadas Europeas de Patrimonio en el Vall\u00e9s Oriental\">Veure m\u00e9s<\/a><\/p>\n","protected":false},"author":5,"featured_media":43662,"comment_status":"open","ping_status":"closed","template":"","tags":[1418],"poblacions":[1002],"mec_category":[929],"class_list":["post-43663","mec-events","type-mec-events","status-publish","has-post-thumbnail","hentry","tag-patrimonio","poblacions-valles-oriental-es","mec_category-cultura-es","generate-columns","tablet-grid-50","mobile-grid-100","grid-parent","grid-33"],"acf":[],"yoast_head":"<!-- This site is optimized with the Yoast SEO plugin v26.4 - https:\/\/yoast.com\/wordpress\/plugins\/seo\/ -->\n<title>Jornadas Europeas de Patrimonio en el Vall\u00e9s Oriental - Turisme Vall\u00e8s<\/title>\n<meta name=\"robots\" content=\"index, follow, max-snippet:-1, max-image-preview:large, max-video-preview:-1\" \/>\n<link rel=\"canonical\" href=\"https:\/\/turismevalles.com\/es\/events\/jornades-europees-de-patrimoni-al-valles-oriental\/\" \/>\n<meta property=\"og:locale\" content=\"es_ES\" \/>\n<meta property=\"og:type\" content=\"article\" \/>\n<meta property=\"og:title\" content=\"Jornadas Europeas de Patrimonio en el Vall\u00e9s Oriental - Turisme Vall\u00e8s\" \/>\n<meta property=\"og:description\" content=\"CELEBRAMOS LAS JORNADAS EUROPEAS DE PATRIMONIO Un a\u00f1o m\u00e1s, la Agencia Catalana del Patrimonio Cultural impulsa las\u00a0Jornadas Europeas de Patrimonio\u00a0(*JEP), una iniciativa del Consejo de ... Veure m\u00e9s\" \/>\n<meta property=\"og:url\" content=\"https:\/\/turismevalles.com\/es\/events\/jornades-europees-de-patrimoni-al-valles-oriental\/\" \/>\n<meta property=\"og:site_name\" content=\"Turisme Vall\u00e8s\" \/>\n<meta property=\"article:modified_time\" content=\"2023-09-29T09:35:27+00:00\" \/>\n<meta property=\"og:image\" content=\"https:\/\/turismevalles.com\/wp-content\/uploads\/2023\/09\/Jornades-patrimoni.jpg\" \/>\n\t<meta property=\"og:image:width\" content=\"554\" \/>\n\t<meta property=\"og:image:height\" content=\"536\" \/>\n\t<meta property=\"og:image:type\" content=\"image\/jpeg\" \/>\n<meta name=\"twitter:card\" content=\"summary_large_image\" \/>\n<meta name=\"twitter:label1\" content=\"Tiempo de lectura\" \/>\n\t<meta name=\"twitter:data1\" content=\"3 minutos\" \/>\n<script type=\"application\/ld+json\" class=\"yoast-schema-graph\">{\"@context\":\"https:\/\/schema.org\",\"@graph\":[{\"@type\":\"WebPage\",\"@id\":\"https:\/\/turismevalles.com\/es\/events\/jornades-europees-de-patrimoni-al-valles-oriental\/\",\"url\":\"https:\/\/turismevalles.com\/es\/events\/jornades-europees-de-patrimoni-al-valles-oriental\/\",\"name\":\"Jornadas Europeas de Patrimonio en el Vall\u00e9s Oriental - Turisme Vall\u00e8s\",\"isPartOf\":{\"@id\":\"https:\/\/turismevalles.com\/en\/#website\"},\"primaryImageOfPage\":{\"@id\":\"https:\/\/turismevalles.com\/es\/events\/jornades-europees-de-patrimoni-al-valles-oriental\/#primaryimage\"},\"image\":{\"@id\":\"https:\/\/turismevalles.com\/es\/events\/jornades-europees-de-patrimoni-al-valles-oriental\/#primaryimage\"},\"thumbnailUrl\":\"https:\/\/turismevalles.com\/wp-content\/uploads\/2023\/09\/Jornades-patrimoni.jpg\",\"datePublished\":\"2023-09-29T09:32:02+00:00\",\"dateModified\":\"2023-09-29T09:35:27+00:00\",\"breadcrumb\":{\"@id\":\"https:\/\/turismevalles.com\/es\/events\/jornades-europees-de-patrimoni-al-valles-oriental\/#breadcrumb\"},\"inLanguage\":\"es\",\"potentialAction\":[{\"@type\":\"ReadAction\",\"target\":[\"https:\/\/turismevalles.com\/es\/events\/jornades-europees-de-patrimoni-al-valles-oriental\/\"]}]},{\"@type\":\"ImageObject\",\"inLanguage\":\"es\",\"@id\":\"https:\/\/turismevalles.com\/es\/events\/jornades-europees-de-patrimoni-al-valles-oriental\/#primaryimage\",\"url\":\"https:\/\/turismevalles.com\/wp-content\/uploads\/2023\/09\/Jornades-patrimoni.jpg\",\"contentUrl\":\"https:\/\/turismevalles.com\/wp-content\/uploads\/2023\/09\/Jornades-patrimoni.jpg\",\"width\":554,\"height\":536},{\"@type\":\"BreadcrumbList\",\"@id\":\"https:\/\/turismevalles.com\/es\/events\/jornades-europees-de-patrimoni-al-valles-oriental\/#breadcrumb\",\"itemListElement\":[{\"@type\":\"ListItem\",\"position\":1,\"name\":\"Inicio\",\"item\":\"https:\/\/turismevalles.com\/es\/\"},{\"@type\":\"ListItem\",\"position\":2,\"name\":\"Esdeveniments\",\"item\":\"https:\/\/turismevalles.com\/events\/\"},{\"@type\":\"ListItem\",\"position\":3,\"name\":\"Jornadas Europeas de Patrimonio en el Vall\u00e9s Oriental\"}]},{\"@type\":\"WebSite\",\"@id\":\"https:\/\/turismevalles.com\/en\/#website\",\"url\":\"https:\/\/turismevalles.com\/en\/\",\"name\":\"Turisme Vall\u00e8s\",\"description\":\"\",\"publisher\":{\"@id\":\"https:\/\/turismevalles.com\/en\/#organization\"},\"potentialAction\":[{\"@type\":\"SearchAction\",\"target\":{\"@type\":\"EntryPoint\",\"urlTemplate\":\"https:\/\/turismevalles.com\/en\/?s={search_term_string}\"},\"query-input\":{\"@type\":\"PropertyValueSpecification\",\"valueRequired\":true,\"valueName\":\"search_term_string\"}}],\"inLanguage\":\"es\"},{\"@type\":\"Organization\",\"@id\":\"https:\/\/turismevalles.com\/en\/#organization\",\"name\":\"Turisme Vall\u00e8s\",\"url\":\"https:\/\/turismevalles.com\/en\/\",\"logo\":{\"@type\":\"ImageObject\",\"inLanguage\":\"es\",\"@id\":\"https:\/\/turismevalles.com\/en\/#\/schema\/logo\/image\/\",\"url\":\"https:\/\/turismevalles.com\/wp-content\/uploads\/2020\/08\/cropped-logo_ca-2.png\",\"contentUrl\":\"https:\/\/turismevalles.com\/wp-content\/uploads\/2020\/08\/cropped-logo_ca-2.png\",\"width\":314,\"height\":85,\"caption\":\"Turisme Vall\u00e8s\"},\"image\":{\"@id\":\"https:\/\/turismevalles.com\/en\/#\/schema\/logo\/image\/\"}}]}<\/script>\n<!-- \/ Yoast SEO plugin. -->","yoast_head_json":{"title":"Jornadas Europeas de Patrimonio en el Vall\u00e9s Oriental - Turisme Vall\u00e8s","robots":{"index":"index","follow":"follow","max-snippet":"max-snippet:-1","max-image-preview":"max-image-preview:large","max-video-preview":"max-video-preview:-1"},"canonical":"https:\/\/turismevalles.com\/es\/events\/jornades-europees-de-patrimoni-al-valles-oriental\/","og_locale":"es_ES","og_type":"article","og_title":"Jornadas Europeas de Patrimonio en el Vall\u00e9s Oriental - Turisme Vall\u00e8s","og_description":"CELEBRAMOS LAS JORNADAS EUROPEAS DE PATRIMONIO Un a\u00f1o m\u00e1s, la Agencia Catalana del Patrimonio Cultural impulsa las\u00a0Jornadas Europeas de Patrimonio\u00a0(*JEP), una iniciativa del Consejo de ... Veure m\u00e9s","og_url":"https:\/\/turismevalles.com\/es\/events\/jornades-europees-de-patrimoni-al-valles-oriental\/","og_site_name":"Turisme Vall\u00e8s","article_modified_time":"2023-09-29T09:35:27+00:00","og_image":[{"width":554,"height":536,"url":"https:\/\/turismevalles.com\/wp-content\/uploads\/2023\/09\/Jornades-patrimoni.jpg","type":"image\/jpeg"}],"twitter_card":"summary_large_image","twitter_misc":{"Tiempo de lectura":"3 minutos"},"schema":{"@context":"https:\/\/schema.org","@graph":[{"@type":"WebPage","@id":"https:\/\/turismevalles.com\/es\/events\/jornades-europees-de-patrimoni-al-valles-oriental\/","url":"https:\/\/turismevalles.com\/es\/events\/jornades-europees-de-patrimoni-al-valles-oriental\/","name":"Jornadas Europeas de Patrimonio en el Vall\u00e9s Oriental - Turisme Vall\u00e8s","isPartOf":{"@id":"https:\/\/turismevalles.com\/en\/#website"},"primaryImageOfPage":{"@id":"https:\/\/turismevalles.com\/es\/events\/jornades-europees-de-patrimoni-al-valles-oriental\/#primaryimage"},"image":{"@id":"https:\/\/turismevalles.com\/es\/events\/jornades-europees-de-patrimoni-al-valles-oriental\/#primaryimage"},"thumbnailUrl":"https:\/\/turismevalles.com\/wp-content\/uploads\/2023\/09\/Jornades-patrimoni.jpg","datePublished":"2023-09-29T09:32:02+00:00","dateModified":"2023-09-29T09:35:27+00:00","breadcrumb":{"@id":"https:\/\/turismevalles.com\/es\/events\/jornades-europees-de-patrimoni-al-valles-oriental\/#breadcrumb"},"inLanguage":"es","potentialAction":[{"@type":"ReadAction","target":["https:\/\/turismevalles.com\/es\/events\/jornades-europees-de-patrimoni-al-valles-oriental\/"]}]},{"@type":"ImageObject","inLanguage":"es","@id":"https:\/\/turismevalles.com\/es\/events\/jornades-europees-de-patrimoni-al-valles-oriental\/#primaryimage","url":"https:\/\/turismevalles.com\/wp-content\/uploads\/2023\/09\/Jornades-patrimoni.jpg","contentUrl":"https:\/\/turismevalles.com\/wp-content\/uploads\/2023\/09\/Jornades-patrimoni.jpg","width":554,"height":536},{"@type":"BreadcrumbList","@id":"https:\/\/turismevalles.com\/es\/events\/jornades-europees-de-patrimoni-al-valles-oriental\/#breadcrumb","itemListElement":[{"@type":"ListItem","position":1,"name":"Inicio","item":"https:\/\/turismevalles.com\/es\/"},{"@type":"ListItem","position":2,"name":"Esdeveniments","item":"https:\/\/turismevalles.com\/events\/"},{"@type":"ListItem","position":3,"name":"Jornadas Europeas de Patrimonio en el Vall\u00e9s Oriental"}]},{"@type":"WebSite","@id":"https:\/\/turismevalles.com\/en\/#website","url":"https:\/\/turismevalles.com\/en\/","name":"Turisme Vall\u00e8s","description":"","publisher":{"@id":"https:\/\/turismevalles.com\/en\/#organization"},"potentialAction":[{"@type":"SearchAction","target":{"@type":"EntryPoint","urlTemplate":"https:\/\/turismevalles.com\/en\/?s={search_term_string}"},"query-input":{"@type":"PropertyValueSpecification","valueRequired":true,"valueName":"search_term_string"}}],"inLanguage":"es"},{"@type":"Organization","@id":"https:\/\/turismevalles.com\/en\/#organization","name":"Turisme Vall\u00e8s","url":"https:\/\/turismevalles.com\/en\/","logo":{"@type":"ImageObject","inLanguage":"es","@id":"https:\/\/turismevalles.com\/en\/#\/schema\/logo\/image\/","url":"https:\/\/turismevalles.com\/wp-content\/uploads\/2020\/08\/cropped-logo_ca-2.png","contentUrl":"https:\/\/turismevalles.com\/wp-content\/uploads\/2020\/08\/cropped-logo_ca-2.png","width":314,"height":85,"caption":"Turisme Vall\u00e8s"},"image":{"@id":"https:\/\/turismevalles.com\/en\/#\/schema\/logo\/image\/"}}]}},"uagb_featured_image_src":{"full":["https:\/\/turismevalles.com\/wp-content\/uploads\/2023\/09\/Jornades-patrimoni.jpg",554,536,false],"thumbnail":["https:\/\/turismevalles.com\/wp-content\/uploads\/2023\/09\/Jornades-patrimoni-150x150.jpg",150,150,true],"medium":["https:\/\/turismevalles.com\/wp-content\/uploads\/2023\/09\/Jornades-patrimoni-300x290.jpg",300,290,true],"medium_large":["https:\/\/turismevalles.com\/wp-content\/uploads\/2023\/09\/Jornades-patrimoni.jpg",554,536,false],"large":["https:\/\/turismevalles.com\/wp-content\/uploads\/2023\/09\/Jornades-patrimoni.jpg",554,536,false],"thumblist":["https:\/\/turismevalles.com\/wp-content\/uploads\/2023\/09\/Jornades-patrimoni-300x300.jpg",300,300,true],"meccarouselthumb":["https:\/\/turismevalles.com\/wp-content\/uploads\/2023\/09\/Jornades-patrimoni-474x324.jpg",474,324,true],"gridsquare":["https:\/\/turismevalles.com\/wp-content\/uploads\/2023\/09\/Jornades-patrimoni-391x260.jpg",391,260,true],"tileview":["https:\/\/turismevalles.com\/wp-content\/uploads\/2023\/09\/Jornades-patrimoni-300x400.jpg",300,400,true],"1536x1536":["https:\/\/turismevalles.com\/wp-content\/uploads\/2023\/09\/Jornades-patrimoni.jpg",554,536,false],"2048x2048":["https:\/\/turismevalles.com\/wp-content\/uploads\/2023\/09\/Jornades-patrimoni.jpg",554,536,false]},"uagb_author_info":{"display_name":"Turisme Valles","author_link":"https:\/\/turismevalles.com\/es\/author\/turismevallesoriental\/"},"uagb_comment_info":0,"uagb_excerpt":"CELEBRAMOS LAS JORNADAS EUROPEAS DE PATRIMONIO Un a\u00f1o m\u00e1s, la Agencia Catalana del Patrimonio Cultural impulsa las\u00a0Jornadas Europeas de Patrimonio\u00a0(*JEP), una iniciativa del Consejo de ... Veure m\u00e9s","_links":{"self":[{"href":"https:\/\/turismevalles.com\/es\/wp-json\/wp\/v2\/mec-events\/43663","targetHints":{"allow":["GET"]}}],"collection":[{"href":"https:\/\/turismevalles.com\/es\/wp-json\/wp\/v2\/mec-events"}],"about":[{"href":"https:\/\/turismevalles.com\/es\/wp-json\/wp\/v2\/types\/mec-events"}],"author":[{"embeddable":true,"href":"https:\/\/turismevalles.com\/es\/wp-json\/wp\/v2\/users\/5"}],"replies":[{"embeddable":true,"href":"https:\/\/turismevalles.com\/es\/wp-json\/wp\/v2\/comments?post=43663"}],"wp:featuredmedia":[{"embeddable":true,"href":"https:\/\/turismevalles.com\/es\/wp-json\/wp\/v2\/media\/43662"}],"wp:attachment":[{"href":"https:\/\/turismevalles.com\/es\/wp-json\/wp\/v2\/media?parent=43663"}],"wp:term":[{"taxonomy":"post_tag","embeddable":true,"href":"https:\/\/turismevalles.com\/es\/wp-json\/wp\/v2\/tags?post=43663"},{"taxonomy":"poblacions","embeddable":true,"href":"https:\/\/turismevalles.com\/es\/wp-json\/wp\/v2\/poblacions?post=43663"},{"taxonomy":"mec_category","embeddable":true,"href":"https:\/\/turismevalles.com\/es\/wp-json\/wp\/v2\/mec_category?post=43663"}],"curies":[{"name":"wp","href":"https:\/\/api.w.org\/{rel}","templated":true}]}}