{"id":43690,"date":"2023-09-29T11:52:54","date_gmt":"2023-09-29T09:52:54","guid":{"rendered":"http:\/\/turismevalles.com.mialias.net\/events\/jornades-modernistes-de-la-garriga\/"},"modified":"2023-09-29T12:13:04","modified_gmt":"2023-09-29T10:13:04","slug":"jornades-modernistes-de-la-garriga","status":"publish","type":"mec-events","link":"https:\/\/turismevalles.com\/es\/events\/jornades-modernistes-de-la-garriga\/","title":{"rendered":"Jornadas Modernistas de La Garriga"},"content":{"rendered":"<ul>\n<li>Un a\u00f1o m\u00e1s, la Garriga vuelve a ponerse sus mejor galas de principios del siglo XX para adentrarse en las Jornadas Modernistas, que este a\u00f1o tendr\u00e1n lugar del 13 al 15 de octubre.\n<p>Las Jornadas Modernistas llegan a su 11.\u00aa edici\u00f3n con una programaci\u00f3n variada que incluye visitas guiadas, m\u00fasica, talleres, charlas y actividades.<\/p>\n<p>La inauguraci\u00f3n tendr\u00e1 lugar viernes 13 de octubre a las 20 h ante el Teatro el Patronato. Un rato antes, a las 19h, al jard\u00edn de la casa Colom habr\u00e1 una charla que nos permitir\u00e1 conocer \u00abLa Garriga en el contexto del termalismo y el veraneo en Catalu\u00f1a, 1850-1950\u00bb<\/p>\n<p>Adem\u00e1s,\u00a0este a\u00f1o en el Paseo se hace un baile de entoldado ante el Teatro de la Garriga, el Patronato.\u00a0La Puntual Folk ofrecer\u00e1 un concierto que rememorar\u00e1 los bailes de entoldado que se hac\u00edan a principios del siglo XX en casa nuestra.\u00a0El repertorio musical, formado por g\u00e9neros bailables t\u00edpicos del novecentismo.\u00a0La escuela de baile para adultos \u201cBaile a la Carta\u201d dinamizar\u00e1n la bailada y ense\u00f1ar\u00e1n a bailar algunos de los bailes de la \u00e9poca.<\/p>\n<p>S\u00e1bado d\u00eda 14\/10\u00a0concentrar\u00e1 la mayor\u00eda de las actividades de las jornadas, con las visitas guiadas del Centro de Visitantes, espect\u00e1culos, microescenas modernistas, talleres, charlas y actividades culturales, musicales y de dinamizaci\u00f3n alrededor del veraneo.<\/p>\n<p>Tambi\u00e9n podr\u00e9is disfrutar de circuitos termales al Hotel Balneario Blancafort y en el Hotel Termas a precio especial de las jornadas de 20\u20ac<\/p>\n<p>Un golpe m\u00e1s, domingo 15\/10, tendr\u00e1n lugar las Fiestas del bosque a Can Ramos, as\u00ed como el tradicional desfile en la plaza de la iglesia, mas espect\u00e1culos de calle, microvisitas y visitas guiadas.<\/p>\n<p>&nbsp;<\/p>\n<p>Feria Modernista, balnearios y gastronom\u00eda<\/p>\n<p>Un golpe m\u00e1s, se repite la Feria modernista, con ambientaci\u00f3n de \u00e9poca, paradetes y animaci\u00f3n, y las actividades gastron\u00f3micas y las propuestas en los balnearios de la Garriga.<\/p>\n<p>Las Jornadas Modernistas de la Garriga tienen por objetivo acercar el movimiento modernista a la ciudadan\u00eda, a trav\u00e9s de diferentes actos l\u00fadicos y culturales, y mostrar como este ha acompa\u00f1ado el desarrollo econ\u00f3mico y cultural del municipio de los \u00faltimos a\u00f1os. Todo ello, con la participaci\u00f3n activa de la Asociaci\u00f3n Modernista de la Garriga.<\/p>\n<p>&nbsp;<\/p>\n<p>DESTACAMOS:<\/p>\n<p>ITINERARIOS GUIADOS DE:<\/p>\n<p>S\u00e1bado 14\/10<\/p>\n<p>microvisita en la Isla Cepillo a las 11h y a las 12h<br \/>\nTodo Cepillo, dibujando una nueva Garriga a las 17h<\/p>\n<p>Domingo 15\/10<\/p>\n<p>microvisita en la Isla Cepillo a las 11h y a las 12h<br \/>\nEl modernismo de la burgues\u00eda a las 17h<\/p>\n<p>&nbsp;<\/p>\n<p>VISITAS TEATRALIZADAS Y ESPECT\u00c1CULOS DE CALLE<\/p>\n<p>S\u00e1bado 14\/10<\/p>\n<p>Seducci\u00f3n modernista a las 16:30h y a las 18:15h<br \/>\nAbre de teatro \u00abVentura\u00bb\u00a0\u00a0a las 17:30h<br \/>\nAbre de teatro\u00a0\u00abVentura\u00bb\u00a0a las 19 h<\/li>\n<\/ul>\n<p>Info:\u00a0<a href=\"https:\/\/visitalagarriga.cat\/ca\/les-jornades-modernistes-ens-transporten-de-nou-la-garriga-del-1900-0\">https:\/\/visitalagarriga.cat\/ca\/les-jornades-modernistes-ens-transporten-de-nou-la-garriga-del-1900-0<\/a><\/p>\n","protected":false},"excerpt":{"rendered":"<p>Un a\u00f1o m\u00e1s, la Garriga vuelve a ponerse sus mejor galas de principios del siglo XX para adentrarse en las Jornadas Modernistas, que este a\u00f1o &#8230; <a title=\"Jornadas Modernistas de La Garriga\" class=\"read-more\" href=\"https:\/\/turismevalles.com\/es\/events\/jornades-modernistes-de-la-garriga\/\" aria-label=\"M\u00e1s en Jornadas Modernistas de La Garriga\">Veure m\u00e9s<\/a><\/p>\n","protected":false},"author":5,"featured_media":43689,"comment_status":"open","ping_status":"closed","template":"","tags":[1457],"poblacions":[439],"mec_category":[929],"class_list":["post-43690","mec-events","type-mec-events","status-publish","has-post-thumbnail","hentry","tag-modernismo","poblacions-la-garriga-es","mec_category-cultura-es","generate-columns","tablet-grid-50","mobile-grid-100","grid-parent","grid-33"],"acf":[],"yoast_head":"<!-- This site is optimized with the Yoast SEO plugin v26.4 - https:\/\/yoast.com\/wordpress\/plugins\/seo\/ -->\n<title>Jornadas Modernistas de La Garriga - Turisme Vall\u00e8s<\/title>\n<meta name=\"robots\" content=\"index, follow, max-snippet:-1, max-image-preview:large, max-video-preview:-1\" \/>\n<link rel=\"canonical\" href=\"https:\/\/turismevalles.com\/es\/events\/jornades-modernistes-de-la-garriga\/\" \/>\n<meta property=\"og:locale\" content=\"es_ES\" \/>\n<meta property=\"og:type\" content=\"article\" \/>\n<meta property=\"og:title\" content=\"Jornadas Modernistas de La Garriga - Turisme Vall\u00e8s\" \/>\n<meta property=\"og:description\" content=\"Un a\u00f1o m\u00e1s, la Garriga vuelve a ponerse sus mejor galas de principios del siglo XX para adentrarse en las Jornadas Modernistas, que este a\u00f1o ... Veure m\u00e9s\" \/>\n<meta property=\"og:url\" content=\"https:\/\/turismevalles.com\/es\/events\/jornades-modernistes-de-la-garriga\/\" \/>\n<meta property=\"og:site_name\" content=\"Turisme Vall\u00e8s\" \/>\n<meta property=\"article:modified_time\" content=\"2023-09-29T10:13:04+00:00\" \/>\n<meta property=\"og:image\" content=\"https:\/\/turismevalles.com\/wp-content\/uploads\/2023\/09\/jornades-modernistes-La-Garriga.jpg\" \/>\n\t<meta property=\"og:image:width\" content=\"213\" \/>\n\t<meta property=\"og:image:height\" content=\"156\" \/>\n\t<meta property=\"og:image:type\" content=\"image\/jpeg\" \/>\n<meta name=\"twitter:card\" content=\"summary_large_image\" \/>\n<meta name=\"twitter:label1\" content=\"Tiempo de lectura\" \/>\n\t<meta name=\"twitter:data1\" content=\"3 minutos\" \/>\n<script type=\"application\/ld+json\" class=\"yoast-schema-graph\">{\"@context\":\"https:\/\/schema.org\",\"@graph\":[{\"@type\":\"WebPage\",\"@id\":\"https:\/\/turismevalles.com\/es\/events\/jornades-modernistes-de-la-garriga\/\",\"url\":\"https:\/\/turismevalles.com\/es\/events\/jornades-modernistes-de-la-garriga\/\",\"name\":\"Jornadas Modernistas de La Garriga - Turisme Vall\u00e8s\",\"isPartOf\":{\"@id\":\"https:\/\/turismevalles.com\/en\/#website\"},\"primaryImageOfPage\":{\"@id\":\"https:\/\/turismevalles.com\/es\/events\/jornades-modernistes-de-la-garriga\/#primaryimage\"},\"image\":{\"@id\":\"https:\/\/turismevalles.com\/es\/events\/jornades-modernistes-de-la-garriga\/#primaryimage\"},\"thumbnailUrl\":\"https:\/\/turismevalles.com\/wp-content\/uploads\/2023\/09\/jornades-modernistes-La-Garriga.jpg\",\"datePublished\":\"2023-09-29T09:52:54+00:00\",\"dateModified\":\"2023-09-29T10:13:04+00:00\",\"breadcrumb\":{\"@id\":\"https:\/\/turismevalles.com\/es\/events\/jornades-modernistes-de-la-garriga\/#breadcrumb\"},\"inLanguage\":\"es\",\"potentialAction\":[{\"@type\":\"ReadAction\",\"target\":[\"https:\/\/turismevalles.com\/es\/events\/jornades-modernistes-de-la-garriga\/\"]}]},{\"@type\":\"ImageObject\",\"inLanguage\":\"es\",\"@id\":\"https:\/\/turismevalles.com\/es\/events\/jornades-modernistes-de-la-garriga\/#primaryimage\",\"url\":\"https:\/\/turismevalles.com\/wp-content\/uploads\/2023\/09\/jornades-modernistes-La-Garriga.jpg\",\"contentUrl\":\"https:\/\/turismevalles.com\/wp-content\/uploads\/2023\/09\/jornades-modernistes-La-Garriga.jpg\",\"width\":213,\"height\":156},{\"@type\":\"BreadcrumbList\",\"@id\":\"https:\/\/turismevalles.com\/es\/events\/jornades-modernistes-de-la-garriga\/#breadcrumb\",\"itemListElement\":[{\"@type\":\"ListItem\",\"position\":1,\"name\":\"Inicio\",\"item\":\"https:\/\/turismevalles.com\/es\/\"},{\"@type\":\"ListItem\",\"position\":2,\"name\":\"Esdeveniments\",\"item\":\"https:\/\/turismevalles.com\/events\/\"},{\"@type\":\"ListItem\",\"position\":3,\"name\":\"Jornadas Modernistas de La Garriga\"}]},{\"@type\":\"WebSite\",\"@id\":\"https:\/\/turismevalles.com\/en\/#website\",\"url\":\"https:\/\/turismevalles.com\/en\/\",\"name\":\"Turisme Vall\u00e8s\",\"description\":\"\",\"publisher\":{\"@id\":\"https:\/\/turismevalles.com\/en\/#organization\"},\"potentialAction\":[{\"@type\":\"SearchAction\",\"target\":{\"@type\":\"EntryPoint\",\"urlTemplate\":\"https:\/\/turismevalles.com\/en\/?s={search_term_string}\"},\"query-input\":{\"@type\":\"PropertyValueSpecification\",\"valueRequired\":true,\"valueName\":\"search_term_string\"}}],\"inLanguage\":\"es\"},{\"@type\":\"Organization\",\"@id\":\"https:\/\/turismevalles.com\/en\/#organization\",\"name\":\"Turisme Vall\u00e8s\",\"url\":\"https:\/\/turismevalles.com\/en\/\",\"logo\":{\"@type\":\"ImageObject\",\"inLanguage\":\"es\",\"@id\":\"https:\/\/turismevalles.com\/en\/#\/schema\/logo\/image\/\",\"url\":\"https:\/\/turismevalles.com\/wp-content\/uploads\/2020\/08\/cropped-logo_ca-2.png\",\"contentUrl\":\"https:\/\/turismevalles.com\/wp-content\/uploads\/2020\/08\/cropped-logo_ca-2.png\",\"width\":314,\"height\":85,\"caption\":\"Turisme Vall\u00e8s\"},\"image\":{\"@id\":\"https:\/\/turismevalles.com\/en\/#\/schema\/logo\/image\/\"}}]}<\/script>\n<!-- \/ Yoast SEO plugin. -->","yoast_head_json":{"title":"Jornadas Modernistas de La Garriga - Turisme Vall\u00e8s","robots":{"index":"index","follow":"follow","max-snippet":"max-snippet:-1","max-image-preview":"max-image-preview:large","max-video-preview":"max-video-preview:-1"},"canonical":"https:\/\/turismevalles.com\/es\/events\/jornades-modernistes-de-la-garriga\/","og_locale":"es_ES","og_type":"article","og_title":"Jornadas Modernistas de La Garriga - Turisme Vall\u00e8s","og_description":"Un a\u00f1o m\u00e1s, la Garriga vuelve a ponerse sus mejor galas de principios del siglo XX para adentrarse en las Jornadas Modernistas, que este a\u00f1o ... Veure m\u00e9s","og_url":"https:\/\/turismevalles.com\/es\/events\/jornades-modernistes-de-la-garriga\/","og_site_name":"Turisme Vall\u00e8s","article_modified_time":"2023-09-29T10:13:04+00:00","og_image":[{"width":213,"height":156,"url":"https:\/\/turismevalles.com\/wp-content\/uploads\/2023\/09\/jornades-modernistes-La-Garriga.jpg","type":"image\/jpeg"}],"twitter_card":"summary_large_image","twitter_misc":{"Tiempo de lectura":"3 minutos"},"schema":{"@context":"https:\/\/schema.org","@graph":[{"@type":"WebPage","@id":"https:\/\/turismevalles.com\/es\/events\/jornades-modernistes-de-la-garriga\/","url":"https:\/\/turismevalles.com\/es\/events\/jornades-modernistes-de-la-garriga\/","name":"Jornadas Modernistas de La Garriga - Turisme Vall\u00e8s","isPartOf":{"@id":"https:\/\/turismevalles.com\/en\/#website"},"primaryImageOfPage":{"@id":"https:\/\/turismevalles.com\/es\/events\/jornades-modernistes-de-la-garriga\/#primaryimage"},"image":{"@id":"https:\/\/turismevalles.com\/es\/events\/jornades-modernistes-de-la-garriga\/#primaryimage"},"thumbnailUrl":"https:\/\/turismevalles.com\/wp-content\/uploads\/2023\/09\/jornades-modernistes-La-Garriga.jpg","datePublished":"2023-09-29T09:52:54+00:00","dateModified":"2023-09-29T10:13:04+00:00","breadcrumb":{"@id":"https:\/\/turismevalles.com\/es\/events\/jornades-modernistes-de-la-garriga\/#breadcrumb"},"inLanguage":"es","potentialAction":[{"@type":"ReadAction","target":["https:\/\/turismevalles.com\/es\/events\/jornades-modernistes-de-la-garriga\/"]}]},{"@type":"ImageObject","inLanguage":"es","@id":"https:\/\/turismevalles.com\/es\/events\/jornades-modernistes-de-la-garriga\/#primaryimage","url":"https:\/\/turismevalles.com\/wp-content\/uploads\/2023\/09\/jornades-modernistes-La-Garriga.jpg","contentUrl":"https:\/\/turismevalles.com\/wp-content\/uploads\/2023\/09\/jornades-modernistes-La-Garriga.jpg","width":213,"height":156},{"@type":"BreadcrumbList","@id":"https:\/\/turismevalles.com\/es\/events\/jornades-modernistes-de-la-garriga\/#breadcrumb","itemListElement":[{"@type":"ListItem","position":1,"name":"Inicio","item":"https:\/\/turismevalles.com\/es\/"},{"@type":"ListItem","position":2,"name":"Esdeveniments","item":"https:\/\/turismevalles.com\/events\/"},{"@type":"ListItem","position":3,"name":"Jornadas Modernistas de La Garriga"}]},{"@type":"WebSite","@id":"https:\/\/turismevalles.com\/en\/#website","url":"https:\/\/turismevalles.com\/en\/","name":"Turisme Vall\u00e8s","description":"","publisher":{"@id":"https:\/\/turismevalles.com\/en\/#organization"},"potentialAction":[{"@type":"SearchAction","target":{"@type":"EntryPoint","urlTemplate":"https:\/\/turismevalles.com\/en\/?s={search_term_string}"},"query-input":{"@type":"PropertyValueSpecification","valueRequired":true,"valueName":"search_term_string"}}],"inLanguage":"es"},{"@type":"Organization","@id":"https:\/\/turismevalles.com\/en\/#organization","name":"Turisme Vall\u00e8s","url":"https:\/\/turismevalles.com\/en\/","logo":{"@type":"ImageObject","inLanguage":"es","@id":"https:\/\/turismevalles.com\/en\/#\/schema\/logo\/image\/","url":"https:\/\/turismevalles.com\/wp-content\/uploads\/2020\/08\/cropped-logo_ca-2.png","contentUrl":"https:\/\/turismevalles.com\/wp-content\/uploads\/2020\/08\/cropped-logo_ca-2.png","width":314,"height":85,"caption":"Turisme Vall\u00e8s"},"image":{"@id":"https:\/\/turismevalles.com\/en\/#\/schema\/logo\/image\/"}}]}},"uagb_featured_image_src":{"full":["https:\/\/turismevalles.com\/wp-content\/uploads\/2023\/09\/jornades-modernistes-La-Garriga.jpg",213,156,false],"thumbnail":["https:\/\/turismevalles.com\/wp-content\/uploads\/2023\/09\/jornades-modernistes-La-Garriga-150x150.jpg",150,150,true],"medium":["https:\/\/turismevalles.com\/wp-content\/uploads\/2023\/09\/jornades-modernistes-La-Garriga.jpg",213,156,false],"medium_large":["https:\/\/turismevalles.com\/wp-content\/uploads\/2023\/09\/jornades-modernistes-La-Garriga.jpg",213,156,false],"large":["https:\/\/turismevalles.com\/wp-content\/uploads\/2023\/09\/jornades-modernistes-La-Garriga.jpg",213,156,false],"thumblist":["https:\/\/turismevalles.com\/wp-content\/uploads\/2023\/09\/jornades-modernistes-La-Garriga.jpg",213,156,false],"meccarouselthumb":["https:\/\/turismevalles.com\/wp-content\/uploads\/2023\/09\/jornades-modernistes-La-Garriga.jpg",213,156,false],"gridsquare":["https:\/\/turismevalles.com\/wp-content\/uploads\/2023\/09\/jornades-modernistes-La-Garriga.jpg",213,156,false],"tileview":["https:\/\/turismevalles.com\/wp-content\/uploads\/2023\/09\/jornades-modernistes-La-Garriga.jpg",213,156,false],"1536x1536":["https:\/\/turismevalles.com\/wp-content\/uploads\/2023\/09\/jornades-modernistes-La-Garriga.jpg",213,156,false],"2048x2048":["https:\/\/turismevalles.com\/wp-content\/uploads\/2023\/09\/jornades-modernistes-La-Garriga.jpg",213,156,false]},"uagb_author_info":{"display_name":"Turisme Valles","author_link":"https:\/\/turismevalles.com\/es\/author\/turismevallesoriental\/"},"uagb_comment_info":0,"uagb_excerpt":"Un a\u00f1o m\u00e1s, la Garriga vuelve a ponerse sus mejor galas de principios del siglo XX para adentrarse en las Jornadas Modernistas, que este a\u00f1o ... Veure m\u00e9s","_links":{"self":[{"href":"https:\/\/turismevalles.com\/es\/wp-json\/wp\/v2\/mec-events\/43690","targetHints":{"allow":["GET"]}}],"collection":[{"href":"https:\/\/turismevalles.com\/es\/wp-json\/wp\/v2\/mec-events"}],"about":[{"href":"https:\/\/turismevalles.com\/es\/wp-json\/wp\/v2\/types\/mec-events"}],"author":[{"embeddable":true,"href":"https:\/\/turismevalles.com\/es\/wp-json\/wp\/v2\/users\/5"}],"replies":[{"embeddable":true,"href":"https:\/\/turismevalles.com\/es\/wp-json\/wp\/v2\/comments?post=43690"}],"wp:featuredmedia":[{"embeddable":true,"href":"https:\/\/turismevalles.com\/es\/wp-json\/wp\/v2\/media\/43689"}],"wp:attachment":[{"href":"https:\/\/turismevalles.com\/es\/wp-json\/wp\/v2\/media?parent=43690"}],"wp:term":[{"taxonomy":"post_tag","embeddable":true,"href":"https:\/\/turismevalles.com\/es\/wp-json\/wp\/v2\/tags?post=43690"},{"taxonomy":"poblacions","embeddable":true,"href":"https:\/\/turismevalles.com\/es\/wp-json\/wp\/v2\/poblacions?post=43690"},{"taxonomy":"mec_category","embeddable":true,"href":"https:\/\/turismevalles.com\/es\/wp-json\/wp\/v2\/mec_category?post=43690"}],"curies":[{"name":"wp","href":"https:\/\/api.w.org\/{rel}","templated":true}]}}