{"id":43986,"date":"2023-10-06T13:10:55","date_gmt":"2023-10-06T11:10:55","guid":{"rendered":"http:\/\/turismevalles.com.mialias.net\/events\/la-castanyada-a-sant-pere-de-vilamajor\/"},"modified":"2023-10-06T13:15:05","modified_gmt":"2023-10-06T11:15:05","slug":"la-castanyada-a-sant-pere-de-vilamajor","status":"publish","type":"mec-events","link":"https:\/\/turismevalles.com\/es\/events\/la-castanyada-a-sant-pere-de-vilamajor\/","title":{"rendered":"La Casta\u00f1ada en Sant Pere de Vilamajor"},"content":{"rendered":"<h1 id=\"\" class=\"title\">Casta\u00f1ada 2023<\/h1>\n<div class=\"date\">\n<p>Martes, 31 de octubre de 2023 a las 17.30 h<\/p>\n<p>El 31 de octubre a las 17:30h celebraremos la fiesta de la Casta\u00f1ada en el Local Municipal La F\u00e1brica! No te la pierdas!<\/p>\n<p>Taller de pintacaras, a cargo de Nido de Luz.<br \/>\nTaller de figuras de fieltro, a cargo de Nido de Luz.<br \/>\nAnimaci\u00f3n infantil con el cuento de \u00abMaria La Castanyera\u00bb, a cargo de Yema del huevo.<br \/>\n&#8230;y casta\u00f1as tostadas!<\/p>\n<p>Organiza: Ayuntamiento de Sant Pere de Vilamajor.<\/p>\n<p>Qu\u00e9 coste tiene:<\/p>\n<p>Actividad gratuita<\/p>\n<\/div>\n<div class=\"relatedLocation\">\n<h3><a href=\"https:\/\/www.vilamajor.cat\/el-municipi\/guia-del-municipi\/equipaments\/local-municipal-la-fabrica.html\">Local Municipal La F\u00e0brica<\/a><\/h3>\n<p><i class=\"fa fa-home\"><\/i>\u00a0C\/Ginebr\u00f3, 3 &#8211; 08458 Sant Pere de Vilamajor<br \/>\n<i class=\"fa fa-phone\"><\/i>\u00a0Tel\u00e8fon:\u00a0<a href=\"tel:+34938450008\">938450008<\/a><br \/>\n<i class=\"fa fa-envelope-o\"><\/i>\u00a0Adre\u00e7a electr\u00f2nica:\u00a0<a href=\"mailto:ajuntament@vilamajor.cat\">ajuntament@vilamajor.cat<\/a><\/p>\n<\/div>\n<div><\/div>\n<div><\/div>\n<div>Info:\u00a0<a href=\"https:\/\/www.vilamajor.cat\/actualitat\/agenda\/castanyada-2023.html\">https:\/\/www.vilamajor.cat\/actualitat\/agenda\/castanyada-2023.html<\/a><\/div>\n","protected":false},"excerpt":{"rendered":"<p>Casta\u00f1ada 2023 Martes, 31 de octubre de 2023 a las 17.30 h El 31 de octubre a las 17:30h celebraremos la fiesta de la Casta\u00f1ada &#8230; <a title=\"La Casta\u00f1ada en Sant Pere de Vilamajor\" class=\"read-more\" href=\"https:\/\/turismevalles.com\/es\/events\/la-castanyada-a-sant-pere-de-vilamajor\/\" aria-label=\"M\u00e1s en La Casta\u00f1ada en Sant Pere de Vilamajor\">Veure m\u00e9s<\/a><\/p>\n","protected":false},"author":5,"featured_media":43985,"comment_status":"open","ping_status":"closed","template":"","tags":[2465],"poblacions":[847],"mec_category":[929,1660],"class_list":["post-43986","mec-events","type-mec-events","status-publish","has-post-thumbnail","hentry","tag-castanyada-es","poblacions-sant-pere-de-vilamajor-es","mec_category-cultura-es","mec_category-fires-i-festes-es","generate-columns","tablet-grid-50","mobile-grid-100","grid-parent","grid-33"],"acf":[],"yoast_head":"<!-- This site is optimized with the Yoast SEO plugin v26.4 - https:\/\/yoast.com\/wordpress\/plugins\/seo\/ -->\n<title>La Casta\u00f1ada en Sant Pere de Vilamajor - Turisme Vall\u00e8s<\/title>\n<meta name=\"robots\" content=\"index, follow, max-snippet:-1, max-image-preview:large, max-video-preview:-1\" \/>\n<link rel=\"canonical\" href=\"https:\/\/turismevalles.com\/es\/events\/la-castanyada-a-sant-pere-de-vilamajor\/\" \/>\n<meta property=\"og:locale\" content=\"es_ES\" \/>\n<meta property=\"og:type\" content=\"article\" \/>\n<meta property=\"og:title\" content=\"La Casta\u00f1ada en Sant Pere de Vilamajor - Turisme Vall\u00e8s\" \/>\n<meta property=\"og:description\" content=\"Casta\u00f1ada 2023 Martes, 31 de octubre de 2023 a las 17.30 h El 31 de octubre a las 17:30h celebraremos la fiesta de la Casta\u00f1ada ... Veure m\u00e9s\" \/>\n<meta property=\"og:url\" content=\"https:\/\/turismevalles.com\/es\/events\/la-castanyada-a-sant-pere-de-vilamajor\/\" \/>\n<meta property=\"og:site_name\" content=\"Turisme Vall\u00e8s\" \/>\n<meta property=\"article:modified_time\" content=\"2023-10-06T11:15:05+00:00\" \/>\n<meta property=\"og:image\" content=\"https:\/\/turismevalles.com\/wp-content\/uploads\/2023\/10\/Castanyada-Sant-Pere-V.jpg\" \/>\n\t<meta property=\"og:image:width\" content=\"310\" \/>\n\t<meta property=\"og:image:height\" content=\"309\" \/>\n\t<meta property=\"og:image:type\" content=\"image\/jpeg\" \/>\n<meta name=\"twitter:card\" content=\"summary_large_image\" \/>\n<meta name=\"twitter:label1\" content=\"Tiempo de lectura\" \/>\n\t<meta name=\"twitter:data1\" content=\"1 minuto\" \/>\n<script type=\"application\/ld+json\" class=\"yoast-schema-graph\">{\"@context\":\"https:\/\/schema.org\",\"@graph\":[{\"@type\":\"WebPage\",\"@id\":\"https:\/\/turismevalles.com\/es\/events\/la-castanyada-a-sant-pere-de-vilamajor\/\",\"url\":\"https:\/\/turismevalles.com\/es\/events\/la-castanyada-a-sant-pere-de-vilamajor\/\",\"name\":\"La Casta\u00f1ada en Sant Pere de Vilamajor - Turisme Vall\u00e8s\",\"isPartOf\":{\"@id\":\"https:\/\/turismevalles.com\/en\/#website\"},\"primaryImageOfPage\":{\"@id\":\"https:\/\/turismevalles.com\/es\/events\/la-castanyada-a-sant-pere-de-vilamajor\/#primaryimage\"},\"image\":{\"@id\":\"https:\/\/turismevalles.com\/es\/events\/la-castanyada-a-sant-pere-de-vilamajor\/#primaryimage\"},\"thumbnailUrl\":\"https:\/\/turismevalles.com\/wp-content\/uploads\/2023\/10\/Castanyada-Sant-Pere-V.jpg\",\"datePublished\":\"2023-10-06T11:10:55+00:00\",\"dateModified\":\"2023-10-06T11:15:05+00:00\",\"breadcrumb\":{\"@id\":\"https:\/\/turismevalles.com\/es\/events\/la-castanyada-a-sant-pere-de-vilamajor\/#breadcrumb\"},\"inLanguage\":\"es\",\"potentialAction\":[{\"@type\":\"ReadAction\",\"target\":[\"https:\/\/turismevalles.com\/es\/events\/la-castanyada-a-sant-pere-de-vilamajor\/\"]}]},{\"@type\":\"ImageObject\",\"inLanguage\":\"es\",\"@id\":\"https:\/\/turismevalles.com\/es\/events\/la-castanyada-a-sant-pere-de-vilamajor\/#primaryimage\",\"url\":\"https:\/\/turismevalles.com\/wp-content\/uploads\/2023\/10\/Castanyada-Sant-Pere-V.jpg\",\"contentUrl\":\"https:\/\/turismevalles.com\/wp-content\/uploads\/2023\/10\/Castanyada-Sant-Pere-V.jpg\",\"width\":310,\"height\":309},{\"@type\":\"BreadcrumbList\",\"@id\":\"https:\/\/turismevalles.com\/es\/events\/la-castanyada-a-sant-pere-de-vilamajor\/#breadcrumb\",\"itemListElement\":[{\"@type\":\"ListItem\",\"position\":1,\"name\":\"Inicio\",\"item\":\"https:\/\/turismevalles.com\/es\/\"},{\"@type\":\"ListItem\",\"position\":2,\"name\":\"Esdeveniments\",\"item\":\"https:\/\/turismevalles.com\/events\/\"},{\"@type\":\"ListItem\",\"position\":3,\"name\":\"La Casta\u00f1ada en Sant Pere de Vilamajor\"}]},{\"@type\":\"WebSite\",\"@id\":\"https:\/\/turismevalles.com\/en\/#website\",\"url\":\"https:\/\/turismevalles.com\/en\/\",\"name\":\"Turisme Vall\u00e8s\",\"description\":\"\",\"publisher\":{\"@id\":\"https:\/\/turismevalles.com\/en\/#organization\"},\"potentialAction\":[{\"@type\":\"SearchAction\",\"target\":{\"@type\":\"EntryPoint\",\"urlTemplate\":\"https:\/\/turismevalles.com\/en\/?s={search_term_string}\"},\"query-input\":{\"@type\":\"PropertyValueSpecification\",\"valueRequired\":true,\"valueName\":\"search_term_string\"}}],\"inLanguage\":\"es\"},{\"@type\":\"Organization\",\"@id\":\"https:\/\/turismevalles.com\/en\/#organization\",\"name\":\"Turisme Vall\u00e8s\",\"url\":\"https:\/\/turismevalles.com\/en\/\",\"logo\":{\"@type\":\"ImageObject\",\"inLanguage\":\"es\",\"@id\":\"https:\/\/turismevalles.com\/en\/#\/schema\/logo\/image\/\",\"url\":\"https:\/\/turismevalles.com\/wp-content\/uploads\/2020\/08\/cropped-logo_ca-2.png\",\"contentUrl\":\"https:\/\/turismevalles.com\/wp-content\/uploads\/2020\/08\/cropped-logo_ca-2.png\",\"width\":314,\"height\":85,\"caption\":\"Turisme Vall\u00e8s\"},\"image\":{\"@id\":\"https:\/\/turismevalles.com\/en\/#\/schema\/logo\/image\/\"}}]}<\/script>\n<!-- \/ Yoast SEO plugin. -->","yoast_head_json":{"title":"La Casta\u00f1ada en Sant Pere de Vilamajor - Turisme Vall\u00e8s","robots":{"index":"index","follow":"follow","max-snippet":"max-snippet:-1","max-image-preview":"max-image-preview:large","max-video-preview":"max-video-preview:-1"},"canonical":"https:\/\/turismevalles.com\/es\/events\/la-castanyada-a-sant-pere-de-vilamajor\/","og_locale":"es_ES","og_type":"article","og_title":"La Casta\u00f1ada en Sant Pere de Vilamajor - Turisme Vall\u00e8s","og_description":"Casta\u00f1ada 2023 Martes, 31 de octubre de 2023 a las 17.30 h El 31 de octubre a las 17:30h celebraremos la fiesta de la Casta\u00f1ada ... Veure m\u00e9s","og_url":"https:\/\/turismevalles.com\/es\/events\/la-castanyada-a-sant-pere-de-vilamajor\/","og_site_name":"Turisme Vall\u00e8s","article_modified_time":"2023-10-06T11:15:05+00:00","og_image":[{"width":310,"height":309,"url":"https:\/\/turismevalles.com\/wp-content\/uploads\/2023\/10\/Castanyada-Sant-Pere-V.jpg","type":"image\/jpeg"}],"twitter_card":"summary_large_image","twitter_misc":{"Tiempo de lectura":"1 minuto"},"schema":{"@context":"https:\/\/schema.org","@graph":[{"@type":"WebPage","@id":"https:\/\/turismevalles.com\/es\/events\/la-castanyada-a-sant-pere-de-vilamajor\/","url":"https:\/\/turismevalles.com\/es\/events\/la-castanyada-a-sant-pere-de-vilamajor\/","name":"La Casta\u00f1ada en Sant Pere de Vilamajor - Turisme Vall\u00e8s","isPartOf":{"@id":"https:\/\/turismevalles.com\/en\/#website"},"primaryImageOfPage":{"@id":"https:\/\/turismevalles.com\/es\/events\/la-castanyada-a-sant-pere-de-vilamajor\/#primaryimage"},"image":{"@id":"https:\/\/turismevalles.com\/es\/events\/la-castanyada-a-sant-pere-de-vilamajor\/#primaryimage"},"thumbnailUrl":"https:\/\/turismevalles.com\/wp-content\/uploads\/2023\/10\/Castanyada-Sant-Pere-V.jpg","datePublished":"2023-10-06T11:10:55+00:00","dateModified":"2023-10-06T11:15:05+00:00","breadcrumb":{"@id":"https:\/\/turismevalles.com\/es\/events\/la-castanyada-a-sant-pere-de-vilamajor\/#breadcrumb"},"inLanguage":"es","potentialAction":[{"@type":"ReadAction","target":["https:\/\/turismevalles.com\/es\/events\/la-castanyada-a-sant-pere-de-vilamajor\/"]}]},{"@type":"ImageObject","inLanguage":"es","@id":"https:\/\/turismevalles.com\/es\/events\/la-castanyada-a-sant-pere-de-vilamajor\/#primaryimage","url":"https:\/\/turismevalles.com\/wp-content\/uploads\/2023\/10\/Castanyada-Sant-Pere-V.jpg","contentUrl":"https:\/\/turismevalles.com\/wp-content\/uploads\/2023\/10\/Castanyada-Sant-Pere-V.jpg","width":310,"height":309},{"@type":"BreadcrumbList","@id":"https:\/\/turismevalles.com\/es\/events\/la-castanyada-a-sant-pere-de-vilamajor\/#breadcrumb","itemListElement":[{"@type":"ListItem","position":1,"name":"Inicio","item":"https:\/\/turismevalles.com\/es\/"},{"@type":"ListItem","position":2,"name":"Esdeveniments","item":"https:\/\/turismevalles.com\/events\/"},{"@type":"ListItem","position":3,"name":"La Casta\u00f1ada en Sant Pere de Vilamajor"}]},{"@type":"WebSite","@id":"https:\/\/turismevalles.com\/en\/#website","url":"https:\/\/turismevalles.com\/en\/","name":"Turisme Vall\u00e8s","description":"","publisher":{"@id":"https:\/\/turismevalles.com\/en\/#organization"},"potentialAction":[{"@type":"SearchAction","target":{"@type":"EntryPoint","urlTemplate":"https:\/\/turismevalles.com\/en\/?s={search_term_string}"},"query-input":{"@type":"PropertyValueSpecification","valueRequired":true,"valueName":"search_term_string"}}],"inLanguage":"es"},{"@type":"Organization","@id":"https:\/\/turismevalles.com\/en\/#organization","name":"Turisme Vall\u00e8s","url":"https:\/\/turismevalles.com\/en\/","logo":{"@type":"ImageObject","inLanguage":"es","@id":"https:\/\/turismevalles.com\/en\/#\/schema\/logo\/image\/","url":"https:\/\/turismevalles.com\/wp-content\/uploads\/2020\/08\/cropped-logo_ca-2.png","contentUrl":"https:\/\/turismevalles.com\/wp-content\/uploads\/2020\/08\/cropped-logo_ca-2.png","width":314,"height":85,"caption":"Turisme Vall\u00e8s"},"image":{"@id":"https:\/\/turismevalles.com\/en\/#\/schema\/logo\/image\/"}}]}},"uagb_featured_image_src":{"full":["https:\/\/turismevalles.com\/wp-content\/uploads\/2023\/10\/Castanyada-Sant-Pere-V.jpg",310,309,false],"thumbnail":["https:\/\/turismevalles.com\/wp-content\/uploads\/2023\/10\/Castanyada-Sant-Pere-V-150x150.jpg",150,150,true],"medium":["https:\/\/turismevalles.com\/wp-content\/uploads\/2023\/10\/Castanyada-Sant-Pere-V-300x300.jpg",300,300,true],"medium_large":["https:\/\/turismevalles.com\/wp-content\/uploads\/2023\/10\/Castanyada-Sant-Pere-V.jpg",310,309,false],"large":["https:\/\/turismevalles.com\/wp-content\/uploads\/2023\/10\/Castanyada-Sant-Pere-V.jpg",310,309,false],"thumblist":["https:\/\/turismevalles.com\/wp-content\/uploads\/2023\/10\/Castanyada-Sant-Pere-V-300x300.jpg",300,300,true],"meccarouselthumb":["https:\/\/turismevalles.com\/wp-content\/uploads\/2023\/10\/Castanyada-Sant-Pere-V.jpg",310,309,false],"gridsquare":["https:\/\/turismevalles.com\/wp-content\/uploads\/2023\/10\/Castanyada-Sant-Pere-V-310x260.jpg",310,260,true],"tileview":["https:\/\/turismevalles.com\/wp-content\/uploads\/2023\/10\/Castanyada-Sant-Pere-V-300x309.jpg",300,309,true],"1536x1536":["https:\/\/turismevalles.com\/wp-content\/uploads\/2023\/10\/Castanyada-Sant-Pere-V.jpg",310,309,false],"2048x2048":["https:\/\/turismevalles.com\/wp-content\/uploads\/2023\/10\/Castanyada-Sant-Pere-V.jpg",310,309,false]},"uagb_author_info":{"display_name":"Turisme Valles","author_link":"https:\/\/turismevalles.com\/es\/author\/turismevallesoriental\/"},"uagb_comment_info":0,"uagb_excerpt":"Casta\u00f1ada 2023 Martes, 31 de octubre de 2023 a las 17.30 h El 31 de octubre a las 17:30h celebraremos la fiesta de la Casta\u00f1ada ... Veure m\u00e9s","_links":{"self":[{"href":"https:\/\/turismevalles.com\/es\/wp-json\/wp\/v2\/mec-events\/43986","targetHints":{"allow":["GET"]}}],"collection":[{"href":"https:\/\/turismevalles.com\/es\/wp-json\/wp\/v2\/mec-events"}],"about":[{"href":"https:\/\/turismevalles.com\/es\/wp-json\/wp\/v2\/types\/mec-events"}],"author":[{"embeddable":true,"href":"https:\/\/turismevalles.com\/es\/wp-json\/wp\/v2\/users\/5"}],"replies":[{"embeddable":true,"href":"https:\/\/turismevalles.com\/es\/wp-json\/wp\/v2\/comments?post=43986"}],"wp:featuredmedia":[{"embeddable":true,"href":"https:\/\/turismevalles.com\/es\/wp-json\/wp\/v2\/media\/43985"}],"wp:attachment":[{"href":"https:\/\/turismevalles.com\/es\/wp-json\/wp\/v2\/media?parent=43986"}],"wp:term":[{"taxonomy":"post_tag","embeddable":true,"href":"https:\/\/turismevalles.com\/es\/wp-json\/wp\/v2\/tags?post=43986"},{"taxonomy":"poblacions","embeddable":true,"href":"https:\/\/turismevalles.com\/es\/wp-json\/wp\/v2\/poblacions?post=43986"},{"taxonomy":"mec_category","embeddable":true,"href":"https:\/\/turismevalles.com\/es\/wp-json\/wp\/v2\/mec_category?post=43986"}],"curies":[{"name":"wp","href":"https:\/\/api.w.org\/{rel}","templated":true}]}}